{"id":99,"date":"2017-04-08T16:52:43","date_gmt":"2017-04-08T19:52:43","guid":{"rendered":"http:\/\/bagual.com.br\/site\/?post_type=revista_radio&#038;p=99"},"modified":"2017-04-08T16:52:43","modified_gmt":"2017-04-08T19:52:43","slug":"revista-de-radio-167-entrevista-com-pastora-luterana-nos-500-anos-da-reforma-protestante","status":"publish","type":"revista_radio","link":"https:\/\/padrejosimo.com.br\/site\/revista_radio\/revista-de-radio-167-entrevista-com-pastora-luterana-nos-500-anos-da-reforma-protestante\/","title":{"rendered":"Revista de R\u00e1dio #167: Entrevista com pastora luterana nos 500 anos da Reforma Protestante"},"content":{"rendered":"<p><strong>Temas da semana<\/strong><\/p>\n<p>O Brasil continua sofrendo as consequ\u00eancias do golpe dado na democracia, agora com o acelerado processo de aprova\u00e7\u00e3o da PEC 241 no Congresso Nacional, que j\u00e1 passou pelas duas vota\u00e7\u00f5es na C\u00e2mara. E vem a\u00ed as outras duas vota\u00e7\u00f5es no Senado Federal. A sociedade civil est\u00e1 iniciando esbo\u00e7o de uma rea\u00e7\u00e3o. Uns a chamam de &#8220;PEC da Maldade&#8221;. Por enquanto as principais manifesta\u00e7\u00f5es de resist\u00eancia ao desmonte do Estado tem vindo dos estudantes secundaristas e universit\u00e1rios com as ocupa\u00e7\u00f5es de suas escolas. Eles tem sofrido com a trucul\u00eancia policial e com o sil\u00eancio da grande m\u00eddia.<\/p>\n<p>Outro assunto que j\u00e1 est\u00e1 aparecendo na m\u00eddia \u00e9 relativo \u00e0s comemora\u00e7\u00f5es dos 500 anos da Reforma Protestante liderada por Martinho Lutero. A Igreja Cat\u00f3lica Romana, em suas diferentes inst\u00e2ncias, vem divulgando documentos na busca da reconcilia\u00e7\u00e3o. Tem havido muitas a\u00e7\u00f5es em conjunto com a Federa\u00e7\u00e3o Luterana Mundial neste sentido.<\/p>\n<p><strong>Entrevista da edi\u00e7\u00e3o<\/strong><\/p>\n<p>A conversa \u00e9 com a Pastora Cibele Kuss, da Igreja Evang\u00e9lica de Confiss\u00e3o Luterana do Brasil (IECLB), e Secret\u00e1ria Executiva da Funda\u00e7\u00e3o Luterana de Diaconia, com sede em Porto Alegre.<\/p>\n<p><strong>M\u00fasica da edi\u00e7\u00e3o:<\/strong> &#8220;Mais Perto Quero Estar&#8221; do Coral Trindade, da Igreja Luterana.<\/p>\n","protected":false},"featured_media":0,"template":"","class_list":["post-99","revista_radio","type-revista_radio","status-publish","hentry"],"acf":[],"yoast_head":"<!-- This site is optimized with the Yoast SEO plugin v27.2 - https:\/\/yoast.com\/product\/yoast-seo-wordpress\/ -->\n<title>Revista de R\u00e1dio #167: Entrevista com pastora luterana nos 500 anos da Reforma Protestante - Instituto Cultural Padre Josimo<\/title>\n<meta name=\"robots\" content=\"index, follow, max-snippet:-1, max-image-preview:large, max-video-preview:-1\" \/>\n<link rel=\"canonical\" href=\"https:\/\/padrejosimo.com.br\/site\/revista_radio\/revista-de-radio-167-entrevista-com-pastora-luterana-nos-500-anos-da-reforma-protestante\/\" \/>\n<meta property=\"og:locale\" content=\"pt_BR\" \/>\n<meta property=\"og:type\" content=\"article\" \/>\n<meta property=\"og:title\" content=\"Revista de R\u00e1dio #167: Entrevista com pastora luterana nos 500 anos da Reforma Protestante - Instituto Cultural Padre Josimo\" \/>\n<meta property=\"og:description\" content=\"Temas da semana O Brasil continua sofrendo as consequ\u00eancias do golpe dado na democracia, agora com o acelerado processo de aprova\u00e7\u00e3o da PEC 241 no Congresso Nacional, que j\u00e1 passou pelas duas vota\u00e7\u00f5es na C\u00e2mara. E vem a\u00ed as outras duas vota\u00e7\u00f5es no Senado Federal. A sociedade civil est\u00e1 iniciando esbo\u00e7o de uma rea\u00e7\u00e3o. Uns [&hellip;]\" \/>\n<meta property=\"og:url\" content=\"https:\/\/padrejosimo.com.br\/site\/revista_radio\/revista-de-radio-167-entrevista-com-pastora-luterana-nos-500-anos-da-reforma-protestante\/\" \/>\n<meta property=\"og:site_name\" content=\"Instituto Cultural Padre Josimo\" \/>\n<meta property=\"og:image\" content=\"https:\/\/padrejosimo.com.br\/site\/wp-content\/uploads\/2025\/09\/cropped-icon-icpj.png\" \/>\n\t<meta property=\"og:image:width\" content=\"512\" \/>\n\t<meta property=\"og:image:height\" content=\"512\" \/>\n\t<meta property=\"og:image:type\" content=\"image\/png\" \/>\n<meta name=\"twitter:card\" content=\"summary_large_image\" \/>\n<meta name=\"twitter:label1\" content=\"Est. tempo de leitura\" \/>\n\t<meta name=\"twitter:data1\" content=\"1 minuto\" \/>\n<script type=\"application\/ld+json\" class=\"yoast-schema-graph\">{\"@context\":\"https:\/\/schema.org\",\"@graph\":[{\"@type\":\"WebPage\",\"@id\":\"https:\/\/padrejosimo.com.br\/site\/revista_radio\/revista-de-radio-167-entrevista-com-pastora-luterana-nos-500-anos-da-reforma-protestante\/\",\"url\":\"https:\/\/padrejosimo.com.br\/site\/revista_radio\/revista-de-radio-167-entrevista-com-pastora-luterana-nos-500-anos-da-reforma-protestante\/\",\"name\":\"Revista de R\u00e1dio #167: Entrevista com pastora luterana nos 500 anos da Reforma Protestante - Instituto Cultural Padre Josimo\",\"isPartOf\":{\"@id\":\"https:\/\/padrejosimo.com.br\/site\/#website\"},\"datePublished\":\"2017-04-08T19:52:43+00:00\",\"breadcrumb\":{\"@id\":\"https:\/\/padrejosimo.com.br\/site\/revista_radio\/revista-de-radio-167-entrevista-com-pastora-luterana-nos-500-anos-da-reforma-protestante\/#breadcrumb\"},\"inLanguage\":\"pt-BR\",\"potentialAction\":[{\"@type\":\"ReadAction\",\"target\":[\"https:\/\/padrejosimo.com.br\/site\/revista_radio\/revista-de-radio-167-entrevista-com-pastora-luterana-nos-500-anos-da-reforma-protestante\/\"]}]},{\"@type\":\"BreadcrumbList\",\"@id\":\"https:\/\/padrejosimo.com.br\/site\/revista_radio\/revista-de-radio-167-entrevista-com-pastora-luterana-nos-500-anos-da-reforma-protestante\/#breadcrumb\",\"itemListElement\":[{\"@type\":\"ListItem\",\"position\":1,\"name\":\"In\u00edcio\",\"item\":\"https:\/\/padrejosimo.com.br\/site\/\"},{\"@type\":\"ListItem\",\"position\":2,\"name\":\"Revistas R\u00e1dio\",\"item\":\"https:\/\/padrejosimo.com.br\/site\/revista-radio\/\"},{\"@type\":\"ListItem\",\"position\":3,\"name\":\"Revista de R\u00e1dio #167: Entrevista com pastora luterana nos 500 anos da Reforma Protestante\"}]},{\"@type\":\"WebSite\",\"@id\":\"https:\/\/padrejosimo.com.br\/site\/#website\",\"url\":\"https:\/\/padrejosimo.com.br\/site\/\",\"name\":\"Instituto Cultural Padre Josimo\",\"description\":\"Comprometida com a promo\u00e7\u00e3o da justi\u00e7a social, agroecologia e educa\u00e7\u00e3o popular\",\"publisher\":{\"@id\":\"https:\/\/padrejosimo.com.br\/site\/#organization\"},\"alternateName\":\"ICPJ\",\"potentialAction\":[{\"@type\":\"SearchAction\",\"target\":{\"@type\":\"EntryPoint\",\"urlTemplate\":\"https:\/\/padrejosimo.com.br\/site\/?s={search_term_string}\"},\"query-input\":{\"@type\":\"PropertyValueSpecification\",\"valueRequired\":true,\"valueName\":\"search_term_string\"}}],\"inLanguage\":\"pt-BR\"},{\"@type\":\"Organization\",\"@id\":\"https:\/\/padrejosimo.com.br\/site\/#organization\",\"name\":\"Instituto Cultural Padre Josimo\",\"alternateName\":\"ICPJ\",\"url\":\"https:\/\/padrejosimo.com.br\/site\/\",\"logo\":{\"@type\":\"ImageObject\",\"inLanguage\":\"pt-BR\",\"@id\":\"https:\/\/padrejosimo.com.br\/site\/#\/schema\/logo\/image\/\",\"url\":\"https:\/\/padrejosimo.com.br\/site\/wp-content\/uploads\/2025\/09\/cropped-icon-icpj.png\",\"contentUrl\":\"https:\/\/padrejosimo.com.br\/site\/wp-content\/uploads\/2025\/09\/cropped-icon-icpj.png\",\"width\":512,\"height\":512,\"caption\":\"Instituto Cultural Padre Josimo\"},\"image\":{\"@id\":\"https:\/\/padrejosimo.com.br\/site\/#\/schema\/logo\/image\/\"}}]}<\/script>\n<!-- \/ Yoast SEO plugin. -->","yoast_head_json":{"title":"Revista de R\u00e1dio #167: Entrevista com pastora luterana nos 500 anos da Reforma Protestante - Instituto Cultural Padre Josimo","robots":{"index":"index","follow":"follow","max-snippet":"max-snippet:-1","max-image-preview":"max-image-preview:large","max-video-preview":"max-video-preview:-1"},"canonical":"https:\/\/padrejosimo.com.br\/site\/revista_radio\/revista-de-radio-167-entrevista-com-pastora-luterana-nos-500-anos-da-reforma-protestante\/","og_locale":"pt_BR","og_type":"article","og_title":"Revista de R\u00e1dio #167: Entrevista com pastora luterana nos 500 anos da Reforma Protestante - Instituto Cultural Padre Josimo","og_description":"Temas da semana O Brasil continua sofrendo as consequ\u00eancias do golpe dado na democracia, agora com o acelerado processo de aprova\u00e7\u00e3o da PEC 241 no Congresso Nacional, que j\u00e1 passou pelas duas vota\u00e7\u00f5es na C\u00e2mara. E vem a\u00ed as outras duas vota\u00e7\u00f5es no Senado Federal. A sociedade civil est\u00e1 iniciando esbo\u00e7o de uma rea\u00e7\u00e3o. Uns [&hellip;]","og_url":"https:\/\/padrejosimo.com.br\/site\/revista_radio\/revista-de-radio-167-entrevista-com-pastora-luterana-nos-500-anos-da-reforma-protestante\/","og_site_name":"Instituto Cultural Padre Josimo","og_image":[{"width":512,"height":512,"url":"https:\/\/padrejosimo.com.br\/site\/wp-content\/uploads\/2025\/09\/cropped-icon-icpj.png","type":"image\/png"}],"twitter_card":"summary_large_image","twitter_misc":{"Est. tempo de leitura":"1 minuto"},"schema":{"@context":"https:\/\/schema.org","@graph":[{"@type":"WebPage","@id":"https:\/\/padrejosimo.com.br\/site\/revista_radio\/revista-de-radio-167-entrevista-com-pastora-luterana-nos-500-anos-da-reforma-protestante\/","url":"https:\/\/padrejosimo.com.br\/site\/revista_radio\/revista-de-radio-167-entrevista-com-pastora-luterana-nos-500-anos-da-reforma-protestante\/","name":"Revista de R\u00e1dio #167: Entrevista com pastora luterana nos 500 anos da Reforma Protestante - Instituto Cultural Padre Josimo","isPartOf":{"@id":"https:\/\/padrejosimo.com.br\/site\/#website"},"datePublished":"2017-04-08T19:52:43+00:00","breadcrumb":{"@id":"https:\/\/padrejosimo.com.br\/site\/revista_radio\/revista-de-radio-167-entrevista-com-pastora-luterana-nos-500-anos-da-reforma-protestante\/#breadcrumb"},"inLanguage":"pt-BR","potentialAction":[{"@type":"ReadAction","target":["https:\/\/padrejosimo.com.br\/site\/revista_radio\/revista-de-radio-167-entrevista-com-pastora-luterana-nos-500-anos-da-reforma-protestante\/"]}]},{"@type":"BreadcrumbList","@id":"https:\/\/padrejosimo.com.br\/site\/revista_radio\/revista-de-radio-167-entrevista-com-pastora-luterana-nos-500-anos-da-reforma-protestante\/#breadcrumb","itemListElement":[{"@type":"ListItem","position":1,"name":"In\u00edcio","item":"https:\/\/padrejosimo.com.br\/site\/"},{"@type":"ListItem","position":2,"name":"Revistas R\u00e1dio","item":"https:\/\/padrejosimo.com.br\/site\/revista-radio\/"},{"@type":"ListItem","position":3,"name":"Revista de R\u00e1dio #167: Entrevista com pastora luterana nos 500 anos da Reforma Protestante"}]},{"@type":"WebSite","@id":"https:\/\/padrejosimo.com.br\/site\/#website","url":"https:\/\/padrejosimo.com.br\/site\/","name":"Instituto Cultural Padre Josimo","description":"Comprometida com a promo\u00e7\u00e3o da justi\u00e7a social, agroecologia e educa\u00e7\u00e3o popular","publisher":{"@id":"https:\/\/padrejosimo.com.br\/site\/#organization"},"alternateName":"ICPJ","potentialAction":[{"@type":"SearchAction","target":{"@type":"EntryPoint","urlTemplate":"https:\/\/padrejosimo.com.br\/site\/?s={search_term_string}"},"query-input":{"@type":"PropertyValueSpecification","valueRequired":true,"valueName":"search_term_string"}}],"inLanguage":"pt-BR"},{"@type":"Organization","@id":"https:\/\/padrejosimo.com.br\/site\/#organization","name":"Instituto Cultural Padre Josimo","alternateName":"ICPJ","url":"https:\/\/padrejosimo.com.br\/site\/","logo":{"@type":"ImageObject","inLanguage":"pt-BR","@id":"https:\/\/padrejosimo.com.br\/site\/#\/schema\/logo\/image\/","url":"https:\/\/padrejosimo.com.br\/site\/wp-content\/uploads\/2025\/09\/cropped-icon-icpj.png","contentUrl":"https:\/\/padrejosimo.com.br\/site\/wp-content\/uploads\/2025\/09\/cropped-icon-icpj.png","width":512,"height":512,"caption":"Instituto Cultural Padre Josimo"},"image":{"@id":"https:\/\/padrejosimo.com.br\/site\/#\/schema\/logo\/image\/"}}]}},"_links":{"self":[{"href":"https:\/\/padrejosimo.com.br\/site\/wp-json\/wp\/v2\/revista_radio\/99","targetHints":{"allow":["GET"]}}],"collection":[{"href":"https:\/\/padrejosimo.com.br\/site\/wp-json\/wp\/v2\/revista_radio"}],"about":[{"href":"https:\/\/padrejosimo.com.br\/site\/wp-json\/wp\/v2\/types\/revista_radio"}],"wp:attachment":[{"href":"https:\/\/padrejosimo.com.br\/site\/wp-json\/wp\/v2\/media?parent=99"}],"curies":[{"name":"wp","href":"https:\/\/api.w.org\/{rel}","templated":true}]}}