{"id":97,"date":"2017-04-08T16:51:18","date_gmt":"2017-04-08T19:51:18","guid":{"rendered":"http:\/\/bagual.com.br\/site\/?post_type=revista_radio&#038;p=97"},"modified":"2017-04-08T16:51:18","modified_gmt":"2017-04-08T19:51:18","slug":"revista-de-radio-165-entrevista-com-pastora-presbiteriana-sobre-ser-protestante-e-sobre-questoes-de-genero","status":"publish","type":"revista_radio","link":"https:\/\/padrejosimo.com.br\/site\/revista_radio\/revista-de-radio-165-entrevista-com-pastora-presbiteriana-sobre-ser-protestante-e-sobre-questoes-de-genero\/","title":{"rendered":"Revista de R\u00e1dio #165: Entrevista com pastora presbiteriana sobre ser protestante e sobre quest\u00f5es de g\u00eanero"},"content":{"rendered":"<p>O tema da entrevista da edi\u00e7\u00e3o \u00e9 a A\u00e7\u00e3o Pastoral das Igrejas. Para isso, frei Jo\u00e3o Osmar conversa com a pastora Regina Niura Silva do Amaral, da Igreja Presbiteriana Independente IPI no Brasil. Eles conversam sobre como que \u00e9 ser protestante no Brasil, de grande maioria cat\u00f3lica romana. Falam tamb\u00e9m sobre a quest\u00e3o de g\u00eanero, como ser pastoralista mulher numa sociedade machista, dentre outros assuntos.<\/p>\n<p>Na an\u00e1lise dos destaque da semana da imprensa brasileira, frei Jo\u00e3o Osmar reflete sobre as etapas do que tem sido chamado de golpe na democracia brasileira, que teve seu ponto alto com o impedimento do governo da Presidenta Dilma Rousseff pelo Congresso Nacional. No in\u00edcio de semana passado, foi aprovada em primeira vota\u00e7\u00e3o a PEC 241, tamb\u00e9m chamada de \u201cPEC da Maldade\u201d, &#8220;PEC do Fim do Mundo\u201d ou \u201cPEC da Morte\u201d, tamanho o estrago que causar\u00e1 ao povo brasileiro, especialmente os mais pobres que s\u00e3o a maioria. Est\u00e1 sendo desmontado no Brasil o chamado \u201cEstado Democr\u00e1tico de Direitos\u201d.<\/p>\n<p>A m\u00fasica da edi\u00e7\u00e3o \u00e9 &#8220;O Vento&#8221;, do grupo Os Monarcas.<\/p>\n","protected":false},"featured_media":0,"template":"","class_list":["post-97","revista_radio","type-revista_radio","status-publish","hentry"],"acf":[],"yoast_head":"<!-- This site is optimized with the Yoast SEO plugin v27.2 - https:\/\/yoast.com\/product\/yoast-seo-wordpress\/ -->\n<title>Revista de R\u00e1dio #165: Entrevista com pastora presbiteriana sobre ser protestante e sobre quest\u00f5es de g\u00eanero - Instituto Cultural Padre Josimo<\/title>\n<meta name=\"robots\" content=\"index, follow, max-snippet:-1, max-image-preview:large, max-video-preview:-1\" \/>\n<link rel=\"canonical\" href=\"https:\/\/padrejosimo.com.br\/site\/revista_radio\/revista-de-radio-165-entrevista-com-pastora-presbiteriana-sobre-ser-protestante-e-sobre-questoes-de-genero\/\" \/>\n<meta property=\"og:locale\" content=\"pt_BR\" \/>\n<meta property=\"og:type\" content=\"article\" \/>\n<meta property=\"og:title\" content=\"Revista de R\u00e1dio #165: Entrevista com pastora presbiteriana sobre ser protestante e sobre quest\u00f5es de g\u00eanero - Instituto Cultural Padre Josimo\" \/>\n<meta property=\"og:description\" content=\"O tema da entrevista da edi\u00e7\u00e3o \u00e9 a A\u00e7\u00e3o Pastoral das Igrejas. Para isso, frei Jo\u00e3o Osmar conversa com a pastora Regina Niura Silva do Amaral, da Igreja Presbiteriana Independente IPI no Brasil. Eles conversam sobre como que \u00e9 ser protestante no Brasil, de grande maioria cat\u00f3lica romana. Falam tamb\u00e9m sobre a quest\u00e3o de g\u00eanero, [&hellip;]\" \/>\n<meta property=\"og:url\" content=\"https:\/\/padrejosimo.com.br\/site\/revista_radio\/revista-de-radio-165-entrevista-com-pastora-presbiteriana-sobre-ser-protestante-e-sobre-questoes-de-genero\/\" \/>\n<meta property=\"og:site_name\" content=\"Instituto Cultural Padre Josimo\" \/>\n<meta property=\"og:image\" content=\"https:\/\/padrejosimo.com.br\/site\/wp-content\/uploads\/2025\/09\/cropped-icon-icpj.png\" \/>\n\t<meta property=\"og:image:width\" content=\"512\" \/>\n\t<meta property=\"og:image:height\" content=\"512\" \/>\n\t<meta property=\"og:image:type\" content=\"image\/png\" \/>\n<meta name=\"twitter:card\" content=\"summary_large_image\" \/>\n<meta name=\"twitter:label1\" content=\"Est. tempo de leitura\" \/>\n\t<meta name=\"twitter:data1\" content=\"1 minuto\" \/>\n<script type=\"application\/ld+json\" class=\"yoast-schema-graph\">{\"@context\":\"https:\/\/schema.org\",\"@graph\":[{\"@type\":\"WebPage\",\"@id\":\"https:\/\/padrejosimo.com.br\/site\/revista_radio\/revista-de-radio-165-entrevista-com-pastora-presbiteriana-sobre-ser-protestante-e-sobre-questoes-de-genero\/\",\"url\":\"https:\/\/padrejosimo.com.br\/site\/revista_radio\/revista-de-radio-165-entrevista-com-pastora-presbiteriana-sobre-ser-protestante-e-sobre-questoes-de-genero\/\",\"name\":\"Revista de R\u00e1dio #165: Entrevista com pastora presbiteriana sobre ser protestante e sobre quest\u00f5es de g\u00eanero - Instituto Cultural Padre Josimo\",\"isPartOf\":{\"@id\":\"https:\/\/padrejosimo.com.br\/site\/#website\"},\"datePublished\":\"2017-04-08T19:51:18+00:00\",\"breadcrumb\":{\"@id\":\"https:\/\/padrejosimo.com.br\/site\/revista_radio\/revista-de-radio-165-entrevista-com-pastora-presbiteriana-sobre-ser-protestante-e-sobre-questoes-de-genero\/#breadcrumb\"},\"inLanguage\":\"pt-BR\",\"potentialAction\":[{\"@type\":\"ReadAction\",\"target\":[\"https:\/\/padrejosimo.com.br\/site\/revista_radio\/revista-de-radio-165-entrevista-com-pastora-presbiteriana-sobre-ser-protestante-e-sobre-questoes-de-genero\/\"]}]},{\"@type\":\"BreadcrumbList\",\"@id\":\"https:\/\/padrejosimo.com.br\/site\/revista_radio\/revista-de-radio-165-entrevista-com-pastora-presbiteriana-sobre-ser-protestante-e-sobre-questoes-de-genero\/#breadcrumb\",\"itemListElement\":[{\"@type\":\"ListItem\",\"position\":1,\"name\":\"In\u00edcio\",\"item\":\"https:\/\/padrejosimo.com.br\/site\/\"},{\"@type\":\"ListItem\",\"position\":2,\"name\":\"Revistas R\u00e1dio\",\"item\":\"https:\/\/padrejosimo.com.br\/site\/revista-radio\/\"},{\"@type\":\"ListItem\",\"position\":3,\"name\":\"Revista de R\u00e1dio #165: Entrevista com pastora presbiteriana sobre ser protestante e sobre quest\u00f5es de g\u00eanero\"}]},{\"@type\":\"WebSite\",\"@id\":\"https:\/\/padrejosimo.com.br\/site\/#website\",\"url\":\"https:\/\/padrejosimo.com.br\/site\/\",\"name\":\"Instituto Cultural Padre Josimo\",\"description\":\"Comprometida com a promo\u00e7\u00e3o da justi\u00e7a social, agroecologia e educa\u00e7\u00e3o popular\",\"publisher\":{\"@id\":\"https:\/\/padrejosimo.com.br\/site\/#organization\"},\"alternateName\":\"ICPJ\",\"potentialAction\":[{\"@type\":\"SearchAction\",\"target\":{\"@type\":\"EntryPoint\",\"urlTemplate\":\"https:\/\/padrejosimo.com.br\/site\/?s={search_term_string}\"},\"query-input\":{\"@type\":\"PropertyValueSpecification\",\"valueRequired\":true,\"valueName\":\"search_term_string\"}}],\"inLanguage\":\"pt-BR\"},{\"@type\":\"Organization\",\"@id\":\"https:\/\/padrejosimo.com.br\/site\/#organization\",\"name\":\"Instituto Cultural Padre Josimo\",\"alternateName\":\"ICPJ\",\"url\":\"https:\/\/padrejosimo.com.br\/site\/\",\"logo\":{\"@type\":\"ImageObject\",\"inLanguage\":\"pt-BR\",\"@id\":\"https:\/\/padrejosimo.com.br\/site\/#\/schema\/logo\/image\/\",\"url\":\"https:\/\/padrejosimo.com.br\/site\/wp-content\/uploads\/2025\/09\/cropped-icon-icpj.png\",\"contentUrl\":\"https:\/\/padrejosimo.com.br\/site\/wp-content\/uploads\/2025\/09\/cropped-icon-icpj.png\",\"width\":512,\"height\":512,\"caption\":\"Instituto Cultural Padre Josimo\"},\"image\":{\"@id\":\"https:\/\/padrejosimo.com.br\/site\/#\/schema\/logo\/image\/\"}}]}<\/script>\n<!-- \/ Yoast SEO plugin. -->","yoast_head_json":{"title":"Revista de R\u00e1dio #165: Entrevista com pastora presbiteriana sobre ser protestante e sobre quest\u00f5es de g\u00eanero - Instituto Cultural Padre Josimo","robots":{"index":"index","follow":"follow","max-snippet":"max-snippet:-1","max-image-preview":"max-image-preview:large","max-video-preview":"max-video-preview:-1"},"canonical":"https:\/\/padrejosimo.com.br\/site\/revista_radio\/revista-de-radio-165-entrevista-com-pastora-presbiteriana-sobre-ser-protestante-e-sobre-questoes-de-genero\/","og_locale":"pt_BR","og_type":"article","og_title":"Revista de R\u00e1dio #165: Entrevista com pastora presbiteriana sobre ser protestante e sobre quest\u00f5es de g\u00eanero - Instituto Cultural Padre Josimo","og_description":"O tema da entrevista da edi\u00e7\u00e3o \u00e9 a A\u00e7\u00e3o Pastoral das Igrejas. Para isso, frei Jo\u00e3o Osmar conversa com a pastora Regina Niura Silva do Amaral, da Igreja Presbiteriana Independente IPI no Brasil. Eles conversam sobre como que \u00e9 ser protestante no Brasil, de grande maioria cat\u00f3lica romana. Falam tamb\u00e9m sobre a quest\u00e3o de g\u00eanero, [&hellip;]","og_url":"https:\/\/padrejosimo.com.br\/site\/revista_radio\/revista-de-radio-165-entrevista-com-pastora-presbiteriana-sobre-ser-protestante-e-sobre-questoes-de-genero\/","og_site_name":"Instituto Cultural Padre Josimo","og_image":[{"width":512,"height":512,"url":"https:\/\/padrejosimo.com.br\/site\/wp-content\/uploads\/2025\/09\/cropped-icon-icpj.png","type":"image\/png"}],"twitter_card":"summary_large_image","twitter_misc":{"Est. tempo de leitura":"1 minuto"},"schema":{"@context":"https:\/\/schema.org","@graph":[{"@type":"WebPage","@id":"https:\/\/padrejosimo.com.br\/site\/revista_radio\/revista-de-radio-165-entrevista-com-pastora-presbiteriana-sobre-ser-protestante-e-sobre-questoes-de-genero\/","url":"https:\/\/padrejosimo.com.br\/site\/revista_radio\/revista-de-radio-165-entrevista-com-pastora-presbiteriana-sobre-ser-protestante-e-sobre-questoes-de-genero\/","name":"Revista de R\u00e1dio #165: Entrevista com pastora presbiteriana sobre ser protestante e sobre quest\u00f5es de g\u00eanero - Instituto Cultural Padre Josimo","isPartOf":{"@id":"https:\/\/padrejosimo.com.br\/site\/#website"},"datePublished":"2017-04-08T19:51:18+00:00","breadcrumb":{"@id":"https:\/\/padrejosimo.com.br\/site\/revista_radio\/revista-de-radio-165-entrevista-com-pastora-presbiteriana-sobre-ser-protestante-e-sobre-questoes-de-genero\/#breadcrumb"},"inLanguage":"pt-BR","potentialAction":[{"@type":"ReadAction","target":["https:\/\/padrejosimo.com.br\/site\/revista_radio\/revista-de-radio-165-entrevista-com-pastora-presbiteriana-sobre-ser-protestante-e-sobre-questoes-de-genero\/"]}]},{"@type":"BreadcrumbList","@id":"https:\/\/padrejosimo.com.br\/site\/revista_radio\/revista-de-radio-165-entrevista-com-pastora-presbiteriana-sobre-ser-protestante-e-sobre-questoes-de-genero\/#breadcrumb","itemListElement":[{"@type":"ListItem","position":1,"name":"In\u00edcio","item":"https:\/\/padrejosimo.com.br\/site\/"},{"@type":"ListItem","position":2,"name":"Revistas R\u00e1dio","item":"https:\/\/padrejosimo.com.br\/site\/revista-radio\/"},{"@type":"ListItem","position":3,"name":"Revista de R\u00e1dio #165: Entrevista com pastora presbiteriana sobre ser protestante e sobre quest\u00f5es de g\u00eanero"}]},{"@type":"WebSite","@id":"https:\/\/padrejosimo.com.br\/site\/#website","url":"https:\/\/padrejosimo.com.br\/site\/","name":"Instituto Cultural Padre Josimo","description":"Comprometida com a promo\u00e7\u00e3o da justi\u00e7a social, agroecologia e educa\u00e7\u00e3o popular","publisher":{"@id":"https:\/\/padrejosimo.com.br\/site\/#organization"},"alternateName":"ICPJ","potentialAction":[{"@type":"SearchAction","target":{"@type":"EntryPoint","urlTemplate":"https:\/\/padrejosimo.com.br\/site\/?s={search_term_string}"},"query-input":{"@type":"PropertyValueSpecification","valueRequired":true,"valueName":"search_term_string"}}],"inLanguage":"pt-BR"},{"@type":"Organization","@id":"https:\/\/padrejosimo.com.br\/site\/#organization","name":"Instituto Cultural Padre Josimo","alternateName":"ICPJ","url":"https:\/\/padrejosimo.com.br\/site\/","logo":{"@type":"ImageObject","inLanguage":"pt-BR","@id":"https:\/\/padrejosimo.com.br\/site\/#\/schema\/logo\/image\/","url":"https:\/\/padrejosimo.com.br\/site\/wp-content\/uploads\/2025\/09\/cropped-icon-icpj.png","contentUrl":"https:\/\/padrejosimo.com.br\/site\/wp-content\/uploads\/2025\/09\/cropped-icon-icpj.png","width":512,"height":512,"caption":"Instituto Cultural Padre Josimo"},"image":{"@id":"https:\/\/padrejosimo.com.br\/site\/#\/schema\/logo\/image\/"}}]}},"_links":{"self":[{"href":"https:\/\/padrejosimo.com.br\/site\/wp-json\/wp\/v2\/revista_radio\/97","targetHints":{"allow":["GET"]}}],"collection":[{"href":"https:\/\/padrejosimo.com.br\/site\/wp-json\/wp\/v2\/revista_radio"}],"about":[{"href":"https:\/\/padrejosimo.com.br\/site\/wp-json\/wp\/v2\/types\/revista_radio"}],"wp:attachment":[{"href":"https:\/\/padrejosimo.com.br\/site\/wp-json\/wp\/v2\/media?parent=97"}],"curies":[{"name":"wp","href":"https:\/\/api.w.org\/{rel}","templated":true}]}}