{"id":84,"date":"2017-04-08T16:41:02","date_gmt":"2017-04-08T19:41:02","guid":{"rendered":"http:\/\/bagual.com.br\/site\/?post_type=revista_radio&#038;p=84"},"modified":"2017-04-08T16:41:02","modified_gmt":"2017-04-08T19:41:02","slug":"revista-de-radio-154-preparativos-para-a-22a-edicao-do-grito-dos-excluidos","status":"publish","type":"revista_radio","link":"https:\/\/padrejosimo.com.br\/site\/revista_radio\/revista-de-radio-154-preparativos-para-a-22a-edicao-do-grito-dos-excluidos\/","title":{"rendered":"Revista de R\u00e1dio #154: Preparativos para a 22\u00aa edi\u00e7\u00e3o do Grito dos Exclu\u00eddos"},"content":{"rendered":"<p>O tema deste programa \u00e9 a realiza\u00e7\u00e3o do 22\u00aa Edi\u00e7\u00e3o do Grito dos Exclu\u00eddos, conjunto de manifesta\u00e7\u00f5es populares que ocorrem no Brasil ao longo da Semana da P\u00e1tria.<\/p>\n<p>Destaque desta \u00faltima semana do m\u00eas de julho para a situa\u00e7\u00e3o social do Brasil que est\u00e1 se agravando cada vez mais com as medidas e as decis\u00f5es do governo provis\u00f3rio de Michel Temer. O m\u00eas de agosto vai ser decisivo no processo do Impedimento definitivo ou de sua suspens\u00e3o pelo Senado Federal. O jogo est\u00e1 sendo travado no Congresso, no Executivo Federal, no Judici\u00e1rio, na m\u00eddia e nas ruas e pra\u00e7as do pa\u00eds. Por falar em m\u00eddia, \u00e9 bom prestar aten\u00e7\u00e3o em como s\u00e3o dadas as not\u00edcias e quais s\u00e3o os destaques nestas semanas que s\u00e3o decisivas para o futuro do Brasil. Sumiram das manchetes a crise que parecia o fim do mundo no in\u00edcio do segundo mandato da presidenta Dilma. Sumiu tamb\u00e9m a Lava Jato, entrando em seu lugar a ca\u00e7a a terroristas no Brasil. As Olimp\u00edadas tamb\u00e9m passaram a serem vistas como um ganho para o Pa\u00eds, com poucos problemas para serem resolvidos.<\/p>\n<p>O m\u00eas de agosto ser\u00e1 importante para os movimentos sociais, pastorais sociais e todos aqueles que lutam por qualidade de vida. Por isso, no programa de hoje, n\u00e3o teremos entrevista com um convidado. Seguiremos a reflex\u00e3o escrita pelo Frei Ol\u00e1vio Dotto, que \u00e9 assessor das Pastorais Sociais, junto \u00e0 Confer\u00eancia Nacional dos Bispos do Brasil \u2013 CNBB \u2013 l\u00e1 em Bras\u00edlia, a quem agradecemos a colabora\u00e7\u00e3o.<\/p>\n<p>O programa traz ainda o hino do 14\u00ba Encontro Estadual de CEBs, com seu compositor Diego Noda.<\/p>\n","protected":false},"featured_media":0,"template":"","class_list":["post-84","revista_radio","type-revista_radio","status-publish","hentry"],"acf":[],"yoast_head":"<!-- This site is optimized with the Yoast SEO plugin v27.2 - https:\/\/yoast.com\/product\/yoast-seo-wordpress\/ -->\n<title>Revista de R\u00e1dio #154: Preparativos para a 22\u00aa edi\u00e7\u00e3o do Grito dos Exclu\u00eddos - Instituto Cultural Padre Josimo<\/title>\n<meta name=\"robots\" content=\"index, follow, max-snippet:-1, max-image-preview:large, max-video-preview:-1\" \/>\n<link rel=\"canonical\" href=\"https:\/\/padrejosimo.com.br\/site\/revista_radio\/revista-de-radio-154-preparativos-para-a-22a-edicao-do-grito-dos-excluidos\/\" \/>\n<meta property=\"og:locale\" content=\"pt_BR\" \/>\n<meta property=\"og:type\" content=\"article\" \/>\n<meta property=\"og:title\" content=\"Revista de R\u00e1dio #154: Preparativos para a 22\u00aa edi\u00e7\u00e3o do Grito dos Exclu\u00eddos - Instituto Cultural Padre Josimo\" \/>\n<meta property=\"og:description\" content=\"O tema deste programa \u00e9 a realiza\u00e7\u00e3o do 22\u00aa Edi\u00e7\u00e3o do Grito dos Exclu\u00eddos, conjunto de manifesta\u00e7\u00f5es populares que ocorrem no Brasil ao longo da Semana da P\u00e1tria. Destaque desta \u00faltima semana do m\u00eas de julho para a situa\u00e7\u00e3o social do Brasil que est\u00e1 se agravando cada vez mais com as medidas e as decis\u00f5es [&hellip;]\" \/>\n<meta property=\"og:url\" content=\"https:\/\/padrejosimo.com.br\/site\/revista_radio\/revista-de-radio-154-preparativos-para-a-22a-edicao-do-grito-dos-excluidos\/\" \/>\n<meta property=\"og:site_name\" content=\"Instituto Cultural Padre Josimo\" \/>\n<meta property=\"og:image\" content=\"https:\/\/padrejosimo.com.br\/site\/wp-content\/uploads\/2025\/09\/cropped-icon-icpj.png\" \/>\n\t<meta property=\"og:image:width\" content=\"512\" \/>\n\t<meta property=\"og:image:height\" content=\"512\" \/>\n\t<meta property=\"og:image:type\" content=\"image\/png\" \/>\n<meta name=\"twitter:card\" content=\"summary_large_image\" \/>\n<meta name=\"twitter:label1\" content=\"Est. tempo de leitura\" \/>\n\t<meta name=\"twitter:data1\" content=\"1 minuto\" \/>\n<script type=\"application\/ld+json\" class=\"yoast-schema-graph\">{\"@context\":\"https:\/\/schema.org\",\"@graph\":[{\"@type\":\"WebPage\",\"@id\":\"https:\/\/padrejosimo.com.br\/site\/revista_radio\/revista-de-radio-154-preparativos-para-a-22a-edicao-do-grito-dos-excluidos\/\",\"url\":\"https:\/\/padrejosimo.com.br\/site\/revista_radio\/revista-de-radio-154-preparativos-para-a-22a-edicao-do-grito-dos-excluidos\/\",\"name\":\"Revista de R\u00e1dio #154: Preparativos para a 22\u00aa edi\u00e7\u00e3o do Grito dos Exclu\u00eddos - Instituto Cultural Padre Josimo\",\"isPartOf\":{\"@id\":\"https:\/\/padrejosimo.com.br\/site\/#website\"},\"datePublished\":\"2017-04-08T19:41:02+00:00\",\"breadcrumb\":{\"@id\":\"https:\/\/padrejosimo.com.br\/site\/revista_radio\/revista-de-radio-154-preparativos-para-a-22a-edicao-do-grito-dos-excluidos\/#breadcrumb\"},\"inLanguage\":\"pt-BR\",\"potentialAction\":[{\"@type\":\"ReadAction\",\"target\":[\"https:\/\/padrejosimo.com.br\/site\/revista_radio\/revista-de-radio-154-preparativos-para-a-22a-edicao-do-grito-dos-excluidos\/\"]}]},{\"@type\":\"BreadcrumbList\",\"@id\":\"https:\/\/padrejosimo.com.br\/site\/revista_radio\/revista-de-radio-154-preparativos-para-a-22a-edicao-do-grito-dos-excluidos\/#breadcrumb\",\"itemListElement\":[{\"@type\":\"ListItem\",\"position\":1,\"name\":\"In\u00edcio\",\"item\":\"https:\/\/padrejosimo.com.br\/site\/\"},{\"@type\":\"ListItem\",\"position\":2,\"name\":\"Revistas R\u00e1dio\",\"item\":\"https:\/\/padrejosimo.com.br\/site\/revista-radio\/\"},{\"@type\":\"ListItem\",\"position\":3,\"name\":\"Revista de R\u00e1dio #154: Preparativos para a 22\u00aa edi\u00e7\u00e3o do Grito dos Exclu\u00eddos\"}]},{\"@type\":\"WebSite\",\"@id\":\"https:\/\/padrejosimo.com.br\/site\/#website\",\"url\":\"https:\/\/padrejosimo.com.br\/site\/\",\"name\":\"Instituto Cultural Padre Josimo\",\"description\":\"Comprometida com a promo\u00e7\u00e3o da justi\u00e7a social, agroecologia e educa\u00e7\u00e3o popular\",\"publisher\":{\"@id\":\"https:\/\/padrejosimo.com.br\/site\/#organization\"},\"alternateName\":\"ICPJ\",\"potentialAction\":[{\"@type\":\"SearchAction\",\"target\":{\"@type\":\"EntryPoint\",\"urlTemplate\":\"https:\/\/padrejosimo.com.br\/site\/?s={search_term_string}\"},\"query-input\":{\"@type\":\"PropertyValueSpecification\",\"valueRequired\":true,\"valueName\":\"search_term_string\"}}],\"inLanguage\":\"pt-BR\"},{\"@type\":\"Organization\",\"@id\":\"https:\/\/padrejosimo.com.br\/site\/#organization\",\"name\":\"Instituto Cultural Padre Josimo\",\"alternateName\":\"ICPJ\",\"url\":\"https:\/\/padrejosimo.com.br\/site\/\",\"logo\":{\"@type\":\"ImageObject\",\"inLanguage\":\"pt-BR\",\"@id\":\"https:\/\/padrejosimo.com.br\/site\/#\/schema\/logo\/image\/\",\"url\":\"https:\/\/padrejosimo.com.br\/site\/wp-content\/uploads\/2025\/09\/cropped-icon-icpj.png\",\"contentUrl\":\"https:\/\/padrejosimo.com.br\/site\/wp-content\/uploads\/2025\/09\/cropped-icon-icpj.png\",\"width\":512,\"height\":512,\"caption\":\"Instituto Cultural Padre Josimo\"},\"image\":{\"@id\":\"https:\/\/padrejosimo.com.br\/site\/#\/schema\/logo\/image\/\"}}]}<\/script>\n<!-- \/ Yoast SEO plugin. -->","yoast_head_json":{"title":"Revista de R\u00e1dio #154: Preparativos para a 22\u00aa edi\u00e7\u00e3o do Grito dos Exclu\u00eddos - Instituto Cultural Padre Josimo","robots":{"index":"index","follow":"follow","max-snippet":"max-snippet:-1","max-image-preview":"max-image-preview:large","max-video-preview":"max-video-preview:-1"},"canonical":"https:\/\/padrejosimo.com.br\/site\/revista_radio\/revista-de-radio-154-preparativos-para-a-22a-edicao-do-grito-dos-excluidos\/","og_locale":"pt_BR","og_type":"article","og_title":"Revista de R\u00e1dio #154: Preparativos para a 22\u00aa edi\u00e7\u00e3o do Grito dos Exclu\u00eddos - Instituto Cultural Padre Josimo","og_description":"O tema deste programa \u00e9 a realiza\u00e7\u00e3o do 22\u00aa Edi\u00e7\u00e3o do Grito dos Exclu\u00eddos, conjunto de manifesta\u00e7\u00f5es populares que ocorrem no Brasil ao longo da Semana da P\u00e1tria. Destaque desta \u00faltima semana do m\u00eas de julho para a situa\u00e7\u00e3o social do Brasil que est\u00e1 se agravando cada vez mais com as medidas e as decis\u00f5es [&hellip;]","og_url":"https:\/\/padrejosimo.com.br\/site\/revista_radio\/revista-de-radio-154-preparativos-para-a-22a-edicao-do-grito-dos-excluidos\/","og_site_name":"Instituto Cultural Padre Josimo","og_image":[{"width":512,"height":512,"url":"https:\/\/padrejosimo.com.br\/site\/wp-content\/uploads\/2025\/09\/cropped-icon-icpj.png","type":"image\/png"}],"twitter_card":"summary_large_image","twitter_misc":{"Est. tempo de leitura":"1 minuto"},"schema":{"@context":"https:\/\/schema.org","@graph":[{"@type":"WebPage","@id":"https:\/\/padrejosimo.com.br\/site\/revista_radio\/revista-de-radio-154-preparativos-para-a-22a-edicao-do-grito-dos-excluidos\/","url":"https:\/\/padrejosimo.com.br\/site\/revista_radio\/revista-de-radio-154-preparativos-para-a-22a-edicao-do-grito-dos-excluidos\/","name":"Revista de R\u00e1dio #154: Preparativos para a 22\u00aa edi\u00e7\u00e3o do Grito dos Exclu\u00eddos - Instituto Cultural Padre Josimo","isPartOf":{"@id":"https:\/\/padrejosimo.com.br\/site\/#website"},"datePublished":"2017-04-08T19:41:02+00:00","breadcrumb":{"@id":"https:\/\/padrejosimo.com.br\/site\/revista_radio\/revista-de-radio-154-preparativos-para-a-22a-edicao-do-grito-dos-excluidos\/#breadcrumb"},"inLanguage":"pt-BR","potentialAction":[{"@type":"ReadAction","target":["https:\/\/padrejosimo.com.br\/site\/revista_radio\/revista-de-radio-154-preparativos-para-a-22a-edicao-do-grito-dos-excluidos\/"]}]},{"@type":"BreadcrumbList","@id":"https:\/\/padrejosimo.com.br\/site\/revista_radio\/revista-de-radio-154-preparativos-para-a-22a-edicao-do-grito-dos-excluidos\/#breadcrumb","itemListElement":[{"@type":"ListItem","position":1,"name":"In\u00edcio","item":"https:\/\/padrejosimo.com.br\/site\/"},{"@type":"ListItem","position":2,"name":"Revistas R\u00e1dio","item":"https:\/\/padrejosimo.com.br\/site\/revista-radio\/"},{"@type":"ListItem","position":3,"name":"Revista de R\u00e1dio #154: Preparativos para a 22\u00aa edi\u00e7\u00e3o do Grito dos Exclu\u00eddos"}]},{"@type":"WebSite","@id":"https:\/\/padrejosimo.com.br\/site\/#website","url":"https:\/\/padrejosimo.com.br\/site\/","name":"Instituto Cultural Padre Josimo","description":"Comprometida com a promo\u00e7\u00e3o da justi\u00e7a social, agroecologia e educa\u00e7\u00e3o popular","publisher":{"@id":"https:\/\/padrejosimo.com.br\/site\/#organization"},"alternateName":"ICPJ","potentialAction":[{"@type":"SearchAction","target":{"@type":"EntryPoint","urlTemplate":"https:\/\/padrejosimo.com.br\/site\/?s={search_term_string}"},"query-input":{"@type":"PropertyValueSpecification","valueRequired":true,"valueName":"search_term_string"}}],"inLanguage":"pt-BR"},{"@type":"Organization","@id":"https:\/\/padrejosimo.com.br\/site\/#organization","name":"Instituto Cultural Padre Josimo","alternateName":"ICPJ","url":"https:\/\/padrejosimo.com.br\/site\/","logo":{"@type":"ImageObject","inLanguage":"pt-BR","@id":"https:\/\/padrejosimo.com.br\/site\/#\/schema\/logo\/image\/","url":"https:\/\/padrejosimo.com.br\/site\/wp-content\/uploads\/2025\/09\/cropped-icon-icpj.png","contentUrl":"https:\/\/padrejosimo.com.br\/site\/wp-content\/uploads\/2025\/09\/cropped-icon-icpj.png","width":512,"height":512,"caption":"Instituto Cultural Padre Josimo"},"image":{"@id":"https:\/\/padrejosimo.com.br\/site\/#\/schema\/logo\/image\/"}}]}},"_links":{"self":[{"href":"https:\/\/padrejosimo.com.br\/site\/wp-json\/wp\/v2\/revista_radio\/84","targetHints":{"allow":["GET"]}}],"collection":[{"href":"https:\/\/padrejosimo.com.br\/site\/wp-json\/wp\/v2\/revista_radio"}],"about":[{"href":"https:\/\/padrejosimo.com.br\/site\/wp-json\/wp\/v2\/types\/revista_radio"}],"wp:attachment":[{"href":"https:\/\/padrejosimo.com.br\/site\/wp-json\/wp\/v2\/media?parent=84"}],"curies":[{"name":"wp","href":"https:\/\/api.w.org\/{rel}","templated":true}]}}