{"id":83,"date":"2017-04-08T16:40:19","date_gmt":"2017-04-08T19:40:19","guid":{"rendered":"http:\/\/bagual.com.br\/site\/?post_type=revista_radio&#038;p=83"},"modified":"2017-04-08T16:40:19","modified_gmt":"2017-04-08T19:40:19","slug":"revista-de-radio-153-a-juventude-na-luta-por-direitos-e-democracia","status":"publish","type":"revista_radio","link":"https:\/\/padrejosimo.com.br\/site\/revista_radio\/revista-de-radio-153-a-juventude-na-luta-por-direitos-e-democracia\/","title":{"rendered":"Revista de R\u00e1dio #153: A juventude na luta por direitos e democracia"},"content":{"rendered":"<p>O tema deste programa \u00e9 juventude, direitos e democracia, trazendo a segunda parte da entrevista com Caio Piccarelli, que \u00e9 da Coordena\u00e7\u00e3o Estadual do Levante Popular da Juventude. Paulista de Rio Claro, formou-se em Ci\u00eancias Sociais pela UFSM e hoje reside em Porto Alegre. No Programa, ele fala sobre a conjuntura nacional e a participa\u00e7\u00e3o da juventude na luta por direitos e por democracia.<\/p>\n<p>Nos destaques das manchetes da semana, a crise pol\u00edtica brasileira dessa vez ocupou a chamada \u201cGrande M\u00eddia\u201d e as redes sociais que tratam da conjuntura nacional e da pol\u00edtica com a pesquisa realizada pelo Instituto DATAFOLHA e publicada pelo jornal Folha de S\u00e3o Paulo, no final da semana passada. percebe-se uma grande manipula\u00e7\u00e3o, tanto na elabora\u00e7\u00e3o e na aplica\u00e7\u00e3o de pesquisa, quanto na sua publica\u00e7\u00e3o. A rea\u00e7\u00e3o foi tamanha que o pr\u00f3prio jornal veio a p\u00fablico dizer que houve uma \u201cimprecis\u00e3o\u201d nos dados divulgados. Mas foi muito mais que isto. Foi uma fraude em rela\u00e7\u00e3o \u00e0 opini\u00e3o p\u00fablica nacional. Quem ainda n\u00e3o teve acesso a tais not\u00edcias, \u00e9 bom que se informe e procure formar sua pr\u00f3pria opini\u00e3o e n\u00e3o se deixe enrolar pelos poderosos meios de comunica\u00e7\u00e3o que est\u00e3o a servi\u00e7o do capital.<\/p>\n<p>O programa traz ainda a m\u00fasica &#8220;Jovem da Ro\u00e7a tamb\u00e9m tem valor&#8221;, na voz de Ant\u00f4nio Gringo.<\/p>\n","protected":false},"featured_media":0,"template":"","class_list":["post-83","revista_radio","type-revista_radio","status-publish","hentry"],"acf":[],"yoast_head":"<!-- This site is optimized with the Yoast SEO plugin v27.2 - https:\/\/yoast.com\/product\/yoast-seo-wordpress\/ -->\n<title>Revista de R\u00e1dio #153: A juventude na luta por direitos e democracia - Instituto Cultural Padre Josimo<\/title>\n<meta name=\"robots\" content=\"index, follow, max-snippet:-1, max-image-preview:large, max-video-preview:-1\" \/>\n<link rel=\"canonical\" href=\"https:\/\/padrejosimo.com.br\/site\/revista_radio\/revista-de-radio-153-a-juventude-na-luta-por-direitos-e-democracia\/\" \/>\n<meta property=\"og:locale\" content=\"pt_BR\" \/>\n<meta property=\"og:type\" content=\"article\" \/>\n<meta property=\"og:title\" content=\"Revista de R\u00e1dio #153: A juventude na luta por direitos e democracia - Instituto Cultural Padre Josimo\" \/>\n<meta property=\"og:description\" content=\"O tema deste programa \u00e9 juventude, direitos e democracia, trazendo a segunda parte da entrevista com Caio Piccarelli, que \u00e9 da Coordena\u00e7\u00e3o Estadual do Levante Popular da Juventude. Paulista de Rio Claro, formou-se em Ci\u00eancias Sociais pela UFSM e hoje reside em Porto Alegre. No Programa, ele fala sobre a conjuntura nacional e a participa\u00e7\u00e3o [&hellip;]\" \/>\n<meta property=\"og:url\" content=\"https:\/\/padrejosimo.com.br\/site\/revista_radio\/revista-de-radio-153-a-juventude-na-luta-por-direitos-e-democracia\/\" \/>\n<meta property=\"og:site_name\" content=\"Instituto Cultural Padre Josimo\" \/>\n<meta property=\"og:image\" content=\"https:\/\/padrejosimo.com.br\/site\/wp-content\/uploads\/2025\/09\/cropped-icon-icpj.png\" \/>\n\t<meta property=\"og:image:width\" content=\"512\" \/>\n\t<meta property=\"og:image:height\" content=\"512\" \/>\n\t<meta property=\"og:image:type\" content=\"image\/png\" \/>\n<meta name=\"twitter:card\" content=\"summary_large_image\" \/>\n<meta name=\"twitter:label1\" content=\"Est. tempo de leitura\" \/>\n\t<meta name=\"twitter:data1\" content=\"1 minuto\" \/>\n<script type=\"application\/ld+json\" class=\"yoast-schema-graph\">{\"@context\":\"https:\/\/schema.org\",\"@graph\":[{\"@type\":\"WebPage\",\"@id\":\"https:\/\/padrejosimo.com.br\/site\/revista_radio\/revista-de-radio-153-a-juventude-na-luta-por-direitos-e-democracia\/\",\"url\":\"https:\/\/padrejosimo.com.br\/site\/revista_radio\/revista-de-radio-153-a-juventude-na-luta-por-direitos-e-democracia\/\",\"name\":\"Revista de R\u00e1dio #153: A juventude na luta por direitos e democracia - Instituto Cultural Padre Josimo\",\"isPartOf\":{\"@id\":\"https:\/\/padrejosimo.com.br\/site\/#website\"},\"datePublished\":\"2017-04-08T19:40:19+00:00\",\"breadcrumb\":{\"@id\":\"https:\/\/padrejosimo.com.br\/site\/revista_radio\/revista-de-radio-153-a-juventude-na-luta-por-direitos-e-democracia\/#breadcrumb\"},\"inLanguage\":\"pt-BR\",\"potentialAction\":[{\"@type\":\"ReadAction\",\"target\":[\"https:\/\/padrejosimo.com.br\/site\/revista_radio\/revista-de-radio-153-a-juventude-na-luta-por-direitos-e-democracia\/\"]}]},{\"@type\":\"BreadcrumbList\",\"@id\":\"https:\/\/padrejosimo.com.br\/site\/revista_radio\/revista-de-radio-153-a-juventude-na-luta-por-direitos-e-democracia\/#breadcrumb\",\"itemListElement\":[{\"@type\":\"ListItem\",\"position\":1,\"name\":\"In\u00edcio\",\"item\":\"https:\/\/padrejosimo.com.br\/site\/\"},{\"@type\":\"ListItem\",\"position\":2,\"name\":\"Revistas R\u00e1dio\",\"item\":\"https:\/\/padrejosimo.com.br\/site\/revista-radio\/\"},{\"@type\":\"ListItem\",\"position\":3,\"name\":\"Revista de R\u00e1dio #153: A juventude na luta por direitos e democracia\"}]},{\"@type\":\"WebSite\",\"@id\":\"https:\/\/padrejosimo.com.br\/site\/#website\",\"url\":\"https:\/\/padrejosimo.com.br\/site\/\",\"name\":\"Instituto Cultural Padre Josimo\",\"description\":\"Comprometida com a promo\u00e7\u00e3o da justi\u00e7a social, agroecologia e educa\u00e7\u00e3o popular\",\"publisher\":{\"@id\":\"https:\/\/padrejosimo.com.br\/site\/#organization\"},\"alternateName\":\"ICPJ\",\"potentialAction\":[{\"@type\":\"SearchAction\",\"target\":{\"@type\":\"EntryPoint\",\"urlTemplate\":\"https:\/\/padrejosimo.com.br\/site\/?s={search_term_string}\"},\"query-input\":{\"@type\":\"PropertyValueSpecification\",\"valueRequired\":true,\"valueName\":\"search_term_string\"}}],\"inLanguage\":\"pt-BR\"},{\"@type\":\"Organization\",\"@id\":\"https:\/\/padrejosimo.com.br\/site\/#organization\",\"name\":\"Instituto Cultural Padre Josimo\",\"alternateName\":\"ICPJ\",\"url\":\"https:\/\/padrejosimo.com.br\/site\/\",\"logo\":{\"@type\":\"ImageObject\",\"inLanguage\":\"pt-BR\",\"@id\":\"https:\/\/padrejosimo.com.br\/site\/#\/schema\/logo\/image\/\",\"url\":\"https:\/\/padrejosimo.com.br\/site\/wp-content\/uploads\/2025\/09\/cropped-icon-icpj.png\",\"contentUrl\":\"https:\/\/padrejosimo.com.br\/site\/wp-content\/uploads\/2025\/09\/cropped-icon-icpj.png\",\"width\":512,\"height\":512,\"caption\":\"Instituto Cultural Padre Josimo\"},\"image\":{\"@id\":\"https:\/\/padrejosimo.com.br\/site\/#\/schema\/logo\/image\/\"}}]}<\/script>\n<!-- \/ Yoast SEO plugin. -->","yoast_head_json":{"title":"Revista de R\u00e1dio #153: A juventude na luta por direitos e democracia - Instituto Cultural Padre Josimo","robots":{"index":"index","follow":"follow","max-snippet":"max-snippet:-1","max-image-preview":"max-image-preview:large","max-video-preview":"max-video-preview:-1"},"canonical":"https:\/\/padrejosimo.com.br\/site\/revista_radio\/revista-de-radio-153-a-juventude-na-luta-por-direitos-e-democracia\/","og_locale":"pt_BR","og_type":"article","og_title":"Revista de R\u00e1dio #153: A juventude na luta por direitos e democracia - Instituto Cultural Padre Josimo","og_description":"O tema deste programa \u00e9 juventude, direitos e democracia, trazendo a segunda parte da entrevista com Caio Piccarelli, que \u00e9 da Coordena\u00e7\u00e3o Estadual do Levante Popular da Juventude. Paulista de Rio Claro, formou-se em Ci\u00eancias Sociais pela UFSM e hoje reside em Porto Alegre. No Programa, ele fala sobre a conjuntura nacional e a participa\u00e7\u00e3o [&hellip;]","og_url":"https:\/\/padrejosimo.com.br\/site\/revista_radio\/revista-de-radio-153-a-juventude-na-luta-por-direitos-e-democracia\/","og_site_name":"Instituto Cultural Padre Josimo","og_image":[{"width":512,"height":512,"url":"https:\/\/padrejosimo.com.br\/site\/wp-content\/uploads\/2025\/09\/cropped-icon-icpj.png","type":"image\/png"}],"twitter_card":"summary_large_image","twitter_misc":{"Est. tempo de leitura":"1 minuto"},"schema":{"@context":"https:\/\/schema.org","@graph":[{"@type":"WebPage","@id":"https:\/\/padrejosimo.com.br\/site\/revista_radio\/revista-de-radio-153-a-juventude-na-luta-por-direitos-e-democracia\/","url":"https:\/\/padrejosimo.com.br\/site\/revista_radio\/revista-de-radio-153-a-juventude-na-luta-por-direitos-e-democracia\/","name":"Revista de R\u00e1dio #153: A juventude na luta por direitos e democracia - Instituto Cultural Padre Josimo","isPartOf":{"@id":"https:\/\/padrejosimo.com.br\/site\/#website"},"datePublished":"2017-04-08T19:40:19+00:00","breadcrumb":{"@id":"https:\/\/padrejosimo.com.br\/site\/revista_radio\/revista-de-radio-153-a-juventude-na-luta-por-direitos-e-democracia\/#breadcrumb"},"inLanguage":"pt-BR","potentialAction":[{"@type":"ReadAction","target":["https:\/\/padrejosimo.com.br\/site\/revista_radio\/revista-de-radio-153-a-juventude-na-luta-por-direitos-e-democracia\/"]}]},{"@type":"BreadcrumbList","@id":"https:\/\/padrejosimo.com.br\/site\/revista_radio\/revista-de-radio-153-a-juventude-na-luta-por-direitos-e-democracia\/#breadcrumb","itemListElement":[{"@type":"ListItem","position":1,"name":"In\u00edcio","item":"https:\/\/padrejosimo.com.br\/site\/"},{"@type":"ListItem","position":2,"name":"Revistas R\u00e1dio","item":"https:\/\/padrejosimo.com.br\/site\/revista-radio\/"},{"@type":"ListItem","position":3,"name":"Revista de R\u00e1dio #153: A juventude na luta por direitos e democracia"}]},{"@type":"WebSite","@id":"https:\/\/padrejosimo.com.br\/site\/#website","url":"https:\/\/padrejosimo.com.br\/site\/","name":"Instituto Cultural Padre Josimo","description":"Comprometida com a promo\u00e7\u00e3o da justi\u00e7a social, agroecologia e educa\u00e7\u00e3o popular","publisher":{"@id":"https:\/\/padrejosimo.com.br\/site\/#organization"},"alternateName":"ICPJ","potentialAction":[{"@type":"SearchAction","target":{"@type":"EntryPoint","urlTemplate":"https:\/\/padrejosimo.com.br\/site\/?s={search_term_string}"},"query-input":{"@type":"PropertyValueSpecification","valueRequired":true,"valueName":"search_term_string"}}],"inLanguage":"pt-BR"},{"@type":"Organization","@id":"https:\/\/padrejosimo.com.br\/site\/#organization","name":"Instituto Cultural Padre Josimo","alternateName":"ICPJ","url":"https:\/\/padrejosimo.com.br\/site\/","logo":{"@type":"ImageObject","inLanguage":"pt-BR","@id":"https:\/\/padrejosimo.com.br\/site\/#\/schema\/logo\/image\/","url":"https:\/\/padrejosimo.com.br\/site\/wp-content\/uploads\/2025\/09\/cropped-icon-icpj.png","contentUrl":"https:\/\/padrejosimo.com.br\/site\/wp-content\/uploads\/2025\/09\/cropped-icon-icpj.png","width":512,"height":512,"caption":"Instituto Cultural Padre Josimo"},"image":{"@id":"https:\/\/padrejosimo.com.br\/site\/#\/schema\/logo\/image\/"}}]}},"_links":{"self":[{"href":"https:\/\/padrejosimo.com.br\/site\/wp-json\/wp\/v2\/revista_radio\/83","targetHints":{"allow":["GET"]}}],"collection":[{"href":"https:\/\/padrejosimo.com.br\/site\/wp-json\/wp\/v2\/revista_radio"}],"about":[{"href":"https:\/\/padrejosimo.com.br\/site\/wp-json\/wp\/v2\/types\/revista_radio"}],"wp:attachment":[{"href":"https:\/\/padrejosimo.com.br\/site\/wp-json\/wp\/v2\/media?parent=83"}],"curies":[{"name":"wp","href":"https:\/\/api.w.org\/{rel}","templated":true}]}}