{"id":68,"date":"2017-04-08T16:24:29","date_gmt":"2017-04-08T19:24:29","guid":{"rendered":"http:\/\/bagual.com.br\/site\/?post_type=revista_radio&#038;p=68"},"modified":"2017-04-08T16:24:29","modified_gmt":"2017-04-08T19:24:29","slug":"revista-de-radio-141-fala-da-questao-indigena-e-do-encontro-das-cebs-no-rio-grande-do-sul","status":"publish","type":"revista_radio","link":"https:\/\/padrejosimo.com.br\/site\/revista_radio\/revista-de-radio-141-fala-da-questao-indigena-e-do-encontro-das-cebs-no-rio-grande-do-sul\/","title":{"rendered":"Revista de R\u00e1dio #141 fala da quest\u00e3o ind\u00edgena e do Encontro das CEBs no Rio Grande do Sul"},"content":{"rendered":"<p>Neste programa, o bate-papo segue falando da quest\u00e3o ind\u00edgena no Brasil. Frei Jo\u00e3o Osmar traz a segunda parte da entrevista com Ad\u00edlio, tenente reformado da Brigada Militar do Rio Grande do Sul. Desde seu tempo de ativo na corpora\u00e7\u00e3o, ele trabalha com os povos ind\u00edgenas, especialmente com os Guarani Mby\u00e1. Na conversa, ele fala mais sobre o seu trabalho e sobre os povos ind\u00edgenas em terras ga\u00fachas.<\/p>\n<p>O programa traz ainda, \u00e9 claro, o resumo das not\u00edcias mais comentadas na semana no Brasil. Destaque para 14\u00ba Encontro Estadual das Comunidades Eclesiais de Base &#8211; CEBs, realizado de 21 a 24 de abril, em Farroupilha (RS), Diocese de Caxias do Sul na Serra Ga\u00facha. Participaram do Encontro em torno de 1200 pessoas, delegados e delegadas das Comunidades Eclesiais de todas as regi\u00f5es do RS. A m\u00fasica do programa \u00e9 o hino do 14\u00ba Encontro Estadual de CEBs.<\/p>\n","protected":false},"featured_media":0,"template":"","class_list":["post-68","revista_radio","type-revista_radio","status-publish","hentry"],"acf":[],"yoast_head":"<!-- This site is optimized with the Yoast SEO plugin v27.2 - https:\/\/yoast.com\/product\/yoast-seo-wordpress\/ -->\n<title>Revista de R\u00e1dio #141 fala da quest\u00e3o ind\u00edgena e do Encontro das CEBs no Rio Grande do Sul - Instituto Cultural Padre Josimo<\/title>\n<meta name=\"robots\" content=\"index, follow, max-snippet:-1, max-image-preview:large, max-video-preview:-1\" \/>\n<link rel=\"canonical\" href=\"https:\/\/padrejosimo.com.br\/site\/revista_radio\/revista-de-radio-141-fala-da-questao-indigena-e-do-encontro-das-cebs-no-rio-grande-do-sul\/\" \/>\n<meta property=\"og:locale\" content=\"pt_BR\" \/>\n<meta property=\"og:type\" content=\"article\" \/>\n<meta property=\"og:title\" content=\"Revista de R\u00e1dio #141 fala da quest\u00e3o ind\u00edgena e do Encontro das CEBs no Rio Grande do Sul - Instituto Cultural Padre Josimo\" \/>\n<meta property=\"og:description\" content=\"Neste programa, o bate-papo segue falando da quest\u00e3o ind\u00edgena no Brasil. Frei Jo\u00e3o Osmar traz a segunda parte da entrevista com Ad\u00edlio, tenente reformado da Brigada Militar do Rio Grande do Sul. Desde seu tempo de ativo na corpora\u00e7\u00e3o, ele trabalha com os povos ind\u00edgenas, especialmente com os Guarani Mby\u00e1. Na conversa, ele fala mais [&hellip;]\" \/>\n<meta property=\"og:url\" content=\"https:\/\/padrejosimo.com.br\/site\/revista_radio\/revista-de-radio-141-fala-da-questao-indigena-e-do-encontro-das-cebs-no-rio-grande-do-sul\/\" \/>\n<meta property=\"og:site_name\" content=\"Instituto Cultural Padre Josimo\" \/>\n<meta property=\"og:image\" content=\"https:\/\/padrejosimo.com.br\/site\/wp-content\/uploads\/2025\/09\/cropped-icon-icpj.png\" \/>\n\t<meta property=\"og:image:width\" content=\"512\" \/>\n\t<meta property=\"og:image:height\" content=\"512\" \/>\n\t<meta property=\"og:image:type\" content=\"image\/png\" \/>\n<meta name=\"twitter:card\" content=\"summary_large_image\" \/>\n<meta name=\"twitter:label1\" content=\"Est. tempo de leitura\" \/>\n\t<meta name=\"twitter:data1\" content=\"1 minuto\" \/>\n<script type=\"application\/ld+json\" class=\"yoast-schema-graph\">{\"@context\":\"https:\/\/schema.org\",\"@graph\":[{\"@type\":\"WebPage\",\"@id\":\"https:\/\/padrejosimo.com.br\/site\/revista_radio\/revista-de-radio-141-fala-da-questao-indigena-e-do-encontro-das-cebs-no-rio-grande-do-sul\/\",\"url\":\"https:\/\/padrejosimo.com.br\/site\/revista_radio\/revista-de-radio-141-fala-da-questao-indigena-e-do-encontro-das-cebs-no-rio-grande-do-sul\/\",\"name\":\"Revista de R\u00e1dio #141 fala da quest\u00e3o ind\u00edgena e do Encontro das CEBs no Rio Grande do Sul - Instituto Cultural Padre Josimo\",\"isPartOf\":{\"@id\":\"https:\/\/padrejosimo.com.br\/site\/#website\"},\"datePublished\":\"2017-04-08T19:24:29+00:00\",\"breadcrumb\":{\"@id\":\"https:\/\/padrejosimo.com.br\/site\/revista_radio\/revista-de-radio-141-fala-da-questao-indigena-e-do-encontro-das-cebs-no-rio-grande-do-sul\/#breadcrumb\"},\"inLanguage\":\"pt-BR\",\"potentialAction\":[{\"@type\":\"ReadAction\",\"target\":[\"https:\/\/padrejosimo.com.br\/site\/revista_radio\/revista-de-radio-141-fala-da-questao-indigena-e-do-encontro-das-cebs-no-rio-grande-do-sul\/\"]}]},{\"@type\":\"BreadcrumbList\",\"@id\":\"https:\/\/padrejosimo.com.br\/site\/revista_radio\/revista-de-radio-141-fala-da-questao-indigena-e-do-encontro-das-cebs-no-rio-grande-do-sul\/#breadcrumb\",\"itemListElement\":[{\"@type\":\"ListItem\",\"position\":1,\"name\":\"In\u00edcio\",\"item\":\"https:\/\/padrejosimo.com.br\/site\/\"},{\"@type\":\"ListItem\",\"position\":2,\"name\":\"Revistas R\u00e1dio\",\"item\":\"https:\/\/padrejosimo.com.br\/site\/revista-radio\/\"},{\"@type\":\"ListItem\",\"position\":3,\"name\":\"Revista de R\u00e1dio #141 fala da quest\u00e3o ind\u00edgena e do Encontro das CEBs no Rio Grande do Sul\"}]},{\"@type\":\"WebSite\",\"@id\":\"https:\/\/padrejosimo.com.br\/site\/#website\",\"url\":\"https:\/\/padrejosimo.com.br\/site\/\",\"name\":\"Instituto Cultural Padre Josimo\",\"description\":\"Comprometida com a promo\u00e7\u00e3o da justi\u00e7a social, agroecologia e educa\u00e7\u00e3o popular\",\"publisher\":{\"@id\":\"https:\/\/padrejosimo.com.br\/site\/#organization\"},\"alternateName\":\"ICPJ\",\"potentialAction\":[{\"@type\":\"SearchAction\",\"target\":{\"@type\":\"EntryPoint\",\"urlTemplate\":\"https:\/\/padrejosimo.com.br\/site\/?s={search_term_string}\"},\"query-input\":{\"@type\":\"PropertyValueSpecification\",\"valueRequired\":true,\"valueName\":\"search_term_string\"}}],\"inLanguage\":\"pt-BR\"},{\"@type\":\"Organization\",\"@id\":\"https:\/\/padrejosimo.com.br\/site\/#organization\",\"name\":\"Instituto Cultural Padre Josimo\",\"alternateName\":\"ICPJ\",\"url\":\"https:\/\/padrejosimo.com.br\/site\/\",\"logo\":{\"@type\":\"ImageObject\",\"inLanguage\":\"pt-BR\",\"@id\":\"https:\/\/padrejosimo.com.br\/site\/#\/schema\/logo\/image\/\",\"url\":\"https:\/\/padrejosimo.com.br\/site\/wp-content\/uploads\/2025\/09\/cropped-icon-icpj.png\",\"contentUrl\":\"https:\/\/padrejosimo.com.br\/site\/wp-content\/uploads\/2025\/09\/cropped-icon-icpj.png\",\"width\":512,\"height\":512,\"caption\":\"Instituto Cultural Padre Josimo\"},\"image\":{\"@id\":\"https:\/\/padrejosimo.com.br\/site\/#\/schema\/logo\/image\/\"}}]}<\/script>\n<!-- \/ Yoast SEO plugin. -->","yoast_head_json":{"title":"Revista de R\u00e1dio #141 fala da quest\u00e3o ind\u00edgena e do Encontro das CEBs no Rio Grande do Sul - Instituto Cultural Padre Josimo","robots":{"index":"index","follow":"follow","max-snippet":"max-snippet:-1","max-image-preview":"max-image-preview:large","max-video-preview":"max-video-preview:-1"},"canonical":"https:\/\/padrejosimo.com.br\/site\/revista_radio\/revista-de-radio-141-fala-da-questao-indigena-e-do-encontro-das-cebs-no-rio-grande-do-sul\/","og_locale":"pt_BR","og_type":"article","og_title":"Revista de R\u00e1dio #141 fala da quest\u00e3o ind\u00edgena e do Encontro das CEBs no Rio Grande do Sul - Instituto Cultural Padre Josimo","og_description":"Neste programa, o bate-papo segue falando da quest\u00e3o ind\u00edgena no Brasil. Frei Jo\u00e3o Osmar traz a segunda parte da entrevista com Ad\u00edlio, tenente reformado da Brigada Militar do Rio Grande do Sul. Desde seu tempo de ativo na corpora\u00e7\u00e3o, ele trabalha com os povos ind\u00edgenas, especialmente com os Guarani Mby\u00e1. Na conversa, ele fala mais [&hellip;]","og_url":"https:\/\/padrejosimo.com.br\/site\/revista_radio\/revista-de-radio-141-fala-da-questao-indigena-e-do-encontro-das-cebs-no-rio-grande-do-sul\/","og_site_name":"Instituto Cultural Padre Josimo","og_image":[{"width":512,"height":512,"url":"https:\/\/padrejosimo.com.br\/site\/wp-content\/uploads\/2025\/09\/cropped-icon-icpj.png","type":"image\/png"}],"twitter_card":"summary_large_image","twitter_misc":{"Est. tempo de leitura":"1 minuto"},"schema":{"@context":"https:\/\/schema.org","@graph":[{"@type":"WebPage","@id":"https:\/\/padrejosimo.com.br\/site\/revista_radio\/revista-de-radio-141-fala-da-questao-indigena-e-do-encontro-das-cebs-no-rio-grande-do-sul\/","url":"https:\/\/padrejosimo.com.br\/site\/revista_radio\/revista-de-radio-141-fala-da-questao-indigena-e-do-encontro-das-cebs-no-rio-grande-do-sul\/","name":"Revista de R\u00e1dio #141 fala da quest\u00e3o ind\u00edgena e do Encontro das CEBs no Rio Grande do Sul - Instituto Cultural Padre Josimo","isPartOf":{"@id":"https:\/\/padrejosimo.com.br\/site\/#website"},"datePublished":"2017-04-08T19:24:29+00:00","breadcrumb":{"@id":"https:\/\/padrejosimo.com.br\/site\/revista_radio\/revista-de-radio-141-fala-da-questao-indigena-e-do-encontro-das-cebs-no-rio-grande-do-sul\/#breadcrumb"},"inLanguage":"pt-BR","potentialAction":[{"@type":"ReadAction","target":["https:\/\/padrejosimo.com.br\/site\/revista_radio\/revista-de-radio-141-fala-da-questao-indigena-e-do-encontro-das-cebs-no-rio-grande-do-sul\/"]}]},{"@type":"BreadcrumbList","@id":"https:\/\/padrejosimo.com.br\/site\/revista_radio\/revista-de-radio-141-fala-da-questao-indigena-e-do-encontro-das-cebs-no-rio-grande-do-sul\/#breadcrumb","itemListElement":[{"@type":"ListItem","position":1,"name":"In\u00edcio","item":"https:\/\/padrejosimo.com.br\/site\/"},{"@type":"ListItem","position":2,"name":"Revistas R\u00e1dio","item":"https:\/\/padrejosimo.com.br\/site\/revista-radio\/"},{"@type":"ListItem","position":3,"name":"Revista de R\u00e1dio #141 fala da quest\u00e3o ind\u00edgena e do Encontro das CEBs no Rio Grande do Sul"}]},{"@type":"WebSite","@id":"https:\/\/padrejosimo.com.br\/site\/#website","url":"https:\/\/padrejosimo.com.br\/site\/","name":"Instituto Cultural Padre Josimo","description":"Comprometida com a promo\u00e7\u00e3o da justi\u00e7a social, agroecologia e educa\u00e7\u00e3o popular","publisher":{"@id":"https:\/\/padrejosimo.com.br\/site\/#organization"},"alternateName":"ICPJ","potentialAction":[{"@type":"SearchAction","target":{"@type":"EntryPoint","urlTemplate":"https:\/\/padrejosimo.com.br\/site\/?s={search_term_string}"},"query-input":{"@type":"PropertyValueSpecification","valueRequired":true,"valueName":"search_term_string"}}],"inLanguage":"pt-BR"},{"@type":"Organization","@id":"https:\/\/padrejosimo.com.br\/site\/#organization","name":"Instituto Cultural Padre Josimo","alternateName":"ICPJ","url":"https:\/\/padrejosimo.com.br\/site\/","logo":{"@type":"ImageObject","inLanguage":"pt-BR","@id":"https:\/\/padrejosimo.com.br\/site\/#\/schema\/logo\/image\/","url":"https:\/\/padrejosimo.com.br\/site\/wp-content\/uploads\/2025\/09\/cropped-icon-icpj.png","contentUrl":"https:\/\/padrejosimo.com.br\/site\/wp-content\/uploads\/2025\/09\/cropped-icon-icpj.png","width":512,"height":512,"caption":"Instituto Cultural Padre Josimo"},"image":{"@id":"https:\/\/padrejosimo.com.br\/site\/#\/schema\/logo\/image\/"}}]}},"_links":{"self":[{"href":"https:\/\/padrejosimo.com.br\/site\/wp-json\/wp\/v2\/revista_radio\/68","targetHints":{"allow":["GET"]}}],"collection":[{"href":"https:\/\/padrejosimo.com.br\/site\/wp-json\/wp\/v2\/revista_radio"}],"about":[{"href":"https:\/\/padrejosimo.com.br\/site\/wp-json\/wp\/v2\/types\/revista_radio"}],"wp:attachment":[{"href":"https:\/\/padrejosimo.com.br\/site\/wp-json\/wp\/v2\/media?parent=68"}],"curies":[{"name":"wp","href":"https:\/\/api.w.org\/{rel}","templated":true}]}}