{"id":67,"date":"2017-04-08T16:21:46","date_gmt":"2017-04-08T19:21:46","guid":{"rendered":"http:\/\/bagual.com.br\/site\/?post_type=revista_radio&#038;p=67"},"modified":"2017-04-08T16:23:27","modified_gmt":"2017-04-08T19:23:27","slug":"no-dia-do-indio-revista-de-radio-140-entrevista-tenente-que-trabalha-com-indigenas-no-rs","status":"publish","type":"revista_radio","link":"https:\/\/padrejosimo.com.br\/site\/revista_radio\/no-dia-do-indio-revista-de-radio-140-entrevista-tenente-que-trabalha-com-indigenas-no-rs\/","title":{"rendered":"No Dia do \u00cdndio, Revista de R\u00e1dio #140 entrevista tenente que trabalha com ind\u00edgenas no RS"},"content":{"rendered":"<p>Neste programa, o tema do bate-papo a quest\u00e3o ind\u00edgena, por ocasi\u00e3o do Dia do \u00cdndio. O convidado entrevistado Ad\u00edlio, tenente reformado da Brigada Militar do Rio Grande do Sul. Desde seu tempo de ativo na corpora\u00e7\u00e3o, ele trabalha com os povos ind\u00edgenas, especialmente com os Guarani Mby\u00e1. Na conversa, ele fala sobre o seu trabalho e sobre os povos ind\u00edgenas em terras ga\u00fachas.<\/p>\n<p>O programa traz ainda, \u00e9 claro, o resumo das not\u00edcias mais comentadas na semana no Brasil e tamb\u00e9m a m\u00fasica &#8220;\u00daltimas Lembran\u00e7as&#8221;, de Luiz Menezes, na voz de Clary Costa.<\/p>\n","protected":false},"featured_media":0,"template":"","class_list":["post-67","revista_radio","type-revista_radio","status-publish","hentry"],"acf":[],"yoast_head":"<!-- This site is optimized with the Yoast SEO plugin v27.2 - https:\/\/yoast.com\/product\/yoast-seo-wordpress\/ -->\n<title>No Dia do \u00cdndio, Revista de R\u00e1dio #140 entrevista tenente que trabalha com ind\u00edgenas no RS - Instituto Cultural Padre Josimo<\/title>\n<meta name=\"robots\" content=\"index, follow, max-snippet:-1, max-image-preview:large, max-video-preview:-1\" \/>\n<link rel=\"canonical\" href=\"https:\/\/padrejosimo.com.br\/site\/revista_radio\/no-dia-do-indio-revista-de-radio-140-entrevista-tenente-que-trabalha-com-indigenas-no-rs\/\" \/>\n<meta property=\"og:locale\" content=\"pt_BR\" \/>\n<meta property=\"og:type\" content=\"article\" \/>\n<meta property=\"og:title\" content=\"No Dia do \u00cdndio, Revista de R\u00e1dio #140 entrevista tenente que trabalha com ind\u00edgenas no RS - Instituto Cultural Padre Josimo\" \/>\n<meta property=\"og:description\" content=\"Neste programa, o tema do bate-papo a quest\u00e3o ind\u00edgena, por ocasi\u00e3o do Dia do \u00cdndio. O convidado entrevistado Ad\u00edlio, tenente reformado da Brigada Militar do Rio Grande do Sul. Desde seu tempo de ativo na corpora\u00e7\u00e3o, ele trabalha com os povos ind\u00edgenas, especialmente com os Guarani Mby\u00e1. Na conversa, ele fala sobre o seu trabalho [&hellip;]\" \/>\n<meta property=\"og:url\" content=\"https:\/\/padrejosimo.com.br\/site\/revista_radio\/no-dia-do-indio-revista-de-radio-140-entrevista-tenente-que-trabalha-com-indigenas-no-rs\/\" \/>\n<meta property=\"og:site_name\" content=\"Instituto Cultural Padre Josimo\" \/>\n<meta property=\"article:modified_time\" content=\"2017-04-08T19:23:27+00:00\" \/>\n<meta property=\"og:image\" content=\"https:\/\/padrejosimo.com.br\/site\/wp-content\/uploads\/2025\/09\/cropped-icon-icpj.png\" \/>\n\t<meta property=\"og:image:width\" content=\"512\" \/>\n\t<meta property=\"og:image:height\" content=\"512\" \/>\n\t<meta property=\"og:image:type\" content=\"image\/png\" \/>\n<meta name=\"twitter:card\" content=\"summary_large_image\" \/>\n<meta name=\"twitter:label1\" content=\"Est. tempo de leitura\" \/>\n\t<meta name=\"twitter:data1\" content=\"1 minuto\" \/>\n<script type=\"application\/ld+json\" class=\"yoast-schema-graph\">{\"@context\":\"https:\/\/schema.org\",\"@graph\":[{\"@type\":\"WebPage\",\"@id\":\"https:\/\/padrejosimo.com.br\/site\/revista_radio\/no-dia-do-indio-revista-de-radio-140-entrevista-tenente-que-trabalha-com-indigenas-no-rs\/\",\"url\":\"https:\/\/padrejosimo.com.br\/site\/revista_radio\/no-dia-do-indio-revista-de-radio-140-entrevista-tenente-que-trabalha-com-indigenas-no-rs\/\",\"name\":\"No Dia do \u00cdndio, Revista de R\u00e1dio #140 entrevista tenente que trabalha com ind\u00edgenas no RS - Instituto Cultural Padre Josimo\",\"isPartOf\":{\"@id\":\"https:\/\/padrejosimo.com.br\/site\/#website\"},\"datePublished\":\"2017-04-08T19:21:46+00:00\",\"dateModified\":\"2017-04-08T19:23:27+00:00\",\"breadcrumb\":{\"@id\":\"https:\/\/padrejosimo.com.br\/site\/revista_radio\/no-dia-do-indio-revista-de-radio-140-entrevista-tenente-que-trabalha-com-indigenas-no-rs\/#breadcrumb\"},\"inLanguage\":\"pt-BR\",\"potentialAction\":[{\"@type\":\"ReadAction\",\"target\":[\"https:\/\/padrejosimo.com.br\/site\/revista_radio\/no-dia-do-indio-revista-de-radio-140-entrevista-tenente-que-trabalha-com-indigenas-no-rs\/\"]}]},{\"@type\":\"BreadcrumbList\",\"@id\":\"https:\/\/padrejosimo.com.br\/site\/revista_radio\/no-dia-do-indio-revista-de-radio-140-entrevista-tenente-que-trabalha-com-indigenas-no-rs\/#breadcrumb\",\"itemListElement\":[{\"@type\":\"ListItem\",\"position\":1,\"name\":\"In\u00edcio\",\"item\":\"https:\/\/padrejosimo.com.br\/site\/\"},{\"@type\":\"ListItem\",\"position\":2,\"name\":\"Revistas R\u00e1dio\",\"item\":\"https:\/\/padrejosimo.com.br\/site\/revista-radio\/\"},{\"@type\":\"ListItem\",\"position\":3,\"name\":\"No Dia do \u00cdndio, Revista de R\u00e1dio #140 entrevista tenente que trabalha com ind\u00edgenas no RS\"}]},{\"@type\":\"WebSite\",\"@id\":\"https:\/\/padrejosimo.com.br\/site\/#website\",\"url\":\"https:\/\/padrejosimo.com.br\/site\/\",\"name\":\"Instituto Cultural Padre Josimo\",\"description\":\"Comprometida com a promo\u00e7\u00e3o da justi\u00e7a social, agroecologia e educa\u00e7\u00e3o popular\",\"publisher\":{\"@id\":\"https:\/\/padrejosimo.com.br\/site\/#organization\"},\"alternateName\":\"ICPJ\",\"potentialAction\":[{\"@type\":\"SearchAction\",\"target\":{\"@type\":\"EntryPoint\",\"urlTemplate\":\"https:\/\/padrejosimo.com.br\/site\/?s={search_term_string}\"},\"query-input\":{\"@type\":\"PropertyValueSpecification\",\"valueRequired\":true,\"valueName\":\"search_term_string\"}}],\"inLanguage\":\"pt-BR\"},{\"@type\":\"Organization\",\"@id\":\"https:\/\/padrejosimo.com.br\/site\/#organization\",\"name\":\"Instituto Cultural Padre Josimo\",\"alternateName\":\"ICPJ\",\"url\":\"https:\/\/padrejosimo.com.br\/site\/\",\"logo\":{\"@type\":\"ImageObject\",\"inLanguage\":\"pt-BR\",\"@id\":\"https:\/\/padrejosimo.com.br\/site\/#\/schema\/logo\/image\/\",\"url\":\"https:\/\/padrejosimo.com.br\/site\/wp-content\/uploads\/2025\/09\/cropped-icon-icpj.png\",\"contentUrl\":\"https:\/\/padrejosimo.com.br\/site\/wp-content\/uploads\/2025\/09\/cropped-icon-icpj.png\",\"width\":512,\"height\":512,\"caption\":\"Instituto Cultural Padre Josimo\"},\"image\":{\"@id\":\"https:\/\/padrejosimo.com.br\/site\/#\/schema\/logo\/image\/\"}}]}<\/script>\n<!-- \/ Yoast SEO plugin. -->","yoast_head_json":{"title":"No Dia do \u00cdndio, Revista de R\u00e1dio #140 entrevista tenente que trabalha com ind\u00edgenas no RS - Instituto Cultural Padre Josimo","robots":{"index":"index","follow":"follow","max-snippet":"max-snippet:-1","max-image-preview":"max-image-preview:large","max-video-preview":"max-video-preview:-1"},"canonical":"https:\/\/padrejosimo.com.br\/site\/revista_radio\/no-dia-do-indio-revista-de-radio-140-entrevista-tenente-que-trabalha-com-indigenas-no-rs\/","og_locale":"pt_BR","og_type":"article","og_title":"No Dia do \u00cdndio, Revista de R\u00e1dio #140 entrevista tenente que trabalha com ind\u00edgenas no RS - Instituto Cultural Padre Josimo","og_description":"Neste programa, o tema do bate-papo a quest\u00e3o ind\u00edgena, por ocasi\u00e3o do Dia do \u00cdndio. O convidado entrevistado Ad\u00edlio, tenente reformado da Brigada Militar do Rio Grande do Sul. Desde seu tempo de ativo na corpora\u00e7\u00e3o, ele trabalha com os povos ind\u00edgenas, especialmente com os Guarani Mby\u00e1. Na conversa, ele fala sobre o seu trabalho [&hellip;]","og_url":"https:\/\/padrejosimo.com.br\/site\/revista_radio\/no-dia-do-indio-revista-de-radio-140-entrevista-tenente-que-trabalha-com-indigenas-no-rs\/","og_site_name":"Instituto Cultural Padre Josimo","article_modified_time":"2017-04-08T19:23:27+00:00","og_image":[{"width":512,"height":512,"url":"https:\/\/padrejosimo.com.br\/site\/wp-content\/uploads\/2025\/09\/cropped-icon-icpj.png","type":"image\/png"}],"twitter_card":"summary_large_image","twitter_misc":{"Est. tempo de leitura":"1 minuto"},"schema":{"@context":"https:\/\/schema.org","@graph":[{"@type":"WebPage","@id":"https:\/\/padrejosimo.com.br\/site\/revista_radio\/no-dia-do-indio-revista-de-radio-140-entrevista-tenente-que-trabalha-com-indigenas-no-rs\/","url":"https:\/\/padrejosimo.com.br\/site\/revista_radio\/no-dia-do-indio-revista-de-radio-140-entrevista-tenente-que-trabalha-com-indigenas-no-rs\/","name":"No Dia do \u00cdndio, Revista de R\u00e1dio #140 entrevista tenente que trabalha com ind\u00edgenas no RS - Instituto Cultural Padre Josimo","isPartOf":{"@id":"https:\/\/padrejosimo.com.br\/site\/#website"},"datePublished":"2017-04-08T19:21:46+00:00","dateModified":"2017-04-08T19:23:27+00:00","breadcrumb":{"@id":"https:\/\/padrejosimo.com.br\/site\/revista_radio\/no-dia-do-indio-revista-de-radio-140-entrevista-tenente-que-trabalha-com-indigenas-no-rs\/#breadcrumb"},"inLanguage":"pt-BR","potentialAction":[{"@type":"ReadAction","target":["https:\/\/padrejosimo.com.br\/site\/revista_radio\/no-dia-do-indio-revista-de-radio-140-entrevista-tenente-que-trabalha-com-indigenas-no-rs\/"]}]},{"@type":"BreadcrumbList","@id":"https:\/\/padrejosimo.com.br\/site\/revista_radio\/no-dia-do-indio-revista-de-radio-140-entrevista-tenente-que-trabalha-com-indigenas-no-rs\/#breadcrumb","itemListElement":[{"@type":"ListItem","position":1,"name":"In\u00edcio","item":"https:\/\/padrejosimo.com.br\/site\/"},{"@type":"ListItem","position":2,"name":"Revistas R\u00e1dio","item":"https:\/\/padrejosimo.com.br\/site\/revista-radio\/"},{"@type":"ListItem","position":3,"name":"No Dia do \u00cdndio, Revista de R\u00e1dio #140 entrevista tenente que trabalha com ind\u00edgenas no RS"}]},{"@type":"WebSite","@id":"https:\/\/padrejosimo.com.br\/site\/#website","url":"https:\/\/padrejosimo.com.br\/site\/","name":"Instituto Cultural Padre Josimo","description":"Comprometida com a promo\u00e7\u00e3o da justi\u00e7a social, agroecologia e educa\u00e7\u00e3o popular","publisher":{"@id":"https:\/\/padrejosimo.com.br\/site\/#organization"},"alternateName":"ICPJ","potentialAction":[{"@type":"SearchAction","target":{"@type":"EntryPoint","urlTemplate":"https:\/\/padrejosimo.com.br\/site\/?s={search_term_string}"},"query-input":{"@type":"PropertyValueSpecification","valueRequired":true,"valueName":"search_term_string"}}],"inLanguage":"pt-BR"},{"@type":"Organization","@id":"https:\/\/padrejosimo.com.br\/site\/#organization","name":"Instituto Cultural Padre Josimo","alternateName":"ICPJ","url":"https:\/\/padrejosimo.com.br\/site\/","logo":{"@type":"ImageObject","inLanguage":"pt-BR","@id":"https:\/\/padrejosimo.com.br\/site\/#\/schema\/logo\/image\/","url":"https:\/\/padrejosimo.com.br\/site\/wp-content\/uploads\/2025\/09\/cropped-icon-icpj.png","contentUrl":"https:\/\/padrejosimo.com.br\/site\/wp-content\/uploads\/2025\/09\/cropped-icon-icpj.png","width":512,"height":512,"caption":"Instituto Cultural Padre Josimo"},"image":{"@id":"https:\/\/padrejosimo.com.br\/site\/#\/schema\/logo\/image\/"}}]}},"_links":{"self":[{"href":"https:\/\/padrejosimo.com.br\/site\/wp-json\/wp\/v2\/revista_radio\/67","targetHints":{"allow":["GET"]}}],"collection":[{"href":"https:\/\/padrejosimo.com.br\/site\/wp-json\/wp\/v2\/revista_radio"}],"about":[{"href":"https:\/\/padrejosimo.com.br\/site\/wp-json\/wp\/v2\/types\/revista_radio"}],"wp:attachment":[{"href":"https:\/\/padrejosimo.com.br\/site\/wp-json\/wp\/v2\/media?parent=67"}],"curies":[{"name":"wp","href":"https:\/\/api.w.org\/{rel}","templated":true}]}}