{"id":206,"date":"2017-04-21T11:53:45","date_gmt":"2017-04-21T14:53:45","guid":{"rendered":"http:\/\/bagual.com.br\/site\/?post_type=revista_radio&#038;p=206"},"modified":"2017-05-05T11:56:15","modified_gmt":"2017-05-05T14:56:15","slug":"pgm-192-serie-de-programas-entrevistando-musicos-ricardo-albino-rambo-parte-1","status":"publish","type":"revista_radio","link":"https:\/\/padrejosimo.com.br\/site\/revista_radio\/pgm-192-serie-de-programas-entrevistando-musicos-ricardo-albino-rambo-parte-1\/","title":{"rendered":"PGM #192: S\u00e9rie de programas entrevistando m\u00fasicos (Ricardo Albino Rambo &#8211; parte 1)"},"content":{"rendered":"<p><b>Temas da Semana: <\/b>Nesta semana, vieram \u00e0 luz diversas pesquisas de inten\u00e7\u00e3o de voto para as elei\u00e7\u00f5es presidenciais de 2018 e os resultados t\u00eam sido surpreendentes: enquanto o ex-presidente Lula que sofre um dos maiores e mais cru\u00e9is ataques da justi\u00e7a e da chamada grande m\u00eddia e cresce em todos os cen\u00e1rios, seus concorrentes e patrocinadores do golpe parlamentar de 2016 despencam nas inten\u00e7\u00f5es de voto. A m\u00eddia golpista tenta esconder estas pesquisas e fica fazendo manchetes negativas e pejorativas contra Lula. Enquanto isso, o juiz S\u00e9rgio Moro tenta humilhar o ex-presidente com suas decis\u00f5es e atitudes, entrando na seara pol\u00edtica e beirando o rid\u00edculo. A popula\u00e7\u00e3o come\u00e7a e se dar conta que foi enganada e que est\u00e1 em curso no pa\u00eds um desmonte do estado democr\u00e1tico de direito, bem como das pol\u00edticas sociais conquistadas h\u00e1 d\u00e9cadas com lutas. Para este fim de m\u00eas, se prev\u00ea grandes manifesta\u00e7\u00f5es em todo o Brasil, com destaque para a Greve Geral chamada para o dia 28 de abril, bem como muitas a\u00e7\u00f5es no 1\u00ba de Maio, Dia do Trabalhador.<\/p>\n<p><b>Entrevista de hoje: <\/b>Na entrevista de hoje, continuamos a s\u00e9rie de programas musicais. Isto \u00e9, vamos entrevistar os artistas e apresentar suas m\u00fasicas, uma em cada Parte do Programa. Hoje, conversamos com Ricardo Albino Rambo, que \u00e9 T\u00e9cnico em Assuntos Educacionais na UFRGS. Ele nos fala um pouco de sua vida, desde sua inf\u00e2ncia l\u00e1 em Chapada, na regi\u00e3o de Palmeira das Miss\u00f5es, passando pela sua vida de seminarista redentorista, de sua fam\u00edlia e trabalhos e hobbies.<b><br \/>\n<\/b><\/p>\n<p><b>M\u00fasica:<\/b> Canto Alegretense com Rambo e amigos e O Vento com Os Monarcas<\/p>\n","protected":false},"featured_media":198,"template":"","class_list":["post-206","revista_radio","type-revista_radio","status-publish","has-post-thumbnail","hentry"],"acf":[],"yoast_head":"<!-- This site is optimized with the Yoast SEO plugin v27.2 - https:\/\/yoast.com\/product\/yoast-seo-wordpress\/ -->\n<title>PGM #192: S\u00e9rie de programas entrevistando m\u00fasicos (Ricardo Albino Rambo - parte 1) - Instituto Cultural Padre Josimo<\/title>\n<meta name=\"robots\" content=\"index, follow, max-snippet:-1, max-image-preview:large, max-video-preview:-1\" \/>\n<link rel=\"canonical\" href=\"https:\/\/padrejosimo.com.br\/site\/revista_radio\/pgm-192-serie-de-programas-entrevistando-musicos-ricardo-albino-rambo-parte-1\/\" \/>\n<meta property=\"og:locale\" content=\"pt_BR\" \/>\n<meta property=\"og:type\" content=\"article\" \/>\n<meta property=\"og:title\" content=\"PGM #192: S\u00e9rie de programas entrevistando m\u00fasicos (Ricardo Albino Rambo - parte 1) - Instituto Cultural Padre Josimo\" \/>\n<meta property=\"og:description\" content=\"Temas da Semana: Nesta semana, vieram \u00e0 luz diversas pesquisas de inten\u00e7\u00e3o de voto para as elei\u00e7\u00f5es presidenciais de 2018 e os resultados t\u00eam sido surpreendentes: enquanto o ex-presidente Lula que sofre um dos maiores e mais cru\u00e9is ataques da justi\u00e7a e da chamada grande m\u00eddia e cresce em todos os cen\u00e1rios, seus concorrentes e [&hellip;]\" \/>\n<meta property=\"og:url\" content=\"https:\/\/padrejosimo.com.br\/site\/revista_radio\/pgm-192-serie-de-programas-entrevistando-musicos-ricardo-albino-rambo-parte-1\/\" \/>\n<meta property=\"og:site_name\" content=\"Instituto Cultural Padre Josimo\" \/>\n<meta property=\"article:modified_time\" content=\"2017-05-05T14:56:15+00:00\" \/>\n<meta property=\"og:image\" content=\"https:\/\/padrejosimo.com.br\/site\/wp-content\/uploads\/2017\/04\/revista-de-radio-capa.jpg\" \/>\n\t<meta property=\"og:image:width\" content=\"550\" \/>\n\t<meta property=\"og:image:height\" content=\"161\" \/>\n\t<meta property=\"og:image:type\" content=\"image\/jpeg\" \/>\n<meta name=\"twitter:card\" content=\"summary_large_image\" \/>\n<meta name=\"twitter:label1\" content=\"Est. tempo de leitura\" \/>\n\t<meta name=\"twitter:data1\" content=\"1 minuto\" \/>\n<script type=\"application\/ld+json\" class=\"yoast-schema-graph\">{\"@context\":\"https:\/\/schema.org\",\"@graph\":[{\"@type\":\"WebPage\",\"@id\":\"https:\/\/padrejosimo.com.br\/site\/revista_radio\/pgm-192-serie-de-programas-entrevistando-musicos-ricardo-albino-rambo-parte-1\/\",\"url\":\"https:\/\/padrejosimo.com.br\/site\/revista_radio\/pgm-192-serie-de-programas-entrevistando-musicos-ricardo-albino-rambo-parte-1\/\",\"name\":\"PGM #192: S\u00e9rie de programas entrevistando m\u00fasicos (Ricardo Albino Rambo - parte 1) - Instituto Cultural Padre Josimo\",\"isPartOf\":{\"@id\":\"https:\/\/padrejosimo.com.br\/site\/#website\"},\"primaryImageOfPage\":{\"@id\":\"https:\/\/padrejosimo.com.br\/site\/revista_radio\/pgm-192-serie-de-programas-entrevistando-musicos-ricardo-albino-rambo-parte-1\/#primaryimage\"},\"image\":{\"@id\":\"https:\/\/padrejosimo.com.br\/site\/revista_radio\/pgm-192-serie-de-programas-entrevistando-musicos-ricardo-albino-rambo-parte-1\/#primaryimage\"},\"thumbnailUrl\":\"https:\/\/padrejosimo.com.br\/site\/wp-content\/uploads\/2017\/04\/revista-de-radio-capa.jpg\",\"datePublished\":\"2017-04-21T14:53:45+00:00\",\"dateModified\":\"2017-05-05T14:56:15+00:00\",\"breadcrumb\":{\"@id\":\"https:\/\/padrejosimo.com.br\/site\/revista_radio\/pgm-192-serie-de-programas-entrevistando-musicos-ricardo-albino-rambo-parte-1\/#breadcrumb\"},\"inLanguage\":\"pt-BR\",\"potentialAction\":[{\"@type\":\"ReadAction\",\"target\":[\"https:\/\/padrejosimo.com.br\/site\/revista_radio\/pgm-192-serie-de-programas-entrevistando-musicos-ricardo-albino-rambo-parte-1\/\"]}]},{\"@type\":\"ImageObject\",\"inLanguage\":\"pt-BR\",\"@id\":\"https:\/\/padrejosimo.com.br\/site\/revista_radio\/pgm-192-serie-de-programas-entrevistando-musicos-ricardo-albino-rambo-parte-1\/#primaryimage\",\"url\":\"https:\/\/padrejosimo.com.br\/site\/wp-content\/uploads\/2017\/04\/revista-de-radio-capa.jpg\",\"contentUrl\":\"https:\/\/padrejosimo.com.br\/site\/wp-content\/uploads\/2017\/04\/revista-de-radio-capa.jpg\",\"width\":550,\"height\":161},{\"@type\":\"BreadcrumbList\",\"@id\":\"https:\/\/padrejosimo.com.br\/site\/revista_radio\/pgm-192-serie-de-programas-entrevistando-musicos-ricardo-albino-rambo-parte-1\/#breadcrumb\",\"itemListElement\":[{\"@type\":\"ListItem\",\"position\":1,\"name\":\"In\u00edcio\",\"item\":\"https:\/\/padrejosimo.com.br\/site\/\"},{\"@type\":\"ListItem\",\"position\":2,\"name\":\"Revistas R\u00e1dio\",\"item\":\"https:\/\/padrejosimo.com.br\/site\/revista-radio\/\"},{\"@type\":\"ListItem\",\"position\":3,\"name\":\"PGM #192: S\u00e9rie de programas entrevistando m\u00fasicos (Ricardo Albino Rambo &#8211; parte 1)\"}]},{\"@type\":\"WebSite\",\"@id\":\"https:\/\/padrejosimo.com.br\/site\/#website\",\"url\":\"https:\/\/padrejosimo.com.br\/site\/\",\"name\":\"Instituto Cultural Padre Josimo\",\"description\":\"Comprometida com a promo\u00e7\u00e3o da justi\u00e7a social, agroecologia e educa\u00e7\u00e3o popular\",\"publisher\":{\"@id\":\"https:\/\/padrejosimo.com.br\/site\/#organization\"},\"alternateName\":\"ICPJ\",\"potentialAction\":[{\"@type\":\"SearchAction\",\"target\":{\"@type\":\"EntryPoint\",\"urlTemplate\":\"https:\/\/padrejosimo.com.br\/site\/?s={search_term_string}\"},\"query-input\":{\"@type\":\"PropertyValueSpecification\",\"valueRequired\":true,\"valueName\":\"search_term_string\"}}],\"inLanguage\":\"pt-BR\"},{\"@type\":\"Organization\",\"@id\":\"https:\/\/padrejosimo.com.br\/site\/#organization\",\"name\":\"Instituto Cultural Padre Josimo\",\"alternateName\":\"ICPJ\",\"url\":\"https:\/\/padrejosimo.com.br\/site\/\",\"logo\":{\"@type\":\"ImageObject\",\"inLanguage\":\"pt-BR\",\"@id\":\"https:\/\/padrejosimo.com.br\/site\/#\/schema\/logo\/image\/\",\"url\":\"https:\/\/padrejosimo.com.br\/site\/wp-content\/uploads\/2025\/09\/cropped-icon-icpj.png\",\"contentUrl\":\"https:\/\/padrejosimo.com.br\/site\/wp-content\/uploads\/2025\/09\/cropped-icon-icpj.png\",\"width\":512,\"height\":512,\"caption\":\"Instituto Cultural Padre Josimo\"},\"image\":{\"@id\":\"https:\/\/padrejosimo.com.br\/site\/#\/schema\/logo\/image\/\"}}]}<\/script>\n<!-- \/ Yoast SEO plugin. -->","yoast_head_json":{"title":"PGM #192: S\u00e9rie de programas entrevistando m\u00fasicos (Ricardo Albino Rambo - parte 1) - Instituto Cultural Padre Josimo","robots":{"index":"index","follow":"follow","max-snippet":"max-snippet:-1","max-image-preview":"max-image-preview:large","max-video-preview":"max-video-preview:-1"},"canonical":"https:\/\/padrejosimo.com.br\/site\/revista_radio\/pgm-192-serie-de-programas-entrevistando-musicos-ricardo-albino-rambo-parte-1\/","og_locale":"pt_BR","og_type":"article","og_title":"PGM #192: S\u00e9rie de programas entrevistando m\u00fasicos (Ricardo Albino Rambo - parte 1) - Instituto Cultural Padre Josimo","og_description":"Temas da Semana: Nesta semana, vieram \u00e0 luz diversas pesquisas de inten\u00e7\u00e3o de voto para as elei\u00e7\u00f5es presidenciais de 2018 e os resultados t\u00eam sido surpreendentes: enquanto o ex-presidente Lula que sofre um dos maiores e mais cru\u00e9is ataques da justi\u00e7a e da chamada grande m\u00eddia e cresce em todos os cen\u00e1rios, seus concorrentes e [&hellip;]","og_url":"https:\/\/padrejosimo.com.br\/site\/revista_radio\/pgm-192-serie-de-programas-entrevistando-musicos-ricardo-albino-rambo-parte-1\/","og_site_name":"Instituto Cultural Padre Josimo","article_modified_time":"2017-05-05T14:56:15+00:00","og_image":[{"width":550,"height":161,"url":"https:\/\/padrejosimo.com.br\/site\/wp-content\/uploads\/2017\/04\/revista-de-radio-capa.jpg","type":"image\/jpeg"}],"twitter_card":"summary_large_image","twitter_misc":{"Est. tempo de leitura":"1 minuto"},"schema":{"@context":"https:\/\/schema.org","@graph":[{"@type":"WebPage","@id":"https:\/\/padrejosimo.com.br\/site\/revista_radio\/pgm-192-serie-de-programas-entrevistando-musicos-ricardo-albino-rambo-parte-1\/","url":"https:\/\/padrejosimo.com.br\/site\/revista_radio\/pgm-192-serie-de-programas-entrevistando-musicos-ricardo-albino-rambo-parte-1\/","name":"PGM #192: S\u00e9rie de programas entrevistando m\u00fasicos (Ricardo Albino Rambo - parte 1) - Instituto Cultural Padre Josimo","isPartOf":{"@id":"https:\/\/padrejosimo.com.br\/site\/#website"},"primaryImageOfPage":{"@id":"https:\/\/padrejosimo.com.br\/site\/revista_radio\/pgm-192-serie-de-programas-entrevistando-musicos-ricardo-albino-rambo-parte-1\/#primaryimage"},"image":{"@id":"https:\/\/padrejosimo.com.br\/site\/revista_radio\/pgm-192-serie-de-programas-entrevistando-musicos-ricardo-albino-rambo-parte-1\/#primaryimage"},"thumbnailUrl":"https:\/\/padrejosimo.com.br\/site\/wp-content\/uploads\/2017\/04\/revista-de-radio-capa.jpg","datePublished":"2017-04-21T14:53:45+00:00","dateModified":"2017-05-05T14:56:15+00:00","breadcrumb":{"@id":"https:\/\/padrejosimo.com.br\/site\/revista_radio\/pgm-192-serie-de-programas-entrevistando-musicos-ricardo-albino-rambo-parte-1\/#breadcrumb"},"inLanguage":"pt-BR","potentialAction":[{"@type":"ReadAction","target":["https:\/\/padrejosimo.com.br\/site\/revista_radio\/pgm-192-serie-de-programas-entrevistando-musicos-ricardo-albino-rambo-parte-1\/"]}]},{"@type":"ImageObject","inLanguage":"pt-BR","@id":"https:\/\/padrejosimo.com.br\/site\/revista_radio\/pgm-192-serie-de-programas-entrevistando-musicos-ricardo-albino-rambo-parte-1\/#primaryimage","url":"https:\/\/padrejosimo.com.br\/site\/wp-content\/uploads\/2017\/04\/revista-de-radio-capa.jpg","contentUrl":"https:\/\/padrejosimo.com.br\/site\/wp-content\/uploads\/2017\/04\/revista-de-radio-capa.jpg","width":550,"height":161},{"@type":"BreadcrumbList","@id":"https:\/\/padrejosimo.com.br\/site\/revista_radio\/pgm-192-serie-de-programas-entrevistando-musicos-ricardo-albino-rambo-parte-1\/#breadcrumb","itemListElement":[{"@type":"ListItem","position":1,"name":"In\u00edcio","item":"https:\/\/padrejosimo.com.br\/site\/"},{"@type":"ListItem","position":2,"name":"Revistas R\u00e1dio","item":"https:\/\/padrejosimo.com.br\/site\/revista-radio\/"},{"@type":"ListItem","position":3,"name":"PGM #192: S\u00e9rie de programas entrevistando m\u00fasicos (Ricardo Albino Rambo &#8211; parte 1)"}]},{"@type":"WebSite","@id":"https:\/\/padrejosimo.com.br\/site\/#website","url":"https:\/\/padrejosimo.com.br\/site\/","name":"Instituto Cultural Padre Josimo","description":"Comprometida com a promo\u00e7\u00e3o da justi\u00e7a social, agroecologia e educa\u00e7\u00e3o popular","publisher":{"@id":"https:\/\/padrejosimo.com.br\/site\/#organization"},"alternateName":"ICPJ","potentialAction":[{"@type":"SearchAction","target":{"@type":"EntryPoint","urlTemplate":"https:\/\/padrejosimo.com.br\/site\/?s={search_term_string}"},"query-input":{"@type":"PropertyValueSpecification","valueRequired":true,"valueName":"search_term_string"}}],"inLanguage":"pt-BR"},{"@type":"Organization","@id":"https:\/\/padrejosimo.com.br\/site\/#organization","name":"Instituto Cultural Padre Josimo","alternateName":"ICPJ","url":"https:\/\/padrejosimo.com.br\/site\/","logo":{"@type":"ImageObject","inLanguage":"pt-BR","@id":"https:\/\/padrejosimo.com.br\/site\/#\/schema\/logo\/image\/","url":"https:\/\/padrejosimo.com.br\/site\/wp-content\/uploads\/2025\/09\/cropped-icon-icpj.png","contentUrl":"https:\/\/padrejosimo.com.br\/site\/wp-content\/uploads\/2025\/09\/cropped-icon-icpj.png","width":512,"height":512,"caption":"Instituto Cultural Padre Josimo"},"image":{"@id":"https:\/\/padrejosimo.com.br\/site\/#\/schema\/logo\/image\/"}}]}},"_links":{"self":[{"href":"https:\/\/padrejosimo.com.br\/site\/wp-json\/wp\/v2\/revista_radio\/206","targetHints":{"allow":["GET"]}}],"collection":[{"href":"https:\/\/padrejosimo.com.br\/site\/wp-json\/wp\/v2\/revista_radio"}],"about":[{"href":"https:\/\/padrejosimo.com.br\/site\/wp-json\/wp\/v2\/types\/revista_radio"}],"wp:featuredmedia":[{"embeddable":true,"href":"https:\/\/padrejosimo.com.br\/site\/wp-json\/wp\/v2\/media\/198"}],"wp:attachment":[{"href":"https:\/\/padrejosimo.com.br\/site\/wp-json\/wp\/v2\/media?parent=206"}],"curies":[{"name":"wp","href":"https:\/\/api.w.org\/{rel}","templated":true}]}}