{"id":118,"date":"2017-04-08T17:11:14","date_gmt":"2017-04-08T20:11:14","guid":{"rendered":"http:\/\/bagual.com.br\/site\/?post_type=revista_radio&#038;p=118"},"modified":"2017-05-12T11:58:53","modified_gmt":"2017-05-12T14:58:53","slug":"revista-de-radio-186-serie-de-entrevistas-sobre-reforma-da-previdencia-parte-1","status":"publish","type":"revista_radio","link":"https:\/\/padrejosimo.com.br\/site\/revista_radio\/revista-de-radio-186-serie-de-entrevistas-sobre-reforma-da-previdencia-parte-1\/","title":{"rendered":"PGM #186: S\u00e9rie de entrevistas sobre Reforma da Previd\u00eancia (parte 1)"},"content":{"rendered":"<p><strong>Temas da semana<\/strong><\/p>\n<p>Nesta semana, o destaque \u00e9 para as atividades realizadas em todo o Brasil relativas ao 8 de mar\u00e7o, Dia Internacional da Mulher. Al\u00e9m de o n\u00famero de pessoas ter aumentado significativamente em rela\u00e7\u00e3o aos \u00faltimos anos, outra caracter\u00edstica marcou o evento: o grito quase un\u00e2nime, desde as maiores cidades do pa\u00eds at\u00e9 as pequenas comunidades do interior, de &#8220;Fora Temer! Pela vida das mulheres, Fora Temer&#8221;. Embora a grande m\u00eddia tenha tentado esconder tais manifesta\u00e7\u00f5es, sempre acontecem algumas brechas. E os movimentos populares, hoje em dia, contam com as redes sociais, as r\u00e1dios comunit\u00e1rias e outros dispositivos para fazer ecoar suas ang\u00fastias e manifesta\u00e7\u00f5es. O que uniu as mulheres foi a proposta do Governo Federal de reforma da Previd\u00eancia que penaliza grandemente as mulheres.<\/p>\n<p><strong>Entrevista<\/strong><\/p>\n<p>Na entrevista da edi\u00e7\u00e3o, frei Jo\u00e3o Osmar d\u00e1 in\u00edcio a um novo ciclo de conversa, desta vez sobre a Reforma da Previd\u00eancia. Ser\u00e1 uma s\u00e9rie de entrevistas com especialistas, pessoas que dominam o assunto, para esclarecer os ouvintes. Dessa vez a conversa \u00e9 com D\u00e3o Real Pereira dos Santos, Auditor Fiscal da Receita Federal e Diretor do Instituto Justi\u00e7a Fiscal. Ele \u00e9 natural do Vale do Rio Pardo (RS), mas que h\u00e1 muito tempo mora e trabalha em Porto Alegre. Na conversa, trata da Reforma da Previd\u00eancias e de seus efeitos danosos \u00e0 popula\u00e7\u00e3o mais pobre do pa\u00eds.<\/p>\n<p><strong>M\u00fasica<\/strong>: Canto da Mulher Latino Americana, com Adriana Matias. CD de Pe. Zezinho.<\/p>\n","protected":false},"featured_media":0,"template":"","class_list":["post-118","revista_radio","type-revista_radio","status-publish","hentry"],"acf":[],"yoast_head":"<!-- This site is optimized with the Yoast SEO plugin v27.2 - https:\/\/yoast.com\/product\/yoast-seo-wordpress\/ -->\n<title>PGM #186: S\u00e9rie de entrevistas sobre Reforma da Previd\u00eancia (parte 1) - Instituto Cultural Padre Josimo<\/title>\n<meta name=\"robots\" content=\"index, follow, max-snippet:-1, max-image-preview:large, max-video-preview:-1\" \/>\n<link rel=\"canonical\" href=\"https:\/\/padrejosimo.com.br\/site\/revista_radio\/revista-de-radio-186-serie-de-entrevistas-sobre-reforma-da-previdencia-parte-1\/\" \/>\n<meta property=\"og:locale\" content=\"pt_BR\" \/>\n<meta property=\"og:type\" content=\"article\" \/>\n<meta property=\"og:title\" content=\"PGM #186: S\u00e9rie de entrevistas sobre Reforma da Previd\u00eancia (parte 1) - Instituto Cultural Padre Josimo\" \/>\n<meta property=\"og:description\" content=\"Temas da semana Nesta semana, o destaque \u00e9 para as atividades realizadas em todo o Brasil relativas ao 8 de mar\u00e7o, Dia Internacional da Mulher. Al\u00e9m de o n\u00famero de pessoas ter aumentado significativamente em rela\u00e7\u00e3o aos \u00faltimos anos, outra caracter\u00edstica marcou o evento: o grito quase un\u00e2nime, desde as maiores cidades do pa\u00eds at\u00e9 [&hellip;]\" \/>\n<meta property=\"og:url\" content=\"https:\/\/padrejosimo.com.br\/site\/revista_radio\/revista-de-radio-186-serie-de-entrevistas-sobre-reforma-da-previdencia-parte-1\/\" \/>\n<meta property=\"og:site_name\" content=\"Instituto Cultural Padre Josimo\" \/>\n<meta property=\"article:modified_time\" content=\"2017-05-12T14:58:53+00:00\" \/>\n<meta property=\"og:image\" content=\"https:\/\/padrejosimo.com.br\/site\/wp-content\/uploads\/2025\/09\/cropped-icon-icpj.png\" \/>\n\t<meta property=\"og:image:width\" content=\"512\" \/>\n\t<meta property=\"og:image:height\" content=\"512\" \/>\n\t<meta property=\"og:image:type\" content=\"image\/png\" \/>\n<meta name=\"twitter:card\" content=\"summary_large_image\" \/>\n<meta name=\"twitter:label1\" content=\"Est. tempo de leitura\" \/>\n\t<meta name=\"twitter:data1\" content=\"1 minuto\" \/>\n<script type=\"application\/ld+json\" class=\"yoast-schema-graph\">{\"@context\":\"https:\/\/schema.org\",\"@graph\":[{\"@type\":\"WebPage\",\"@id\":\"https:\/\/padrejosimo.com.br\/site\/revista_radio\/revista-de-radio-186-serie-de-entrevistas-sobre-reforma-da-previdencia-parte-1\/\",\"url\":\"https:\/\/padrejosimo.com.br\/site\/revista_radio\/revista-de-radio-186-serie-de-entrevistas-sobre-reforma-da-previdencia-parte-1\/\",\"name\":\"PGM #186: S\u00e9rie de entrevistas sobre Reforma da Previd\u00eancia (parte 1) - Instituto Cultural Padre Josimo\",\"isPartOf\":{\"@id\":\"https:\/\/padrejosimo.com.br\/site\/#website\"},\"datePublished\":\"2017-04-08T20:11:14+00:00\",\"dateModified\":\"2017-05-12T14:58:53+00:00\",\"breadcrumb\":{\"@id\":\"https:\/\/padrejosimo.com.br\/site\/revista_radio\/revista-de-radio-186-serie-de-entrevistas-sobre-reforma-da-previdencia-parte-1\/#breadcrumb\"},\"inLanguage\":\"pt-BR\",\"potentialAction\":[{\"@type\":\"ReadAction\",\"target\":[\"https:\/\/padrejosimo.com.br\/site\/revista_radio\/revista-de-radio-186-serie-de-entrevistas-sobre-reforma-da-previdencia-parte-1\/\"]}]},{\"@type\":\"BreadcrumbList\",\"@id\":\"https:\/\/padrejosimo.com.br\/site\/revista_radio\/revista-de-radio-186-serie-de-entrevistas-sobre-reforma-da-previdencia-parte-1\/#breadcrumb\",\"itemListElement\":[{\"@type\":\"ListItem\",\"position\":1,\"name\":\"In\u00edcio\",\"item\":\"https:\/\/padrejosimo.com.br\/site\/\"},{\"@type\":\"ListItem\",\"position\":2,\"name\":\"Revistas R\u00e1dio\",\"item\":\"https:\/\/padrejosimo.com.br\/site\/revista-radio\/\"},{\"@type\":\"ListItem\",\"position\":3,\"name\":\"PGM #186: S\u00e9rie de entrevistas sobre Reforma da Previd\u00eancia (parte 1)\"}]},{\"@type\":\"WebSite\",\"@id\":\"https:\/\/padrejosimo.com.br\/site\/#website\",\"url\":\"https:\/\/padrejosimo.com.br\/site\/\",\"name\":\"Instituto Cultural Padre Josimo\",\"description\":\"Comprometida com a promo\u00e7\u00e3o da justi\u00e7a social, agroecologia e educa\u00e7\u00e3o popular\",\"publisher\":{\"@id\":\"https:\/\/padrejosimo.com.br\/site\/#organization\"},\"alternateName\":\"ICPJ\",\"potentialAction\":[{\"@type\":\"SearchAction\",\"target\":{\"@type\":\"EntryPoint\",\"urlTemplate\":\"https:\/\/padrejosimo.com.br\/site\/?s={search_term_string}\"},\"query-input\":{\"@type\":\"PropertyValueSpecification\",\"valueRequired\":true,\"valueName\":\"search_term_string\"}}],\"inLanguage\":\"pt-BR\"},{\"@type\":\"Organization\",\"@id\":\"https:\/\/padrejosimo.com.br\/site\/#organization\",\"name\":\"Instituto Cultural Padre Josimo\",\"alternateName\":\"ICPJ\",\"url\":\"https:\/\/padrejosimo.com.br\/site\/\",\"logo\":{\"@type\":\"ImageObject\",\"inLanguage\":\"pt-BR\",\"@id\":\"https:\/\/padrejosimo.com.br\/site\/#\/schema\/logo\/image\/\",\"url\":\"https:\/\/padrejosimo.com.br\/site\/wp-content\/uploads\/2025\/09\/cropped-icon-icpj.png\",\"contentUrl\":\"https:\/\/padrejosimo.com.br\/site\/wp-content\/uploads\/2025\/09\/cropped-icon-icpj.png\",\"width\":512,\"height\":512,\"caption\":\"Instituto Cultural Padre Josimo\"},\"image\":{\"@id\":\"https:\/\/padrejosimo.com.br\/site\/#\/schema\/logo\/image\/\"}}]}<\/script>\n<!-- \/ Yoast SEO plugin. -->","yoast_head_json":{"title":"PGM #186: S\u00e9rie de entrevistas sobre Reforma da Previd\u00eancia (parte 1) - Instituto Cultural Padre Josimo","robots":{"index":"index","follow":"follow","max-snippet":"max-snippet:-1","max-image-preview":"max-image-preview:large","max-video-preview":"max-video-preview:-1"},"canonical":"https:\/\/padrejosimo.com.br\/site\/revista_radio\/revista-de-radio-186-serie-de-entrevistas-sobre-reforma-da-previdencia-parte-1\/","og_locale":"pt_BR","og_type":"article","og_title":"PGM #186: S\u00e9rie de entrevistas sobre Reforma da Previd\u00eancia (parte 1) - Instituto Cultural Padre Josimo","og_description":"Temas da semana Nesta semana, o destaque \u00e9 para as atividades realizadas em todo o Brasil relativas ao 8 de mar\u00e7o, Dia Internacional da Mulher. Al\u00e9m de o n\u00famero de pessoas ter aumentado significativamente em rela\u00e7\u00e3o aos \u00faltimos anos, outra caracter\u00edstica marcou o evento: o grito quase un\u00e2nime, desde as maiores cidades do pa\u00eds at\u00e9 [&hellip;]","og_url":"https:\/\/padrejosimo.com.br\/site\/revista_radio\/revista-de-radio-186-serie-de-entrevistas-sobre-reforma-da-previdencia-parte-1\/","og_site_name":"Instituto Cultural Padre Josimo","article_modified_time":"2017-05-12T14:58:53+00:00","og_image":[{"width":512,"height":512,"url":"https:\/\/padrejosimo.com.br\/site\/wp-content\/uploads\/2025\/09\/cropped-icon-icpj.png","type":"image\/png"}],"twitter_card":"summary_large_image","twitter_misc":{"Est. tempo de leitura":"1 minuto"},"schema":{"@context":"https:\/\/schema.org","@graph":[{"@type":"WebPage","@id":"https:\/\/padrejosimo.com.br\/site\/revista_radio\/revista-de-radio-186-serie-de-entrevistas-sobre-reforma-da-previdencia-parte-1\/","url":"https:\/\/padrejosimo.com.br\/site\/revista_radio\/revista-de-radio-186-serie-de-entrevistas-sobre-reforma-da-previdencia-parte-1\/","name":"PGM #186: S\u00e9rie de entrevistas sobre Reforma da Previd\u00eancia (parte 1) - Instituto Cultural Padre Josimo","isPartOf":{"@id":"https:\/\/padrejosimo.com.br\/site\/#website"},"datePublished":"2017-04-08T20:11:14+00:00","dateModified":"2017-05-12T14:58:53+00:00","breadcrumb":{"@id":"https:\/\/padrejosimo.com.br\/site\/revista_radio\/revista-de-radio-186-serie-de-entrevistas-sobre-reforma-da-previdencia-parte-1\/#breadcrumb"},"inLanguage":"pt-BR","potentialAction":[{"@type":"ReadAction","target":["https:\/\/padrejosimo.com.br\/site\/revista_radio\/revista-de-radio-186-serie-de-entrevistas-sobre-reforma-da-previdencia-parte-1\/"]}]},{"@type":"BreadcrumbList","@id":"https:\/\/padrejosimo.com.br\/site\/revista_radio\/revista-de-radio-186-serie-de-entrevistas-sobre-reforma-da-previdencia-parte-1\/#breadcrumb","itemListElement":[{"@type":"ListItem","position":1,"name":"In\u00edcio","item":"https:\/\/padrejosimo.com.br\/site\/"},{"@type":"ListItem","position":2,"name":"Revistas R\u00e1dio","item":"https:\/\/padrejosimo.com.br\/site\/revista-radio\/"},{"@type":"ListItem","position":3,"name":"PGM #186: S\u00e9rie de entrevistas sobre Reforma da Previd\u00eancia (parte 1)"}]},{"@type":"WebSite","@id":"https:\/\/padrejosimo.com.br\/site\/#website","url":"https:\/\/padrejosimo.com.br\/site\/","name":"Instituto Cultural Padre Josimo","description":"Comprometida com a promo\u00e7\u00e3o da justi\u00e7a social, agroecologia e educa\u00e7\u00e3o popular","publisher":{"@id":"https:\/\/padrejosimo.com.br\/site\/#organization"},"alternateName":"ICPJ","potentialAction":[{"@type":"SearchAction","target":{"@type":"EntryPoint","urlTemplate":"https:\/\/padrejosimo.com.br\/site\/?s={search_term_string}"},"query-input":{"@type":"PropertyValueSpecification","valueRequired":true,"valueName":"search_term_string"}}],"inLanguage":"pt-BR"},{"@type":"Organization","@id":"https:\/\/padrejosimo.com.br\/site\/#organization","name":"Instituto Cultural Padre Josimo","alternateName":"ICPJ","url":"https:\/\/padrejosimo.com.br\/site\/","logo":{"@type":"ImageObject","inLanguage":"pt-BR","@id":"https:\/\/padrejosimo.com.br\/site\/#\/schema\/logo\/image\/","url":"https:\/\/padrejosimo.com.br\/site\/wp-content\/uploads\/2025\/09\/cropped-icon-icpj.png","contentUrl":"https:\/\/padrejosimo.com.br\/site\/wp-content\/uploads\/2025\/09\/cropped-icon-icpj.png","width":512,"height":512,"caption":"Instituto Cultural Padre Josimo"},"image":{"@id":"https:\/\/padrejosimo.com.br\/site\/#\/schema\/logo\/image\/"}}]}},"_links":{"self":[{"href":"https:\/\/padrejosimo.com.br\/site\/wp-json\/wp\/v2\/revista_radio\/118","targetHints":{"allow":["GET"]}}],"collection":[{"href":"https:\/\/padrejosimo.com.br\/site\/wp-json\/wp\/v2\/revista_radio"}],"about":[{"href":"https:\/\/padrejosimo.com.br\/site\/wp-json\/wp\/v2\/types\/revista_radio"}],"wp:attachment":[{"href":"https:\/\/padrejosimo.com.br\/site\/wp-json\/wp\/v2\/media?parent=118"}],"curies":[{"name":"wp","href":"https:\/\/api.w.org\/{rel}","templated":true}]}}