{"id":105,"date":"2017-04-08T16:58:14","date_gmt":"2017-04-08T19:58:14","guid":{"rendered":"http:\/\/bagual.com.br\/site\/?post_type=revista_radio&#038;p=105"},"modified":"2017-04-08T16:58:14","modified_gmt":"2017-04-08T19:58:14","slug":"revista-de-radio-173-entrevista-com-frei-capuchinho-sobre-vida-e-legado-do-irmao-antonio-cechin","status":"publish","type":"revista_radio","link":"https:\/\/padrejosimo.com.br\/site\/revista_radio\/revista-de-radio-173-entrevista-com-frei-capuchinho-sobre-vida-e-legado-do-irmao-antonio-cechin\/","title":{"rendered":"Revista de R\u00e1dio #173: Entrevista com frei capuchinho sobre vida e legado do Irm\u00e3o Ant\u00f4nio Cechin"},"content":{"rendered":"<p><strong>Temas da semana<\/strong><\/p>\n<p>Estamos em tempos de crise, e crise muito grave. Crise de valores, crise de esperan\u00e7a, crise das institui\u00e7\u00f5es&#8230; Depois do golpe parlamentar, jur\u00eddico e midi\u00e1tico de dep\u00f4s uma presidente da Rep\u00fablica sem crime de responsabilidade, sem base legal nem institucional, a cada dia o Brasil se depara com novos golpes e sobressaltos. O principal golpe desta semana foi o chamado \u201cjeitinho brasileiro\u201d, segundo um dos Ministros do Supremo, encontrado pelo pr\u00f3prio supremo de retirar o Presidente do Senado Federal, Renan Calheiros, da linha de sucess\u00e3o do Presidente da Rep\u00fablica, sem destitu\u00ed-lo do cargo. Tudo para que o golpe siga seu fluxo normal de desmonte do Estado e de entrega das riquezas nacionais ao Capital Internacional.<\/p>\n<p><strong>Entrevista da edi\u00e7\u00e3o<\/strong><\/p>\n<p>A entrevista de \u00e9 com o frei Lu\u00eds Carlos Susin, que \u00e9 frade Capuchinho, te\u00f3logo, conferencista e professor. A voncersa \u00e9 sobrea vida e legado do Irm\u00e3o Ant\u00f4nio Cecchin, Irm\u00e3o Marista que foi torturado pela ditadura militar de 1964 e que dedicou sua vida aos mais humildes e exclu\u00eddos da sociedade. Ele faleceu em 16 de novembro deste ano, aos 89 anos, sendo reconhecido como &#8220;Profeta da Ecologia&#8221;.<\/p>\n<p><strong>M\u00fasica da edi\u00e7\u00e3o:<\/strong> \u00c1guas de Mar\u00e7o, com Elis Regina.<\/p>\n<p><center><img fetchpriority=\"high\" decoding=\"async\" class=\"alignnone\" src=\"http:\/\/www.franciscanos-rs.org.br\/wp-content\/uploads\/2016\/12\/foto.jpg\" alt=\"\" width=\"565\" height=\"376\" \/><br \/>\n<em>Foto do Irm\u00e3o Ant\u00f4nio Cecchin<\/em><\/center><\/p>\n","protected":false},"featured_media":0,"template":"","class_list":["post-105","revista_radio","type-revista_radio","status-publish","hentry"],"acf":[],"yoast_head":"<!-- This site is optimized with the Yoast SEO plugin v27.2 - https:\/\/yoast.com\/product\/yoast-seo-wordpress\/ -->\n<title>Revista de R\u00e1dio #173: Entrevista com frei capuchinho sobre vida e legado do Irm\u00e3o Ant\u00f4nio Cechin - Instituto Cultural Padre Josimo<\/title>\n<meta name=\"robots\" content=\"index, follow, max-snippet:-1, max-image-preview:large, max-video-preview:-1\" \/>\n<link rel=\"canonical\" href=\"https:\/\/padrejosimo.com.br\/site\/revista_radio\/revista-de-radio-173-entrevista-com-frei-capuchinho-sobre-vida-e-legado-do-irmao-antonio-cechin\/\" \/>\n<meta property=\"og:locale\" content=\"pt_BR\" \/>\n<meta property=\"og:type\" content=\"article\" \/>\n<meta property=\"og:title\" content=\"Revista de R\u00e1dio #173: Entrevista com frei capuchinho sobre vida e legado do Irm\u00e3o Ant\u00f4nio Cechin - Instituto Cultural Padre Josimo\" \/>\n<meta property=\"og:description\" content=\"Temas da semana Estamos em tempos de crise, e crise muito grave. Crise de valores, crise de esperan\u00e7a, crise das institui\u00e7\u00f5es&#8230; Depois do golpe parlamentar, jur\u00eddico e midi\u00e1tico de dep\u00f4s uma presidente da Rep\u00fablica sem crime de responsabilidade, sem base legal nem institucional, a cada dia o Brasil se depara com novos golpes e sobressaltos. [&hellip;]\" \/>\n<meta property=\"og:url\" content=\"https:\/\/padrejosimo.com.br\/site\/revista_radio\/revista-de-radio-173-entrevista-com-frei-capuchinho-sobre-vida-e-legado-do-irmao-antonio-cechin\/\" \/>\n<meta property=\"og:site_name\" content=\"Instituto Cultural Padre Josimo\" \/>\n<meta property=\"og:image\" content=\"http:\/\/www.franciscanos-rs.org.br\/wp-content\/uploads\/2016\/12\/foto.jpg\" \/>\n<meta name=\"twitter:card\" content=\"summary_large_image\" \/>\n<meta name=\"twitter:label1\" content=\"Est. tempo de leitura\" \/>\n\t<meta name=\"twitter:data1\" content=\"1 minuto\" \/>\n<script type=\"application\/ld+json\" class=\"yoast-schema-graph\">{\"@context\":\"https:\/\/schema.org\",\"@graph\":[{\"@type\":\"WebPage\",\"@id\":\"https:\/\/padrejosimo.com.br\/site\/revista_radio\/revista-de-radio-173-entrevista-com-frei-capuchinho-sobre-vida-e-legado-do-irmao-antonio-cechin\/\",\"url\":\"https:\/\/padrejosimo.com.br\/site\/revista_radio\/revista-de-radio-173-entrevista-com-frei-capuchinho-sobre-vida-e-legado-do-irmao-antonio-cechin\/\",\"name\":\"Revista de R\u00e1dio #173: Entrevista com frei capuchinho sobre vida e legado do Irm\u00e3o Ant\u00f4nio Cechin - Instituto Cultural Padre Josimo\",\"isPartOf\":{\"@id\":\"https:\/\/padrejosimo.com.br\/site\/#website\"},\"primaryImageOfPage\":{\"@id\":\"https:\/\/padrejosimo.com.br\/site\/revista_radio\/revista-de-radio-173-entrevista-com-frei-capuchinho-sobre-vida-e-legado-do-irmao-antonio-cechin\/#primaryimage\"},\"image\":{\"@id\":\"https:\/\/padrejosimo.com.br\/site\/revista_radio\/revista-de-radio-173-entrevista-com-frei-capuchinho-sobre-vida-e-legado-do-irmao-antonio-cechin\/#primaryimage\"},\"thumbnailUrl\":\"http:\/\/www.franciscanos-rs.org.br\/wp-content\/uploads\/2016\/12\/foto.jpg\",\"datePublished\":\"2017-04-08T19:58:14+00:00\",\"breadcrumb\":{\"@id\":\"https:\/\/padrejosimo.com.br\/site\/revista_radio\/revista-de-radio-173-entrevista-com-frei-capuchinho-sobre-vida-e-legado-do-irmao-antonio-cechin\/#breadcrumb\"},\"inLanguage\":\"pt-BR\",\"potentialAction\":[{\"@type\":\"ReadAction\",\"target\":[\"https:\/\/padrejosimo.com.br\/site\/revista_radio\/revista-de-radio-173-entrevista-com-frei-capuchinho-sobre-vida-e-legado-do-irmao-antonio-cechin\/\"]}]},{\"@type\":\"ImageObject\",\"inLanguage\":\"pt-BR\",\"@id\":\"https:\/\/padrejosimo.com.br\/site\/revista_radio\/revista-de-radio-173-entrevista-com-frei-capuchinho-sobre-vida-e-legado-do-irmao-antonio-cechin\/#primaryimage\",\"url\":\"http:\/\/www.franciscanos-rs.org.br\/wp-content\/uploads\/2016\/12\/foto.jpg\",\"contentUrl\":\"http:\/\/www.franciscanos-rs.org.br\/wp-content\/uploads\/2016\/12\/foto.jpg\"},{\"@type\":\"BreadcrumbList\",\"@id\":\"https:\/\/padrejosimo.com.br\/site\/revista_radio\/revista-de-radio-173-entrevista-com-frei-capuchinho-sobre-vida-e-legado-do-irmao-antonio-cechin\/#breadcrumb\",\"itemListElement\":[{\"@type\":\"ListItem\",\"position\":1,\"name\":\"In\u00edcio\",\"item\":\"https:\/\/padrejosimo.com.br\/site\/\"},{\"@type\":\"ListItem\",\"position\":2,\"name\":\"Revistas R\u00e1dio\",\"item\":\"https:\/\/padrejosimo.com.br\/site\/revista-radio\/\"},{\"@type\":\"ListItem\",\"position\":3,\"name\":\"Revista de R\u00e1dio #173: Entrevista com frei capuchinho sobre vida e legado do Irm\u00e3o Ant\u00f4nio Cechin\"}]},{\"@type\":\"WebSite\",\"@id\":\"https:\/\/padrejosimo.com.br\/site\/#website\",\"url\":\"https:\/\/padrejosimo.com.br\/site\/\",\"name\":\"Instituto Cultural Padre Josimo\",\"description\":\"Comprometida com a promo\u00e7\u00e3o da justi\u00e7a social, agroecologia e educa\u00e7\u00e3o popular\",\"publisher\":{\"@id\":\"https:\/\/padrejosimo.com.br\/site\/#organization\"},\"alternateName\":\"ICPJ\",\"potentialAction\":[{\"@type\":\"SearchAction\",\"target\":{\"@type\":\"EntryPoint\",\"urlTemplate\":\"https:\/\/padrejosimo.com.br\/site\/?s={search_term_string}\"},\"query-input\":{\"@type\":\"PropertyValueSpecification\",\"valueRequired\":true,\"valueName\":\"search_term_string\"}}],\"inLanguage\":\"pt-BR\"},{\"@type\":\"Organization\",\"@id\":\"https:\/\/padrejosimo.com.br\/site\/#organization\",\"name\":\"Instituto Cultural Padre Josimo\",\"alternateName\":\"ICPJ\",\"url\":\"https:\/\/padrejosimo.com.br\/site\/\",\"logo\":{\"@type\":\"ImageObject\",\"inLanguage\":\"pt-BR\",\"@id\":\"https:\/\/padrejosimo.com.br\/site\/#\/schema\/logo\/image\/\",\"url\":\"https:\/\/padrejosimo.com.br\/site\/wp-content\/uploads\/2025\/09\/cropped-icon-icpj.png\",\"contentUrl\":\"https:\/\/padrejosimo.com.br\/site\/wp-content\/uploads\/2025\/09\/cropped-icon-icpj.png\",\"width\":512,\"height\":512,\"caption\":\"Instituto Cultural Padre Josimo\"},\"image\":{\"@id\":\"https:\/\/padrejosimo.com.br\/site\/#\/schema\/logo\/image\/\"}}]}<\/script>\n<!-- \/ Yoast SEO plugin. -->","yoast_head_json":{"title":"Revista de R\u00e1dio #173: Entrevista com frei capuchinho sobre vida e legado do Irm\u00e3o Ant\u00f4nio Cechin - Instituto Cultural Padre Josimo","robots":{"index":"index","follow":"follow","max-snippet":"max-snippet:-1","max-image-preview":"max-image-preview:large","max-video-preview":"max-video-preview:-1"},"canonical":"https:\/\/padrejosimo.com.br\/site\/revista_radio\/revista-de-radio-173-entrevista-com-frei-capuchinho-sobre-vida-e-legado-do-irmao-antonio-cechin\/","og_locale":"pt_BR","og_type":"article","og_title":"Revista de R\u00e1dio #173: Entrevista com frei capuchinho sobre vida e legado do Irm\u00e3o Ant\u00f4nio Cechin - Instituto Cultural Padre Josimo","og_description":"Temas da semana Estamos em tempos de crise, e crise muito grave. Crise de valores, crise de esperan\u00e7a, crise das institui\u00e7\u00f5es&#8230; Depois do golpe parlamentar, jur\u00eddico e midi\u00e1tico de dep\u00f4s uma presidente da Rep\u00fablica sem crime de responsabilidade, sem base legal nem institucional, a cada dia o Brasil se depara com novos golpes e sobressaltos. [&hellip;]","og_url":"https:\/\/padrejosimo.com.br\/site\/revista_radio\/revista-de-radio-173-entrevista-com-frei-capuchinho-sobre-vida-e-legado-do-irmao-antonio-cechin\/","og_site_name":"Instituto Cultural Padre Josimo","og_image":[{"url":"http:\/\/www.franciscanos-rs.org.br\/wp-content\/uploads\/2016\/12\/foto.jpg","type":"","width":"","height":""}],"twitter_card":"summary_large_image","twitter_misc":{"Est. tempo de leitura":"1 minuto"},"schema":{"@context":"https:\/\/schema.org","@graph":[{"@type":"WebPage","@id":"https:\/\/padrejosimo.com.br\/site\/revista_radio\/revista-de-radio-173-entrevista-com-frei-capuchinho-sobre-vida-e-legado-do-irmao-antonio-cechin\/","url":"https:\/\/padrejosimo.com.br\/site\/revista_radio\/revista-de-radio-173-entrevista-com-frei-capuchinho-sobre-vida-e-legado-do-irmao-antonio-cechin\/","name":"Revista de R\u00e1dio #173: Entrevista com frei capuchinho sobre vida e legado do Irm\u00e3o Ant\u00f4nio Cechin - Instituto Cultural Padre Josimo","isPartOf":{"@id":"https:\/\/padrejosimo.com.br\/site\/#website"},"primaryImageOfPage":{"@id":"https:\/\/padrejosimo.com.br\/site\/revista_radio\/revista-de-radio-173-entrevista-com-frei-capuchinho-sobre-vida-e-legado-do-irmao-antonio-cechin\/#primaryimage"},"image":{"@id":"https:\/\/padrejosimo.com.br\/site\/revista_radio\/revista-de-radio-173-entrevista-com-frei-capuchinho-sobre-vida-e-legado-do-irmao-antonio-cechin\/#primaryimage"},"thumbnailUrl":"http:\/\/www.franciscanos-rs.org.br\/wp-content\/uploads\/2016\/12\/foto.jpg","datePublished":"2017-04-08T19:58:14+00:00","breadcrumb":{"@id":"https:\/\/padrejosimo.com.br\/site\/revista_radio\/revista-de-radio-173-entrevista-com-frei-capuchinho-sobre-vida-e-legado-do-irmao-antonio-cechin\/#breadcrumb"},"inLanguage":"pt-BR","potentialAction":[{"@type":"ReadAction","target":["https:\/\/padrejosimo.com.br\/site\/revista_radio\/revista-de-radio-173-entrevista-com-frei-capuchinho-sobre-vida-e-legado-do-irmao-antonio-cechin\/"]}]},{"@type":"ImageObject","inLanguage":"pt-BR","@id":"https:\/\/padrejosimo.com.br\/site\/revista_radio\/revista-de-radio-173-entrevista-com-frei-capuchinho-sobre-vida-e-legado-do-irmao-antonio-cechin\/#primaryimage","url":"http:\/\/www.franciscanos-rs.org.br\/wp-content\/uploads\/2016\/12\/foto.jpg","contentUrl":"http:\/\/www.franciscanos-rs.org.br\/wp-content\/uploads\/2016\/12\/foto.jpg"},{"@type":"BreadcrumbList","@id":"https:\/\/padrejosimo.com.br\/site\/revista_radio\/revista-de-radio-173-entrevista-com-frei-capuchinho-sobre-vida-e-legado-do-irmao-antonio-cechin\/#breadcrumb","itemListElement":[{"@type":"ListItem","position":1,"name":"In\u00edcio","item":"https:\/\/padrejosimo.com.br\/site\/"},{"@type":"ListItem","position":2,"name":"Revistas R\u00e1dio","item":"https:\/\/padrejosimo.com.br\/site\/revista-radio\/"},{"@type":"ListItem","position":3,"name":"Revista de R\u00e1dio #173: Entrevista com frei capuchinho sobre vida e legado do Irm\u00e3o Ant\u00f4nio Cechin"}]},{"@type":"WebSite","@id":"https:\/\/padrejosimo.com.br\/site\/#website","url":"https:\/\/padrejosimo.com.br\/site\/","name":"Instituto Cultural Padre Josimo","description":"Comprometida com a promo\u00e7\u00e3o da justi\u00e7a social, agroecologia e educa\u00e7\u00e3o popular","publisher":{"@id":"https:\/\/padrejosimo.com.br\/site\/#organization"},"alternateName":"ICPJ","potentialAction":[{"@type":"SearchAction","target":{"@type":"EntryPoint","urlTemplate":"https:\/\/padrejosimo.com.br\/site\/?s={search_term_string}"},"query-input":{"@type":"PropertyValueSpecification","valueRequired":true,"valueName":"search_term_string"}}],"inLanguage":"pt-BR"},{"@type":"Organization","@id":"https:\/\/padrejosimo.com.br\/site\/#organization","name":"Instituto Cultural Padre Josimo","alternateName":"ICPJ","url":"https:\/\/padrejosimo.com.br\/site\/","logo":{"@type":"ImageObject","inLanguage":"pt-BR","@id":"https:\/\/padrejosimo.com.br\/site\/#\/schema\/logo\/image\/","url":"https:\/\/padrejosimo.com.br\/site\/wp-content\/uploads\/2025\/09\/cropped-icon-icpj.png","contentUrl":"https:\/\/padrejosimo.com.br\/site\/wp-content\/uploads\/2025\/09\/cropped-icon-icpj.png","width":512,"height":512,"caption":"Instituto Cultural Padre Josimo"},"image":{"@id":"https:\/\/padrejosimo.com.br\/site\/#\/schema\/logo\/image\/"}}]}},"_links":{"self":[{"href":"https:\/\/padrejosimo.com.br\/site\/wp-json\/wp\/v2\/revista_radio\/105","targetHints":{"allow":["GET"]}}],"collection":[{"href":"https:\/\/padrejosimo.com.br\/site\/wp-json\/wp\/v2\/revista_radio"}],"about":[{"href":"https:\/\/padrejosimo.com.br\/site\/wp-json\/wp\/v2\/types\/revista_radio"}],"wp:attachment":[{"href":"https:\/\/padrejosimo.com.br\/site\/wp-json\/wp\/v2\/media?parent=105"}],"curies":[{"name":"wp","href":"https:\/\/api.w.org\/{rel}","templated":true}]}}