{"id":101,"date":"2017-04-08T16:54:16","date_gmt":"2017-04-08T19:54:16","guid":{"rendered":"http:\/\/bagual.com.br\/site\/?post_type=revista_radio&#038;p=101"},"modified":"2017-04-08T16:54:16","modified_gmt":"2017-04-08T19:54:16","slug":"revista-de-radio-169-entrevista-com-lider-comunitario-sobre-conjuntura-politica-nacional","status":"publish","type":"revista_radio","link":"https:\/\/padrejosimo.com.br\/site\/revista_radio\/revista-de-radio-169-entrevista-com-lider-comunitario-sobre-conjuntura-politica-nacional\/","title":{"rendered":"Revista de R\u00e1dio #169: Entrevista com l\u00edder comunit\u00e1rio sobre conjuntura pol\u00edtica nacional"},"content":{"rendered":"<p><strong>Temas da semana<\/strong><\/p>\n<p>O pacote de maldades e contradi\u00e7\u00f5es do Governo Temer segue firme em sua estrat\u00e9gia de desmonte do Estado Nacional. A PEC do congelamento dos gastos p\u00fablicos por 20 anos, a retirada da obrigatoriedade de participa\u00e7\u00e3o da PETROBRAS em todas as a\u00e7\u00f5es de extra\u00e7\u00e3o de petr\u00f3leo em solo brasileiro, a venda de patrim\u00f4nio Nacional e a persegui\u00e7\u00e3o aos l\u00edderes dos Movimentos Sociais e Estudantis s\u00e3o apenas algumas das iniciativa deste governo. Mas, ao que parece, \u00e9 no movimento estudantil que se esbo\u00e7a a rea\u00e7\u00e3o \u00e0s tais maldades. Mesmo contra toda a viol\u00eancia policial sofrida e contra o grande boicote da m\u00eddia hegem\u00f4nica, as ocupa\u00e7\u00f5es de escolas e universidades j\u00e1 \u00e9 a maior da hist\u00f3ria do Brasil. Nesta semana, temos ainda um destaque mundial que est\u00e1 ocupando as manchetes internacionais e, \u00e9 claro, aqui no Brasil tamb\u00e9m. A elei\u00e7\u00e3o de Donald Tramp nos Estados Unidos. \u00c9 o avan\u00e7o da xenofobia mundial.<\/p>\n<p><strong>Entrevista da edi\u00e7\u00e3o<\/strong><\/p>\n<p>Na entrevista de hoje vamos continuar a conversar com um importante l\u00edder Comunit\u00e1rio do Bairro Lomba do Pinheiro, Porto Alegre que vai falar tamb\u00e9m do Conselho Popular do Bairro. Tema de hoje: Conjuntura Nacional. O bate-papo \u00e9 com Francisco Geovane Sousa, Coordenador do Conselho Popular da Lomba do Pinheiro.<\/p>\n<p><strong>M\u00fasica da edi\u00e7\u00e3o:<\/strong> &#8220;O B\u00eabado e o Equilibrista&#8221;, com Elis Regina<\/p>\n","protected":false},"featured_media":0,"template":"","class_list":["post-101","revista_radio","type-revista_radio","status-publish","hentry"],"acf":[],"yoast_head":"<!-- This site is optimized with the Yoast SEO plugin v27.2 - https:\/\/yoast.com\/product\/yoast-seo-wordpress\/ -->\n<title>Revista de R\u00e1dio #169: Entrevista com l\u00edder comunit\u00e1rio sobre conjuntura pol\u00edtica nacional - Instituto Cultural Padre Josimo<\/title>\n<meta name=\"robots\" content=\"index, follow, max-snippet:-1, max-image-preview:large, max-video-preview:-1\" \/>\n<link rel=\"canonical\" href=\"https:\/\/padrejosimo.com.br\/site\/revista_radio\/revista-de-radio-169-entrevista-com-lider-comunitario-sobre-conjuntura-politica-nacional\/\" \/>\n<meta property=\"og:locale\" content=\"pt_BR\" \/>\n<meta property=\"og:type\" content=\"article\" \/>\n<meta property=\"og:title\" content=\"Revista de R\u00e1dio #169: Entrevista com l\u00edder comunit\u00e1rio sobre conjuntura pol\u00edtica nacional - Instituto Cultural Padre Josimo\" \/>\n<meta property=\"og:description\" content=\"Temas da semana O pacote de maldades e contradi\u00e7\u00f5es do Governo Temer segue firme em sua estrat\u00e9gia de desmonte do Estado Nacional. A PEC do congelamento dos gastos p\u00fablicos por 20 anos, a retirada da obrigatoriedade de participa\u00e7\u00e3o da PETROBRAS em todas as a\u00e7\u00f5es de extra\u00e7\u00e3o de petr\u00f3leo em solo brasileiro, a venda de patrim\u00f4nio [&hellip;]\" \/>\n<meta property=\"og:url\" content=\"https:\/\/padrejosimo.com.br\/site\/revista_radio\/revista-de-radio-169-entrevista-com-lider-comunitario-sobre-conjuntura-politica-nacional\/\" \/>\n<meta property=\"og:site_name\" content=\"Instituto Cultural Padre Josimo\" \/>\n<meta property=\"og:image\" content=\"https:\/\/padrejosimo.com.br\/site\/wp-content\/uploads\/2025\/09\/cropped-icon-icpj.png\" \/>\n\t<meta property=\"og:image:width\" content=\"512\" \/>\n\t<meta property=\"og:image:height\" content=\"512\" \/>\n\t<meta property=\"og:image:type\" content=\"image\/png\" \/>\n<meta name=\"twitter:card\" content=\"summary_large_image\" \/>\n<meta name=\"twitter:label1\" content=\"Est. tempo de leitura\" \/>\n\t<meta name=\"twitter:data1\" content=\"1 minuto\" \/>\n<script type=\"application\/ld+json\" class=\"yoast-schema-graph\">{\"@context\":\"https:\/\/schema.org\",\"@graph\":[{\"@type\":\"WebPage\",\"@id\":\"https:\/\/padrejosimo.com.br\/site\/revista_radio\/revista-de-radio-169-entrevista-com-lider-comunitario-sobre-conjuntura-politica-nacional\/\",\"url\":\"https:\/\/padrejosimo.com.br\/site\/revista_radio\/revista-de-radio-169-entrevista-com-lider-comunitario-sobre-conjuntura-politica-nacional\/\",\"name\":\"Revista de R\u00e1dio #169: Entrevista com l\u00edder comunit\u00e1rio sobre conjuntura pol\u00edtica nacional - Instituto Cultural Padre Josimo\",\"isPartOf\":{\"@id\":\"https:\/\/padrejosimo.com.br\/site\/#website\"},\"datePublished\":\"2017-04-08T19:54:16+00:00\",\"breadcrumb\":{\"@id\":\"https:\/\/padrejosimo.com.br\/site\/revista_radio\/revista-de-radio-169-entrevista-com-lider-comunitario-sobre-conjuntura-politica-nacional\/#breadcrumb\"},\"inLanguage\":\"pt-BR\",\"potentialAction\":[{\"@type\":\"ReadAction\",\"target\":[\"https:\/\/padrejosimo.com.br\/site\/revista_radio\/revista-de-radio-169-entrevista-com-lider-comunitario-sobre-conjuntura-politica-nacional\/\"]}]},{\"@type\":\"BreadcrumbList\",\"@id\":\"https:\/\/padrejosimo.com.br\/site\/revista_radio\/revista-de-radio-169-entrevista-com-lider-comunitario-sobre-conjuntura-politica-nacional\/#breadcrumb\",\"itemListElement\":[{\"@type\":\"ListItem\",\"position\":1,\"name\":\"In\u00edcio\",\"item\":\"https:\/\/padrejosimo.com.br\/site\/\"},{\"@type\":\"ListItem\",\"position\":2,\"name\":\"Revistas R\u00e1dio\",\"item\":\"https:\/\/padrejosimo.com.br\/site\/revista-radio\/\"},{\"@type\":\"ListItem\",\"position\":3,\"name\":\"Revista de R\u00e1dio #169: Entrevista com l\u00edder comunit\u00e1rio sobre conjuntura pol\u00edtica nacional\"}]},{\"@type\":\"WebSite\",\"@id\":\"https:\/\/padrejosimo.com.br\/site\/#website\",\"url\":\"https:\/\/padrejosimo.com.br\/site\/\",\"name\":\"Instituto Cultural Padre Josimo\",\"description\":\"Comprometida com a promo\u00e7\u00e3o da justi\u00e7a social, agroecologia e educa\u00e7\u00e3o popular\",\"publisher\":{\"@id\":\"https:\/\/padrejosimo.com.br\/site\/#organization\"},\"alternateName\":\"ICPJ\",\"potentialAction\":[{\"@type\":\"SearchAction\",\"target\":{\"@type\":\"EntryPoint\",\"urlTemplate\":\"https:\/\/padrejosimo.com.br\/site\/?s={search_term_string}\"},\"query-input\":{\"@type\":\"PropertyValueSpecification\",\"valueRequired\":true,\"valueName\":\"search_term_string\"}}],\"inLanguage\":\"pt-BR\"},{\"@type\":\"Organization\",\"@id\":\"https:\/\/padrejosimo.com.br\/site\/#organization\",\"name\":\"Instituto Cultural Padre Josimo\",\"alternateName\":\"ICPJ\",\"url\":\"https:\/\/padrejosimo.com.br\/site\/\",\"logo\":{\"@type\":\"ImageObject\",\"inLanguage\":\"pt-BR\",\"@id\":\"https:\/\/padrejosimo.com.br\/site\/#\/schema\/logo\/image\/\",\"url\":\"https:\/\/padrejosimo.com.br\/site\/wp-content\/uploads\/2025\/09\/cropped-icon-icpj.png\",\"contentUrl\":\"https:\/\/padrejosimo.com.br\/site\/wp-content\/uploads\/2025\/09\/cropped-icon-icpj.png\",\"width\":512,\"height\":512,\"caption\":\"Instituto Cultural Padre Josimo\"},\"image\":{\"@id\":\"https:\/\/padrejosimo.com.br\/site\/#\/schema\/logo\/image\/\"}}]}<\/script>\n<!-- \/ Yoast SEO plugin. -->","yoast_head_json":{"title":"Revista de R\u00e1dio #169: Entrevista com l\u00edder comunit\u00e1rio sobre conjuntura pol\u00edtica nacional - Instituto Cultural Padre Josimo","robots":{"index":"index","follow":"follow","max-snippet":"max-snippet:-1","max-image-preview":"max-image-preview:large","max-video-preview":"max-video-preview:-1"},"canonical":"https:\/\/padrejosimo.com.br\/site\/revista_radio\/revista-de-radio-169-entrevista-com-lider-comunitario-sobre-conjuntura-politica-nacional\/","og_locale":"pt_BR","og_type":"article","og_title":"Revista de R\u00e1dio #169: Entrevista com l\u00edder comunit\u00e1rio sobre conjuntura pol\u00edtica nacional - Instituto Cultural Padre Josimo","og_description":"Temas da semana O pacote de maldades e contradi\u00e7\u00f5es do Governo Temer segue firme em sua estrat\u00e9gia de desmonte do Estado Nacional. A PEC do congelamento dos gastos p\u00fablicos por 20 anos, a retirada da obrigatoriedade de participa\u00e7\u00e3o da PETROBRAS em todas as a\u00e7\u00f5es de extra\u00e7\u00e3o de petr\u00f3leo em solo brasileiro, a venda de patrim\u00f4nio [&hellip;]","og_url":"https:\/\/padrejosimo.com.br\/site\/revista_radio\/revista-de-radio-169-entrevista-com-lider-comunitario-sobre-conjuntura-politica-nacional\/","og_site_name":"Instituto Cultural Padre Josimo","og_image":[{"width":512,"height":512,"url":"https:\/\/padrejosimo.com.br\/site\/wp-content\/uploads\/2025\/09\/cropped-icon-icpj.png","type":"image\/png"}],"twitter_card":"summary_large_image","twitter_misc":{"Est. tempo de leitura":"1 minuto"},"schema":{"@context":"https:\/\/schema.org","@graph":[{"@type":"WebPage","@id":"https:\/\/padrejosimo.com.br\/site\/revista_radio\/revista-de-radio-169-entrevista-com-lider-comunitario-sobre-conjuntura-politica-nacional\/","url":"https:\/\/padrejosimo.com.br\/site\/revista_radio\/revista-de-radio-169-entrevista-com-lider-comunitario-sobre-conjuntura-politica-nacional\/","name":"Revista de R\u00e1dio #169: Entrevista com l\u00edder comunit\u00e1rio sobre conjuntura pol\u00edtica nacional - Instituto Cultural Padre Josimo","isPartOf":{"@id":"https:\/\/padrejosimo.com.br\/site\/#website"},"datePublished":"2017-04-08T19:54:16+00:00","breadcrumb":{"@id":"https:\/\/padrejosimo.com.br\/site\/revista_radio\/revista-de-radio-169-entrevista-com-lider-comunitario-sobre-conjuntura-politica-nacional\/#breadcrumb"},"inLanguage":"pt-BR","potentialAction":[{"@type":"ReadAction","target":["https:\/\/padrejosimo.com.br\/site\/revista_radio\/revista-de-radio-169-entrevista-com-lider-comunitario-sobre-conjuntura-politica-nacional\/"]}]},{"@type":"BreadcrumbList","@id":"https:\/\/padrejosimo.com.br\/site\/revista_radio\/revista-de-radio-169-entrevista-com-lider-comunitario-sobre-conjuntura-politica-nacional\/#breadcrumb","itemListElement":[{"@type":"ListItem","position":1,"name":"In\u00edcio","item":"https:\/\/padrejosimo.com.br\/site\/"},{"@type":"ListItem","position":2,"name":"Revistas R\u00e1dio","item":"https:\/\/padrejosimo.com.br\/site\/revista-radio\/"},{"@type":"ListItem","position":3,"name":"Revista de R\u00e1dio #169: Entrevista com l\u00edder comunit\u00e1rio sobre conjuntura pol\u00edtica nacional"}]},{"@type":"WebSite","@id":"https:\/\/padrejosimo.com.br\/site\/#website","url":"https:\/\/padrejosimo.com.br\/site\/","name":"Instituto Cultural Padre Josimo","description":"Comprometida com a promo\u00e7\u00e3o da justi\u00e7a social, agroecologia e educa\u00e7\u00e3o popular","publisher":{"@id":"https:\/\/padrejosimo.com.br\/site\/#organization"},"alternateName":"ICPJ","potentialAction":[{"@type":"SearchAction","target":{"@type":"EntryPoint","urlTemplate":"https:\/\/padrejosimo.com.br\/site\/?s={search_term_string}"},"query-input":{"@type":"PropertyValueSpecification","valueRequired":true,"valueName":"search_term_string"}}],"inLanguage":"pt-BR"},{"@type":"Organization","@id":"https:\/\/padrejosimo.com.br\/site\/#organization","name":"Instituto Cultural Padre Josimo","alternateName":"ICPJ","url":"https:\/\/padrejosimo.com.br\/site\/","logo":{"@type":"ImageObject","inLanguage":"pt-BR","@id":"https:\/\/padrejosimo.com.br\/site\/#\/schema\/logo\/image\/","url":"https:\/\/padrejosimo.com.br\/site\/wp-content\/uploads\/2025\/09\/cropped-icon-icpj.png","contentUrl":"https:\/\/padrejosimo.com.br\/site\/wp-content\/uploads\/2025\/09\/cropped-icon-icpj.png","width":512,"height":512,"caption":"Instituto Cultural Padre Josimo"},"image":{"@id":"https:\/\/padrejosimo.com.br\/site\/#\/schema\/logo\/image\/"}}]}},"_links":{"self":[{"href":"https:\/\/padrejosimo.com.br\/site\/wp-json\/wp\/v2\/revista_radio\/101","targetHints":{"allow":["GET"]}}],"collection":[{"href":"https:\/\/padrejosimo.com.br\/site\/wp-json\/wp\/v2\/revista_radio"}],"about":[{"href":"https:\/\/padrejosimo.com.br\/site\/wp-json\/wp\/v2\/types\/revista_radio"}],"wp:attachment":[{"href":"https:\/\/padrejosimo.com.br\/site\/wp-json\/wp\/v2\/media?parent=101"}],"curies":[{"name":"wp","href":"https:\/\/api.w.org\/{rel}","templated":true}]}}