{"id":3292,"date":"2020-08-04T10:51:46","date_gmt":"2020-08-04T13:51:46","guid":{"rendered":"https:\/\/padrejosimo.com.br\/site\/?post_type=projetos&#038;p=3292"},"modified":"2020-08-04T11:26:26","modified_gmt":"2020-08-04T14:26:26","slug":"educacao-ambiental","status":"publish","type":"projetos","link":"https:\/\/padrejosimo.com.br\/site\/projetos\/educacao-ambiental\/","title":{"rendered":"Educa\u00e7\u00e3o Ambiental"},"content":{"rendered":"<p><span style=\"font-size: 14pt;\"><strong>O que s\u00e3o as a\u00e7\u00f5es?<\/strong><\/span><\/p>\n<p>Compreendem uma s\u00e9rie de atividades voltadas ao p\u00fablico rural, essencialmente pequenos agricultores e assentados de reforma agr\u00e1ria, para que promovam pr\u00e1ticas que causem impactos positivos no meio ambiente aliados com contexto socioecon\u00f4mico e cultural.<\/p>\n<p>&nbsp;<\/p>\n<p><span style=\"font-size: 14pt;\"><strong>Alguns dos projetos desenvolvidos<\/strong><\/span><\/p>\n<p>1) Contrato firmado com a Usina Termel\u00e9trica Pampa Sul para implementa\u00e7\u00e3o do Subprograma de Educa\u00e7\u00e3o Ambiental para Agricultura Familiar da UTE Pampa Sul,<\/p>\n<p>Benefici\u00e1rios: 800 fam\u00edlias de agricultores assentados e pequenos agricultores dos munic\u00edpios de Candiota e Hulha Negra\/RS.<\/p>\n<p>Per\u00edodo: novembro de 2015 a dezembro de 2022.<\/p>\n<p>&nbsp;<\/p>\n<p>2) Contrato firmado com a Usina Termel\u00e9trica Pampa Sul para Realiza\u00e7\u00e3o de Atividades Educativas para atender o Programa de Praga e Vetores.<\/p>\n<p>Benefici\u00e1rios: comunidades lindeiras ao empreendimento.<\/p>\n<p>Per\u00edodo: Novembro de 2017.<\/p>\n<p>&nbsp;<\/p>\n<p>&nbsp;<\/p>\n","protected":false},"excerpt":{"rendered":"<p>O que s\u00e3o as a\u00e7\u00f5es? Compreendem uma s\u00e9rie de atividades voltadas ao p\u00fablico rural, essencialmente pequenos agricultores e assentados de reforma agr\u00e1ria, para que promovam pr\u00e1ticas que causem impactos positivos no meio ambiente aliados com contexto socioecon\u00f4mico e cultural. &nbsp; Alguns dos projetos desenvolvidos 1) Contrato firmado com a Usina Termel\u00e9trica Pampa Sul para implementa\u00e7\u00e3o [&hellip;]<\/p>\n","protected":false},"featured_media":0,"template":"","categorias_projetos":[10],"class_list":["post-3292","projetos","type-projetos","status-publish","hentry","categorias_projetos-socioambientais"],"acf":[],"yoast_head":"<!-- This site is optimized with the Yoast SEO plugin v27.2 - https:\/\/yoast.com\/product\/yoast-seo-wordpress\/ -->\n<title>Educa\u00e7\u00e3o Ambiental - Instituto Cultural Padre Josimo<\/title>\n<meta name=\"robots\" content=\"index, follow, max-snippet:-1, max-image-preview:large, max-video-preview:-1\" \/>\n<link rel=\"canonical\" href=\"https:\/\/padrejosimo.com.br\/site\/projetos\/educacao-ambiental\/\" \/>\n<meta property=\"og:locale\" content=\"pt_BR\" \/>\n<meta property=\"og:type\" content=\"article\" \/>\n<meta property=\"og:title\" content=\"Educa\u00e7\u00e3o Ambiental - Instituto Cultural Padre Josimo\" \/>\n<meta property=\"og:description\" content=\"O que s\u00e3o as a\u00e7\u00f5es? Compreendem uma s\u00e9rie de atividades voltadas ao p\u00fablico rural, essencialmente pequenos agricultores e assentados de reforma agr\u00e1ria, para que promovam pr\u00e1ticas que causem impactos positivos no meio ambiente aliados com contexto socioecon\u00f4mico e cultural. &nbsp; Alguns dos projetos desenvolvidos 1) Contrato firmado com a Usina Termel\u00e9trica Pampa Sul para implementa\u00e7\u00e3o [&hellip;]\" \/>\n<meta property=\"og:url\" content=\"https:\/\/padrejosimo.com.br\/site\/projetos\/educacao-ambiental\/\" \/>\n<meta property=\"og:site_name\" content=\"Instituto Cultural Padre Josimo\" \/>\n<meta property=\"article:modified_time\" content=\"2020-08-04T14:26:26+00:00\" \/>\n<meta property=\"og:image\" content=\"https:\/\/padrejosimo.com.br\/site\/wp-content\/uploads\/2025\/09\/cropped-icon-icpj.png\" \/>\n\t<meta property=\"og:image:width\" content=\"512\" \/>\n\t<meta property=\"og:image:height\" content=\"512\" \/>\n\t<meta property=\"og:image:type\" content=\"image\/png\" \/>\n<meta name=\"twitter:card\" content=\"summary_large_image\" \/>\n<meta name=\"twitter:label1\" content=\"Est. tempo de leitura\" \/>\n\t<meta name=\"twitter:data1\" content=\"1 minuto\" \/>\n<script type=\"application\/ld+json\" class=\"yoast-schema-graph\">{\"@context\":\"https:\/\/schema.org\",\"@graph\":[{\"@type\":\"WebPage\",\"@id\":\"https:\/\/padrejosimo.com.br\/site\/projetos\/educacao-ambiental\/\",\"url\":\"https:\/\/padrejosimo.com.br\/site\/projetos\/educacao-ambiental\/\",\"name\":\"Educa\u00e7\u00e3o Ambiental - Instituto Cultural Padre Josimo\",\"isPartOf\":{\"@id\":\"https:\/\/padrejosimo.com.br\/site\/#website\"},\"datePublished\":\"2020-08-04T13:51:46+00:00\",\"dateModified\":\"2020-08-04T14:26:26+00:00\",\"breadcrumb\":{\"@id\":\"https:\/\/padrejosimo.com.br\/site\/projetos\/educacao-ambiental\/#breadcrumb\"},\"inLanguage\":\"pt-BR\",\"potentialAction\":[{\"@type\":\"ReadAction\",\"target\":[\"https:\/\/padrejosimo.com.br\/site\/projetos\/educacao-ambiental\/\"]}]},{\"@type\":\"BreadcrumbList\",\"@id\":\"https:\/\/padrejosimo.com.br\/site\/projetos\/educacao-ambiental\/#breadcrumb\",\"itemListElement\":[{\"@type\":\"ListItem\",\"position\":1,\"name\":\"In\u00edcio\",\"item\":\"https:\/\/padrejosimo.com.br\/site\/\"},{\"@type\":\"ListItem\",\"position\":2,\"name\":\"Projetos\",\"item\":\"https:\/\/padrejosimo.com.br\/site\/projetos\/\"},{\"@type\":\"ListItem\",\"position\":3,\"name\":\"Educa\u00e7\u00e3o Ambiental\"}]},{\"@type\":\"WebSite\",\"@id\":\"https:\/\/padrejosimo.com.br\/site\/#website\",\"url\":\"https:\/\/padrejosimo.com.br\/site\/\",\"name\":\"Instituto Cultural Padre Josimo\",\"description\":\"Comprometida com a promo\u00e7\u00e3o da justi\u00e7a social, agroecologia e educa\u00e7\u00e3o popular\",\"publisher\":{\"@id\":\"https:\/\/padrejosimo.com.br\/site\/#organization\"},\"alternateName\":\"ICPJ\",\"potentialAction\":[{\"@type\":\"SearchAction\",\"target\":{\"@type\":\"EntryPoint\",\"urlTemplate\":\"https:\/\/padrejosimo.com.br\/site\/?s={search_term_string}\"},\"query-input\":{\"@type\":\"PropertyValueSpecification\",\"valueRequired\":true,\"valueName\":\"search_term_string\"}}],\"inLanguage\":\"pt-BR\"},{\"@type\":\"Organization\",\"@id\":\"https:\/\/padrejosimo.com.br\/site\/#organization\",\"name\":\"Instituto Cultural Padre Josimo\",\"alternateName\":\"ICPJ\",\"url\":\"https:\/\/padrejosimo.com.br\/site\/\",\"logo\":{\"@type\":\"ImageObject\",\"inLanguage\":\"pt-BR\",\"@id\":\"https:\/\/padrejosimo.com.br\/site\/#\/schema\/logo\/image\/\",\"url\":\"https:\/\/padrejosimo.com.br\/site\/wp-content\/uploads\/2025\/09\/cropped-icon-icpj.png\",\"contentUrl\":\"https:\/\/padrejosimo.com.br\/site\/wp-content\/uploads\/2025\/09\/cropped-icon-icpj.png\",\"width\":512,\"height\":512,\"caption\":\"Instituto Cultural Padre Josimo\"},\"image\":{\"@id\":\"https:\/\/padrejosimo.com.br\/site\/#\/schema\/logo\/image\/\"}}]}<\/script>\n<!-- \/ Yoast SEO plugin. -->","yoast_head_json":{"title":"Educa\u00e7\u00e3o Ambiental - Instituto Cultural Padre Josimo","robots":{"index":"index","follow":"follow","max-snippet":"max-snippet:-1","max-image-preview":"max-image-preview:large","max-video-preview":"max-video-preview:-1"},"canonical":"https:\/\/padrejosimo.com.br\/site\/projetos\/educacao-ambiental\/","og_locale":"pt_BR","og_type":"article","og_title":"Educa\u00e7\u00e3o Ambiental - Instituto Cultural Padre Josimo","og_description":"O que s\u00e3o as a\u00e7\u00f5es? Compreendem uma s\u00e9rie de atividades voltadas ao p\u00fablico rural, essencialmente pequenos agricultores e assentados de reforma agr\u00e1ria, para que promovam pr\u00e1ticas que causem impactos positivos no meio ambiente aliados com contexto socioecon\u00f4mico e cultural. &nbsp; Alguns dos projetos desenvolvidos 1) Contrato firmado com a Usina Termel\u00e9trica Pampa Sul para implementa\u00e7\u00e3o [&hellip;]","og_url":"https:\/\/padrejosimo.com.br\/site\/projetos\/educacao-ambiental\/","og_site_name":"Instituto Cultural Padre Josimo","article_modified_time":"2020-08-04T14:26:26+00:00","og_image":[{"width":512,"height":512,"url":"https:\/\/padrejosimo.com.br\/site\/wp-content\/uploads\/2025\/09\/cropped-icon-icpj.png","type":"image\/png"}],"twitter_card":"summary_large_image","twitter_misc":{"Est. tempo de leitura":"1 minuto"},"schema":{"@context":"https:\/\/schema.org","@graph":[{"@type":"WebPage","@id":"https:\/\/padrejosimo.com.br\/site\/projetos\/educacao-ambiental\/","url":"https:\/\/padrejosimo.com.br\/site\/projetos\/educacao-ambiental\/","name":"Educa\u00e7\u00e3o Ambiental - Instituto Cultural Padre Josimo","isPartOf":{"@id":"https:\/\/padrejosimo.com.br\/site\/#website"},"datePublished":"2020-08-04T13:51:46+00:00","dateModified":"2020-08-04T14:26:26+00:00","breadcrumb":{"@id":"https:\/\/padrejosimo.com.br\/site\/projetos\/educacao-ambiental\/#breadcrumb"},"inLanguage":"pt-BR","potentialAction":[{"@type":"ReadAction","target":["https:\/\/padrejosimo.com.br\/site\/projetos\/educacao-ambiental\/"]}]},{"@type":"BreadcrumbList","@id":"https:\/\/padrejosimo.com.br\/site\/projetos\/educacao-ambiental\/#breadcrumb","itemListElement":[{"@type":"ListItem","position":1,"name":"In\u00edcio","item":"https:\/\/padrejosimo.com.br\/site\/"},{"@type":"ListItem","position":2,"name":"Projetos","item":"https:\/\/padrejosimo.com.br\/site\/projetos\/"},{"@type":"ListItem","position":3,"name":"Educa\u00e7\u00e3o Ambiental"}]},{"@type":"WebSite","@id":"https:\/\/padrejosimo.com.br\/site\/#website","url":"https:\/\/padrejosimo.com.br\/site\/","name":"Instituto Cultural Padre Josimo","description":"Comprometida com a promo\u00e7\u00e3o da justi\u00e7a social, agroecologia e educa\u00e7\u00e3o popular","publisher":{"@id":"https:\/\/padrejosimo.com.br\/site\/#organization"},"alternateName":"ICPJ","potentialAction":[{"@type":"SearchAction","target":{"@type":"EntryPoint","urlTemplate":"https:\/\/padrejosimo.com.br\/site\/?s={search_term_string}"},"query-input":{"@type":"PropertyValueSpecification","valueRequired":true,"valueName":"search_term_string"}}],"inLanguage":"pt-BR"},{"@type":"Organization","@id":"https:\/\/padrejosimo.com.br\/site\/#organization","name":"Instituto Cultural Padre Josimo","alternateName":"ICPJ","url":"https:\/\/padrejosimo.com.br\/site\/","logo":{"@type":"ImageObject","inLanguage":"pt-BR","@id":"https:\/\/padrejosimo.com.br\/site\/#\/schema\/logo\/image\/","url":"https:\/\/padrejosimo.com.br\/site\/wp-content\/uploads\/2025\/09\/cropped-icon-icpj.png","contentUrl":"https:\/\/padrejosimo.com.br\/site\/wp-content\/uploads\/2025\/09\/cropped-icon-icpj.png","width":512,"height":512,"caption":"Instituto Cultural Padre Josimo"},"image":{"@id":"https:\/\/padrejosimo.com.br\/site\/#\/schema\/logo\/image\/"}}]}},"_links":{"self":[{"href":"https:\/\/padrejosimo.com.br\/site\/wp-json\/wp\/v2\/projetos\/3292","targetHints":{"allow":["GET"]}}],"collection":[{"href":"https:\/\/padrejosimo.com.br\/site\/wp-json\/wp\/v2\/projetos"}],"about":[{"href":"https:\/\/padrejosimo.com.br\/site\/wp-json\/wp\/v2\/types\/projetos"}],"wp:attachment":[{"href":"https:\/\/padrejosimo.com.br\/site\/wp-json\/wp\/v2\/media?parent=3292"}],"wp:term":[{"taxonomy":"categorias_projetos","embeddable":true,"href":"https:\/\/padrejosimo.com.br\/site\/wp-json\/wp\/v2\/categorias_projetos?post=3292"}],"curies":[{"name":"wp","href":"https:\/\/api.w.org\/{rel}","templated":true}]}}