{"id":3285,"date":"2020-08-04T10:05:27","date_gmt":"2020-08-04T13:05:27","guid":{"rendered":"https:\/\/padrejosimo.com.br\/site\/?post_type=projetos&#038;p=3285"},"modified":"2020-08-04T11:26:51","modified_gmt":"2020-08-04T14:26:51","slug":"assistencia-tecnica-e-extensao-rural","status":"publish","type":"projetos","link":"https:\/\/padrejosimo.com.br\/site\/projetos\/assistencia-tecnica-e-extensao-rural\/","title":{"rendered":"Assist\u00eancia T\u00e9cnica e Extens\u00e3o Rural"},"content":{"rendered":"<p><span style=\"font-size: 14pt;\"><strong>O que s\u00e3o os projetos?<\/strong><\/span><\/p>\n<p>Presta\u00e7\u00e3o de servi\u00e7os para pequenos e pequenas agricultores e agricultoras para contribuir na melhoria da produ\u00e7\u00e3o, renda, sustentabilidade ambiental e qualidade de vida das pessoas.<\/p>\n<p>&nbsp;<\/p>\n<p><span style=\"font-size: 14pt;\"><strong>Quais projetos foram desenvolvidos?<\/strong><\/span><\/p>\n<p>1) Projeto\u00a0 \u00a0de\u00a0 \u00a0Assist\u00eancia\u00a0 \u00a0T\u00e9cnica\u00a0 \u00a0e\u00a0 \u00a0Extens\u00e3o\u00a0 \u00a0Rural\u00a0 \u00a0&#8211;\u00a0 \u00a0Conv\u00eanio\u00a0 \u00a0006\/2006 com\u00a0 \u00a0Minist\u00e9rio\u00a0 \u00a0do Desenvolvimento Agr\u00e1rio atrav\u00e9s da Secretaria da Agricultura Familiar. Objetivo: promover a\u00e7\u00f5es de ATER para desenvolvimento de projetos de produ\u00e7\u00e3o de alimento, meio ambiente e energia em sistemas combinados. \u00a0\u00a0<\/p>\n<p>Beneficiados: 06 (seis) mil agricultores familiares.<\/p>\n<p>Abrang\u00eancia: Munic\u00edpios de 17 Estados do Brasil.\u00a0<\/p>\n<p>Per\u00edodo de execu\u00e7\u00e3o: fevereiro 2008 a julho 2009.<\/p>\n<p>&nbsp;<\/p>\n<p>2) Chamada P\u00fablica de ATER- CONTRATO N\u00ba 44\/2013. Assist\u00eancia T\u00e9cnica para agricultores familiares produtores de sementes crioulas e varietais, visando fomentar a produ\u00e7\u00e3o de sementes crioulas, projetos de gera\u00e7\u00e3o de renda e acesso a pol\u00edticas p\u00fablicas, como estrat\u00e9gicas para contribuir no fortalecimento da agricultura familiar.<\/p>\n<p>Benefici\u00e1rios: 500 agricultores familiares em 23 munic\u00edpios do RS.<\/p>\n<p>Per\u00edodo: junho de 2013 a janeiro de 2015.<\/p>\n<p>&nbsp;<\/p>\n<p>3) Chamada P\u00fablica SAF\/ATER n\u00ba 13\/2013 \u2013 CONTRATO N\u00ba 36\/2014. Prestar servi\u00e7o de assist\u00eancia t\u00e9cnica e extens\u00e3o rural qualificado visando construir e consolidar estrat\u00e9gias populares sustent\u00e1veis, nos aspectos social, t\u00e9cnico, econ\u00f4mico, ecol\u00f3gico, para a transi\u00e7\u00e3o agroecol\u00f3gica atrav\u00e9s de pr\u00e1ticas agr\u00edcolas e agropecu\u00e1rias, promovendo a diversifica\u00e7\u00e3o produtiva, a organiza\u00e7\u00e3o e comercializa\u00e7\u00e3o da produ\u00e7\u00e3o e a agrega\u00e7\u00e3o de valor<\/p>\n<p>Benefici\u00e1rios: 600 agricultores familiares em 21 munic\u00edpios do estado do Rio Grande do Sul<\/p>\n<p>Per\u00edodo de agosto de 2014 a novembro de 2017.<\/p>\n<p>&nbsp;<\/p>\n<p>4) Chamada P\u00fablica ANATER 04\/2018 e Contrato 038\/2018, cujo objeto \u00e9 a presta\u00e7\u00e3o de servi\u00e7o de assist\u00eancia t\u00e9cnica e extens\u00e3o rural para fam\u00edlias agriculturas, as quais produzem tabaco, com a finalidade de trabalhar alternativas de diversifica\u00e7\u00e3o produtiva.<\/p>\n<p>Benefici\u00e1rios: 960 agricultores familiares em 8 munic\u00edpios do RS<\/p>\n<p>Per\u00edodo: outubro de 2018 a dezembro de 2020<\/p>\n<p>&nbsp;<\/p>\n<p>5) Conv\u00eanio de Coopera\u00e7\u00e3o T\u00e9cnica Financeira com a Prefeitura Municipal de Candiota para executar o Projeto de apoio \u00e0 produ\u00e7\u00e3o agropecu\u00e1ria e diversifica\u00e7\u00e3o da produ\u00e7\u00e3o de alimentos e energia no munic\u00edpio de Candiota.<\/p>\n<p>Benefici\u00e1rios: 520 fam\u00edlias de agricultores assentados.<\/p>\n<p>Per\u00edodo: ano de 2012.<\/p>\n<p>&nbsp;<\/p>\n<p>6) Contrato 026\/2016 com a Prefeitura Municipal de Candiota de presta\u00e7\u00e3o de servi\u00e7o de assist\u00eancia t\u00e9cnica atrav\u00e9s de visitas t\u00e9cnicas domiciliares e execu\u00e7\u00e3o de curso de capacita\u00e7\u00e3o para implanta\u00e7\u00e3o e manejo de parreirais.<\/p>\n<p>Benefici\u00e1rios: 30 fam\u00edlias de agricultores e agricultoras.<\/p>\n<p>Per\u00edodo: segundo semestre de 2016<\/p>\n<p>&nbsp;<\/p>\n<p>7) Contrato com o SEBRAE \u2013 Projeto de Diversifica\u00e7\u00e3o das Propriedades Familiares. Obetivo: Despertar nos \u00a0agricultores(as) familiares \u00a0a\u00a0 import\u00e2ncia do auto-sustento assim como, organizar um viveiro de produ\u00e7\u00e3o de sementes e mudas (crioulas e varietais), um horto medicinal, um pomar dom\u00e9stico e um centro de produ\u00e7\u00e3o de adubos org\u00e2nicos na \u00e1rea de produ\u00e7\u00e3o da COOPERFUMOS que servira para a forma\u00e7\u00e3o, al\u00e9m de desenvolver experi\u00eancias pr\u00e1ticas de produ\u00e7\u00e3o com os agricultores\/as familiares<\/p>\n<p>Benefici\u00e1rios: Mais de 1000 agricultores familiares das regi\u00f5es do Vale do Rio Pardo, Vale do Taquari e Litoral Norte.\u00a0 \u00a0<\/p>\n<p>Per\u00edodo: novembro de 2009 a dezembro de 2011<\/p>\n<p>&nbsp;<\/p>\n<p>8) Contrato com a Companhia Riograndense de Minera\u00e7\u00e3o \u2013 CRM para executar o &#8220;Projeto de Apoio ao Desenvolvimento de Atividades Socioambientais e de diversifica\u00e7\u00e3o da produ\u00e7\u00e3o nos munic\u00edpios de Candiota, Hulha Negra e Acegu\u00e1.<\/p>\n<p>Per\u00edodo: 2012.<\/p>\n<p>&nbsp;<\/p>\n<p>9) Contrato 038\/2019 celebrado com o Munic\u00edpio de Candiota para desenvolver o projeto \u201cAgroecologia e Sustentabilidade Alimentar\u201d.<\/p>\n<p>Benefici\u00e1rios: 400 agricultores assentados de reforma agr\u00e1ria do munic\u00edpio.<\/p>\n<p>Per\u00edodo de Junho 2019 Mar\u00e7o de 2020<\/p>\n","protected":false},"excerpt":{"rendered":"<p>O que s\u00e3o os projetos? Presta\u00e7\u00e3o de servi\u00e7os para pequenos e pequenas agricultores e agricultoras para contribuir na melhoria da produ\u00e7\u00e3o, renda, sustentabilidade ambiental e qualidade de vida das pessoas. &nbsp; Quais projetos foram desenvolvidos? 1) Projeto\u00a0 \u00a0de\u00a0 \u00a0Assist\u00eancia\u00a0 \u00a0T\u00e9cnica\u00a0 \u00a0e\u00a0 \u00a0Extens\u00e3o\u00a0 \u00a0Rural\u00a0 \u00a0&#8211;\u00a0 \u00a0Conv\u00eanio\u00a0 \u00a0006\/2006 com\u00a0 \u00a0Minist\u00e9rio\u00a0 \u00a0do Desenvolvimento Agr\u00e1rio atrav\u00e9s da Secretaria da [&hellip;]<\/p>\n","protected":false},"featured_media":0,"template":"","categorias_projetos":[10],"class_list":["post-3285","projetos","type-projetos","status-publish","hentry","categorias_projetos-socioambientais"],"acf":[],"yoast_head":"<!-- This site is optimized with the Yoast SEO plugin v27.2 - https:\/\/yoast.com\/product\/yoast-seo-wordpress\/ -->\n<title>Assist\u00eancia T\u00e9cnica e Extens\u00e3o Rural - Instituto Cultural Padre Josimo<\/title>\n<meta name=\"robots\" content=\"index, follow, max-snippet:-1, max-image-preview:large, max-video-preview:-1\" \/>\n<link rel=\"canonical\" href=\"https:\/\/padrejosimo.com.br\/site\/projetos\/assistencia-tecnica-e-extensao-rural\/\" \/>\n<meta property=\"og:locale\" content=\"pt_BR\" \/>\n<meta property=\"og:type\" content=\"article\" \/>\n<meta property=\"og:title\" content=\"Assist\u00eancia T\u00e9cnica e Extens\u00e3o Rural - Instituto Cultural Padre Josimo\" \/>\n<meta property=\"og:description\" content=\"O que s\u00e3o os projetos? Presta\u00e7\u00e3o de servi\u00e7os para pequenos e pequenas agricultores e agricultoras para contribuir na melhoria da produ\u00e7\u00e3o, renda, sustentabilidade ambiental e qualidade de vida das pessoas. &nbsp; Quais projetos foram desenvolvidos? 1) Projeto\u00a0 \u00a0de\u00a0 \u00a0Assist\u00eancia\u00a0 \u00a0T\u00e9cnica\u00a0 \u00a0e\u00a0 \u00a0Extens\u00e3o\u00a0 \u00a0Rural\u00a0 \u00a0&#8211;\u00a0 \u00a0Conv\u00eanio\u00a0 \u00a0006\/2006 com\u00a0 \u00a0Minist\u00e9rio\u00a0 \u00a0do Desenvolvimento Agr\u00e1rio atrav\u00e9s da Secretaria da [&hellip;]\" \/>\n<meta property=\"og:url\" content=\"https:\/\/padrejosimo.com.br\/site\/projetos\/assistencia-tecnica-e-extensao-rural\/\" \/>\n<meta property=\"og:site_name\" content=\"Instituto Cultural Padre Josimo\" \/>\n<meta property=\"article:modified_time\" content=\"2020-08-04T14:26:51+00:00\" \/>\n<meta property=\"og:image\" content=\"https:\/\/padrejosimo.com.br\/site\/wp-content\/uploads\/2025\/09\/cropped-icon-icpj.png\" \/>\n\t<meta property=\"og:image:width\" content=\"512\" \/>\n\t<meta property=\"og:image:height\" content=\"512\" \/>\n\t<meta property=\"og:image:type\" content=\"image\/png\" \/>\n<meta name=\"twitter:card\" content=\"summary_large_image\" \/>\n<meta name=\"twitter:label1\" content=\"Est. tempo de leitura\" \/>\n\t<meta name=\"twitter:data1\" content=\"3 minutos\" \/>\n<script type=\"application\/ld+json\" class=\"yoast-schema-graph\">{\"@context\":\"https:\/\/schema.org\",\"@graph\":[{\"@type\":\"WebPage\",\"@id\":\"https:\/\/padrejosimo.com.br\/site\/projetos\/assistencia-tecnica-e-extensao-rural\/\",\"url\":\"https:\/\/padrejosimo.com.br\/site\/projetos\/assistencia-tecnica-e-extensao-rural\/\",\"name\":\"Assist\u00eancia T\u00e9cnica e Extens\u00e3o Rural - Instituto Cultural Padre Josimo\",\"isPartOf\":{\"@id\":\"https:\/\/padrejosimo.com.br\/site\/#website\"},\"datePublished\":\"2020-08-04T13:05:27+00:00\",\"dateModified\":\"2020-08-04T14:26:51+00:00\",\"breadcrumb\":{\"@id\":\"https:\/\/padrejosimo.com.br\/site\/projetos\/assistencia-tecnica-e-extensao-rural\/#breadcrumb\"},\"inLanguage\":\"pt-BR\",\"potentialAction\":[{\"@type\":\"ReadAction\",\"target\":[\"https:\/\/padrejosimo.com.br\/site\/projetos\/assistencia-tecnica-e-extensao-rural\/\"]}]},{\"@type\":\"BreadcrumbList\",\"@id\":\"https:\/\/padrejosimo.com.br\/site\/projetos\/assistencia-tecnica-e-extensao-rural\/#breadcrumb\",\"itemListElement\":[{\"@type\":\"ListItem\",\"position\":1,\"name\":\"In\u00edcio\",\"item\":\"https:\/\/padrejosimo.com.br\/site\/\"},{\"@type\":\"ListItem\",\"position\":2,\"name\":\"Projetos\",\"item\":\"https:\/\/padrejosimo.com.br\/site\/projetos\/\"},{\"@type\":\"ListItem\",\"position\":3,\"name\":\"Assist\u00eancia T\u00e9cnica e Extens\u00e3o Rural\"}]},{\"@type\":\"WebSite\",\"@id\":\"https:\/\/padrejosimo.com.br\/site\/#website\",\"url\":\"https:\/\/padrejosimo.com.br\/site\/\",\"name\":\"Instituto Cultural Padre Josimo\",\"description\":\"Comprometida com a promo\u00e7\u00e3o da justi\u00e7a social, agroecologia e educa\u00e7\u00e3o popular\",\"publisher\":{\"@id\":\"https:\/\/padrejosimo.com.br\/site\/#organization\"},\"alternateName\":\"ICPJ\",\"potentialAction\":[{\"@type\":\"SearchAction\",\"target\":{\"@type\":\"EntryPoint\",\"urlTemplate\":\"https:\/\/padrejosimo.com.br\/site\/?s={search_term_string}\"},\"query-input\":{\"@type\":\"PropertyValueSpecification\",\"valueRequired\":true,\"valueName\":\"search_term_string\"}}],\"inLanguage\":\"pt-BR\"},{\"@type\":\"Organization\",\"@id\":\"https:\/\/padrejosimo.com.br\/site\/#organization\",\"name\":\"Instituto Cultural Padre Josimo\",\"alternateName\":\"ICPJ\",\"url\":\"https:\/\/padrejosimo.com.br\/site\/\",\"logo\":{\"@type\":\"ImageObject\",\"inLanguage\":\"pt-BR\",\"@id\":\"https:\/\/padrejosimo.com.br\/site\/#\/schema\/logo\/image\/\",\"url\":\"https:\/\/padrejosimo.com.br\/site\/wp-content\/uploads\/2025\/09\/cropped-icon-icpj.png\",\"contentUrl\":\"https:\/\/padrejosimo.com.br\/site\/wp-content\/uploads\/2025\/09\/cropped-icon-icpj.png\",\"width\":512,\"height\":512,\"caption\":\"Instituto Cultural Padre Josimo\"},\"image\":{\"@id\":\"https:\/\/padrejosimo.com.br\/site\/#\/schema\/logo\/image\/\"}}]}<\/script>\n<!-- \/ Yoast SEO plugin. -->","yoast_head_json":{"title":"Assist\u00eancia T\u00e9cnica e Extens\u00e3o Rural - Instituto Cultural Padre Josimo","robots":{"index":"index","follow":"follow","max-snippet":"max-snippet:-1","max-image-preview":"max-image-preview:large","max-video-preview":"max-video-preview:-1"},"canonical":"https:\/\/padrejosimo.com.br\/site\/projetos\/assistencia-tecnica-e-extensao-rural\/","og_locale":"pt_BR","og_type":"article","og_title":"Assist\u00eancia T\u00e9cnica e Extens\u00e3o Rural - Instituto Cultural Padre Josimo","og_description":"O que s\u00e3o os projetos? Presta\u00e7\u00e3o de servi\u00e7os para pequenos e pequenas agricultores e agricultoras para contribuir na melhoria da produ\u00e7\u00e3o, renda, sustentabilidade ambiental e qualidade de vida das pessoas. &nbsp; Quais projetos foram desenvolvidos? 1) Projeto\u00a0 \u00a0de\u00a0 \u00a0Assist\u00eancia\u00a0 \u00a0T\u00e9cnica\u00a0 \u00a0e\u00a0 \u00a0Extens\u00e3o\u00a0 \u00a0Rural\u00a0 \u00a0&#8211;\u00a0 \u00a0Conv\u00eanio\u00a0 \u00a0006\/2006 com\u00a0 \u00a0Minist\u00e9rio\u00a0 \u00a0do Desenvolvimento Agr\u00e1rio atrav\u00e9s da Secretaria da [&hellip;]","og_url":"https:\/\/padrejosimo.com.br\/site\/projetos\/assistencia-tecnica-e-extensao-rural\/","og_site_name":"Instituto Cultural Padre Josimo","article_modified_time":"2020-08-04T14:26:51+00:00","og_image":[{"width":512,"height":512,"url":"https:\/\/padrejosimo.com.br\/site\/wp-content\/uploads\/2025\/09\/cropped-icon-icpj.png","type":"image\/png"}],"twitter_card":"summary_large_image","twitter_misc":{"Est. tempo de leitura":"3 minutos"},"schema":{"@context":"https:\/\/schema.org","@graph":[{"@type":"WebPage","@id":"https:\/\/padrejosimo.com.br\/site\/projetos\/assistencia-tecnica-e-extensao-rural\/","url":"https:\/\/padrejosimo.com.br\/site\/projetos\/assistencia-tecnica-e-extensao-rural\/","name":"Assist\u00eancia T\u00e9cnica e Extens\u00e3o Rural - Instituto Cultural Padre Josimo","isPartOf":{"@id":"https:\/\/padrejosimo.com.br\/site\/#website"},"datePublished":"2020-08-04T13:05:27+00:00","dateModified":"2020-08-04T14:26:51+00:00","breadcrumb":{"@id":"https:\/\/padrejosimo.com.br\/site\/projetos\/assistencia-tecnica-e-extensao-rural\/#breadcrumb"},"inLanguage":"pt-BR","potentialAction":[{"@type":"ReadAction","target":["https:\/\/padrejosimo.com.br\/site\/projetos\/assistencia-tecnica-e-extensao-rural\/"]}]},{"@type":"BreadcrumbList","@id":"https:\/\/padrejosimo.com.br\/site\/projetos\/assistencia-tecnica-e-extensao-rural\/#breadcrumb","itemListElement":[{"@type":"ListItem","position":1,"name":"In\u00edcio","item":"https:\/\/padrejosimo.com.br\/site\/"},{"@type":"ListItem","position":2,"name":"Projetos","item":"https:\/\/padrejosimo.com.br\/site\/projetos\/"},{"@type":"ListItem","position":3,"name":"Assist\u00eancia T\u00e9cnica e Extens\u00e3o Rural"}]},{"@type":"WebSite","@id":"https:\/\/padrejosimo.com.br\/site\/#website","url":"https:\/\/padrejosimo.com.br\/site\/","name":"Instituto Cultural Padre Josimo","description":"Comprometida com a promo\u00e7\u00e3o da justi\u00e7a social, agroecologia e educa\u00e7\u00e3o popular","publisher":{"@id":"https:\/\/padrejosimo.com.br\/site\/#organization"},"alternateName":"ICPJ","potentialAction":[{"@type":"SearchAction","target":{"@type":"EntryPoint","urlTemplate":"https:\/\/padrejosimo.com.br\/site\/?s={search_term_string}"},"query-input":{"@type":"PropertyValueSpecification","valueRequired":true,"valueName":"search_term_string"}}],"inLanguage":"pt-BR"},{"@type":"Organization","@id":"https:\/\/padrejosimo.com.br\/site\/#organization","name":"Instituto Cultural Padre Josimo","alternateName":"ICPJ","url":"https:\/\/padrejosimo.com.br\/site\/","logo":{"@type":"ImageObject","inLanguage":"pt-BR","@id":"https:\/\/padrejosimo.com.br\/site\/#\/schema\/logo\/image\/","url":"https:\/\/padrejosimo.com.br\/site\/wp-content\/uploads\/2025\/09\/cropped-icon-icpj.png","contentUrl":"https:\/\/padrejosimo.com.br\/site\/wp-content\/uploads\/2025\/09\/cropped-icon-icpj.png","width":512,"height":512,"caption":"Instituto Cultural Padre Josimo"},"image":{"@id":"https:\/\/padrejosimo.com.br\/site\/#\/schema\/logo\/image\/"}}]}},"_links":{"self":[{"href":"https:\/\/padrejosimo.com.br\/site\/wp-json\/wp\/v2\/projetos\/3285","targetHints":{"allow":["GET"]}}],"collection":[{"href":"https:\/\/padrejosimo.com.br\/site\/wp-json\/wp\/v2\/projetos"}],"about":[{"href":"https:\/\/padrejosimo.com.br\/site\/wp-json\/wp\/v2\/types\/projetos"}],"wp:attachment":[{"href":"https:\/\/padrejosimo.com.br\/site\/wp-json\/wp\/v2\/media?parent=3285"}],"wp:term":[{"taxonomy":"categorias_projetos","embeddable":true,"href":"https:\/\/padrejosimo.com.br\/site\/wp-json\/wp\/v2\/categorias_projetos?post=3285"}],"curies":[{"name":"wp","href":"https:\/\/api.w.org\/{rel}","templated":true}]}}