{"id":127,"date":"2017-04-08T17:40:39","date_gmt":"2017-04-08T20:40:39","guid":{"rendered":"http:\/\/bagual.com.br\/site\/?post_type=projetos&#038;p=127"},"modified":"2020-08-04T09:56:01","modified_gmt":"2020-08-04T12:56:01","slug":"fraternidade-padre-josimo","status":"publish","type":"projetos","link":"https:\/\/padrejosimo.com.br\/site\/projetos\/fraternidade-padre-josimo\/","title":{"rendered":"Fraternidade Padre Josimo"},"content":{"rendered":"<p style=\"text-align: center;\"><strong>FRATERNIDADE PADRE JOSIMO\u00a0 <\/strong><\/p>\n<p style=\"text-align: center;\"><strong>\u00a0<\/strong><strong>Assentamento Conquista da Fronteira &#8211; Hulha Negra <\/strong><\/p>\n<p style=\"text-align: center;\"><strong>\u00a0<\/strong><strong>VIDA RELIGIOSA E EVANGELIZA\u00c7\u00c3O INSERIDA<\/strong><\/p>\n<p style=\"text-align: justify;\"><strong>\u00a0<\/strong><\/p>\n<p style=\"text-align: justify;\"><strong>1 &#8211; Tentativas da Fraternidade Padre Josimo<\/strong><\/p>\n<p style=\"text-align: justify;\">Este texto\/relat\u00f3rio tem o objetivo de compartilhar com os confrades um pouco da experi\u00eancia e das tentativas da Fraternidade Padre Josimo, inserida no meio rural, quanto \u00e0 viv\u00eancia da vida religiosa franciscana\/capuchinha\/sclabriniana e da evangeliza\u00e7\u00e3o junto \u00e0s fam\u00edlias camponesas pobres, suas comunidades e seus movimentos sociais.<\/p>\n<p style=\"text-align: justify;\"><strong>\u00a0<\/strong><\/p>\n<p style=\"text-align: justify;\"><strong>2 &#8211; \u00a0Inser\u00e7\u00e3o, Itiner\u00e2ncia e Solidariedade<\/strong><\/p>\n<p style=\"text-align: justify;\">A Fraternidade Padre Josimo procura ser uma comunidade religiosa franciscana\/scalabriniana inserida e itinerante nos meios pobres, mission\u00e1ria, em processo de evangeliza\u00e7\u00e3o, ligada aos movimentos sociais camponeses que lutam pela Reforma Agr\u00e1ria e pela perman\u00eancia dos camponeses no campo, contribuindo para melhorar sua condi\u00e7\u00e3o de vida, procurando viver no meio deles. Por isto a decis\u00e3o de viver num assentamento e conviver no dia a dia junto com os assentados, acampados, pequenos agricultores e camponeses em geral, seus movimentos sociais e suas lutas. Busca fazer da solidariedade com suas vidas e suas lutas um pequeno e singelo testemunho de presen\u00e7a da Igreja de Jesus e dos Carismas de Vida Religiosa junto aos pobres do campo.<\/p>\n<p style=\"text-align: justify;\">\u00a0<\/p>\n<p style=\"text-align: justify;\"><strong>3 &#8211; Presen\u00e7a Capuchinha, Scalabriniana e Franciscana na Diocese de Bag\u00e9 e na Fraternidade Padre Josimo<\/strong><\/p>\n<p style=\"text-align: justify;\">No ano de 1943 os frades Capuchinhos chegaram \u00e0 cidade de Bag\u00e9, onde se encontram at\u00e9 hoje atuando na pastoral paroquial, pastoral da sa\u00fade e projetos sociais.<\/p>\n<p style=\"text-align: justify;\">Em 1983 a Prov\u00edncia Scalabriniana S\u00e3o Pedro assumiu a Par\u00f3quia Sagrado Cora\u00e7\u00e3o de Jesus em Candiota, devido a grande presen\u00e7a de migrantes em projetos de gera\u00e7\u00e3o energia a base de carv\u00e3o.<\/p>\n<p style=\"text-align: justify;\">No dia 04 de mar\u00e7o de 1990, ap\u00f3s contatos e estudos junto com a Diocese de Bag\u00e9 e com a organiza\u00e7\u00e3o dos agricultores assentados, chegaram em Hulha Negra, ent\u00e3o distrito de Bag\u00e9, os freis Ant\u00f4nio Mariani e Jo\u00e3o Renato Puhl, iniciando a presen\u00e7a da Prov\u00edncia S\u00e3o Francisco de Assis (OFM) nas desafiadoras terras fronteiri\u00e7as.<\/p>\n<p style=\"text-align: justify;\">A Prov\u00edncia assumiu a Par\u00f3quia S\u00e3o Jos\u00e9 de Hulha Negra e os frades se depararam com uma realidade diversa das encontradas em outros locais de presen\u00e7a no Rio Grande do Sul. \u00a0<\/p>\n<p style=\"text-align: justify;\">Na Par\u00f3quia, j\u00e1 h\u00e1 anos sem padre, uma comunidade de Religiosas atendia o povo. Com a chegada dos frades, deram por cumprida sua miss\u00e3o e foram para outras paragens.<\/p>\n<p style=\"text-align: justify;\">Em mar\u00e7o de 2002 o Frei Capuchinho Wilson Zanatta chegou a Hulha Negra para iniciar trabalho social e pastoral com as fam\u00edlias assentadas e com o Movimento Sem Terra, iniciando as articula\u00e7\u00f5es para a vinda da Fraternidade Padre Josimo, que se instalou no Assentamento Conquista da Fronteira em Hulha Negra em mar\u00e7o do ano de 2006.<\/p>\n<p style=\"text-align: justify;\">\u00a0\u00a0\u00a0\u00a0\u00a0\u00a0\u00a0\u00a0\u00a0\u00a0\u00a0<\/p>\n<p style=\"text-align: justify;\"><strong>4 &#8211; Flashes da Realidade S\u00f3cio-Econ\u00f4mico-Pol\u00edtica<\/strong><\/p>\n<p style=\"text-align: justify;\">&#8211; Emancipa\u00e7\u00f5es Pol\u00edticas \u2013 Hulha Negra e Candiota emanciparam de Bag\u00e9 em 1992 e Acegu\u00e1 em 1996;<\/p>\n<p style=\"text-align: justify;\">&#8211; Campanha \u2013 grandes fazendas de gado, algumas com alto grau de moderniza\u00e7\u00e3o, outras no velho sistema antigo do \u201cextrativismo bovino\u201d;<\/p>\n<p style=\"text-align: justify;\">&#8211; Povo\u00a0 tradicional da fronteira, com seus costumes t\u00edpicos da hist\u00f3ria da regi\u00e3o;<\/p>\n<p style=\"text-align: justify;\">&#8211; Cultura de Fronteira \u2013 proximidade com o Uruguai, hist\u00f3ria de disputa de territ\u00f3rio, presen\u00e7a militar ainda significativa na regi\u00e3o (quart\u00e9is);<\/p>\n<p style=\"text-align: justify;\">&#8211; Col\u00f4nias alem\u00e3s, constitu\u00eddas ap\u00f3s a primeira e segunda guerra mundial, com agricultura familiar forte (leite, trigo, ovelhas, milho, subsist\u00eancia);<\/p>\n<p style=\"text-align: justify;\">&#8211; Plantio de arroz \u2013 as v\u00e1rzeas tomadas pelo plantio de arroz irrigado, atrav\u00e9s de arrendamento em grandes propriedades, realizado por fam\u00edlias vindas de outras regi\u00f5es do RS ( maioria da regi\u00e3o central do estado);<\/p>\n<p style=\"text-align: justify;\">&#8211; Frigor\u00edficos \u2013 novo impulso com as exporta\u00e7\u00f5es de carne, gerando muitos empregos em Hulha Negra;<\/p>\n<p style=\"text-align: justify;\">&#8211; Minera\u00e7\u00e3o e Gera\u00e7\u00e3o Termoel\u00e9trica a carv\u00e3o \u2013 realidade forte em Candiota, com extra\u00e7\u00e3o de carv\u00e3o, produ\u00e7\u00e3o de cimento e grandes usinas termoel\u00e9tricas, com investimentos em expans\u00e3o, muitos empregos gerados na constru\u00e7\u00e3o das usinas (poucos quando em opera\u00e7\u00e3o), muitos migrantes (constru\u00e7\u00e3o da fase C da CGTEE envolveu 4.500 trabalhadores) e h\u00e1 mais tr\u00eas termoel\u00e9tricas projetadas para os pr\u00f3ximos 10 anos;<\/p>\n<p style=\"text-align: justify;\">&#8211; Novos assentamentos constitu\u00eddos ap\u00f3s fortes conflitos de terra (Santa Elmira e Pra\u00e7a da Matriz, por exemplo) no norte do Estado e na Capital em 1989 e 1990, chegando \u00e0 regi\u00e3o sem as devidas condi\u00e7\u00f5es de instala\u00e7\u00e3o, com pessoas e culturas t\u00edpicas dos pequenos agricultores do norte do RS;<\/p>\n<p style=\"text-align: justify;\">&#8211; Amplia\u00e7\u00e3o da Reforma Agr\u00e1ria &#8211; expans\u00e3o dos assentamentos, somando hoje\u00a0 53 nos munic\u00edpios de Candiota, Hulha Negra e Acegu\u00e1, com 47 comunidades constitu\u00eddas ou em constitui\u00e7\u00e3o, mais de 2.000 fam\u00edlias, muitos jovens.<\/p>\n<p style=\"text-align: justify;\">-Avan\u00e7o das monoculturas de eucalipto e ac\u00e1cia no in\u00edcio do s\u00e9culo XXI. Esta expans\u00e3o estagnou com a crise econ\u00f4mica mundial de 2009.<\/p>\n<p style=\"text-align: justify;\">&#8211; A partir de 2012 h\u00e1 grande avan\u00e7o do monocultivo da soja na regi\u00e3o, ocupando espa\u00e7o da pecu\u00e1ria tradicional e at\u00e9 de v\u00e1rzeas antes cultivadas com arroz.<\/p>\n<p style=\"text-align: justify;\">&#8211; Assentamentos de Reforma Agr\u00e1ria &#8211; recupera\u00e7\u00e3o e regenera\u00e7\u00e3o de \u00e1reas degradadas, plantio de \u00e1rvores nativas em assentamentos e \u00e1reas de preserva\u00e7\u00e3o, promo\u00e7\u00e3o da agrobiodiversidade e da biodiversidade, produ\u00e7\u00e3o de sementes e mudas de variedade crioulas, produ\u00e7\u00e3o de sementes agroecol\u00f3gicas, recupera\u00e7\u00e3o de fontes e nascentes, ampla sabedoria em cultivo e uso de plantas medicinais, pecu\u00e1ria familiar (gado e ovelha) e produ\u00e7\u00e3o de leite com pastagens naturais, formatos sustent\u00e1veis, alta diversifica\u00e7\u00e3o produtiva na agricultura camponesa e promo\u00e7\u00e3o da economia solid\u00e1ria.<\/p>\n<p style=\"text-align: justify;\">\u00a0<\/p>\n<p style=\"text-align: justify;\"><strong>5 &#8211; Flashes da Realidade Pastoral<\/strong><\/p>\n<p style=\"text-align: justify;\">Par\u00f3quia de Hulha Negra, S\u00e3o Jos\u00e9 \u2013 08 comunidades, duas em assentamentos. Tr\u00eas realidades distintas: cidade, col\u00f4nias e assentamentos.<\/p>\n<p style=\"text-align: justify;\">Par\u00f3quia de Candiota \u2013 11 comunidades, sendo 03 em assentamentos. Cidade com grande popula\u00e7\u00e3o migrante por conta dos investimentos federais (trabalhadores na constru\u00e7\u00e3o das usinas). \u00caxodo rural, popula\u00e7\u00e3o inst\u00e1vel, trabalhadores na ind\u00fastria cimenteira, na minera\u00e7\u00e3o e na usina termoel\u00e9trica. H\u00e1 presen\u00e7a de cidad\u00e3os chineses por conta de parceria na constru\u00e7\u00e3o e opera\u00e7\u00e3o da fase C da usina termoel\u00e9trica e da Usina Pampa Sul.<\/p>\n<p style=\"text-align: justify;\">Rede de Comunidades Santo Isidoro \u2013 Atendida pela Fraternidade Padre Josimo, composta por um Padre Carlista, um frade capuchinho e um frade ofm. \u2013 42 comunidades de assentamentos, maioria em processo de reconstitui\u00e7\u00e3o, grande diversidade cultural e religiosa, reconstru\u00e7\u00e3o da vida social e econ\u00f4mica, muita presen\u00e7a jovem ( mais de 1.400 jovens nas escolas dos assentamentos).<\/p>\n<p style=\"text-align: justify;\">No conjunto das tr\u00eas realidades, em termos pastorais, para a maioria, \u00e9 situa\u00e7\u00e3o de \u201cprimeiro an\u00fancio\u201d, situa\u00e7\u00e3o tipicamente mission\u00e1ria.<\/p>\n<p style=\"text-align: justify;\">\u00a0<\/p>\n<p style=\"text-align: justify;\"><strong>6 &#8211; Flashes da Realidade Diocesana<\/strong><\/p>\n<p style=\"text-align: justify;\">&#8211; Car\u00eancia de clero e voca\u00e7\u00f5es;<\/p>\n<p style=\"text-align: justify;\">&#8211; Dificuldades financeiras, povo e comunidades muito pobres;<\/p>\n<p style=\"text-align: justify;\">&#8211; Nas outras regi\u00f5es da diocese, popula\u00e7\u00e3o concentrada em cidades e latif\u00fandio tomando contas das \u00e1reas rurais;<\/p>\n<p style=\"text-align: justify;\">&#8211; Forte presen\u00e7a militar por ser regi\u00e3o de fronteira e durante muitos anos o soldo militar e os investimentos nos quart\u00e9is sustentou a economia da regi\u00e3o;<\/p>\n<p style=\"text-align: justify;\">&#8211; Pouca presen\u00e7a de congrega\u00e7\u00f5es religiosas masculinas;<\/p>\n<p style=\"text-align: justify;\">&#8211; Clero insuficiente para as necessidades da diocese.<\/p>\n<p style=\"text-align: justify;\">\u00a0<\/p>\n<p style=\"text-align: justify;\"><strong>7 \u2013 Sinais de Esperan\u00e7a no Bioma Pampa<\/strong><\/p>\n<p style=\"text-align: justify;\">Constatamos no Pampa, e delas participamos de variadas formas, importantes a\u00e7\u00f5es de desenvolvimento sustent\u00e1vel e resist\u00eancia popular indicadoras de um processo de luta de longo prazo para preservar o Pampa em suas caracter\u00edsticas originais em conviv\u00eancia harmoniosa entre ser humano e natureza, tais como: vigoroso movimento de Economia Solid\u00e1ria ( liderado em grande parte pela Diocese de Santa Maria, mas presente em toda a regi\u00e3o), assentamentos de Reforma Agr\u00e1ria, recupera\u00e7\u00e3o e regenera\u00e7\u00e3o de \u00e1reas degradadas, plantio de \u00e1rvores nativas em assentamentos e \u00e1reas de preserva\u00e7\u00e3o, promo\u00e7\u00e3o da agrobiodiversidade e da biodiversidade, produ\u00e7\u00e3o de carne de qualidade em harmonia com a vegeta\u00e7\u00e3o natural com a pecu\u00e1ria familiar no Alto Camaqu\u00e3, produ\u00e7\u00e3o de sementes e mudas de variedade crioulas, produ\u00e7\u00e3o de sementes agroecol\u00f3gicas, recupera\u00e7\u00e3o de fontes e nascentes, pesquisas voltadas a agricultura ecol\u00f3gica e sustent\u00e1vel atrav\u00e9s da Esta\u00e7\u00e3o Cient\u00edfica da Embrapa Clima Temperado, ampla sabedoria em cultivo e uso de plantas medicinais, pecu\u00e1ria familiar (gado e ovelha) e produ\u00e7\u00e3o de leite com pastagens naturais e formatos sustent\u00e1veis, alta diversifica\u00e7\u00e3o produtiva na agricultura camponesa. Existem v\u00e1rios quilombos preservando e resgatando valores culturais e produtivos, resgatando identidade e se afirmando no cen\u00e1rio pol\u00edtico local.<\/p>\n<p style=\"text-align: justify;\">Constata-se crescente organiza\u00e7\u00e3o social e desenvolvimento da cidadania e das lutas sociais tanto no campo como nas cidades, com Movimentos Sociais (MST, MPA, Quilombolas) e Sindicalismo Urbano (metal\u00fargicos, mineiros, eletricit\u00e1rios, comerci\u00e1rios, sa\u00fade, professores&#8230;) com sinais de avan\u00e7o e fortalecimento.<\/p>\n<p style=\"text-align: justify;\">Destaca-se a presen\u00e7a de uma Igreja com forte car\u00e1ter laico, pobre e pr\u00f3xima dos pobres, com destaque para as CEBs, muito identificada com o ambiente cultural, ecol\u00f3gico e hist\u00f3rico da regi\u00e3o. Neste sentido n\u00e3o \u00e9 pequena a presen\u00e7a da mem\u00f3ria hist\u00f3rica da experi\u00eancia de sociedade igualit\u00e1ria dos guaranis com os jesu\u00edtas e o S\u00edmbolo condensador desta mem\u00f3ria, o M\u00e1rtir S\u00e3o Sep\u00e9 Tiaraju.<\/p>\n<p style=\"text-align: justify;\">\u00a0<\/p>\n<p style=\"text-align: justify;\"><strong>8 &#8211; Nossa Presen\u00e7a<\/strong><\/p>\n<p style=\"text-align: justify;\">Instala\u00e7\u00e3o da Fraternidade Padre Josimo, inserida no Assentamento Conquista da Fronteira, desde 2006, com a participa\u00e7\u00e3o da Prov\u00edncia Carlista, atendendo os assentamentos e participando da CPT e Movimentos Sociais.<\/p>\n<p style=\"text-align: justify;\">\u00a0<\/p>\n<p style=\"text-align: justify;\"><strong>9 &#8211; Sentidos de Nossa Presen\u00e7a<\/strong><\/p>\n<p style=\"text-align: justify;\">&#8211; Presen\u00e7a na regi\u00e3o sul do Estado junto com Rio Grande;<\/p>\n<p style=\"text-align: justify;\">&#8211; Situa\u00e7\u00e3o tipicamente mission\u00e1ria;<\/p>\n<p style=\"text-align: justify;\">&#8211; Necessidade da presen\u00e7a da Vida Religiosa;<\/p>\n<p style=\"text-align: justify;\">&#8211; Realidade de pobreza, nossa presen\u00e7a \u00e9 manifesta\u00e7\u00e3o de solidariedade;<\/p>\n<p style=\"text-align: justify;\">&#8211; Necessidade de organiza\u00e7\u00e3o inicial das comunidades eclesiais;<\/p>\n<p style=\"text-align: justify;\">&#8211; Solidariedade com a luta do povo e com os migrantes;<\/p>\n<p style=\"text-align: justify;\">&#8211; Necessidade de uma evangeliza\u00e7\u00e3o de base \u2013 primeiro an\u00fancio;<\/p>\n<p style=\"text-align: justify;\">&#8211; Realidades desafiadoras da Reforma Agr\u00e1ria, conflitos, migrantes, minera\u00e7\u00e3o, energia carbon\u00edfera, culturas diferentes, ecumenismo e pluralidade religiosa.<\/p>\n<p style=\"text-align: justify;\">\u00a0<\/p>\n<p style=\"text-align: justify;\"><strong>10 &#8211; Nossas caracter\u00edsticas e princ\u00edpios de vida<\/strong><\/p>\n<p style=\"text-align: justify;\">Procurar realizar um trabalho libertador, com base no Evangelho de Nosso Senhor Jesus Cristo. Por ess\u00eancia, nossa atividade e nossa maneira de ser, tenta ser desafiadora e prof\u00e9tica.\u00a0 \u00c9 um desafio constante, procurar manter a fidelidade \u00e0s orienta\u00e7\u00f5es da Igreja e ao carisma scalabriniano\/franciscano.<\/p>\n<ul style=\"text-align: justify;\">\n<li>Trabalhar em defesa da dignidade da pessoa humana, a imagem e semelhan\u00e7a de Deus, em vista de um mundo mais justo e humano;<\/li>\n<li>Ser uma presen\u00e7a eclesial junto aos pobres.<\/li>\n<li>Manter a ora\u00e7\u00e3o, a espiritualidade engajada e libertadora, como base da Vida Religiosa e da miss\u00e3o evangelizadora junto ao povo;<\/li>\n<li>Apoiar a organiza\u00e7\u00e3o popular em suas diferentes formas;<\/li>\n<li>Inser\u00e7\u00e3o; morar, viver e conviver na simplicidade junto a realidade, acompanhando as\u00a0 fam\u00edlias e suas comunidades;<\/li>\n<li>Itiner\u00e2ncia, presen\u00e7a em v\u00e1rias realidades, n\u00e3o s\u00f3 local e deslocamento da Fraternidade de tempos em tempos;<\/li>\n<li>Os membros da fraternidade, com atua\u00e7\u00e3o ampla \u2013 Comiss\u00e3o Pastoral da Terra e Movimentos do Campo no Estado e no Pa\u00eds;<\/li>\n<li>Assumir a realidade dos assentamentos e acampamentos, com esp\u00edrito de missionaridade, numa realidade que exige presen\u00e7a espec\u00edfica e mission\u00e1ria;<\/li>\n<li>Acompanhar e fomentar a organiza\u00e7\u00e3o das comunidades de f\u00e9, em comunh\u00e3o com a Igreja particular;<\/li>\n<li>Acompanhar e incentivar a preserva\u00e7\u00e3o e a multiplica\u00e7\u00e3o das sementes crioulas e nativas, preserva\u00e7\u00e3o da ecologia e da biodiversidade e estimular a pr\u00e1tica da medicina fitoter\u00e1pica e natural.<\/li>\n<\/ul>\n<p style=\"text-align: justify;\">\u00a0<\/p>\n<p style=\"text-align: justify;\"><strong>11 &#8211; Desafios para os pr\u00f3ximos anos<\/strong><\/p>\n<ul style=\"text-align: justify;\">\n<li>Melhorar e ampliar a organiza\u00e7\u00e3o das comunidades de f\u00e9, com viv\u00eancia e conviv\u00eancia comunit\u00e1ria, nos assentamentos, como um meio importante para a unidade social, reconstitui\u00e7\u00e3o do tecido social e valoriza\u00e7\u00e3o das pessoas.<\/li>\n<li>Atuar nas escolas e com a juventude, tendo como enfoque principal a ecologia e o amor \u00e0 natureza e a biodiversidade.<\/li>\n<li>Ampliar a forma\u00e7\u00e3o de lideran\u00e7as para as equipes pastorais e colocar em pr\u00e1tica o Plano de Pastoral da Rede de Comunidades \u2013 Conselhos Comunit\u00e1rios, Catequese, Liturgia, Sacramentos, Forma\u00e7\u00e3o B\u00edblica.<\/li>\n<li>Fortalecer a luta pela Reforma Agr\u00e1ria na regi\u00e3o sul, onde h\u00e1 a maior concentra\u00e7\u00e3o de terra no estado do Rio Grande do Sul.<\/li>\n<li>Ampliar o trabalho com sementes crioulas atrav\u00e9s de Casas Comunit\u00e1rias de Sementes Crioulas e Hortos Medicinais e assim contribuir na uni\u00e3o e na organiza\u00e7\u00e3o dos assentados em toda a regi\u00e3o com produ\u00e7\u00e3o diversificada.<\/li>\n<li>Ampliar a atua\u00e7\u00e3o da Pastoral Socioambiental, as Feiras da Biodiversidade, agroflorestas, energias renov\u00e1veis e produ\u00e7\u00e3o camponesa diversificada.<\/li>\n<li>Contribuir na viabilidade econ\u00f4mica, social e ambiental e organizativa dos assentamentos da regi\u00e3o.<\/li>\n<li>Marcar presen\u00e7a na Comiss\u00e3o Pastoral da Terra e nos Movimentos Sociais do Campo no Estado do Rio Grande do Sul e no Brasil.<\/li>\n<\/ul>\n<p style=\"text-align: justify;\">\u00a0<\/p>\n<p style=\"text-align: justify;\"><strong>12 &#8211; Marcar presen\u00e7a e atuar, de modo especial:<\/strong><\/p>\n<ul>\n<li style=\"text-align: justify;\">Nos assentamentos dos tr\u00eas munic\u00edpios que integram o projeto pastoral com os quais a comunidade se compromete;<\/li>\n<li style=\"text-align: justify;\">Na organiza\u00e7\u00e3o das comunidades de f\u00e9, na sa\u00fade alternativa, na produ\u00e7\u00e3o e distribui\u00e7\u00e3o de sementes crioulas, na implanta\u00e7\u00e3o de agroflorestas, na diversifica\u00e7\u00e3o da produ\u00e7\u00e3o e na organiza\u00e7\u00e3o social e econ\u00f4mica dos assentados;<\/li>\n<li style=\"text-align: justify;\">Na forma\u00e7\u00e3o de lideran\u00e7as das comunidades;<\/li>\n<li style=\"text-align: justify;\">Na atua\u00e7\u00e3o juntos aos jovens, com destaque especial \u00e0 forma\u00e7\u00e3o ecol\u00f3gica;<\/li>\n<li style=\"text-align: justify;\">Nas escolas dos assentamentos e nas r\u00e1dios comunit\u00e1rias.<\/li>\n<li style=\"text-align: justify;\">Junto aos Movimentos Camponeses, Pastoral da Terra e Ind\u00edgenas.<\/li>\n<li style=\"text-align: justify;\">Junto \u00e0 juventude rural, muitas vezes sem rumo, esperan\u00e7a e perspectivas;<\/li>\n<\/ul>\n<p>&nbsp;<\/p>\n<p><em>\u00a0<\/em><\/p>\n","protected":false},"excerpt":{"rendered":"<p>FRATERNIDADE PADRE JOSIMO\u00a0 \u00a0Assentamento Conquista da Fronteira &#8211; Hulha Negra \u00a0VIDA RELIGIOSA E EVANGELIZA\u00c7\u00c3O INSERIDA \u00a0 1 &#8211; Tentativas da Fraternidade Padre Josimo Este texto\/relat\u00f3rio tem o objetivo de compartilhar com os confrades um pouco da experi\u00eancia e das tentativas da Fraternidade Padre Josimo, inserida no meio rural, quanto \u00e0 viv\u00eancia da vida religiosa franciscana\/capuchinha\/sclabriniana [&hellip;]<\/p>\n","protected":false},"featured_media":0,"template":"","categorias_projetos":[9],"class_list":["post-127","projetos","type-projetos","status-publish","hentry","categorias_projetos-pastorais"],"acf":[],"yoast_head":"<!-- This site is optimized with the Yoast SEO plugin v27.2 - https:\/\/yoast.com\/product\/yoast-seo-wordpress\/ -->\n<title>Fraternidade Padre Josimo - Instituto Cultural Padre Josimo<\/title>\n<meta name=\"description\" content=\"A Fraternidade Padre Josimo procura ser uma comunidade religiosa franciscana\/scalabriniana inserida e itinerante nos meios pobres, mission\u00e1ria, em processo de evangeliza\u00e7\u00e3o, ligada aos movimentos sociais camponeses que lutam pela Reforma Agr\u00e1ria e pela perman\u00eancia dos camponeses no campo\" \/>\n<meta name=\"robots\" content=\"index, follow, max-snippet:-1, max-image-preview:large, max-video-preview:-1\" \/>\n<link rel=\"canonical\" href=\"https:\/\/padrejosimo.com.br\/site\/projetos\/fraternidade-padre-josimo\/\" \/>\n<meta property=\"og:locale\" content=\"pt_BR\" \/>\n<meta property=\"og:type\" content=\"article\" \/>\n<meta property=\"og:title\" content=\"Fraternidade Padre Josimo - Instituto Cultural Padre Josimo\" \/>\n<meta property=\"og:description\" content=\"A Fraternidade Padre Josimo procura ser uma comunidade religiosa franciscana\/scalabriniana inserida e itinerante nos meios pobres, mission\u00e1ria, em processo de evangeliza\u00e7\u00e3o, ligada aos movimentos sociais camponeses que lutam pela Reforma Agr\u00e1ria e pela perman\u00eancia dos camponeses no campo\" \/>\n<meta property=\"og:url\" content=\"https:\/\/padrejosimo.com.br\/site\/projetos\/fraternidade-padre-josimo\/\" \/>\n<meta property=\"og:site_name\" content=\"Instituto Cultural Padre Josimo\" \/>\n<meta property=\"article:modified_time\" content=\"2020-08-04T12:56:01+00:00\" \/>\n<meta property=\"og:image\" content=\"https:\/\/padrejosimo.com.br\/site\/wp-content\/uploads\/2025\/09\/cropped-icon-icpj.png\" \/>\n\t<meta property=\"og:image:width\" content=\"512\" \/>\n\t<meta property=\"og:image:height\" content=\"512\" \/>\n\t<meta property=\"og:image:type\" content=\"image\/png\" \/>\n<meta name=\"twitter:card\" content=\"summary_large_image\" \/>\n<meta name=\"twitter:label1\" content=\"Est. tempo de leitura\" \/>\n\t<meta name=\"twitter:data1\" content=\"11 minutos\" \/>\n<script type=\"application\/ld+json\" class=\"yoast-schema-graph\">{\"@context\":\"https:\/\/schema.org\",\"@graph\":[{\"@type\":\"WebPage\",\"@id\":\"https:\/\/padrejosimo.com.br\/site\/projetos\/fraternidade-padre-josimo\/\",\"url\":\"https:\/\/padrejosimo.com.br\/site\/projetos\/fraternidade-padre-josimo\/\",\"name\":\"Fraternidade Padre Josimo - Instituto Cultural Padre Josimo\",\"isPartOf\":{\"@id\":\"https:\/\/padrejosimo.com.br\/site\/#website\"},\"datePublished\":\"2017-04-08T20:40:39+00:00\",\"dateModified\":\"2020-08-04T12:56:01+00:00\",\"description\":\"A Fraternidade Padre Josimo procura ser uma comunidade religiosa franciscana\/scalabriniana inserida e itinerante nos meios pobres, mission\u00e1ria, em processo de evangeliza\u00e7\u00e3o, ligada aos movimentos sociais camponeses que lutam pela Reforma Agr\u00e1ria e pela perman\u00eancia dos camponeses no campo\",\"breadcrumb\":{\"@id\":\"https:\/\/padrejosimo.com.br\/site\/projetos\/fraternidade-padre-josimo\/#breadcrumb\"},\"inLanguage\":\"pt-BR\",\"potentialAction\":[{\"@type\":\"ReadAction\",\"target\":[\"https:\/\/padrejosimo.com.br\/site\/projetos\/fraternidade-padre-josimo\/\"]}]},{\"@type\":\"BreadcrumbList\",\"@id\":\"https:\/\/padrejosimo.com.br\/site\/projetos\/fraternidade-padre-josimo\/#breadcrumb\",\"itemListElement\":[{\"@type\":\"ListItem\",\"position\":1,\"name\":\"In\u00edcio\",\"item\":\"https:\/\/padrejosimo.com.br\/site\/\"},{\"@type\":\"ListItem\",\"position\":2,\"name\":\"Projetos\",\"item\":\"https:\/\/padrejosimo.com.br\/site\/projetos\/\"},{\"@type\":\"ListItem\",\"position\":3,\"name\":\"Fraternidade Padre Josimo\"}]},{\"@type\":\"WebSite\",\"@id\":\"https:\/\/padrejosimo.com.br\/site\/#website\",\"url\":\"https:\/\/padrejosimo.com.br\/site\/\",\"name\":\"Instituto Cultural Padre Josimo\",\"description\":\"Comprometida com a promo\u00e7\u00e3o da justi\u00e7a social, agroecologia e educa\u00e7\u00e3o popular\",\"publisher\":{\"@id\":\"https:\/\/padrejosimo.com.br\/site\/#organization\"},\"alternateName\":\"ICPJ\",\"potentialAction\":[{\"@type\":\"SearchAction\",\"target\":{\"@type\":\"EntryPoint\",\"urlTemplate\":\"https:\/\/padrejosimo.com.br\/site\/?s={search_term_string}\"},\"query-input\":{\"@type\":\"PropertyValueSpecification\",\"valueRequired\":true,\"valueName\":\"search_term_string\"}}],\"inLanguage\":\"pt-BR\"},{\"@type\":\"Organization\",\"@id\":\"https:\/\/padrejosimo.com.br\/site\/#organization\",\"name\":\"Instituto Cultural Padre Josimo\",\"alternateName\":\"ICPJ\",\"url\":\"https:\/\/padrejosimo.com.br\/site\/\",\"logo\":{\"@type\":\"ImageObject\",\"inLanguage\":\"pt-BR\",\"@id\":\"https:\/\/padrejosimo.com.br\/site\/#\/schema\/logo\/image\/\",\"url\":\"https:\/\/padrejosimo.com.br\/site\/wp-content\/uploads\/2025\/09\/cropped-icon-icpj.png\",\"contentUrl\":\"https:\/\/padrejosimo.com.br\/site\/wp-content\/uploads\/2025\/09\/cropped-icon-icpj.png\",\"width\":512,\"height\":512,\"caption\":\"Instituto Cultural Padre Josimo\"},\"image\":{\"@id\":\"https:\/\/padrejosimo.com.br\/site\/#\/schema\/logo\/image\/\"}}]}<\/script>\n<!-- \/ Yoast SEO plugin. -->","yoast_head_json":{"title":"Fraternidade Padre Josimo - Instituto Cultural Padre Josimo","description":"A Fraternidade Padre Josimo procura ser uma comunidade religiosa franciscana\/scalabriniana inserida e itinerante nos meios pobres, mission\u00e1ria, em processo de evangeliza\u00e7\u00e3o, ligada aos movimentos sociais camponeses que lutam pela Reforma Agr\u00e1ria e pela perman\u00eancia dos camponeses no campo","robots":{"index":"index","follow":"follow","max-snippet":"max-snippet:-1","max-image-preview":"max-image-preview:large","max-video-preview":"max-video-preview:-1"},"canonical":"https:\/\/padrejosimo.com.br\/site\/projetos\/fraternidade-padre-josimo\/","og_locale":"pt_BR","og_type":"article","og_title":"Fraternidade Padre Josimo - Instituto Cultural Padre Josimo","og_description":"A Fraternidade Padre Josimo procura ser uma comunidade religiosa franciscana\/scalabriniana inserida e itinerante nos meios pobres, mission\u00e1ria, em processo de evangeliza\u00e7\u00e3o, ligada aos movimentos sociais camponeses que lutam pela Reforma Agr\u00e1ria e pela perman\u00eancia dos camponeses no campo","og_url":"https:\/\/padrejosimo.com.br\/site\/projetos\/fraternidade-padre-josimo\/","og_site_name":"Instituto Cultural Padre Josimo","article_modified_time":"2020-08-04T12:56:01+00:00","og_image":[{"width":512,"height":512,"url":"https:\/\/padrejosimo.com.br\/site\/wp-content\/uploads\/2025\/09\/cropped-icon-icpj.png","type":"image\/png"}],"twitter_card":"summary_large_image","twitter_misc":{"Est. tempo de leitura":"11 minutos"},"schema":{"@context":"https:\/\/schema.org","@graph":[{"@type":"WebPage","@id":"https:\/\/padrejosimo.com.br\/site\/projetos\/fraternidade-padre-josimo\/","url":"https:\/\/padrejosimo.com.br\/site\/projetos\/fraternidade-padre-josimo\/","name":"Fraternidade Padre Josimo - Instituto Cultural Padre Josimo","isPartOf":{"@id":"https:\/\/padrejosimo.com.br\/site\/#website"},"datePublished":"2017-04-08T20:40:39+00:00","dateModified":"2020-08-04T12:56:01+00:00","description":"A Fraternidade Padre Josimo procura ser uma comunidade religiosa franciscana\/scalabriniana inserida e itinerante nos meios pobres, mission\u00e1ria, em processo de evangeliza\u00e7\u00e3o, ligada aos movimentos sociais camponeses que lutam pela Reforma Agr\u00e1ria e pela perman\u00eancia dos camponeses no campo","breadcrumb":{"@id":"https:\/\/padrejosimo.com.br\/site\/projetos\/fraternidade-padre-josimo\/#breadcrumb"},"inLanguage":"pt-BR","potentialAction":[{"@type":"ReadAction","target":["https:\/\/padrejosimo.com.br\/site\/projetos\/fraternidade-padre-josimo\/"]}]},{"@type":"BreadcrumbList","@id":"https:\/\/padrejosimo.com.br\/site\/projetos\/fraternidade-padre-josimo\/#breadcrumb","itemListElement":[{"@type":"ListItem","position":1,"name":"In\u00edcio","item":"https:\/\/padrejosimo.com.br\/site\/"},{"@type":"ListItem","position":2,"name":"Projetos","item":"https:\/\/padrejosimo.com.br\/site\/projetos\/"},{"@type":"ListItem","position":3,"name":"Fraternidade Padre Josimo"}]},{"@type":"WebSite","@id":"https:\/\/padrejosimo.com.br\/site\/#website","url":"https:\/\/padrejosimo.com.br\/site\/","name":"Instituto Cultural Padre Josimo","description":"Comprometida com a promo\u00e7\u00e3o da justi\u00e7a social, agroecologia e educa\u00e7\u00e3o popular","publisher":{"@id":"https:\/\/padrejosimo.com.br\/site\/#organization"},"alternateName":"ICPJ","potentialAction":[{"@type":"SearchAction","target":{"@type":"EntryPoint","urlTemplate":"https:\/\/padrejosimo.com.br\/site\/?s={search_term_string}"},"query-input":{"@type":"PropertyValueSpecification","valueRequired":true,"valueName":"search_term_string"}}],"inLanguage":"pt-BR"},{"@type":"Organization","@id":"https:\/\/padrejosimo.com.br\/site\/#organization","name":"Instituto Cultural Padre Josimo","alternateName":"ICPJ","url":"https:\/\/padrejosimo.com.br\/site\/","logo":{"@type":"ImageObject","inLanguage":"pt-BR","@id":"https:\/\/padrejosimo.com.br\/site\/#\/schema\/logo\/image\/","url":"https:\/\/padrejosimo.com.br\/site\/wp-content\/uploads\/2025\/09\/cropped-icon-icpj.png","contentUrl":"https:\/\/padrejosimo.com.br\/site\/wp-content\/uploads\/2025\/09\/cropped-icon-icpj.png","width":512,"height":512,"caption":"Instituto Cultural Padre Josimo"},"image":{"@id":"https:\/\/padrejosimo.com.br\/site\/#\/schema\/logo\/image\/"}}]}},"_links":{"self":[{"href":"https:\/\/padrejosimo.com.br\/site\/wp-json\/wp\/v2\/projetos\/127","targetHints":{"allow":["GET"]}}],"collection":[{"href":"https:\/\/padrejosimo.com.br\/site\/wp-json\/wp\/v2\/projetos"}],"about":[{"href":"https:\/\/padrejosimo.com.br\/site\/wp-json\/wp\/v2\/types\/projetos"}],"wp:attachment":[{"href":"https:\/\/padrejosimo.com.br\/site\/wp-json\/wp\/v2\/media?parent=127"}],"wp:term":[{"taxonomy":"categorias_projetos","embeddable":true,"href":"https:\/\/padrejosimo.com.br\/site\/wp-json\/wp\/v2\/categorias_projetos?post=127"}],"curies":[{"name":"wp","href":"https:\/\/api.w.org\/{rel}","templated":true}]}}