{"id":8998,"date":"2026-04-28T12:43:33","date_gmt":"2026-04-28T15:43:33","guid":{"rendered":"https:\/\/padrejosimo.com.br\/site\/?post_type=artigos&#038;p=8998"},"modified":"2026-04-28T12:45:21","modified_gmt":"2026-04-28T15:45:21","slug":"artigo-no-quinto-dia-descansou","status":"publish","type":"artigos","link":"https:\/\/padrejosimo.com.br\/site\/artigos\/artigo-no-quinto-dia-descansou\/","title":{"rendered":"Artigo | No quinto dia descansou"},"content":{"rendered":"<blockquote>\n<p data-start=\"118\" data-end=\"164\"><em><strong>*J\u00falio L\u00e1zaro Torma<\/strong><\/em><\/p>\n<\/blockquote>\n<p data-start=\"166\" data-end=\"546\">Um dos grandes debates de nossos tempos tem sido as transforma\u00e7\u00f5es do mundo do trabalho.<\/p>\n<p data-start=\"166\" data-end=\"546\">Assim como ocorreu no in\u00edcio da Revolu\u00e7\u00e3o Industrial, com o processo de mecaniza\u00e7\u00e3o, e na industrializa\u00e7\u00e3o do Brasil no final do s\u00e9culo XIX e in\u00edcio do s\u00e9culo XX, formou-se um grande contingente de trabalhadores nas nascentes f\u00e1bricas, constituindo um verdadeiro ex\u00e9rcito nos pisos fabris.<\/p>\n<p data-start=\"548\" data-end=\"781\">Muitos desses trabalhadores atuavam de domingo a domingo, chegando, muitas vezes, de forma prec\u00e1ria e exaustiva, a jornadas de 12 horas di\u00e1rias, sem qualquer direito garantido. O lema era claro: &#8220;trabalho para enriquecer os patr\u00f5es&#8221;.<\/p>\n<p data-start=\"783\" data-end=\"1034\">As conquistas dos direitos trabalhistas e previdenci\u00e1rios s\u00e3o fruto da organiza\u00e7\u00e3o dos pr\u00f3prios trabalhadores \u2014 n\u00e3o benesses do &#8220;velho Estado burgu\u00eas&#8221; ou dos empres\u00e1rios. Resultaram de luta, confronto, enfrentamento, l\u00e1grimas, suor e sangue derramado.<\/p>\n<p data-start=\"1036\" data-end=\"1348\">Entre essas conquistas est\u00e3o a redu\u00e7\u00e3o da jornada para oito horas di\u00e1rias, o sal\u00e1rio m\u00ednimo, o direito \u00e0s f\u00e9rias e a Consolida\u00e7\u00e3o das Leis do Trabalho (CLT), todas duramente combatidas pela burguesia e pela classe patronal \u2014 assim como ocorreu, em 1888, com a aboli\u00e7\u00e3o da escravid\u00e3o africana pelos escravocratas.<\/p>\n<p data-start=\"1350\" data-end=\"1811\">Hoje, com o avan\u00e7o da Intelig\u00eancia Artificial e da era digital, impulsionada pela inform\u00e1tica, projeta-se um futuro em que a maioria da popula\u00e7\u00e3o brasileira \u2014 assim como a mundial \u2014 n\u00e3o ter\u00e1 acesso ao trabalho. A venda da mercadoria for\u00e7a de trabalho ser\u00e1, no s\u00e9culo XXI, t\u00e3o promissora quanto a venda de dilig\u00eancias no s\u00e9culo XX. Nessa sociedade, quem n\u00e3o consegue vender sua for\u00e7a de trabalho \u00e9 considerado &#8220;sup\u00e9rfluo&#8221; e descartado no aterro sanit\u00e1rio social.<\/p>\n<p data-start=\"1813\" data-end=\"2147\">A precariza\u00e7\u00e3o, a uberiza\u00e7\u00e3o e a pejotiza\u00e7\u00e3o do trabalho, somadas ao aumento do desemprego em massa \u2014 atrelados \u00e0s novas tecnologias e ao avan\u00e7o da superexplora\u00e7\u00e3o ap\u00f3s a pandemia da Covid \u2014 recolocam uma quest\u00e3o central: o que pode absorver essa multid\u00e3o do ex\u00e9rcito de reserva, submetida ao desemprego, subemprego e \u00e0 informalidade?<\/p>\n<p data-start=\"2149\" data-end=\"2357\">Uma das respostas est\u00e1 no fim da escala 6&#215;1 e na redu\u00e7\u00e3o da jornada de trabalho, sem redu\u00e7\u00e3o do sal\u00e1rio m\u00ednimo \u2014 reivindica\u00e7\u00e3o hist\u00f3rica da classe oper\u00e1ria. Reduzir a jornada para que outros possam trabalhar.<\/p>\n<p data-start=\"2359\" data-end=\"2467\">Para que mais pessoas sejam absorvidas pelo mercado de trabalho, especialmente a chamada gera\u00e7\u00e3o &#8220;nem, nem&#8221;.<\/p>\n<p data-start=\"2469\" data-end=\"2819\">Os empres\u00e1rios e seus aliados pol\u00edticos no Congresso Nacional afirmam:<\/p>\n<p data-start=\"2469\" data-end=\"2819\">&#8220;Se for reduzida a jornada de trabalho e houver o fim da escala 6&#215;1, o pa\u00eds afundar\u00e1 e a vida econ\u00f4mica ir\u00e1 acabar&#8221;.<\/p>\n<p data-start=\"2469\" data-end=\"2819\">&#8220;As pequenas, micro e m\u00e9dias empresas quebrar\u00e3o, e as grandes fechar\u00e3o suas plantas ou migrar\u00e3o para outros pa\u00edses, caso a &#8216;exig\u00eancia absurda&#8217; seja atendida&#8221;.<\/p>\n<p data-start=\"2821\" data-end=\"2980\">Isso \u00e9 apenas parte do grande teatro a que assistimos, no qual poucos t\u00eam coragem de expor as verdades fundamentais sobre o funcionamento do mercado econ\u00f4mico.<\/p>\n<p data-start=\"2982\" data-end=\"3267\">Os pr\u00f3prios empres\u00e1rios sabem que, com o fim da escala 6&#215;1 e a chamada Hora Brevis, tendem a lucrar mais: haver\u00e1 aumento da demanda, expans\u00e3o da produ\u00e7\u00e3o e, consequentemente, dos lucros. O crescimento da produ\u00e7\u00e3o exigir\u00e1 a abertura de novos postos de trabalho para suprir essa demanda.<\/p>\n<p data-start=\"3269\" data-end=\"3444\">Enquanto isso, a vida do trabalhador e da trabalhadora segue sobrecarregada. A maior parte do tempo \u00e9 consumida dentro da empresa ou no ca\u00f3tico tr\u00e2nsito e transporte coletivo.<\/p>\n<p data-start=\"3446\" data-end=\"3700\">S\u00e3o oito horas de trabalho, somadas, muitas vezes, a duas ou tr\u00eas horas de deslocamento, especialmente nas metr\u00f3poles e megal\u00f3poles. Grande parte da popula\u00e7\u00e3o encontra-se adoecida, em decorr\u00eancia da jornada excessiva e das condi\u00e7\u00f5es de mobilidade urbana.<\/p>\n<p data-start=\"3702\" data-end=\"4085\">Faltam horas de sono e conviv\u00eancia familiar \u2014 entre pais e filhos, entre c\u00f4njuges. N\u00e3o h\u00e1 tempo para o lazer, para o conv\u00edvio social, para a vida. Isso impacta diretamente a produtividade e a satisfa\u00e7\u00e3o no trabalho. Trabalha-se muito, ganha-se pouco \u2014 muitas vezes, o suficiente apenas para sustentar uma fam\u00edlia de quatro pessoas, em que parte est\u00e1 desempregada ou na informalidade.<\/p>\n<p data-start=\"4087\" data-end=\"4463\">Diante disso, parece que o avan\u00e7o tecnol\u00f3gico n\u00e3o tem se revertido em benef\u00edcio real para a humanidade. Um pai de fam\u00edlia se desgasta em jornadas de 44 horas semanais, frequentemente ampliadas por horas extras, enquanto convive com o desemprego dentro do pr\u00f3prio lar. \u00c9 um cen\u00e1rio que beira a fic\u00e7\u00e3o. O horizonte deveria ser outro: prosperidade e bem-estar com menos trabalho.<\/p>\n<p data-start=\"4465\" data-end=\"4729\">Essa possibilidade j\u00e1 havia sido apontada, em 1930, por John Maynard Keynes (1883\u20131946), ao afirmar: &#8220;Os nossos netos far\u00e3o turnos de tr\u00eas horas e trabalhar\u00e3o 15 horas por semana. Assim, o pouco trabalho que resta ser\u00e1 distribu\u00eddo entre o maior n\u00famero de pessoas&#8221;.\u00a0(Economic Possibilities for our Grandchildren, 1930)<\/p>\n<p data-start=\"4785\" data-end=\"5328\">Com o atual avan\u00e7o tecnol\u00f3gico, j\u00e1 seria poss\u00edvel trabalhar menos, viver melhor e distribuir o trabalho de forma mais equilibrada, elevando a qualidade de vida de homens e mulheres, gra\u00e7as \u00e0s cont\u00ednuas conquistas cient\u00edficas e tecnol\u00f3gicas. A redu\u00e7\u00e3o da jornada permite mais tempo para a fam\u00edlia, para o lazer e para o bem-estar, al\u00e9m de restaurar la\u00e7os afetivos fragilizados \u2014 especialmente em um contexto em que crian\u00e7as e adolescentes s\u00e3o cada vez mais criados pelas redes digitais. Vivem sob o mesmo teto, mas tornam-se estranhos entre si.<\/p>\n<p data-start=\"5330\" data-end=\"5453\">Quem n\u00e3o conhece algu\u00e9m que perde momentos importantes com a fam\u00edlia ou abandona os estudos por conta da jornada excessiva?<\/p>\n<p data-start=\"5455\" data-end=\"5828\">&#8220;O problema real n\u00e3o \u00e9 mais a produ\u00e7\u00e3o, mas a distribui\u00e7\u00e3o equitativa da riqueza e do trabalho que a sustenta. No entanto, insiste-se em tratar como central o aumento da produ\u00e7\u00e3o de bens. O resultado evidente dessa escolha \u00e9 o crescimento do desemprego \u2014 n\u00e3o como liberdade, mas como mecanismo de disciplina e controle sobre os trabalhadores.&#8221; (Domenico De Masi, 1938\u20132023)<\/p>\n<p data-start=\"5830\" data-end=\"6242\">Como advertia Andr\u00e9 Gorz (1923\u20132007): &#8220;\u00c9 melhor que ningu\u00e9m saiba dessas coisas, para que a ordem vigente n\u00e3o seja abalada em suas bases. Dir\u00e3o \u00e0s pessoas que o trabalho pode faltar, em vez de dizer que j\u00e1 n\u00e3o faz sentido trabalhar tanto. Dir\u00e3o que o desemprego avan\u00e7a, em vez de explicar por que teremos cada vez mais tempo livre. Evitar\u00e3o que os trabalhadores lutem juntos por uma nova racionalidade econ\u00f4mica.<\/p>\n<p data-start=\"6244\" data-end=\"6368\">O desemprego n\u00e3o \u00e9 apenas consequ\u00eancia de crises: \u00e9 tamb\u00e9m instrumento de disciplina e obedi\u00eancia no interior das empresas.&#8221;<\/p>\n<p data-start=\"6370\" data-end=\"6571\">Defendemos o fim da escala 6&#215;1, sem redu\u00e7\u00e3o de sal\u00e1rios ou retirada de direitos, e a amplia\u00e7\u00e3o da redu\u00e7\u00e3o da jornada de trabalho \u2014 j\u00e1 conquistada por algumas categorias por meio da negocia\u00e7\u00e3o coletiva.<\/p>\n","protected":false},"excerpt":{"rendered":"<p>Defendemos o fim da escala 6&#215;1, sem redu\u00e7\u00e3o de sal\u00e1rios ou retirada de direitos, e a amplia\u00e7\u00e3o da redu\u00e7\u00e3o da jornada de trabalho \u2014 j\u00e1 conquistada por algumas categorias por meio da negocia\u00e7\u00e3o coletiva.<\/p>\n","protected":false},"author":9,"template":"","class_list":["post-8998","artigos","type-artigos","status-publish","hentry"],"acf":[],"yoast_head":"<!-- This site is optimized with the Yoast SEO plugin v27.2 - https:\/\/yoast.com\/product\/yoast-seo-wordpress\/ -->\n<title>Artigo | No quinto dia descansou - Instituto Cultural Padre Josimo<\/title>\n<meta name=\"robots\" content=\"index, follow, max-snippet:-1, max-image-preview:large, max-video-preview:-1\" \/>\n<link rel=\"canonical\" href=\"https:\/\/padrejosimo.com.br\/site\/artigos\/artigo-no-quinto-dia-descansou\/\" \/>\n<meta property=\"og:locale\" content=\"pt_BR\" \/>\n<meta property=\"og:type\" content=\"article\" \/>\n<meta property=\"og:title\" content=\"Artigo | No quinto dia descansou - Instituto Cultural Padre Josimo\" \/>\n<meta property=\"og:description\" content=\"Defendemos o fim da escala 6x1, sem redu\u00e7\u00e3o de sal\u00e1rios ou retirada de direitos, e a amplia\u00e7\u00e3o da redu\u00e7\u00e3o da jornada de trabalho \u2014 j\u00e1 conquistada por algumas categorias por meio da negocia\u00e7\u00e3o coletiva.\" \/>\n<meta property=\"og:url\" content=\"https:\/\/padrejosimo.com.br\/site\/artigos\/artigo-no-quinto-dia-descansou\/\" \/>\n<meta property=\"og:site_name\" content=\"Instituto Cultural Padre Josimo\" \/>\n<meta property=\"article:modified_time\" content=\"2026-04-28T15:45:21+00:00\" \/>\n<meta property=\"og:image\" content=\"https:\/\/padrejosimo.com.br\/site\/wp-content\/uploads\/2025\/09\/cropped-icon-icpj.png\" \/>\n\t<meta property=\"og:image:width\" content=\"512\" \/>\n\t<meta property=\"og:image:height\" content=\"512\" \/>\n\t<meta property=\"og:image:type\" content=\"image\/png\" \/>\n<meta name=\"twitter:card\" content=\"summary_large_image\" \/>\n<meta name=\"twitter:label1\" content=\"Est. tempo de leitura\" \/>\n\t<meta name=\"twitter:data1\" content=\"6 minutos\" \/>\n<script type=\"application\/ld+json\" class=\"yoast-schema-graph\">{\"@context\":\"https:\/\/schema.org\",\"@graph\":[{\"@type\":\"WebPage\",\"@id\":\"https:\/\/padrejosimo.com.br\/site\/artigos\/artigo-no-quinto-dia-descansou\/\",\"url\":\"https:\/\/padrejosimo.com.br\/site\/artigos\/artigo-no-quinto-dia-descansou\/\",\"name\":\"Artigo | No quinto dia descansou - Instituto Cultural Padre Josimo\",\"isPartOf\":{\"@id\":\"https:\/\/padrejosimo.com.br\/site\/#website\"},\"datePublished\":\"2026-04-28T15:43:33+00:00\",\"dateModified\":\"2026-04-28T15:45:21+00:00\",\"breadcrumb\":{\"@id\":\"https:\/\/padrejosimo.com.br\/site\/artigos\/artigo-no-quinto-dia-descansou\/#breadcrumb\"},\"inLanguage\":\"pt-BR\",\"potentialAction\":[{\"@type\":\"ReadAction\",\"target\":[\"https:\/\/padrejosimo.com.br\/site\/artigos\/artigo-no-quinto-dia-descansou\/\"]}]},{\"@type\":\"BreadcrumbList\",\"@id\":\"https:\/\/padrejosimo.com.br\/site\/artigos\/artigo-no-quinto-dia-descansou\/#breadcrumb\",\"itemListElement\":[{\"@type\":\"ListItem\",\"position\":1,\"name\":\"In\u00edcio\",\"item\":\"https:\/\/padrejosimo.com.br\/site\/\"},{\"@type\":\"ListItem\",\"position\":2,\"name\":\"Artigos\",\"item\":\"https:\/\/padrejosimo.com.br\/site\/artigos\/\"},{\"@type\":\"ListItem\",\"position\":3,\"name\":\"Artigo | No quinto dia descansou\"}]},{\"@type\":\"WebSite\",\"@id\":\"https:\/\/padrejosimo.com.br\/site\/#website\",\"url\":\"https:\/\/padrejosimo.com.br\/site\/\",\"name\":\"Instituto Cultural Padre Josimo\",\"description\":\"Comprometida com a promo\u00e7\u00e3o da justi\u00e7a social, agroecologia e educa\u00e7\u00e3o popular\",\"publisher\":{\"@id\":\"https:\/\/padrejosimo.com.br\/site\/#organization\"},\"alternateName\":\"ICPJ\",\"potentialAction\":[{\"@type\":\"SearchAction\",\"target\":{\"@type\":\"EntryPoint\",\"urlTemplate\":\"https:\/\/padrejosimo.com.br\/site\/?s={search_term_string}\"},\"query-input\":{\"@type\":\"PropertyValueSpecification\",\"valueRequired\":true,\"valueName\":\"search_term_string\"}}],\"inLanguage\":\"pt-BR\"},{\"@type\":\"Organization\",\"@id\":\"https:\/\/padrejosimo.com.br\/site\/#organization\",\"name\":\"Instituto Cultural Padre Josimo\",\"alternateName\":\"ICPJ\",\"url\":\"https:\/\/padrejosimo.com.br\/site\/\",\"logo\":{\"@type\":\"ImageObject\",\"inLanguage\":\"pt-BR\",\"@id\":\"https:\/\/padrejosimo.com.br\/site\/#\/schema\/logo\/image\/\",\"url\":\"https:\/\/padrejosimo.com.br\/site\/wp-content\/uploads\/2025\/09\/cropped-icon-icpj.png\",\"contentUrl\":\"https:\/\/padrejosimo.com.br\/site\/wp-content\/uploads\/2025\/09\/cropped-icon-icpj.png\",\"width\":512,\"height\":512,\"caption\":\"Instituto Cultural Padre Josimo\"},\"image\":{\"@id\":\"https:\/\/padrejosimo.com.br\/site\/#\/schema\/logo\/image\/\"}}]}<\/script>\n<!-- \/ Yoast SEO plugin. -->","yoast_head_json":{"title":"Artigo | No quinto dia descansou - Instituto Cultural Padre Josimo","robots":{"index":"index","follow":"follow","max-snippet":"max-snippet:-1","max-image-preview":"max-image-preview:large","max-video-preview":"max-video-preview:-1"},"canonical":"https:\/\/padrejosimo.com.br\/site\/artigos\/artigo-no-quinto-dia-descansou\/","og_locale":"pt_BR","og_type":"article","og_title":"Artigo | No quinto dia descansou - Instituto Cultural Padre Josimo","og_description":"Defendemos o fim da escala 6x1, sem redu\u00e7\u00e3o de sal\u00e1rios ou retirada de direitos, e a amplia\u00e7\u00e3o da redu\u00e7\u00e3o da jornada de trabalho \u2014 j\u00e1 conquistada por algumas categorias por meio da negocia\u00e7\u00e3o coletiva.","og_url":"https:\/\/padrejosimo.com.br\/site\/artigos\/artigo-no-quinto-dia-descansou\/","og_site_name":"Instituto Cultural Padre Josimo","article_modified_time":"2026-04-28T15:45:21+00:00","og_image":[{"width":512,"height":512,"url":"https:\/\/padrejosimo.com.br\/site\/wp-content\/uploads\/2025\/09\/cropped-icon-icpj.png","type":"image\/png"}],"twitter_card":"summary_large_image","twitter_misc":{"Est. tempo de leitura":"6 minutos"},"schema":{"@context":"https:\/\/schema.org","@graph":[{"@type":"WebPage","@id":"https:\/\/padrejosimo.com.br\/site\/artigos\/artigo-no-quinto-dia-descansou\/","url":"https:\/\/padrejosimo.com.br\/site\/artigos\/artigo-no-quinto-dia-descansou\/","name":"Artigo | No quinto dia descansou - Instituto Cultural Padre Josimo","isPartOf":{"@id":"https:\/\/padrejosimo.com.br\/site\/#website"},"datePublished":"2026-04-28T15:43:33+00:00","dateModified":"2026-04-28T15:45:21+00:00","breadcrumb":{"@id":"https:\/\/padrejosimo.com.br\/site\/artigos\/artigo-no-quinto-dia-descansou\/#breadcrumb"},"inLanguage":"pt-BR","potentialAction":[{"@type":"ReadAction","target":["https:\/\/padrejosimo.com.br\/site\/artigos\/artigo-no-quinto-dia-descansou\/"]}]},{"@type":"BreadcrumbList","@id":"https:\/\/padrejosimo.com.br\/site\/artigos\/artigo-no-quinto-dia-descansou\/#breadcrumb","itemListElement":[{"@type":"ListItem","position":1,"name":"In\u00edcio","item":"https:\/\/padrejosimo.com.br\/site\/"},{"@type":"ListItem","position":2,"name":"Artigos","item":"https:\/\/padrejosimo.com.br\/site\/artigos\/"},{"@type":"ListItem","position":3,"name":"Artigo | No quinto dia descansou"}]},{"@type":"WebSite","@id":"https:\/\/padrejosimo.com.br\/site\/#website","url":"https:\/\/padrejosimo.com.br\/site\/","name":"Instituto Cultural Padre Josimo","description":"Comprometida com a promo\u00e7\u00e3o da justi\u00e7a social, agroecologia e educa\u00e7\u00e3o popular","publisher":{"@id":"https:\/\/padrejosimo.com.br\/site\/#organization"},"alternateName":"ICPJ","potentialAction":[{"@type":"SearchAction","target":{"@type":"EntryPoint","urlTemplate":"https:\/\/padrejosimo.com.br\/site\/?s={search_term_string}"},"query-input":{"@type":"PropertyValueSpecification","valueRequired":true,"valueName":"search_term_string"}}],"inLanguage":"pt-BR"},{"@type":"Organization","@id":"https:\/\/padrejosimo.com.br\/site\/#organization","name":"Instituto Cultural Padre Josimo","alternateName":"ICPJ","url":"https:\/\/padrejosimo.com.br\/site\/","logo":{"@type":"ImageObject","inLanguage":"pt-BR","@id":"https:\/\/padrejosimo.com.br\/site\/#\/schema\/logo\/image\/","url":"https:\/\/padrejosimo.com.br\/site\/wp-content\/uploads\/2025\/09\/cropped-icon-icpj.png","contentUrl":"https:\/\/padrejosimo.com.br\/site\/wp-content\/uploads\/2025\/09\/cropped-icon-icpj.png","width":512,"height":512,"caption":"Instituto Cultural Padre Josimo"},"image":{"@id":"https:\/\/padrejosimo.com.br\/site\/#\/schema\/logo\/image\/"}}]}},"_links":{"self":[{"href":"https:\/\/padrejosimo.com.br\/site\/wp-json\/wp\/v2\/artigos\/8998","targetHints":{"allow":["GET"]}}],"collection":[{"href":"https:\/\/padrejosimo.com.br\/site\/wp-json\/wp\/v2\/artigos"}],"about":[{"href":"https:\/\/padrejosimo.com.br\/site\/wp-json\/wp\/v2\/types\/artigos"}],"author":[{"embeddable":true,"href":"https:\/\/padrejosimo.com.br\/site\/wp-json\/wp\/v2\/users\/9"}],"wp:attachment":[{"href":"https:\/\/padrejosimo.com.br\/site\/wp-json\/wp\/v2\/media?parent=8998"}],"curies":[{"name":"wp","href":"https:\/\/api.w.org\/{rel}","templated":true}]}}