{"id":8148,"date":"2025-09-30T17:25:00","date_gmt":"2025-09-30T20:25:00","guid":{"rendered":"https:\/\/padrejosimo.com.br\/site\/?post_type=artigos&#038;p=8148"},"modified":"2025-10-15T17:26:25","modified_gmt":"2025-10-15T20:26:25","slug":"opiniao-comunicar-para-transformar-igreja-em-saida-e-a-urgencia-da-casa-comum","status":"publish","type":"artigos","link":"https:\/\/padrejosimo.com.br\/site\/artigos\/opiniao-comunicar-para-transformar-igreja-em-saida-e-a-urgencia-da-casa-comum\/","title":{"rendered":"Opini\u00e3o | Comunicar para transformar: Igreja em sa\u00edda e a urg\u00eancia da Casa Comum"},"content":{"rendered":"<blockquote>\n<p><strong>No 14\u00ba MUTICOM, em Manaus, comunicadores foram convocados a assumir a ecologia integral e a sair ao encontro do povo<\/strong><\/p>\n<\/blockquote>\n<p>&nbsp;<\/p>\n<blockquote>\n<p>Marcos Antonio Corbari* | <a href=\"https:\/\/padrejosimo.com.br\/\">Instituto Cultural Padre Josimo (ICPJ)<\/a><\/p>\n<p>&nbsp;<\/p>\n<\/blockquote>\n<figure id=\"attachment_8020\" aria-describedby=\"caption-attachment-8020\" style=\"width: 800px\" class=\"wp-caption aligncenter\"><img fetchpriority=\"high\" decoding=\"async\" class=\"size-large wp-image-8020\" src=\"https:\/\/padrejosimo.com.br\/site\/wp-content\/uploads\/2025\/10\/Inserir-um-titulo_20250928_145450_0000-1536x864-1-1024x576.jpg\" alt=\"\" width=\"800\" height=\"450\" srcset=\"https:\/\/padrejosimo.com.br\/site\/wp-content\/uploads\/2025\/10\/Inserir-um-titulo_20250928_145450_0000-1536x864-1-1024x576.jpg 1024w, https:\/\/padrejosimo.com.br\/site\/wp-content\/uploads\/2025\/10\/Inserir-um-titulo_20250928_145450_0000-1536x864-1-300x169.jpg 300w, https:\/\/padrejosimo.com.br\/site\/wp-content\/uploads\/2025\/10\/Inserir-um-titulo_20250928_145450_0000-1536x864-1-768x432.jpg 768w, https:\/\/padrejosimo.com.br\/site\/wp-content\/uploads\/2025\/10\/Inserir-um-titulo_20250928_145450_0000-1536x864-1.jpg 1536w\" sizes=\"(max-width: 800px) 100vw, 800px\" \/><figcaption id=\"caption-attachment-8020\" class=\"wp-caption-text\"><span style=\"font-size: 10pt;\"><em>O desafio aos comunicadores \u00e9 efetivar uma partilha radical, onde se coloquem a servi\u00e7os dos irm\u00e3os e irm\u00e3s, para al\u00e9m das telas e para al\u00e9m das portas dos templos \/ Imagem: Divulga\u00e7\u00e3o MUTICOM<\/em><\/span><\/figcaption><\/figure>\n<p>Os comunicadores vinculados \u00e0 igreja, pastorais, movimentos e organiza\u00e7\u00f5es devem despertar para a necessidade de colocar os p\u00e9s para fora dos templos e ir ao encontro do povo, porque se ficarem restritos \u00e0 formalidade protocolar, corremos o risco de reproduzir a postura do sacerdote e do levita que negaram socorro ao homem ferido ca\u00eddo \u00e0 margem da estrada na par\u00e1bola do bom samaritano. Precisamos ter a ousadia e a coragem do bom samaritano que n\u00e3o pensou duas vezes em ir ao encontro do ferido e acudi-lo, sem se importar com quem era ou porque estava ali.<\/p>\n<p>Essa reflex\u00e3o a partir do Evangelho de Lucas (10:25-37) resume o esp\u00edrito do 14\u00ba Mutir\u00e3o Brasileiro de Comunica\u00e7\u00e3o (MUTICOM), realizado em Manaus entre os dias 25 e 28 de setembro de 2025. O tema escolhido \u2014 \u201cComunica\u00e7\u00e3o e Ecologia Integral: Transforma\u00e7\u00e3o e Sustentabilidade Justa\u201d \u2014 colocou no centro do debate o papel da comunica\u00e7\u00e3o diante da crise clim\u00e1tica, da devasta\u00e7\u00e3o ambiental e da exclus\u00e3o social.<\/p>\n<p>Se o \u201cEncontro das \u00c1guas\u201d simboliza a uni\u00e3o dos rios Negro e Solim\u00f5es, o MUTICOM simbolizou outro encontro: da f\u00e9 com os desafios sociais e ambientais do nosso tempo. Comunicar, hoje, \u00e9 tamb\u00e9m denunciar a devasta\u00e7\u00e3o da floresta, a viol\u00eancia contra povos dos campos, das \u00e1guas, das florestas e das periferias urbanas sob a l\u00f3gica predat\u00f3ria que conduz a economia.<\/p>\n<p>A comunica\u00e7\u00e3o n\u00e3o pode ser apenas institucional, protocolar ou autorreferente. Precisa ser ato pol\u00edtico e prof\u00e9tico, que gere pertencimento, mobilize consci\u00eancias e contribua para a transforma\u00e7\u00e3o social.<\/p>\n<p>A Carta de Encerramento do MUTICOM destacou compromissos concretos para comunicadores e comunicadoras: Fazer da comunica\u00e7\u00e3o espa\u00e7o de participa\u00e7\u00e3o e escuta; Manter compromisso \u00e9tico frente \u00e0 mercantiliza\u00e7\u00e3o da m\u00eddia; Produzir narrativas que denunciem injusti\u00e7as e anunciem alternativas solid\u00e1rias; Aproximar comunica\u00e7\u00e3o institucional da comunica\u00e7\u00e3o popular.<\/p>\n<p>J\u00e1 o arcebispo de Manaus, Dom Leonardo Steiner, foi direto: \u00e9 preciso \u201csair do dom\u00ednio para a fraternidade; da destrui\u00e7\u00e3o para o cuidado; da economia que mata para a Casa Comum\u201d. Trata-se de uma interpela\u00e7\u00e3o que ultrapassa os limites da Igreja e chega a todos os comunicadores populares: escolher entre reproduzir a l\u00f3gica do poder ou estar a servi\u00e7o da vida.<\/p>\n<p>O MUTICOM reafirma um ponto essencial: comunica\u00e7\u00e3o deve ser popular, \u00e9tica e transformadora. Isso exige: Proximidade com os territ\u00f3rios, dialogar diretamente com comunidades e movimentos; Narrativas que tocam, usar linguagens acess\u00edveis, imagens e s\u00edmbolos que criem pertencimento; Forma\u00e7\u00e3o cr\u00edtica, enfrentar fake news e mercantiliza\u00e7\u00e3o da m\u00eddia; A\u00e7\u00e3o pr\u00e1tica, comunicar n\u00e3o s\u00f3 para relatar, mas para mobilizar e transformar.<\/p>\n<p>A comunica\u00e7\u00e3o que n\u00e3o se deixa tocar pelo sofrimento real das pessoas e da Terra perde sua raz\u00e3o de existir. O 14\u00ba MUTICOM lembrou que comunicar \u00e9, antes de tudo, cuidar da floresta, da \u00e1gua, dos povos e dos invisibilizados pelo sistema.<\/p>\n<p>Assim como o bom samaritano, comunicadores e comunicadoras s\u00e3o chamados a interromper o caminho apressado e ir ao encontro do ferido \u00e0 beira da estrada. Est\u00e1 na hora de perceber que a grande rede de comunica\u00e7\u00e3o que se desenvolve atrav\u00e9s das muitas ferramentas dispon\u00edveis a partir dos espa\u00e7os religiosos precisa se voltar para as pessoas nas comunidades, os pequeninos e as pequeninas com quem de fato caminha o Cristo do nosso tempo. A comum uni\u00e3o \u00e9 o desafio que est\u00e1 posto, mas \u00e9 preciso ter claro: ela acontece do lado de fora da porta da igreja e das telas das redes.<\/p>\n<p>No tempo presente, em que a crise clim\u00e1tica se soma \u00e0 desigualdade social, comunicar para transformar n\u00e3o \u00e9 s\u00f3 uma escolha pastoral ou profissional: \u00e9 uma necessidade hist\u00f3rica.<\/p>\n<p>&nbsp;<\/p>\n<hr \/>\n<p><span style=\"font-size: 10pt;\"><em>(*) Corbari \u00e9 jornalista e comunicador popular, participou do 14\u00ba MUTICOM representando o Instituto Cultural Padre Josimo (ICPJ).<\/em><\/span><\/p>\n<p><span style=\"font-size: 10pt;\"><em>(**) Este \u00e9 um artigo de opini\u00e3o, sob responsabilidade do autor acima identificado e n\u00e3o reflete necessariamente a posi\u00e7\u00e3o do ICPJ acerca dos temas que aborda.\u00a0<\/em><\/span><\/p>\n","protected":false},"excerpt":{"rendered":"<p>No 14\u00ba MUTICOM, em Manaus, comunicadores foram convocados a assumir a ecologia integral e a sair ao encontro do povo &nbsp; Marcos Antonio Corbari* | Instituto Cultural Padre Josimo (ICPJ) &nbsp; Os comunicadores vinculados \u00e0 igreja, pastorais, movimentos e organiza\u00e7\u00f5es devem despertar para a necessidade de colocar os p\u00e9s para fora dos templos e ir [&hellip;]<\/p>\n","protected":false},"author":9,"template":"","class_list":["post-8148","artigos","type-artigos","status-publish","hentry"],"acf":[],"yoast_head":"<!-- This site is optimized with the Yoast SEO plugin v27.2 - https:\/\/yoast.com\/product\/yoast-seo-wordpress\/ -->\n<title>Opini\u00e3o | Comunicar para transformar: Igreja em sa\u00edda e a urg\u00eancia da Casa Comum - Instituto Cultural Padre Josimo<\/title>\n<meta name=\"robots\" content=\"index, follow, max-snippet:-1, max-image-preview:large, max-video-preview:-1\" \/>\n<link rel=\"canonical\" href=\"https:\/\/padrejosimo.com.br\/site\/artigos\/opiniao-comunicar-para-transformar-igreja-em-saida-e-a-urgencia-da-casa-comum\/\" \/>\n<meta property=\"og:locale\" content=\"pt_BR\" \/>\n<meta property=\"og:type\" content=\"article\" \/>\n<meta property=\"og:title\" content=\"Opini\u00e3o | Comunicar para transformar: Igreja em sa\u00edda e a urg\u00eancia da Casa Comum - Instituto Cultural Padre Josimo\" \/>\n<meta property=\"og:description\" content=\"No 14\u00ba MUTICOM, em Manaus, comunicadores foram convocados a assumir a ecologia integral e a sair ao encontro do povo &nbsp; Marcos Antonio Corbari* | Instituto Cultural Padre Josimo (ICPJ) &nbsp; Os comunicadores vinculados \u00e0 igreja, pastorais, movimentos e organiza\u00e7\u00f5es devem despertar para a necessidade de colocar os p\u00e9s para fora dos templos e ir [&hellip;]\" \/>\n<meta property=\"og:url\" content=\"https:\/\/padrejosimo.com.br\/site\/artigos\/opiniao-comunicar-para-transformar-igreja-em-saida-e-a-urgencia-da-casa-comum\/\" \/>\n<meta property=\"og:site_name\" content=\"Instituto Cultural Padre Josimo\" \/>\n<meta property=\"article:modified_time\" content=\"2025-10-15T20:26:25+00:00\" \/>\n<meta property=\"og:image\" content=\"https:\/\/padrejosimo.com.br\/site\/wp-content\/uploads\/2025\/10\/Inserir-um-titulo_20250928_145450_0000-1536x864-1.jpg\" \/>\n\t<meta property=\"og:image:width\" content=\"1536\" \/>\n\t<meta property=\"og:image:height\" content=\"864\" \/>\n\t<meta property=\"og:image:type\" content=\"image\/jpeg\" \/>\n<meta name=\"twitter:card\" content=\"summary_large_image\" \/>\n<meta name=\"twitter:label1\" content=\"Est. tempo de leitura\" \/>\n\t<meta name=\"twitter:data1\" content=\"4 minutos\" \/>\n<script type=\"application\/ld+json\" class=\"yoast-schema-graph\">{\"@context\":\"https:\/\/schema.org\",\"@graph\":[{\"@type\":\"WebPage\",\"@id\":\"https:\/\/padrejosimo.com.br\/site\/artigos\/opiniao-comunicar-para-transformar-igreja-em-saida-e-a-urgencia-da-casa-comum\/\",\"url\":\"https:\/\/padrejosimo.com.br\/site\/artigos\/opiniao-comunicar-para-transformar-igreja-em-saida-e-a-urgencia-da-casa-comum\/\",\"name\":\"Opini\u00e3o | Comunicar para transformar: Igreja em sa\u00edda e a urg\u00eancia da Casa Comum - Instituto Cultural Padre Josimo\",\"isPartOf\":{\"@id\":\"https:\/\/padrejosimo.com.br\/site\/#website\"},\"primaryImageOfPage\":{\"@id\":\"https:\/\/padrejosimo.com.br\/site\/artigos\/opiniao-comunicar-para-transformar-igreja-em-saida-e-a-urgencia-da-casa-comum\/#primaryimage\"},\"image\":{\"@id\":\"https:\/\/padrejosimo.com.br\/site\/artigos\/opiniao-comunicar-para-transformar-igreja-em-saida-e-a-urgencia-da-casa-comum\/#primaryimage\"},\"thumbnailUrl\":\"https:\/\/padrejosimo.com.br\/site\/wp-content\/uploads\/2025\/10\/Inserir-um-titulo_20250928_145450_0000-1536x864-1-1024x576.jpg\",\"datePublished\":\"2025-09-30T20:25:00+00:00\",\"dateModified\":\"2025-10-15T20:26:25+00:00\",\"breadcrumb\":{\"@id\":\"https:\/\/padrejosimo.com.br\/site\/artigos\/opiniao-comunicar-para-transformar-igreja-em-saida-e-a-urgencia-da-casa-comum\/#breadcrumb\"},\"inLanguage\":\"pt-BR\",\"potentialAction\":[{\"@type\":\"ReadAction\",\"target\":[\"https:\/\/padrejosimo.com.br\/site\/artigos\/opiniao-comunicar-para-transformar-igreja-em-saida-e-a-urgencia-da-casa-comum\/\"]}]},{\"@type\":\"ImageObject\",\"inLanguage\":\"pt-BR\",\"@id\":\"https:\/\/padrejosimo.com.br\/site\/artigos\/opiniao-comunicar-para-transformar-igreja-em-saida-e-a-urgencia-da-casa-comum\/#primaryimage\",\"url\":\"https:\/\/padrejosimo.com.br\/site\/wp-content\/uploads\/2025\/10\/Inserir-um-titulo_20250928_145450_0000-1536x864-1.jpg\",\"contentUrl\":\"https:\/\/padrejosimo.com.br\/site\/wp-content\/uploads\/2025\/10\/Inserir-um-titulo_20250928_145450_0000-1536x864-1.jpg\",\"width\":1536,\"height\":864,\"caption\":\"O desafio aos comunicadores \u00e9 efetivar uma partilha radical, onde se coloquem a servi\u00e7os dos irm\u00e3os e irm\u00e3s, para al\u00e9m das telas e para al\u00e9m das portas dos templos \/ Imagem: Divulga\u00e7\u00e3o MUTICOM\"},{\"@type\":\"BreadcrumbList\",\"@id\":\"https:\/\/padrejosimo.com.br\/site\/artigos\/opiniao-comunicar-para-transformar-igreja-em-saida-e-a-urgencia-da-casa-comum\/#breadcrumb\",\"itemListElement\":[{\"@type\":\"ListItem\",\"position\":1,\"name\":\"In\u00edcio\",\"item\":\"https:\/\/padrejosimo.com.br\/site\/\"},{\"@type\":\"ListItem\",\"position\":2,\"name\":\"Artigos\",\"item\":\"https:\/\/padrejosimo.com.br\/site\/artigos\/\"},{\"@type\":\"ListItem\",\"position\":3,\"name\":\"Opini\u00e3o | Comunicar para transformar: Igreja em sa\u00edda e a urg\u00eancia da Casa Comum\"}]},{\"@type\":\"WebSite\",\"@id\":\"https:\/\/padrejosimo.com.br\/site\/#website\",\"url\":\"https:\/\/padrejosimo.com.br\/site\/\",\"name\":\"Instituto Cultural Padre Josimo\",\"description\":\"Comprometida com a promo\u00e7\u00e3o da justi\u00e7a social, agroecologia e educa\u00e7\u00e3o popular\",\"publisher\":{\"@id\":\"https:\/\/padrejosimo.com.br\/site\/#organization\"},\"alternateName\":\"ICPJ\",\"potentialAction\":[{\"@type\":\"SearchAction\",\"target\":{\"@type\":\"EntryPoint\",\"urlTemplate\":\"https:\/\/padrejosimo.com.br\/site\/?s={search_term_string}\"},\"query-input\":{\"@type\":\"PropertyValueSpecification\",\"valueRequired\":true,\"valueName\":\"search_term_string\"}}],\"inLanguage\":\"pt-BR\"},{\"@type\":\"Organization\",\"@id\":\"https:\/\/padrejosimo.com.br\/site\/#organization\",\"name\":\"Instituto Cultural Padre Josimo\",\"alternateName\":\"ICPJ\",\"url\":\"https:\/\/padrejosimo.com.br\/site\/\",\"logo\":{\"@type\":\"ImageObject\",\"inLanguage\":\"pt-BR\",\"@id\":\"https:\/\/padrejosimo.com.br\/site\/#\/schema\/logo\/image\/\",\"url\":\"https:\/\/padrejosimo.com.br\/site\/wp-content\/uploads\/2025\/09\/cropped-icon-icpj.png\",\"contentUrl\":\"https:\/\/padrejosimo.com.br\/site\/wp-content\/uploads\/2025\/09\/cropped-icon-icpj.png\",\"width\":512,\"height\":512,\"caption\":\"Instituto Cultural Padre Josimo\"},\"image\":{\"@id\":\"https:\/\/padrejosimo.com.br\/site\/#\/schema\/logo\/image\/\"}}]}<\/script>\n<!-- \/ Yoast SEO plugin. -->","yoast_head_json":{"title":"Opini\u00e3o | Comunicar para transformar: Igreja em sa\u00edda e a urg\u00eancia da Casa Comum - Instituto Cultural Padre Josimo","robots":{"index":"index","follow":"follow","max-snippet":"max-snippet:-1","max-image-preview":"max-image-preview:large","max-video-preview":"max-video-preview:-1"},"canonical":"https:\/\/padrejosimo.com.br\/site\/artigos\/opiniao-comunicar-para-transformar-igreja-em-saida-e-a-urgencia-da-casa-comum\/","og_locale":"pt_BR","og_type":"article","og_title":"Opini\u00e3o | Comunicar para transformar: Igreja em sa\u00edda e a urg\u00eancia da Casa Comum - Instituto Cultural Padre Josimo","og_description":"No 14\u00ba MUTICOM, em Manaus, comunicadores foram convocados a assumir a ecologia integral e a sair ao encontro do povo &nbsp; Marcos Antonio Corbari* | Instituto Cultural Padre Josimo (ICPJ) &nbsp; Os comunicadores vinculados \u00e0 igreja, pastorais, movimentos e organiza\u00e7\u00f5es devem despertar para a necessidade de colocar os p\u00e9s para fora dos templos e ir [&hellip;]","og_url":"https:\/\/padrejosimo.com.br\/site\/artigos\/opiniao-comunicar-para-transformar-igreja-em-saida-e-a-urgencia-da-casa-comum\/","og_site_name":"Instituto Cultural Padre Josimo","article_modified_time":"2025-10-15T20:26:25+00:00","og_image":[{"width":1536,"height":864,"url":"https:\/\/padrejosimo.com.br\/site\/wp-content\/uploads\/2025\/10\/Inserir-um-titulo_20250928_145450_0000-1536x864-1.jpg","type":"image\/jpeg"}],"twitter_card":"summary_large_image","twitter_misc":{"Est. tempo de leitura":"4 minutos"},"schema":{"@context":"https:\/\/schema.org","@graph":[{"@type":"WebPage","@id":"https:\/\/padrejosimo.com.br\/site\/artigos\/opiniao-comunicar-para-transformar-igreja-em-saida-e-a-urgencia-da-casa-comum\/","url":"https:\/\/padrejosimo.com.br\/site\/artigos\/opiniao-comunicar-para-transformar-igreja-em-saida-e-a-urgencia-da-casa-comum\/","name":"Opini\u00e3o | Comunicar para transformar: Igreja em sa\u00edda e a urg\u00eancia da Casa Comum - Instituto Cultural Padre Josimo","isPartOf":{"@id":"https:\/\/padrejosimo.com.br\/site\/#website"},"primaryImageOfPage":{"@id":"https:\/\/padrejosimo.com.br\/site\/artigos\/opiniao-comunicar-para-transformar-igreja-em-saida-e-a-urgencia-da-casa-comum\/#primaryimage"},"image":{"@id":"https:\/\/padrejosimo.com.br\/site\/artigos\/opiniao-comunicar-para-transformar-igreja-em-saida-e-a-urgencia-da-casa-comum\/#primaryimage"},"thumbnailUrl":"https:\/\/padrejosimo.com.br\/site\/wp-content\/uploads\/2025\/10\/Inserir-um-titulo_20250928_145450_0000-1536x864-1-1024x576.jpg","datePublished":"2025-09-30T20:25:00+00:00","dateModified":"2025-10-15T20:26:25+00:00","breadcrumb":{"@id":"https:\/\/padrejosimo.com.br\/site\/artigos\/opiniao-comunicar-para-transformar-igreja-em-saida-e-a-urgencia-da-casa-comum\/#breadcrumb"},"inLanguage":"pt-BR","potentialAction":[{"@type":"ReadAction","target":["https:\/\/padrejosimo.com.br\/site\/artigos\/opiniao-comunicar-para-transformar-igreja-em-saida-e-a-urgencia-da-casa-comum\/"]}]},{"@type":"ImageObject","inLanguage":"pt-BR","@id":"https:\/\/padrejosimo.com.br\/site\/artigos\/opiniao-comunicar-para-transformar-igreja-em-saida-e-a-urgencia-da-casa-comum\/#primaryimage","url":"https:\/\/padrejosimo.com.br\/site\/wp-content\/uploads\/2025\/10\/Inserir-um-titulo_20250928_145450_0000-1536x864-1.jpg","contentUrl":"https:\/\/padrejosimo.com.br\/site\/wp-content\/uploads\/2025\/10\/Inserir-um-titulo_20250928_145450_0000-1536x864-1.jpg","width":1536,"height":864,"caption":"O desafio aos comunicadores \u00e9 efetivar uma partilha radical, onde se coloquem a servi\u00e7os dos irm\u00e3os e irm\u00e3s, para al\u00e9m das telas e para al\u00e9m das portas dos templos \/ Imagem: Divulga\u00e7\u00e3o MUTICOM"},{"@type":"BreadcrumbList","@id":"https:\/\/padrejosimo.com.br\/site\/artigos\/opiniao-comunicar-para-transformar-igreja-em-saida-e-a-urgencia-da-casa-comum\/#breadcrumb","itemListElement":[{"@type":"ListItem","position":1,"name":"In\u00edcio","item":"https:\/\/padrejosimo.com.br\/site\/"},{"@type":"ListItem","position":2,"name":"Artigos","item":"https:\/\/padrejosimo.com.br\/site\/artigos\/"},{"@type":"ListItem","position":3,"name":"Opini\u00e3o | Comunicar para transformar: Igreja em sa\u00edda e a urg\u00eancia da Casa Comum"}]},{"@type":"WebSite","@id":"https:\/\/padrejosimo.com.br\/site\/#website","url":"https:\/\/padrejosimo.com.br\/site\/","name":"Instituto Cultural Padre Josimo","description":"Comprometida com a promo\u00e7\u00e3o da justi\u00e7a social, agroecologia e educa\u00e7\u00e3o popular","publisher":{"@id":"https:\/\/padrejosimo.com.br\/site\/#organization"},"alternateName":"ICPJ","potentialAction":[{"@type":"SearchAction","target":{"@type":"EntryPoint","urlTemplate":"https:\/\/padrejosimo.com.br\/site\/?s={search_term_string}"},"query-input":{"@type":"PropertyValueSpecification","valueRequired":true,"valueName":"search_term_string"}}],"inLanguage":"pt-BR"},{"@type":"Organization","@id":"https:\/\/padrejosimo.com.br\/site\/#organization","name":"Instituto Cultural Padre Josimo","alternateName":"ICPJ","url":"https:\/\/padrejosimo.com.br\/site\/","logo":{"@type":"ImageObject","inLanguage":"pt-BR","@id":"https:\/\/padrejosimo.com.br\/site\/#\/schema\/logo\/image\/","url":"https:\/\/padrejosimo.com.br\/site\/wp-content\/uploads\/2025\/09\/cropped-icon-icpj.png","contentUrl":"https:\/\/padrejosimo.com.br\/site\/wp-content\/uploads\/2025\/09\/cropped-icon-icpj.png","width":512,"height":512,"caption":"Instituto Cultural Padre Josimo"},"image":{"@id":"https:\/\/padrejosimo.com.br\/site\/#\/schema\/logo\/image\/"}}]}},"_links":{"self":[{"href":"https:\/\/padrejosimo.com.br\/site\/wp-json\/wp\/v2\/artigos\/8148","targetHints":{"allow":["GET"]}}],"collection":[{"href":"https:\/\/padrejosimo.com.br\/site\/wp-json\/wp\/v2\/artigos"}],"about":[{"href":"https:\/\/padrejosimo.com.br\/site\/wp-json\/wp\/v2\/types\/artigos"}],"author":[{"embeddable":true,"href":"https:\/\/padrejosimo.com.br\/site\/wp-json\/wp\/v2\/users\/9"}],"wp:attachment":[{"href":"https:\/\/padrejosimo.com.br\/site\/wp-json\/wp\/v2\/media?parent=8148"}],"curies":[{"name":"wp","href":"https:\/\/api.w.org\/{rel}","templated":true}]}}