{"id":7836,"date":"2025-09-11T12:22:41","date_gmt":"2025-09-11T15:22:41","guid":{"rendered":"https:\/\/padrejosimo.com.br\/site\/?post_type=artigos&#038;p=7836"},"modified":"2025-09-11T14:15:42","modified_gmt":"2025-09-11T17:15:42","slug":"maria-rita-rosa-dos-santos-uma-trajetoria-de-luta-educacao-popular-e-transformacao-social","status":"publish","type":"artigos","link":"https:\/\/padrejosimo.com.br\/site\/artigos\/maria-rita-rosa-dos-santos-uma-trajetoria-de-luta-educacao-popular-e-transformacao-social\/","title":{"rendered":"Maria Rita Rosa dos Santos: uma trajet\u00f3ria de luta, educa\u00e7\u00e3o popular e transforma\u00e7\u00e3o social"},"content":{"rendered":"<p><img fetchpriority=\"high\" decoding=\"async\" class=\" wp-image-7837 aligncenter\" src=\"https:\/\/padrejosimo.com.br\/site\/wp-content\/uploads\/2025\/09\/WhatsApp-Image-2025-09-11-at-11.34.20.jpeg\" alt=\"\" width=\"525\" height=\"350\" srcset=\"https:\/\/padrejosimo.com.br\/site\/wp-content\/uploads\/2025\/09\/WhatsApp-Image-2025-09-11-at-11.34.20.jpeg 830w, https:\/\/padrejosimo.com.br\/site\/wp-content\/uploads\/2025\/09\/WhatsApp-Image-2025-09-11-at-11.34.20-300x200.jpeg 300w, https:\/\/padrejosimo.com.br\/site\/wp-content\/uploads\/2025\/09\/WhatsApp-Image-2025-09-11-at-11.34.20-768x512.jpeg 768w\" sizes=\"(max-width: 525px) 100vw, 525px\" \/><\/p>\n<p>Nascida em 15 de maio de 1972, Maria Rita Rosa dos Santos \u2014 conhecida como Irm\u00e3 Rita no territ\u00f3rio alagoano \u2014 \u00e9 s\u00edmbolo de resist\u00eancia, sabedoria e inspira\u00e7\u00e3o para as mulheres camponesas do Brasil. Sua trajet\u00f3ria entrela\u00e7a f\u00e9, milit\u00e2ncia e educa\u00e7\u00e3o popular, revelando o poder transformador da organiza\u00e7\u00e3o coletiva.<\/p>\n<p>Ainda adolescente, aos 13 anos, come\u00e7ou a participar das lutas sociais em Sergipe, estado onde viveu sua inf\u00e2ncia e juventude. Foi ali, junto \u00e0s Comunidades Eclesiais de Base (CEBs), que Irm\u00e3 Rita iniciou sua milit\u00e2ncia, em um contexto marcado pela mobiliza\u00e7\u00e3o popular contra a ditadura militar e pela reconstru\u00e7\u00e3o dos direitos civis do povo brasileiro.<\/p>\n<p>Com a redemocratiza\u00e7\u00e3o do pa\u00eds e a promulga\u00e7\u00e3o da Constitui\u00e7\u00e3o Federal de 1988, Maria Rita passou a atuar em Alagoas, fortalecendo a articula\u00e7\u00e3o das Mulheres Trabalhadoras Rurais e a Comiss\u00e3o Pastoral da Terra (CPT). Seu nome \u201cIrm\u00e3 Rita\u201d surgiu da conviv\u00eancia com freiras da Teologia da Liberta\u00e7\u00e3o com quem muito caminhou e aprendeu sobre a import\u00e2ncia da organiza\u00e7\u00e3o, forma\u00e7\u00e3o e luta das mulheres do campo. Foi ent\u00e3o rebatizada como Irm\u00e3 Rita de Murici, em refer\u00eancia ao territ\u00f3rio onde atua.<\/p>\n<p>Em 2004, participou da consolida\u00e7\u00e3o das articula\u00e7\u00f5es que culminaram na cria\u00e7\u00e3o oficial do Movimento de Mulheres Camponesas (MMC), durante o I Congresso Nacional do Movimento \u2014 um marco hist\u00f3rico na luta por autonomia, dignidade e direitos das mulheres rurais.<\/p>\n<p>Assentada da Reforma Agr\u00e1ria no Assentamento Dom Helder C\u00e2mara, Irm\u00e3 Rita \u00e9 uma educadora popular comprometida com a forma\u00e7\u00e3o pol\u00edtica e social das mulheres do campo. Sua atua\u00e7\u00e3o \u00e9 marcada pela defesa da Seguran\u00e7a Alimentar e Nutricional (SAN), da alimenta\u00e7\u00e3o saud\u00e1vel, da sa\u00fade natural, das plantas medicinais e das sementes crioulas \u2014 temas que a levaram a buscar forma\u00e7\u00e3o t\u00e9cnica em alimentos.<\/p>\n<p>Na \u00faltima ter\u00e7a-feira (09), aos 53 anos, realizou um sonho antigo: concluiu o Ensino M\u00e9dio T\u00e9cnico em Alimentos pelo Instituto Federal de Alagoas (IFAL), campus Murici. A formatura foi celebrada como uma conquista coletiva, reconhecida como s\u00edmbolo da luta popular alagoana e do MMC, que h\u00e1 d\u00e9cadas constr\u00f3i caminhos de emancipa\u00e7\u00e3o para as mulheres do campo &#8220;Quando uma mulher avan\u00e7a o mundo avan\u00e7a junto&#8221;.<\/p>\n<p>Durante a cerim\u00f4nia, suas palavras emocionaram a todos: \u201c\u00c0s vezes lutamos pela liberdade e pelos direitos das companheiras, e nos realizamos quando as jovens conseguem aquilo que n\u00e3o tivemos. Mas \u00e0s vezes \u00e9 preciso tamb\u00e9m garantir nossos pr\u00f3prios sonhos. Eu tinha o sonho de me formar para poder ocupar espa\u00e7os que nos s\u00e3o negados pela vida, s\u00f3 porque n\u00e3o temos um diploma. Hoje eu saio dessa celebra\u00e7\u00e3o com a formatura no cora\u00e7\u00e3o e nas m\u00e3os. \u00c9 uma conquista minha e do MMC-AL, pois esse movimento \u00e9 nossa vida!\u201d<\/p>\n<p>A hist\u00f3ria de Maria Rita \u00e9 um convite \u00e0 esperan\u00e7a e \u00e0 a\u00e7\u00e3o. Que, por meio dela, muitas outras mulheres camponesas se reconhe\u00e7am e se sintam encorajadas a ocupar espa\u00e7os de forma\u00e7\u00e3o, lideran\u00e7a e transforma\u00e7\u00e3o. Como diz a can\u00e7\u00e3o que embala tantas lutas populares: \u201cSonho que se sonha s\u00f3 \u00e9 s\u00f3 um sonho que se sonha s\u00f3, mas se sonhamos juntas, \u00e9 realidade.\u201d<\/p>\n<p>&nbsp;<\/p>\n<hr \/>\n<p><strong>Edcleide da Rocha Silva<\/strong><\/p>\n<p><em><span style=\"font-size: 10pt;\">Doutoranda em Educa\u00e7\u00e3o pela UFAL e militante do MMC-AL<\/span><\/em><\/p>\n","protected":false},"excerpt":{"rendered":"<p>Diploma como ferramenta de luta: Militante do MMC alcan\u00e7a forma\u00e7\u00e3o t\u00e9cnica depois de dedicar a vida a luta social<\/p>\n","protected":false},"author":1,"template":"","class_list":["post-7836","artigos","type-artigos","status-publish","hentry"],"acf":[],"yoast_head":"<!-- This site is optimized with the Yoast SEO plugin v27.2 - https:\/\/yoast.com\/product\/yoast-seo-wordpress\/ -->\n<title>Maria Rita Rosa dos Santos: uma trajet\u00f3ria de luta, educa\u00e7\u00e3o popular e transforma\u00e7\u00e3o social - Instituto Cultural Padre Josimo<\/title>\n<meta name=\"robots\" content=\"index, follow, max-snippet:-1, max-image-preview:large, max-video-preview:-1\" \/>\n<link rel=\"canonical\" href=\"https:\/\/padrejosimo.com.br\/site\/artigos\/maria-rita-rosa-dos-santos-uma-trajetoria-de-luta-educacao-popular-e-transformacao-social\/\" \/>\n<meta property=\"og:locale\" content=\"pt_BR\" \/>\n<meta property=\"og:type\" content=\"article\" \/>\n<meta property=\"og:title\" content=\"Maria Rita Rosa dos Santos: uma trajet\u00f3ria de luta, educa\u00e7\u00e3o popular e transforma\u00e7\u00e3o social - Instituto Cultural Padre Josimo\" \/>\n<meta property=\"og:description\" content=\"Diploma como ferramenta de luta: Militante do MMC alcan\u00e7a forma\u00e7\u00e3o t\u00e9cnica depois de dedicar a vida a luta social\" \/>\n<meta property=\"og:url\" content=\"https:\/\/padrejosimo.com.br\/site\/artigos\/maria-rita-rosa-dos-santos-uma-trajetoria-de-luta-educacao-popular-e-transformacao-social\/\" \/>\n<meta property=\"og:site_name\" content=\"Instituto Cultural Padre Josimo\" \/>\n<meta property=\"article:modified_time\" content=\"2025-09-11T17:15:42+00:00\" \/>\n<meta property=\"og:image\" content=\"https:\/\/padrejosimo.com.br\/site\/wp-content\/uploads\/2025\/09\/WhatsApp-Image-2025-09-11-at-11.34.20.jpeg\" \/>\n\t<meta property=\"og:image:width\" content=\"830\" \/>\n\t<meta property=\"og:image:height\" content=\"553\" \/>\n\t<meta property=\"og:image:type\" content=\"image\/jpeg\" \/>\n<meta name=\"twitter:card\" content=\"summary_large_image\" \/>\n<meta name=\"twitter:label1\" content=\"Est. tempo de leitura\" \/>\n\t<meta name=\"twitter:data1\" content=\"3 minutos\" \/>\n<script type=\"application\/ld+json\" class=\"yoast-schema-graph\">{\"@context\":\"https:\/\/schema.org\",\"@graph\":[{\"@type\":\"WebPage\",\"@id\":\"https:\/\/padrejosimo.com.br\/site\/artigos\/maria-rita-rosa-dos-santos-uma-trajetoria-de-luta-educacao-popular-e-transformacao-social\/\",\"url\":\"https:\/\/padrejosimo.com.br\/site\/artigos\/maria-rita-rosa-dos-santos-uma-trajetoria-de-luta-educacao-popular-e-transformacao-social\/\",\"name\":\"Maria Rita Rosa dos Santos: uma trajet\u00f3ria de luta, educa\u00e7\u00e3o popular e transforma\u00e7\u00e3o social - Instituto Cultural Padre Josimo\",\"isPartOf\":{\"@id\":\"https:\/\/padrejosimo.com.br\/site\/#website\"},\"primaryImageOfPage\":{\"@id\":\"https:\/\/padrejosimo.com.br\/site\/artigos\/maria-rita-rosa-dos-santos-uma-trajetoria-de-luta-educacao-popular-e-transformacao-social\/#primaryimage\"},\"image\":{\"@id\":\"https:\/\/padrejosimo.com.br\/site\/artigos\/maria-rita-rosa-dos-santos-uma-trajetoria-de-luta-educacao-popular-e-transformacao-social\/#primaryimage\"},\"thumbnailUrl\":\"https:\/\/padrejosimo.com.br\/site\/wp-content\/uploads\/2025\/09\/WhatsApp-Image-2025-09-11-at-11.34.20.jpeg\",\"datePublished\":\"2025-09-11T15:22:41+00:00\",\"dateModified\":\"2025-09-11T17:15:42+00:00\",\"breadcrumb\":{\"@id\":\"https:\/\/padrejosimo.com.br\/site\/artigos\/maria-rita-rosa-dos-santos-uma-trajetoria-de-luta-educacao-popular-e-transformacao-social\/#breadcrumb\"},\"inLanguage\":\"pt-BR\",\"potentialAction\":[{\"@type\":\"ReadAction\",\"target\":[\"https:\/\/padrejosimo.com.br\/site\/artigos\/maria-rita-rosa-dos-santos-uma-trajetoria-de-luta-educacao-popular-e-transformacao-social\/\"]}]},{\"@type\":\"ImageObject\",\"inLanguage\":\"pt-BR\",\"@id\":\"https:\/\/padrejosimo.com.br\/site\/artigos\/maria-rita-rosa-dos-santos-uma-trajetoria-de-luta-educacao-popular-e-transformacao-social\/#primaryimage\",\"url\":\"https:\/\/padrejosimo.com.br\/site\/wp-content\/uploads\/2025\/09\/WhatsApp-Image-2025-09-11-at-11.34.20.jpeg\",\"contentUrl\":\"https:\/\/padrejosimo.com.br\/site\/wp-content\/uploads\/2025\/09\/WhatsApp-Image-2025-09-11-at-11.34.20.jpeg\",\"width\":830,\"height\":553},{\"@type\":\"BreadcrumbList\",\"@id\":\"https:\/\/padrejosimo.com.br\/site\/artigos\/maria-rita-rosa-dos-santos-uma-trajetoria-de-luta-educacao-popular-e-transformacao-social\/#breadcrumb\",\"itemListElement\":[{\"@type\":\"ListItem\",\"position\":1,\"name\":\"In\u00edcio\",\"item\":\"https:\/\/padrejosimo.com.br\/site\/\"},{\"@type\":\"ListItem\",\"position\":2,\"name\":\"Artigos\",\"item\":\"https:\/\/padrejosimo.com.br\/site\/artigos\/\"},{\"@type\":\"ListItem\",\"position\":3,\"name\":\"Maria Rita Rosa dos Santos: uma trajet\u00f3ria de luta, educa\u00e7\u00e3o popular e transforma\u00e7\u00e3o social\"}]},{\"@type\":\"WebSite\",\"@id\":\"https:\/\/padrejosimo.com.br\/site\/#website\",\"url\":\"https:\/\/padrejosimo.com.br\/site\/\",\"name\":\"Instituto Cultural Padre Josimo\",\"description\":\"Comprometida com a promo\u00e7\u00e3o da justi\u00e7a social, agroecologia e educa\u00e7\u00e3o popular\",\"publisher\":{\"@id\":\"https:\/\/padrejosimo.com.br\/site\/#organization\"},\"alternateName\":\"ICPJ\",\"potentialAction\":[{\"@type\":\"SearchAction\",\"target\":{\"@type\":\"EntryPoint\",\"urlTemplate\":\"https:\/\/padrejosimo.com.br\/site\/?s={search_term_string}\"},\"query-input\":{\"@type\":\"PropertyValueSpecification\",\"valueRequired\":true,\"valueName\":\"search_term_string\"}}],\"inLanguage\":\"pt-BR\"},{\"@type\":\"Organization\",\"@id\":\"https:\/\/padrejosimo.com.br\/site\/#organization\",\"name\":\"Instituto Cultural Padre Josimo\",\"alternateName\":\"ICPJ\",\"url\":\"https:\/\/padrejosimo.com.br\/site\/\",\"logo\":{\"@type\":\"ImageObject\",\"inLanguage\":\"pt-BR\",\"@id\":\"https:\/\/padrejosimo.com.br\/site\/#\/schema\/logo\/image\/\",\"url\":\"https:\/\/padrejosimo.com.br\/site\/wp-content\/uploads\/2025\/09\/cropped-icon-icpj.png\",\"contentUrl\":\"https:\/\/padrejosimo.com.br\/site\/wp-content\/uploads\/2025\/09\/cropped-icon-icpj.png\",\"width\":512,\"height\":512,\"caption\":\"Instituto Cultural Padre Josimo\"},\"image\":{\"@id\":\"https:\/\/padrejosimo.com.br\/site\/#\/schema\/logo\/image\/\"}}]}<\/script>\n<!-- \/ Yoast SEO plugin. -->","yoast_head_json":{"title":"Maria Rita Rosa dos Santos: uma trajet\u00f3ria de luta, educa\u00e7\u00e3o popular e transforma\u00e7\u00e3o social - Instituto Cultural Padre Josimo","robots":{"index":"index","follow":"follow","max-snippet":"max-snippet:-1","max-image-preview":"max-image-preview:large","max-video-preview":"max-video-preview:-1"},"canonical":"https:\/\/padrejosimo.com.br\/site\/artigos\/maria-rita-rosa-dos-santos-uma-trajetoria-de-luta-educacao-popular-e-transformacao-social\/","og_locale":"pt_BR","og_type":"article","og_title":"Maria Rita Rosa dos Santos: uma trajet\u00f3ria de luta, educa\u00e7\u00e3o popular e transforma\u00e7\u00e3o social - Instituto Cultural Padre Josimo","og_description":"Diploma como ferramenta de luta: Militante do MMC alcan\u00e7a forma\u00e7\u00e3o t\u00e9cnica depois de dedicar a vida a luta social","og_url":"https:\/\/padrejosimo.com.br\/site\/artigos\/maria-rita-rosa-dos-santos-uma-trajetoria-de-luta-educacao-popular-e-transformacao-social\/","og_site_name":"Instituto Cultural Padre Josimo","article_modified_time":"2025-09-11T17:15:42+00:00","og_image":[{"width":830,"height":553,"url":"https:\/\/padrejosimo.com.br\/site\/wp-content\/uploads\/2025\/09\/WhatsApp-Image-2025-09-11-at-11.34.20.jpeg","type":"image\/jpeg"}],"twitter_card":"summary_large_image","twitter_misc":{"Est. tempo de leitura":"3 minutos"},"schema":{"@context":"https:\/\/schema.org","@graph":[{"@type":"WebPage","@id":"https:\/\/padrejosimo.com.br\/site\/artigos\/maria-rita-rosa-dos-santos-uma-trajetoria-de-luta-educacao-popular-e-transformacao-social\/","url":"https:\/\/padrejosimo.com.br\/site\/artigos\/maria-rita-rosa-dos-santos-uma-trajetoria-de-luta-educacao-popular-e-transformacao-social\/","name":"Maria Rita Rosa dos Santos: uma trajet\u00f3ria de luta, educa\u00e7\u00e3o popular e transforma\u00e7\u00e3o social - Instituto Cultural Padre Josimo","isPartOf":{"@id":"https:\/\/padrejosimo.com.br\/site\/#website"},"primaryImageOfPage":{"@id":"https:\/\/padrejosimo.com.br\/site\/artigos\/maria-rita-rosa-dos-santos-uma-trajetoria-de-luta-educacao-popular-e-transformacao-social\/#primaryimage"},"image":{"@id":"https:\/\/padrejosimo.com.br\/site\/artigos\/maria-rita-rosa-dos-santos-uma-trajetoria-de-luta-educacao-popular-e-transformacao-social\/#primaryimage"},"thumbnailUrl":"https:\/\/padrejosimo.com.br\/site\/wp-content\/uploads\/2025\/09\/WhatsApp-Image-2025-09-11-at-11.34.20.jpeg","datePublished":"2025-09-11T15:22:41+00:00","dateModified":"2025-09-11T17:15:42+00:00","breadcrumb":{"@id":"https:\/\/padrejosimo.com.br\/site\/artigos\/maria-rita-rosa-dos-santos-uma-trajetoria-de-luta-educacao-popular-e-transformacao-social\/#breadcrumb"},"inLanguage":"pt-BR","potentialAction":[{"@type":"ReadAction","target":["https:\/\/padrejosimo.com.br\/site\/artigos\/maria-rita-rosa-dos-santos-uma-trajetoria-de-luta-educacao-popular-e-transformacao-social\/"]}]},{"@type":"ImageObject","inLanguage":"pt-BR","@id":"https:\/\/padrejosimo.com.br\/site\/artigos\/maria-rita-rosa-dos-santos-uma-trajetoria-de-luta-educacao-popular-e-transformacao-social\/#primaryimage","url":"https:\/\/padrejosimo.com.br\/site\/wp-content\/uploads\/2025\/09\/WhatsApp-Image-2025-09-11-at-11.34.20.jpeg","contentUrl":"https:\/\/padrejosimo.com.br\/site\/wp-content\/uploads\/2025\/09\/WhatsApp-Image-2025-09-11-at-11.34.20.jpeg","width":830,"height":553},{"@type":"BreadcrumbList","@id":"https:\/\/padrejosimo.com.br\/site\/artigos\/maria-rita-rosa-dos-santos-uma-trajetoria-de-luta-educacao-popular-e-transformacao-social\/#breadcrumb","itemListElement":[{"@type":"ListItem","position":1,"name":"In\u00edcio","item":"https:\/\/padrejosimo.com.br\/site\/"},{"@type":"ListItem","position":2,"name":"Artigos","item":"https:\/\/padrejosimo.com.br\/site\/artigos\/"},{"@type":"ListItem","position":3,"name":"Maria Rita Rosa dos Santos: uma trajet\u00f3ria de luta, educa\u00e7\u00e3o popular e transforma\u00e7\u00e3o social"}]},{"@type":"WebSite","@id":"https:\/\/padrejosimo.com.br\/site\/#website","url":"https:\/\/padrejosimo.com.br\/site\/","name":"Instituto Cultural Padre Josimo","description":"Comprometida com a promo\u00e7\u00e3o da justi\u00e7a social, agroecologia e educa\u00e7\u00e3o popular","publisher":{"@id":"https:\/\/padrejosimo.com.br\/site\/#organization"},"alternateName":"ICPJ","potentialAction":[{"@type":"SearchAction","target":{"@type":"EntryPoint","urlTemplate":"https:\/\/padrejosimo.com.br\/site\/?s={search_term_string}"},"query-input":{"@type":"PropertyValueSpecification","valueRequired":true,"valueName":"search_term_string"}}],"inLanguage":"pt-BR"},{"@type":"Organization","@id":"https:\/\/padrejosimo.com.br\/site\/#organization","name":"Instituto Cultural Padre Josimo","alternateName":"ICPJ","url":"https:\/\/padrejosimo.com.br\/site\/","logo":{"@type":"ImageObject","inLanguage":"pt-BR","@id":"https:\/\/padrejosimo.com.br\/site\/#\/schema\/logo\/image\/","url":"https:\/\/padrejosimo.com.br\/site\/wp-content\/uploads\/2025\/09\/cropped-icon-icpj.png","contentUrl":"https:\/\/padrejosimo.com.br\/site\/wp-content\/uploads\/2025\/09\/cropped-icon-icpj.png","width":512,"height":512,"caption":"Instituto Cultural Padre Josimo"},"image":{"@id":"https:\/\/padrejosimo.com.br\/site\/#\/schema\/logo\/image\/"}}]}},"_links":{"self":[{"href":"https:\/\/padrejosimo.com.br\/site\/wp-json\/wp\/v2\/artigos\/7836","targetHints":{"allow":["GET"]}}],"collection":[{"href":"https:\/\/padrejosimo.com.br\/site\/wp-json\/wp\/v2\/artigos"}],"about":[{"href":"https:\/\/padrejosimo.com.br\/site\/wp-json\/wp\/v2\/types\/artigos"}],"author":[{"embeddable":true,"href":"https:\/\/padrejosimo.com.br\/site\/wp-json\/wp\/v2\/users\/1"}],"wp:attachment":[{"href":"https:\/\/padrejosimo.com.br\/site\/wp-json\/wp\/v2\/media?parent=7836"}],"curies":[{"name":"wp","href":"https:\/\/api.w.org\/{rel}","templated":true}]}}