{"id":6193,"date":"2024-11-09T19:15:40","date_gmt":"2024-11-09T22:15:40","guid":{"rendered":"https:\/\/padrejosimo.com.br\/site\/?post_type=artigos&#038;p=6193"},"modified":"2024-11-09T19:15:40","modified_gmt":"2024-11-09T22:15:40","slug":"artigo-lula-e-as-nossas-esperancas-por-frei-sergio","status":"publish","type":"artigos","link":"https:\/\/padrejosimo.com.br\/site\/artigos\/artigo-lula-e-as-nossas-esperancas-por-frei-sergio\/","title":{"rendered":"Artigo | Lula e as nossas esperan\u00e7as (por Frei S\u00e9rgio)"},"content":{"rendered":"<p><img fetchpriority=\"high\" decoding=\"async\" class=\" wp-image-6191\" src=\"https:\/\/padrejosimo.com.br\/site\/wp-content\/uploads\/2024\/11\/08112024-08112024-_46A7267-2-1024x597.jpg\" alt=\"\" width=\"650\" height=\"379\" srcset=\"https:\/\/padrejosimo.com.br\/site\/wp-content\/uploads\/2024\/11\/08112024-08112024-_46A7267-2-1024x597.jpg 1024w, https:\/\/padrejosimo.com.br\/site\/wp-content\/uploads\/2024\/11\/08112024-08112024-_46A7267-2-300x175.jpg 300w, https:\/\/padrejosimo.com.br\/site\/wp-content\/uploads\/2024\/11\/08112024-08112024-_46A7267-2-768x448.jpg 768w, https:\/\/padrejosimo.com.br\/site\/wp-content\/uploads\/2024\/11\/08112024-08112024-_46A7267-2-1536x896.jpg 1536w, https:\/\/padrejosimo.com.br\/site\/wp-content\/uploads\/2024\/11\/08112024-08112024-_46A7267-2-2048x1194.jpg 2048w\" sizes=\"(max-width: 650px) 100vw, 650px\" \/><\/p>\n<p>Frei S\u00e9rgio Ant\u00f4nio G\u00f6rgen ofm*<\/p>\n<p>&nbsp;<\/p>\n<p>O Presidente Lula, ao completar cinco anos da liberdade duramente conquistada, quando saiu com a inoc\u00eancia reconhecida da pris\u00e3o de Curitiba, convidou os religiosos que o visitaram na pris\u00e3o para um momento de celebra\u00e7\u00e3o, f\u00e9, solidariedade \u2013 e se transformou num momento profundamente m\u00edstico \u2013 no Pal\u00e1cio Alvorada, resid\u00eancia oficial do Presidente da Rep\u00fablica.<\/p>\n<p>Momento ecum\u00eanico e inter-religioso, onde cantos, textos b\u00edblicos, b\u00ean\u00e7\u00e3os, emo\u00e7\u00f5es, palavras, gestos e flores se misturaram numa serena celebra\u00e7\u00e3o de paz e de olhar para o futuro, cheio de incertezas, desafios, disputas, asperezas e dificuldades. No momento celebrativo a esperan\u00e7a viva e ativa triunfou. Que triunfe no mundo real.<\/p>\n<p>Estive com Lula por uma hora durante seu tempo de pris\u00e3o. E estive neste 8 de novembro inesquec\u00edvel, junto com figuras ic\u00f4nicas da f\u00e9 em Jesus e na f\u00e9 de Jesus vivida na \u00f3tica da defesa e da auto defesa das massas empobrecidas dos campos, dos povoados, das aldeias, das matas, das beiras de rios, dos quilombos e das cidades pequenas, m\u00e9dias e grandes. Outras denomina\u00e7\u00f5es religiosas n\u00e3o crist\u00e3s tamb\u00e9m presentes, mas com perspectiva semelhante.<\/p>\n<p>Uma sensa\u00e7\u00e3o serena e forte perpassou o ambiente: as esperan\u00e7as do povo brasileiro e as esperan\u00e7as do mundo est\u00e3o com os olhares fixos em Lula. E ele percebe o tamanho de sua miss\u00e3o e de sua responsabilidade. Percebe tamb\u00e9m que ele n\u00e3o \u00e9 um indiv\u00edduo pol\u00edtico com um pa\u00eds para administrar. Sabe que \u00e9 um s\u00edmbolo coletivo vivo \u2013 concentra em si a soma das energias e das esperan\u00e7as de milh\u00f5es de pessoas \u2013 que n\u00e3o se move sozinho e que sua miss\u00e3o \u00e9 cuidar.<\/p>\n<p>E cuidar tamb\u00e9m \u00e9 um ato coletivo que precisa despertar e fortalecer processos sociais, pol\u00edticos, e, at\u00e9 espirituais, que se somem, se unam, se fortale\u00e7am, ganhem musculatura pol\u00edtica, se transformem em for\u00e7a de povo organizado, para se sobrepor a onda fascista e a sanha de lucro de minorias poderosas \u2013 que com suas m\u00eddias mentirosas e seus falsos profetas iludem e enganam o povo.<\/p>\n<p>Lula somos n\u00f3s e n\u00f3s somos em Lula. E \u00e9 nesta unidade de um s\u00edmbolo coletivo vivo com um povo em movimento que brota com for\u00e7a o esperan\u00e7ar (esperan\u00e7a agindo) do povo brasileiro e at\u00e9 do mundo, que v\u00ea no Brasil um ponto de apoio para construir um planeta saud\u00e1vel, justo, sem fome, com poder mundial melhor equilibrado e em paz.<\/p>\n<p>\u00a0\u00a0\u00a0\u00a0\u00a0\u00a0\u00a0\u00a0\u00a0\u00a0\u00a0 E Lula parece estar com o olhar pol\u00edtico fixo no horizonte. A impress\u00e3o \u00e9 que ele sabe que \u00e9 o futuro que comanda o presente. Quem n\u00e3o v\u00ea futuro, n\u00e3o se move no presente. Quem n\u00e3o sabe onde vai, qualquer caminho serve.<\/p>\n<p>As \u201cobsess\u00f5es\u201d de Lula por educa\u00e7\u00e3o, tem no horizonte nossa juventude com melhores condi\u00e7\u00f5es de vida. Quando \u201cmove montanhas\u201d por pleno emprego, tem no horizonte as fam\u00edlias trabalhadoras em suas agonias dos dias e noites sem trabalho e sem condi\u00e7\u00f5es de sonhar e ter perspectivas de futuro. Quando fala em \u201cacabar\u201d com a fome, sabe das consequ\u00eancias de passar fome na inf\u00e2ncia e como isto rouba o futuro de milh\u00f5es de seres humanos fr\u00e1geis e inocentes.<\/p>\n<p>S\u00e3o utopias ainda pequenas, mas necess\u00e1rias como passos a trilhar, para uma sociedade livre e feliz que queremos construir. S\u00e3o base para o futuro.<\/p>\n<p>Claro que precisamos ir al\u00e9m, muito al\u00e9m, at\u00e9 para propor e delinear utopias que encantem a juventude, que renovem a pol\u00edtica, que humanizem as religi\u00f5es (religi\u00e3o desumana perde o rumo do divino), que respeitem as pessoas como elas s\u00e3o, que protejam a vida, a natureza e o planeta, que reconstrua o tecido social ferido e doente para uma vida saud\u00e1vel, simples, sem press\u00e3o de necessidades imediatas (com casa, comida, sa\u00fade, trabalho, terra, lazer e conforto), capaz de colocar o amor e a paz no centro de nossas exist\u00eancias.<\/p>\n<p>Temos Lula e n\u00f3s mesmos \u2013 com nossa f\u00e9 e todas as nossas bagagens culturais carregadas de esperan\u00e7a &#8211; nos recriando de forma permanente para vencer e superar esta dura fase da hist\u00f3ria da humanidade e do povo brasileiro.\u00a0 \u00a0\u00a0\u00a0\u00a0<\/p>\n<p>Que a conquista da liberdade de Lula seja um clar\u00e3o de luz a iluminar o trajeto da conquista de todas as liberdades que ainda precisamos.<\/p>\n<p>&nbsp;<\/p>\n<p>___________<\/p>\n<p>(*) Frade franciscano, coordenador do Instituto Cultural Padre Josimo (ICPJ)<\/p>\n","protected":false},"excerpt":{"rendered":"<p>Que a conquista da liberdade de Lula seja um clar\u00e3o de luz a iluminar o trajeto da conquista de todas as liberdades que ainda precisamos.<\/p>\n","protected":false},"author":3,"template":"","class_list":["post-6193","artigos","type-artigos","status-publish","hentry"],"acf":[],"yoast_head":"<!-- This site is optimized with the Yoast SEO plugin v27.2 - https:\/\/yoast.com\/product\/yoast-seo-wordpress\/ -->\n<title>Artigo | Lula e as nossas esperan\u00e7as (por Frei S\u00e9rgio) - Instituto Cultural Padre Josimo<\/title>\n<meta name=\"robots\" content=\"index, follow, max-snippet:-1, max-image-preview:large, max-video-preview:-1\" \/>\n<link rel=\"canonical\" href=\"https:\/\/padrejosimo.com.br\/site\/artigos\/artigo-lula-e-as-nossas-esperancas-por-frei-sergio\/\" \/>\n<meta property=\"og:locale\" content=\"pt_BR\" \/>\n<meta property=\"og:type\" content=\"article\" \/>\n<meta property=\"og:title\" content=\"Artigo | Lula e as nossas esperan\u00e7as (por Frei S\u00e9rgio) - Instituto Cultural Padre Josimo\" \/>\n<meta property=\"og:description\" content=\"Que a conquista da liberdade de Lula seja um clar\u00e3o de luz a iluminar o trajeto da conquista de todas as liberdades que ainda precisamos.\" \/>\n<meta property=\"og:url\" content=\"https:\/\/padrejosimo.com.br\/site\/artigos\/artigo-lula-e-as-nossas-esperancas-por-frei-sergio\/\" \/>\n<meta property=\"og:site_name\" content=\"Instituto Cultural Padre Josimo\" \/>\n<meta property=\"og:image\" content=\"https:\/\/padrejosimo.com.br\/site\/wp-content\/uploads\/2024\/11\/08112024-08112024-_46A7267-2-1024x597.jpg\" \/>\n<meta name=\"twitter:card\" content=\"summary_large_image\" \/>\n<meta name=\"twitter:label1\" content=\"Est. tempo de leitura\" \/>\n\t<meta name=\"twitter:data1\" content=\"5 minutos\" \/>\n<script type=\"application\/ld+json\" class=\"yoast-schema-graph\">{\"@context\":\"https:\/\/schema.org\",\"@graph\":[{\"@type\":\"WebPage\",\"@id\":\"https:\/\/padrejosimo.com.br\/site\/artigos\/artigo-lula-e-as-nossas-esperancas-por-frei-sergio\/\",\"url\":\"https:\/\/padrejosimo.com.br\/site\/artigos\/artigo-lula-e-as-nossas-esperancas-por-frei-sergio\/\",\"name\":\"Artigo | Lula e as nossas esperan\u00e7as (por Frei S\u00e9rgio) - Instituto Cultural Padre Josimo\",\"isPartOf\":{\"@id\":\"https:\/\/padrejosimo.com.br\/site\/#website\"},\"primaryImageOfPage\":{\"@id\":\"https:\/\/padrejosimo.com.br\/site\/artigos\/artigo-lula-e-as-nossas-esperancas-por-frei-sergio\/#primaryimage\"},\"image\":{\"@id\":\"https:\/\/padrejosimo.com.br\/site\/artigos\/artigo-lula-e-as-nossas-esperancas-por-frei-sergio\/#primaryimage\"},\"thumbnailUrl\":\"https:\/\/padrejosimo.com.br\/site\/wp-content\/uploads\/2024\/11\/08112024-08112024-_46A7267-2-1024x597.jpg\",\"datePublished\":\"2024-11-09T22:15:40+00:00\",\"breadcrumb\":{\"@id\":\"https:\/\/padrejosimo.com.br\/site\/artigos\/artigo-lula-e-as-nossas-esperancas-por-frei-sergio\/#breadcrumb\"},\"inLanguage\":\"pt-BR\",\"potentialAction\":[{\"@type\":\"ReadAction\",\"target\":[\"https:\/\/padrejosimo.com.br\/site\/artigos\/artigo-lula-e-as-nossas-esperancas-por-frei-sergio\/\"]}]},{\"@type\":\"ImageObject\",\"inLanguage\":\"pt-BR\",\"@id\":\"https:\/\/padrejosimo.com.br\/site\/artigos\/artigo-lula-e-as-nossas-esperancas-por-frei-sergio\/#primaryimage\",\"url\":\"https:\/\/padrejosimo.com.br\/site\/wp-content\/uploads\/2024\/11\/08112024-08112024-_46A7267-2-scaled.jpg\",\"contentUrl\":\"https:\/\/padrejosimo.com.br\/site\/wp-content\/uploads\/2024\/11\/08112024-08112024-_46A7267-2-scaled.jpg\",\"width\":2560,\"height\":1493,\"caption\":\"08.11.2024 - Ato ecum\u00eanico em apoio ao lula 5 anos livre, no Pal\u00e1cio da Alvorada. Bras\u00edlia - DF. Foto: Ricardo Stuckert \/ PR\"},{\"@type\":\"BreadcrumbList\",\"@id\":\"https:\/\/padrejosimo.com.br\/site\/artigos\/artigo-lula-e-as-nossas-esperancas-por-frei-sergio\/#breadcrumb\",\"itemListElement\":[{\"@type\":\"ListItem\",\"position\":1,\"name\":\"In\u00edcio\",\"item\":\"https:\/\/padrejosimo.com.br\/site\/\"},{\"@type\":\"ListItem\",\"position\":2,\"name\":\"Artigos\",\"item\":\"https:\/\/padrejosimo.com.br\/site\/artigos\/\"},{\"@type\":\"ListItem\",\"position\":3,\"name\":\"Artigo | Lula e as nossas esperan\u00e7as (por Frei S\u00e9rgio)\"}]},{\"@type\":\"WebSite\",\"@id\":\"https:\/\/padrejosimo.com.br\/site\/#website\",\"url\":\"https:\/\/padrejosimo.com.br\/site\/\",\"name\":\"Instituto Cultural Padre Josimo\",\"description\":\"Comprometida com a promo\u00e7\u00e3o da justi\u00e7a social, agroecologia e educa\u00e7\u00e3o popular\",\"publisher\":{\"@id\":\"https:\/\/padrejosimo.com.br\/site\/#organization\"},\"alternateName\":\"ICPJ\",\"potentialAction\":[{\"@type\":\"SearchAction\",\"target\":{\"@type\":\"EntryPoint\",\"urlTemplate\":\"https:\/\/padrejosimo.com.br\/site\/?s={search_term_string}\"},\"query-input\":{\"@type\":\"PropertyValueSpecification\",\"valueRequired\":true,\"valueName\":\"search_term_string\"}}],\"inLanguage\":\"pt-BR\"},{\"@type\":\"Organization\",\"@id\":\"https:\/\/padrejosimo.com.br\/site\/#organization\",\"name\":\"Instituto Cultural Padre Josimo\",\"alternateName\":\"ICPJ\",\"url\":\"https:\/\/padrejosimo.com.br\/site\/\",\"logo\":{\"@type\":\"ImageObject\",\"inLanguage\":\"pt-BR\",\"@id\":\"https:\/\/padrejosimo.com.br\/site\/#\/schema\/logo\/image\/\",\"url\":\"https:\/\/padrejosimo.com.br\/site\/wp-content\/uploads\/2025\/09\/cropped-icon-icpj.png\",\"contentUrl\":\"https:\/\/padrejosimo.com.br\/site\/wp-content\/uploads\/2025\/09\/cropped-icon-icpj.png\",\"width\":512,\"height\":512,\"caption\":\"Instituto Cultural Padre Josimo\"},\"image\":{\"@id\":\"https:\/\/padrejosimo.com.br\/site\/#\/schema\/logo\/image\/\"}}]}<\/script>\n<!-- \/ Yoast SEO plugin. -->","yoast_head_json":{"title":"Artigo | Lula e as nossas esperan\u00e7as (por Frei S\u00e9rgio) - Instituto Cultural Padre Josimo","robots":{"index":"index","follow":"follow","max-snippet":"max-snippet:-1","max-image-preview":"max-image-preview:large","max-video-preview":"max-video-preview:-1"},"canonical":"https:\/\/padrejosimo.com.br\/site\/artigos\/artigo-lula-e-as-nossas-esperancas-por-frei-sergio\/","og_locale":"pt_BR","og_type":"article","og_title":"Artigo | Lula e as nossas esperan\u00e7as (por Frei S\u00e9rgio) - Instituto Cultural Padre Josimo","og_description":"Que a conquista da liberdade de Lula seja um clar\u00e3o de luz a iluminar o trajeto da conquista de todas as liberdades que ainda precisamos.","og_url":"https:\/\/padrejosimo.com.br\/site\/artigos\/artigo-lula-e-as-nossas-esperancas-por-frei-sergio\/","og_site_name":"Instituto Cultural Padre Josimo","og_image":[{"url":"https:\/\/padrejosimo.com.br\/site\/wp-content\/uploads\/2024\/11\/08112024-08112024-_46A7267-2-1024x597.jpg","type":"","width":"","height":""}],"twitter_card":"summary_large_image","twitter_misc":{"Est. tempo de leitura":"5 minutos"},"schema":{"@context":"https:\/\/schema.org","@graph":[{"@type":"WebPage","@id":"https:\/\/padrejosimo.com.br\/site\/artigos\/artigo-lula-e-as-nossas-esperancas-por-frei-sergio\/","url":"https:\/\/padrejosimo.com.br\/site\/artigos\/artigo-lula-e-as-nossas-esperancas-por-frei-sergio\/","name":"Artigo | Lula e as nossas esperan\u00e7as (por Frei S\u00e9rgio) - Instituto Cultural Padre Josimo","isPartOf":{"@id":"https:\/\/padrejosimo.com.br\/site\/#website"},"primaryImageOfPage":{"@id":"https:\/\/padrejosimo.com.br\/site\/artigos\/artigo-lula-e-as-nossas-esperancas-por-frei-sergio\/#primaryimage"},"image":{"@id":"https:\/\/padrejosimo.com.br\/site\/artigos\/artigo-lula-e-as-nossas-esperancas-por-frei-sergio\/#primaryimage"},"thumbnailUrl":"https:\/\/padrejosimo.com.br\/site\/wp-content\/uploads\/2024\/11\/08112024-08112024-_46A7267-2-1024x597.jpg","datePublished":"2024-11-09T22:15:40+00:00","breadcrumb":{"@id":"https:\/\/padrejosimo.com.br\/site\/artigos\/artigo-lula-e-as-nossas-esperancas-por-frei-sergio\/#breadcrumb"},"inLanguage":"pt-BR","potentialAction":[{"@type":"ReadAction","target":["https:\/\/padrejosimo.com.br\/site\/artigos\/artigo-lula-e-as-nossas-esperancas-por-frei-sergio\/"]}]},{"@type":"ImageObject","inLanguage":"pt-BR","@id":"https:\/\/padrejosimo.com.br\/site\/artigos\/artigo-lula-e-as-nossas-esperancas-por-frei-sergio\/#primaryimage","url":"https:\/\/padrejosimo.com.br\/site\/wp-content\/uploads\/2024\/11\/08112024-08112024-_46A7267-2-scaled.jpg","contentUrl":"https:\/\/padrejosimo.com.br\/site\/wp-content\/uploads\/2024\/11\/08112024-08112024-_46A7267-2-scaled.jpg","width":2560,"height":1493,"caption":"08.11.2024 - Ato ecum\u00eanico em apoio ao lula 5 anos livre, no Pal\u00e1cio da Alvorada. Bras\u00edlia - DF. Foto: Ricardo Stuckert \/ PR"},{"@type":"BreadcrumbList","@id":"https:\/\/padrejosimo.com.br\/site\/artigos\/artigo-lula-e-as-nossas-esperancas-por-frei-sergio\/#breadcrumb","itemListElement":[{"@type":"ListItem","position":1,"name":"In\u00edcio","item":"https:\/\/padrejosimo.com.br\/site\/"},{"@type":"ListItem","position":2,"name":"Artigos","item":"https:\/\/padrejosimo.com.br\/site\/artigos\/"},{"@type":"ListItem","position":3,"name":"Artigo | Lula e as nossas esperan\u00e7as (por Frei S\u00e9rgio)"}]},{"@type":"WebSite","@id":"https:\/\/padrejosimo.com.br\/site\/#website","url":"https:\/\/padrejosimo.com.br\/site\/","name":"Instituto Cultural Padre Josimo","description":"Comprometida com a promo\u00e7\u00e3o da justi\u00e7a social, agroecologia e educa\u00e7\u00e3o popular","publisher":{"@id":"https:\/\/padrejosimo.com.br\/site\/#organization"},"alternateName":"ICPJ","potentialAction":[{"@type":"SearchAction","target":{"@type":"EntryPoint","urlTemplate":"https:\/\/padrejosimo.com.br\/site\/?s={search_term_string}"},"query-input":{"@type":"PropertyValueSpecification","valueRequired":true,"valueName":"search_term_string"}}],"inLanguage":"pt-BR"},{"@type":"Organization","@id":"https:\/\/padrejosimo.com.br\/site\/#organization","name":"Instituto Cultural Padre Josimo","alternateName":"ICPJ","url":"https:\/\/padrejosimo.com.br\/site\/","logo":{"@type":"ImageObject","inLanguage":"pt-BR","@id":"https:\/\/padrejosimo.com.br\/site\/#\/schema\/logo\/image\/","url":"https:\/\/padrejosimo.com.br\/site\/wp-content\/uploads\/2025\/09\/cropped-icon-icpj.png","contentUrl":"https:\/\/padrejosimo.com.br\/site\/wp-content\/uploads\/2025\/09\/cropped-icon-icpj.png","width":512,"height":512,"caption":"Instituto Cultural Padre Josimo"},"image":{"@id":"https:\/\/padrejosimo.com.br\/site\/#\/schema\/logo\/image\/"}}]}},"_links":{"self":[{"href":"https:\/\/padrejosimo.com.br\/site\/wp-json\/wp\/v2\/artigos\/6193","targetHints":{"allow":["GET"]}}],"collection":[{"href":"https:\/\/padrejosimo.com.br\/site\/wp-json\/wp\/v2\/artigos"}],"about":[{"href":"https:\/\/padrejosimo.com.br\/site\/wp-json\/wp\/v2\/types\/artigos"}],"author":[{"embeddable":true,"href":"https:\/\/padrejosimo.com.br\/site\/wp-json\/wp\/v2\/users\/3"}],"wp:attachment":[{"href":"https:\/\/padrejosimo.com.br\/site\/wp-json\/wp\/v2\/media?parent=6193"}],"curies":[{"name":"wp","href":"https:\/\/api.w.org\/{rel}","templated":true}]}}