{"id":5854,"date":"2024-07-18T23:34:02","date_gmt":"2024-07-19T02:34:02","guid":{"rendered":"https:\/\/padrejosimo.com.br\/site\/?post_type=artigos&#038;p=5854"},"modified":"2024-08-26T19:48:13","modified_gmt":"2024-08-26T22:48:13","slug":"artigo-diario-da-missao-sementes-de-solidariedade-por-julio-lazaro-torma","status":"publish","type":"artigos","link":"https:\/\/padrejosimo.com.br\/site\/artigos\/artigo-diario-da-missao-sementes-de-solidariedade-por-julio-lazaro-torma\/","title":{"rendered":"Artigo: Di\u00e1rio da Miss\u00e3o Sementes de Solidariedade (Por J\u00falio L\u00e1zaro Torma)"},"content":{"rendered":"<blockquote>\n<div dir=\"ltr\" style=\"text-align: left;\"><em><strong>&#8220;Enviou dois a dois, na sua frente,para toda cidade e lugar&#8221;<\/strong><\/em><\/div>\n<div dir=\"ltr\" style=\"text-align: left;\"><em><strong>(Lc 10,1)<\/strong><\/em><\/div>\n<\/blockquote>\n<div dir=\"ltr\"><img fetchpriority=\"high\" decoding=\"async\" class=\"wp-image-5855 aligncenter\" src=\"https:\/\/padrejosimo.com.br\/site\/wp-content\/uploads\/2024\/08\/SEMENTES-DE-SOLIDARIEDADE-VOLUNTARIADO-1024x768.jpg\" alt=\"\" width=\"500\" height=\"375\" srcset=\"https:\/\/padrejosimo.com.br\/site\/wp-content\/uploads\/2024\/08\/SEMENTES-DE-SOLIDARIEDADE-VOLUNTARIADO-1024x768.jpg 1024w, https:\/\/padrejosimo.com.br\/site\/wp-content\/uploads\/2024\/08\/SEMENTES-DE-SOLIDARIEDADE-VOLUNTARIADO-300x225.jpg 300w, https:\/\/padrejosimo.com.br\/site\/wp-content\/uploads\/2024\/08\/SEMENTES-DE-SOLIDARIEDADE-VOLUNTARIADO-768x576.jpg 768w, https:\/\/padrejosimo.com.br\/site\/wp-content\/uploads\/2024\/08\/SEMENTES-DE-SOLIDARIEDADE-VOLUNTARIADO-1536x1152.jpg 1536w, https:\/\/padrejosimo.com.br\/site\/wp-content\/uploads\/2024\/08\/SEMENTES-DE-SOLIDARIEDADE-VOLUNTARIADO-2048x1536.jpg 2048w\" sizes=\"(max-width: 500px) 100vw, 500px\" \/><\/div>\n<div dir=\"ltr\">\u00a0<\/div>\n<div dir=\"ltr\" style=\"text-align: justify;\">Estes foram dias de prepara\u00e7\u00e3o,perspectivas para a<b>\u00a0Miss\u00e3o Sementes de Solidariedade<\/b>\u00a0e na sua execu\u00e7\u00e3o. Entre as comunidades rurais dos munic\u00edpios atingidos pela cat\u00e1strofes s\u00f3cio ambiental,que atingiu a regi\u00e3o dos vales e o estado do Rio Grande do Sul nos meses de Abril- Maio de 2024.<\/div>\n<div dir=\"ltr\">\u00a0<\/div>\n<div dir=\"ltr\" style=\"text-align: justify;\">No dia 27 de Junho, as 17: 40 Hs ou as 20: 40 UTC, um sismo ou terremoto de magnitude 2,5 na Escala Richter, no munic\u00edpio de Pelotas, um grande estrondo foi sentido,escutado em toda a regi\u00e3o.<\/div>\n<div dir=\"ltr\">\u00a0<\/div>\n<div dir=\"ltr\" style=\"text-align: justify;\">28 de Junho,as 20 hs, o primeiro conversatorio da Amer\u00edndia ( Uruguay),com o tema:<b>\u00a0&#8221; La realidad que nos desafia Capitalismos, conservadurismos y violencias&#8221;<\/b>, com Jo\u00e3o Decio Pasos ( Brasil) e Alejandro Ortiz Cotte ( M\u00e9xico),que foi via on line.<\/div>\n<div dir=\"ltr\">\u00a0<\/div>\n<div dir=\"ltr\" style=\"text-align: justify;\">29 de Junho, Arrumar mala, mochila,sacola e recolher as doa\u00e7\u00f5es de Ros\u00e1rio na Par\u00f3quia S\u00e3o Jos\u00e9 Oper\u00e1rio ( Bairro Fragata em Pelotas), Tarde e noite celebra\u00e7\u00f5es nas Comunidades Divino Espirito Santo e Sagrada Fam\u00edlia. Noite fria de 6\u00ba C, sensa\u00e7\u00e3o t\u00e9rmica de 3\u00ba C, forte frio polar e vento minuano,soprando de &#8221; reenguiar cusco&#8221;. Recebo a ben\u00e7\u00e3o de envio das comunidades eclesiais de base e noite em fam\u00edlia.<\/div>\n<div dir=\"ltr\">\u00a0<\/div>\n<div dir=\"ltr\" style=\"text-align: justify;\">30 de Junho ( Domingo), manh\u00e3 fria as 9 hs participo da celebra\u00e7\u00e3o na capela de Lourdes,animada pela Te\u00f3loga e Ministra da Eucaristia Lirane. Ap\u00f3s a ben\u00e7\u00e3o de envio, me despe\u00e7o desta,retorno para casa ha onde me despe\u00e7o da minha m\u00e3e Elair e do sobrinho\u00a0 Anthony. Sigo as 10 hs de carro com Andrei Thomaz Oss Emer at\u00e9 o Bairro de Daltro Filho ( Imigrante\/ RS).<\/div>\n<div dir=\"ltr\">\u00a0<\/div>\n<div dir=\"ltr\" style=\"text-align: justify;\">No caminho, muita destrui\u00e7\u00e3o ap\u00f3s Gua\u00edba, o delta do Jacu\u00ed, n\u00edvel elevado das \u00e1guas. Muitas fam\u00edlias morando em barracas na beira da rodovia nas ilhas.<\/div>\n<div dir=\"ltr\">\u00a0<\/div>\n<div dir=\"ltr\" style=\"text-align: justify;\">Somos os primeiros hospedes do Convento S\u00e3o Boaventura,constru\u00e7\u00e3o em pedra gr\u00eas, constru\u00eddo por freis franciscanos holandeses entre 1939-1952. Conhe\u00e7o as depend\u00eancias do convento e caminho pelas ruas \u00edngremes do Bairro e jantamos com os freis Bl\u00e1zio Kummer, Pedro, Lino e S\u00e9rgio G\u00f6rgen( O.F.M).<\/div>\n<div dir=\"ltr\">\u00a0<\/div>\n<div dir=\"ltr\" style=\"text-align: justify;\">01 de Julho- Ap\u00f3s delicioso caf\u00e9 da manh\u00e3, antes da forma\u00e7\u00e3o, recebemos com pesar e tristeza \u00e0 noticia da P\u00e1scoa da Ressurrei\u00e7\u00e3o de Matilde Cecchin ( 1936-2024), &#8221; Ap\u00f3stola das mulheres pobres&#8221;. Irm\u00e3 do irm\u00e3o marista e &#8221; Profeta da Ecologia&#8221;, Irm\u00e3o Ant\u00f4nio Cecchin ( 1927-2019). Curso de forma\u00e7\u00e3o durante o dia e planejamento com os mission\u00e1rios e guias.<\/div>\n<div dir=\"ltr\">\u00a0<\/div>\n<div dir=\"ltr\" style=\"text-align: justify;\">02 de Julho, Acordar as 6 horas da manh\u00e3. O grupo \u00e9 dividido em dois grupos, um que parte para o vale do Rio Pardo ( Candel\u00e1ria) e outro na qual me incluo,que percorrer\u00e1 o vale do Rio Taquari.<\/div>\n<div dir=\"ltr\">\u00a0<\/div>\n<div dir=\"ltr\" style=\"text-align: justify;\">Estou junto com a Brigada \u00c9nio Guterres do ( Movimento dos Pequenos Agricultores e Pequenas Agricultoras), junto com os jovens Jo\u00e3o Gabriel ( Gramado Xavier),Cl\u00e9ber ( Santa Cruz do Sul), Elisa ( Vera Cruz), Deividi ( Hulha Negra), K\u00e1ssio ( Pernambuco), Daniel (Rond\u00f4nia) e Ant\u00f4nio ( Cear\u00e1\/ MAB).\u00a0 Nossa primeira visita \u00e9 o munic\u00edpio de Taquari.<\/div>\n<div dir=\"ltr\">\u00a0<\/div>\n<div dir=\"ltr\" style=\"text-align: justify;\">Visitamos o Rinc\u00e3o S\u00e3o Jos\u00e9, concentra\u00e7\u00e3o no Santu\u00e1rio Nossa Senhora da Assun\u00e7\u00e3o. Neste local Nossa Senhora apareceu\u00a0 em mar\u00e7o de 1988, para algumas crian\u00e7as do lugar. Durante a enchente um boi,apareceu sobre o altar do Santu\u00e1rio. A localidade \u00e9 rururbano, camponeses cl\u00e1ssico e os que trabalham e tem atividades urbanas na cidade.<\/div>\n<div dir=\"ltr\">\u00a0<\/div>\n<div dir=\"ltr\" style=\"text-align: justify;\">Helic\u00f3pteros sobrevoam as proximidades,margens do rio Taquari. Muitas fam\u00edlias n\u00e3o pretendem retornar e h\u00e1 casos de depress\u00e3o,estresse p\u00f3s traum\u00e1tico.<\/div>\n<div dir=\"ltr\">\u00a0<\/div>\n<div dir=\"ltr\" style=\"text-align: justify;\">Encontramos destrui\u00e7\u00e3o de casas, algumas pessoas incr\u00e9dulas. Parte da tarde visita aos assentamentos Tempo Novo do MST,criado em 1987 e Campo do Estado criado pelo governador Leonel Brizola. Os assentados distantes 5.8 km do rio Taquari,seus moradores querem ficar morando em suas terras. Rinc\u00e3o S\u00e3o Jos\u00e9 distante do rio,alagado por um arroio. Pessoas carentes querendo desabafar e preocupado com vizinhos,parentes e amigos.<\/div>\n<div dir=\"ltr\">\u00a0<\/div>\n<div dir=\"ltr\" style=\"text-align: justify;\">Neste dia nas tr\u00eas localidades, cadastrei e visitei,num total de 9 fam\u00edlias. Boa receptividade dos ter\u00e7os.<\/div>\n<div dir=\"ltr\">\u00a0<\/div>\n<div dir=\"ltr\" style=\"text-align: justify;\">03 de Julho, levantar as 6 hs da manh\u00e3 e\u00a0 caf\u00e9 as 7 horas sa\u00edda para Bom Retiro do Sul as 7: 30 hs. Neste dia se incorpora a Miss\u00e3o as jovens Olga ( Rond\u00f4nia) e Dandar\u00e1 ( Tenente Portela).<\/div>\n<div dir=\"ltr\">\u00a0<\/div>\n<div dir=\"ltr\" style=\"text-align: justify;\">Sa\u00edmos para fazer o munic\u00edpio de Bom Retiro do Sul. Da cidade guiados pelos guias,seguimos para o interior as margens do Taquari. O rio aparentemente calmo e tranquilo, muito assoreado e vegeta\u00e7\u00e3o apodrecida. Cen\u00e1rio de povo empobrecido,as casas e propriedades destru\u00eddas,abandonadas,desca\u00e7o dos poderes p\u00fablicos municipais\u00a0 e estaduais.<\/div>\n<div dir=\"ltr\">\u00a0<\/div>\n<div dir=\"ltr\" style=\"text-align: justify;\">Percorremos as localidades de Linha Pedreira- Beira Rio,estivemos no Armaz\u00e9m do Rog\u00e9rio em Faxinal Silva Jorge, h\u00e1 relato de furtos durante a enchente.<\/div>\n<div dir=\"ltr\">\u00a0<\/div>\n<div dir=\"ltr\" style=\"text-align: justify;\">As pessoas querem conversar, desabafar ou simplesmente receber um abra\u00e7o. Como falou dona Paula ao Ant\u00f4nio ( CE), &#8221;\u00a0 A visita de voc\u00eas \u00e9 importante, mas importante \u00e9 um abra\u00e7o&#8221;.<\/div>\n<div dir=\"ltr\">\u00a0<\/div>\n<div dir=\"ltr\" style=\"text-align: justify;\">V\u00e1rias pessoas abandonaram suas propriedades ou est\u00e3o vendendo para os mais estruturados. Relatam visitas de prefeitos de Santa Catarina,oferecendo empregos precarizado, nas f\u00e1bricas estaladas nos seus munic\u00edpios.<\/div>\n<div dir=\"ltr\">\u00a0<\/div>\n<div dir=\"ltr\">Os agricultores e agricultoras desejam permanecer em suas terras.<\/div>\n<div dir=\"ltr\">\u00a0<\/div>\n<div dir=\"ltr\" style=\"text-align: justify;\">Retorno para Daltro Filho,pegamos uma leve garoa na estrada. Assisto a Missa na capela do Convento, janta e reuni\u00e3o de planejamento e avalia\u00e7\u00e3o. Neste dia cadastrei 4 fam\u00edlias nas duas localidades. O cen\u00e1rio de terra arrasada, devastada e os relatos mexeu com o nosso emocional.<\/div>\n<div dir=\"ltr\">\u00a0<\/div>\n<div dir=\"ltr\" style=\"text-align: justify;\">04 de Julho. Acordar as 6 hs,tomo chimarr\u00e3o com a Sandra,as 7 hs caf\u00e9 da manh\u00e3. Nos dividimos em tr\u00eas carros,somos 9 mission\u00e1rios que parte para Arroio do Meio.<\/div>\n<div dir=\"ltr\">\u00a0<\/div>\n<div dir=\"ltr\" style=\"text-align: justify;\">O caminho como em toda regi\u00e3o devastada pela enchente, \u00e9 um cen\u00e1rio de destrui\u00e7\u00e3o, casas destru\u00eddas,postes derrubados,pontes ca\u00eddas e \u00e1rvores arrancadas. As marcas nas paredes mostram a altura em que a \u00e1gua chegou.<\/div>\n<div dir=\"ltr\">\u00a0<\/div>\n<div dir=\"ltr\" style=\"text-align: justify;\">Nos encontramos com o seu Lari ( MPA) no Semin\u00e1rio Sagrado Cora\u00e7\u00e3o de Jesus. Nos dividimos em duplas na qual percorremos as localidades de Forqueta e Forqueta Baixa. As pessoas preservam o idioma alem\u00e3o de seus antepassados no dia a dia. Comprei um litr\u00e3o de cacha\u00e7a artesanal no Alambique Maders,uma senhora muito simp\u00e1tica nos recebeu. Povo acolhedor, nos lembrava que constru\u00edram casas e adquiriram maquin\u00e1rios nos governos Lula e Dilma ( 2003-2016).<\/div>\n<div dir=\"ltr\">\u00a0<\/div>\n<div dir=\"ltr\" style=\"text-align: justify;\">Na Forqueta foi perdida as lavouras ou acesso as mesmas pela \u00e1gua ou<b>\u00a0Ausrutschen\u00a0<\/b>( deslizamento) dos morros. Em Arroio Grande \u00e1 comunidade est\u00e1 discutindo a restrutura\u00e7\u00e3o do cemit\u00e9rio que foi destru\u00eddo e alagado.<\/div>\n<div dir=\"ltr\">\u00a0<\/div>\n<div dir=\"ltr\" style=\"text-align: justify;\">Em Forqueta Baixa, a lama atingiu a \u00e1rea de v\u00e1rzea cultivada pelos pequenos agricultores e agricultoras e criam seus animais. Pude ver dois agricultores trabalhando na terra em meio a lama,reconstruindo o que haviam perdido.<\/div>\n<div dir=\"ltr\">\u00a0<\/div>\n<div dir=\"ltr\">Pessoas tiveram o seu emocional afetado como vimos e relatou o brigadista Ant\u00f4nio &#8221; A gente fala brincando para n\u00e3o chorar&#8221;.<\/div>\n<div dir=\"ltr\">\u00a0<\/div>\n<div dir=\"ltr\" style=\"text-align: justify;\">A Brigada \u00c9nio Guterres do MPA,terminou todas as \u00e1reas afetadas do munic\u00edpio de Arroio do Meio. Ap\u00f3s as visitas nos despedimos dos amigos e lideran\u00e7as populares Lari, Astor e Paulo que nos acompanharam nas visitas as pessoas e fam\u00edlias atingidas.<\/div>\n<div dir=\"ltr\">\u00a0<\/div>\n<div dir=\"ltr\">Noite, conversa e avalia\u00e7\u00e3o das a\u00e7\u00f5es, com Frei S\u00e9rgio G\u00f6rgen, no convento S\u00e3o Boaventura em Daltro Filho.<\/div>\n<div dir=\"ltr\">\u00a0<\/div>\n<div dir=\"ltr\" style=\"text-align: justify;\">05 de Julho,acordo as 6 hs, tomamos caf\u00e9 da manh\u00e3, arrumamos malas e mochilas.<\/div>\n<div dir=\"ltr\">\u00a0<\/div>\n<div dir=\"ltr\">Alguns brigadistas na parte da manh\u00e3 v\u00e3o para o munic\u00edpio de Marques de Souza e localidade de Bela Vista do F\u00e3o.<\/div>\n<div dir=\"ltr\">\u00a0<\/div>\n<div dir=\"ltr\" style=\"text-align: justify;\">Nos despedimos com um belo e caloroso abra\u00e7o de uma amizade que fica, que nasceu de um gesto nobre de Solidariedade, empatia, de amor ao pr\u00f3ximo de uma vida dedicada e doada ao povo,de colocarmos a vida em primeiro lugar.<\/div>\n<div dir=\"ltr\">\u00a0<\/div>\n<div dir=\"ltr\" style=\"text-align: justify;\">Ap\u00f3s retornaremos para os seus lares ( Palmeira das Miss\u00f5es, Seberi, Vera Cruz, Tenente Portela, Gramado Xavier, Hulha Negra, Santa Cruz\u00a0 do Sul, Rond\u00f4nia, Cear\u00e1,Estrela, Pelotas).<\/div>\n<div dir=\"ltr\">\u00a0<\/div>\n<div dir=\"ltr\" style=\"text-align: justify;\">Eu e Gerson ficamos, como os cronistas desta linda Miss\u00e3o Sementes de Solidariedade do grupo que percorreu o Vale do Taquari. Nos dias 2 a 4 de Julho de 2024, foram visitadas 90 fam\u00edlias, cadastrei 21 fam\u00edlias.<\/div>\n<div dir=\"ltr\">\u00a0<\/div>\n<div dir=\"ltr\" style=\"text-align: justify;\">Ao total os dois grupos que percorreram os vales do Taquari e Rio Pardo, visitaram presencialmente 171 fam\u00edlias e podemos considerar mais de 200 fam\u00edlias,porque deixamos folder com vizinhos,parentes ou nas casas das fam\u00edlias,que n\u00e3o se encontravam.<\/div>\n<div dir=\"ltr\">\u00a0<\/div>\n<div dir=\"ltr\" style=\"text-align: justify;\">Tenho grande gratid\u00e3o por poder participar da Miss\u00e3o, conhecer pessoas maravilhosas de perto e de longe. Que movidos pela empatia,amor ao pr\u00f3ximo se puseram p\u00e9s a caminho na reconstru\u00e7\u00e3o dos vales e campinas.<\/div>\n<div dir=\"ltr\">\u00a0<\/div>\n<div dir=\"ltr\" style=\"text-align: justify;\">N\u00f3s Homens, Mulheres e Jovens, gente simples do povo do campo e da cidade. Estamos construindo a Hist\u00f3ria n\u00e3o como os ricos e poderosos querem.<\/div>\n<div dir=\"ltr\">\u00a0<\/div>\n<div dir=\"ltr\" style=\"text-align: justify;\">Vamos deixar um grande marco e legado para as futuras\u00a0 gera\u00e7\u00f5es das sementes que lan\u00e7amos na terra n\u00e3o ser\u00e1 em v\u00e3o,plantas para o irm\u00e3o e irm\u00e3.<\/div>\n<div dir=\"ltr\">\u00a0<\/div>\n<div dir=\"ltr\">________________<\/div>\n<div dir=\"ltr\">\u00a0<\/div>\n<div dir=\"ltr\"><b>* Volunt\u00e1rio da Miss\u00e3o Sementes de Solidariedade<\/b><\/div>\n","protected":false},"excerpt":{"rendered":"<p>&#8220;Enviou dois a dois, na sua frente,para toda cidade e lugar&#8221; (Lc 10,1) \u00a0 Estes foram dias de prepara\u00e7\u00e3o,perspectivas para a\u00a0Miss\u00e3o Sementes de Solidariedade\u00a0e na sua execu\u00e7\u00e3o. Entre as comunidades rurais dos munic\u00edpios atingidos pela cat\u00e1strofes s\u00f3cio ambiental,que atingiu a regi\u00e3o dos vales e o estado do Rio Grande do Sul nos meses de Abril- [&hellip;]<\/p>\n","protected":false},"author":9,"template":"","class_list":["post-5854","artigos","type-artigos","status-publish","hentry"],"acf":[],"yoast_head":"<!-- This site is optimized with the Yoast SEO plugin v27.2 - https:\/\/yoast.com\/product\/yoast-seo-wordpress\/ -->\n<title>Artigo: Di\u00e1rio da Miss\u00e3o Sementes de Solidariedade (Por J\u00falio L\u00e1zaro Torma) - Instituto Cultural Padre Josimo<\/title>\n<meta name=\"robots\" content=\"index, follow, max-snippet:-1, max-image-preview:large, max-video-preview:-1\" \/>\n<link rel=\"canonical\" href=\"https:\/\/padrejosimo.com.br\/site\/artigos\/artigo-diario-da-missao-sementes-de-solidariedade-por-julio-lazaro-torma\/\" \/>\n<meta property=\"og:locale\" content=\"pt_BR\" \/>\n<meta property=\"og:type\" content=\"article\" \/>\n<meta property=\"og:title\" content=\"Artigo: Di\u00e1rio da Miss\u00e3o Sementes de Solidariedade (Por J\u00falio L\u00e1zaro Torma) - Instituto Cultural Padre Josimo\" \/>\n<meta property=\"og:description\" content=\"&#8220;Enviou dois a dois, na sua frente,para toda cidade e lugar&#8221; (Lc 10,1) \u00a0 Estes foram dias de prepara\u00e7\u00e3o,perspectivas para a\u00a0Miss\u00e3o Sementes de Solidariedade\u00a0e na sua execu\u00e7\u00e3o. Entre as comunidades rurais dos munic\u00edpios atingidos pela cat\u00e1strofes s\u00f3cio ambiental,que atingiu a regi\u00e3o dos vales e o estado do Rio Grande do Sul nos meses de Abril- [&hellip;]\" \/>\n<meta property=\"og:url\" content=\"https:\/\/padrejosimo.com.br\/site\/artigos\/artigo-diario-da-missao-sementes-de-solidariedade-por-julio-lazaro-torma\/\" \/>\n<meta property=\"og:site_name\" content=\"Instituto Cultural Padre Josimo\" \/>\n<meta property=\"article:modified_time\" content=\"2024-08-26T22:48:13+00:00\" \/>\n<meta property=\"og:image\" content=\"https:\/\/padrejosimo.com.br\/site\/wp-content\/uploads\/2024\/08\/SEMENTES-DE-SOLIDARIEDADE-VOLUNTARIADO-1024x768.jpg\" \/>\n<meta name=\"twitter:card\" content=\"summary_large_image\" \/>\n<meta name=\"twitter:label1\" content=\"Est. tempo de leitura\" \/>\n\t<meta name=\"twitter:data1\" content=\"8 minutos\" \/>\n<script type=\"application\/ld+json\" class=\"yoast-schema-graph\">{\"@context\":\"https:\/\/schema.org\",\"@graph\":[{\"@type\":\"WebPage\",\"@id\":\"https:\/\/padrejosimo.com.br\/site\/artigos\/artigo-diario-da-missao-sementes-de-solidariedade-por-julio-lazaro-torma\/\",\"url\":\"https:\/\/padrejosimo.com.br\/site\/artigos\/artigo-diario-da-missao-sementes-de-solidariedade-por-julio-lazaro-torma\/\",\"name\":\"Artigo: Di\u00e1rio da Miss\u00e3o Sementes de Solidariedade (Por J\u00falio L\u00e1zaro Torma) - Instituto Cultural Padre Josimo\",\"isPartOf\":{\"@id\":\"https:\/\/padrejosimo.com.br\/site\/#website\"},\"primaryImageOfPage\":{\"@id\":\"https:\/\/padrejosimo.com.br\/site\/artigos\/artigo-diario-da-missao-sementes-de-solidariedade-por-julio-lazaro-torma\/#primaryimage\"},\"image\":{\"@id\":\"https:\/\/padrejosimo.com.br\/site\/artigos\/artigo-diario-da-missao-sementes-de-solidariedade-por-julio-lazaro-torma\/#primaryimage\"},\"thumbnailUrl\":\"https:\/\/padrejosimo.com.br\/site\/wp-content\/uploads\/2024\/08\/SEMENTES-DE-SOLIDARIEDADE-VOLUNTARIADO-1024x768.jpg\",\"datePublished\":\"2024-07-19T02:34:02+00:00\",\"dateModified\":\"2024-08-26T22:48:13+00:00\",\"breadcrumb\":{\"@id\":\"https:\/\/padrejosimo.com.br\/site\/artigos\/artigo-diario-da-missao-sementes-de-solidariedade-por-julio-lazaro-torma\/#breadcrumb\"},\"inLanguage\":\"pt-BR\",\"potentialAction\":[{\"@type\":\"ReadAction\",\"target\":[\"https:\/\/padrejosimo.com.br\/site\/artigos\/artigo-diario-da-missao-sementes-de-solidariedade-por-julio-lazaro-torma\/\"]}]},{\"@type\":\"ImageObject\",\"inLanguage\":\"pt-BR\",\"@id\":\"https:\/\/padrejosimo.com.br\/site\/artigos\/artigo-diario-da-missao-sementes-de-solidariedade-por-julio-lazaro-torma\/#primaryimage\",\"url\":\"https:\/\/padrejosimo.com.br\/site\/wp-content\/uploads\/2024\/08\/SEMENTES-DE-SOLIDARIEDADE-VOLUNTARIADO-scaled.jpg\",\"contentUrl\":\"https:\/\/padrejosimo.com.br\/site\/wp-content\/uploads\/2024\/08\/SEMENTES-DE-SOLIDARIEDADE-VOLUNTARIADO-scaled.jpg\",\"width\":2560,\"height\":1920},{\"@type\":\"BreadcrumbList\",\"@id\":\"https:\/\/padrejosimo.com.br\/site\/artigos\/artigo-diario-da-missao-sementes-de-solidariedade-por-julio-lazaro-torma\/#breadcrumb\",\"itemListElement\":[{\"@type\":\"ListItem\",\"position\":1,\"name\":\"In\u00edcio\",\"item\":\"https:\/\/padrejosimo.com.br\/site\/\"},{\"@type\":\"ListItem\",\"position\":2,\"name\":\"Artigos\",\"item\":\"https:\/\/padrejosimo.com.br\/site\/artigos\/\"},{\"@type\":\"ListItem\",\"position\":3,\"name\":\"Artigo: Di\u00e1rio da Miss\u00e3o Sementes de Solidariedade (Por J\u00falio L\u00e1zaro Torma)\"}]},{\"@type\":\"WebSite\",\"@id\":\"https:\/\/padrejosimo.com.br\/site\/#website\",\"url\":\"https:\/\/padrejosimo.com.br\/site\/\",\"name\":\"Instituto Cultural Padre Josimo\",\"description\":\"Comprometida com a promo\u00e7\u00e3o da justi\u00e7a social, agroecologia e educa\u00e7\u00e3o popular\",\"publisher\":{\"@id\":\"https:\/\/padrejosimo.com.br\/site\/#organization\"},\"alternateName\":\"ICPJ\",\"potentialAction\":[{\"@type\":\"SearchAction\",\"target\":{\"@type\":\"EntryPoint\",\"urlTemplate\":\"https:\/\/padrejosimo.com.br\/site\/?s={search_term_string}\"},\"query-input\":{\"@type\":\"PropertyValueSpecification\",\"valueRequired\":true,\"valueName\":\"search_term_string\"}}],\"inLanguage\":\"pt-BR\"},{\"@type\":\"Organization\",\"@id\":\"https:\/\/padrejosimo.com.br\/site\/#organization\",\"name\":\"Instituto Cultural Padre Josimo\",\"alternateName\":\"ICPJ\",\"url\":\"https:\/\/padrejosimo.com.br\/site\/\",\"logo\":{\"@type\":\"ImageObject\",\"inLanguage\":\"pt-BR\",\"@id\":\"https:\/\/padrejosimo.com.br\/site\/#\/schema\/logo\/image\/\",\"url\":\"https:\/\/padrejosimo.com.br\/site\/wp-content\/uploads\/2025\/09\/cropped-icon-icpj.png\",\"contentUrl\":\"https:\/\/padrejosimo.com.br\/site\/wp-content\/uploads\/2025\/09\/cropped-icon-icpj.png\",\"width\":512,\"height\":512,\"caption\":\"Instituto Cultural Padre Josimo\"},\"image\":{\"@id\":\"https:\/\/padrejosimo.com.br\/site\/#\/schema\/logo\/image\/\"}}]}<\/script>\n<!-- \/ Yoast SEO plugin. -->","yoast_head_json":{"title":"Artigo: Di\u00e1rio da Miss\u00e3o Sementes de Solidariedade (Por J\u00falio L\u00e1zaro Torma) - Instituto Cultural Padre Josimo","robots":{"index":"index","follow":"follow","max-snippet":"max-snippet:-1","max-image-preview":"max-image-preview:large","max-video-preview":"max-video-preview:-1"},"canonical":"https:\/\/padrejosimo.com.br\/site\/artigos\/artigo-diario-da-missao-sementes-de-solidariedade-por-julio-lazaro-torma\/","og_locale":"pt_BR","og_type":"article","og_title":"Artigo: Di\u00e1rio da Miss\u00e3o Sementes de Solidariedade (Por J\u00falio L\u00e1zaro Torma) - Instituto Cultural Padre Josimo","og_description":"&#8220;Enviou dois a dois, na sua frente,para toda cidade e lugar&#8221; (Lc 10,1) \u00a0 Estes foram dias de prepara\u00e7\u00e3o,perspectivas para a\u00a0Miss\u00e3o Sementes de Solidariedade\u00a0e na sua execu\u00e7\u00e3o. Entre as comunidades rurais dos munic\u00edpios atingidos pela cat\u00e1strofes s\u00f3cio ambiental,que atingiu a regi\u00e3o dos vales e o estado do Rio Grande do Sul nos meses de Abril- [&hellip;]","og_url":"https:\/\/padrejosimo.com.br\/site\/artigos\/artigo-diario-da-missao-sementes-de-solidariedade-por-julio-lazaro-torma\/","og_site_name":"Instituto Cultural Padre Josimo","article_modified_time":"2024-08-26T22:48:13+00:00","og_image":[{"url":"https:\/\/padrejosimo.com.br\/site\/wp-content\/uploads\/2024\/08\/SEMENTES-DE-SOLIDARIEDADE-VOLUNTARIADO-1024x768.jpg","type":"","width":"","height":""}],"twitter_card":"summary_large_image","twitter_misc":{"Est. tempo de leitura":"8 minutos"},"schema":{"@context":"https:\/\/schema.org","@graph":[{"@type":"WebPage","@id":"https:\/\/padrejosimo.com.br\/site\/artigos\/artigo-diario-da-missao-sementes-de-solidariedade-por-julio-lazaro-torma\/","url":"https:\/\/padrejosimo.com.br\/site\/artigos\/artigo-diario-da-missao-sementes-de-solidariedade-por-julio-lazaro-torma\/","name":"Artigo: Di\u00e1rio da Miss\u00e3o Sementes de Solidariedade (Por J\u00falio L\u00e1zaro Torma) - Instituto Cultural Padre Josimo","isPartOf":{"@id":"https:\/\/padrejosimo.com.br\/site\/#website"},"primaryImageOfPage":{"@id":"https:\/\/padrejosimo.com.br\/site\/artigos\/artigo-diario-da-missao-sementes-de-solidariedade-por-julio-lazaro-torma\/#primaryimage"},"image":{"@id":"https:\/\/padrejosimo.com.br\/site\/artigos\/artigo-diario-da-missao-sementes-de-solidariedade-por-julio-lazaro-torma\/#primaryimage"},"thumbnailUrl":"https:\/\/padrejosimo.com.br\/site\/wp-content\/uploads\/2024\/08\/SEMENTES-DE-SOLIDARIEDADE-VOLUNTARIADO-1024x768.jpg","datePublished":"2024-07-19T02:34:02+00:00","dateModified":"2024-08-26T22:48:13+00:00","breadcrumb":{"@id":"https:\/\/padrejosimo.com.br\/site\/artigos\/artigo-diario-da-missao-sementes-de-solidariedade-por-julio-lazaro-torma\/#breadcrumb"},"inLanguage":"pt-BR","potentialAction":[{"@type":"ReadAction","target":["https:\/\/padrejosimo.com.br\/site\/artigos\/artigo-diario-da-missao-sementes-de-solidariedade-por-julio-lazaro-torma\/"]}]},{"@type":"ImageObject","inLanguage":"pt-BR","@id":"https:\/\/padrejosimo.com.br\/site\/artigos\/artigo-diario-da-missao-sementes-de-solidariedade-por-julio-lazaro-torma\/#primaryimage","url":"https:\/\/padrejosimo.com.br\/site\/wp-content\/uploads\/2024\/08\/SEMENTES-DE-SOLIDARIEDADE-VOLUNTARIADO-scaled.jpg","contentUrl":"https:\/\/padrejosimo.com.br\/site\/wp-content\/uploads\/2024\/08\/SEMENTES-DE-SOLIDARIEDADE-VOLUNTARIADO-scaled.jpg","width":2560,"height":1920},{"@type":"BreadcrumbList","@id":"https:\/\/padrejosimo.com.br\/site\/artigos\/artigo-diario-da-missao-sementes-de-solidariedade-por-julio-lazaro-torma\/#breadcrumb","itemListElement":[{"@type":"ListItem","position":1,"name":"In\u00edcio","item":"https:\/\/padrejosimo.com.br\/site\/"},{"@type":"ListItem","position":2,"name":"Artigos","item":"https:\/\/padrejosimo.com.br\/site\/artigos\/"},{"@type":"ListItem","position":3,"name":"Artigo: Di\u00e1rio da Miss\u00e3o Sementes de Solidariedade (Por J\u00falio L\u00e1zaro Torma)"}]},{"@type":"WebSite","@id":"https:\/\/padrejosimo.com.br\/site\/#website","url":"https:\/\/padrejosimo.com.br\/site\/","name":"Instituto Cultural Padre Josimo","description":"Comprometida com a promo\u00e7\u00e3o da justi\u00e7a social, agroecologia e educa\u00e7\u00e3o popular","publisher":{"@id":"https:\/\/padrejosimo.com.br\/site\/#organization"},"alternateName":"ICPJ","potentialAction":[{"@type":"SearchAction","target":{"@type":"EntryPoint","urlTemplate":"https:\/\/padrejosimo.com.br\/site\/?s={search_term_string}"},"query-input":{"@type":"PropertyValueSpecification","valueRequired":true,"valueName":"search_term_string"}}],"inLanguage":"pt-BR"},{"@type":"Organization","@id":"https:\/\/padrejosimo.com.br\/site\/#organization","name":"Instituto Cultural Padre Josimo","alternateName":"ICPJ","url":"https:\/\/padrejosimo.com.br\/site\/","logo":{"@type":"ImageObject","inLanguage":"pt-BR","@id":"https:\/\/padrejosimo.com.br\/site\/#\/schema\/logo\/image\/","url":"https:\/\/padrejosimo.com.br\/site\/wp-content\/uploads\/2025\/09\/cropped-icon-icpj.png","contentUrl":"https:\/\/padrejosimo.com.br\/site\/wp-content\/uploads\/2025\/09\/cropped-icon-icpj.png","width":512,"height":512,"caption":"Instituto Cultural Padre Josimo"},"image":{"@id":"https:\/\/padrejosimo.com.br\/site\/#\/schema\/logo\/image\/"}}]}},"_links":{"self":[{"href":"https:\/\/padrejosimo.com.br\/site\/wp-json\/wp\/v2\/artigos\/5854","targetHints":{"allow":["GET"]}}],"collection":[{"href":"https:\/\/padrejosimo.com.br\/site\/wp-json\/wp\/v2\/artigos"}],"about":[{"href":"https:\/\/padrejosimo.com.br\/site\/wp-json\/wp\/v2\/types\/artigos"}],"author":[{"embeddable":true,"href":"https:\/\/padrejosimo.com.br\/site\/wp-json\/wp\/v2\/users\/9"}],"wp:attachment":[{"href":"https:\/\/padrejosimo.com.br\/site\/wp-json\/wp\/v2\/media?parent=5854"}],"curies":[{"name":"wp","href":"https:\/\/api.w.org\/{rel}","templated":true}]}}