{"id":5585,"date":"2024-06-07T05:09:55","date_gmt":"2024-06-07T08:09:55","guid":{"rendered":"https:\/\/padrejosimo.com.br\/site\/?post_type=artigos&#038;p=5585"},"modified":"2024-06-22T11:00:40","modified_gmt":"2024-06-22T14:00:40","slug":"artigo-missao-sementes-de-solidariedade-um-desafio-em-relacao-ao-meio-ambiente-e-ao-bem-estar-das-pessoas","status":"publish","type":"artigos","link":"https:\/\/padrejosimo.com.br\/site\/artigos\/artigo-missao-sementes-de-solidariedade-um-desafio-em-relacao-ao-meio-ambiente-e-ao-bem-estar-das-pessoas\/","title":{"rendered":"ARTIGO | Miss\u00e3o Sementes de Solidariedade: um desafio em rela\u00e7\u00e3o ao meio ambiente e ao bem-estar das pessoas"},"content":{"rendered":"<header>\n<h2 class=\"description\">Abordagem integral e colaborativa \u00e9 essencial para enfrentar os desafios em rela\u00e7\u00e3o ao meio ambiente e ao bem-estar<\/h2>\n<div class=\"details-bar\">\n<div class=\"author-time\">\n<div class=\"author\">Luiza Udovic Bassegio e Luiz Bassegio | Brasil de Fato | Porto Alegre\u00a0<\/div>\n<div>Publica\u00e7\u00e3o original dispon\u00edvel aqui: <a href=\"https:\/\/www.brasildefators.com.br\/2024\/06\/07\/missao-sementes-de-solidariedade-um-desafio-em-relacao-ao-meio-ambiente-e-ao-bem-estar-das-pessoas\">Miss\u00e3o Sementes de Solidariedade: um desafio em rela\u00e7\u00e3o ao meio ambiente e ao bem estar<\/a><\/div>\n<\/div>\n<div>\u00a0<\/div>\n<\/div>\n<\/header>\n<div class=\"content\">\n<div class=\"text-content\">\n<p><img fetchpriority=\"high\" decoding=\"async\" class=\"size-full wp-image-5586 aligncenter\" src=\"https:\/\/padrejosimo.com.br\/site\/wp-content\/uploads\/2024\/06\/image_processing20240607-948032-9oa2yq.webp\" alt=\"\" width=\"392\" height=\"289\" srcset=\"https:\/\/padrejosimo.com.br\/site\/wp-content\/uploads\/2024\/06\/image_processing20240607-948032-9oa2yq.webp 392w, https:\/\/padrejosimo.com.br\/site\/wp-content\/uploads\/2024\/06\/image_processing20240607-948032-9oa2yq-300x221.webp 300w\" sizes=\"(max-width: 392px) 100vw, 392px\" \/><\/p>\n<p>A\u00a0<a href=\"https:\/\/www.brasildefators.com.br\/2024\/06\/06\/missao-sementes-de-solidariedade-organizacoes-preparam-inicio-das-acoes-em-campo\" target=\"_blank\" rel=\"noopener\">Miss\u00e3o Sementes de Solidariedade<\/a>, uma iniciativa que re\u00fane entidades e grupos, movimentos sociais, pastorais e igrejas, convocadas pelo MPA &#8211; Movimento dos Pequenos Agricultores e Agricultoras, esteve reunida no Convento S\u00e3o Boaventura, no distrito de Daltro Filho (Imigrante, RS), na \u00faltima sexta-feira (31 de maio de 2024), para ouvir sobre os desafios enfrentados pelas fam\u00edlias afetadas pelas\u00a0<a href=\"https:\/\/www.brasildefators.com.br\/2024\/06\/07\/em-visita-de-lula-mab-cobra-participacao-e-investimentos-publicos-na-reconstrucao-do-estado\" target=\"_blank\" rel=\"noopener\">enchentes na regi\u00e3o do Vale do Taquari<\/a>\u00a0e em outras \u00e1reas.<\/p>\n<p>Foram mais de 90 participantes de todo o Vale do Taquari e outras regi\u00f5es partilhando sobre os\u00a0<a href=\"https:\/\/www.brasildefators.com.br\/2024\/06\/06\/o-rio-so-quer-passar-documentario-do-bdf-mostra-ponto-de-vista-dos-atingidos-pelas-enchentes-no-rs\" target=\"_blank\" rel=\"noopener\">impactos devastadores nas comunidades locais<\/a>, afetando n\u00e3o apenas as propriedades agr\u00edcolas, mas tamb\u00e9m as casas, infraestrutura e meios de subsist\u00eancia das pessoas. Para citar um exemplo, no munic\u00edpio de Cruzeiro do Sul, 1500 casas foram destru\u00eddas, assim como todo o com\u00e9rcio local.<\/p>\n<p>As enchentes atingiram tamb\u00e9m os munic\u00edpios do Vale do Taquari como Estrela, Arroio do Meio, Lajeado, Colinas, Encantado, Travesseiro, Marques de Souza, Roca Sales, Mu\u00e7um, Progresso, Santa Tereza entre outros.<\/p>\n<p>Em Porto Alegre e toda a regi\u00e3o Metropolitana n\u00e3o foi diferente a\u00a0<a href=\"https:\/\/www.brasildefators.com.br\/2024\/06\/06\/nao-e-tragedia-e-descaso-do-poder-publico-gauchos-lidam-com-o-retorno-para-casa\" target=\"_blank\" rel=\"noopener\">devasta\u00e7\u00e3o<\/a>. Em Eldorado, por exemplo, 92% da cidade foi destru\u00edda. Canoas, S\u00e3o Leopoldo, Gravata\u00ed e v\u00e1rias cidades da margem da Lagoa dos Patos foram violentamente impactadas.<\/p>\n<p>Enfim, n\u00e3o \u00e9 objetivo deste informe mencionar o que j\u00e1 \u00e9 noticiado mundialmente. Mas sim, partilhar um pouco das escutas e reflex\u00f5es deste dia t\u00e3o rico de reencontro, num cen\u00e1rio que ainda segue incerto a cada dia de \u00e1guas que ora descem, ora sobem. E neste momento crucial, a necessidade de apoio material \u00e9 evidente, mas \u00e9 igualmente importante reconhecer a import\u00e2ncia do apoio emocional, psicol\u00f3gico e espiritual neste momento.\u00a0<\/p>\n<p>Um\u00a0<a href=\"https:\/\/www.brasildefators.com.br\/2024\/05\/31\/movimento-brasil-popular-lanca-plataforma-visando-o-voluntariado-no-rio-grande-do-sul\" target=\"_blank\" rel=\"noopener\">gesto de solidariedade<\/a>, um abra\u00e7o ou uma palavra de conforto podem fazer uma grande diferen\u00e7a para aqueles que est\u00e3o enfrentando perdas e traumas. \u00c9 nessas horas que a comunidade se une ainda mais para oferecer suporte uns aos outros e iniciar o processo de reconstru\u00e7\u00e3o, n\u00e3o apenas das estruturas f\u00edsicas, mas tamb\u00e9m do tecido social e emocional das comunidades afetadas.<\/p>\n<p>&nbsp;<\/p>\n<p class=\"ckeditor-subtitle\"><strong>Causas<\/strong><\/p>\n<p>N\u00e3o h\u00e1 d\u00favidas entre os participantes do encontro que o aquecimento global, o efeito estufa, as\u00a0<a href=\"https:\/\/www.brasildefators.com.br\/2024\/06\/06\/reconstrucao-socioambiental-no-rio-grande-do-sul\" target=\"_blank\" rel=\"noopener\">mudan\u00e7as clim\u00e1ticas<\/a>, o desmatamento, as queimadas e o assoreamento dos rios desempenham pap\u00e9is significativos. O desmatamento e as queimadas reduzem a capacidade da vegeta\u00e7\u00e3o de absorver \u00e1gua e estabilizar o solo, aumentando o escoamento superficial e o risco de eros\u00e3o. Al\u00e9m disso, o assoreamento dos rios, como no caso do Rio Taquari, reduz a capacidade dos rios de transportar \u00e1gua de forma eficiente, o que pode levar a inunda\u00e7\u00f5es mais frequentes e generalizadas.<\/p>\n<p>A hist\u00f3ria compartilhada sobre a mudan\u00e7a na profundidade do rio em Mu\u00e7um\/RS, ao longo dos anos, \u00e9 um testemunho visual do assoreamento e da degrada\u00e7\u00e3o ambiental que afeta muitas \u00e1reas. H\u00e1 40 anos atr\u00e1s, por exemplo, o pescador precisava de 15 metros de linha para que o anzol alcan\u00e7asse o fundo do rio. Antes das tr\u00eas \u00faltimas enchentes, bastava uma linha de 3 metros. Imaginemos agora, depois do desastre dos \u00faltimos meses, que levou carros, areia, cascalhos, casas e \u00e1rvores para dentro dos rios, como estar\u00e1 esta profundidade?<\/p>\n<p>Nestes momentos s\u00e3o urgentes as a\u00e7\u00f5es de solidariedade, mas a implementa\u00e7\u00e3o de obras estruturais, como sistemas de controle de enchentes e a\u00e7\u00f5es de recupera\u00e7\u00e3o de ecossistemas, ser\u00e1 crucial para proteger as comunidades contra as enchentes recorrentes e cada vez mais devastadoras. \u00c9 essencial que essas medidas sejam acompanhadas por pol\u00edticas de gest\u00e3o sustent\u00e1vel da terra e dos recursos h\u00eddricos para abordar causas e promover a resili\u00eancia das comunidades diante das mudan\u00e7as clim\u00e1ticas.<\/p>\n<p class=\"ckeditor-subtitle\"><strong>Os respons\u00e1veis<\/strong><\/p>\n<p>Europa, China e Estados Unidos emitem 70% dos gases t\u00f3xicos que provocam o\u00a0<a href=\"https:\/\/www.brasildefato.com.br\/2024\/05\/18\/europa-emergencia-climatica-e-negacionismo\" target=\"_blank\" rel=\"noopener\">aquecimento global<\/a>. O Brasil emite 4% destes gases. Enquanto o Brasil contribui com uma parcela relativamente pequena das emiss\u00f5es globais de gases de efeito estufa, uma propor\u00e7\u00e3o significativa dessas emiss\u00f5es est\u00e1 relacionada a pr\u00e1ticas agr\u00edcolas.<\/p>\n<p>O desmatamento e as queimadas resultam na libera\u00e7\u00e3o de grandes quantidades de carbono armazenado nas florestas e no solo, contribuindo assim para o aumento das concentra\u00e7\u00f5es atmosf\u00e9ricas de di\u00f3xido de carbono (CO2), por\u00e9m, o uso intensivo de agrot\u00f3xicos e pr\u00e1ticas agr\u00edcolas inadequadas podem degradar o solo. O solo f\u00e9rtil est\u00e1 repleto de microrganismos que absorvem os gases t\u00f3xicos. Os agrot\u00f3xicos acabam com estes microrganismos e assim os gases v\u00e3o para a atmosfera, o que contribui com o aquecimento e as mudan\u00e7as clim\u00e1ticas.<\/p>\n<p>Durante 100 anos a temperatura m\u00e9dia da Terra foi de 14 graus, atualmente estamos em torno de 15. A continuar esta tend\u00eancia chegaremos em 2100 com temperatura m\u00e9dia mundial de 16 graus. Isto implicar\u00e1 no derretimento das geleiras fazendo o mar subir alguns metros. O que ser\u00e3o das cidades costeiras?<\/p>\n<p class=\"ckeditor-subtitle\"><strong>As alternativas<\/strong><\/p>\n<p>Inspirados pela\u00a0<a href=\"https:\/\/www.brasildefators.com.br\/2023\/12\/01\/missao-de-monitoramento-no-vale-do-taquari-e-marcada-por-relatos-que-expoem-serie-de-violacoes\" target=\"_blank\" rel=\"noopener\">Miss\u00e3o Sementes de Solidariedade<\/a>, o engajamento comunit\u00e1rio e o apoio de organiza\u00e7\u00f5es s\u00e3o fundamentais para promover mudan\u00e7as significativas. Al\u00e9m disso, pol\u00edticas p\u00fablicas e regulamenta\u00e7\u00f5es que incentivem a conserva\u00e7\u00e3o florestal, o reflorestamento, a redu\u00e7\u00e3o do desmatamento e o uso respons\u00e1vel da terra s\u00e3o fundamentais para abordar as causas impl\u00edcitas das emiss\u00f5es de gases de efeito estufa e combater as mudan\u00e7as clim\u00e1ticas.<\/p>\n<p>Essas medidas n\u00e3o apenas ajudar\u00e3o a mitigar os impactos das mudan\u00e7as clim\u00e1ticas, mas tamb\u00e9m contribuir\u00e3o para promover a sustentabilidade ambiental e o bem-estar das comunidades locais e globais.<\/p>\n<p>O levantamento e a conscientiza\u00e7\u00e3o sobre a situa\u00e7\u00e3o ambiental em comunidades locais s\u00e3o passos importantes para implementar pol\u00edticas e pr\u00e1ticas que promovam a conserva\u00e7\u00e3o florestal e o uso respons\u00e1vel da terra. Por isso a Miss\u00e3o Sementes de Solidariedade segue nesta etapa com as seguintes tarefas:<\/p>\n<p>1) Visita de 5.800 fam\u00edlias, 411 comunidades em 163 munic\u00edpios, fazendo a escuta e diagn\u00f3stico, atrav\u00e9s de um question\u00e1rio para identificar cientificamente a situa\u00e7\u00e3o;\u00a0<\/p>\n<p>2) Cadastro de volunt\u00e1rios para visitas as fam\u00edlias e aplica\u00e7\u00e3o do question\u00e1rio;<\/p>\n<p>3) Mutir\u00e3o de visitas e encontros de forma\u00e7\u00e3o;<\/p>\n<p>4) Acompanhamento t\u00e9cnico e restaura\u00e7\u00e3o ambiental;<\/p>\n<p>5) Entrega, ap\u00f3s o levantamento, de 50 mil mudas de \u00e1rvores nativas e frut\u00edferas, 6.000 feixes de ramas de mandioca, milhares de mudas de hortali\u00e7as, de batata, 20 mil quilos de sementes de milho al\u00e9m de feij\u00e3o.<\/p>\n<p>Certamente outros desafios surgir\u00e3o nesta jornada de Cuidado com a Casa Comum. Em se tratando do Rio Taquari, o que fazer com o assoreamento, \u00e9 um deles. Mas sa\u00edmos fortalecidos deste encontro. O envolvimento de volunt\u00e1rios e o fornecimento de recursos como mudas de \u00e1rvores nativas e frut\u00edferas, sementes e apoio t\u00e9cnico s\u00e3o essenciais para capacitar as comunidades a se tornarem agentes de mudan\u00e7a em seus pr\u00f3prios ambientes.<\/p>\n<p>A iniciativa de organiza\u00e7\u00f5es como MPA, C\u00e1ritas, CPT e o apoio de institui\u00e7\u00f5es como os Franciscanos \u00e9 fundamental para garantir que os esfor\u00e7os de sustentabilidade alcancem as comunidades mais vulner\u00e1veis e afetadas. Essa abordagem integral e colaborativa \u00e9 essencial para enfrentar os desafios complexos que enfrentamos em rela\u00e7\u00e3o ao meio ambiente e ao bem-estar das pessoas.<\/p>\n<hr \/>\n<p><em>* Luiz Bassegio, \u00e9 da coordena\u00e7\u00e3o do Grito dos Exclu\u00eddos Continental;<\/em><\/p>\n<p><em>** Luiza Udovic Bassegio \u00e9 do Grito dos Exclu\u00eddos Continental e da coordena\u00e7\u00e3o da Articula\u00e7\u00e3o Brasileira pela Economia de Francisco e Clara.<\/em><\/p>\n<p>*<em>** Este \u00e9 um artigo de opini\u00e3o, sob responsabilidade dos autores.<\/em><\/p>\n<\/div>\n<\/div>\n","protected":false},"excerpt":{"rendered":"<p>Abordagem integral e colaborativa \u00e9 essencial para enfrentar os desafios em rela\u00e7\u00e3o ao meio ambiente e ao bem-estar<\/p>\n","protected":false},"author":9,"template":"","class_list":["post-5585","artigos","type-artigos","status-publish","hentry"],"acf":[],"yoast_head":"<!-- This site is optimized with the Yoast SEO plugin v27.2 - https:\/\/yoast.com\/product\/yoast-seo-wordpress\/ -->\n<title>ARTIGO | Miss\u00e3o Sementes de Solidariedade: um desafio em rela\u00e7\u00e3o ao meio ambiente e ao bem-estar das pessoas - Instituto Cultural Padre Josimo<\/title>\n<meta name=\"robots\" content=\"index, follow, max-snippet:-1, max-image-preview:large, max-video-preview:-1\" \/>\n<link rel=\"canonical\" href=\"https:\/\/padrejosimo.com.br\/site\/artigos\/artigo-missao-sementes-de-solidariedade-um-desafio-em-relacao-ao-meio-ambiente-e-ao-bem-estar-das-pessoas\/\" \/>\n<meta property=\"og:locale\" content=\"pt_BR\" \/>\n<meta property=\"og:type\" content=\"article\" \/>\n<meta property=\"og:title\" content=\"ARTIGO | Miss\u00e3o Sementes de Solidariedade: um desafio em rela\u00e7\u00e3o ao meio ambiente e ao bem-estar das pessoas - Instituto Cultural Padre Josimo\" \/>\n<meta property=\"og:description\" content=\"Abordagem integral e colaborativa \u00e9 essencial para enfrentar os desafios em rela\u00e7\u00e3o ao meio ambiente e ao bem-estar\" \/>\n<meta property=\"og:url\" content=\"https:\/\/padrejosimo.com.br\/site\/artigos\/artigo-missao-sementes-de-solidariedade-um-desafio-em-relacao-ao-meio-ambiente-e-ao-bem-estar-das-pessoas\/\" \/>\n<meta property=\"og:site_name\" content=\"Instituto Cultural Padre Josimo\" \/>\n<meta property=\"article:modified_time\" content=\"2024-06-22T14:00:40+00:00\" \/>\n<meta property=\"og:image\" content=\"https:\/\/padrejosimo.com.br\/site\/wp-content\/uploads\/2024\/06\/image_processing20240607-948032-9oa2yq.webp\" \/>\n<meta name=\"twitter:card\" content=\"summary_large_image\" \/>\n<meta name=\"twitter:label1\" content=\"Est. tempo de leitura\" \/>\n\t<meta name=\"twitter:data1\" content=\"7 minutos\" \/>\n<script type=\"application\/ld+json\" class=\"yoast-schema-graph\">{\"@context\":\"https:\/\/schema.org\",\"@graph\":[{\"@type\":\"WebPage\",\"@id\":\"https:\/\/padrejosimo.com.br\/site\/artigos\/artigo-missao-sementes-de-solidariedade-um-desafio-em-relacao-ao-meio-ambiente-e-ao-bem-estar-das-pessoas\/\",\"url\":\"https:\/\/padrejosimo.com.br\/site\/artigos\/artigo-missao-sementes-de-solidariedade-um-desafio-em-relacao-ao-meio-ambiente-e-ao-bem-estar-das-pessoas\/\",\"name\":\"ARTIGO | Miss\u00e3o Sementes de Solidariedade: um desafio em rela\u00e7\u00e3o ao meio ambiente e ao bem-estar das pessoas - Instituto Cultural Padre Josimo\",\"isPartOf\":{\"@id\":\"https:\/\/padrejosimo.com.br\/site\/#website\"},\"primaryImageOfPage\":{\"@id\":\"https:\/\/padrejosimo.com.br\/site\/artigos\/artigo-missao-sementes-de-solidariedade-um-desafio-em-relacao-ao-meio-ambiente-e-ao-bem-estar-das-pessoas\/#primaryimage\"},\"image\":{\"@id\":\"https:\/\/padrejosimo.com.br\/site\/artigos\/artigo-missao-sementes-de-solidariedade-um-desafio-em-relacao-ao-meio-ambiente-e-ao-bem-estar-das-pessoas\/#primaryimage\"},\"thumbnailUrl\":\"https:\/\/padrejosimo.com.br\/site\/wp-content\/uploads\/2024\/06\/image_processing20240607-948032-9oa2yq.webp\",\"datePublished\":\"2024-06-07T08:09:55+00:00\",\"dateModified\":\"2024-06-22T14:00:40+00:00\",\"breadcrumb\":{\"@id\":\"https:\/\/padrejosimo.com.br\/site\/artigos\/artigo-missao-sementes-de-solidariedade-um-desafio-em-relacao-ao-meio-ambiente-e-ao-bem-estar-das-pessoas\/#breadcrumb\"},\"inLanguage\":\"pt-BR\",\"potentialAction\":[{\"@type\":\"ReadAction\",\"target\":[\"https:\/\/padrejosimo.com.br\/site\/artigos\/artigo-missao-sementes-de-solidariedade-um-desafio-em-relacao-ao-meio-ambiente-e-ao-bem-estar-das-pessoas\/\"]}]},{\"@type\":\"ImageObject\",\"inLanguage\":\"pt-BR\",\"@id\":\"https:\/\/padrejosimo.com.br\/site\/artigos\/artigo-missao-sementes-de-solidariedade-um-desafio-em-relacao-ao-meio-ambiente-e-ao-bem-estar-das-pessoas\/#primaryimage\",\"url\":\"https:\/\/padrejosimo.com.br\/site\/wp-content\/uploads\/2024\/06\/image_processing20240607-948032-9oa2yq.webp\",\"contentUrl\":\"https:\/\/padrejosimo.com.br\/site\/wp-content\/uploads\/2024\/06\/image_processing20240607-948032-9oa2yq.webp\",\"width\":392,\"height\":289},{\"@type\":\"BreadcrumbList\",\"@id\":\"https:\/\/padrejosimo.com.br\/site\/artigos\/artigo-missao-sementes-de-solidariedade-um-desafio-em-relacao-ao-meio-ambiente-e-ao-bem-estar-das-pessoas\/#breadcrumb\",\"itemListElement\":[{\"@type\":\"ListItem\",\"position\":1,\"name\":\"In\u00edcio\",\"item\":\"https:\/\/padrejosimo.com.br\/site\/\"},{\"@type\":\"ListItem\",\"position\":2,\"name\":\"Artigos\",\"item\":\"https:\/\/padrejosimo.com.br\/site\/artigos\/\"},{\"@type\":\"ListItem\",\"position\":3,\"name\":\"ARTIGO | Miss\u00e3o Sementes de Solidariedade: um desafio em rela\u00e7\u00e3o ao meio ambiente e ao bem-estar das pessoas\"}]},{\"@type\":\"WebSite\",\"@id\":\"https:\/\/padrejosimo.com.br\/site\/#website\",\"url\":\"https:\/\/padrejosimo.com.br\/site\/\",\"name\":\"Instituto Cultural Padre Josimo\",\"description\":\"Comprometida com a promo\u00e7\u00e3o da justi\u00e7a social, agroecologia e educa\u00e7\u00e3o popular\",\"publisher\":{\"@id\":\"https:\/\/padrejosimo.com.br\/site\/#organization\"},\"alternateName\":\"ICPJ\",\"potentialAction\":[{\"@type\":\"SearchAction\",\"target\":{\"@type\":\"EntryPoint\",\"urlTemplate\":\"https:\/\/padrejosimo.com.br\/site\/?s={search_term_string}\"},\"query-input\":{\"@type\":\"PropertyValueSpecification\",\"valueRequired\":true,\"valueName\":\"search_term_string\"}}],\"inLanguage\":\"pt-BR\"},{\"@type\":\"Organization\",\"@id\":\"https:\/\/padrejosimo.com.br\/site\/#organization\",\"name\":\"Instituto Cultural Padre Josimo\",\"alternateName\":\"ICPJ\",\"url\":\"https:\/\/padrejosimo.com.br\/site\/\",\"logo\":{\"@type\":\"ImageObject\",\"inLanguage\":\"pt-BR\",\"@id\":\"https:\/\/padrejosimo.com.br\/site\/#\/schema\/logo\/image\/\",\"url\":\"https:\/\/padrejosimo.com.br\/site\/wp-content\/uploads\/2025\/09\/cropped-icon-icpj.png\",\"contentUrl\":\"https:\/\/padrejosimo.com.br\/site\/wp-content\/uploads\/2025\/09\/cropped-icon-icpj.png\",\"width\":512,\"height\":512,\"caption\":\"Instituto Cultural Padre Josimo\"},\"image\":{\"@id\":\"https:\/\/padrejosimo.com.br\/site\/#\/schema\/logo\/image\/\"}}]}<\/script>\n<!-- \/ Yoast SEO plugin. -->","yoast_head_json":{"title":"ARTIGO | Miss\u00e3o Sementes de Solidariedade: um desafio em rela\u00e7\u00e3o ao meio ambiente e ao bem-estar das pessoas - Instituto Cultural Padre Josimo","robots":{"index":"index","follow":"follow","max-snippet":"max-snippet:-1","max-image-preview":"max-image-preview:large","max-video-preview":"max-video-preview:-1"},"canonical":"https:\/\/padrejosimo.com.br\/site\/artigos\/artigo-missao-sementes-de-solidariedade-um-desafio-em-relacao-ao-meio-ambiente-e-ao-bem-estar-das-pessoas\/","og_locale":"pt_BR","og_type":"article","og_title":"ARTIGO | Miss\u00e3o Sementes de Solidariedade: um desafio em rela\u00e7\u00e3o ao meio ambiente e ao bem-estar das pessoas - Instituto Cultural Padre Josimo","og_description":"Abordagem integral e colaborativa \u00e9 essencial para enfrentar os desafios em rela\u00e7\u00e3o ao meio ambiente e ao bem-estar","og_url":"https:\/\/padrejosimo.com.br\/site\/artigos\/artigo-missao-sementes-de-solidariedade-um-desafio-em-relacao-ao-meio-ambiente-e-ao-bem-estar-das-pessoas\/","og_site_name":"Instituto Cultural Padre Josimo","article_modified_time":"2024-06-22T14:00:40+00:00","og_image":[{"url":"https:\/\/padrejosimo.com.br\/site\/wp-content\/uploads\/2024\/06\/image_processing20240607-948032-9oa2yq.webp","type":"","width":"","height":""}],"twitter_card":"summary_large_image","twitter_misc":{"Est. tempo de leitura":"7 minutos"},"schema":{"@context":"https:\/\/schema.org","@graph":[{"@type":"WebPage","@id":"https:\/\/padrejosimo.com.br\/site\/artigos\/artigo-missao-sementes-de-solidariedade-um-desafio-em-relacao-ao-meio-ambiente-e-ao-bem-estar-das-pessoas\/","url":"https:\/\/padrejosimo.com.br\/site\/artigos\/artigo-missao-sementes-de-solidariedade-um-desafio-em-relacao-ao-meio-ambiente-e-ao-bem-estar-das-pessoas\/","name":"ARTIGO | Miss\u00e3o Sementes de Solidariedade: um desafio em rela\u00e7\u00e3o ao meio ambiente e ao bem-estar das pessoas - Instituto Cultural Padre Josimo","isPartOf":{"@id":"https:\/\/padrejosimo.com.br\/site\/#website"},"primaryImageOfPage":{"@id":"https:\/\/padrejosimo.com.br\/site\/artigos\/artigo-missao-sementes-de-solidariedade-um-desafio-em-relacao-ao-meio-ambiente-e-ao-bem-estar-das-pessoas\/#primaryimage"},"image":{"@id":"https:\/\/padrejosimo.com.br\/site\/artigos\/artigo-missao-sementes-de-solidariedade-um-desafio-em-relacao-ao-meio-ambiente-e-ao-bem-estar-das-pessoas\/#primaryimage"},"thumbnailUrl":"https:\/\/padrejosimo.com.br\/site\/wp-content\/uploads\/2024\/06\/image_processing20240607-948032-9oa2yq.webp","datePublished":"2024-06-07T08:09:55+00:00","dateModified":"2024-06-22T14:00:40+00:00","breadcrumb":{"@id":"https:\/\/padrejosimo.com.br\/site\/artigos\/artigo-missao-sementes-de-solidariedade-um-desafio-em-relacao-ao-meio-ambiente-e-ao-bem-estar-das-pessoas\/#breadcrumb"},"inLanguage":"pt-BR","potentialAction":[{"@type":"ReadAction","target":["https:\/\/padrejosimo.com.br\/site\/artigos\/artigo-missao-sementes-de-solidariedade-um-desafio-em-relacao-ao-meio-ambiente-e-ao-bem-estar-das-pessoas\/"]}]},{"@type":"ImageObject","inLanguage":"pt-BR","@id":"https:\/\/padrejosimo.com.br\/site\/artigos\/artigo-missao-sementes-de-solidariedade-um-desafio-em-relacao-ao-meio-ambiente-e-ao-bem-estar-das-pessoas\/#primaryimage","url":"https:\/\/padrejosimo.com.br\/site\/wp-content\/uploads\/2024\/06\/image_processing20240607-948032-9oa2yq.webp","contentUrl":"https:\/\/padrejosimo.com.br\/site\/wp-content\/uploads\/2024\/06\/image_processing20240607-948032-9oa2yq.webp","width":392,"height":289},{"@type":"BreadcrumbList","@id":"https:\/\/padrejosimo.com.br\/site\/artigos\/artigo-missao-sementes-de-solidariedade-um-desafio-em-relacao-ao-meio-ambiente-e-ao-bem-estar-das-pessoas\/#breadcrumb","itemListElement":[{"@type":"ListItem","position":1,"name":"In\u00edcio","item":"https:\/\/padrejosimo.com.br\/site\/"},{"@type":"ListItem","position":2,"name":"Artigos","item":"https:\/\/padrejosimo.com.br\/site\/artigos\/"},{"@type":"ListItem","position":3,"name":"ARTIGO | Miss\u00e3o Sementes de Solidariedade: um desafio em rela\u00e7\u00e3o ao meio ambiente e ao bem-estar das pessoas"}]},{"@type":"WebSite","@id":"https:\/\/padrejosimo.com.br\/site\/#website","url":"https:\/\/padrejosimo.com.br\/site\/","name":"Instituto Cultural Padre Josimo","description":"Comprometida com a promo\u00e7\u00e3o da justi\u00e7a social, agroecologia e educa\u00e7\u00e3o popular","publisher":{"@id":"https:\/\/padrejosimo.com.br\/site\/#organization"},"alternateName":"ICPJ","potentialAction":[{"@type":"SearchAction","target":{"@type":"EntryPoint","urlTemplate":"https:\/\/padrejosimo.com.br\/site\/?s={search_term_string}"},"query-input":{"@type":"PropertyValueSpecification","valueRequired":true,"valueName":"search_term_string"}}],"inLanguage":"pt-BR"},{"@type":"Organization","@id":"https:\/\/padrejosimo.com.br\/site\/#organization","name":"Instituto Cultural Padre Josimo","alternateName":"ICPJ","url":"https:\/\/padrejosimo.com.br\/site\/","logo":{"@type":"ImageObject","inLanguage":"pt-BR","@id":"https:\/\/padrejosimo.com.br\/site\/#\/schema\/logo\/image\/","url":"https:\/\/padrejosimo.com.br\/site\/wp-content\/uploads\/2025\/09\/cropped-icon-icpj.png","contentUrl":"https:\/\/padrejosimo.com.br\/site\/wp-content\/uploads\/2025\/09\/cropped-icon-icpj.png","width":512,"height":512,"caption":"Instituto Cultural Padre Josimo"},"image":{"@id":"https:\/\/padrejosimo.com.br\/site\/#\/schema\/logo\/image\/"}}]}},"_links":{"self":[{"href":"https:\/\/padrejosimo.com.br\/site\/wp-json\/wp\/v2\/artigos\/5585","targetHints":{"allow":["GET"]}}],"collection":[{"href":"https:\/\/padrejosimo.com.br\/site\/wp-json\/wp\/v2\/artigos"}],"about":[{"href":"https:\/\/padrejosimo.com.br\/site\/wp-json\/wp\/v2\/types\/artigos"}],"author":[{"embeddable":true,"href":"https:\/\/padrejosimo.com.br\/site\/wp-json\/wp\/v2\/users\/9"}],"wp:attachment":[{"href":"https:\/\/padrejosimo.com.br\/site\/wp-json\/wp\/v2\/media?parent=5585"}],"curies":[{"name":"wp","href":"https:\/\/api.w.org\/{rel}","templated":true}]}}