{"id":4637,"date":"2023-03-25T18:07:06","date_gmt":"2023-03-25T21:07:06","guid":{"rendered":"https:\/\/padrejosimo.com.br\/site\/?post_type=artigos&#038;p=4637"},"modified":"2024-06-22T11:01:31","modified_gmt":"2024-06-22T14:01:31","slug":"artigo-mudancas-climaticas-o-que-sao","status":"publish","type":"artigos","link":"https:\/\/padrejosimo.com.br\/site\/artigos\/artigo-mudancas-climaticas-o-que-sao\/","title":{"rendered":"Artigo | Mudan\u00e7as clim\u00e1ticas: o que s\u00e3o?"},"content":{"rendered":"<p>Gerson Antonio Barbosa Borges e Bruna Gon\u00e7alves Costa*<\/p>\n<p><img fetchpriority=\"high\" decoding=\"async\" class=\"size-full wp-image-4638 aligncenter\" src=\"https:\/\/padrejosimo.com.br\/site\/wp-content\/uploads\/2023\/03\/image_processing20230223-32601-7qhh1u.jpeg\" alt=\"\" width=\"620\" height=\"415\" srcset=\"https:\/\/padrejosimo.com.br\/site\/wp-content\/uploads\/2023\/03\/image_processing20230223-32601-7qhh1u.jpeg 620w, https:\/\/padrejosimo.com.br\/site\/wp-content\/uploads\/2023\/03\/image_processing20230223-32601-7qhh1u-300x201.jpeg 300w\" sizes=\"(max-width: 620px) 100vw, 620px\" \/><\/p>\n<p>&nbsp;<\/p>\n<p>Clima \u00e9 o conjunto de condi\u00e7\u00f5es m\u00e9dias de temperatura e ambiente num lugar, ao longo de muitos anos. As mudan\u00e7as clim\u00e1ticas expressam uma altera\u00e7\u00e3o nessas condi\u00e7\u00f5es.<\/p>\n<p>A temperatura m\u00e9dia do Planeta Terra at\u00e9 a primeira metade do s\u00e9culo XIX esteve em 14\u00baC. Contudo, com a consolida\u00e7\u00e3o do modo capitalista de produ\u00e7\u00e3o, na segunda metade do s\u00e9culo XIX, grandes f\u00e1bricas e ind\u00fastrias tornaram-se territ\u00f3rios de produ\u00e7\u00e3o intensiva de mercadorias, por meio do trabalho assalariado. Esta nova rela\u00e7\u00e3o social de produ\u00e7\u00e3o exige grandes quantidades e diferentes tipos de mat\u00e9ria-prima, deste modo, modifica a natureza e determina a produ\u00e7\u00e3o agr\u00edcola e pecu\u00e1ria mundial, conforme suas necessidades mercadol\u00f3gicas.<\/p>\n<p>A sobreviv\u00eancia e o \u00eaxito do capitalismo dependem da constante e acelerada produ\u00e7\u00e3o, circula\u00e7\u00e3o e consumo de mercadorias. Portanto, o uso, consumo e destrui\u00e7\u00e3o dos recursos naturais fazem parte dessa l\u00f3gica. Esta forma de organiza\u00e7\u00e3o social est\u00e1 diretamente relacionada \u00e0s mudan\u00e7as clim\u00e1ticas, pois o aumento na emiss\u00e3o de gases de efeito estufa \u2013 di\u00f3xido de carbono (CO2), metano (CH4), \u00f3xido nitroso (N2O) \u2013 resulta na eleva\u00e7\u00e3o da temperatura global. Ao mesmo tempo, os gases supracitados s\u00e3o oriundos de chamin\u00e9s das f\u00e1bricas, ind\u00fastrias, meios de transporte; derrubada e queima de florestas; pecu\u00e1ria intensiva\/extensiva e agricultura petrodependente.<\/p>\n<p>Esta progress\u00e3o na emiss\u00e3o de gases de efeito estufa elevou a temperatura m\u00e9dia do planeta Terra de 14\u00baC para os atuais 15,2\u00baC, de tal modo que 70% dessa ascend\u00eancia ocorreu a partir de 1950. As consequ\u00eancias j\u00e1 s\u00e3o sentidas (IPCC, 2022). A eleva\u00e7\u00e3o em 1,2\u00baC est\u00e1 aquecendo moderadamente os extremos do nosso Planeta, principalmente no Polo Norte.<\/p>\n<p>A intensidade das chuvas, as oscila\u00e7\u00f5es da temperatura e o aumento do n\u00edvel dos oceanos j\u00e1 podem ser notadas e s\u00e3o respostas das altera\u00e7\u00f5es do clima, portanto, impactando popula\u00e7\u00f5es em diferentes lugares do mundo, inclusive no Brasil. As excessivas chuvas no Litoral Norte de S\u00e3o Paulo e a forte estiagem no Sul do pa\u00eds s\u00e3o exemplos pr\u00f3ximos.<\/p>\n<p>Se as emiss\u00f5es de gases de efeito estufa forem reduzidas em 45% at\u00e9 2030 e em 100% at\u00e9 2050, chegaremos aos 16\u00baC de temperatura m\u00e9dia da Terra (+2\u00baC em rela\u00e7\u00e3o aos 14\u00baC do s\u00e9culo XIX), por\u00e9m, com uma forte tend\u00eancia de desacelera\u00e7\u00e3o e mesmo esfriamento, ou seja, a diminui\u00e7\u00e3o do aquecimento global (United Nations, 2015).<\/p>\n<p>Diante deste contexto, o Brasil tornou-se signat\u00e1rio do Acordo de Paris (2015) \u2013 comprometendo-se em reduzir \u00e0s emiss\u00f5es \u2013, mas a realidade dos \u00faltimos 6 anos demonstrou o contr\u00e1rio, pois o pa\u00eds aumentou suas emiss\u00f5es de gases de efeito estufa em 10% em rela\u00e7\u00e3o a 2015, sob forte influ\u00eancia da escalada do desmatamento e das queimadas, nos biomas Pantanal, Cerrado e Amaz\u00f4nia (SEEG, 2022).<\/p>\n<p>O n\u00e3o cumprimento dos compromissos firmados no Acordo de Paris podem resultar em futuras san\u00e7\u00f5es econ\u00f4micas. Com maior intensidade, poderemos sofrer impactos socioambientais numa escala global, em decorr\u00eancia da crescente temperatura global.<\/p>\n<p>No ritmo de indiferen\u00e7a com as mudan\u00e7as clim\u00e1ticas, em 2100 chegaremos ao aumento de 4\u00baC, portanto, a temperatura m\u00e9dia do planeta Terra chegar\u00e1 aos 18\u00baC. Com essa temperatura, os pa\u00edses insulares (pa\u00edses situados em ilhas ou grupo de ilhas) ir\u00e3o desaparecer e, do mesmo modo, milhares de cidades costeiras. Estas trag\u00e9dias ser\u00e3o resultado do derretimento das geleiras dos polos Sul e Norte, resultando na eleva\u00e7\u00e3o do n\u00edvel dos oceanos, concomitantemente, novos microclimas tendem a surgir, assim como os eventos extremos se tornar\u00e3o frequentes (estiagem, chuvas torrenciais, ondas de frio e calor extremo).<\/p>\n<p>Outro fator de inquieta\u00e7\u00e3o, enquanto resultado da eleva\u00e7\u00e3o dr\u00e1stica da temperatura do Planeta, ser\u00e1 o desaparecimento de parte da fauna e flora, potencializando o surgimento de novas e frequentes pandemias. A agricultura e a pecu\u00e1ria mundial tamb\u00e9m ir\u00e3o sofrer as consequ\u00eancias das mudan\u00e7as clim\u00e1ticas diretamente. A diminui\u00e7\u00e3o do ciclo das chuvas, altera\u00e7\u00e3o na temperatura ambiente, desertifica\u00e7\u00e3o e o surgimento de novas pragas colocar\u00e3o em risco a soberania e a seguran\u00e7a alimentar da popula\u00e7\u00e3o mundial. Esse conjunto de cat\u00e1strofes poder\u00e1 provocar ondas de imigrantes do clima, assim como novas e frequentes guerras, com objetivo de controlar territ\u00f3rios agricult\u00e1veis.<\/p>\n<p>A magnitude das mudan\u00e7as clim\u00e1ticas j\u00e1 incide sobre a natureza em suas mais variadas formas e dimens\u00f5es. Os alertas que os povos ind\u00edgenas fazem e fizeram historicamente s\u00e3o a express\u00e3o da neglig\u00eancia dos saberes origin\u00e1rios. Entretanto, em tempos mais recentes, a pauta das mudan\u00e7as clim\u00e1ticas, conduzida tamb\u00e9m pelos povos ind\u00edgenas e determinados movimentos populares, passou a estar no centro dos debates internacionais, como nas Confer\u00eancias das Partes (COP) e na C\u00fapula do Clima, al\u00e9m de eventos regionais e a\u00e7\u00f5es locais.<\/p>\n<p>N\u00e3o \u00e9 surpresa que as reivindica\u00e7\u00f5es partam inicialmente das classes que foram subalternizadas. Os primeiros a sofrerem as cat\u00e1strofes s\u00e3o os moradores das grandes periferias, trabalhadores precarizados, desempregados, sem terras, agricultores familiares camponeses e os povos ind\u00edgenas. E tratamos aqui de cat\u00e1strofes acarretadas antes pelo capitalismo, que por sua intencional incompet\u00eancia na promo\u00e7\u00e3o de pol\u00edticas p\u00fablicas que considerem a multidimensionalidade do ambiente das necessidades humanas.<\/p>\n<p>A desassist\u00eancia, o desprezo pelos estudos ambientais, a ignor\u00e2ncia e arrog\u00e2ncia que desconsideram os alertas do povo e da ci\u00eancia s\u00e3o alguns dos fatores que agravam as mudan\u00e7as clim\u00e1ticas, resultando em enchentes, alagamentos, deslizamentos, desmoronamentos, frio ou calor extremos.<\/p>\n<p>A partir desta perspectiva, os Estados Nacionais que mais emitem gases de efeito estufa, assim como as grandes corpora\u00e7\u00f5es respons\u00e1veis pelas emiss\u00f5es, devem financiar projetos sustent\u00e1veis que contribuam para a revers\u00e3o do aquecimento global. Do mesmo modo, \u00e9 imprescind\u00edvel emergir uma nova governan\u00e7a global, capaz de fiscalizar e punir os grandes poluidores.<\/p>\n<p><strong>Fontes<\/strong><\/p>\n<p>IPCC. Climate Change 2022: Impacts, Adaptation and Vulnerability. New York, 2022.<br \/>\nSEEG. An\u00e1lise das emiss\u00f5es brasileiras de gases de efeito estufa e suas implica\u00e7\u00f5es para as metas clim\u00e1ticas do Brasil (1970-2020), 2021.<br \/>\nUnited Nations. Paris Climate Change Conference: Conference of the Parties. Paris, 2015.<\/p>\n<p><em>* Gerson Antonio Barbosa Borges, militante do Movimento dos Pequenos Agricultores (MPA) e doutorando em Geografia pela Universidade Estadual Paulista (Unesp), campus de Presidente Prudente.<\/em><\/p>\n<p><em>** Bruna Gon\u00e7alves Costa, mestranda em Geografia pela Universidade Estadual Paulista (Unesp), campus de Presidente Prudente.<\/em><\/p>\n<p><em data-reader-unique-id=\"29\">* Este \u00e9 um artigo de opini\u00e3o. A vis\u00e3o do autor e da autora n\u00e3o necessariamente expressa a linha editorial do ICPJ.<\/em><\/p>\n","protected":false},"excerpt":{"rendered":"<p>Os Estados Nacionais que mais emitem gases de efeito estufa, assim como as grandes corpora\u00e7\u00f5es respons\u00e1veis pelas emiss\u00f5es, devem financiar projetos sustent\u00e1veis que contribuam para a revers\u00e3o do aquecimento global. Do mesmo modo, \u00e9 imprescind\u00edvel emergir uma nova governan\u00e7a global, capaz de fiscalizar e punir os grandes poluidores.<\/p>\n","protected":false},"author":9,"template":"","class_list":["post-4637","artigos","type-artigos","status-publish","hentry"],"acf":[],"yoast_head":"<!-- This site is optimized with the Yoast SEO plugin v27.2 - https:\/\/yoast.com\/product\/yoast-seo-wordpress\/ -->\n<title>Artigo | Mudan\u00e7as clim\u00e1ticas: o que s\u00e3o? - Instituto Cultural Padre Josimo<\/title>\n<meta name=\"robots\" content=\"index, follow, max-snippet:-1, max-image-preview:large, max-video-preview:-1\" \/>\n<link rel=\"canonical\" href=\"https:\/\/padrejosimo.com.br\/site\/artigos\/artigo-mudancas-climaticas-o-que-sao\/\" \/>\n<meta property=\"og:locale\" content=\"pt_BR\" \/>\n<meta property=\"og:type\" content=\"article\" \/>\n<meta property=\"og:title\" content=\"Artigo | Mudan\u00e7as clim\u00e1ticas: o que s\u00e3o? - Instituto Cultural Padre Josimo\" \/>\n<meta property=\"og:description\" content=\"Os Estados Nacionais que mais emitem gases de efeito estufa, assim como as grandes corpora\u00e7\u00f5es respons\u00e1veis pelas emiss\u00f5es, devem financiar projetos sustent\u00e1veis que contribuam para a revers\u00e3o do aquecimento global. Do mesmo modo, \u00e9 imprescind\u00edvel emergir uma nova governan\u00e7a global, capaz de fiscalizar e punir os grandes poluidores.\" \/>\n<meta property=\"og:url\" content=\"https:\/\/padrejosimo.com.br\/site\/artigos\/artigo-mudancas-climaticas-o-que-sao\/\" \/>\n<meta property=\"og:site_name\" content=\"Instituto Cultural Padre Josimo\" \/>\n<meta property=\"article:modified_time\" content=\"2024-06-22T14:01:31+00:00\" \/>\n<meta property=\"og:image\" content=\"https:\/\/padrejosimo.com.br\/site\/wp-content\/uploads\/2023\/03\/image_processing20230223-32601-7qhh1u.jpeg\" \/>\n<meta name=\"twitter:card\" content=\"summary_large_image\" \/>\n<meta name=\"twitter:label1\" content=\"Est. tempo de leitura\" \/>\n\t<meta name=\"twitter:data1\" content=\"6 minutos\" \/>\n<script type=\"application\/ld+json\" class=\"yoast-schema-graph\">{\"@context\":\"https:\/\/schema.org\",\"@graph\":[{\"@type\":\"WebPage\",\"@id\":\"https:\/\/padrejosimo.com.br\/site\/artigos\/artigo-mudancas-climaticas-o-que-sao\/\",\"url\":\"https:\/\/padrejosimo.com.br\/site\/artigos\/artigo-mudancas-climaticas-o-que-sao\/\",\"name\":\"Artigo | Mudan\u00e7as clim\u00e1ticas: o que s\u00e3o? - Instituto Cultural Padre Josimo\",\"isPartOf\":{\"@id\":\"https:\/\/padrejosimo.com.br\/site\/#website\"},\"primaryImageOfPage\":{\"@id\":\"https:\/\/padrejosimo.com.br\/site\/artigos\/artigo-mudancas-climaticas-o-que-sao\/#primaryimage\"},\"image\":{\"@id\":\"https:\/\/padrejosimo.com.br\/site\/artigos\/artigo-mudancas-climaticas-o-que-sao\/#primaryimage\"},\"thumbnailUrl\":\"https:\/\/padrejosimo.com.br\/site\/wp-content\/uploads\/2023\/03\/image_processing20230223-32601-7qhh1u.jpeg\",\"datePublished\":\"2023-03-25T21:07:06+00:00\",\"dateModified\":\"2024-06-22T14:01:31+00:00\",\"breadcrumb\":{\"@id\":\"https:\/\/padrejosimo.com.br\/site\/artigos\/artigo-mudancas-climaticas-o-que-sao\/#breadcrumb\"},\"inLanguage\":\"pt-BR\",\"potentialAction\":[{\"@type\":\"ReadAction\",\"target\":[\"https:\/\/padrejosimo.com.br\/site\/artigos\/artigo-mudancas-climaticas-o-que-sao\/\"]}]},{\"@type\":\"ImageObject\",\"inLanguage\":\"pt-BR\",\"@id\":\"https:\/\/padrejosimo.com.br\/site\/artigos\/artigo-mudancas-climaticas-o-que-sao\/#primaryimage\",\"url\":\"https:\/\/padrejosimo.com.br\/site\/wp-content\/uploads\/2023\/03\/image_processing20230223-32601-7qhh1u.jpeg\",\"contentUrl\":\"https:\/\/padrejosimo.com.br\/site\/wp-content\/uploads\/2023\/03\/image_processing20230223-32601-7qhh1u.jpeg\",\"width\":620,\"height\":415},{\"@type\":\"BreadcrumbList\",\"@id\":\"https:\/\/padrejosimo.com.br\/site\/artigos\/artigo-mudancas-climaticas-o-que-sao\/#breadcrumb\",\"itemListElement\":[{\"@type\":\"ListItem\",\"position\":1,\"name\":\"In\u00edcio\",\"item\":\"https:\/\/padrejosimo.com.br\/site\/\"},{\"@type\":\"ListItem\",\"position\":2,\"name\":\"Artigos\",\"item\":\"https:\/\/padrejosimo.com.br\/site\/artigos\/\"},{\"@type\":\"ListItem\",\"position\":3,\"name\":\"Artigo | Mudan\u00e7as clim\u00e1ticas: o que s\u00e3o?\"}]},{\"@type\":\"WebSite\",\"@id\":\"https:\/\/padrejosimo.com.br\/site\/#website\",\"url\":\"https:\/\/padrejosimo.com.br\/site\/\",\"name\":\"Instituto Cultural Padre Josimo\",\"description\":\"Comprometida com a promo\u00e7\u00e3o da justi\u00e7a social, agroecologia e educa\u00e7\u00e3o popular\",\"publisher\":{\"@id\":\"https:\/\/padrejosimo.com.br\/site\/#organization\"},\"alternateName\":\"ICPJ\",\"potentialAction\":[{\"@type\":\"SearchAction\",\"target\":{\"@type\":\"EntryPoint\",\"urlTemplate\":\"https:\/\/padrejosimo.com.br\/site\/?s={search_term_string}\"},\"query-input\":{\"@type\":\"PropertyValueSpecification\",\"valueRequired\":true,\"valueName\":\"search_term_string\"}}],\"inLanguage\":\"pt-BR\"},{\"@type\":\"Organization\",\"@id\":\"https:\/\/padrejosimo.com.br\/site\/#organization\",\"name\":\"Instituto Cultural Padre Josimo\",\"alternateName\":\"ICPJ\",\"url\":\"https:\/\/padrejosimo.com.br\/site\/\",\"logo\":{\"@type\":\"ImageObject\",\"inLanguage\":\"pt-BR\",\"@id\":\"https:\/\/padrejosimo.com.br\/site\/#\/schema\/logo\/image\/\",\"url\":\"https:\/\/padrejosimo.com.br\/site\/wp-content\/uploads\/2025\/09\/cropped-icon-icpj.png\",\"contentUrl\":\"https:\/\/padrejosimo.com.br\/site\/wp-content\/uploads\/2025\/09\/cropped-icon-icpj.png\",\"width\":512,\"height\":512,\"caption\":\"Instituto Cultural Padre Josimo\"},\"image\":{\"@id\":\"https:\/\/padrejosimo.com.br\/site\/#\/schema\/logo\/image\/\"}}]}<\/script>\n<!-- \/ Yoast SEO plugin. -->","yoast_head_json":{"title":"Artigo | Mudan\u00e7as clim\u00e1ticas: o que s\u00e3o? - Instituto Cultural Padre Josimo","robots":{"index":"index","follow":"follow","max-snippet":"max-snippet:-1","max-image-preview":"max-image-preview:large","max-video-preview":"max-video-preview:-1"},"canonical":"https:\/\/padrejosimo.com.br\/site\/artigos\/artigo-mudancas-climaticas-o-que-sao\/","og_locale":"pt_BR","og_type":"article","og_title":"Artigo | Mudan\u00e7as clim\u00e1ticas: o que s\u00e3o? - Instituto Cultural Padre Josimo","og_description":"Os Estados Nacionais que mais emitem gases de efeito estufa, assim como as grandes corpora\u00e7\u00f5es respons\u00e1veis pelas emiss\u00f5es, devem financiar projetos sustent\u00e1veis que contribuam para a revers\u00e3o do aquecimento global. Do mesmo modo, \u00e9 imprescind\u00edvel emergir uma nova governan\u00e7a global, capaz de fiscalizar e punir os grandes poluidores.","og_url":"https:\/\/padrejosimo.com.br\/site\/artigos\/artigo-mudancas-climaticas-o-que-sao\/","og_site_name":"Instituto Cultural Padre Josimo","article_modified_time":"2024-06-22T14:01:31+00:00","og_image":[{"url":"https:\/\/padrejosimo.com.br\/site\/wp-content\/uploads\/2023\/03\/image_processing20230223-32601-7qhh1u.jpeg","type":"","width":"","height":""}],"twitter_card":"summary_large_image","twitter_misc":{"Est. tempo de leitura":"6 minutos"},"schema":{"@context":"https:\/\/schema.org","@graph":[{"@type":"WebPage","@id":"https:\/\/padrejosimo.com.br\/site\/artigos\/artigo-mudancas-climaticas-o-que-sao\/","url":"https:\/\/padrejosimo.com.br\/site\/artigos\/artigo-mudancas-climaticas-o-que-sao\/","name":"Artigo | Mudan\u00e7as clim\u00e1ticas: o que s\u00e3o? - Instituto Cultural Padre Josimo","isPartOf":{"@id":"https:\/\/padrejosimo.com.br\/site\/#website"},"primaryImageOfPage":{"@id":"https:\/\/padrejosimo.com.br\/site\/artigos\/artigo-mudancas-climaticas-o-que-sao\/#primaryimage"},"image":{"@id":"https:\/\/padrejosimo.com.br\/site\/artigos\/artigo-mudancas-climaticas-o-que-sao\/#primaryimage"},"thumbnailUrl":"https:\/\/padrejosimo.com.br\/site\/wp-content\/uploads\/2023\/03\/image_processing20230223-32601-7qhh1u.jpeg","datePublished":"2023-03-25T21:07:06+00:00","dateModified":"2024-06-22T14:01:31+00:00","breadcrumb":{"@id":"https:\/\/padrejosimo.com.br\/site\/artigos\/artigo-mudancas-climaticas-o-que-sao\/#breadcrumb"},"inLanguage":"pt-BR","potentialAction":[{"@type":"ReadAction","target":["https:\/\/padrejosimo.com.br\/site\/artigos\/artigo-mudancas-climaticas-o-que-sao\/"]}]},{"@type":"ImageObject","inLanguage":"pt-BR","@id":"https:\/\/padrejosimo.com.br\/site\/artigos\/artigo-mudancas-climaticas-o-que-sao\/#primaryimage","url":"https:\/\/padrejosimo.com.br\/site\/wp-content\/uploads\/2023\/03\/image_processing20230223-32601-7qhh1u.jpeg","contentUrl":"https:\/\/padrejosimo.com.br\/site\/wp-content\/uploads\/2023\/03\/image_processing20230223-32601-7qhh1u.jpeg","width":620,"height":415},{"@type":"BreadcrumbList","@id":"https:\/\/padrejosimo.com.br\/site\/artigos\/artigo-mudancas-climaticas-o-que-sao\/#breadcrumb","itemListElement":[{"@type":"ListItem","position":1,"name":"In\u00edcio","item":"https:\/\/padrejosimo.com.br\/site\/"},{"@type":"ListItem","position":2,"name":"Artigos","item":"https:\/\/padrejosimo.com.br\/site\/artigos\/"},{"@type":"ListItem","position":3,"name":"Artigo | Mudan\u00e7as clim\u00e1ticas: o que s\u00e3o?"}]},{"@type":"WebSite","@id":"https:\/\/padrejosimo.com.br\/site\/#website","url":"https:\/\/padrejosimo.com.br\/site\/","name":"Instituto Cultural Padre Josimo","description":"Comprometida com a promo\u00e7\u00e3o da justi\u00e7a social, agroecologia e educa\u00e7\u00e3o popular","publisher":{"@id":"https:\/\/padrejosimo.com.br\/site\/#organization"},"alternateName":"ICPJ","potentialAction":[{"@type":"SearchAction","target":{"@type":"EntryPoint","urlTemplate":"https:\/\/padrejosimo.com.br\/site\/?s={search_term_string}"},"query-input":{"@type":"PropertyValueSpecification","valueRequired":true,"valueName":"search_term_string"}}],"inLanguage":"pt-BR"},{"@type":"Organization","@id":"https:\/\/padrejosimo.com.br\/site\/#organization","name":"Instituto Cultural Padre Josimo","alternateName":"ICPJ","url":"https:\/\/padrejosimo.com.br\/site\/","logo":{"@type":"ImageObject","inLanguage":"pt-BR","@id":"https:\/\/padrejosimo.com.br\/site\/#\/schema\/logo\/image\/","url":"https:\/\/padrejosimo.com.br\/site\/wp-content\/uploads\/2025\/09\/cropped-icon-icpj.png","contentUrl":"https:\/\/padrejosimo.com.br\/site\/wp-content\/uploads\/2025\/09\/cropped-icon-icpj.png","width":512,"height":512,"caption":"Instituto Cultural Padre Josimo"},"image":{"@id":"https:\/\/padrejosimo.com.br\/site\/#\/schema\/logo\/image\/"}}]}},"_links":{"self":[{"href":"https:\/\/padrejosimo.com.br\/site\/wp-json\/wp\/v2\/artigos\/4637","targetHints":{"allow":["GET"]}}],"collection":[{"href":"https:\/\/padrejosimo.com.br\/site\/wp-json\/wp\/v2\/artigos"}],"about":[{"href":"https:\/\/padrejosimo.com.br\/site\/wp-json\/wp\/v2\/types\/artigos"}],"author":[{"embeddable":true,"href":"https:\/\/padrejosimo.com.br\/site\/wp-json\/wp\/v2\/users\/9"}],"wp:attachment":[{"href":"https:\/\/padrejosimo.com.br\/site\/wp-json\/wp\/v2\/media?parent=4637"}],"curies":[{"name":"wp","href":"https:\/\/api.w.org\/{rel}","templated":true}]}}