{"id":3911,"date":"2021-11-03T08:20:29","date_gmt":"2021-11-03T11:20:29","guid":{"rendered":"https:\/\/padrejosimo.com.br\/site\/?post_type=artigos&#038;p=3911"},"modified":"2021-11-03T08:20:29","modified_gmt":"2021-11-03T11:20:29","slug":"artigo-agronegocio-pandemia-e-fome-um-triangulo-indissociavel","status":"publish","type":"artigos","link":"https:\/\/padrejosimo.com.br\/site\/artigos\/artigo-agronegocio-pandemia-e-fome-um-triangulo-indissociavel\/","title":{"rendered":"Artigo | Agroneg\u00f3cio, pandemia e fome: um tri\u00e2ngulo indissoci\u00e1vel"},"content":{"rendered":"<div class=\"newsletter-page-intro\">\n<h4><em>A produ\u00e7\u00e3o realizada sob as bases do agroneg\u00f3cio vem devastando os diferentes biomas do Planeta Terra<\/em><\/h4>\n<\/div>\n<div class=\"space-block-30\">\u00a0<\/div>\n<section class=\"container\">\n<div class=\"text-block\">\n<blockquote>\n<p><strong>Gerson Antonio Barbosa Borges, Estevan Leopoldo de Freitas Coca e Allan Rodrigo de Campos Silva (*)<\/strong><\/p>\n<\/blockquote>\n<\/div>\n<\/section>\n<blockquote>\n<p>Publica\u00e7\u00e3o original no <a href=\"https:\/\/sul21.com.br\/opiniao\/2021\/10\/agronegocio-pandemia-e-fome-um-triangulo-indissociavel\/\"><em><strong>Sul21<\/strong><\/em><\/a><\/p>\n<\/blockquote>\n<p>&nbsp;<\/p>\n<figure id=\"attachment_3912\" aria-describedby=\"caption-attachment-3912\" style=\"width: 503px\" class=\"wp-caption aligncenter\"><img fetchpriority=\"high\" decoding=\"async\" class=\" wp-image-3912\" src=\"https:\/\/padrejosimo.com.br\/site\/wp-content\/uploads\/2021\/11\/reddf-1080x720-1-1024x683.jpg\" alt=\"\" width=\"503\" height=\"335\" srcset=\"https:\/\/padrejosimo.com.br\/site\/wp-content\/uploads\/2021\/11\/reddf-1080x720-1-1024x683.jpg 1024w, https:\/\/padrejosimo.com.br\/site\/wp-content\/uploads\/2021\/11\/reddf-1080x720-1-300x200.jpg 300w, https:\/\/padrejosimo.com.br\/site\/wp-content\/uploads\/2021\/11\/reddf-1080x720-1-768x512.jpg 768w, https:\/\/padrejosimo.com.br\/site\/wp-content\/uploads\/2021\/11\/reddf-1080x720-1.jpg 1080w\" sizes=\"(max-width: 503px) 100vw, 503px\" \/><figcaption id=\"caption-attachment-3912\" class=\"wp-caption-text\"><em><span style=\"font-size: 8pt;\">&#8220;O setor agropecu\u00e1rio de exporta\u00e7\u00e3o, sob embargo chin\u00eas, mant\u00e9m armazenadas 100 mil toneladas de carne bovina que teriam como destino o mercado asi\u00e1tico&#8221;. (Foto: Bruno Cecim\/Ag.Par\u00e1)<\/span><\/em><\/figcaption><\/figure>\n<section class=\"container\">\n<div class=\"text-block\">\n<p>O agroneg\u00f3cio, como parte do atual Regime Alimentar Corporativo, tem criado problemas sociais, econ\u00f4micos e ecol\u00f3gicos. A produ\u00e7\u00e3o de commodities prioritariamente para exporta\u00e7\u00e3o, grilagem de terras, isen\u00e7\u00f5es fiscais, destrui\u00e7\u00e3o ambiental e a pr\u00e1tica de diferentes tipos de viol\u00eancia contra os povos camponeses e origin\u00e1rios formam algumas dentre as principais pegadas deste sistema orientado pela l\u00f3gica da acumula\u00e7\u00e3o capitalista.<\/p>\n<p>McMichael (2016) argumenta que o Regime Alimentar Corporativo inverteu a ordem da rela\u00e7\u00e3o Estado x mercado. Outrora os mercados serviam aos Estados, hoje \u00e9 o inverso. Ilustrando o caso brasileiro, os representantes do agroneg\u00f3cio est\u00e3o e s\u00e3o parte do Estado em diferentes governos e escalas administrativas, participando diretamente das decis\u00f5es estrat\u00e9gicas da governan\u00e7a em prol de seu interesse. Isso se d\u00e1 por meio de uma concerta\u00e7\u00e3o pol\u00edtica em que o bloco intersetorial que comp\u00f5e o agroneg\u00f3cio age de forma coordenada, multilateral, sistem\u00e1tica e institucionalizada para convencer a opini\u00e3o p\u00fablica e o Estado sobre sua imprescindibilidade (POMPEIA, 2021). Desse modo, com as botas, a caneta e o laptop nesses territ\u00f3rios, o agro tem se viabilizado e reproduzido.\u00a0<\/p>\n<p>A produ\u00e7\u00e3o realizada sob as bases do agroneg\u00f3cio, al\u00e9m de transformar os sistemas produtivos, os circuitos de distribui\u00e7\u00e3o e a qualidade dos alimentos, vem devastando os diferentes biomas do Planeta Terra. A destrui\u00e7\u00e3o da natureza para avan\u00e7ar na extra\u00e7\u00e3o de minerais, cultivo de cereais e cria\u00e7\u00e3o de animais, a partir de complexos intensivos ou extensivos, est\u00e1 eliminando os habitats naturais dos seres vivos que hospedam os v\u00edrus, concomitantemente, aproximando ambos das cria\u00e7\u00f5es intensivas de aves e porcos, por exemplo.\u00a0<\/p>\n<p>A combina\u00e7\u00e3o entre elimina\u00e7\u00e3o de barreiras naturais e aproxima\u00e7\u00e3o dos hospedeiros a animais sem diversidade gen\u00e9tica e imunol\u00f3gica e debilitados pela grande ingest\u00e3o de antibi\u00f3ticos e horm\u00f4nios incrementa a reprodu\u00e7\u00e3o e a muta\u00e7\u00e3o de v\u00edrus e bact\u00e9rias (DAVIS, 2005; WALLACE, 2020). Como o desmatamento tem sido uma das principais caracter\u00edsticas da territorializa\u00e7\u00e3o do agroneg\u00f3cio, podemos afirmar, assim, que ele \u00e9 o respons\u00e1vel por nos tornar mais pr\u00f3ximos do contato com esses pat\u00f3genos.<\/p>\n<p>No caso do v\u00edrus Sars-CoV-2, a principal hip\u00f3tese aponta para a destrui\u00e7\u00e3o das florestas do sudeste asi\u00e1tico em conson\u00e2ncia com a moderniza\u00e7\u00e3o agropecu\u00e1ria como a causa sist\u00eamica para a emerg\u00eancia da pandemia da Covid-19 (WALLACE, 2020). Circulando entre as cadeias globais das commodities, principalmente da carne su\u00edna e de aves, os v\u00edrus evoluem e se espacializam nas pequenas, m\u00e9dias e grandes cidades, aumentando a probabilidade da infec\u00e7\u00e3o humana tal como a epidemia de influenza H5N1, em 2005, e a pandemia de influenza H1N1, em 2008. Com isso, afirmamos que o agroneg\u00f3cio \u00e9 um exemplo de que o capitalismo \u00e9 doente e gera doen\u00e7as.<\/p>\n<p>No in\u00edcio de setembro de 2021 foram notificados dois casos de Encefalopatia Espongiforme \u2013 a Doen\u00e7a da Vaca Louca \u2013 em bovinos no Mato Grosso e em Minas Gerais. Investiga\u00e7\u00f5es iniciais, supervisionadas pela Organiza\u00e7\u00e3o Mundial da Sa\u00fade Animal, conclu\u00edram que os casos seriam at\u00edpicos e que podem ocorrer em animais de idade mais avan\u00e7ada. Uma vez que o mercado de carnes \u00e9 regido por pre\u00e7os em bolsa de valores, n\u00e3o seria estranho ao neg\u00f3cio que produtores estejam especulando com o tempo de vida dos animais, postergando o tempo de abate para conseguir animais mais pesados e melhores pre\u00e7os. Outra hip\u00f3tese aponta para o uso das carnes de animais contaminados na alimenta\u00e7\u00e3o dos bovinos em engorda. Apesar de ser uma doen\u00e7a pri\u00f4nica \u2013 ou seja, causada por part\u00edculas proteicas infecciosas produzidas pelo pr\u00f3prio organismo \u2013 o cont\u00e1gio pela Vaca Louca pode acontecer em caso de ingest\u00e3o da carne do animal doente. Porqu\u00ea e em que frequ\u00eancia bovinos mais velhos e doentes est\u00e3o sendo abatidos em frigor\u00edficos para consumo humano \u00e9 a pergunta que n\u00e3o quer calar.\u00a0<\/p>\n<p>N\u00e3o bastasse isso, al\u00e9m de ser um dos respons\u00e1veis pela emerg\u00eancia de crises de grande extens\u00e3o, como a da COVID-19, o agroneg\u00f3cio tem sido um amplificador de crises correlatas, como \u00e9 o caso da fome. Tomando o caso brasileiro mais uma vez como exemplo, o setor agropecu\u00e1rio de exporta\u00e7\u00e3o, sob embargo chin\u00eas, mant\u00e9m armazenadas 100 mil toneladas de carne bovina que teriam como destino o mercado asi\u00e1tico. Enquanto isso, de acordo com a \u00faltima pesquisa da Oxfam (2021), do total de 211,7 milh\u00f5es de brasileiros(as), 116,8 milh\u00f5es, pelo menos, est\u00e3o convivendo com algum grau de inseguran\u00e7a alimentar; destes, 43,4 milh\u00f5es n\u00e3o t\u00eam alimentos em quantidade suficiente para satisfazer suas necessidades b\u00e1sicas, e 19 milh\u00f5es de brasileiros(as) enfrentam a fome. Ao transformar a alimenta\u00e7\u00e3o em mercadoria, o agroneg\u00f3cio administra cinicamente um mercado em superprodu\u00e7\u00e3o e a pr\u00f3pria fome em nome da lucratividade.<\/p>\n<p>Com o elevado \u00edndice de desemprego e a desestrutura\u00e7\u00e3o das pol\u00edticas p\u00fablicas, a exemplo do Bolsa Fam\u00edlia e do PNAE (Programa Nacional de Alimenta\u00e7\u00e3o Escolar), aos brasileiros empobrecidos, que ainda conseguem adquirir algum tipo de alimento, sobra a busca por restos de carca\u00e7as de animais abatidos e res\u00edduos de arroz e outros cereais, pois o agroneg\u00f3cio produz para obter taxas elevadas de lucro, e n\u00e3o para ofertar alimentos aos que deles necessitam.<\/p>\n<p>Podemos concluir, neste breve texto, que o \u201cagro \u00e9 tech\u201d, o \u201cagro \u00e9 pop\u201d, como dizem seus representantes no Brasil. Por\u00e9m, sob uma outra perspectiva: ele \u00e9 \u201ctech, \u201cpop\u201d, enquanto um dos principais protagonistas no avan\u00e7o da fome e das pandemias.<\/p>\n<\/div>\n<\/section>\n<section class=\"space-block-20\"><\/section>\n<section class=\"container\">\n<div class=\"text-block\">\n<p><b>Refer\u00eancias<\/b><\/p>\n<p>DAVIS, Mike.<b> O monstro bate \u00e0 nossa porta. <\/b>Ed. Record, Rio de Janeiro, 2006.<\/p>\n<p>MCMICHAEL, Phillip. <b>Regimes alimentares e quest\u00f5es agr\u00e1rias.<\/b> S\u00e3o Paulo; Porto Alegre: Editora UNESP; Editora da UFRGS, 2016.<\/p>\n<p>POMPEIA, Caio. <b>Forma\u00e7\u00e3o pol\u00edtica do agroneg\u00f3cio<\/b>. S\u00e3o Paulo: Elefante, 2021.<\/p>\n<p>REDE PENSSAN. <b>Inseguran\u00e7a alimentar e Covid-19 no Brasil.<\/b> Rio de Janeiro: Rede PENSSAN, 2021.<\/p>\n<p>WALLACE, Rob. <b>Pandemia e agroneg\u00f3cio:<\/b> doen\u00e7as infecciosas, capitalismo e ci\u00eancia \/ tradu\u00e7\u00e3o Allan Rodrigo de Campos Silva. S\u00e3o Paulo: Elefante, 2020.<\/p>\n<\/div>\n<\/section>\n<section class=\"space-block-20\"><\/section>\n<section class=\"container\">\n<div class=\"text-block\">\n<p>&nbsp;<\/p>\n<p><em>(*)<\/em><\/p>\n<p><em><strong>Gerson Antonio Barbosa Borges<\/strong> \u00e9 Militante do MPA, Especialista em Economia e Desenvolvimento Agr\u00e1rio pela Universidade Federal do Esp\u00edrito Santo (UFES). Mestrado em Desenvolvimento Territorial na Am\u00e9rica Latina e Caribe pela Universidade Estadual Paulista \u201cJ\u00falio de Mesquita Filho\u201d (UNESP). Atualmente \u00e9 doutorando em Geografia pela UNESP.<\/em><\/p>\n<p><em><strong>Estevan Leopoldo de Freitas Coca<\/strong> \u00e9 Doutor em Geografia pela Universidade Estadual Paulista (Unesp), com per\u00edodo sandu\u00edche na University of British Columbia (UBC). Atualmente, atua como professor Adjunto da Universidade Federal de Alfenas (Unifal) \u2013 curso de Geografia.<\/em><\/p>\n<p><em><strong>Allan Rodrigo de Campos Silva<\/strong> \u00e9 Ge\u00f3grafo e tradutor, Doutor em Geografia Humana pela USP. Membro do F\u00f3rum Popular da Natureza e do Coletivo Editorial Igr\u00e1 Kniga<\/em><\/p>\n<\/div>\n<\/section>\n<p>&nbsp;<\/p>\n","protected":false},"excerpt":{"rendered":"<p>A produ\u00e7\u00e3o realizada sob as bases do agroneg\u00f3cio vem devastando os diferentes biomas do Planeta Terra<\/p>\n","protected":false},"author":1,"template":"","class_list":["post-3911","artigos","type-artigos","status-publish","hentry"],"acf":[],"yoast_head":"<!-- This site is optimized with the Yoast SEO plugin v27.2 - https:\/\/yoast.com\/product\/yoast-seo-wordpress\/ -->\n<title>Artigo | Agroneg\u00f3cio, pandemia e fome: um tri\u00e2ngulo indissoci\u00e1vel - Instituto Cultural Padre Josimo<\/title>\n<meta name=\"robots\" content=\"index, follow, max-snippet:-1, max-image-preview:large, max-video-preview:-1\" \/>\n<link rel=\"canonical\" href=\"https:\/\/padrejosimo.com.br\/site\/artigos\/artigo-agronegocio-pandemia-e-fome-um-triangulo-indissociavel\/\" \/>\n<meta property=\"og:locale\" content=\"pt_BR\" \/>\n<meta property=\"og:type\" content=\"article\" \/>\n<meta property=\"og:title\" content=\"Artigo | Agroneg\u00f3cio, pandemia e fome: um tri\u00e2ngulo indissoci\u00e1vel - Instituto Cultural Padre Josimo\" \/>\n<meta property=\"og:description\" content=\"A produ\u00e7\u00e3o realizada sob as bases do agroneg\u00f3cio vem devastando os diferentes biomas do Planeta Terra\" \/>\n<meta property=\"og:url\" content=\"https:\/\/padrejosimo.com.br\/site\/artigos\/artigo-agronegocio-pandemia-e-fome-um-triangulo-indissociavel\/\" \/>\n<meta property=\"og:site_name\" content=\"Instituto Cultural Padre Josimo\" \/>\n<meta property=\"og:image\" content=\"https:\/\/padrejosimo.com.br\/site\/wp-content\/uploads\/2021\/11\/reddf-1080x720-1-1024x683.jpg\" \/>\n<meta name=\"twitter:card\" content=\"summary_large_image\" \/>\n<meta name=\"twitter:label1\" content=\"Est. tempo de leitura\" \/>\n\t<meta name=\"twitter:data1\" content=\"6 minutos\" \/>\n<script type=\"application\/ld+json\" class=\"yoast-schema-graph\">{\"@context\":\"https:\/\/schema.org\",\"@graph\":[{\"@type\":\"WebPage\",\"@id\":\"https:\/\/padrejosimo.com.br\/site\/artigos\/artigo-agronegocio-pandemia-e-fome-um-triangulo-indissociavel\/\",\"url\":\"https:\/\/padrejosimo.com.br\/site\/artigos\/artigo-agronegocio-pandemia-e-fome-um-triangulo-indissociavel\/\",\"name\":\"Artigo | Agroneg\u00f3cio, pandemia e fome: um tri\u00e2ngulo indissoci\u00e1vel - Instituto Cultural Padre Josimo\",\"isPartOf\":{\"@id\":\"https:\/\/padrejosimo.com.br\/site\/#website\"},\"primaryImageOfPage\":{\"@id\":\"https:\/\/padrejosimo.com.br\/site\/artigos\/artigo-agronegocio-pandemia-e-fome-um-triangulo-indissociavel\/#primaryimage\"},\"image\":{\"@id\":\"https:\/\/padrejosimo.com.br\/site\/artigos\/artigo-agronegocio-pandemia-e-fome-um-triangulo-indissociavel\/#primaryimage\"},\"thumbnailUrl\":\"https:\/\/padrejosimo.com.br\/site\/wp-content\/uploads\/2021\/11\/reddf-1080x720-1-1024x683.jpg\",\"datePublished\":\"2021-11-03T11:20:29+00:00\",\"breadcrumb\":{\"@id\":\"https:\/\/padrejosimo.com.br\/site\/artigos\/artigo-agronegocio-pandemia-e-fome-um-triangulo-indissociavel\/#breadcrumb\"},\"inLanguage\":\"pt-BR\",\"potentialAction\":[{\"@type\":\"ReadAction\",\"target\":[\"https:\/\/padrejosimo.com.br\/site\/artigos\/artigo-agronegocio-pandemia-e-fome-um-triangulo-indissociavel\/\"]}]},{\"@type\":\"ImageObject\",\"inLanguage\":\"pt-BR\",\"@id\":\"https:\/\/padrejosimo.com.br\/site\/artigos\/artigo-agronegocio-pandemia-e-fome-um-triangulo-indissociavel\/#primaryimage\",\"url\":\"https:\/\/padrejosimo.com.br\/site\/wp-content\/uploads\/2021\/11\/reddf-1080x720-1.jpg\",\"contentUrl\":\"https:\/\/padrejosimo.com.br\/site\/wp-content\/uploads\/2021\/11\/reddf-1080x720-1.jpg\",\"width\":1080,\"height\":720,\"caption\":\"Xinguara PA 15 09 2019 Desde 2013, quando o Par\u00e1 atingiu a posi\u00e7\u00e3o de 4\u00ba maior rebanho bovino do Pa\u00eds, as regi\u00f5es sul e sudeste do Estado v\u00eam atraindo investidores e ganhando destaque no roteiro de expans\u00e3o do agroneg\u00f3cio. Localizada na regi\u00e3o de influ\u00eancia da BR-155 e PA-279, Xinguara, conhecida como Capital do Boi Gordo, n\u00e3o podia ficar de fora desse cen\u00e1rio positivo. Nesta quarta-feira (14), com apoio do governo do Estado, foi inaugurada uma nova unidade industrial no munic\u00edpio, a Fribev, empresa nordestina do ramo de frigor\u00edficos. foto Bruno Cecim ag.Par\u00e1\"},{\"@type\":\"BreadcrumbList\",\"@id\":\"https:\/\/padrejosimo.com.br\/site\/artigos\/artigo-agronegocio-pandemia-e-fome-um-triangulo-indissociavel\/#breadcrumb\",\"itemListElement\":[{\"@type\":\"ListItem\",\"position\":1,\"name\":\"In\u00edcio\",\"item\":\"https:\/\/padrejosimo.com.br\/site\/\"},{\"@type\":\"ListItem\",\"position\":2,\"name\":\"Artigos\",\"item\":\"https:\/\/padrejosimo.com.br\/site\/artigos\/\"},{\"@type\":\"ListItem\",\"position\":3,\"name\":\"Artigo | Agroneg\u00f3cio, pandemia e fome: um tri\u00e2ngulo indissoci\u00e1vel\"}]},{\"@type\":\"WebSite\",\"@id\":\"https:\/\/padrejosimo.com.br\/site\/#website\",\"url\":\"https:\/\/padrejosimo.com.br\/site\/\",\"name\":\"Instituto Cultural Padre Josimo\",\"description\":\"Comprometida com a promo\u00e7\u00e3o da justi\u00e7a social, agroecologia e educa\u00e7\u00e3o popular\",\"publisher\":{\"@id\":\"https:\/\/padrejosimo.com.br\/site\/#organization\"},\"alternateName\":\"ICPJ\",\"potentialAction\":[{\"@type\":\"SearchAction\",\"target\":{\"@type\":\"EntryPoint\",\"urlTemplate\":\"https:\/\/padrejosimo.com.br\/site\/?s={search_term_string}\"},\"query-input\":{\"@type\":\"PropertyValueSpecification\",\"valueRequired\":true,\"valueName\":\"search_term_string\"}}],\"inLanguage\":\"pt-BR\"},{\"@type\":\"Organization\",\"@id\":\"https:\/\/padrejosimo.com.br\/site\/#organization\",\"name\":\"Instituto Cultural Padre Josimo\",\"alternateName\":\"ICPJ\",\"url\":\"https:\/\/padrejosimo.com.br\/site\/\",\"logo\":{\"@type\":\"ImageObject\",\"inLanguage\":\"pt-BR\",\"@id\":\"https:\/\/padrejosimo.com.br\/site\/#\/schema\/logo\/image\/\",\"url\":\"https:\/\/padrejosimo.com.br\/site\/wp-content\/uploads\/2025\/09\/cropped-icon-icpj.png\",\"contentUrl\":\"https:\/\/padrejosimo.com.br\/site\/wp-content\/uploads\/2025\/09\/cropped-icon-icpj.png\",\"width\":512,\"height\":512,\"caption\":\"Instituto Cultural Padre Josimo\"},\"image\":{\"@id\":\"https:\/\/padrejosimo.com.br\/site\/#\/schema\/logo\/image\/\"}}]}<\/script>\n<!-- \/ Yoast SEO plugin. -->","yoast_head_json":{"title":"Artigo | Agroneg\u00f3cio, pandemia e fome: um tri\u00e2ngulo indissoci\u00e1vel - Instituto Cultural Padre Josimo","robots":{"index":"index","follow":"follow","max-snippet":"max-snippet:-1","max-image-preview":"max-image-preview:large","max-video-preview":"max-video-preview:-1"},"canonical":"https:\/\/padrejosimo.com.br\/site\/artigos\/artigo-agronegocio-pandemia-e-fome-um-triangulo-indissociavel\/","og_locale":"pt_BR","og_type":"article","og_title":"Artigo | Agroneg\u00f3cio, pandemia e fome: um tri\u00e2ngulo indissoci\u00e1vel - Instituto Cultural Padre Josimo","og_description":"A produ\u00e7\u00e3o realizada sob as bases do agroneg\u00f3cio vem devastando os diferentes biomas do Planeta Terra","og_url":"https:\/\/padrejosimo.com.br\/site\/artigos\/artigo-agronegocio-pandemia-e-fome-um-triangulo-indissociavel\/","og_site_name":"Instituto Cultural Padre Josimo","og_image":[{"url":"https:\/\/padrejosimo.com.br\/site\/wp-content\/uploads\/2021\/11\/reddf-1080x720-1-1024x683.jpg","type":"","width":"","height":""}],"twitter_card":"summary_large_image","twitter_misc":{"Est. tempo de leitura":"6 minutos"},"schema":{"@context":"https:\/\/schema.org","@graph":[{"@type":"WebPage","@id":"https:\/\/padrejosimo.com.br\/site\/artigos\/artigo-agronegocio-pandemia-e-fome-um-triangulo-indissociavel\/","url":"https:\/\/padrejosimo.com.br\/site\/artigos\/artigo-agronegocio-pandemia-e-fome-um-triangulo-indissociavel\/","name":"Artigo | Agroneg\u00f3cio, pandemia e fome: um tri\u00e2ngulo indissoci\u00e1vel - Instituto Cultural Padre Josimo","isPartOf":{"@id":"https:\/\/padrejosimo.com.br\/site\/#website"},"primaryImageOfPage":{"@id":"https:\/\/padrejosimo.com.br\/site\/artigos\/artigo-agronegocio-pandemia-e-fome-um-triangulo-indissociavel\/#primaryimage"},"image":{"@id":"https:\/\/padrejosimo.com.br\/site\/artigos\/artigo-agronegocio-pandemia-e-fome-um-triangulo-indissociavel\/#primaryimage"},"thumbnailUrl":"https:\/\/padrejosimo.com.br\/site\/wp-content\/uploads\/2021\/11\/reddf-1080x720-1-1024x683.jpg","datePublished":"2021-11-03T11:20:29+00:00","breadcrumb":{"@id":"https:\/\/padrejosimo.com.br\/site\/artigos\/artigo-agronegocio-pandemia-e-fome-um-triangulo-indissociavel\/#breadcrumb"},"inLanguage":"pt-BR","potentialAction":[{"@type":"ReadAction","target":["https:\/\/padrejosimo.com.br\/site\/artigos\/artigo-agronegocio-pandemia-e-fome-um-triangulo-indissociavel\/"]}]},{"@type":"ImageObject","inLanguage":"pt-BR","@id":"https:\/\/padrejosimo.com.br\/site\/artigos\/artigo-agronegocio-pandemia-e-fome-um-triangulo-indissociavel\/#primaryimage","url":"https:\/\/padrejosimo.com.br\/site\/wp-content\/uploads\/2021\/11\/reddf-1080x720-1.jpg","contentUrl":"https:\/\/padrejosimo.com.br\/site\/wp-content\/uploads\/2021\/11\/reddf-1080x720-1.jpg","width":1080,"height":720,"caption":"Xinguara PA 15 09 2019 Desde 2013, quando o Par\u00e1 atingiu a posi\u00e7\u00e3o de 4\u00ba maior rebanho bovino do Pa\u00eds, as regi\u00f5es sul e sudeste do Estado v\u00eam atraindo investidores e ganhando destaque no roteiro de expans\u00e3o do agroneg\u00f3cio. Localizada na regi\u00e3o de influ\u00eancia da BR-155 e PA-279, Xinguara, conhecida como Capital do Boi Gordo, n\u00e3o podia ficar de fora desse cen\u00e1rio positivo. Nesta quarta-feira (14), com apoio do governo do Estado, foi inaugurada uma nova unidade industrial no munic\u00edpio, a Fribev, empresa nordestina do ramo de frigor\u00edficos. foto Bruno Cecim ag.Par\u00e1"},{"@type":"BreadcrumbList","@id":"https:\/\/padrejosimo.com.br\/site\/artigos\/artigo-agronegocio-pandemia-e-fome-um-triangulo-indissociavel\/#breadcrumb","itemListElement":[{"@type":"ListItem","position":1,"name":"In\u00edcio","item":"https:\/\/padrejosimo.com.br\/site\/"},{"@type":"ListItem","position":2,"name":"Artigos","item":"https:\/\/padrejosimo.com.br\/site\/artigos\/"},{"@type":"ListItem","position":3,"name":"Artigo | Agroneg\u00f3cio, pandemia e fome: um tri\u00e2ngulo indissoci\u00e1vel"}]},{"@type":"WebSite","@id":"https:\/\/padrejosimo.com.br\/site\/#website","url":"https:\/\/padrejosimo.com.br\/site\/","name":"Instituto Cultural Padre Josimo","description":"Comprometida com a promo\u00e7\u00e3o da justi\u00e7a social, agroecologia e educa\u00e7\u00e3o popular","publisher":{"@id":"https:\/\/padrejosimo.com.br\/site\/#organization"},"alternateName":"ICPJ","potentialAction":[{"@type":"SearchAction","target":{"@type":"EntryPoint","urlTemplate":"https:\/\/padrejosimo.com.br\/site\/?s={search_term_string}"},"query-input":{"@type":"PropertyValueSpecification","valueRequired":true,"valueName":"search_term_string"}}],"inLanguage":"pt-BR"},{"@type":"Organization","@id":"https:\/\/padrejosimo.com.br\/site\/#organization","name":"Instituto Cultural Padre Josimo","alternateName":"ICPJ","url":"https:\/\/padrejosimo.com.br\/site\/","logo":{"@type":"ImageObject","inLanguage":"pt-BR","@id":"https:\/\/padrejosimo.com.br\/site\/#\/schema\/logo\/image\/","url":"https:\/\/padrejosimo.com.br\/site\/wp-content\/uploads\/2025\/09\/cropped-icon-icpj.png","contentUrl":"https:\/\/padrejosimo.com.br\/site\/wp-content\/uploads\/2025\/09\/cropped-icon-icpj.png","width":512,"height":512,"caption":"Instituto Cultural Padre Josimo"},"image":{"@id":"https:\/\/padrejosimo.com.br\/site\/#\/schema\/logo\/image\/"}}]}},"_links":{"self":[{"href":"https:\/\/padrejosimo.com.br\/site\/wp-json\/wp\/v2\/artigos\/3911","targetHints":{"allow":["GET"]}}],"collection":[{"href":"https:\/\/padrejosimo.com.br\/site\/wp-json\/wp\/v2\/artigos"}],"about":[{"href":"https:\/\/padrejosimo.com.br\/site\/wp-json\/wp\/v2\/types\/artigos"}],"author":[{"embeddable":true,"href":"https:\/\/padrejosimo.com.br\/site\/wp-json\/wp\/v2\/users\/1"}],"wp:attachment":[{"href":"https:\/\/padrejosimo.com.br\/site\/wp-json\/wp\/v2\/media?parent=3911"}],"curies":[{"name":"wp","href":"https:\/\/api.w.org\/{rel}","templated":true}]}}