{"id":3908,"date":"2021-11-03T07:18:08","date_gmt":"2021-11-03T10:18:08","guid":{"rendered":"https:\/\/padrejosimo.com.br\/site\/?post_type=artigos&#038;p=3908"},"modified":"2021-11-03T07:18:08","modified_gmt":"2021-11-03T10:18:08","slug":"isabela-camini-vinte-nove-de-outubro-uma-data-historica","status":"publish","type":"artigos","link":"https:\/\/padrejosimo.com.br\/site\/artigos\/isabela-camini-vinte-nove-de-outubro-uma-data-historica\/","title":{"rendered":"Isabela Camini | Vinte nove de outubro &#8211; uma data hist\u00f3rica"},"content":{"rendered":"<div class=\"pull-right\">\n<div class=\"addtoany_shortcode\">\u00a0<\/div>\n<\/div>\n<div class=\"sidebar-page-container\">\n<div class=\"auto-container\">\n<div class=\"row clearfix\">\n<div class=\"content-side col-lg-12 col-md-12 col-sm-12 col-xs-12\">\n<div class=\"content-inner\">\n<p><img fetchpriority=\"high\" decoding=\"async\" class=\" wp-image-3907 aligncenter\" src=\"https:\/\/padrejosimo.com.br\/site\/wp-content\/uploads\/2021\/11\/4-Convidados-foram-chamados-a-refletir-acerca-do-papel-atual-da-Reforma-Agraria-Popular-Corbari-BdF-.jpeg\" alt=\"\" width=\"522\" height=\"348\" srcset=\"https:\/\/padrejosimo.com.br\/site\/wp-content\/uploads\/2021\/11\/4-Convidados-foram-chamados-a-refletir-acerca-do-papel-atual-da-Reforma-Agraria-Popular-Corbari-BdF-.jpeg 800w, https:\/\/padrejosimo.com.br\/site\/wp-content\/uploads\/2021\/11\/4-Convidados-foram-chamados-a-refletir-acerca-do-papel-atual-da-Reforma-Agraria-Popular-Corbari-BdF--300x200.jpeg 300w, https:\/\/padrejosimo.com.br\/site\/wp-content\/uploads\/2021\/11\/4-Convidados-foram-chamados-a-refletir-acerca-do-papel-atual-da-Reforma-Agraria-Popular-Corbari-BdF--768x512.jpeg 768w\" sizes=\"(max-width: 522px) 100vw, 522px\" \/><\/p>\n<p>&nbsp;<\/p>\n<p><strong><em>Isabela Camini*<\/em><\/strong><\/p>\n<p>&nbsp;<\/p>\n<blockquote>\n<p><em>H\u00e1 tempo entendi a import\u00e2ncia da mem\u00f3ria dos que lutam<\/em><\/p>\n<\/blockquote>\n<p>&nbsp;<\/p>\n<p>O dia 29 de outubro de 2021 marcar\u00e1 a hist\u00f3ria do Instituto Educar. Escola que fincou ra\u00edzes h\u00e1 17 anos em uma \u00e1rea de 40 hectares, no Assentamento Nossa Senhora Aparecida, em Pont\u00e3o, RS, antiga Fazenda Annoni, ocupada por 2.500 fam\u00edlias, na noite enluarada de 29 de outubro de 1985. Neste dia de 2021 o Instituto foi visitado por centenas de pessoas, convidadas a celebrar os 36 anos da ocupa\u00e7\u00e3o de um latif\u00fandio de 9. 300 hectares, para inaugurar o Viveiro de mudas de \u00e1rvores em homenagem a Jos\u00e9 Alberto Siqueira, o Zec\u00e3o e celebrar a chegada do busto de Paulo Freire colocado na entrada da escola em homenagem ao centen\u00e1rio de seu nascimento.<\/p>\n<p>Os dias anteriores foram de intensos trabalhos e articula\u00e7\u00f5es. Tudo feito para dar conta do primeiro maior encontro presencial do MST\/RS, desde mar\u00e7o de 2021, quando a pandemia alcan\u00e7ou o mundo, levando centenas de vidas, deixando para tr\u00e1s rastros de luto e de dor. Obviamente que em sua maioria levadas pela falta de pol\u00edticas p\u00fablicas e provid\u00eancias por parte do governo federal. Todo o encontro se deu de acordo com as orienta\u00e7\u00f5es e protocolos de combate a prolifera\u00e7\u00e3o do v\u00edrus.<\/p>\n<p>Pela manh\u00e3 ocorreu a reuni\u00e3o entre o Instituto Educar, Deputados Federais e Dire\u00e7\u00e3o da Universidade Federal Fronteira Sul (UFFS), Campus Erechim. Juntos, firmaram compromisso com a continuidade do Curso Superior de Agronomia. Juntos ir\u00e3o buscar solu\u00e7\u00f5es, derrubar os muros e enfrentar as tens\u00f5es pr\u00f3prias de um momento hist\u00f3rico que retira direitos j\u00e1 conquistados pelo povo. O verbo <em>recuar <\/em>n\u00e3o combina quando se luta e se alcan\u00e7a Projetos Educativos, como direito e n\u00e3o esmola.<\/p>\n<p>Ao meio dia j\u00e1 havia mais de 100 pessoas no local A ningu\u00e9m faltou acolhida e comida de verdade. As longas mesas foram rodeadas pelas pessoas que iam chegando. Os alimentos partilhados pareciam se multiplicar como a multiplica\u00e7\u00e3o dos p\u00e3es e peixes na par\u00e1bola do Evangelho. <em>Entre os Sem Terra \u00e9 assim, comida n\u00e3o falta,<\/em> ouvi de uma pessoa que servia fartamente o seu prato, e que em seguida dava lugar para mais um ao seu lado.<\/p>\n<p>Ap\u00f3s o almo\u00e7o, o povo se espalhou pelas sombras das \u00e1rvores no p\u00e1tio do Instituto. \u00c1rvores coloridas e algumas carregadas de frutas. Ali buscaram alento do cansa\u00e7o da viagem. O belo jardim colorido nos dizia do trabalho, do capricho e do amor que estudantes e educadores cultivam por aquele espa\u00e7o educativo. As pessoas manifestavam admira\u00e7\u00e3o ao ver uma Escola dentro de um assentamento do MST. Ouvindo isso, comentei com elas: <em>aqui est\u00e1 a semente da educa\u00e7\u00e3o <strong>do<\/strong> campo <strong>no<\/strong> campo, semeada em 1979 em um acampamento, representada por esta escola, constru\u00edda pr\u00f3xima da vida, vinculada \u00e0s lutas, conforme anunciada desde o in\u00edcio da luta pela terra e pela educa\u00e7\u00e3o. \u00a0<\/em><\/p>\n<p>Nessa \u00e1rea de 9.300 hectares, h\u00e1 bom exemplo dos resultados positivos da reforma agr\u00e1ria, onde vivem quatrocentas e vinte fam\u00edlias, produzindo trigo, soja, milho, leite, frutas e hortali\u00e7as.\u00a0 Ainda criam in\u00fameras cabe\u00e7as de gado e su\u00ednos. Essa produ\u00e7\u00e3o movimenta o com\u00e9rcio local e leva alimento sadio para a mesa dos trabalhadores da regi\u00e3o. O assentamento tamb\u00e9m tem seis escolas. Isto \u00e9, todos os filhos dos assentados t\u00eam oportunidade de estudar em escolas pr\u00f3ximas da sua realidade desde a pr\u00e9 escola at\u00e9 o ensino superior.<\/p>\n<p>N\u00e3o h\u00e1 d\u00favidas de que aquelas 2.500 fam\u00edlias que cortaram a cercas no dia 29 de outubro de 1985, est\u00e3o colhendo os frutos do que semearam com suor e l\u00e1grimas, conforme o testemunho da mem\u00f3ria exemplar de Isa\u00edas Vedovato, que v\u00ea o sonho se concretizar:<\/p>\n<blockquote>\n<p><em>Naquela noite de 29 de outubro, a lua cheia nos iluminou. Vi os caminh\u00f5es percorrendo essa estrada, na \u00e9poca, empoeirada. Quando eu cortei os fios de arrame para entrar na Fazenda Annoni, eu sentei no ch\u00e3o e chorei. Parecia ter perdido as for\u00e7as. Chorei muito. S\u00f3 via gente saltando de cima dos caminh\u00f5es e armando os barracos. S\u00f3 na madrugada do outro dia, as r\u00e1dios da regi\u00e3o come\u00e7aram anunciar a ocupa\u00e7\u00e3o. N\u00f3s, ouv\u00edamos as not\u00edcias.<\/em><\/p>\n<\/blockquote>\n<p>Seguindo as atividades, \u00e0 tarde come\u00e7aram as cantorias no p\u00e1tio. A m\u00edstica, o poema de Carlos Rodrigues Brand\u00e3o e uma fala sobre o Legado de Paulo Freire para o MST emocionou as educadoras Salete Campigotto e Lucia Vedovato. As l\u00e1grimas foram inevit\u00e1veis quando descobrimos o busto de Paulo Freire, coberto por um pano vermelho. Estava ali seu rosto, t\u00e3o presente como em 1979 quando foi estudado um cap\u00edtulo, em espanhol, de sua obra Extens\u00e3o ou Comunica\u00e7\u00e3o, por um grupo de militantes no acampamento da Encruzilhada Natalino. H\u00e1 evid\u00eancias de que alguns entre esses militantes, falam de que havia outra obra: <em>Pedagogia do Oprimido.<\/em> Seu busto, imponente foi colocado ali, na entrada da escola para receber as pessoas que est\u00e3o aprendendo e ensinando, ao mesmo tempo que lutam. N\u00f3s que fomos batizados por ele como seus herdeiros e continuadores, quando veio encontrar pessoalmente o MST em Hulha Negra, no dia 25 de maio de 1991, n\u00e3o temos o direito de dar nenhum passo atr\u00e1s.<\/p>\n<p>Esse dia \u00e9 hist\u00f3rico porque Salete e Lucia, primeiras educadoras de Escolas de acampamento\/assentamento estavam ali, testemunhando <em>que ningu\u00e9m educa ningu\u00e9m, mas ningu\u00e9m se educa sozinho. N\u00f3s nos educamos mutuamente, em comunh\u00e3o<\/em>. Foram elas que abriram as portas do acampamento para aprender e ressignificar as palavras geradoras: terra, comida, assentamento, acampamento, morte, ocupa\u00e7\u00e3o e coragem. Debaixo de uma lona preta nasce a Escola da Luta pela Terra, ocupada por daqueles sujeitos que escrevem a sua pedagogia, h\u00e1 36 anos. \u00c9 neste momento que se d\u00e1 o encontro da Pedagogia do Oprimido com a Pedagogia do Movimento, sistematizada mais tarde por Roseli Salete Caldart, em tese.<\/p>\n<p>A fala do Legado de Paulo Freire para o MST, cultivado no decorrer de 36 anos pelo MST nos 24 estados da Federa\u00e7\u00e3o, molhou os olhos de muita gente. Fez relembrar os tempos de lutas permanentes, de longas reuni\u00f5es para construir estrat\u00e9gias, sem recuos. Como dizia Roseli Nunes da Silva: \u201c\u00e9 melhor morrer lutando do que morrer de fome\u201d. Roseli, primeira mulher a dar \u00e0 luz a um filho (Carlos Tiaraju) no acampamento da Annoni, assassinada em abril de 1987, num manifesto no Trevo de Sarandi. Seus restos mortais repousam no cemit\u00e9rio deste mesmo assentamento. Sua lembran\u00e7a alcan\u00e7ou os 24 estados e o mundo. Seu esp\u00edrito e sua coragem demonstrada na m\u00e3o erguida, continuam a nos mover para as mudan\u00e7as necess\u00e1rias. Roseli vive. Roseli Presente!<\/p>\n<p>O pr\u00f3ximo passo foi seguir em marcha para a barraca de lona branca mais abaixo da sede da escola, que nos abrigou do sol escaldante, e ao final da tarde, nos protegeu de uma chuva torrencial, que veio para regar o viveiro de 25 mil mudas de \u00e1rvores. Uma iniciativa concreta do Movimento Nacional que planeja plantar 100 milh\u00f5es de \u00e1rvores em 10 anos.<\/p>\n<p>M\u00fasicas, m\u00edsticas e falas testemunhais de v\u00e1rias pessoas, nos levam a crer que o Movimento fez hist\u00f3ria nesta regi\u00e3o porque transformou a fazenda improdutiva em produtiva, e onde havia gado e capim, t\u00eam estradas, pessoas, produ\u00e7\u00e3o, escolas, postos de sa\u00fade, bancos, gente circulando com projetos de vida. E os filhos alcan\u00e7ando cursos de agronomia, Pedagogia, veterin\u00e1ria, medicina, direito, entre outros. Por duas horas, ouvimos mem\u00f3rias da ocupa\u00e7\u00e3o feita na noite enluarada de 29 de outubro de 1985. Testemunhos do quanto o Zec\u00e3o merece ter seu nome na sementeira de milh\u00f5es de mudas de \u00e1rvores de ra\u00edzes profundas.<\/p>\n<p>Antonio Marangom falou em nome da fam\u00edlia Siqueira, pois, sua esposa e seu irm\u00e3 Itamar Guilherme n\u00e3o estavam ali por quest\u00f5es de sa\u00fade. Se estivessem as emo\u00e7\u00f5es lhes tomariam conta. Para Itamar, ser humano acima da m\u00e9dia, sempre dispon\u00edvel, amado por todos os Sem Terra, talvez lhes seria dif\u00edcil conter a emo\u00e7\u00e3o ouvindo os testemunhos do que representa seu irm\u00e3o Zec\u00e3o para o Movimento, de modo especial pelas suas qualidades humanas. N\u00e3o foi f\u00e1cil rememorar a hist\u00f3ria de vida de um ser humano t\u00e3o especial, s\u00e1bio, que sabia ouvir pacientemente e com poucas palavras orientava os caminhos da luta, feitos tantas vezes nas madrugadas frias de invernos intensos. <em>Zec\u00e3o faz muita falta hoje, <\/em>ouvi v\u00e1rias vezes.<\/p>\n<p>Enquanto a chuva caia em demasia sobre o barrac\u00e3o, n\u00f3s nos serv\u00edamos de um lanche farto de p\u00e3o, queijo, salame, pepinos e sucos, produ\u00e7\u00e3o pr\u00f3pria do assentamento e do Instituto Educar. Uma amostra de que alimentos n\u00e3o faltam na mesa do Sem Terra. E que muitos destes alimentos s\u00e3o doados nas fartas <em>cestas b\u00e1sicas<\/em> que chegam \u00e0s mesas das fam\u00edlias nas periferias urbanos, se somando \u00e0s 5 mil toneladas de alimentos doados no per\u00edodo mais cruel da pandemia, que espalhou um v\u00edrus letal e por consequ\u00eancia a fome de tantos que n\u00e3o podem esperar.<\/p>\n<p>Assim passamos uma tarde de primavera, celebrando o legado de Paulo Freire, o legado de Zec\u00e3o e a vida das fam\u00edlias assentadas que lutam h\u00e1 36 anos e hoje tem alimentos para partilhar com milh\u00f5es de fam\u00edlias que perderam seus empregos, adoeceram vendo partir seus entes queridos. Delas aprendemos a Pedagogia da Solidariedade na constru\u00e7\u00e3o de um projeto de humanidade, de na\u00e7\u00e3o livre sem opressores e oprimidos.<\/p>\n<p>Grande abra\u00e7o a todos\/as.<\/p>\n<p>Primavera de 2021.<\/p>\n<p>&nbsp;<\/p>\n<hr \/>\n<p>*Do Setor de Educa\u00e7\u00e3o do MST. Doutora em Educa\u00e7\u00e3o pela UFRGS.<\/p>\n<\/div>\n<\/div>\n<\/div>\n<\/div>\n<\/div>\n","protected":false},"excerpt":{"rendered":"<p>Isabela Camini relembra a hist\u00f3ria e a evoca a atualidade da luta do MST a partir da ocupa\u00e7\u00e3o da Fazenda Annoni e do que se construiu naquele territ\u00f3rio antes improdutivo.<\/p>\n","protected":false},"author":9,"template":"","class_list":["post-3908","artigos","type-artigos","status-publish","hentry"],"acf":[],"yoast_head":"<!-- This site is optimized with the Yoast SEO plugin v27.2 - https:\/\/yoast.com\/product\/yoast-seo-wordpress\/ -->\n<title>Isabela Camini | Vinte nove de outubro - uma data hist\u00f3rica - Instituto Cultural Padre Josimo<\/title>\n<meta name=\"robots\" content=\"index, follow, max-snippet:-1, max-image-preview:large, max-video-preview:-1\" \/>\n<link rel=\"canonical\" href=\"https:\/\/padrejosimo.com.br\/site\/artigos\/isabela-camini-vinte-nove-de-outubro-uma-data-historica\/\" \/>\n<meta property=\"og:locale\" content=\"pt_BR\" \/>\n<meta property=\"og:type\" content=\"article\" \/>\n<meta property=\"og:title\" content=\"Isabela Camini | Vinte nove de outubro - uma data hist\u00f3rica - Instituto Cultural Padre Josimo\" \/>\n<meta property=\"og:description\" content=\"Isabela Camini relembra a hist\u00f3ria e a evoca a atualidade da luta do MST a partir da ocupa\u00e7\u00e3o da Fazenda Annoni e do que se construiu naquele territ\u00f3rio antes improdutivo.\" \/>\n<meta property=\"og:url\" content=\"https:\/\/padrejosimo.com.br\/site\/artigos\/isabela-camini-vinte-nove-de-outubro-uma-data-historica\/\" \/>\n<meta property=\"og:site_name\" content=\"Instituto Cultural Padre Josimo\" \/>\n<meta property=\"og:image\" content=\"https:\/\/padrejosimo.com.br\/site\/wp-content\/uploads\/2021\/11\/4-Convidados-foram-chamados-a-refletir-acerca-do-papel-atual-da-Reforma-Agraria-Popular-Corbari-BdF-.jpeg\" \/>\n<meta name=\"twitter:card\" content=\"summary_large_image\" \/>\n<meta name=\"twitter:label1\" content=\"Est. tempo de leitura\" \/>\n\t<meta name=\"twitter:data1\" content=\"7 minutos\" \/>\n<script type=\"application\/ld+json\" class=\"yoast-schema-graph\">{\"@context\":\"https:\/\/schema.org\",\"@graph\":[{\"@type\":\"WebPage\",\"@id\":\"https:\/\/padrejosimo.com.br\/site\/artigos\/isabela-camini-vinte-nove-de-outubro-uma-data-historica\/\",\"url\":\"https:\/\/padrejosimo.com.br\/site\/artigos\/isabela-camini-vinte-nove-de-outubro-uma-data-historica\/\",\"name\":\"Isabela Camini | Vinte nove de outubro - uma data hist\u00f3rica - Instituto Cultural Padre Josimo\",\"isPartOf\":{\"@id\":\"https:\/\/padrejosimo.com.br\/site\/#website\"},\"primaryImageOfPage\":{\"@id\":\"https:\/\/padrejosimo.com.br\/site\/artigos\/isabela-camini-vinte-nove-de-outubro-uma-data-historica\/#primaryimage\"},\"image\":{\"@id\":\"https:\/\/padrejosimo.com.br\/site\/artigos\/isabela-camini-vinte-nove-de-outubro-uma-data-historica\/#primaryimage\"},\"thumbnailUrl\":\"https:\/\/padrejosimo.com.br\/site\/wp-content\/uploads\/2021\/11\/4-Convidados-foram-chamados-a-refletir-acerca-do-papel-atual-da-Reforma-Agraria-Popular-Corbari-BdF-.jpeg\",\"datePublished\":\"2021-11-03T10:18:08+00:00\",\"breadcrumb\":{\"@id\":\"https:\/\/padrejosimo.com.br\/site\/artigos\/isabela-camini-vinte-nove-de-outubro-uma-data-historica\/#breadcrumb\"},\"inLanguage\":\"pt-BR\",\"potentialAction\":[{\"@type\":\"ReadAction\",\"target\":[\"https:\/\/padrejosimo.com.br\/site\/artigos\/isabela-camini-vinte-nove-de-outubro-uma-data-historica\/\"]}]},{\"@type\":\"ImageObject\",\"inLanguage\":\"pt-BR\",\"@id\":\"https:\/\/padrejosimo.com.br\/site\/artigos\/isabela-camini-vinte-nove-de-outubro-uma-data-historica\/#primaryimage\",\"url\":\"https:\/\/padrejosimo.com.br\/site\/wp-content\/uploads\/2021\/11\/4-Convidados-foram-chamados-a-refletir-acerca-do-papel-atual-da-Reforma-Agraria-Popular-Corbari-BdF-.jpeg\",\"contentUrl\":\"https:\/\/padrejosimo.com.br\/site\/wp-content\/uploads\/2021\/11\/4-Convidados-foram-chamados-a-refletir-acerca-do-papel-atual-da-Reforma-Agraria-Popular-Corbari-BdF-.jpeg\",\"width\":800,\"height\":533},{\"@type\":\"BreadcrumbList\",\"@id\":\"https:\/\/padrejosimo.com.br\/site\/artigos\/isabela-camini-vinte-nove-de-outubro-uma-data-historica\/#breadcrumb\",\"itemListElement\":[{\"@type\":\"ListItem\",\"position\":1,\"name\":\"In\u00edcio\",\"item\":\"https:\/\/padrejosimo.com.br\/site\/\"},{\"@type\":\"ListItem\",\"position\":2,\"name\":\"Artigos\",\"item\":\"https:\/\/padrejosimo.com.br\/site\/artigos\/\"},{\"@type\":\"ListItem\",\"position\":3,\"name\":\"Isabela Camini | Vinte nove de outubro &#8211; uma data hist\u00f3rica\"}]},{\"@type\":\"WebSite\",\"@id\":\"https:\/\/padrejosimo.com.br\/site\/#website\",\"url\":\"https:\/\/padrejosimo.com.br\/site\/\",\"name\":\"Instituto Cultural Padre Josimo\",\"description\":\"Comprometida com a promo\u00e7\u00e3o da justi\u00e7a social, agroecologia e educa\u00e7\u00e3o popular\",\"publisher\":{\"@id\":\"https:\/\/padrejosimo.com.br\/site\/#organization\"},\"alternateName\":\"ICPJ\",\"potentialAction\":[{\"@type\":\"SearchAction\",\"target\":{\"@type\":\"EntryPoint\",\"urlTemplate\":\"https:\/\/padrejosimo.com.br\/site\/?s={search_term_string}\"},\"query-input\":{\"@type\":\"PropertyValueSpecification\",\"valueRequired\":true,\"valueName\":\"search_term_string\"}}],\"inLanguage\":\"pt-BR\"},{\"@type\":\"Organization\",\"@id\":\"https:\/\/padrejosimo.com.br\/site\/#organization\",\"name\":\"Instituto Cultural Padre Josimo\",\"alternateName\":\"ICPJ\",\"url\":\"https:\/\/padrejosimo.com.br\/site\/\",\"logo\":{\"@type\":\"ImageObject\",\"inLanguage\":\"pt-BR\",\"@id\":\"https:\/\/padrejosimo.com.br\/site\/#\/schema\/logo\/image\/\",\"url\":\"https:\/\/padrejosimo.com.br\/site\/wp-content\/uploads\/2025\/09\/cropped-icon-icpj.png\",\"contentUrl\":\"https:\/\/padrejosimo.com.br\/site\/wp-content\/uploads\/2025\/09\/cropped-icon-icpj.png\",\"width\":512,\"height\":512,\"caption\":\"Instituto Cultural Padre Josimo\"},\"image\":{\"@id\":\"https:\/\/padrejosimo.com.br\/site\/#\/schema\/logo\/image\/\"}}]}<\/script>\n<!-- \/ Yoast SEO plugin. -->","yoast_head_json":{"title":"Isabela Camini | Vinte nove de outubro - uma data hist\u00f3rica - Instituto Cultural Padre Josimo","robots":{"index":"index","follow":"follow","max-snippet":"max-snippet:-1","max-image-preview":"max-image-preview:large","max-video-preview":"max-video-preview:-1"},"canonical":"https:\/\/padrejosimo.com.br\/site\/artigos\/isabela-camini-vinte-nove-de-outubro-uma-data-historica\/","og_locale":"pt_BR","og_type":"article","og_title":"Isabela Camini | Vinte nove de outubro - uma data hist\u00f3rica - Instituto Cultural Padre Josimo","og_description":"Isabela Camini relembra a hist\u00f3ria e a evoca a atualidade da luta do MST a partir da ocupa\u00e7\u00e3o da Fazenda Annoni e do que se construiu naquele territ\u00f3rio antes improdutivo.","og_url":"https:\/\/padrejosimo.com.br\/site\/artigos\/isabela-camini-vinte-nove-de-outubro-uma-data-historica\/","og_site_name":"Instituto Cultural Padre Josimo","og_image":[{"url":"https:\/\/padrejosimo.com.br\/site\/wp-content\/uploads\/2021\/11\/4-Convidados-foram-chamados-a-refletir-acerca-do-papel-atual-da-Reforma-Agraria-Popular-Corbari-BdF-.jpeg","type":"","width":"","height":""}],"twitter_card":"summary_large_image","twitter_misc":{"Est. tempo de leitura":"7 minutos"},"schema":{"@context":"https:\/\/schema.org","@graph":[{"@type":"WebPage","@id":"https:\/\/padrejosimo.com.br\/site\/artigos\/isabela-camini-vinte-nove-de-outubro-uma-data-historica\/","url":"https:\/\/padrejosimo.com.br\/site\/artigos\/isabela-camini-vinte-nove-de-outubro-uma-data-historica\/","name":"Isabela Camini | Vinte nove de outubro - uma data hist\u00f3rica - Instituto Cultural Padre Josimo","isPartOf":{"@id":"https:\/\/padrejosimo.com.br\/site\/#website"},"primaryImageOfPage":{"@id":"https:\/\/padrejosimo.com.br\/site\/artigos\/isabela-camini-vinte-nove-de-outubro-uma-data-historica\/#primaryimage"},"image":{"@id":"https:\/\/padrejosimo.com.br\/site\/artigos\/isabela-camini-vinte-nove-de-outubro-uma-data-historica\/#primaryimage"},"thumbnailUrl":"https:\/\/padrejosimo.com.br\/site\/wp-content\/uploads\/2021\/11\/4-Convidados-foram-chamados-a-refletir-acerca-do-papel-atual-da-Reforma-Agraria-Popular-Corbari-BdF-.jpeg","datePublished":"2021-11-03T10:18:08+00:00","breadcrumb":{"@id":"https:\/\/padrejosimo.com.br\/site\/artigos\/isabela-camini-vinte-nove-de-outubro-uma-data-historica\/#breadcrumb"},"inLanguage":"pt-BR","potentialAction":[{"@type":"ReadAction","target":["https:\/\/padrejosimo.com.br\/site\/artigos\/isabela-camini-vinte-nove-de-outubro-uma-data-historica\/"]}]},{"@type":"ImageObject","inLanguage":"pt-BR","@id":"https:\/\/padrejosimo.com.br\/site\/artigos\/isabela-camini-vinte-nove-de-outubro-uma-data-historica\/#primaryimage","url":"https:\/\/padrejosimo.com.br\/site\/wp-content\/uploads\/2021\/11\/4-Convidados-foram-chamados-a-refletir-acerca-do-papel-atual-da-Reforma-Agraria-Popular-Corbari-BdF-.jpeg","contentUrl":"https:\/\/padrejosimo.com.br\/site\/wp-content\/uploads\/2021\/11\/4-Convidados-foram-chamados-a-refletir-acerca-do-papel-atual-da-Reforma-Agraria-Popular-Corbari-BdF-.jpeg","width":800,"height":533},{"@type":"BreadcrumbList","@id":"https:\/\/padrejosimo.com.br\/site\/artigos\/isabela-camini-vinte-nove-de-outubro-uma-data-historica\/#breadcrumb","itemListElement":[{"@type":"ListItem","position":1,"name":"In\u00edcio","item":"https:\/\/padrejosimo.com.br\/site\/"},{"@type":"ListItem","position":2,"name":"Artigos","item":"https:\/\/padrejosimo.com.br\/site\/artigos\/"},{"@type":"ListItem","position":3,"name":"Isabela Camini | Vinte nove de outubro &#8211; uma data hist\u00f3rica"}]},{"@type":"WebSite","@id":"https:\/\/padrejosimo.com.br\/site\/#website","url":"https:\/\/padrejosimo.com.br\/site\/","name":"Instituto Cultural Padre Josimo","description":"Comprometida com a promo\u00e7\u00e3o da justi\u00e7a social, agroecologia e educa\u00e7\u00e3o popular","publisher":{"@id":"https:\/\/padrejosimo.com.br\/site\/#organization"},"alternateName":"ICPJ","potentialAction":[{"@type":"SearchAction","target":{"@type":"EntryPoint","urlTemplate":"https:\/\/padrejosimo.com.br\/site\/?s={search_term_string}"},"query-input":{"@type":"PropertyValueSpecification","valueRequired":true,"valueName":"search_term_string"}}],"inLanguage":"pt-BR"},{"@type":"Organization","@id":"https:\/\/padrejosimo.com.br\/site\/#organization","name":"Instituto Cultural Padre Josimo","alternateName":"ICPJ","url":"https:\/\/padrejosimo.com.br\/site\/","logo":{"@type":"ImageObject","inLanguage":"pt-BR","@id":"https:\/\/padrejosimo.com.br\/site\/#\/schema\/logo\/image\/","url":"https:\/\/padrejosimo.com.br\/site\/wp-content\/uploads\/2025\/09\/cropped-icon-icpj.png","contentUrl":"https:\/\/padrejosimo.com.br\/site\/wp-content\/uploads\/2025\/09\/cropped-icon-icpj.png","width":512,"height":512,"caption":"Instituto Cultural Padre Josimo"},"image":{"@id":"https:\/\/padrejosimo.com.br\/site\/#\/schema\/logo\/image\/"}}]}},"_links":{"self":[{"href":"https:\/\/padrejosimo.com.br\/site\/wp-json\/wp\/v2\/artigos\/3908","targetHints":{"allow":["GET"]}}],"collection":[{"href":"https:\/\/padrejosimo.com.br\/site\/wp-json\/wp\/v2\/artigos"}],"about":[{"href":"https:\/\/padrejosimo.com.br\/site\/wp-json\/wp\/v2\/types\/artigos"}],"author":[{"embeddable":true,"href":"https:\/\/padrejosimo.com.br\/site\/wp-json\/wp\/v2\/users\/9"}],"wp:attachment":[{"href":"https:\/\/padrejosimo.com.br\/site\/wp-json\/wp\/v2\/media?parent=3908"}],"curies":[{"name":"wp","href":"https:\/\/api.w.org\/{rel}","templated":true}]}}