{"id":3865,"date":"2021-10-04T21:32:15","date_gmt":"2021-10-05T00:32:15","guid":{"rendered":"https:\/\/padrejosimo.com.br\/site\/?post_type=artigos&#038;p=3865"},"modified":"2021-10-04T21:32:15","modified_gmt":"2021-10-05T00:32:15","slug":"leonardo-boff-o-serafico-pai-sao-francisco-o-ultimo-cristao","status":"publish","type":"artigos","link":"https:\/\/padrejosimo.com.br\/site\/artigos\/leonardo-boff-o-serafico-pai-sao-francisco-o-ultimo-cristao\/","title":{"rendered":"Leonardo Boff | \u00a0O Ser\u00e1fico Pai S\u00e3o Francisco: o \u00faltimo\u00a0crist\u00e3o"},"content":{"rendered":"<div class=\"entry-content\">\n<p data-adtags-visited=\"true\"><img fetchpriority=\"high\" decoding=\"async\" class=\"wp-image-3866 aligncenter\" src=\"https:\/\/padrejosimo.com.br\/site\/wp-content\/uploads\/2021\/10\/sao-francisco-de-assis_710430052-1024x683.jpg\" alt=\"\" width=\"500\" height=\"333\" srcset=\"https:\/\/padrejosimo.com.br\/site\/wp-content\/uploads\/2021\/10\/sao-francisco-de-assis_710430052-1024x683.jpg 1024w, https:\/\/padrejosimo.com.br\/site\/wp-content\/uploads\/2021\/10\/sao-francisco-de-assis_710430052-300x200.jpg 300w, https:\/\/padrejosimo.com.br\/site\/wp-content\/uploads\/2021\/10\/sao-francisco-de-assis_710430052-768x512.jpg 768w, https:\/\/padrejosimo.com.br\/site\/wp-content\/uploads\/2021\/10\/sao-francisco-de-assis_710430052-1536x1024.jpg 1536w, https:\/\/padrejosimo.com.br\/site\/wp-content\/uploads\/2021\/10\/sao-francisco-de-assis_710430052-2048x1366.jpg 2048w\" sizes=\"(max-width: 500px) 100vw, 500px\" \/><\/p>\n<blockquote>\n<p data-adtags-visited=\"true\"><strong><em>Leonardo Boff<\/em><\/strong><\/p>\n<\/blockquote>\n<p data-adtags-visited=\"true\">\u00a0<\/p>\n<p data-adtags-visited=\"true\">Hoje, 4 de outubro, \u00e9 o dia do Ser\u00e1fico Pai S\u00e3o Francisco como os frades costumam afetivamente cham\u00e1-lo. Foi algu\u00e9m que levou t\u00e3o longe o projeto de Jesus que acabou se identificando com ele. Em raz\u00e3o disso \u00e9 chamado o <em>Primeir<\/em>o\u00a0 depois do \u00danico, Jesus Cristo ou tamb\u00e9m o <em>\u00daltimo<\/em> crist\u00e3o. A Tradi\u00e7\u00e3o de Jesus gerou incont\u00e1veis seguidores, entre homens e mulheres. Mas ningu\u00e9m foi t\u00e3o radical como ele: o \u00faltimo crist\u00e3o de verdade.<\/p>\n<p data-adtags-visited=\"true\">, Segundo o historiador Arnold Toynbee, e o fil\u00f3sofo Max Scheler, professor de Martin Heidegger, Francisco foi o maior homem que o Ocidente produziu. Ele desborda a Ordem Franciscana e j\u00e1 n\u00e3o pertence mais \u00e0 Igreja Cat\u00f3lica mas \u00e0 humanidade. Tornou-se o irm\u00e3o universal. Inspirou o Papa Francisco a escrever as duas enc\u00edclicas de ecologia integral:\u201d<em>Sobre o cuidado da Casa Comum<\/em>\u201d(2015) e \u201c<em>Todos irm\u00e3os e irmas<\/em>\u201d(2020). Diz, comovedoramente, Francisco \u201c\u00e9 o exemplo pelo cuiado pelo que \u00e9 fr\u00e1gil; qualquer criatura era uma irm\u00e3, unida a ele por la\u00e7os de carinho, pois, se sentida chamado a cuidar de tudo o que existe\u201d(n.10 e 11).<\/p>\n<p data-adtags-visited=\"true\">Francisco \u00e9 chamado tamb\u00e9m de o <em>Poverello<\/em> o pobrezinho de Assis ou tambem de <em>Fratello<\/em>, o irm\u00e3ozinho de toda criatura.<\/p>\n<p data-adtags-visited=\"true\">Entre outras, tr\u00eas caracter\u00edsticas marcam sua pessoa: a pobreza, a fraternidade e a minoridade.<\/p>\n<p data-adtags-visited=\"true\">A <em>pobreza<\/em> para Francisco n\u00e1o \u00e9 um exerc\u00edcio asc\u00e9tico. \u00c9 um modo de vida. Consiste em remover tudo o que possa me distanciar do outro: os bens, os saberes e principalmente os interesses. Como a palavra \u2013 interesse \u2013 sugere \u00e9 aquilo que fica entre (inter) mim e outro. Quis despojar-se disso tudo. Colocar-se de joelhos, \u00e0 altura do outro, para estar olho a olho e rosto a rosto. Sem dist\u00e2ncia, voc\u00ea sente o outro como seu irm\u00e3o ou sua irm\u00e3, sua pele, seu olhar e o pulsar de seus cora\u00e7\u00f5es.<\/p>\n<p data-adtags-visited=\"true\">A <em>fraternidade<\/em> resulta desta pobreza. Ser pobre para ser mais irm\u00e3o e irm\u00e3 e formar uma comunidade humana e tamb\u00e9m c\u00f3smica. Com profunda humildade acolheu o h\u00famus escuro de onde todos nos originamos em suas palavras, \u201ca m\u00e3e e irm\u00e3 Terra\u201d, tamb\u00e9m os seres todos da natureza. A minhoca que forceja por cavar um buraco no ch\u00e3o duro do caminho, ele cuidadosamentr a leva a um lugar \u00famido. V\u00ea um ramo quebrado e corre a enfaix\u00e1-lo para que possa reviver. Escuta as cotivas cantando e pede-lhes licen\u00e7a para unir-se a elas com seus salmos. Buscou a\u00a0 unidade da cria\u00e7\u00e3o entre os seres humanos e todo\u00a0 criado. Em plena cruzada contra os mu\u00e7ulmanos, atravessa o front e vai conversar com o sult\u00e3o do Egito. N\u00e3o foi para convert\u00e8-lo. Foi para se confraternizar com ele e juntos rezarem. Ficam grandes amigos. At\u00e9 o feroz lobo de Gubbio \u00e9 feito irm\u00e3o e faz com que se reconcilie com toda a cidade,<\/p>\n<p data-adtags-visited=\"true\">A <em>minoridade<\/em> nasce da pobreza e da fraternidade universal. Havia, em seu tempo,os <em>\u201cmaiores<\/em>\u201d toda a hierarquia eclesi\u00e1stica tendo o Papa como cabe\u00e7a, os ricos comerciantes das Comunas, como seu pai, \u00a0que estavam se formando e deixando para tr\u00e1s as hierarquias feudais. E havia os \u201c<em>menore<\/em>s\u201d, os servos da gleba,\u00a0 os empregados das fabriquetas de tingir os tecidos, vivendo em condi\u00e7\u00f5es miser\u00e1veis. E havia ainda os hansenianos (os leprosos),rejeitados e isolados, fora da cidade.<\/p>\n<p data-adtags-visited=\"true\">S\u00e3o os sem poder. \u00c9 com esses que Francisco vai viver e conviver. Junta-se aos hansenianos, come da mesma escudela deles, limpa-lhes as chagas e os abra\u00e7a como a irm\u00e3os e a irm\u00e3s. Renega todo o poder. Sabe que no poder consiste a maior tenta\u00e7\u00e3o\u00a0 humana, pois, nos faz parecer \u201cpequenos deuses\u201d que define o destino dos outros. Bem observava Hobbes em seu Leviat\u00e3:\u201do poder para se assegurar busca \u00a0cada vez mais poder e isso cessa apenas com a morte\u201d. Os s\u00e1bios de todas as tradi\u00e7\u00f5es nos advertem: onde impera o poder, ai desaparece o amor e some a ternura; impera \u00a0a concorr\u00eancia,surge a tens\u00e3o, irrompe o conflito e pode ocorrer at\u00e9 o assassinato do outro. Ser \u201cmenor\u201d para Francisco \u00e9 unir-se aos sem-poder, participar de sua marginaliza\u00e7\u00e3o e decididamente recusar-se assumir qualquer poder. N\u00e3o elaborou nenhuma institui\u00e7\u00e3o que os auxiliasse. Fez mais. Foi viver com eles e participar de sua sorte.<\/p>\n<p data-adtags-visited=\"true\">Por fim cabe referir o seu profundo amor a Clara.Poucas vezes na hist\u00f3ria crist\u00e3 se verificou tanta sintonia entre o <em>animus <\/em>\u00a0e a <em>anima. <\/em>N\u00e3o fugiram da experi\u00eancia mais gratificante e profunda do amor humano nem de suas arg\u00facias.\u00a0 No amor real e verdadeiro entre ambos encontravam o Amor Maior que os unia mais profundamente e tamb\u00e9m com todas as criaturas.<\/p>\n<p data-adtags-visited=\"true\">Em louvor do Ser\u00e1fico Pai Francisco,meu irm\u00e3o e seguidor que em sua homenagem escreveu: <em>Francisco de Assis: o homem do para\u00edso, <\/em>ilustrado por Nelson Porto, Vozes, Petr\u00f3polis 1986, <em>Francisco de Assis: ternura e vigor, Vozes, Petr\u00f3polis 1981 v\u00e1rias edi\u00e7\u00f5es<\/em> e <em>A ora\u00e7\u00e3o de S\u00e3o Francisco pela paz, Vozes, Petr\u00f3polis 2014.<\/em><\/p>\n<\/div>\n","protected":false},"excerpt":{"rendered":"<p>Leonardo Boff reflete acerta de S\u00e3o Francisco de Assis. <\/p>\n","protected":false},"author":1,"template":"","class_list":["post-3865","artigos","type-artigos","status-publish","hentry"],"acf":[],"yoast_head":"<!-- This site is optimized with the Yoast SEO plugin v27.2 - https:\/\/yoast.com\/product\/yoast-seo-wordpress\/ -->\n<title>Leonardo Boff | \u00a0O Ser\u00e1fico Pai S\u00e3o Francisco: o \u00faltimo\u00a0crist\u00e3o - Instituto Cultural Padre Josimo<\/title>\n<meta name=\"robots\" content=\"index, follow, max-snippet:-1, max-image-preview:large, max-video-preview:-1\" \/>\n<link rel=\"canonical\" href=\"https:\/\/padrejosimo.com.br\/site\/artigos\/leonardo-boff-o-serafico-pai-sao-francisco-o-ultimo-cristao\/\" \/>\n<meta property=\"og:locale\" content=\"pt_BR\" \/>\n<meta property=\"og:type\" content=\"article\" \/>\n<meta property=\"og:title\" content=\"Leonardo Boff | \u00a0O Ser\u00e1fico Pai S\u00e3o Francisco: o \u00faltimo\u00a0crist\u00e3o - Instituto Cultural Padre Josimo\" \/>\n<meta property=\"og:description\" content=\"Leonardo Boff reflete acerta de S\u00e3o Francisco de Assis.\" \/>\n<meta property=\"og:url\" content=\"https:\/\/padrejosimo.com.br\/site\/artigos\/leonardo-boff-o-serafico-pai-sao-francisco-o-ultimo-cristao\/\" \/>\n<meta property=\"og:site_name\" content=\"Instituto Cultural Padre Josimo\" \/>\n<meta property=\"og:image\" content=\"https:\/\/padrejosimo.com.br\/site\/wp-content\/uploads\/2021\/10\/sao-francisco-de-assis_710430052-1024x683.jpg\" \/>\n<meta name=\"twitter:card\" content=\"summary_large_image\" \/>\n<meta name=\"twitter:label1\" content=\"Est. tempo de leitura\" \/>\n\t<meta name=\"twitter:data1\" content=\"4 minutos\" \/>\n<script type=\"application\/ld+json\" class=\"yoast-schema-graph\">{\"@context\":\"https:\/\/schema.org\",\"@graph\":[{\"@type\":\"WebPage\",\"@id\":\"https:\/\/padrejosimo.com.br\/site\/artigos\/leonardo-boff-o-serafico-pai-sao-francisco-o-ultimo-cristao\/\",\"url\":\"https:\/\/padrejosimo.com.br\/site\/artigos\/leonardo-boff-o-serafico-pai-sao-francisco-o-ultimo-cristao\/\",\"name\":\"Leonardo Boff | \u00a0O Ser\u00e1fico Pai S\u00e3o Francisco: o \u00faltimo\u00a0crist\u00e3o - Instituto Cultural Padre Josimo\",\"isPartOf\":{\"@id\":\"https:\/\/padrejosimo.com.br\/site\/#website\"},\"primaryImageOfPage\":{\"@id\":\"https:\/\/padrejosimo.com.br\/site\/artigos\/leonardo-boff-o-serafico-pai-sao-francisco-o-ultimo-cristao\/#primaryimage\"},\"image\":{\"@id\":\"https:\/\/padrejosimo.com.br\/site\/artigos\/leonardo-boff-o-serafico-pai-sao-francisco-o-ultimo-cristao\/#primaryimage\"},\"thumbnailUrl\":\"https:\/\/padrejosimo.com.br\/site\/wp-content\/uploads\/2021\/10\/sao-francisco-de-assis_710430052-1024x683.jpg\",\"datePublished\":\"2021-10-05T00:32:15+00:00\",\"breadcrumb\":{\"@id\":\"https:\/\/padrejosimo.com.br\/site\/artigos\/leonardo-boff-o-serafico-pai-sao-francisco-o-ultimo-cristao\/#breadcrumb\"},\"inLanguage\":\"pt-BR\",\"potentialAction\":[{\"@type\":\"ReadAction\",\"target\":[\"https:\/\/padrejosimo.com.br\/site\/artigos\/leonardo-boff-o-serafico-pai-sao-francisco-o-ultimo-cristao\/\"]}]},{\"@type\":\"ImageObject\",\"inLanguage\":\"pt-BR\",\"@id\":\"https:\/\/padrejosimo.com.br\/site\/artigos\/leonardo-boff-o-serafico-pai-sao-francisco-o-ultimo-cristao\/#primaryimage\",\"url\":\"https:\/\/padrejosimo.com.br\/site\/wp-content\/uploads\/2021\/10\/sao-francisco-de-assis_710430052.jpg\",\"contentUrl\":\"https:\/\/padrejosimo.com.br\/site\/wp-content\/uploads\/2021\/10\/sao-francisco-de-assis_710430052.jpg\",\"width\":2500,\"height\":1667},{\"@type\":\"BreadcrumbList\",\"@id\":\"https:\/\/padrejosimo.com.br\/site\/artigos\/leonardo-boff-o-serafico-pai-sao-francisco-o-ultimo-cristao\/#breadcrumb\",\"itemListElement\":[{\"@type\":\"ListItem\",\"position\":1,\"name\":\"In\u00edcio\",\"item\":\"https:\/\/padrejosimo.com.br\/site\/\"},{\"@type\":\"ListItem\",\"position\":2,\"name\":\"Artigos\",\"item\":\"https:\/\/padrejosimo.com.br\/site\/artigos\/\"},{\"@type\":\"ListItem\",\"position\":3,\"name\":\"Leonardo Boff | \u00a0O Ser\u00e1fico Pai S\u00e3o Francisco: o \u00faltimo\u00a0crist\u00e3o\"}]},{\"@type\":\"WebSite\",\"@id\":\"https:\/\/padrejosimo.com.br\/site\/#website\",\"url\":\"https:\/\/padrejosimo.com.br\/site\/\",\"name\":\"Instituto Cultural Padre Josimo\",\"description\":\"Comprometida com a promo\u00e7\u00e3o da justi\u00e7a social, agroecologia e educa\u00e7\u00e3o popular\",\"publisher\":{\"@id\":\"https:\/\/padrejosimo.com.br\/site\/#organization\"},\"alternateName\":\"ICPJ\",\"potentialAction\":[{\"@type\":\"SearchAction\",\"target\":{\"@type\":\"EntryPoint\",\"urlTemplate\":\"https:\/\/padrejosimo.com.br\/site\/?s={search_term_string}\"},\"query-input\":{\"@type\":\"PropertyValueSpecification\",\"valueRequired\":true,\"valueName\":\"search_term_string\"}}],\"inLanguage\":\"pt-BR\"},{\"@type\":\"Organization\",\"@id\":\"https:\/\/padrejosimo.com.br\/site\/#organization\",\"name\":\"Instituto Cultural Padre Josimo\",\"alternateName\":\"ICPJ\",\"url\":\"https:\/\/padrejosimo.com.br\/site\/\",\"logo\":{\"@type\":\"ImageObject\",\"inLanguage\":\"pt-BR\",\"@id\":\"https:\/\/padrejosimo.com.br\/site\/#\/schema\/logo\/image\/\",\"url\":\"https:\/\/padrejosimo.com.br\/site\/wp-content\/uploads\/2025\/09\/cropped-icon-icpj.png\",\"contentUrl\":\"https:\/\/padrejosimo.com.br\/site\/wp-content\/uploads\/2025\/09\/cropped-icon-icpj.png\",\"width\":512,\"height\":512,\"caption\":\"Instituto Cultural Padre Josimo\"},\"image\":{\"@id\":\"https:\/\/padrejosimo.com.br\/site\/#\/schema\/logo\/image\/\"}}]}<\/script>\n<!-- \/ Yoast SEO plugin. -->","yoast_head_json":{"title":"Leonardo Boff | \u00a0O Ser\u00e1fico Pai S\u00e3o Francisco: o \u00faltimo\u00a0crist\u00e3o - Instituto Cultural Padre Josimo","robots":{"index":"index","follow":"follow","max-snippet":"max-snippet:-1","max-image-preview":"max-image-preview:large","max-video-preview":"max-video-preview:-1"},"canonical":"https:\/\/padrejosimo.com.br\/site\/artigos\/leonardo-boff-o-serafico-pai-sao-francisco-o-ultimo-cristao\/","og_locale":"pt_BR","og_type":"article","og_title":"Leonardo Boff | \u00a0O Ser\u00e1fico Pai S\u00e3o Francisco: o \u00faltimo\u00a0crist\u00e3o - Instituto Cultural Padre Josimo","og_description":"Leonardo Boff reflete acerta de S\u00e3o Francisco de Assis.","og_url":"https:\/\/padrejosimo.com.br\/site\/artigos\/leonardo-boff-o-serafico-pai-sao-francisco-o-ultimo-cristao\/","og_site_name":"Instituto Cultural Padre Josimo","og_image":[{"url":"https:\/\/padrejosimo.com.br\/site\/wp-content\/uploads\/2021\/10\/sao-francisco-de-assis_710430052-1024x683.jpg","type":"","width":"","height":""}],"twitter_card":"summary_large_image","twitter_misc":{"Est. tempo de leitura":"4 minutos"},"schema":{"@context":"https:\/\/schema.org","@graph":[{"@type":"WebPage","@id":"https:\/\/padrejosimo.com.br\/site\/artigos\/leonardo-boff-o-serafico-pai-sao-francisco-o-ultimo-cristao\/","url":"https:\/\/padrejosimo.com.br\/site\/artigos\/leonardo-boff-o-serafico-pai-sao-francisco-o-ultimo-cristao\/","name":"Leonardo Boff | \u00a0O Ser\u00e1fico Pai S\u00e3o Francisco: o \u00faltimo\u00a0crist\u00e3o - Instituto Cultural Padre Josimo","isPartOf":{"@id":"https:\/\/padrejosimo.com.br\/site\/#website"},"primaryImageOfPage":{"@id":"https:\/\/padrejosimo.com.br\/site\/artigos\/leonardo-boff-o-serafico-pai-sao-francisco-o-ultimo-cristao\/#primaryimage"},"image":{"@id":"https:\/\/padrejosimo.com.br\/site\/artigos\/leonardo-boff-o-serafico-pai-sao-francisco-o-ultimo-cristao\/#primaryimage"},"thumbnailUrl":"https:\/\/padrejosimo.com.br\/site\/wp-content\/uploads\/2021\/10\/sao-francisco-de-assis_710430052-1024x683.jpg","datePublished":"2021-10-05T00:32:15+00:00","breadcrumb":{"@id":"https:\/\/padrejosimo.com.br\/site\/artigos\/leonardo-boff-o-serafico-pai-sao-francisco-o-ultimo-cristao\/#breadcrumb"},"inLanguage":"pt-BR","potentialAction":[{"@type":"ReadAction","target":["https:\/\/padrejosimo.com.br\/site\/artigos\/leonardo-boff-o-serafico-pai-sao-francisco-o-ultimo-cristao\/"]}]},{"@type":"ImageObject","inLanguage":"pt-BR","@id":"https:\/\/padrejosimo.com.br\/site\/artigos\/leonardo-boff-o-serafico-pai-sao-francisco-o-ultimo-cristao\/#primaryimage","url":"https:\/\/padrejosimo.com.br\/site\/wp-content\/uploads\/2021\/10\/sao-francisco-de-assis_710430052.jpg","contentUrl":"https:\/\/padrejosimo.com.br\/site\/wp-content\/uploads\/2021\/10\/sao-francisco-de-assis_710430052.jpg","width":2500,"height":1667},{"@type":"BreadcrumbList","@id":"https:\/\/padrejosimo.com.br\/site\/artigos\/leonardo-boff-o-serafico-pai-sao-francisco-o-ultimo-cristao\/#breadcrumb","itemListElement":[{"@type":"ListItem","position":1,"name":"In\u00edcio","item":"https:\/\/padrejosimo.com.br\/site\/"},{"@type":"ListItem","position":2,"name":"Artigos","item":"https:\/\/padrejosimo.com.br\/site\/artigos\/"},{"@type":"ListItem","position":3,"name":"Leonardo Boff | \u00a0O Ser\u00e1fico Pai S\u00e3o Francisco: o \u00faltimo\u00a0crist\u00e3o"}]},{"@type":"WebSite","@id":"https:\/\/padrejosimo.com.br\/site\/#website","url":"https:\/\/padrejosimo.com.br\/site\/","name":"Instituto Cultural Padre Josimo","description":"Comprometida com a promo\u00e7\u00e3o da justi\u00e7a social, agroecologia e educa\u00e7\u00e3o popular","publisher":{"@id":"https:\/\/padrejosimo.com.br\/site\/#organization"},"alternateName":"ICPJ","potentialAction":[{"@type":"SearchAction","target":{"@type":"EntryPoint","urlTemplate":"https:\/\/padrejosimo.com.br\/site\/?s={search_term_string}"},"query-input":{"@type":"PropertyValueSpecification","valueRequired":true,"valueName":"search_term_string"}}],"inLanguage":"pt-BR"},{"@type":"Organization","@id":"https:\/\/padrejosimo.com.br\/site\/#organization","name":"Instituto Cultural Padre Josimo","alternateName":"ICPJ","url":"https:\/\/padrejosimo.com.br\/site\/","logo":{"@type":"ImageObject","inLanguage":"pt-BR","@id":"https:\/\/padrejosimo.com.br\/site\/#\/schema\/logo\/image\/","url":"https:\/\/padrejosimo.com.br\/site\/wp-content\/uploads\/2025\/09\/cropped-icon-icpj.png","contentUrl":"https:\/\/padrejosimo.com.br\/site\/wp-content\/uploads\/2025\/09\/cropped-icon-icpj.png","width":512,"height":512,"caption":"Instituto Cultural Padre Josimo"},"image":{"@id":"https:\/\/padrejosimo.com.br\/site\/#\/schema\/logo\/image\/"}}]}},"_links":{"self":[{"href":"https:\/\/padrejosimo.com.br\/site\/wp-json\/wp\/v2\/artigos\/3865","targetHints":{"allow":["GET"]}}],"collection":[{"href":"https:\/\/padrejosimo.com.br\/site\/wp-json\/wp\/v2\/artigos"}],"about":[{"href":"https:\/\/padrejosimo.com.br\/site\/wp-json\/wp\/v2\/types\/artigos"}],"author":[{"embeddable":true,"href":"https:\/\/padrejosimo.com.br\/site\/wp-json\/wp\/v2\/users\/1"}],"wp:attachment":[{"href":"https:\/\/padrejosimo.com.br\/site\/wp-json\/wp\/v2\/media?parent=3865"}],"curies":[{"name":"wp","href":"https:\/\/api.w.org\/{rel}","templated":true}]}}