{"id":3840,"date":"2021-09-19T08:06:17","date_gmt":"2021-09-19T11:06:17","guid":{"rendered":"https:\/\/padrejosimo.com.br\/site\/?post_type=artigos&#038;p=3840"},"modified":"2021-09-19T08:06:36","modified_gmt":"2021-09-19T11:06:36","slug":"paulofreirear","status":"publish","type":"artigos","link":"https:\/\/padrejosimo.com.br\/site\/artigos\/paulofreirear\/","title":{"rendered":"19 de setembro de 2021: Paulofreirear"},"content":{"rendered":"<div class=\"content\">\n<div class=\"text-content\">\n<blockquote>\n<p><strong><em>Selvino Heck*<\/em><\/strong><\/p>\n<\/blockquote>\n<\/div>\n<p>&nbsp;<\/p>\n<div class=\"text-content\">\n<p><img fetchpriority=\"high\" decoding=\"async\" class=\" wp-image-3841 aligncenter\" src=\"https:\/\/padrejosimo.com.br\/site\/wp-content\/uploads\/2021\/09\/image_processing20210915-12384-5n63yi.jpeg\" alt=\"\" width=\"502\" height=\"330\" srcset=\"https:\/\/padrejosimo.com.br\/site\/wp-content\/uploads\/2021\/09\/image_processing20210915-12384-5n63yi.jpeg 725w, https:\/\/padrejosimo.com.br\/site\/wp-content\/uploads\/2021\/09\/image_processing20210915-12384-5n63yi-300x197.jpeg 300w\" sizes=\"(max-width: 502px) 100vw, 502px\" \/><\/p>\n<p>Paulo Freire vai fazer 100 anos no domingo, 19 de setembro de 2021. Vamos celebrar o centen\u00e1rio do educador popular e intelectual brasileiro mais influente do mundo, Patrono da Educa\u00e7\u00e3o Brasileira.<\/p>\n<p>No domingo, 19 de setembro, \u00e0 tarde, e na segunda, dia 20, das 9h \u00e0s 19h, sob organiza\u00e7\u00e3o do CEAAL, Conselho Latino-americano e Caribenho de Educa\u00e7\u00e3o Popular e suas entidades filiadas, do qual Paulo Freire foi o primeiro presidente, da CNTE, Confedera\u00e7\u00e3o Nacional dos Trabalhadores em Educa\u00e7\u00e3o, da RED Estrado, da UFPE, Universidade Federal de Pernambuco, IEAL, Internacional da Educa\u00e7\u00e3o para a Am\u00e9rica Latina, do FNPE, F\u00f3rum Nacional Popular de Educa\u00e7\u00e3o, de movimentos sociais e populares, de ONGs da Am\u00e9rica Latina, Caribe, \u00c1frica e do mundo inteiro, haver\u00e1 celebra\u00e7\u00f5es, mem\u00f3ria, reflex\u00f5es e Hist\u00f3ria no seu sentido mais amplo (Lula, Boff e vi\u00fava de Paulo Freire participam de <a href=\"https:\/\/www.brasildefato.com.br\/2021\/09\/15\/lula-boff-e-viuva-de-paulo-freire-participam-de-evento-do-centenario-do-educador-no-dia-19\" target=\"_blank\" rel=\"noopener\">evento do centen\u00e1rio de Paulo Freire<\/a>, 15.09.2021).<\/p>\n<p>Quando Paulo Freire foi preso em 1964, logo depois do golpe militar, o IPM, Inqu\u00e9rito Policial Militar, instaurado dizia, entre outras coisas, que ele era \u2018ignorante e subversivo\u2019. Em 2019, quase 60 anos depois, a direita conservadora brasileira e internacional voltou a dizer que Paulo Freire \u00e9 \u2018ignorante e subversivo\u2019. E quer tirar seu t\u00edtulo de Patrono da Educa\u00e7\u00e3o brasileira. Foi ent\u00e3o lan\u00e7ada a Campanha Latino-americana e Caribenha em Defesa do Legado de Paulo Freire. Defender Paulo Freire \u00e9 defender uma educa\u00e7\u00e3o p\u00fablica, de qualidade, conscientizadora e libertadora, \u00e9 defender a democracia, \u00e9 defender os direitos dos mais pobres entre os pobres.<\/p>\n<p>Nos seus 100 anos, \u00e9 mais que hora de juntar a Pedagogia da-o Oprimida-o, a conscientiza\u00e7\u00e3o e a liberta\u00e7\u00e3o, com a Pedagogia da Indigna\u00e7\u00e3o, a justa raiva, com a Pedagogia da Esperan\u00e7a, esperan\u00e7ar, nestes tempos de governos genocidas, de \u00f3dio e intoler\u00e2ncia, de viol\u00eancia contra as mulheres, o povo negro, os jovens, o povo LGBTQIA+, em especial. E lutar por igualdade, justi\u00e7a, soberania, democracia, como Paulo Freire fez a vida inteira, ao lado dos pobres, das exclu\u00eddas e exclu\u00eddos, das trabalhadoras e dos trabalhadores. Porque a partir deles vai tornar-se realidade sua frase \u2018mudar \u00e9 dif\u00edcil, mas \u00e9 poss\u00edvel\u2019.<\/p>\n<p>\u00c9 hora de superar e reinventar Paulo Freire, como ele sempre dizia e esperava que educadoras e educadores populares fizessem, e n\u00e3o apenas l\u00ea-lo e repeti-lo.<\/p>\n<p>\u00c9 hora de marchar com Paulo Freire, como ele sempre fez no mundo inteiro com as oprimidas e os oprimidos, fazer forma\u00e7\u00e3o na a\u00e7\u00e3o nas bases populares, nas periferias, nos Comit\u00eas Populares contra a Fome. Como ele disse na famosa entrevista ao Pasquim, em 1978: \u201cEu me acho professor numa esquina de rua. (&#8230;) N\u00e3o me interessa passar um ano estudando um livro, mas um ano estudando uma pr\u00e1tica diretamente.\u201d Hora. Pois, de ir para as ruas com o povo, gritar por liberdade, fazer da pr\u00e1xis um processo revolucion\u00e1rio, construir o in\u00e9dito vi\u00e1vel, com den\u00fancia, an\u00fancio, profecia, sonho e utopia.<\/p>\n<p>E a\u00ed vai meu poema, escrito e declamado na abertura das celebra\u00e7\u00f5es no in\u00edcio de setembro: FREIREANAMENTE, EM SETEMBRO DE 2021.<\/p>\n<p>\u201cN\u00e3o est\u00e1s sozinha, sozinho.\/ N\u00e3o estais sozinhas, sozinhos.\/ \u00c9 p\u00f4r o olhar em volta,\/ \u00e9 abrir o ouvido em 2021,\/ como se Paulo Freire estivesse de bra\u00e7o dado,\/ abra\u00e7ado contigo,\/ abra\u00e7ado conosco.<\/p>\n<p>Voc\u00ea est\u00e1 viva, voc\u00ea est\u00e1 vivo.\/ N\u00f3s todas estamos vivas.\/ N\u00f3s todos estamos vivos.\/ Viv\u00edssimas, viv\u00edssimos.\/ Ningu\u00e9m solta a m\u00e3o de ningu\u00e9m.<\/p>\n<p>Paulo Freire andarilha com a gente.\/ Marcha ao nosso lado, ombro a ombro, m\u00e3os dadas,\/ como marchou com os sem terra e os sem teto,\/ chorou o assassinato do patax\u00f3 Galdino,\/ e sempre abra\u00e7ou os mais pobres entre os pobres,\/ as trabalhadoras e os trabalhadores do mundo.<\/p>\n<p>Ele nos acompanha passo a passo,\/ pr\u00e1tica e reflex\u00e3o,\/ educa\u00e7\u00e3o como pr\u00e1tica da liberdade,\/ teoria e a\u00e7\u00e3o,\/ na constru\u00e7\u00e3o do in\u00e9dito vi\u00e1vel,\/ no sonho da Terra Prometida:\/ com a pedagogia libertadora das oprimidas e dos oprimidos,\/ com a pedagogia da indigna\u00e7\u00e3o,\/ com a pedagogia em movimento de cem anos de esperan\u00e7a.<\/p>\n<p>N\u00f3s aprendemos juntas e juntos.\/ Brasileiramente,\/ latino-americanamente,\/ caribenhamente,\/ n\u00f3s constru\u00edmos solidariamente as Cirandas,\/ as Rodas de Conversa,\/ os C\u00edrculos de Cultura,\/ as Tendas Paulo Freire.<\/p>\n<p>S\u00e3o 100 primaveras de amorosidade,\/ di\u00e1logo,\/ consci\u00eancia,\/ f\u00e9,\/ boniteza,\/ esperan\u00e7ar,\/ tijolo a tijolo,\/ ecologicamente,\/ libertariamente.<\/p>\n<p>Paulo Freire vive!<\/p>\n<p>Ele est\u00e1 no meio de n\u00f3s.\u201d<\/p>\n<\/div>\n<\/div>\n<hr \/>\n<p class=\"editor\"><em>*Selvino Heck: Deputado estadual constituinte do Rio Grande do Sul (1987-1990); membro da Coordena\u00e7\u00e3o Nacional do Movimento F\u00e9 e Pol\u00edtica; membro da dire\u00e7\u00e3o do CAMP (Centro de Assessoria Multiprofissional); membro da Mesa Diretiva do CONSEA RS; membro da Coordena\u00e7\u00e3o do CEAAL Brasil (Conselho de Educa\u00e7\u00e3o Popular da Am\u00e9rica Latina e Caribe).<\/em><\/p>\n","protected":false},"excerpt":{"rendered":"<p>Vamos celebrar o centen\u00e1rio do educador popular e intelectual brasileiro mais influente do mundo, Patrono da Educa\u00e7\u00e3o Brasileira.<\/p>\n","protected":false},"author":18,"template":"","class_list":["post-3840","artigos","type-artigos","status-publish","hentry"],"acf":[],"yoast_head":"<!-- This site is optimized with the Yoast SEO plugin v27.2 - https:\/\/yoast.com\/product\/yoast-seo-wordpress\/ -->\n<title>19 de setembro de 2021: Paulofreirear - Instituto Cultural Padre Josimo<\/title>\n<meta name=\"robots\" content=\"index, follow, max-snippet:-1, max-image-preview:large, max-video-preview:-1\" \/>\n<link rel=\"canonical\" href=\"https:\/\/padrejosimo.com.br\/site\/artigos\/paulofreirear\/\" \/>\n<meta property=\"og:locale\" content=\"pt_BR\" \/>\n<meta property=\"og:type\" content=\"article\" \/>\n<meta property=\"og:title\" content=\"19 de setembro de 2021: Paulofreirear - Instituto Cultural Padre Josimo\" \/>\n<meta property=\"og:description\" content=\"Vamos celebrar o centen\u00e1rio do educador popular e intelectual brasileiro mais influente do mundo, Patrono da Educa\u00e7\u00e3o Brasileira.\" \/>\n<meta property=\"og:url\" content=\"https:\/\/padrejosimo.com.br\/site\/artigos\/paulofreirear\/\" \/>\n<meta property=\"og:site_name\" content=\"Instituto Cultural Padre Josimo\" \/>\n<meta property=\"article:modified_time\" content=\"2021-09-19T11:06:36+00:00\" \/>\n<meta property=\"og:image\" content=\"https:\/\/padrejosimo.com.br\/site\/wp-content\/uploads\/2021\/09\/image_processing20210915-12384-5n63yi.jpeg\" \/>\n<meta name=\"twitter:card\" content=\"summary_large_image\" \/>\n<meta name=\"twitter:label1\" content=\"Est. tempo de leitura\" \/>\n\t<meta name=\"twitter:data1\" content=\"4 minutos\" \/>\n<script type=\"application\/ld+json\" class=\"yoast-schema-graph\">{\"@context\":\"https:\/\/schema.org\",\"@graph\":[{\"@type\":\"WebPage\",\"@id\":\"https:\/\/padrejosimo.com.br\/site\/artigos\/paulofreirear\/\",\"url\":\"https:\/\/padrejosimo.com.br\/site\/artigos\/paulofreirear\/\",\"name\":\"19 de setembro de 2021: Paulofreirear - Instituto Cultural Padre Josimo\",\"isPartOf\":{\"@id\":\"https:\/\/padrejosimo.com.br\/site\/#website\"},\"primaryImageOfPage\":{\"@id\":\"https:\/\/padrejosimo.com.br\/site\/artigos\/paulofreirear\/#primaryimage\"},\"image\":{\"@id\":\"https:\/\/padrejosimo.com.br\/site\/artigos\/paulofreirear\/#primaryimage\"},\"thumbnailUrl\":\"https:\/\/padrejosimo.com.br\/site\/wp-content\/uploads\/2021\/09\/image_processing20210915-12384-5n63yi.jpeg\",\"datePublished\":\"2021-09-19T11:06:17+00:00\",\"dateModified\":\"2021-09-19T11:06:36+00:00\",\"breadcrumb\":{\"@id\":\"https:\/\/padrejosimo.com.br\/site\/artigos\/paulofreirear\/#breadcrumb\"},\"inLanguage\":\"pt-BR\",\"potentialAction\":[{\"@type\":\"ReadAction\",\"target\":[\"https:\/\/padrejosimo.com.br\/site\/artigos\/paulofreirear\/\"]}]},{\"@type\":\"ImageObject\",\"inLanguage\":\"pt-BR\",\"@id\":\"https:\/\/padrejosimo.com.br\/site\/artigos\/paulofreirear\/#primaryimage\",\"url\":\"https:\/\/padrejosimo.com.br\/site\/wp-content\/uploads\/2021\/09\/image_processing20210915-12384-5n63yi.jpeg\",\"contentUrl\":\"https:\/\/padrejosimo.com.br\/site\/wp-content\/uploads\/2021\/09\/image_processing20210915-12384-5n63yi.jpeg\",\"width\":725,\"height\":477},{\"@type\":\"BreadcrumbList\",\"@id\":\"https:\/\/padrejosimo.com.br\/site\/artigos\/paulofreirear\/#breadcrumb\",\"itemListElement\":[{\"@type\":\"ListItem\",\"position\":1,\"name\":\"In\u00edcio\",\"item\":\"https:\/\/padrejosimo.com.br\/site\/\"},{\"@type\":\"ListItem\",\"position\":2,\"name\":\"Artigos\",\"item\":\"https:\/\/padrejosimo.com.br\/site\/artigos\/\"},{\"@type\":\"ListItem\",\"position\":3,\"name\":\"19 de setembro de 2021: Paulofreirear\"}]},{\"@type\":\"WebSite\",\"@id\":\"https:\/\/padrejosimo.com.br\/site\/#website\",\"url\":\"https:\/\/padrejosimo.com.br\/site\/\",\"name\":\"Instituto Cultural Padre Josimo\",\"description\":\"Comprometida com a promo\u00e7\u00e3o da justi\u00e7a social, agroecologia e educa\u00e7\u00e3o popular\",\"publisher\":{\"@id\":\"https:\/\/padrejosimo.com.br\/site\/#organization\"},\"alternateName\":\"ICPJ\",\"potentialAction\":[{\"@type\":\"SearchAction\",\"target\":{\"@type\":\"EntryPoint\",\"urlTemplate\":\"https:\/\/padrejosimo.com.br\/site\/?s={search_term_string}\"},\"query-input\":{\"@type\":\"PropertyValueSpecification\",\"valueRequired\":true,\"valueName\":\"search_term_string\"}}],\"inLanguage\":\"pt-BR\"},{\"@type\":\"Organization\",\"@id\":\"https:\/\/padrejosimo.com.br\/site\/#organization\",\"name\":\"Instituto Cultural Padre Josimo\",\"alternateName\":\"ICPJ\",\"url\":\"https:\/\/padrejosimo.com.br\/site\/\",\"logo\":{\"@type\":\"ImageObject\",\"inLanguage\":\"pt-BR\",\"@id\":\"https:\/\/padrejosimo.com.br\/site\/#\/schema\/logo\/image\/\",\"url\":\"https:\/\/padrejosimo.com.br\/site\/wp-content\/uploads\/2025\/09\/cropped-icon-icpj.png\",\"contentUrl\":\"https:\/\/padrejosimo.com.br\/site\/wp-content\/uploads\/2025\/09\/cropped-icon-icpj.png\",\"width\":512,\"height\":512,\"caption\":\"Instituto Cultural Padre Josimo\"},\"image\":{\"@id\":\"https:\/\/padrejosimo.com.br\/site\/#\/schema\/logo\/image\/\"}}]}<\/script>\n<!-- \/ Yoast SEO plugin. -->","yoast_head_json":{"title":"19 de setembro de 2021: Paulofreirear - Instituto Cultural Padre Josimo","robots":{"index":"index","follow":"follow","max-snippet":"max-snippet:-1","max-image-preview":"max-image-preview:large","max-video-preview":"max-video-preview:-1"},"canonical":"https:\/\/padrejosimo.com.br\/site\/artigos\/paulofreirear\/","og_locale":"pt_BR","og_type":"article","og_title":"19 de setembro de 2021: Paulofreirear - Instituto Cultural Padre Josimo","og_description":"Vamos celebrar o centen\u00e1rio do educador popular e intelectual brasileiro mais influente do mundo, Patrono da Educa\u00e7\u00e3o Brasileira.","og_url":"https:\/\/padrejosimo.com.br\/site\/artigos\/paulofreirear\/","og_site_name":"Instituto Cultural Padre Josimo","article_modified_time":"2021-09-19T11:06:36+00:00","og_image":[{"url":"https:\/\/padrejosimo.com.br\/site\/wp-content\/uploads\/2021\/09\/image_processing20210915-12384-5n63yi.jpeg","type":"","width":"","height":""}],"twitter_card":"summary_large_image","twitter_misc":{"Est. tempo de leitura":"4 minutos"},"schema":{"@context":"https:\/\/schema.org","@graph":[{"@type":"WebPage","@id":"https:\/\/padrejosimo.com.br\/site\/artigos\/paulofreirear\/","url":"https:\/\/padrejosimo.com.br\/site\/artigos\/paulofreirear\/","name":"19 de setembro de 2021: Paulofreirear - Instituto Cultural Padre Josimo","isPartOf":{"@id":"https:\/\/padrejosimo.com.br\/site\/#website"},"primaryImageOfPage":{"@id":"https:\/\/padrejosimo.com.br\/site\/artigos\/paulofreirear\/#primaryimage"},"image":{"@id":"https:\/\/padrejosimo.com.br\/site\/artigos\/paulofreirear\/#primaryimage"},"thumbnailUrl":"https:\/\/padrejosimo.com.br\/site\/wp-content\/uploads\/2021\/09\/image_processing20210915-12384-5n63yi.jpeg","datePublished":"2021-09-19T11:06:17+00:00","dateModified":"2021-09-19T11:06:36+00:00","breadcrumb":{"@id":"https:\/\/padrejosimo.com.br\/site\/artigos\/paulofreirear\/#breadcrumb"},"inLanguage":"pt-BR","potentialAction":[{"@type":"ReadAction","target":["https:\/\/padrejosimo.com.br\/site\/artigos\/paulofreirear\/"]}]},{"@type":"ImageObject","inLanguage":"pt-BR","@id":"https:\/\/padrejosimo.com.br\/site\/artigos\/paulofreirear\/#primaryimage","url":"https:\/\/padrejosimo.com.br\/site\/wp-content\/uploads\/2021\/09\/image_processing20210915-12384-5n63yi.jpeg","contentUrl":"https:\/\/padrejosimo.com.br\/site\/wp-content\/uploads\/2021\/09\/image_processing20210915-12384-5n63yi.jpeg","width":725,"height":477},{"@type":"BreadcrumbList","@id":"https:\/\/padrejosimo.com.br\/site\/artigos\/paulofreirear\/#breadcrumb","itemListElement":[{"@type":"ListItem","position":1,"name":"In\u00edcio","item":"https:\/\/padrejosimo.com.br\/site\/"},{"@type":"ListItem","position":2,"name":"Artigos","item":"https:\/\/padrejosimo.com.br\/site\/artigos\/"},{"@type":"ListItem","position":3,"name":"19 de setembro de 2021: Paulofreirear"}]},{"@type":"WebSite","@id":"https:\/\/padrejosimo.com.br\/site\/#website","url":"https:\/\/padrejosimo.com.br\/site\/","name":"Instituto Cultural Padre Josimo","description":"Comprometida com a promo\u00e7\u00e3o da justi\u00e7a social, agroecologia e educa\u00e7\u00e3o popular","publisher":{"@id":"https:\/\/padrejosimo.com.br\/site\/#organization"},"alternateName":"ICPJ","potentialAction":[{"@type":"SearchAction","target":{"@type":"EntryPoint","urlTemplate":"https:\/\/padrejosimo.com.br\/site\/?s={search_term_string}"},"query-input":{"@type":"PropertyValueSpecification","valueRequired":true,"valueName":"search_term_string"}}],"inLanguage":"pt-BR"},{"@type":"Organization","@id":"https:\/\/padrejosimo.com.br\/site\/#organization","name":"Instituto Cultural Padre Josimo","alternateName":"ICPJ","url":"https:\/\/padrejosimo.com.br\/site\/","logo":{"@type":"ImageObject","inLanguage":"pt-BR","@id":"https:\/\/padrejosimo.com.br\/site\/#\/schema\/logo\/image\/","url":"https:\/\/padrejosimo.com.br\/site\/wp-content\/uploads\/2025\/09\/cropped-icon-icpj.png","contentUrl":"https:\/\/padrejosimo.com.br\/site\/wp-content\/uploads\/2025\/09\/cropped-icon-icpj.png","width":512,"height":512,"caption":"Instituto Cultural Padre Josimo"},"image":{"@id":"https:\/\/padrejosimo.com.br\/site\/#\/schema\/logo\/image\/"}}]}},"_links":{"self":[{"href":"https:\/\/padrejosimo.com.br\/site\/wp-json\/wp\/v2\/artigos\/3840","targetHints":{"allow":["GET"]}}],"collection":[{"href":"https:\/\/padrejosimo.com.br\/site\/wp-json\/wp\/v2\/artigos"}],"about":[{"href":"https:\/\/padrejosimo.com.br\/site\/wp-json\/wp\/v2\/types\/artigos"}],"author":[{"embeddable":true,"href":"https:\/\/padrejosimo.com.br\/site\/wp-json\/wp\/v2\/users\/18"}],"wp:attachment":[{"href":"https:\/\/padrejosimo.com.br\/site\/wp-json\/wp\/v2\/media?parent=3840"}],"curies":[{"name":"wp","href":"https:\/\/api.w.org\/{rel}","templated":true}]}}