{"id":3823,"date":"2021-09-08T15:48:42","date_gmt":"2021-09-08T18:48:42","guid":{"rendered":"https:\/\/padrejosimo.com.br\/site\/?post_type=artigos&#038;p=3823"},"modified":"2021-09-08T15:48:42","modified_gmt":"2021-09-08T18:48:42","slug":"artigo-terras-indigenas-e-producao-agropecuaria","status":"publish","type":"artigos","link":"https:\/\/padrejosimo.com.br\/site\/artigos\/artigo-terras-indigenas-e-producao-agropecuaria\/","title":{"rendered":"Artigo | Terras Ind\u00edgenas e Produ\u00e7\u00e3o Agropecu\u00e1ria"},"content":{"rendered":"<div class=\"sidebar-page-container\">\n<div class=\"auto-container\">\n<div class=\"row clearfix\">\n<div class=\"content-side col-lg-12 col-md-12 col-sm-12 col-xs-12\">\n<div class=\"content-inner\">\n<header>\n<div class=\"details-bar\">\n<div class=\"author-time\">\n<div class=\"author\">Frei S\u00e9rgio Ant\u00f4nio G\u00f6rgen*<\/div>\n<\/div>\n<\/div>\n<div>\u00a0<\/div>\n<\/header>\n<div class=\"content\">\n<div class=\"text-content\">\n<p><img fetchpriority=\"high\" decoding=\"async\" class=\"wp-image-3824 aligncenter\" src=\"https:\/\/padrejosimo.com.br\/site\/wp-content\/uploads\/2021\/09\/indigenas_producao_alimentacao-Grande-1024x683.jpg\" alt=\"\" width=\"500\" height=\"333\" srcset=\"https:\/\/padrejosimo.com.br\/site\/wp-content\/uploads\/2021\/09\/indigenas_producao_alimentacao-Grande-1024x683.jpg 1024w, https:\/\/padrejosimo.com.br\/site\/wp-content\/uploads\/2021\/09\/indigenas_producao_alimentacao-Grande-300x200.jpg 300w, https:\/\/padrejosimo.com.br\/site\/wp-content\/uploads\/2021\/09\/indigenas_producao_alimentacao-Grande-768x512.jpg 768w, https:\/\/padrejosimo.com.br\/site\/wp-content\/uploads\/2021\/09\/indigenas_producao_alimentacao-Grande-1536x1024.jpg 1536w, https:\/\/padrejosimo.com.br\/site\/wp-content\/uploads\/2021\/09\/indigenas_producao_alimentacao-Grande.jpg 1620w\" sizes=\"(max-width: 500px) 100vw, 500px\" \/><\/p>\n<p>Um dos discursos recorrentes no debate sobre os direitos origin\u00e1rios dos povos ind\u00edgenas do Brasil \u00e9 que a poss\u00edvel expans\u00e3o dos territ\u00f3rios ind\u00edgenas rejei\u00e7\u00e3o do \u201cmarco temporal\u201d v\u00e1 \u201cprejudicar o agroneg\u00f3cio\u201d.<\/p>\n<p>Uma reflex\u00e3o mais profunda, entrela\u00e7ando o conjunto real de fatores que incidem no uso da terra e na produ\u00e7\u00e3o de alimentos, nos apresenta, pelo menos, tr\u00eas situa\u00e7\u00f5es objetivas que demonstram exatamente o contr\u00e1rio: o ciclo das \u00e1guas, o real impacto territorial e o impacto sobre a base social que produz alimentos para o mercado interno.<\/p>\n<p class=\"ckeditor-subtitle\">1 \u2013 O Ciclo das \u00e1guas<\/p>\n<p>O principal insumo da produ\u00e7\u00e3o agropecu\u00e1ria n\u00e3o \u00e9 terra, nem sementes, nem m\u00e1quinas, nem fertilizantes e tampouco agrot\u00f3xicos: \u00c9 \u00c1GUA. N\u00e3o h\u00e1 fotoss\u00edntese, nem trocas cati\u00f4nicas, nem solubilidade dos fertilizantes, nem atividade microbiol\u00f3gica no solo, nem desenvolvimento vegetativo regular, nem sequer germina\u00e7\u00e3o normal, sem \u00e1gua. E \u00e1gua para produ\u00e7\u00e3o agropecu\u00e1ria significa chuvas regulares. Em tempos de mudan\u00e7as clim\u00e1ticas, a regularidade das chuvas \u2013 o ciclo das \u00e1guas \u2013 dependem de alta reten\u00e7\u00e3o de umidade na superf\u00edcie. E isto depende de cobertura florestal na regula\u00e7\u00e3o bi\u00f3tica do ambiente.\u00a0 Terras ind\u00edgenas, sem sombra de d\u00favidas, mant\u00e9m maior cobertura florestal que o agroneg\u00f3cio e, por consequ\u00eancia, maior reten\u00e7\u00e3o de umidade no solo com impacto regional sobre o ciclo regular das chuvas.<\/p>\n<p>Portanto, a presen\u00e7a de terras ind\u00edgenas nos territ\u00f3rios, beneficia a produ\u00e7\u00e3o agropecu\u00e1ria.<\/p>\n<p>Mesmo a irriga\u00e7\u00e3o depende de rios cheios, bacias de capta\u00e7\u00e3o abastecidas e len\u00e7\u00f3is fre\u00e1ticos constantemente providos em seus pontos de recarga, o que s\u00f3 acontece com \u00e1gua de superf\u00edcie abundante.<\/p>\n<p>Ao inv\u00e9s de prejudicar a produ\u00e7\u00e3o de alimentos, as terras ind\u00edgenas contribuem para ciclos produtivos mais est\u00e1veis e menores perdas por estiagens prolongadas. Mais terras ind\u00edgenas significam mais matas preservadas, mais \u00e1gua dispon\u00edvel, e, portanto, mais produ\u00e7\u00e3o e menores preju\u00edzos para os agricultores e pecuaristas com stress h\u00eddrico.<\/p>\n<p>&nbsp;<\/p>\n<p class=\"ckeditor-subtitle\">2 \u2013 Impacto territorial<\/p>\n<p>As \u00e1reas em conflito por amplia\u00e7\u00e3o de territ\u00f3rios ind\u00edgenas s\u00e3o pontuais e insignificantes, em termos de espa\u00e7o ocupado, em compara\u00e7\u00e3o com a ocupa\u00e7\u00e3o do espa\u00e7o agr\u00edcola nacional. N\u00e3o tem o cond\u00e3o de prejudicar a produ\u00e7\u00e3o do pa\u00eds. Trata-se mais de alguns conflitos regionais bem identificados do que uma quest\u00e3o realmente nacional. Pode ter incid\u00eancia para ALGUNS interesses regionais, mas baixo impacto em termos gerais da produ\u00e7\u00e3o nacional. Recuperar \u00e1reas degradadas pela produ\u00e7\u00e3o agr\u00edcola e pecu\u00e1ria extensiva e irrespons\u00e1vel forneceria infinitamente mais \u00e1rea produtiva do que as \u00e1reas ind\u00edgenas reivindicadas e as suas reais necessidades de expans\u00e3o, justamente reivindicadas.<\/p>\n<p>&nbsp;<\/p>\n<p class=\"ckeditor-subtitle\">3 \u2013 Agricultura familiar \u00e9 que abastece o pa\u00eds<\/p>\n<p>Quem realmente produz alimentos para o abastecimento interno do pa\u00eds n\u00e3o \u00e9 o grande agroneg\u00f3cio. S\u00e3o as unidades de produ\u00e7\u00e3o familiar e as m\u00e9dias propriedades. E os conflitos com estes coletivos sociais podem ser resolvidos com o reassentamento bem estruturados dos agricultores e devolu\u00e7\u00e3o das terras aos ind\u00edgenas.\u00a0 A agricultura familiar contribui com mais de 70% do abastecimento interno do pa\u00eds, com apenas 23% das \u00e1reas utilizadas e menos de 12% do cr\u00e9dito agr\u00edcola dispon\u00edvel no sistema de cr\u00e9dito nacional. A expans\u00e3o das terras ind\u00edgenas reivindicadas \u00e9 brutalmente insignificante em rela\u00e7\u00e3o ao territ\u00f3rio global ocupado pela produ\u00e7\u00e3o de alimentos no pa\u00eds.<\/p>\n<p>E nos \u00faltimos anos em que o agroneg\u00f3cio latifundi\u00e1rio orgulhou-se de recordes de produ\u00e7\u00e3o de gr\u00e3os, a fome aumentou desastrosamente nos lares brasileiros. Ind\u00edgenas com suas terras protegidas produzir\u00e3o seu pr\u00f3prio alimento.<\/p>\n<p>Os alardeados ganhos de produtividade por \u00e1rea, cantados em verso e prosa pelo agroneg\u00f3cio parecem ruir quando afirmam que nesgas de terras reivindicadas pelos povos ind\u00edgenas v\u00e1 prejudic\u00e1-los realmente.<\/p>\n<p>\u00c9 gan\u00e2ncia incontida e nada tem a ver com preju\u00edzos reais ao sistema produtivo nacional.<\/p>\n<p>&nbsp;<\/p>\n<p>*Frei franciscano, militante do MPA, autor de \u201cO Plano Campon\u00eas\u201d.<\/p>\n<\/div>\n<\/div>\n<\/div>\n<\/div>\n<\/div>\n<\/div>\n<\/div>\n","protected":false},"excerpt":{"rendered":"<p>Frei S\u00e9rgio coloca em quest\u00e3o os poss\u00edveis preju\u00edzos que o Agroneg\u00f3cio aponta para justificar o Marco Temporal<\/p>\n","protected":false},"author":3,"template":"","class_list":["post-3823","artigos","type-artigos","status-publish","hentry"],"acf":[],"yoast_head":"<!-- This site is optimized with the Yoast SEO plugin v27.2 - https:\/\/yoast.com\/product\/yoast-seo-wordpress\/ -->\n<title>Artigo | Terras Ind\u00edgenas e Produ\u00e7\u00e3o Agropecu\u00e1ria - Instituto Cultural Padre Josimo<\/title>\n<meta name=\"robots\" content=\"index, follow, max-snippet:-1, max-image-preview:large, max-video-preview:-1\" \/>\n<link rel=\"canonical\" href=\"https:\/\/padrejosimo.com.br\/site\/artigos\/artigo-terras-indigenas-e-producao-agropecuaria\/\" \/>\n<meta property=\"og:locale\" content=\"pt_BR\" \/>\n<meta property=\"og:type\" content=\"article\" \/>\n<meta property=\"og:title\" content=\"Artigo | Terras Ind\u00edgenas e Produ\u00e7\u00e3o Agropecu\u00e1ria - Instituto Cultural Padre Josimo\" \/>\n<meta property=\"og:description\" content=\"Frei S\u00e9rgio coloca em quest\u00e3o os poss\u00edveis preju\u00edzos que o Agroneg\u00f3cio aponta para justificar o Marco Temporal\" \/>\n<meta property=\"og:url\" content=\"https:\/\/padrejosimo.com.br\/site\/artigos\/artigo-terras-indigenas-e-producao-agropecuaria\/\" \/>\n<meta property=\"og:site_name\" content=\"Instituto Cultural Padre Josimo\" \/>\n<meta property=\"og:image\" content=\"https:\/\/padrejosimo.com.br\/site\/wp-content\/uploads\/2021\/09\/indigenas_producao_alimentacao-Grande-1024x683.jpg\" \/>\n<meta name=\"twitter:card\" content=\"summary_large_image\" \/>\n<meta name=\"twitter:label1\" content=\"Est. tempo de leitura\" \/>\n\t<meta name=\"twitter:data1\" content=\"3 minutos\" \/>\n<script type=\"application\/ld+json\" class=\"yoast-schema-graph\">{\"@context\":\"https:\/\/schema.org\",\"@graph\":[{\"@type\":\"WebPage\",\"@id\":\"https:\/\/padrejosimo.com.br\/site\/artigos\/artigo-terras-indigenas-e-producao-agropecuaria\/\",\"url\":\"https:\/\/padrejosimo.com.br\/site\/artigos\/artigo-terras-indigenas-e-producao-agropecuaria\/\",\"name\":\"Artigo | Terras Ind\u00edgenas e Produ\u00e7\u00e3o Agropecu\u00e1ria - Instituto Cultural Padre Josimo\",\"isPartOf\":{\"@id\":\"https:\/\/padrejosimo.com.br\/site\/#website\"},\"primaryImageOfPage\":{\"@id\":\"https:\/\/padrejosimo.com.br\/site\/artigos\/artigo-terras-indigenas-e-producao-agropecuaria\/#primaryimage\"},\"image\":{\"@id\":\"https:\/\/padrejosimo.com.br\/site\/artigos\/artigo-terras-indigenas-e-producao-agropecuaria\/#primaryimage\"},\"thumbnailUrl\":\"https:\/\/padrejosimo.com.br\/site\/wp-content\/uploads\/2021\/09\/indigenas_producao_alimentacao-Grande-1024x683.jpg\",\"datePublished\":\"2021-09-08T18:48:42+00:00\",\"breadcrumb\":{\"@id\":\"https:\/\/padrejosimo.com.br\/site\/artigos\/artigo-terras-indigenas-e-producao-agropecuaria\/#breadcrumb\"},\"inLanguage\":\"pt-BR\",\"potentialAction\":[{\"@type\":\"ReadAction\",\"target\":[\"https:\/\/padrejosimo.com.br\/site\/artigos\/artigo-terras-indigenas-e-producao-agropecuaria\/\"]}]},{\"@type\":\"ImageObject\",\"inLanguage\":\"pt-BR\",\"@id\":\"https:\/\/padrejosimo.com.br\/site\/artigos\/artigo-terras-indigenas-e-producao-agropecuaria\/#primaryimage\",\"url\":\"https:\/\/padrejosimo.com.br\/site\/wp-content\/uploads\/2021\/09\/indigenas_producao_alimentacao-Grande.jpg\",\"contentUrl\":\"https:\/\/padrejosimo.com.br\/site\/wp-content\/uploads\/2021\/09\/indigenas_producao_alimentacao-Grande.jpg\",\"width\":1620,\"height\":1080},{\"@type\":\"BreadcrumbList\",\"@id\":\"https:\/\/padrejosimo.com.br\/site\/artigos\/artigo-terras-indigenas-e-producao-agropecuaria\/#breadcrumb\",\"itemListElement\":[{\"@type\":\"ListItem\",\"position\":1,\"name\":\"In\u00edcio\",\"item\":\"https:\/\/padrejosimo.com.br\/site\/\"},{\"@type\":\"ListItem\",\"position\":2,\"name\":\"Artigos\",\"item\":\"https:\/\/padrejosimo.com.br\/site\/artigos\/\"},{\"@type\":\"ListItem\",\"position\":3,\"name\":\"Artigo | Terras Ind\u00edgenas e Produ\u00e7\u00e3o Agropecu\u00e1ria\"}]},{\"@type\":\"WebSite\",\"@id\":\"https:\/\/padrejosimo.com.br\/site\/#website\",\"url\":\"https:\/\/padrejosimo.com.br\/site\/\",\"name\":\"Instituto Cultural Padre Josimo\",\"description\":\"Comprometida com a promo\u00e7\u00e3o da justi\u00e7a social, agroecologia e educa\u00e7\u00e3o popular\",\"publisher\":{\"@id\":\"https:\/\/padrejosimo.com.br\/site\/#organization\"},\"alternateName\":\"ICPJ\",\"potentialAction\":[{\"@type\":\"SearchAction\",\"target\":{\"@type\":\"EntryPoint\",\"urlTemplate\":\"https:\/\/padrejosimo.com.br\/site\/?s={search_term_string}\"},\"query-input\":{\"@type\":\"PropertyValueSpecification\",\"valueRequired\":true,\"valueName\":\"search_term_string\"}}],\"inLanguage\":\"pt-BR\"},{\"@type\":\"Organization\",\"@id\":\"https:\/\/padrejosimo.com.br\/site\/#organization\",\"name\":\"Instituto Cultural Padre Josimo\",\"alternateName\":\"ICPJ\",\"url\":\"https:\/\/padrejosimo.com.br\/site\/\",\"logo\":{\"@type\":\"ImageObject\",\"inLanguage\":\"pt-BR\",\"@id\":\"https:\/\/padrejosimo.com.br\/site\/#\/schema\/logo\/image\/\",\"url\":\"https:\/\/padrejosimo.com.br\/site\/wp-content\/uploads\/2025\/09\/cropped-icon-icpj.png\",\"contentUrl\":\"https:\/\/padrejosimo.com.br\/site\/wp-content\/uploads\/2025\/09\/cropped-icon-icpj.png\",\"width\":512,\"height\":512,\"caption\":\"Instituto Cultural Padre Josimo\"},\"image\":{\"@id\":\"https:\/\/padrejosimo.com.br\/site\/#\/schema\/logo\/image\/\"}}]}<\/script>\n<!-- \/ Yoast SEO plugin. -->","yoast_head_json":{"title":"Artigo | Terras Ind\u00edgenas e Produ\u00e7\u00e3o Agropecu\u00e1ria - Instituto Cultural Padre Josimo","robots":{"index":"index","follow":"follow","max-snippet":"max-snippet:-1","max-image-preview":"max-image-preview:large","max-video-preview":"max-video-preview:-1"},"canonical":"https:\/\/padrejosimo.com.br\/site\/artigos\/artigo-terras-indigenas-e-producao-agropecuaria\/","og_locale":"pt_BR","og_type":"article","og_title":"Artigo | Terras Ind\u00edgenas e Produ\u00e7\u00e3o Agropecu\u00e1ria - Instituto Cultural Padre Josimo","og_description":"Frei S\u00e9rgio coloca em quest\u00e3o os poss\u00edveis preju\u00edzos que o Agroneg\u00f3cio aponta para justificar o Marco Temporal","og_url":"https:\/\/padrejosimo.com.br\/site\/artigos\/artigo-terras-indigenas-e-producao-agropecuaria\/","og_site_name":"Instituto Cultural Padre Josimo","og_image":[{"url":"https:\/\/padrejosimo.com.br\/site\/wp-content\/uploads\/2021\/09\/indigenas_producao_alimentacao-Grande-1024x683.jpg","type":"","width":"","height":""}],"twitter_card":"summary_large_image","twitter_misc":{"Est. tempo de leitura":"3 minutos"},"schema":{"@context":"https:\/\/schema.org","@graph":[{"@type":"WebPage","@id":"https:\/\/padrejosimo.com.br\/site\/artigos\/artigo-terras-indigenas-e-producao-agropecuaria\/","url":"https:\/\/padrejosimo.com.br\/site\/artigos\/artigo-terras-indigenas-e-producao-agropecuaria\/","name":"Artigo | Terras Ind\u00edgenas e Produ\u00e7\u00e3o Agropecu\u00e1ria - Instituto Cultural Padre Josimo","isPartOf":{"@id":"https:\/\/padrejosimo.com.br\/site\/#website"},"primaryImageOfPage":{"@id":"https:\/\/padrejosimo.com.br\/site\/artigos\/artigo-terras-indigenas-e-producao-agropecuaria\/#primaryimage"},"image":{"@id":"https:\/\/padrejosimo.com.br\/site\/artigos\/artigo-terras-indigenas-e-producao-agropecuaria\/#primaryimage"},"thumbnailUrl":"https:\/\/padrejosimo.com.br\/site\/wp-content\/uploads\/2021\/09\/indigenas_producao_alimentacao-Grande-1024x683.jpg","datePublished":"2021-09-08T18:48:42+00:00","breadcrumb":{"@id":"https:\/\/padrejosimo.com.br\/site\/artigos\/artigo-terras-indigenas-e-producao-agropecuaria\/#breadcrumb"},"inLanguage":"pt-BR","potentialAction":[{"@type":"ReadAction","target":["https:\/\/padrejosimo.com.br\/site\/artigos\/artigo-terras-indigenas-e-producao-agropecuaria\/"]}]},{"@type":"ImageObject","inLanguage":"pt-BR","@id":"https:\/\/padrejosimo.com.br\/site\/artigos\/artigo-terras-indigenas-e-producao-agropecuaria\/#primaryimage","url":"https:\/\/padrejosimo.com.br\/site\/wp-content\/uploads\/2021\/09\/indigenas_producao_alimentacao-Grande.jpg","contentUrl":"https:\/\/padrejosimo.com.br\/site\/wp-content\/uploads\/2021\/09\/indigenas_producao_alimentacao-Grande.jpg","width":1620,"height":1080},{"@type":"BreadcrumbList","@id":"https:\/\/padrejosimo.com.br\/site\/artigos\/artigo-terras-indigenas-e-producao-agropecuaria\/#breadcrumb","itemListElement":[{"@type":"ListItem","position":1,"name":"In\u00edcio","item":"https:\/\/padrejosimo.com.br\/site\/"},{"@type":"ListItem","position":2,"name":"Artigos","item":"https:\/\/padrejosimo.com.br\/site\/artigos\/"},{"@type":"ListItem","position":3,"name":"Artigo | Terras Ind\u00edgenas e Produ\u00e7\u00e3o Agropecu\u00e1ria"}]},{"@type":"WebSite","@id":"https:\/\/padrejosimo.com.br\/site\/#website","url":"https:\/\/padrejosimo.com.br\/site\/","name":"Instituto Cultural Padre Josimo","description":"Comprometida com a promo\u00e7\u00e3o da justi\u00e7a social, agroecologia e educa\u00e7\u00e3o popular","publisher":{"@id":"https:\/\/padrejosimo.com.br\/site\/#organization"},"alternateName":"ICPJ","potentialAction":[{"@type":"SearchAction","target":{"@type":"EntryPoint","urlTemplate":"https:\/\/padrejosimo.com.br\/site\/?s={search_term_string}"},"query-input":{"@type":"PropertyValueSpecification","valueRequired":true,"valueName":"search_term_string"}}],"inLanguage":"pt-BR"},{"@type":"Organization","@id":"https:\/\/padrejosimo.com.br\/site\/#organization","name":"Instituto Cultural Padre Josimo","alternateName":"ICPJ","url":"https:\/\/padrejosimo.com.br\/site\/","logo":{"@type":"ImageObject","inLanguage":"pt-BR","@id":"https:\/\/padrejosimo.com.br\/site\/#\/schema\/logo\/image\/","url":"https:\/\/padrejosimo.com.br\/site\/wp-content\/uploads\/2025\/09\/cropped-icon-icpj.png","contentUrl":"https:\/\/padrejosimo.com.br\/site\/wp-content\/uploads\/2025\/09\/cropped-icon-icpj.png","width":512,"height":512,"caption":"Instituto Cultural Padre Josimo"},"image":{"@id":"https:\/\/padrejosimo.com.br\/site\/#\/schema\/logo\/image\/"}}]}},"_links":{"self":[{"href":"https:\/\/padrejosimo.com.br\/site\/wp-json\/wp\/v2\/artigos\/3823","targetHints":{"allow":["GET"]}}],"collection":[{"href":"https:\/\/padrejosimo.com.br\/site\/wp-json\/wp\/v2\/artigos"}],"about":[{"href":"https:\/\/padrejosimo.com.br\/site\/wp-json\/wp\/v2\/types\/artigos"}],"author":[{"embeddable":true,"href":"https:\/\/padrejosimo.com.br\/site\/wp-json\/wp\/v2\/users\/3"}],"wp:attachment":[{"href":"https:\/\/padrejosimo.com.br\/site\/wp-json\/wp\/v2\/media?parent=3823"}],"curies":[{"name":"wp","href":"https:\/\/api.w.org\/{rel}","templated":true}]}}