{"id":3553,"date":"2021-02-07T21:54:18","date_gmt":"2021-02-08T00:54:18","guid":{"rendered":"https:\/\/padrejosimo.com.br\/site\/?post_type=artigos&#038;p=3553"},"modified":"2021-02-07T21:54:18","modified_gmt":"2021-02-08T00:54:18","slug":"artigo-o-sete-de-fevereiro-dia-de-sepe-tiaraju-simbolo-de-luta-pela-mae-terra","status":"publish","type":"artigos","link":"https:\/\/padrejosimo.com.br\/site\/artigos\/artigo-o-sete-de-fevereiro-dia-de-sepe-tiaraju-simbolo-de-luta-pela-mae-terra\/","title":{"rendered":"Artigo | O sete de fevereiro, dia de Sep\u00e9 Tiaraju, s\u00edmbolo de luta pela m\u00e3e terra"},"content":{"rendered":"<p><img fetchpriority=\"high\" decoding=\"async\" class=\"wp-image-3554 aligncenter\" src=\"https:\/\/padrejosimo.com.br\/site\/wp-content\/uploads\/2021\/02\/WhatsApp-Image-2021-02-07-at-09.46.081-Large-1024x608.jpeg\" alt=\"\" width=\"600\" height=\"356\" srcset=\"https:\/\/padrejosimo.com.br\/site\/wp-content\/uploads\/2021\/02\/WhatsApp-Image-2021-02-07-at-09.46.081-Large-1024x608.jpeg 1024w, https:\/\/padrejosimo.com.br\/site\/wp-content\/uploads\/2021\/02\/WhatsApp-Image-2021-02-07-at-09.46.081-Large-300x178.jpeg 300w, https:\/\/padrejosimo.com.br\/site\/wp-content\/uploads\/2021\/02\/WhatsApp-Image-2021-02-07-at-09.46.081-Large-768x456.jpeg 768w, https:\/\/padrejosimo.com.br\/site\/wp-content\/uploads\/2021\/02\/WhatsApp-Image-2021-02-07-at-09.46.081-Large-1536x912.jpeg 1536w, https:\/\/padrejosimo.com.br\/site\/wp-content\/uploads\/2021\/02\/WhatsApp-Image-2021-02-07-at-09.46.081-Large.jpeg 1818w\" sizes=\"(max-width: 600px) 100vw, 600px\" \/><\/p>\n<p>&nbsp;<\/p>\n<p>A terra para os povos ind\u00edgenas \u00e9 vida, mem\u00f3ria e esperan\u00e7a. Ela \u00e9 a m\u00e3e de todos os seres, que deve ser amada, protegida e purificada.<\/p>\n<p>Em tempos onde a vida \u00e9 negligenciada e a morte prematura torna-se a \u00fanica certeza, celebrar a hist\u00f3ria de luta e resist\u00eancia do Povo Guarani, de seus l\u00edderes &#8211; dentre eles Sep\u00e9 Tiaraju, nos anima a pensar um outro mundo poss\u00edvel, uma terra sem mal &#8211; a Yvyrupa &#8211; o bem viver.<\/p>\n<p>Mas h\u00e1 caminhos que precisam ser reabertos diante do caos social, pol\u00edtico, sanit\u00e1rio, ambiental e econ\u00f4mico.<\/p>\n<p>O Brasil vem sendo administrado por homens cru\u00e9is e imbecilizados. Temos um presidente da Rep\u00fablica que propaga o \u00f3dio e a viol\u00eancia como alternativas nas rela\u00e7\u00f5es sociais, culturais e religiosas.<\/p>\n<p>Os povos ind\u00edgenas e os demais povos e comunidades origin\u00e1rias e tradicionais foram classificados pelo atual governo como seres sem humanidade e, portanto, no entender dele, sem direitos. Nega-se tudo, a prote\u00e7\u00e3o social, \u00e0s pol\u00edticas assistencias, a terra para habitar, o meio ambiente e, com isso, excluem deles a possibilidade de futuro.<\/p>\n<p>O governo resgatou pol\u00edticas e teses genocidas aplicadas durante todo o processo de coloniza\u00e7\u00e3o, mas planejadas como fator de exterm\u00ednio, no per\u00edodo da ditadura militar. Nas d\u00e9cadas de 1960 at\u00e9 1988 a prioridade estatal era a integra\u00e7\u00e3o for\u00e7ada dos indigenas a &#8220;comunh\u00e3o nacional&#8221;. O per\u00edodo nefasto produziu viol\u00eancia, mortes e exterm\u00ednios de povos inteiros.<\/p>\n<p>Hoje a realidade dos povos se assemelha \u00e0quela de Sep\u00e9 Tiaraju. H\u00e1 um governo que transformou as pol\u00edticas de estado em ferramentas de destrui\u00e7\u00e3o da terra, das matas, das \u00e1guas, da sa\u00fade, da educa\u00e7\u00e3o, da seguran\u00e7a.<\/p>\n<p>Os povos enfrentam, como enfrentaram naquela \u00e9poca, o avan\u00e7o descomunal de projetos e programas que visam essencialmente a explora\u00e7\u00e3o indiscriminada para a lucratividade imediata.<\/p>\n<p>Os povos est\u00e3o no meio do caminho, como cunhas enfiadas nos interesses predat\u00f3rios. Por isso, as estruturas pol\u00edticas, administrativas e at\u00e9 jur\u00eddicas do estado se tornam armas para o genoc\u00eddio.<\/p>\n<p>Imp\u00f5e-se agora o que se pode denominar de antipol\u00edtica indigenista estruturada no trip\u00e9 da desconstitucionaliza\u00e7\u00e3o, da desterritotializa\u00e7\u00e3o e da integra\u00e7\u00e3o for\u00e7ada.<\/p>\n<p>Resistir agora, a este governo, \u00e9 nos tornarmos fachos de luzes reluzentes e de esperan\u00e7a para o futuro. Se n\u00e3o lutarmos como Sep\u00e9 Tiaraju e seus guerreiros fizeram, em 1756, vamos ficar, todos os pobres da terra, sob os escombros de um pa\u00eds devastado.<\/p>\n<p>Que o Sete de fevereiro, dia de Sep\u00e9 Tiaraju, nos inspire a seguir construindo caminhos e combatendo a insanidade e a brutalidade de um governo que n\u00e3o nega suas especialidades, destrui\u00e7\u00e3o e o genoc\u00eddio.<\/p>\n<p>&nbsp;<\/p>\n<p>Porto Alegre, 07 de fevereiro de 2021.<\/p>\n<p>Roberto Antonio Liebgott<br \/>\nCimi Sul, Equipe Porto Alegre<\/p>\n<p>&nbsp;<\/p>\n","protected":false},"excerpt":{"rendered":"<p>Que o Sete de fevereiro, dia de Sep\u00e9 Tiaraju, nos inspire a seguir construindo caminhos e combatendo a insanidade e a brutalidade de um governo que n\u00e3o nega suas especialidades, destrui\u00e7\u00e3o e o genoc\u00eddio.<\/p>\n","protected":false},"author":1,"template":"","class_list":["post-3553","artigos","type-artigos","status-publish","hentry"],"acf":[],"yoast_head":"<!-- This site is optimized with the Yoast SEO plugin v27.2 - https:\/\/yoast.com\/product\/yoast-seo-wordpress\/ -->\n<title>Artigo | O sete de fevereiro, dia de Sep\u00e9 Tiaraju, s\u00edmbolo de luta pela m\u00e3e terra - Instituto Cultural Padre Josimo<\/title>\n<meta name=\"robots\" content=\"index, follow, max-snippet:-1, max-image-preview:large, max-video-preview:-1\" \/>\n<link rel=\"canonical\" href=\"https:\/\/padrejosimo.com.br\/site\/artigos\/artigo-o-sete-de-fevereiro-dia-de-sepe-tiaraju-simbolo-de-luta-pela-mae-terra\/\" \/>\n<meta property=\"og:locale\" content=\"pt_BR\" \/>\n<meta property=\"og:type\" content=\"article\" \/>\n<meta property=\"og:title\" content=\"Artigo | O sete de fevereiro, dia de Sep\u00e9 Tiaraju, s\u00edmbolo de luta pela m\u00e3e terra - Instituto Cultural Padre Josimo\" \/>\n<meta property=\"og:description\" content=\"Que o Sete de fevereiro, dia de Sep\u00e9 Tiaraju, nos inspire a seguir construindo caminhos e combatendo a insanidade e a brutalidade de um governo que n\u00e3o nega suas especialidades, destrui\u00e7\u00e3o e o genoc\u00eddio.\" \/>\n<meta property=\"og:url\" content=\"https:\/\/padrejosimo.com.br\/site\/artigos\/artigo-o-sete-de-fevereiro-dia-de-sepe-tiaraju-simbolo-de-luta-pela-mae-terra\/\" \/>\n<meta property=\"og:site_name\" content=\"Instituto Cultural Padre Josimo\" \/>\n<meta property=\"og:image\" content=\"https:\/\/padrejosimo.com.br\/site\/wp-content\/uploads\/2021\/02\/WhatsApp-Image-2021-02-07-at-09.46.081-Large-1024x608.jpeg\" \/>\n<meta name=\"twitter:card\" content=\"summary_large_image\" \/>\n<meta name=\"twitter:label1\" content=\"Est. tempo de leitura\" \/>\n\t<meta name=\"twitter:data1\" content=\"2 minutos\" \/>\n<script type=\"application\/ld+json\" class=\"yoast-schema-graph\">{\"@context\":\"https:\/\/schema.org\",\"@graph\":[{\"@type\":\"WebPage\",\"@id\":\"https:\/\/padrejosimo.com.br\/site\/artigos\/artigo-o-sete-de-fevereiro-dia-de-sepe-tiaraju-simbolo-de-luta-pela-mae-terra\/\",\"url\":\"https:\/\/padrejosimo.com.br\/site\/artigos\/artigo-o-sete-de-fevereiro-dia-de-sepe-tiaraju-simbolo-de-luta-pela-mae-terra\/\",\"name\":\"Artigo | O sete de fevereiro, dia de Sep\u00e9 Tiaraju, s\u00edmbolo de luta pela m\u00e3e terra - Instituto Cultural Padre Josimo\",\"isPartOf\":{\"@id\":\"https:\/\/padrejosimo.com.br\/site\/#website\"},\"primaryImageOfPage\":{\"@id\":\"https:\/\/padrejosimo.com.br\/site\/artigos\/artigo-o-sete-de-fevereiro-dia-de-sepe-tiaraju-simbolo-de-luta-pela-mae-terra\/#primaryimage\"},\"image\":{\"@id\":\"https:\/\/padrejosimo.com.br\/site\/artigos\/artigo-o-sete-de-fevereiro-dia-de-sepe-tiaraju-simbolo-de-luta-pela-mae-terra\/#primaryimage\"},\"thumbnailUrl\":\"https:\/\/padrejosimo.com.br\/site\/wp-content\/uploads\/2021\/02\/WhatsApp-Image-2021-02-07-at-09.46.081-Large-1024x608.jpeg\",\"datePublished\":\"2021-02-08T00:54:18+00:00\",\"breadcrumb\":{\"@id\":\"https:\/\/padrejosimo.com.br\/site\/artigos\/artigo-o-sete-de-fevereiro-dia-de-sepe-tiaraju-simbolo-de-luta-pela-mae-terra\/#breadcrumb\"},\"inLanguage\":\"pt-BR\",\"potentialAction\":[{\"@type\":\"ReadAction\",\"target\":[\"https:\/\/padrejosimo.com.br\/site\/artigos\/artigo-o-sete-de-fevereiro-dia-de-sepe-tiaraju-simbolo-de-luta-pela-mae-terra\/\"]}]},{\"@type\":\"ImageObject\",\"inLanguage\":\"pt-BR\",\"@id\":\"https:\/\/padrejosimo.com.br\/site\/artigos\/artigo-o-sete-de-fevereiro-dia-de-sepe-tiaraju-simbolo-de-luta-pela-mae-terra\/#primaryimage\",\"url\":\"https:\/\/padrejosimo.com.br\/site\/wp-content\/uploads\/2021\/02\/WhatsApp-Image-2021-02-07-at-09.46.081-Large.jpeg\",\"contentUrl\":\"https:\/\/padrejosimo.com.br\/site\/wp-content\/uploads\/2021\/02\/WhatsApp-Image-2021-02-07-at-09.46.081-Large.jpeg\",\"width\":1818,\"height\":1080},{\"@type\":\"BreadcrumbList\",\"@id\":\"https:\/\/padrejosimo.com.br\/site\/artigos\/artigo-o-sete-de-fevereiro-dia-de-sepe-tiaraju-simbolo-de-luta-pela-mae-terra\/#breadcrumb\",\"itemListElement\":[{\"@type\":\"ListItem\",\"position\":1,\"name\":\"In\u00edcio\",\"item\":\"https:\/\/padrejosimo.com.br\/site\/\"},{\"@type\":\"ListItem\",\"position\":2,\"name\":\"Artigos\",\"item\":\"https:\/\/padrejosimo.com.br\/site\/artigos\/\"},{\"@type\":\"ListItem\",\"position\":3,\"name\":\"Artigo | O sete de fevereiro, dia de Sep\u00e9 Tiaraju, s\u00edmbolo de luta pela m\u00e3e terra\"}]},{\"@type\":\"WebSite\",\"@id\":\"https:\/\/padrejosimo.com.br\/site\/#website\",\"url\":\"https:\/\/padrejosimo.com.br\/site\/\",\"name\":\"Instituto Cultural Padre Josimo\",\"description\":\"Comprometida com a promo\u00e7\u00e3o da justi\u00e7a social, agroecologia e educa\u00e7\u00e3o popular\",\"publisher\":{\"@id\":\"https:\/\/padrejosimo.com.br\/site\/#organization\"},\"alternateName\":\"ICPJ\",\"potentialAction\":[{\"@type\":\"SearchAction\",\"target\":{\"@type\":\"EntryPoint\",\"urlTemplate\":\"https:\/\/padrejosimo.com.br\/site\/?s={search_term_string}\"},\"query-input\":{\"@type\":\"PropertyValueSpecification\",\"valueRequired\":true,\"valueName\":\"search_term_string\"}}],\"inLanguage\":\"pt-BR\"},{\"@type\":\"Organization\",\"@id\":\"https:\/\/padrejosimo.com.br\/site\/#organization\",\"name\":\"Instituto Cultural Padre Josimo\",\"alternateName\":\"ICPJ\",\"url\":\"https:\/\/padrejosimo.com.br\/site\/\",\"logo\":{\"@type\":\"ImageObject\",\"inLanguage\":\"pt-BR\",\"@id\":\"https:\/\/padrejosimo.com.br\/site\/#\/schema\/logo\/image\/\",\"url\":\"https:\/\/padrejosimo.com.br\/site\/wp-content\/uploads\/2025\/09\/cropped-icon-icpj.png\",\"contentUrl\":\"https:\/\/padrejosimo.com.br\/site\/wp-content\/uploads\/2025\/09\/cropped-icon-icpj.png\",\"width\":512,\"height\":512,\"caption\":\"Instituto Cultural Padre Josimo\"},\"image\":{\"@id\":\"https:\/\/padrejosimo.com.br\/site\/#\/schema\/logo\/image\/\"}}]}<\/script>\n<!-- \/ Yoast SEO plugin. -->","yoast_head_json":{"title":"Artigo | O sete de fevereiro, dia de Sep\u00e9 Tiaraju, s\u00edmbolo de luta pela m\u00e3e terra - Instituto Cultural Padre Josimo","robots":{"index":"index","follow":"follow","max-snippet":"max-snippet:-1","max-image-preview":"max-image-preview:large","max-video-preview":"max-video-preview:-1"},"canonical":"https:\/\/padrejosimo.com.br\/site\/artigos\/artigo-o-sete-de-fevereiro-dia-de-sepe-tiaraju-simbolo-de-luta-pela-mae-terra\/","og_locale":"pt_BR","og_type":"article","og_title":"Artigo | O sete de fevereiro, dia de Sep\u00e9 Tiaraju, s\u00edmbolo de luta pela m\u00e3e terra - Instituto Cultural Padre Josimo","og_description":"Que o Sete de fevereiro, dia de Sep\u00e9 Tiaraju, nos inspire a seguir construindo caminhos e combatendo a insanidade e a brutalidade de um governo que n\u00e3o nega suas especialidades, destrui\u00e7\u00e3o e o genoc\u00eddio.","og_url":"https:\/\/padrejosimo.com.br\/site\/artigos\/artigo-o-sete-de-fevereiro-dia-de-sepe-tiaraju-simbolo-de-luta-pela-mae-terra\/","og_site_name":"Instituto Cultural Padre Josimo","og_image":[{"url":"https:\/\/padrejosimo.com.br\/site\/wp-content\/uploads\/2021\/02\/WhatsApp-Image-2021-02-07-at-09.46.081-Large-1024x608.jpeg","type":"","width":"","height":""}],"twitter_card":"summary_large_image","twitter_misc":{"Est. tempo de leitura":"2 minutos"},"schema":{"@context":"https:\/\/schema.org","@graph":[{"@type":"WebPage","@id":"https:\/\/padrejosimo.com.br\/site\/artigos\/artigo-o-sete-de-fevereiro-dia-de-sepe-tiaraju-simbolo-de-luta-pela-mae-terra\/","url":"https:\/\/padrejosimo.com.br\/site\/artigos\/artigo-o-sete-de-fevereiro-dia-de-sepe-tiaraju-simbolo-de-luta-pela-mae-terra\/","name":"Artigo | O sete de fevereiro, dia de Sep\u00e9 Tiaraju, s\u00edmbolo de luta pela m\u00e3e terra - Instituto Cultural Padre Josimo","isPartOf":{"@id":"https:\/\/padrejosimo.com.br\/site\/#website"},"primaryImageOfPage":{"@id":"https:\/\/padrejosimo.com.br\/site\/artigos\/artigo-o-sete-de-fevereiro-dia-de-sepe-tiaraju-simbolo-de-luta-pela-mae-terra\/#primaryimage"},"image":{"@id":"https:\/\/padrejosimo.com.br\/site\/artigos\/artigo-o-sete-de-fevereiro-dia-de-sepe-tiaraju-simbolo-de-luta-pela-mae-terra\/#primaryimage"},"thumbnailUrl":"https:\/\/padrejosimo.com.br\/site\/wp-content\/uploads\/2021\/02\/WhatsApp-Image-2021-02-07-at-09.46.081-Large-1024x608.jpeg","datePublished":"2021-02-08T00:54:18+00:00","breadcrumb":{"@id":"https:\/\/padrejosimo.com.br\/site\/artigos\/artigo-o-sete-de-fevereiro-dia-de-sepe-tiaraju-simbolo-de-luta-pela-mae-terra\/#breadcrumb"},"inLanguage":"pt-BR","potentialAction":[{"@type":"ReadAction","target":["https:\/\/padrejosimo.com.br\/site\/artigos\/artigo-o-sete-de-fevereiro-dia-de-sepe-tiaraju-simbolo-de-luta-pela-mae-terra\/"]}]},{"@type":"ImageObject","inLanguage":"pt-BR","@id":"https:\/\/padrejosimo.com.br\/site\/artigos\/artigo-o-sete-de-fevereiro-dia-de-sepe-tiaraju-simbolo-de-luta-pela-mae-terra\/#primaryimage","url":"https:\/\/padrejosimo.com.br\/site\/wp-content\/uploads\/2021\/02\/WhatsApp-Image-2021-02-07-at-09.46.081-Large.jpeg","contentUrl":"https:\/\/padrejosimo.com.br\/site\/wp-content\/uploads\/2021\/02\/WhatsApp-Image-2021-02-07-at-09.46.081-Large.jpeg","width":1818,"height":1080},{"@type":"BreadcrumbList","@id":"https:\/\/padrejosimo.com.br\/site\/artigos\/artigo-o-sete-de-fevereiro-dia-de-sepe-tiaraju-simbolo-de-luta-pela-mae-terra\/#breadcrumb","itemListElement":[{"@type":"ListItem","position":1,"name":"In\u00edcio","item":"https:\/\/padrejosimo.com.br\/site\/"},{"@type":"ListItem","position":2,"name":"Artigos","item":"https:\/\/padrejosimo.com.br\/site\/artigos\/"},{"@type":"ListItem","position":3,"name":"Artigo | O sete de fevereiro, dia de Sep\u00e9 Tiaraju, s\u00edmbolo de luta pela m\u00e3e terra"}]},{"@type":"WebSite","@id":"https:\/\/padrejosimo.com.br\/site\/#website","url":"https:\/\/padrejosimo.com.br\/site\/","name":"Instituto Cultural Padre Josimo","description":"Comprometida com a promo\u00e7\u00e3o da justi\u00e7a social, agroecologia e educa\u00e7\u00e3o popular","publisher":{"@id":"https:\/\/padrejosimo.com.br\/site\/#organization"},"alternateName":"ICPJ","potentialAction":[{"@type":"SearchAction","target":{"@type":"EntryPoint","urlTemplate":"https:\/\/padrejosimo.com.br\/site\/?s={search_term_string}"},"query-input":{"@type":"PropertyValueSpecification","valueRequired":true,"valueName":"search_term_string"}}],"inLanguage":"pt-BR"},{"@type":"Organization","@id":"https:\/\/padrejosimo.com.br\/site\/#organization","name":"Instituto Cultural Padre Josimo","alternateName":"ICPJ","url":"https:\/\/padrejosimo.com.br\/site\/","logo":{"@type":"ImageObject","inLanguage":"pt-BR","@id":"https:\/\/padrejosimo.com.br\/site\/#\/schema\/logo\/image\/","url":"https:\/\/padrejosimo.com.br\/site\/wp-content\/uploads\/2025\/09\/cropped-icon-icpj.png","contentUrl":"https:\/\/padrejosimo.com.br\/site\/wp-content\/uploads\/2025\/09\/cropped-icon-icpj.png","width":512,"height":512,"caption":"Instituto Cultural Padre Josimo"},"image":{"@id":"https:\/\/padrejosimo.com.br\/site\/#\/schema\/logo\/image\/"}}]}},"_links":{"self":[{"href":"https:\/\/padrejosimo.com.br\/site\/wp-json\/wp\/v2\/artigos\/3553","targetHints":{"allow":["GET"]}}],"collection":[{"href":"https:\/\/padrejosimo.com.br\/site\/wp-json\/wp\/v2\/artigos"}],"about":[{"href":"https:\/\/padrejosimo.com.br\/site\/wp-json\/wp\/v2\/types\/artigos"}],"author":[{"embeddable":true,"href":"https:\/\/padrejosimo.com.br\/site\/wp-json\/wp\/v2\/users\/1"}],"wp:attachment":[{"href":"https:\/\/padrejosimo.com.br\/site\/wp-json\/wp\/v2\/media?parent=3553"}],"curies":[{"name":"wp","href":"https:\/\/api.w.org\/{rel}","templated":true}]}}