{"id":3490,"date":"2020-12-31T20:42:02","date_gmt":"2020-12-31T23:42:02","guid":{"rendered":"https:\/\/padrejosimo.com.br\/site\/?post_type=artigos&#038;p=3490"},"modified":"2020-12-31T20:42:02","modified_gmt":"2020-12-31T23:42:02","slug":"tempos-dificeis-tempos-de-luta","status":"publish","type":"artigos","link":"https:\/\/padrejosimo.com.br\/site\/artigos\/tempos-dificeis-tempos-de-luta\/","title":{"rendered":"Tempos Dif\u00edceis \u2013 Tempos de Luta"},"content":{"rendered":"<blockquote>\n<p><strong><em>Frei S\u00e9rgio Ant\u00f4nio G\u00f6rgen ofm<\/em><\/strong><\/p>\n<p><em>Frei Franciscano, militante do MPA, autor de \u201cO Plano Campon\u00eas\u201d.<\/em><\/p>\n<p>&nbsp;<\/p>\n<\/blockquote>\n<p><img fetchpriority=\"high\" decoding=\"async\" class=\"size-full wp-image-3491 aligncenter\" src=\"https:\/\/padrejosimo.com.br\/site\/wp-content\/uploads\/2020\/12\/purple-flower-growing-crack-street-soft-focus-blank-text_34200-257.jpg\" alt=\"\" width=\"626\" height=\"417\" srcset=\"https:\/\/padrejosimo.com.br\/site\/wp-content\/uploads\/2020\/12\/purple-flower-growing-crack-street-soft-focus-blank-text_34200-257.jpg 626w, https:\/\/padrejosimo.com.br\/site\/wp-content\/uploads\/2020\/12\/purple-flower-growing-crack-street-soft-focus-blank-text_34200-257-300x200.jpg 300w\" sizes=\"(max-width: 626px) 100vw, 626px\" \/><\/p>\n<p>O ano de 2020 foi um ano desafiador para os lutadores e as lutadoras do povo \u00a0brasileiro. Tamb\u00e9m para as fam\u00edlias camponesas.<\/p>\n<p>Por v\u00e1rios motivos.<\/p>\n<p>Volta do Brasil ao mapa da fome, governo Federal de costas para quem produz alimentos e s\u00f3 apoiando o agroneg\u00f3cio exportador, infla\u00e7\u00e3o dos alimentos, seca no sul e, al\u00e9m de tudo isto, uma pandemia com o v\u00edrus corona abalando fam\u00edlias e a sociedade toda.<\/p>\n<p>Os Movimentos Populares j\u00e1 estavam em atitude pol\u00edtica de resist\u00eancia ativa antes da Covid. \u00a0<\/p>\n<p>S\u00f3 refor\u00e7ou esta atitude, buscando formas de se articular e se organizar nacionalmente atrav\u00e9s das novas ferramentas de comunica\u00e7\u00e3o virtual.<\/p>\n<p>O que n\u00e3o parou, foi a produ\u00e7\u00e3o de alimentos, com todos os cuidados para evitar a dispers\u00e3o do v\u00edrus mortal entre o povo campon\u00eas.<\/p>\n<p>Prejudicou, em parte, a comercializa\u00e7\u00e3o de alimentos com o povo da cidade, o que foi retomado aos poucos, com o respeito aos protocolos necess\u00e1rios \u00e0 preserva\u00e7\u00e3o da sa\u00fade.<\/p>\n<p>\u00a0\u00a0\u00a0\u00a0\u00a0\u00a0\u00a0\u00a0\u00a0\u00a0\u00a0 Por outro lado, os la\u00e7os de solidariedade foram refor\u00e7ados entre os Movimentos Camponeses e as comunidades trabalhadoras das cidades atrav\u00e9s dos Mutir\u00f5es Contra a Fome, doa\u00e7\u00f5es de alimentos, feiras nos Bairros, executados pelos Movimentos do Campo em alian\u00e7a com Movimento Populares Urbanos, Sindicatos e Entidades populares, de norte a sul do pa\u00eds. A solidariedade foi o mais importante rem\u00e9dio utilizado contra o medo e o desespero.<\/p>\n<p>Todos os cen\u00e1rios previstos a respeito do desgoverno cruel e fascista que ocupa o poder executivo do pa\u00eds conseguiram ser piores do que se pudesse imaginar.<\/p>\n<p>Economia em frangalhos, fome dilacerando os lares pobres, pre\u00e7o dos alimentos nas alturas, camponeses sem apoio para produzir alimentos, desemprego brutal rasgando a esperan\u00e7a de futuro da nossa juventude, natureza devastada com queimadas e desmatamentos e a persegui\u00e7\u00e3o ao povo negro cada vez mais escancarada e cruel, expondo a chaga do racismo estrutural.<\/p>\n<p>Uma enorme demonstra\u00e7\u00e3o de articula\u00e7\u00e3o e organiza\u00e7\u00e3o foi a elabora\u00e7\u00e3o e a luta por um Projeto de Lei para apoiar a produ\u00e7\u00e3o de alimentos. Transformou-se na Lei Assis Carvalho, mas o elemento que adentrou o Pal\u00e1cio do Planalto vetou, demonstrando o que realmente \u00e9, inimigo dos pobres e que pouco se importa com a fome e a vida do povo.<\/p>\n<p>Mas esta luta continua, pela derrubada dos vetos.<\/p>\n<p>A resist\u00eancia tamb\u00e9m continua. Luta pela vacina para retomar o caminho das ruas. Necessidade de forma\u00e7\u00e3o pol\u00edtica, reorganiza\u00e7\u00e3o das bases, comunica\u00e7\u00e3o popular de massa, encantamento da juventude com a luta por um mundo melhor.<\/p>\n<p>Tempos dif\u00edceis, tempos de luta.<\/p>\n<p>Luta para vacina\u00e7\u00e3o em massa, pelo SUS, gratuitamente. Luta contra a fome. Luta pelo emprego. Luta para fortalecer a agricultura camponesa na produ\u00e7\u00e3o de alimentos saud\u00e1veis. Luta para manter o direito de sonhar, pelo direito \u00e0 esperan\u00e7a.<\/p>\n<p>E a clareza de sempre: o caminho da esperan\u00e7a \u00e9 o caminho da organiza\u00e7\u00e3o e da luta.<\/p>\n","protected":false},"excerpt":{"rendered":"<p>Frei S\u00e9rgio G\u00f6rgen: o caminho da esperan\u00e7a \u00e9 o caminho da organiza\u00e7\u00e3o e da luta.<\/p>\n","protected":false},"author":3,"template":"","class_list":["post-3490","artigos","type-artigos","status-publish","hentry"],"acf":[],"yoast_head":"<!-- This site is optimized with the Yoast SEO plugin v27.2 - https:\/\/yoast.com\/product\/yoast-seo-wordpress\/ -->\n<title>Tempos Dif\u00edceis \u2013 Tempos de Luta - Instituto Cultural Padre Josimo<\/title>\n<meta name=\"robots\" content=\"index, follow, max-snippet:-1, max-image-preview:large, max-video-preview:-1\" \/>\n<link rel=\"canonical\" href=\"https:\/\/padrejosimo.com.br\/site\/artigos\/tempos-dificeis-tempos-de-luta\/\" \/>\n<meta property=\"og:locale\" content=\"pt_BR\" \/>\n<meta property=\"og:type\" content=\"article\" \/>\n<meta property=\"og:title\" content=\"Tempos Dif\u00edceis \u2013 Tempos de Luta - Instituto Cultural Padre Josimo\" \/>\n<meta property=\"og:description\" content=\"Frei S\u00e9rgio G\u00f6rgen: o caminho da esperan\u00e7a \u00e9 o caminho da organiza\u00e7\u00e3o e da luta.\" \/>\n<meta property=\"og:url\" content=\"https:\/\/padrejosimo.com.br\/site\/artigos\/tempos-dificeis-tempos-de-luta\/\" \/>\n<meta property=\"og:site_name\" content=\"Instituto Cultural Padre Josimo\" \/>\n<meta property=\"og:image\" content=\"https:\/\/padrejosimo.com.br\/site\/wp-content\/uploads\/2020\/12\/purple-flower-growing-crack-street-soft-focus-blank-text_34200-257.jpg\" \/>\n<meta name=\"twitter:card\" content=\"summary_large_image\" \/>\n<meta name=\"twitter:label1\" content=\"Est. tempo de leitura\" \/>\n\t<meta name=\"twitter:data1\" content=\"3 minutos\" \/>\n<script type=\"application\/ld+json\" class=\"yoast-schema-graph\">{\"@context\":\"https:\/\/schema.org\",\"@graph\":[{\"@type\":\"WebPage\",\"@id\":\"https:\/\/padrejosimo.com.br\/site\/artigos\/tempos-dificeis-tempos-de-luta\/\",\"url\":\"https:\/\/padrejosimo.com.br\/site\/artigos\/tempos-dificeis-tempos-de-luta\/\",\"name\":\"Tempos Dif\u00edceis \u2013 Tempos de Luta - Instituto Cultural Padre Josimo\",\"isPartOf\":{\"@id\":\"https:\/\/padrejosimo.com.br\/site\/#website\"},\"primaryImageOfPage\":{\"@id\":\"https:\/\/padrejosimo.com.br\/site\/artigos\/tempos-dificeis-tempos-de-luta\/#primaryimage\"},\"image\":{\"@id\":\"https:\/\/padrejosimo.com.br\/site\/artigos\/tempos-dificeis-tempos-de-luta\/#primaryimage\"},\"thumbnailUrl\":\"https:\/\/padrejosimo.com.br\/site\/wp-content\/uploads\/2020\/12\/purple-flower-growing-crack-street-soft-focus-blank-text_34200-257.jpg\",\"datePublished\":\"2020-12-31T23:42:02+00:00\",\"breadcrumb\":{\"@id\":\"https:\/\/padrejosimo.com.br\/site\/artigos\/tempos-dificeis-tempos-de-luta\/#breadcrumb\"},\"inLanguage\":\"pt-BR\",\"potentialAction\":[{\"@type\":\"ReadAction\",\"target\":[\"https:\/\/padrejosimo.com.br\/site\/artigos\/tempos-dificeis-tempos-de-luta\/\"]}]},{\"@type\":\"ImageObject\",\"inLanguage\":\"pt-BR\",\"@id\":\"https:\/\/padrejosimo.com.br\/site\/artigos\/tempos-dificeis-tempos-de-luta\/#primaryimage\",\"url\":\"https:\/\/padrejosimo.com.br\/site\/wp-content\/uploads\/2020\/12\/purple-flower-growing-crack-street-soft-focus-blank-text_34200-257.jpg\",\"contentUrl\":\"https:\/\/padrejosimo.com.br\/site\/wp-content\/uploads\/2020\/12\/purple-flower-growing-crack-street-soft-focus-blank-text_34200-257.jpg\",\"width\":626,\"height\":417},{\"@type\":\"BreadcrumbList\",\"@id\":\"https:\/\/padrejosimo.com.br\/site\/artigos\/tempos-dificeis-tempos-de-luta\/#breadcrumb\",\"itemListElement\":[{\"@type\":\"ListItem\",\"position\":1,\"name\":\"In\u00edcio\",\"item\":\"https:\/\/padrejosimo.com.br\/site\/\"},{\"@type\":\"ListItem\",\"position\":2,\"name\":\"Artigos\",\"item\":\"https:\/\/padrejosimo.com.br\/site\/artigos\/\"},{\"@type\":\"ListItem\",\"position\":3,\"name\":\"Tempos Dif\u00edceis \u2013 Tempos de Luta\"}]},{\"@type\":\"WebSite\",\"@id\":\"https:\/\/padrejosimo.com.br\/site\/#website\",\"url\":\"https:\/\/padrejosimo.com.br\/site\/\",\"name\":\"Instituto Cultural Padre Josimo\",\"description\":\"Comprometida com a promo\u00e7\u00e3o da justi\u00e7a social, agroecologia e educa\u00e7\u00e3o popular\",\"publisher\":{\"@id\":\"https:\/\/padrejosimo.com.br\/site\/#organization\"},\"alternateName\":\"ICPJ\",\"potentialAction\":[{\"@type\":\"SearchAction\",\"target\":{\"@type\":\"EntryPoint\",\"urlTemplate\":\"https:\/\/padrejosimo.com.br\/site\/?s={search_term_string}\"},\"query-input\":{\"@type\":\"PropertyValueSpecification\",\"valueRequired\":true,\"valueName\":\"search_term_string\"}}],\"inLanguage\":\"pt-BR\"},{\"@type\":\"Organization\",\"@id\":\"https:\/\/padrejosimo.com.br\/site\/#organization\",\"name\":\"Instituto Cultural Padre Josimo\",\"alternateName\":\"ICPJ\",\"url\":\"https:\/\/padrejosimo.com.br\/site\/\",\"logo\":{\"@type\":\"ImageObject\",\"inLanguage\":\"pt-BR\",\"@id\":\"https:\/\/padrejosimo.com.br\/site\/#\/schema\/logo\/image\/\",\"url\":\"https:\/\/padrejosimo.com.br\/site\/wp-content\/uploads\/2025\/09\/cropped-icon-icpj.png\",\"contentUrl\":\"https:\/\/padrejosimo.com.br\/site\/wp-content\/uploads\/2025\/09\/cropped-icon-icpj.png\",\"width\":512,\"height\":512,\"caption\":\"Instituto Cultural Padre Josimo\"},\"image\":{\"@id\":\"https:\/\/padrejosimo.com.br\/site\/#\/schema\/logo\/image\/\"}}]}<\/script>\n<!-- \/ Yoast SEO plugin. -->","yoast_head_json":{"title":"Tempos Dif\u00edceis \u2013 Tempos de Luta - Instituto Cultural Padre Josimo","robots":{"index":"index","follow":"follow","max-snippet":"max-snippet:-1","max-image-preview":"max-image-preview:large","max-video-preview":"max-video-preview:-1"},"canonical":"https:\/\/padrejosimo.com.br\/site\/artigos\/tempos-dificeis-tempos-de-luta\/","og_locale":"pt_BR","og_type":"article","og_title":"Tempos Dif\u00edceis \u2013 Tempos de Luta - Instituto Cultural Padre Josimo","og_description":"Frei S\u00e9rgio G\u00f6rgen: o caminho da esperan\u00e7a \u00e9 o caminho da organiza\u00e7\u00e3o e da luta.","og_url":"https:\/\/padrejosimo.com.br\/site\/artigos\/tempos-dificeis-tempos-de-luta\/","og_site_name":"Instituto Cultural Padre Josimo","og_image":[{"url":"https:\/\/padrejosimo.com.br\/site\/wp-content\/uploads\/2020\/12\/purple-flower-growing-crack-street-soft-focus-blank-text_34200-257.jpg","type":"","width":"","height":""}],"twitter_card":"summary_large_image","twitter_misc":{"Est. tempo de leitura":"3 minutos"},"schema":{"@context":"https:\/\/schema.org","@graph":[{"@type":"WebPage","@id":"https:\/\/padrejosimo.com.br\/site\/artigos\/tempos-dificeis-tempos-de-luta\/","url":"https:\/\/padrejosimo.com.br\/site\/artigos\/tempos-dificeis-tempos-de-luta\/","name":"Tempos Dif\u00edceis \u2013 Tempos de Luta - Instituto Cultural Padre Josimo","isPartOf":{"@id":"https:\/\/padrejosimo.com.br\/site\/#website"},"primaryImageOfPage":{"@id":"https:\/\/padrejosimo.com.br\/site\/artigos\/tempos-dificeis-tempos-de-luta\/#primaryimage"},"image":{"@id":"https:\/\/padrejosimo.com.br\/site\/artigos\/tempos-dificeis-tempos-de-luta\/#primaryimage"},"thumbnailUrl":"https:\/\/padrejosimo.com.br\/site\/wp-content\/uploads\/2020\/12\/purple-flower-growing-crack-street-soft-focus-blank-text_34200-257.jpg","datePublished":"2020-12-31T23:42:02+00:00","breadcrumb":{"@id":"https:\/\/padrejosimo.com.br\/site\/artigos\/tempos-dificeis-tempos-de-luta\/#breadcrumb"},"inLanguage":"pt-BR","potentialAction":[{"@type":"ReadAction","target":["https:\/\/padrejosimo.com.br\/site\/artigos\/tempos-dificeis-tempos-de-luta\/"]}]},{"@type":"ImageObject","inLanguage":"pt-BR","@id":"https:\/\/padrejosimo.com.br\/site\/artigos\/tempos-dificeis-tempos-de-luta\/#primaryimage","url":"https:\/\/padrejosimo.com.br\/site\/wp-content\/uploads\/2020\/12\/purple-flower-growing-crack-street-soft-focus-blank-text_34200-257.jpg","contentUrl":"https:\/\/padrejosimo.com.br\/site\/wp-content\/uploads\/2020\/12\/purple-flower-growing-crack-street-soft-focus-blank-text_34200-257.jpg","width":626,"height":417},{"@type":"BreadcrumbList","@id":"https:\/\/padrejosimo.com.br\/site\/artigos\/tempos-dificeis-tempos-de-luta\/#breadcrumb","itemListElement":[{"@type":"ListItem","position":1,"name":"In\u00edcio","item":"https:\/\/padrejosimo.com.br\/site\/"},{"@type":"ListItem","position":2,"name":"Artigos","item":"https:\/\/padrejosimo.com.br\/site\/artigos\/"},{"@type":"ListItem","position":3,"name":"Tempos Dif\u00edceis \u2013 Tempos de Luta"}]},{"@type":"WebSite","@id":"https:\/\/padrejosimo.com.br\/site\/#website","url":"https:\/\/padrejosimo.com.br\/site\/","name":"Instituto Cultural Padre Josimo","description":"Comprometida com a promo\u00e7\u00e3o da justi\u00e7a social, agroecologia e educa\u00e7\u00e3o popular","publisher":{"@id":"https:\/\/padrejosimo.com.br\/site\/#organization"},"alternateName":"ICPJ","potentialAction":[{"@type":"SearchAction","target":{"@type":"EntryPoint","urlTemplate":"https:\/\/padrejosimo.com.br\/site\/?s={search_term_string}"},"query-input":{"@type":"PropertyValueSpecification","valueRequired":true,"valueName":"search_term_string"}}],"inLanguage":"pt-BR"},{"@type":"Organization","@id":"https:\/\/padrejosimo.com.br\/site\/#organization","name":"Instituto Cultural Padre Josimo","alternateName":"ICPJ","url":"https:\/\/padrejosimo.com.br\/site\/","logo":{"@type":"ImageObject","inLanguage":"pt-BR","@id":"https:\/\/padrejosimo.com.br\/site\/#\/schema\/logo\/image\/","url":"https:\/\/padrejosimo.com.br\/site\/wp-content\/uploads\/2025\/09\/cropped-icon-icpj.png","contentUrl":"https:\/\/padrejosimo.com.br\/site\/wp-content\/uploads\/2025\/09\/cropped-icon-icpj.png","width":512,"height":512,"caption":"Instituto Cultural Padre Josimo"},"image":{"@id":"https:\/\/padrejosimo.com.br\/site\/#\/schema\/logo\/image\/"}}]}},"_links":{"self":[{"href":"https:\/\/padrejosimo.com.br\/site\/wp-json\/wp\/v2\/artigos\/3490","targetHints":{"allow":["GET"]}}],"collection":[{"href":"https:\/\/padrejosimo.com.br\/site\/wp-json\/wp\/v2\/artigos"}],"about":[{"href":"https:\/\/padrejosimo.com.br\/site\/wp-json\/wp\/v2\/types\/artigos"}],"author":[{"embeddable":true,"href":"https:\/\/padrejosimo.com.br\/site\/wp-json\/wp\/v2\/users\/3"}],"wp:attachment":[{"href":"https:\/\/padrejosimo.com.br\/site\/wp-json\/wp\/v2\/media?parent=3490"}],"curies":[{"name":"wp","href":"https:\/\/api.w.org\/{rel}","templated":true}]}}