{"id":3260,"date":"2020-07-25T16:16:57","date_gmt":"2020-07-25T19:16:57","guid":{"rendered":"https:\/\/padrejosimo.com.br\/site\/?post_type=artigos&#038;p=3260"},"modified":"2020-07-25T16:16:57","modified_gmt":"2020-07-25T19:16:57","slug":"artigo-dia-do-agricultor-e-da-agricultora","status":"publish","type":"artigos","link":"https:\/\/padrejosimo.com.br\/site\/artigos\/artigo-dia-do-agricultor-e-da-agricultora\/","title":{"rendered":"Artigo | Dia do Agricultor e da Agricultora"},"content":{"rendered":"<blockquote>\n<p><strong><em>Frei S\u00e9rgio G\u00f6rgen<\/em><\/strong><\/p>\n<p><em>Frade Franciscano, militante do MPA, autor de \u201cTrincheiras da Resist\u00eancia Campoesa<\/em><\/p>\n<\/blockquote>\n<p><img fetchpriority=\"high\" decoding=\"async\" class=\" wp-image-3261 aligncenter\" src=\"https:\/\/padrejosimo.com.br\/site\/wp-content\/uploads\/2020\/07\/AGRICULTOR-E-AGRICULTORA-1024x768.jpg\" alt=\"\" width=\"675\" height=\"506\" srcset=\"https:\/\/padrejosimo.com.br\/site\/wp-content\/uploads\/2020\/07\/AGRICULTOR-E-AGRICULTORA-1024x768.jpg 1024w, https:\/\/padrejosimo.com.br\/site\/wp-content\/uploads\/2020\/07\/AGRICULTOR-E-AGRICULTORA-300x225.jpg 300w, https:\/\/padrejosimo.com.br\/site\/wp-content\/uploads\/2020\/07\/AGRICULTOR-E-AGRICULTORA-768x576.jpg 768w, https:\/\/padrejosimo.com.br\/site\/wp-content\/uploads\/2020\/07\/AGRICULTOR-E-AGRICULTORA-1536x1151.jpg 1536w, https:\/\/padrejosimo.com.br\/site\/wp-content\/uploads\/2020\/07\/AGRICULTOR-E-AGRICULTORA-2048x1535.jpg 2048w\" sizes=\"(max-width: 675px) 100vw, 675px\" \/><\/p>\n<p>Ao lembrar e celebrar, neste 25 de julho, o dia dedicado aos que produzem o alimento que chega em nossas mesas, os milh\u00f5es de camponesas e camponeses de todo o Brasil, nestes tempos de pandemia, fome, desrespeito por quem trabalha, amea\u00e7as a direitos e \u00e0s liberdades, muitas ideias e recorda\u00e7\u00f5es nos vem ao cora\u00e7\u00e3o e \u00e0 mente.<\/p>\n<p>Produzir alimentos n\u00e3o \u00e9 simplesmente uma profiss\u00e3o. \u00c9 uma miss\u00e3o. Produzir alimentos saud\u00e1veis n\u00e3o \u00e9 simplesmente uma t\u00e9cnica. \u00c9 uma arte. Produzir alimentos respeitando e interagindo com o meio ambiente, n\u00e3o \u00e9 simplesmente uma ci\u00eancia. \u00c9 uma sabedoria.<\/p>\n<p>Conviver com as intemp\u00e9ries do tempo e come\u00e7ar sempre de novo n\u00e3o \u00e9 simplesmente uma teimosia. \u00c9 cultivar esperan\u00e7a. Gostar de conviver com a natureza e produzir em harmonia com ela n\u00e3o \u00e9 simplesmente ser agroecologista. \u00c9 amor \u00e0 vida.<\/p>\n<p>Quem enfrenta chuva, frio, seca, incertezas, incompreens\u00f5es, preconceitos, desprezos, governos ruins e governos ausentes, e assim mesmo resiste e persiste, para cuidar da terra e produzir alimentos, \u00e9 mais que um simples ser humano. \u00c9 um ser lutador.<\/p>\n<p>Cultivar h\u00e1bitos comunit\u00e1rios e costumes coletivos n\u00e3o \u00e9 s\u00f3 tradi\u00e7\u00e3o cultural. \u00c9 crer na solidariedade. Admirar a lua, contemplar as estrelas, ouvir com gosto o cantar dos p\u00e1ssaros, deleitar-se ao som da viola, \u00e9 mais que artista. \u00c9 poesia ao natural.<\/p>\n<p>Preservar e cuidar sementes crioulas, ra\u00e7as caipiras e mudas nativas, em ambiente adverso e dif\u00edcil, press\u00f5es e combates de todos os lados, \u00e9 mais que um capricho preservacionista. \u00c9 a dura luta para manter puras algumas fontes, sem as quais, n\u00e3o se ter\u00e1 meios para resgatar a alimenta\u00e7\u00e3o saud\u00e1vel.<\/p>\n<p>Tudo isto e muito mais, s\u00e3o e fazem os her\u00f3is e hero\u00ednas sem medalhas que se espalham pelos campos e pequenas cidades deste imenso Brasil, estendendo \u00e0 mesa do povo Brasileiro mais de 70% do entra em sua boca para alimentar o seu corpo.<\/p>\n<p>Lembro dois fatos que muito me impressionaram ao longo de minha trajet\u00f3ria pessoal. Um faz tempo. Outro foi h\u00e1 poucos dias.<\/p>\n<p>Convidado pelas educadoras, fui a uma escola do campo no munic\u00edpio de J\u00falio de Castilhos, no Assentamento Ramada. Interagindo com as crian\u00e7as, perguntei:<\/p>\n<p>&#8211; Quem domesticou plantas da natureza transformando elas em alimentos para nosso uso?<\/p>\n<p>Um intr\u00e9pido menino levantou o dedo e respondeu:<\/p>\n<p>&#8211; Foi o cientista.<\/p>\n<p>A resposta me tomou de surpresa. N\u00e3o esperava. Fiquei confuso. Meu c\u00e9rebro girou a mil.<\/p>\n<p>O primeiro pensamento. \u201cH\u00e1 uma concep\u00e7\u00e3o difusa na m\u00eddia e na escola que tudo nasce em laborat\u00f3rio, da m\u00e3o de algum cientista\u201d.<\/p>\n<p>Mas me veio um segundo pensamento e expressei diante de incr\u00e9dulas crian\u00e7as.<\/p>\n<p>&#8211; Sim, foi um cientista. Mais correto, uma cientista. S\u00f3 que este cientista n\u00e3o est\u00e1 num laborat\u00f3rio com roupa branca e \u00f3culos redondo ca\u00eddo em cima do nariz. Voc\u00ea conhece este cientista. Mora perto de voc\u00ea. \u00c9 teu pai e tua m\u00e3e. Tem m\u00e3os calejadas. Tira leite. Planta feij\u00e3o. Te abra\u00e7a, te beija.<\/p>\n<p>E expliquei, com curiosas perguntas:<\/p>\n<p>&#8211; De onde veio o trigo?<\/p>\n<p>&#8211; Camponesas negras da \u00c1frica, nas margens do Rio Nilo, domesticaram o trigo.<\/p>\n<p>&#8211; De onde veio o milho?<\/p>\n<p>&#8211; Ind\u00edgenas do M\u00e9xico, milhares de anos atr\u00e1s, fizeram do milho um alimento para todos n\u00f3s.<\/p>\n<p>&#8211; E a mandioca? E a batata?<\/p>\n<p>&#8211; Mandioca vem dos \u00edndios do Brasil. Batata vem dos \u00edndios dos Andes, Bol\u00edvia e Peru.<\/p>\n<p>&#8211; E a salsa, frei?<\/p>\n<p>&#8211; A maioria dos temperos e das hortali\u00e7as foram agricultoras e agricultores que cultivaram pela primeira vez ao redor do Mar Mediterr\u00e2neo.<\/p>\n<p>E assim fomos, alegremente, vendo o quanto estes\/as cientistas fizeram ao longo da hist\u00f3ria humana, come\u00e7ando com as mulheres observando como nasciam e cresciam as sementes jogadas em seus p\u00e1tios, muito nos antigamente.<\/p>\n<p>O outro fato. Visito o campon\u00eas Jo\u00e3o Maria, no Assentamento Jaguar\u00e3o, no limite entre os munic\u00edpios de Hulha Negra e Acegu\u00e1, onde colhia milho crioulo para sementes. Jo\u00e3o Maria \u00e9 hist\u00f3rico lutador do MST. Muito lutou para chegar ao lote onde mora e continua militante e dirigente do Movimento.<\/p>\n<p>A estiagem foi bruta na regi\u00e3o este ano e a maioria das sementes se perderam ou renderam pouco. Mas ele plantou numa v\u00e1rzea e mesmo com pouca chuva, havia o que colher.<\/p>\n<p>&#8211; Oh, Jo\u00e3o Maria&#8230; Como voc\u00ea conseguiu produzir milho com esta baita seca?<\/p>\n<p>A resposta me arrepiou.<\/p>\n<p>&#8211; Frei, eu planto com capricho. S\u00f3 planto semente pura. Quando termino de plantar, atiro meu chap\u00e9u no ch\u00e3o, me ajoelho, olho pr\u00e1 cima e digo: \u201cMeu Deus, eu fiz a minha parte, plantei, vou cuidar, agora me d\u00ea o que eu mere\u00e7o\u201d. E atirou seu insepar\u00e1vel bon\u00e9 do MST no ch\u00e3o da terra, refazendo seu gesto.<\/p>\n<p>A f\u00e9, em suas v\u00e1ria formas e express\u00f5es, \u00e9 companheira insepar\u00e1vel destes resistentes, hero\u00ednas e her\u00f3is, cientistas da natureza, t\u00e3o necess\u00e1rios \u00e0 toda a humanidade, nestes tempos bicudos em que vivemos. Talvez por isto tenham tanta fibra, tanta esperan\u00e7a, tanta for\u00e7a m\u00edstica, tanta beleza po\u00e9tica em seu viver, mesmo enfrentando tantas injusti\u00e7as.<\/p>\n<p>Por isto que, Quem alimenta o Brasil, tem o direito de EXIGIR RESPEITO.<\/p>\n","protected":false},"excerpt":{"rendered":"<p>Frei S\u00e9rgio: &#8220;Produzir alimentos n\u00e3o \u00e9 simplesmente uma profiss\u00e3o. \u00c9 uma miss\u00e3o.&#8221;<\/p>\n","protected":false},"author":3,"template":"","class_list":["post-3260","artigos","type-artigos","status-publish","hentry"],"acf":[],"yoast_head":"<!-- This site is optimized with the Yoast SEO plugin v27.2 - https:\/\/yoast.com\/product\/yoast-seo-wordpress\/ -->\n<title>Artigo | Dia do Agricultor e da Agricultora - Instituto Cultural Padre Josimo<\/title>\n<meta name=\"robots\" content=\"index, follow, max-snippet:-1, max-image-preview:large, max-video-preview:-1\" \/>\n<link rel=\"canonical\" href=\"https:\/\/padrejosimo.com.br\/site\/artigos\/artigo-dia-do-agricultor-e-da-agricultora\/\" \/>\n<meta property=\"og:locale\" content=\"pt_BR\" \/>\n<meta property=\"og:type\" content=\"article\" \/>\n<meta property=\"og:title\" content=\"Artigo | Dia do Agricultor e da Agricultora - Instituto Cultural Padre Josimo\" \/>\n<meta property=\"og:description\" content=\"Frei S\u00e9rgio: &quot;Produzir alimentos n\u00e3o \u00e9 simplesmente uma profiss\u00e3o. \u00c9 uma miss\u00e3o.&quot;\" \/>\n<meta property=\"og:url\" content=\"https:\/\/padrejosimo.com.br\/site\/artigos\/artigo-dia-do-agricultor-e-da-agricultora\/\" \/>\n<meta property=\"og:site_name\" content=\"Instituto Cultural Padre Josimo\" \/>\n<meta property=\"og:image\" content=\"https:\/\/padrejosimo.com.br\/site\/wp-content\/uploads\/2020\/07\/AGRICULTOR-E-AGRICULTORA-1024x768.jpg\" \/>\n<meta name=\"twitter:card\" content=\"summary_large_image\" \/>\n<meta name=\"twitter:label1\" content=\"Est. tempo de leitura\" \/>\n\t<meta name=\"twitter:data1\" content=\"5 minutos\" \/>\n<script type=\"application\/ld+json\" class=\"yoast-schema-graph\">{\"@context\":\"https:\/\/schema.org\",\"@graph\":[{\"@type\":\"WebPage\",\"@id\":\"https:\/\/padrejosimo.com.br\/site\/artigos\/artigo-dia-do-agricultor-e-da-agricultora\/\",\"url\":\"https:\/\/padrejosimo.com.br\/site\/artigos\/artigo-dia-do-agricultor-e-da-agricultora\/\",\"name\":\"Artigo | Dia do Agricultor e da Agricultora - Instituto Cultural Padre Josimo\",\"isPartOf\":{\"@id\":\"https:\/\/padrejosimo.com.br\/site\/#website\"},\"primaryImageOfPage\":{\"@id\":\"https:\/\/padrejosimo.com.br\/site\/artigos\/artigo-dia-do-agricultor-e-da-agricultora\/#primaryimage\"},\"image\":{\"@id\":\"https:\/\/padrejosimo.com.br\/site\/artigos\/artigo-dia-do-agricultor-e-da-agricultora\/#primaryimage\"},\"thumbnailUrl\":\"https:\/\/padrejosimo.com.br\/site\/wp-content\/uploads\/2020\/07\/AGRICULTOR-E-AGRICULTORA-1024x768.jpg\",\"datePublished\":\"2020-07-25T19:16:57+00:00\",\"breadcrumb\":{\"@id\":\"https:\/\/padrejosimo.com.br\/site\/artigos\/artigo-dia-do-agricultor-e-da-agricultora\/#breadcrumb\"},\"inLanguage\":\"pt-BR\",\"potentialAction\":[{\"@type\":\"ReadAction\",\"target\":[\"https:\/\/padrejosimo.com.br\/site\/artigos\/artigo-dia-do-agricultor-e-da-agricultora\/\"]}]},{\"@type\":\"ImageObject\",\"inLanguage\":\"pt-BR\",\"@id\":\"https:\/\/padrejosimo.com.br\/site\/artigos\/artigo-dia-do-agricultor-e-da-agricultora\/#primaryimage\",\"url\":\"https:\/\/padrejosimo.com.br\/site\/wp-content\/uploads\/2020\/07\/AGRICULTOR-E-AGRICULTORA-scaled.jpg\",\"contentUrl\":\"https:\/\/padrejosimo.com.br\/site\/wp-content\/uploads\/2020\/07\/AGRICULTOR-E-AGRICULTORA-scaled.jpg\",\"width\":2560,\"height\":1919},{\"@type\":\"BreadcrumbList\",\"@id\":\"https:\/\/padrejosimo.com.br\/site\/artigos\/artigo-dia-do-agricultor-e-da-agricultora\/#breadcrumb\",\"itemListElement\":[{\"@type\":\"ListItem\",\"position\":1,\"name\":\"In\u00edcio\",\"item\":\"https:\/\/padrejosimo.com.br\/site\/\"},{\"@type\":\"ListItem\",\"position\":2,\"name\":\"Artigos\",\"item\":\"https:\/\/padrejosimo.com.br\/site\/artigos\/\"},{\"@type\":\"ListItem\",\"position\":3,\"name\":\"Artigo | Dia do Agricultor e da Agricultora\"}]},{\"@type\":\"WebSite\",\"@id\":\"https:\/\/padrejosimo.com.br\/site\/#website\",\"url\":\"https:\/\/padrejosimo.com.br\/site\/\",\"name\":\"Instituto Cultural Padre Josimo\",\"description\":\"Comprometida com a promo\u00e7\u00e3o da justi\u00e7a social, agroecologia e educa\u00e7\u00e3o popular\",\"publisher\":{\"@id\":\"https:\/\/padrejosimo.com.br\/site\/#organization\"},\"alternateName\":\"ICPJ\",\"potentialAction\":[{\"@type\":\"SearchAction\",\"target\":{\"@type\":\"EntryPoint\",\"urlTemplate\":\"https:\/\/padrejosimo.com.br\/site\/?s={search_term_string}\"},\"query-input\":{\"@type\":\"PropertyValueSpecification\",\"valueRequired\":true,\"valueName\":\"search_term_string\"}}],\"inLanguage\":\"pt-BR\"},{\"@type\":\"Organization\",\"@id\":\"https:\/\/padrejosimo.com.br\/site\/#organization\",\"name\":\"Instituto Cultural Padre Josimo\",\"alternateName\":\"ICPJ\",\"url\":\"https:\/\/padrejosimo.com.br\/site\/\",\"logo\":{\"@type\":\"ImageObject\",\"inLanguage\":\"pt-BR\",\"@id\":\"https:\/\/padrejosimo.com.br\/site\/#\/schema\/logo\/image\/\",\"url\":\"https:\/\/padrejosimo.com.br\/site\/wp-content\/uploads\/2025\/09\/cropped-icon-icpj.png\",\"contentUrl\":\"https:\/\/padrejosimo.com.br\/site\/wp-content\/uploads\/2025\/09\/cropped-icon-icpj.png\",\"width\":512,\"height\":512,\"caption\":\"Instituto Cultural Padre Josimo\"},\"image\":{\"@id\":\"https:\/\/padrejosimo.com.br\/site\/#\/schema\/logo\/image\/\"}}]}<\/script>\n<!-- \/ Yoast SEO plugin. -->","yoast_head_json":{"title":"Artigo | Dia do Agricultor e da Agricultora - Instituto Cultural Padre Josimo","robots":{"index":"index","follow":"follow","max-snippet":"max-snippet:-1","max-image-preview":"max-image-preview:large","max-video-preview":"max-video-preview:-1"},"canonical":"https:\/\/padrejosimo.com.br\/site\/artigos\/artigo-dia-do-agricultor-e-da-agricultora\/","og_locale":"pt_BR","og_type":"article","og_title":"Artigo | Dia do Agricultor e da Agricultora - Instituto Cultural Padre Josimo","og_description":"Frei S\u00e9rgio: \"Produzir alimentos n\u00e3o \u00e9 simplesmente uma profiss\u00e3o. \u00c9 uma miss\u00e3o.\"","og_url":"https:\/\/padrejosimo.com.br\/site\/artigos\/artigo-dia-do-agricultor-e-da-agricultora\/","og_site_name":"Instituto Cultural Padre Josimo","og_image":[{"url":"https:\/\/padrejosimo.com.br\/site\/wp-content\/uploads\/2020\/07\/AGRICULTOR-E-AGRICULTORA-1024x768.jpg","type":"","width":"","height":""}],"twitter_card":"summary_large_image","twitter_misc":{"Est. tempo de leitura":"5 minutos"},"schema":{"@context":"https:\/\/schema.org","@graph":[{"@type":"WebPage","@id":"https:\/\/padrejosimo.com.br\/site\/artigos\/artigo-dia-do-agricultor-e-da-agricultora\/","url":"https:\/\/padrejosimo.com.br\/site\/artigos\/artigo-dia-do-agricultor-e-da-agricultora\/","name":"Artigo | Dia do Agricultor e da Agricultora - Instituto Cultural Padre Josimo","isPartOf":{"@id":"https:\/\/padrejosimo.com.br\/site\/#website"},"primaryImageOfPage":{"@id":"https:\/\/padrejosimo.com.br\/site\/artigos\/artigo-dia-do-agricultor-e-da-agricultora\/#primaryimage"},"image":{"@id":"https:\/\/padrejosimo.com.br\/site\/artigos\/artigo-dia-do-agricultor-e-da-agricultora\/#primaryimage"},"thumbnailUrl":"https:\/\/padrejosimo.com.br\/site\/wp-content\/uploads\/2020\/07\/AGRICULTOR-E-AGRICULTORA-1024x768.jpg","datePublished":"2020-07-25T19:16:57+00:00","breadcrumb":{"@id":"https:\/\/padrejosimo.com.br\/site\/artigos\/artigo-dia-do-agricultor-e-da-agricultora\/#breadcrumb"},"inLanguage":"pt-BR","potentialAction":[{"@type":"ReadAction","target":["https:\/\/padrejosimo.com.br\/site\/artigos\/artigo-dia-do-agricultor-e-da-agricultora\/"]}]},{"@type":"ImageObject","inLanguage":"pt-BR","@id":"https:\/\/padrejosimo.com.br\/site\/artigos\/artigo-dia-do-agricultor-e-da-agricultora\/#primaryimage","url":"https:\/\/padrejosimo.com.br\/site\/wp-content\/uploads\/2020\/07\/AGRICULTOR-E-AGRICULTORA-scaled.jpg","contentUrl":"https:\/\/padrejosimo.com.br\/site\/wp-content\/uploads\/2020\/07\/AGRICULTOR-E-AGRICULTORA-scaled.jpg","width":2560,"height":1919},{"@type":"BreadcrumbList","@id":"https:\/\/padrejosimo.com.br\/site\/artigos\/artigo-dia-do-agricultor-e-da-agricultora\/#breadcrumb","itemListElement":[{"@type":"ListItem","position":1,"name":"In\u00edcio","item":"https:\/\/padrejosimo.com.br\/site\/"},{"@type":"ListItem","position":2,"name":"Artigos","item":"https:\/\/padrejosimo.com.br\/site\/artigos\/"},{"@type":"ListItem","position":3,"name":"Artigo | Dia do Agricultor e da Agricultora"}]},{"@type":"WebSite","@id":"https:\/\/padrejosimo.com.br\/site\/#website","url":"https:\/\/padrejosimo.com.br\/site\/","name":"Instituto Cultural Padre Josimo","description":"Comprometida com a promo\u00e7\u00e3o da justi\u00e7a social, agroecologia e educa\u00e7\u00e3o popular","publisher":{"@id":"https:\/\/padrejosimo.com.br\/site\/#organization"},"alternateName":"ICPJ","potentialAction":[{"@type":"SearchAction","target":{"@type":"EntryPoint","urlTemplate":"https:\/\/padrejosimo.com.br\/site\/?s={search_term_string}"},"query-input":{"@type":"PropertyValueSpecification","valueRequired":true,"valueName":"search_term_string"}}],"inLanguage":"pt-BR"},{"@type":"Organization","@id":"https:\/\/padrejosimo.com.br\/site\/#organization","name":"Instituto Cultural Padre Josimo","alternateName":"ICPJ","url":"https:\/\/padrejosimo.com.br\/site\/","logo":{"@type":"ImageObject","inLanguage":"pt-BR","@id":"https:\/\/padrejosimo.com.br\/site\/#\/schema\/logo\/image\/","url":"https:\/\/padrejosimo.com.br\/site\/wp-content\/uploads\/2025\/09\/cropped-icon-icpj.png","contentUrl":"https:\/\/padrejosimo.com.br\/site\/wp-content\/uploads\/2025\/09\/cropped-icon-icpj.png","width":512,"height":512,"caption":"Instituto Cultural Padre Josimo"},"image":{"@id":"https:\/\/padrejosimo.com.br\/site\/#\/schema\/logo\/image\/"}}]}},"_links":{"self":[{"href":"https:\/\/padrejosimo.com.br\/site\/wp-json\/wp\/v2\/artigos\/3260","targetHints":{"allow":["GET"]}}],"collection":[{"href":"https:\/\/padrejosimo.com.br\/site\/wp-json\/wp\/v2\/artigos"}],"about":[{"href":"https:\/\/padrejosimo.com.br\/site\/wp-json\/wp\/v2\/types\/artigos"}],"author":[{"embeddable":true,"href":"https:\/\/padrejosimo.com.br\/site\/wp-json\/wp\/v2\/users\/3"}],"wp:attachment":[{"href":"https:\/\/padrejosimo.com.br\/site\/wp-json\/wp\/v2\/media?parent=3260"}],"curies":[{"name":"wp","href":"https:\/\/api.w.org\/{rel}","templated":true}]}}