{"id":3253,"date":"2020-07-22T15:12:03","date_gmt":"2020-07-22T18:12:03","guid":{"rendered":"https:\/\/padrejosimo.com.br\/site\/?post_type=artigos&#038;p=3253"},"modified":"2020-07-22T15:15:23","modified_gmt":"2020-07-22T18:15:23","slug":"artigo-uma-lei-para-evitar-a-fome","status":"publish","type":"artigos","link":"https:\/\/padrejosimo.com.br\/site\/artigos\/artigo-uma-lei-para-evitar-a-fome\/","title":{"rendered":"Artigo | Uma lei para evitar a fome"},"content":{"rendered":"<p><img fetchpriority=\"high\" decoding=\"async\" class=\"size-full wp-image-3249 aligncenter\" src=\"https:\/\/padrejosimo.com.br\/site\/wp-content\/uploads\/2020\/07\/PLAGRICULTURACAMPONESA.jpeg\" alt=\"\" width=\"535\" height=\"395\" srcset=\"https:\/\/padrejosimo.com.br\/site\/wp-content\/uploads\/2020\/07\/PLAGRICULTURACAMPONESA.jpeg 535w, https:\/\/padrejosimo.com.br\/site\/wp-content\/uploads\/2020\/07\/PLAGRICULTURACAMPONESA-300x221.jpeg 300w\" sizes=\"(max-width: 535px) 100vw, 535px\" \/><\/p>\n<blockquote>\n<p><em>Frei S\u00e9rgio Ant\u00f4nio G\u00f6rgen ofm*<\/em><\/p>\n<\/blockquote>\n<p>A C\u00e2mara dos Deputados, num momento importante de sintonia com os anseios da popula\u00e7\u00e3o brasileira, aprovou o Projeto de Lei da Agricultura Familiar (PL 735\/2020) em 20\/07\/20, sintetizando e ampliando 26 propostas de diferentes parlamentares, com ampla participa\u00e7\u00e3o dos Movimentos Sociais e Sindicais do Campo e forte protagonismo dos\/as parlamentares de esquerda, com relatoria do Deputado Z\u00e9 Silva (SD\/MG). Foi batizada com Lei Assis Carvalho, em homenagem ao grande deputado federal do PT do Piau\u00ed, falecido recentemente. Vai agora para o Senado da Rep\u00fablica, onde tamb\u00e9m se espera aprova\u00e7\u00e3o. Depois uma luta para san\u00e7\u00e3o sem vetos e agilidade na implementa\u00e7\u00e3o. Batalhas duras ainda pela frente.<\/p>\n<p>Esta lei vai beneficiar fam\u00edlias de pequenos agricultores, fam\u00edlias camponesas, assentados, quilombolas, pescadores, extrativistas e ind\u00edgenas no Brasil todo. Contribuir\u00e1 para aumentar significativamente a oferta de alimentos no pa\u00eds, evitando simultaneamente, a fome e a infla\u00e7\u00e3o dos alimentos, abastecendo as cidades. Evitar\u00e1 nova onda de \u00eaxodo rural, que, sob todos os aspectos, seria desastroso para a vida do nosso povo.<\/p>\n<p>Produzir a subsist\u00eancia alimentar para o auto-consumo familiar, que ser\u00e1 poss\u00edvel com o \u201cFomento Produtivo\u201d aprovado na Lei, j\u00e1 ter\u00e1 um impacto social inimagin\u00e1vel. \u00a0A soma dos instrumentos de pol\u00edtica p\u00fablica para o campo consagrados na Lei \u2013 fomento, cr\u00e9dito emergencial, garantia safra, programa alimentar emergencial, constru\u00e7\u00e3o de cisternas, solu\u00e7\u00e3o para endividamento, destaque para atividades produtivas das mulheres \u2013 ser\u00e3o importantes para a povo trabalhador do campo enfrentar a pandemia.<\/p>\n<p>Ter\u00e1 grande import\u00e2ncia tamb\u00e9m na amplia\u00e7\u00e3o da oferta de alimentos, diminuindo o risco da fome e da infla\u00e7\u00e3o. Mas ter\u00e1 tamb\u00e9m enorme impacto na dinamiza\u00e7\u00e3o da economia dos munic\u00edpios do interior do Brasil. O campon\u00eas aplica o recurso que recebe no munic\u00edpio onde mora. Com isto, ativa o com\u00e9rcio local, gera emprego, salva pequenas empresa de efeitos mais graves da crise. A Lei vai manter empregos e diminuir o desemprego.<\/p>\n<p>Vai, inclusive, aumentar a arrecada\u00e7\u00e3o dos Estados e Munic\u00edpios com a melhoria da atividade econ\u00f4mica. Um grande passo e um alento de esperan\u00e7a entre tantos desastres e um genoc\u00eddio em andamento, com pol\u00edticas genocidas no comando do executivo da Rep\u00fablica.<\/p>\n<p>Esta conquista \u00e9 fruto de unidade pol\u00edtica, capacidade de formula\u00e7\u00e3o, a\u00e7\u00f5es t\u00e1ticas bem calibradas, articula\u00e7\u00e3o entre luta social e luta parlamentar. Mais que uma conquista material important\u00edssima, uma vit\u00f3ria pol\u00edtica.<\/p>\n<p>&nbsp;<\/p>\n<blockquote>\n<p><em>*Frade Franciscano, militante do MPA, autor de \u201cTrincheiras da Resist\u00eancia Camponesa\u201d.<\/em><\/p>\n<\/blockquote>\n","protected":false},"excerpt":{"rendered":"<p>A aprova\u00e7\u00e3o do PL735 na C\u00e2mara \u00e9 fruto de unidade pol\u00edtica, capacidade de formula\u00e7\u00e3o, a\u00e7\u00f5es t\u00e1ticas bem calibradas, articula\u00e7\u00e3o entre luta social e luta parlamentar. Mais que uma conquista material important\u00edssima, uma vit\u00f3ria pol\u00edtica.<\/p>\n","protected":false},"author":3,"template":"","class_list":["post-3253","artigos","type-artigos","status-publish","hentry"],"acf":[],"yoast_head":"<!-- This site is optimized with the Yoast SEO plugin v27.2 - https:\/\/yoast.com\/product\/yoast-seo-wordpress\/ -->\n<title>Artigo | Uma lei para evitar a fome - Instituto Cultural Padre Josimo<\/title>\n<meta name=\"robots\" content=\"index, follow, max-snippet:-1, max-image-preview:large, max-video-preview:-1\" \/>\n<link rel=\"canonical\" href=\"https:\/\/padrejosimo.com.br\/site\/artigos\/artigo-uma-lei-para-evitar-a-fome\/\" \/>\n<meta property=\"og:locale\" content=\"pt_BR\" \/>\n<meta property=\"og:type\" content=\"article\" \/>\n<meta property=\"og:title\" content=\"Artigo | Uma lei para evitar a fome - Instituto Cultural Padre Josimo\" \/>\n<meta property=\"og:description\" content=\"A aprova\u00e7\u00e3o do PL735 na C\u00e2mara \u00e9 fruto de unidade pol\u00edtica, capacidade de formula\u00e7\u00e3o, a\u00e7\u00f5es t\u00e1ticas bem calibradas, articula\u00e7\u00e3o entre luta social e luta parlamentar. Mais que uma conquista material important\u00edssima, uma vit\u00f3ria pol\u00edtica.\" \/>\n<meta property=\"og:url\" content=\"https:\/\/padrejosimo.com.br\/site\/artigos\/artigo-uma-lei-para-evitar-a-fome\/\" \/>\n<meta property=\"og:site_name\" content=\"Instituto Cultural Padre Josimo\" \/>\n<meta property=\"article:modified_time\" content=\"2020-07-22T18:15:23+00:00\" \/>\n<meta property=\"og:image\" content=\"https:\/\/padrejosimo.com.br\/site\/wp-content\/uploads\/2020\/07\/PLAGRICULTURACAMPONESA.jpeg\" \/>\n<meta name=\"twitter:card\" content=\"summary_large_image\" \/>\n<meta name=\"twitter:label1\" content=\"Est. tempo de leitura\" \/>\n\t<meta name=\"twitter:data1\" content=\"2 minutos\" \/>\n<script type=\"application\/ld+json\" class=\"yoast-schema-graph\">{\"@context\":\"https:\/\/schema.org\",\"@graph\":[{\"@type\":\"WebPage\",\"@id\":\"https:\/\/padrejosimo.com.br\/site\/artigos\/artigo-uma-lei-para-evitar-a-fome\/\",\"url\":\"https:\/\/padrejosimo.com.br\/site\/artigos\/artigo-uma-lei-para-evitar-a-fome\/\",\"name\":\"Artigo | Uma lei para evitar a fome - Instituto Cultural Padre Josimo\",\"isPartOf\":{\"@id\":\"https:\/\/padrejosimo.com.br\/site\/#website\"},\"primaryImageOfPage\":{\"@id\":\"https:\/\/padrejosimo.com.br\/site\/artigos\/artigo-uma-lei-para-evitar-a-fome\/#primaryimage\"},\"image\":{\"@id\":\"https:\/\/padrejosimo.com.br\/site\/artigos\/artigo-uma-lei-para-evitar-a-fome\/#primaryimage\"},\"thumbnailUrl\":\"https:\/\/padrejosimo.com.br\/site\/wp-content\/uploads\/2020\/07\/PLAGRICULTURACAMPONESA.jpeg\",\"datePublished\":\"2020-07-22T18:12:03+00:00\",\"dateModified\":\"2020-07-22T18:15:23+00:00\",\"breadcrumb\":{\"@id\":\"https:\/\/padrejosimo.com.br\/site\/artigos\/artigo-uma-lei-para-evitar-a-fome\/#breadcrumb\"},\"inLanguage\":\"pt-BR\",\"potentialAction\":[{\"@type\":\"ReadAction\",\"target\":[\"https:\/\/padrejosimo.com.br\/site\/artigos\/artigo-uma-lei-para-evitar-a-fome\/\"]}]},{\"@type\":\"ImageObject\",\"inLanguage\":\"pt-BR\",\"@id\":\"https:\/\/padrejosimo.com.br\/site\/artigos\/artigo-uma-lei-para-evitar-a-fome\/#primaryimage\",\"url\":\"https:\/\/padrejosimo.com.br\/site\/wp-content\/uploads\/2020\/07\/PLAGRICULTURACAMPONESA.jpeg\",\"contentUrl\":\"https:\/\/padrejosimo.com.br\/site\/wp-content\/uploads\/2020\/07\/PLAGRICULTURACAMPONESA.jpeg\",\"width\":535,\"height\":395},{\"@type\":\"BreadcrumbList\",\"@id\":\"https:\/\/padrejosimo.com.br\/site\/artigos\/artigo-uma-lei-para-evitar-a-fome\/#breadcrumb\",\"itemListElement\":[{\"@type\":\"ListItem\",\"position\":1,\"name\":\"In\u00edcio\",\"item\":\"https:\/\/padrejosimo.com.br\/site\/\"},{\"@type\":\"ListItem\",\"position\":2,\"name\":\"Artigos\",\"item\":\"https:\/\/padrejosimo.com.br\/site\/artigos\/\"},{\"@type\":\"ListItem\",\"position\":3,\"name\":\"Artigo | Uma lei para evitar a fome\"}]},{\"@type\":\"WebSite\",\"@id\":\"https:\/\/padrejosimo.com.br\/site\/#website\",\"url\":\"https:\/\/padrejosimo.com.br\/site\/\",\"name\":\"Instituto Cultural Padre Josimo\",\"description\":\"Comprometida com a promo\u00e7\u00e3o da justi\u00e7a social, agroecologia e educa\u00e7\u00e3o popular\",\"publisher\":{\"@id\":\"https:\/\/padrejosimo.com.br\/site\/#organization\"},\"alternateName\":\"ICPJ\",\"potentialAction\":[{\"@type\":\"SearchAction\",\"target\":{\"@type\":\"EntryPoint\",\"urlTemplate\":\"https:\/\/padrejosimo.com.br\/site\/?s={search_term_string}\"},\"query-input\":{\"@type\":\"PropertyValueSpecification\",\"valueRequired\":true,\"valueName\":\"search_term_string\"}}],\"inLanguage\":\"pt-BR\"},{\"@type\":\"Organization\",\"@id\":\"https:\/\/padrejosimo.com.br\/site\/#organization\",\"name\":\"Instituto Cultural Padre Josimo\",\"alternateName\":\"ICPJ\",\"url\":\"https:\/\/padrejosimo.com.br\/site\/\",\"logo\":{\"@type\":\"ImageObject\",\"inLanguage\":\"pt-BR\",\"@id\":\"https:\/\/padrejosimo.com.br\/site\/#\/schema\/logo\/image\/\",\"url\":\"https:\/\/padrejosimo.com.br\/site\/wp-content\/uploads\/2025\/09\/cropped-icon-icpj.png\",\"contentUrl\":\"https:\/\/padrejosimo.com.br\/site\/wp-content\/uploads\/2025\/09\/cropped-icon-icpj.png\",\"width\":512,\"height\":512,\"caption\":\"Instituto Cultural Padre Josimo\"},\"image\":{\"@id\":\"https:\/\/padrejosimo.com.br\/site\/#\/schema\/logo\/image\/\"}}]}<\/script>\n<!-- \/ Yoast SEO plugin. -->","yoast_head_json":{"title":"Artigo | Uma lei para evitar a fome - Instituto Cultural Padre Josimo","robots":{"index":"index","follow":"follow","max-snippet":"max-snippet:-1","max-image-preview":"max-image-preview:large","max-video-preview":"max-video-preview:-1"},"canonical":"https:\/\/padrejosimo.com.br\/site\/artigos\/artigo-uma-lei-para-evitar-a-fome\/","og_locale":"pt_BR","og_type":"article","og_title":"Artigo | Uma lei para evitar a fome - Instituto Cultural Padre Josimo","og_description":"A aprova\u00e7\u00e3o do PL735 na C\u00e2mara \u00e9 fruto de unidade pol\u00edtica, capacidade de formula\u00e7\u00e3o, a\u00e7\u00f5es t\u00e1ticas bem calibradas, articula\u00e7\u00e3o entre luta social e luta parlamentar. Mais que uma conquista material important\u00edssima, uma vit\u00f3ria pol\u00edtica.","og_url":"https:\/\/padrejosimo.com.br\/site\/artigos\/artigo-uma-lei-para-evitar-a-fome\/","og_site_name":"Instituto Cultural Padre Josimo","article_modified_time":"2020-07-22T18:15:23+00:00","og_image":[{"url":"https:\/\/padrejosimo.com.br\/site\/wp-content\/uploads\/2020\/07\/PLAGRICULTURACAMPONESA.jpeg","type":"","width":"","height":""}],"twitter_card":"summary_large_image","twitter_misc":{"Est. tempo de leitura":"2 minutos"},"schema":{"@context":"https:\/\/schema.org","@graph":[{"@type":"WebPage","@id":"https:\/\/padrejosimo.com.br\/site\/artigos\/artigo-uma-lei-para-evitar-a-fome\/","url":"https:\/\/padrejosimo.com.br\/site\/artigos\/artigo-uma-lei-para-evitar-a-fome\/","name":"Artigo | Uma lei para evitar a fome - Instituto Cultural Padre Josimo","isPartOf":{"@id":"https:\/\/padrejosimo.com.br\/site\/#website"},"primaryImageOfPage":{"@id":"https:\/\/padrejosimo.com.br\/site\/artigos\/artigo-uma-lei-para-evitar-a-fome\/#primaryimage"},"image":{"@id":"https:\/\/padrejosimo.com.br\/site\/artigos\/artigo-uma-lei-para-evitar-a-fome\/#primaryimage"},"thumbnailUrl":"https:\/\/padrejosimo.com.br\/site\/wp-content\/uploads\/2020\/07\/PLAGRICULTURACAMPONESA.jpeg","datePublished":"2020-07-22T18:12:03+00:00","dateModified":"2020-07-22T18:15:23+00:00","breadcrumb":{"@id":"https:\/\/padrejosimo.com.br\/site\/artigos\/artigo-uma-lei-para-evitar-a-fome\/#breadcrumb"},"inLanguage":"pt-BR","potentialAction":[{"@type":"ReadAction","target":["https:\/\/padrejosimo.com.br\/site\/artigos\/artigo-uma-lei-para-evitar-a-fome\/"]}]},{"@type":"ImageObject","inLanguage":"pt-BR","@id":"https:\/\/padrejosimo.com.br\/site\/artigos\/artigo-uma-lei-para-evitar-a-fome\/#primaryimage","url":"https:\/\/padrejosimo.com.br\/site\/wp-content\/uploads\/2020\/07\/PLAGRICULTURACAMPONESA.jpeg","contentUrl":"https:\/\/padrejosimo.com.br\/site\/wp-content\/uploads\/2020\/07\/PLAGRICULTURACAMPONESA.jpeg","width":535,"height":395},{"@type":"BreadcrumbList","@id":"https:\/\/padrejosimo.com.br\/site\/artigos\/artigo-uma-lei-para-evitar-a-fome\/#breadcrumb","itemListElement":[{"@type":"ListItem","position":1,"name":"In\u00edcio","item":"https:\/\/padrejosimo.com.br\/site\/"},{"@type":"ListItem","position":2,"name":"Artigos","item":"https:\/\/padrejosimo.com.br\/site\/artigos\/"},{"@type":"ListItem","position":3,"name":"Artigo | Uma lei para evitar a fome"}]},{"@type":"WebSite","@id":"https:\/\/padrejosimo.com.br\/site\/#website","url":"https:\/\/padrejosimo.com.br\/site\/","name":"Instituto Cultural Padre Josimo","description":"Comprometida com a promo\u00e7\u00e3o da justi\u00e7a social, agroecologia e educa\u00e7\u00e3o popular","publisher":{"@id":"https:\/\/padrejosimo.com.br\/site\/#organization"},"alternateName":"ICPJ","potentialAction":[{"@type":"SearchAction","target":{"@type":"EntryPoint","urlTemplate":"https:\/\/padrejosimo.com.br\/site\/?s={search_term_string}"},"query-input":{"@type":"PropertyValueSpecification","valueRequired":true,"valueName":"search_term_string"}}],"inLanguage":"pt-BR"},{"@type":"Organization","@id":"https:\/\/padrejosimo.com.br\/site\/#organization","name":"Instituto Cultural Padre Josimo","alternateName":"ICPJ","url":"https:\/\/padrejosimo.com.br\/site\/","logo":{"@type":"ImageObject","inLanguage":"pt-BR","@id":"https:\/\/padrejosimo.com.br\/site\/#\/schema\/logo\/image\/","url":"https:\/\/padrejosimo.com.br\/site\/wp-content\/uploads\/2025\/09\/cropped-icon-icpj.png","contentUrl":"https:\/\/padrejosimo.com.br\/site\/wp-content\/uploads\/2025\/09\/cropped-icon-icpj.png","width":512,"height":512,"caption":"Instituto Cultural Padre Josimo"},"image":{"@id":"https:\/\/padrejosimo.com.br\/site\/#\/schema\/logo\/image\/"}}]}},"_links":{"self":[{"href":"https:\/\/padrejosimo.com.br\/site\/wp-json\/wp\/v2\/artigos\/3253","targetHints":{"allow":["GET"]}}],"collection":[{"href":"https:\/\/padrejosimo.com.br\/site\/wp-json\/wp\/v2\/artigos"}],"about":[{"href":"https:\/\/padrejosimo.com.br\/site\/wp-json\/wp\/v2\/types\/artigos"}],"author":[{"embeddable":true,"href":"https:\/\/padrejosimo.com.br\/site\/wp-json\/wp\/v2\/users\/3"}],"wp:attachment":[{"href":"https:\/\/padrejosimo.com.br\/site\/wp-json\/wp\/v2\/media?parent=3253"}],"curies":[{"name":"wp","href":"https:\/\/api.w.org\/{rel}","templated":true}]}}