{"id":3246,"date":"2020-07-22T09:17:54","date_gmt":"2020-07-22T12:17:54","guid":{"rendered":"https:\/\/padrejosimo.com.br\/site\/?post_type=artigos&#038;p=3246"},"modified":"2020-07-22T09:17:54","modified_gmt":"2020-07-22T12:17:54","slug":"artigo-nole-mi-tangere","status":"publish","type":"artigos","link":"https:\/\/padrejosimo.com.br\/site\/artigos\/artigo-nole-mi-tangere\/","title":{"rendered":"Artigo | Nole mi tangere!"},"content":{"rendered":"<p><em><strong>Frei Vanildo Luiz Zugno OFMCap<\/strong><\/em><\/p>\n<p><img fetchpriority=\"high\" decoding=\"async\" class=\"size-full wp-image-3247 aligncenter\" src=\"https:\/\/padrejosimo.com.br\/site\/wp-content\/uploads\/2020\/07\/1-jL3lmv-wRM6HYbqVp4aJsA.jpeg\" alt=\"\" width=\"705\" height=\"488\" srcset=\"https:\/\/padrejosimo.com.br\/site\/wp-content\/uploads\/2020\/07\/1-jL3lmv-wRM6HYbqVp4aJsA.jpeg 705w, https:\/\/padrejosimo.com.br\/site\/wp-content\/uploads\/2020\/07\/1-jL3lmv-wRM6HYbqVp4aJsA-300x208.jpeg 300w\" sizes=\"(max-width: 705px) 100vw, 705px\" \/><\/p>\n<p>&nbsp;<\/p>\n<p data-adtags-visited=\"true\">Dia 22 de julho a Igreja celebra Santa Maria Madalena. E o faz com uma festa. Dentro das categorias lit\u00fargicas, \u00e9 o modo mais elevado de lembrar um santo, no caso, uma santa. A eleva\u00e7\u00e3o de categoria lit\u00fargica de Maria Madalena aconteceu em 2016 por decis\u00e3o do Papa Francisco. At\u00e9 ent\u00e3o, celebrava-se apenas a mem\u00f3ria desta mulher.<\/p>\n<p data-adtags-visited=\"true\">A decis\u00e3o n\u00e3o foi uma inova\u00e7\u00e3o. Na Idade M\u00e9dia, v\u00e1rios te\u00f3logos, inclu\u00eddo Santo Tom\u00e1s de Aquino, a chamaram de \u201cap\u00f3stola dos ap\u00f3stolos\u201d. T\u00edtulo mais do que merecido pois, segundo os Evangelhos, foi a encarregada por Jesus de anunciar a ressurrei\u00e7\u00e3o aos outros disc\u00edpulos.<\/p>\n<p data-adtags-visited=\"true\">Ela fazia parte do grupo dos seguidores e seguidoras do Mestre desde a Galileia. Juntamente com Joana, mulher de Cuza, procurador de Herodes, Susana e muitas outras, elas sustentavam o grupo com seus bens. Eram mulheres poderosas e independentes que, contrariando as tradi\u00e7\u00f5es e leis, abandonaram tudo para seguir Jesus.<\/p>\n<p data-adtags-visited=\"true\">Maria Madalena \u00e9 uma das personagens mais frequentes nos evangelhos. Quatorze vezes \u00e9 citada nominalmente. Acompanhou Jesus at\u00e9 Jerusal\u00e9m e, junto com a m\u00e3e de Jesus e as outras mulheres, foi das poucas que presenciaram a crucifica\u00e7\u00e3o.<\/p>\n<p data-adtags-visited=\"true\">Al\u00e9m de disc\u00edpula fiel e ap\u00f3stola de primeira hora, a \u00fanica informa\u00e7\u00e3o que dela nos d\u00e3o os evangelhos \u00e9 que foi libertada de sete dem\u00f4nios. Em linguagem b\u00edblica, era uma pessoa que sofria muito e, no encontro com Jesus, foi libertada. De que ela sofria? Os evangelhos nada dizem.<\/p>\n<p data-adtags-visited=\"true\">Por que ent\u00e3o a tradi\u00e7\u00e3o associou Maria Madalena a uma prostituta? \u00c9 uma boa pergunta\u2026 A primeira vez que isso aconteceu foi num serm\u00e3o de S\u00e3o Greg\u00f3rio Magno, pronunciado no ano de 591 d.C. No serm\u00e3o, o Papa confunde a Madalena com a mulher ad\u00faltera e com a Maria que lavou os p\u00e9s de Jesus com suas l\u00e1grimas. Uma indevida liga\u00e7\u00e3o que que se perpetuou em serm\u00f5es e obras de arte e chegou at\u00e9 o cinema contempor\u00e2neo.<\/p>\n<p data-adtags-visited=\"true\">E mais: por que durante s\u00e9culos tal associa\u00e7\u00e3o foi aceita acriticamente? Tamb\u00e9m \u00e9 uma boa pergunta\u2026 N\u00e3o sei se tenho uma boa resposta para as duas boas perguntas. Mas tenho, no m\u00ednimo, uma suspeita: a dificuldade, tanto na Igreja como na sociedade, em aceitar o protagonismo das. S\u00e3o Greg\u00f3rio Magno, em seu serm\u00e3o, j\u00e1 deixou a dica. Maria, a M\u00e3e de Jesus, era o modelo de mulher submissa. Madalena, a de mulher independente que se arrepende e passa a ser submissa.<\/p>\n<p data-adtags-visited=\"true\">S\u00e3o Jo\u00e3o Paulo II, na Enc\u00edclica sobre a Dignidade da Mulher, lembra que estamos em outros tempos e precisamos reconhecer a dignidade e protagonismo das mulheres na sociedade e na Igreja. Nessa mudan\u00e7a, \u00e9 preciso ouvir das mulheres de hoje, aquilo que Jesus disse outrora a Maria de Magdala: \u201c<em>Noli me tangere!<\/em> N\u00e3o me detenhas!\u201d Elas pedem passagem.<\/p>\n<p data-adtags-visited=\"true\"><em>*Imagem: \u201cNole mi tangere!\u201d de Fra Angelico (c. 1440).<\/em><\/p>\n","protected":false},"excerpt":{"rendered":"<p>Frei Zugno: &#8220;Precisamos reconhecer a dignidade e protagonismo das mulheres na sociedade e na Igreja. \u00c9 preciso ouvir das mulheres de hoje, aquilo que Jesus disse outrora a Maria de Magdala: Noli me tangere! N\u00e3o me detenhas! Elas pedem passagem&#8221;.<\/p>\n","protected":false},"author":20,"template":"","class_list":["post-3246","artigos","type-artigos","status-publish","hentry"],"acf":[],"yoast_head":"<!-- This site is optimized with the Yoast SEO plugin v27.2 - https:\/\/yoast.com\/product\/yoast-seo-wordpress\/ -->\n<title>Artigo | Nole mi tangere! - Instituto Cultural Padre Josimo<\/title>\n<meta name=\"robots\" content=\"index, follow, max-snippet:-1, max-image-preview:large, max-video-preview:-1\" \/>\n<link rel=\"canonical\" href=\"https:\/\/padrejosimo.com.br\/site\/artigos\/artigo-nole-mi-tangere\/\" \/>\n<meta property=\"og:locale\" content=\"pt_BR\" \/>\n<meta property=\"og:type\" content=\"article\" \/>\n<meta property=\"og:title\" content=\"Artigo | Nole mi tangere! - Instituto Cultural Padre Josimo\" \/>\n<meta property=\"og:description\" content=\"Frei Zugno: &quot;Precisamos reconhecer a dignidade e protagonismo das mulheres na sociedade e na Igreja. \u00c9 preciso ouvir das mulheres de hoje, aquilo que Jesus disse outrora a Maria de Magdala: Noli me tangere! N\u00e3o me detenhas! Elas pedem passagem&quot;.\" \/>\n<meta property=\"og:url\" content=\"https:\/\/padrejosimo.com.br\/site\/artigos\/artigo-nole-mi-tangere\/\" \/>\n<meta property=\"og:site_name\" content=\"Instituto Cultural Padre Josimo\" \/>\n<meta property=\"og:image\" content=\"https:\/\/padrejosimo.com.br\/site\/wp-content\/uploads\/2020\/07\/1-jL3lmv-wRM6HYbqVp4aJsA.jpeg\" \/>\n<meta name=\"twitter:card\" content=\"summary_large_image\" \/>\n<meta name=\"twitter:label1\" content=\"Est. tempo de leitura\" \/>\n\t<meta name=\"twitter:data1\" content=\"3 minutos\" \/>\n<script type=\"application\/ld+json\" class=\"yoast-schema-graph\">{\"@context\":\"https:\/\/schema.org\",\"@graph\":[{\"@type\":\"WebPage\",\"@id\":\"https:\/\/padrejosimo.com.br\/site\/artigos\/artigo-nole-mi-tangere\/\",\"url\":\"https:\/\/padrejosimo.com.br\/site\/artigos\/artigo-nole-mi-tangere\/\",\"name\":\"Artigo | Nole mi tangere! - Instituto Cultural Padre Josimo\",\"isPartOf\":{\"@id\":\"https:\/\/padrejosimo.com.br\/site\/#website\"},\"primaryImageOfPage\":{\"@id\":\"https:\/\/padrejosimo.com.br\/site\/artigos\/artigo-nole-mi-tangere\/#primaryimage\"},\"image\":{\"@id\":\"https:\/\/padrejosimo.com.br\/site\/artigos\/artigo-nole-mi-tangere\/#primaryimage\"},\"thumbnailUrl\":\"https:\/\/padrejosimo.com.br\/site\/wp-content\/uploads\/2020\/07\/1-jL3lmv-wRM6HYbqVp4aJsA.jpeg\",\"datePublished\":\"2020-07-22T12:17:54+00:00\",\"breadcrumb\":{\"@id\":\"https:\/\/padrejosimo.com.br\/site\/artigos\/artigo-nole-mi-tangere\/#breadcrumb\"},\"inLanguage\":\"pt-BR\",\"potentialAction\":[{\"@type\":\"ReadAction\",\"target\":[\"https:\/\/padrejosimo.com.br\/site\/artigos\/artigo-nole-mi-tangere\/\"]}]},{\"@type\":\"ImageObject\",\"inLanguage\":\"pt-BR\",\"@id\":\"https:\/\/padrejosimo.com.br\/site\/artigos\/artigo-nole-mi-tangere\/#primaryimage\",\"url\":\"https:\/\/padrejosimo.com.br\/site\/wp-content\/uploads\/2020\/07\/1-jL3lmv-wRM6HYbqVp4aJsA.jpeg\",\"contentUrl\":\"https:\/\/padrejosimo.com.br\/site\/wp-content\/uploads\/2020\/07\/1-jL3lmv-wRM6HYbqVp4aJsA.jpeg\",\"width\":705,\"height\":488},{\"@type\":\"BreadcrumbList\",\"@id\":\"https:\/\/padrejosimo.com.br\/site\/artigos\/artigo-nole-mi-tangere\/#breadcrumb\",\"itemListElement\":[{\"@type\":\"ListItem\",\"position\":1,\"name\":\"In\u00edcio\",\"item\":\"https:\/\/padrejosimo.com.br\/site\/\"},{\"@type\":\"ListItem\",\"position\":2,\"name\":\"Artigos\",\"item\":\"https:\/\/padrejosimo.com.br\/site\/artigos\/\"},{\"@type\":\"ListItem\",\"position\":3,\"name\":\"Artigo | Nole mi tangere!\"}]},{\"@type\":\"WebSite\",\"@id\":\"https:\/\/padrejosimo.com.br\/site\/#website\",\"url\":\"https:\/\/padrejosimo.com.br\/site\/\",\"name\":\"Instituto Cultural Padre Josimo\",\"description\":\"Comprometida com a promo\u00e7\u00e3o da justi\u00e7a social, agroecologia e educa\u00e7\u00e3o popular\",\"publisher\":{\"@id\":\"https:\/\/padrejosimo.com.br\/site\/#organization\"},\"alternateName\":\"ICPJ\",\"potentialAction\":[{\"@type\":\"SearchAction\",\"target\":{\"@type\":\"EntryPoint\",\"urlTemplate\":\"https:\/\/padrejosimo.com.br\/site\/?s={search_term_string}\"},\"query-input\":{\"@type\":\"PropertyValueSpecification\",\"valueRequired\":true,\"valueName\":\"search_term_string\"}}],\"inLanguage\":\"pt-BR\"},{\"@type\":\"Organization\",\"@id\":\"https:\/\/padrejosimo.com.br\/site\/#organization\",\"name\":\"Instituto Cultural Padre Josimo\",\"alternateName\":\"ICPJ\",\"url\":\"https:\/\/padrejosimo.com.br\/site\/\",\"logo\":{\"@type\":\"ImageObject\",\"inLanguage\":\"pt-BR\",\"@id\":\"https:\/\/padrejosimo.com.br\/site\/#\/schema\/logo\/image\/\",\"url\":\"https:\/\/padrejosimo.com.br\/site\/wp-content\/uploads\/2025\/09\/cropped-icon-icpj.png\",\"contentUrl\":\"https:\/\/padrejosimo.com.br\/site\/wp-content\/uploads\/2025\/09\/cropped-icon-icpj.png\",\"width\":512,\"height\":512,\"caption\":\"Instituto Cultural Padre Josimo\"},\"image\":{\"@id\":\"https:\/\/padrejosimo.com.br\/site\/#\/schema\/logo\/image\/\"}}]}<\/script>\n<!-- \/ Yoast SEO plugin. -->","yoast_head_json":{"title":"Artigo | Nole mi tangere! - Instituto Cultural Padre Josimo","robots":{"index":"index","follow":"follow","max-snippet":"max-snippet:-1","max-image-preview":"max-image-preview:large","max-video-preview":"max-video-preview:-1"},"canonical":"https:\/\/padrejosimo.com.br\/site\/artigos\/artigo-nole-mi-tangere\/","og_locale":"pt_BR","og_type":"article","og_title":"Artigo | Nole mi tangere! - Instituto Cultural Padre Josimo","og_description":"Frei Zugno: \"Precisamos reconhecer a dignidade e protagonismo das mulheres na sociedade e na Igreja. \u00c9 preciso ouvir das mulheres de hoje, aquilo que Jesus disse outrora a Maria de Magdala: Noli me tangere! N\u00e3o me detenhas! Elas pedem passagem\".","og_url":"https:\/\/padrejosimo.com.br\/site\/artigos\/artigo-nole-mi-tangere\/","og_site_name":"Instituto Cultural Padre Josimo","og_image":[{"url":"https:\/\/padrejosimo.com.br\/site\/wp-content\/uploads\/2020\/07\/1-jL3lmv-wRM6HYbqVp4aJsA.jpeg","type":"","width":"","height":""}],"twitter_card":"summary_large_image","twitter_misc":{"Est. tempo de leitura":"3 minutos"},"schema":{"@context":"https:\/\/schema.org","@graph":[{"@type":"WebPage","@id":"https:\/\/padrejosimo.com.br\/site\/artigos\/artigo-nole-mi-tangere\/","url":"https:\/\/padrejosimo.com.br\/site\/artigos\/artigo-nole-mi-tangere\/","name":"Artigo | Nole mi tangere! - Instituto Cultural Padre Josimo","isPartOf":{"@id":"https:\/\/padrejosimo.com.br\/site\/#website"},"primaryImageOfPage":{"@id":"https:\/\/padrejosimo.com.br\/site\/artigos\/artigo-nole-mi-tangere\/#primaryimage"},"image":{"@id":"https:\/\/padrejosimo.com.br\/site\/artigos\/artigo-nole-mi-tangere\/#primaryimage"},"thumbnailUrl":"https:\/\/padrejosimo.com.br\/site\/wp-content\/uploads\/2020\/07\/1-jL3lmv-wRM6HYbqVp4aJsA.jpeg","datePublished":"2020-07-22T12:17:54+00:00","breadcrumb":{"@id":"https:\/\/padrejosimo.com.br\/site\/artigos\/artigo-nole-mi-tangere\/#breadcrumb"},"inLanguage":"pt-BR","potentialAction":[{"@type":"ReadAction","target":["https:\/\/padrejosimo.com.br\/site\/artigos\/artigo-nole-mi-tangere\/"]}]},{"@type":"ImageObject","inLanguage":"pt-BR","@id":"https:\/\/padrejosimo.com.br\/site\/artigos\/artigo-nole-mi-tangere\/#primaryimage","url":"https:\/\/padrejosimo.com.br\/site\/wp-content\/uploads\/2020\/07\/1-jL3lmv-wRM6HYbqVp4aJsA.jpeg","contentUrl":"https:\/\/padrejosimo.com.br\/site\/wp-content\/uploads\/2020\/07\/1-jL3lmv-wRM6HYbqVp4aJsA.jpeg","width":705,"height":488},{"@type":"BreadcrumbList","@id":"https:\/\/padrejosimo.com.br\/site\/artigos\/artigo-nole-mi-tangere\/#breadcrumb","itemListElement":[{"@type":"ListItem","position":1,"name":"In\u00edcio","item":"https:\/\/padrejosimo.com.br\/site\/"},{"@type":"ListItem","position":2,"name":"Artigos","item":"https:\/\/padrejosimo.com.br\/site\/artigos\/"},{"@type":"ListItem","position":3,"name":"Artigo | Nole mi tangere!"}]},{"@type":"WebSite","@id":"https:\/\/padrejosimo.com.br\/site\/#website","url":"https:\/\/padrejosimo.com.br\/site\/","name":"Instituto Cultural Padre Josimo","description":"Comprometida com a promo\u00e7\u00e3o da justi\u00e7a social, agroecologia e educa\u00e7\u00e3o popular","publisher":{"@id":"https:\/\/padrejosimo.com.br\/site\/#organization"},"alternateName":"ICPJ","potentialAction":[{"@type":"SearchAction","target":{"@type":"EntryPoint","urlTemplate":"https:\/\/padrejosimo.com.br\/site\/?s={search_term_string}"},"query-input":{"@type":"PropertyValueSpecification","valueRequired":true,"valueName":"search_term_string"}}],"inLanguage":"pt-BR"},{"@type":"Organization","@id":"https:\/\/padrejosimo.com.br\/site\/#organization","name":"Instituto Cultural Padre Josimo","alternateName":"ICPJ","url":"https:\/\/padrejosimo.com.br\/site\/","logo":{"@type":"ImageObject","inLanguage":"pt-BR","@id":"https:\/\/padrejosimo.com.br\/site\/#\/schema\/logo\/image\/","url":"https:\/\/padrejosimo.com.br\/site\/wp-content\/uploads\/2025\/09\/cropped-icon-icpj.png","contentUrl":"https:\/\/padrejosimo.com.br\/site\/wp-content\/uploads\/2025\/09\/cropped-icon-icpj.png","width":512,"height":512,"caption":"Instituto Cultural Padre Josimo"},"image":{"@id":"https:\/\/padrejosimo.com.br\/site\/#\/schema\/logo\/image\/"}}]}},"_links":{"self":[{"href":"https:\/\/padrejosimo.com.br\/site\/wp-json\/wp\/v2\/artigos\/3246","targetHints":{"allow":["GET"]}}],"collection":[{"href":"https:\/\/padrejosimo.com.br\/site\/wp-json\/wp\/v2\/artigos"}],"about":[{"href":"https:\/\/padrejosimo.com.br\/site\/wp-json\/wp\/v2\/types\/artigos"}],"author":[{"embeddable":true,"href":"https:\/\/padrejosimo.com.br\/site\/wp-json\/wp\/v2\/users\/20"}],"wp:attachment":[{"href":"https:\/\/padrejosimo.com.br\/site\/wp-json\/wp\/v2\/media?parent=3246"}],"curies":[{"name":"wp","href":"https:\/\/api.w.org\/{rel}","templated":true}]}}