{"id":3218,"date":"2020-07-09T04:56:19","date_gmt":"2020-07-09T07:56:19","guid":{"rendered":"https:\/\/padrejosimo.com.br\/site\/?post_type=artigos&#038;p=3218"},"modified":"2020-07-09T04:56:19","modified_gmt":"2020-07-09T07:56:19","slug":"artigo-tragedia-e-esperanca-em-tempos-de-pandemia","status":"publish","type":"artigos","link":"https:\/\/padrejosimo.com.br\/site\/artigos\/artigo-tragedia-e-esperanca-em-tempos-de-pandemia\/","title":{"rendered":"Artigo | Trag\u00e9dia e esperan\u00e7a em tempos de pandemia"},"content":{"rendered":"<p><img fetchpriority=\"high\" decoding=\"async\" class=\"size-full wp-image-3219 aligncenter\" src=\"https:\/\/padrejosimo.com.br\/site\/wp-content\/uploads\/2020\/07\/concept-covid19-coronavirus-pandemic-with-falling-chain-like-domino-game-contagion-infection-progression-cyan-wall_207634-187.jpg\" alt=\"\" width=\"626\" height=\"417\" srcset=\"https:\/\/padrejosimo.com.br\/site\/wp-content\/uploads\/2020\/07\/concept-covid19-coronavirus-pandemic-with-falling-chain-like-domino-game-contagion-infection-progression-cyan-wall_207634-187.jpg 626w, https:\/\/padrejosimo.com.br\/site\/wp-content\/uploads\/2020\/07\/concept-covid19-coronavirus-pandemic-with-falling-chain-like-domino-game-contagion-infection-progression-cyan-wall_207634-187-300x200.jpg 300w\" sizes=\"(max-width: 626px) 100vw, 626px\" \/><\/p>\n<blockquote>\n<p>&nbsp;<\/p>\n<p><em><strong>Dom Reginaldo Andrietta<\/strong><\/em><br \/>\n<em>Bispo de Jales<\/em><\/p>\n<\/blockquote>\n<p>Poucos meses apenas, ap\u00f3s os primeiros casos de contamina\u00e7\u00e3o da COVID-19 no Brasil, chegamos a um n\u00famero alarmante de mortos. Se esse v\u00edrus surgiu e se alastrou no mundo por neglig\u00eancia humana, um \u00f3bito por esse motivo j\u00e1 seria demasiado, pois a vida de cada pessoa \u00e9 infinitamente preciosa. As a\u00e7\u00f5es da Organiza\u00e7\u00e3o Mundial da Sa\u00fade para combater esse v\u00edrus s\u00e3o valiosas, mas est\u00e3o sendo suficientes? Os Estados Nacionais e todos os segmentos da sociedade est\u00e3o adotando medidas condizentes e coerentes para salvar vidas?<\/p>\n<p>Evidentemente, a responsabilidade primeira por cuidar da vida \u00e9 de cada indiv\u00edduo. No entanto, quanto mais uma pessoa assume fun\u00e7\u00f5es de lideran\u00e7a nas esferas familiar, profissional, empresarial, educacional, associativa, comunit\u00e1ria, cultural, comunicativa, religiosa, econ\u00f4mica e pol\u00edtica, mais pesa sobre ela a responsabilidade \u00e9tica por medidas em defesa da vida. Pesam sobre os governos das na\u00e7\u00f5es, especialmente as mais ricas, sobre a Organiza\u00e7\u00e3o das Na\u00e7\u00f5es Unidas e sobre as grandes corpora\u00e7\u00f5es econ\u00f4micas, responsabilidades maiores.<\/p>\n<p>Algumas na\u00e7\u00f5es j\u00e1 passaram pelo pior momento da pandemia. O Brasil, hoje, \u00e9 seu epicentro. Aqui, a cat\u00e1strofe anuncia-se maior. A dissemina\u00e7\u00e3o comunit\u00e1ria \u00e9 alt\u00edssima e acelera-se descontroladamente. O \u201cgenoc\u00eddio\u201d alertado pelo Papa Francisco na carta que escreveu \u00e0 Associa\u00e7\u00e3o Pan-Americana de Ju\u00edzes para os Direitos Sociais, no \u00faltimo dia 28 de mar\u00e7o, \u00e9 hoje realidade. Interesses econ\u00f4micos influenciam distintas inst\u00e2ncias de governo, sobrepondo-se \u00e0s vidas humanas que se perdem por falta de medidas sensatas e honestas.<\/p>\n<p>A desonestidade \u00e9 tamanha a ponto de muitos gestores p\u00fablicos demonstrarem que medidas reais de controle comprometeriam seus interesses eleitorais. Grande parte do povo, de algum modo, desinformado, ing\u00eanuo, manipulado, exclu\u00eddo de participa\u00e7\u00e3o e muitas vezes reprimido, se torna ref\u00e9m desses interesses mesquinhos. As consequ\u00eancias dessa situa\u00e7\u00e3o s\u00e3o macabras, preocupando, sobremaneira, a Confer\u00eancia Nacional dos Bispos do Brasil, que assim se expressa em sua an\u00e1lise da conjuntura realizada no passado m\u00eas de junho:<\/p>\n<p>\u201cO atual governo central optou por caminhos tortuosos no enfrentamento \u00e0 pandemia. Na contram\u00e3o da ci\u00eancia, das recomenda\u00e7\u00f5es da Organiza\u00e7\u00e3o Mundial da Sa\u00fade e desdenhando de experi\u00eancias exitosas no combate \u00e0 COVID-19, como o isolamento social, criou uma \u2018tempestade perfeita\u2019, associando de maneira enviesada as crises econ\u00f4mica e pol\u00edtica \u00e0 crise sanit\u00e1ria. Essa associa\u00e7\u00e3o indevida mitigou esfor\u00e7os para o combate \u00e0 pandemia e produziu graves tens\u00f5es institucionais, com potencial para aumentar os conflitos sociais e produzir uma eros\u00e3o democr\u00e1tica.\u201d<\/p>\n<p>O colapso no atendimento hospitalar, alertado desde o in\u00edcio da pandemia, se alastra, agora, pelo pa\u00eds. Se o momento \u00e9 catastr\u00f3fico, onde chegaremos com as medidas paliativas, ora em curso? Tornamo-nos gado que vai para o matadouro. Resta-nos a justi\u00e7a divina. Essa n\u00e3o falha. Se, com f\u00e9, por ela combatemos, temos certeza da vit\u00f3ria. Afinal, \u201cse Deus \u00e9 por n\u00f3s, quem ser\u00e1 contra n\u00f3s?\u201d (Rm 8,31). Em tudo nos tornamos mais que vencedores, gra\u00e7as a Jesus Cristo que nos amou por primeiro (cf. Rm 8,37). Seu amor nos liberta e nos impele \u00e0 a\u00e7\u00e3o (cf. 2Cor 5,14).<\/p>\n<p>Por isso, em meio \u00e0 trag\u00e9dia atual, \u00e9 esperan\u00e7oso ver tantos profissionais, sobretudo da sa\u00fade, arriscando suas vidas para salvar outras, e a imensa rede de solidariedade gerada por entidades sociais, religiosas, educativas, profissionais e de movimentos populares. \u00c9 esperan\u00e7oso ver, tamb\u00e9m, a luta de muitos em defesa de setores marginalizados. \u00c9 esperan\u00e7oso, enfim, ver crescerem em todos os cantos do pa\u00eds, manifesta\u00e7\u00f5es em prol de uma na\u00e7\u00e3o na qual as vozes democr\u00e1ticas valham mais do que as insanidades de um presidente e as ast\u00facias de seus palacianos.<\/p>\n","protected":false},"excerpt":{"rendered":"<p>Dom Reginaldo Andrietta, Bispo de Jales: &#8220;o momento \u00e9 catastr\u00f3fico, onde chegaremos com as medidas paliativas, ora em curso?&#8221;<\/p>\n","protected":false},"author":1,"template":"","class_list":["post-3218","artigos","type-artigos","status-publish","hentry"],"acf":[],"yoast_head":"<!-- This site is optimized with the Yoast SEO plugin v27.2 - https:\/\/yoast.com\/product\/yoast-seo-wordpress\/ -->\n<title>Artigo | Trag\u00e9dia e esperan\u00e7a em tempos de pandemia - Instituto Cultural Padre Josimo<\/title>\n<meta name=\"robots\" content=\"index, follow, max-snippet:-1, max-image-preview:large, max-video-preview:-1\" \/>\n<link rel=\"canonical\" href=\"https:\/\/padrejosimo.com.br\/site\/artigos\/artigo-tragedia-e-esperanca-em-tempos-de-pandemia\/\" \/>\n<meta property=\"og:locale\" content=\"pt_BR\" \/>\n<meta property=\"og:type\" content=\"article\" \/>\n<meta property=\"og:title\" content=\"Artigo | Trag\u00e9dia e esperan\u00e7a em tempos de pandemia - Instituto Cultural Padre Josimo\" \/>\n<meta property=\"og:description\" content=\"Dom Reginaldo Andrietta, Bispo de Jales: &quot;o momento \u00e9 catastr\u00f3fico, onde chegaremos com as medidas paliativas, ora em curso?&quot;\" \/>\n<meta property=\"og:url\" content=\"https:\/\/padrejosimo.com.br\/site\/artigos\/artigo-tragedia-e-esperanca-em-tempos-de-pandemia\/\" \/>\n<meta property=\"og:site_name\" content=\"Instituto Cultural Padre Josimo\" \/>\n<meta property=\"og:image\" content=\"https:\/\/padrejosimo.com.br\/site\/wp-content\/uploads\/2020\/07\/concept-covid19-coronavirus-pandemic-with-falling-chain-like-domino-game-contagion-infection-progression-cyan-wall_207634-187.jpg\" \/>\n<meta name=\"twitter:card\" content=\"summary_large_image\" \/>\n<meta name=\"twitter:label1\" content=\"Est. tempo de leitura\" \/>\n\t<meta name=\"twitter:data1\" content=\"3 minutos\" \/>\n<script type=\"application\/ld+json\" class=\"yoast-schema-graph\">{\"@context\":\"https:\/\/schema.org\",\"@graph\":[{\"@type\":\"WebPage\",\"@id\":\"https:\/\/padrejosimo.com.br\/site\/artigos\/artigo-tragedia-e-esperanca-em-tempos-de-pandemia\/\",\"url\":\"https:\/\/padrejosimo.com.br\/site\/artigos\/artigo-tragedia-e-esperanca-em-tempos-de-pandemia\/\",\"name\":\"Artigo | Trag\u00e9dia e esperan\u00e7a em tempos de pandemia - Instituto Cultural Padre Josimo\",\"isPartOf\":{\"@id\":\"https:\/\/padrejosimo.com.br\/site\/#website\"},\"primaryImageOfPage\":{\"@id\":\"https:\/\/padrejosimo.com.br\/site\/artigos\/artigo-tragedia-e-esperanca-em-tempos-de-pandemia\/#primaryimage\"},\"image\":{\"@id\":\"https:\/\/padrejosimo.com.br\/site\/artigos\/artigo-tragedia-e-esperanca-em-tempos-de-pandemia\/#primaryimage\"},\"thumbnailUrl\":\"https:\/\/padrejosimo.com.br\/site\/wp-content\/uploads\/2020\/07\/concept-covid19-coronavirus-pandemic-with-falling-chain-like-domino-game-contagion-infection-progression-cyan-wall_207634-187.jpg\",\"datePublished\":\"2020-07-09T07:56:19+00:00\",\"breadcrumb\":{\"@id\":\"https:\/\/padrejosimo.com.br\/site\/artigos\/artigo-tragedia-e-esperanca-em-tempos-de-pandemia\/#breadcrumb\"},\"inLanguage\":\"pt-BR\",\"potentialAction\":[{\"@type\":\"ReadAction\",\"target\":[\"https:\/\/padrejosimo.com.br\/site\/artigos\/artigo-tragedia-e-esperanca-em-tempos-de-pandemia\/\"]}]},{\"@type\":\"ImageObject\",\"inLanguage\":\"pt-BR\",\"@id\":\"https:\/\/padrejosimo.com.br\/site\/artigos\/artigo-tragedia-e-esperanca-em-tempos-de-pandemia\/#primaryimage\",\"url\":\"https:\/\/padrejosimo.com.br\/site\/wp-content\/uploads\/2020\/07\/concept-covid19-coronavirus-pandemic-with-falling-chain-like-domino-game-contagion-infection-progression-cyan-wall_207634-187.jpg\",\"contentUrl\":\"https:\/\/padrejosimo.com.br\/site\/wp-content\/uploads\/2020\/07\/concept-covid19-coronavirus-pandemic-with-falling-chain-like-domino-game-contagion-infection-progression-cyan-wall_207634-187.jpg\",\"width\":626,\"height\":417},{\"@type\":\"BreadcrumbList\",\"@id\":\"https:\/\/padrejosimo.com.br\/site\/artigos\/artigo-tragedia-e-esperanca-em-tempos-de-pandemia\/#breadcrumb\",\"itemListElement\":[{\"@type\":\"ListItem\",\"position\":1,\"name\":\"In\u00edcio\",\"item\":\"https:\/\/padrejosimo.com.br\/site\/\"},{\"@type\":\"ListItem\",\"position\":2,\"name\":\"Artigos\",\"item\":\"https:\/\/padrejosimo.com.br\/site\/artigos\/\"},{\"@type\":\"ListItem\",\"position\":3,\"name\":\"Artigo | Trag\u00e9dia e esperan\u00e7a em tempos de pandemia\"}]},{\"@type\":\"WebSite\",\"@id\":\"https:\/\/padrejosimo.com.br\/site\/#website\",\"url\":\"https:\/\/padrejosimo.com.br\/site\/\",\"name\":\"Instituto Cultural Padre Josimo\",\"description\":\"Comprometida com a promo\u00e7\u00e3o da justi\u00e7a social, agroecologia e educa\u00e7\u00e3o popular\",\"publisher\":{\"@id\":\"https:\/\/padrejosimo.com.br\/site\/#organization\"},\"alternateName\":\"ICPJ\",\"potentialAction\":[{\"@type\":\"SearchAction\",\"target\":{\"@type\":\"EntryPoint\",\"urlTemplate\":\"https:\/\/padrejosimo.com.br\/site\/?s={search_term_string}\"},\"query-input\":{\"@type\":\"PropertyValueSpecification\",\"valueRequired\":true,\"valueName\":\"search_term_string\"}}],\"inLanguage\":\"pt-BR\"},{\"@type\":\"Organization\",\"@id\":\"https:\/\/padrejosimo.com.br\/site\/#organization\",\"name\":\"Instituto Cultural Padre Josimo\",\"alternateName\":\"ICPJ\",\"url\":\"https:\/\/padrejosimo.com.br\/site\/\",\"logo\":{\"@type\":\"ImageObject\",\"inLanguage\":\"pt-BR\",\"@id\":\"https:\/\/padrejosimo.com.br\/site\/#\/schema\/logo\/image\/\",\"url\":\"https:\/\/padrejosimo.com.br\/site\/wp-content\/uploads\/2025\/09\/cropped-icon-icpj.png\",\"contentUrl\":\"https:\/\/padrejosimo.com.br\/site\/wp-content\/uploads\/2025\/09\/cropped-icon-icpj.png\",\"width\":512,\"height\":512,\"caption\":\"Instituto Cultural Padre Josimo\"},\"image\":{\"@id\":\"https:\/\/padrejosimo.com.br\/site\/#\/schema\/logo\/image\/\"}}]}<\/script>\n<!-- \/ Yoast SEO plugin. -->","yoast_head_json":{"title":"Artigo | Trag\u00e9dia e esperan\u00e7a em tempos de pandemia - Instituto Cultural Padre Josimo","robots":{"index":"index","follow":"follow","max-snippet":"max-snippet:-1","max-image-preview":"max-image-preview:large","max-video-preview":"max-video-preview:-1"},"canonical":"https:\/\/padrejosimo.com.br\/site\/artigos\/artigo-tragedia-e-esperanca-em-tempos-de-pandemia\/","og_locale":"pt_BR","og_type":"article","og_title":"Artigo | Trag\u00e9dia e esperan\u00e7a em tempos de pandemia - Instituto Cultural Padre Josimo","og_description":"Dom Reginaldo Andrietta, Bispo de Jales: \"o momento \u00e9 catastr\u00f3fico, onde chegaremos com as medidas paliativas, ora em curso?\"","og_url":"https:\/\/padrejosimo.com.br\/site\/artigos\/artigo-tragedia-e-esperanca-em-tempos-de-pandemia\/","og_site_name":"Instituto Cultural Padre Josimo","og_image":[{"url":"https:\/\/padrejosimo.com.br\/site\/wp-content\/uploads\/2020\/07\/concept-covid19-coronavirus-pandemic-with-falling-chain-like-domino-game-contagion-infection-progression-cyan-wall_207634-187.jpg","type":"","width":"","height":""}],"twitter_card":"summary_large_image","twitter_misc":{"Est. tempo de leitura":"3 minutos"},"schema":{"@context":"https:\/\/schema.org","@graph":[{"@type":"WebPage","@id":"https:\/\/padrejosimo.com.br\/site\/artigos\/artigo-tragedia-e-esperanca-em-tempos-de-pandemia\/","url":"https:\/\/padrejosimo.com.br\/site\/artigos\/artigo-tragedia-e-esperanca-em-tempos-de-pandemia\/","name":"Artigo | Trag\u00e9dia e esperan\u00e7a em tempos de pandemia - Instituto Cultural Padre Josimo","isPartOf":{"@id":"https:\/\/padrejosimo.com.br\/site\/#website"},"primaryImageOfPage":{"@id":"https:\/\/padrejosimo.com.br\/site\/artigos\/artigo-tragedia-e-esperanca-em-tempos-de-pandemia\/#primaryimage"},"image":{"@id":"https:\/\/padrejosimo.com.br\/site\/artigos\/artigo-tragedia-e-esperanca-em-tempos-de-pandemia\/#primaryimage"},"thumbnailUrl":"https:\/\/padrejosimo.com.br\/site\/wp-content\/uploads\/2020\/07\/concept-covid19-coronavirus-pandemic-with-falling-chain-like-domino-game-contagion-infection-progression-cyan-wall_207634-187.jpg","datePublished":"2020-07-09T07:56:19+00:00","breadcrumb":{"@id":"https:\/\/padrejosimo.com.br\/site\/artigos\/artigo-tragedia-e-esperanca-em-tempos-de-pandemia\/#breadcrumb"},"inLanguage":"pt-BR","potentialAction":[{"@type":"ReadAction","target":["https:\/\/padrejosimo.com.br\/site\/artigos\/artigo-tragedia-e-esperanca-em-tempos-de-pandemia\/"]}]},{"@type":"ImageObject","inLanguage":"pt-BR","@id":"https:\/\/padrejosimo.com.br\/site\/artigos\/artigo-tragedia-e-esperanca-em-tempos-de-pandemia\/#primaryimage","url":"https:\/\/padrejosimo.com.br\/site\/wp-content\/uploads\/2020\/07\/concept-covid19-coronavirus-pandemic-with-falling-chain-like-domino-game-contagion-infection-progression-cyan-wall_207634-187.jpg","contentUrl":"https:\/\/padrejosimo.com.br\/site\/wp-content\/uploads\/2020\/07\/concept-covid19-coronavirus-pandemic-with-falling-chain-like-domino-game-contagion-infection-progression-cyan-wall_207634-187.jpg","width":626,"height":417},{"@type":"BreadcrumbList","@id":"https:\/\/padrejosimo.com.br\/site\/artigos\/artigo-tragedia-e-esperanca-em-tempos-de-pandemia\/#breadcrumb","itemListElement":[{"@type":"ListItem","position":1,"name":"In\u00edcio","item":"https:\/\/padrejosimo.com.br\/site\/"},{"@type":"ListItem","position":2,"name":"Artigos","item":"https:\/\/padrejosimo.com.br\/site\/artigos\/"},{"@type":"ListItem","position":3,"name":"Artigo | Trag\u00e9dia e esperan\u00e7a em tempos de pandemia"}]},{"@type":"WebSite","@id":"https:\/\/padrejosimo.com.br\/site\/#website","url":"https:\/\/padrejosimo.com.br\/site\/","name":"Instituto Cultural Padre Josimo","description":"Comprometida com a promo\u00e7\u00e3o da justi\u00e7a social, agroecologia e educa\u00e7\u00e3o popular","publisher":{"@id":"https:\/\/padrejosimo.com.br\/site\/#organization"},"alternateName":"ICPJ","potentialAction":[{"@type":"SearchAction","target":{"@type":"EntryPoint","urlTemplate":"https:\/\/padrejosimo.com.br\/site\/?s={search_term_string}"},"query-input":{"@type":"PropertyValueSpecification","valueRequired":true,"valueName":"search_term_string"}}],"inLanguage":"pt-BR"},{"@type":"Organization","@id":"https:\/\/padrejosimo.com.br\/site\/#organization","name":"Instituto Cultural Padre Josimo","alternateName":"ICPJ","url":"https:\/\/padrejosimo.com.br\/site\/","logo":{"@type":"ImageObject","inLanguage":"pt-BR","@id":"https:\/\/padrejosimo.com.br\/site\/#\/schema\/logo\/image\/","url":"https:\/\/padrejosimo.com.br\/site\/wp-content\/uploads\/2025\/09\/cropped-icon-icpj.png","contentUrl":"https:\/\/padrejosimo.com.br\/site\/wp-content\/uploads\/2025\/09\/cropped-icon-icpj.png","width":512,"height":512,"caption":"Instituto Cultural Padre Josimo"},"image":{"@id":"https:\/\/padrejosimo.com.br\/site\/#\/schema\/logo\/image\/"}}]}},"_links":{"self":[{"href":"https:\/\/padrejosimo.com.br\/site\/wp-json\/wp\/v2\/artigos\/3218","targetHints":{"allow":["GET"]}}],"collection":[{"href":"https:\/\/padrejosimo.com.br\/site\/wp-json\/wp\/v2\/artigos"}],"about":[{"href":"https:\/\/padrejosimo.com.br\/site\/wp-json\/wp\/v2\/types\/artigos"}],"author":[{"embeddable":true,"href":"https:\/\/padrejosimo.com.br\/site\/wp-json\/wp\/v2\/users\/1"}],"wp:attachment":[{"href":"https:\/\/padrejosimo.com.br\/site\/wp-json\/wp\/v2\/media?parent=3218"}],"curies":[{"name":"wp","href":"https:\/\/api.w.org\/{rel}","templated":true}]}}