{"id":3197,"date":"2020-06-22T15:07:22","date_gmt":"2020-06-22T18:07:22","guid":{"rendered":"https:\/\/padrejosimo.com.br\/site\/?post_type=artigos&#038;p=3197"},"modified":"2020-06-22T15:07:22","modified_gmt":"2020-06-22T18:07:22","slug":"artigo-viva-sao-pedro-santo-antonio-e-sao-joao","status":"publish","type":"artigos","link":"https:\/\/padrejosimo.com.br\/site\/artigos\/artigo-viva-sao-pedro-santo-antonio-e-sao-joao\/","title":{"rendered":"Artigo | Viva S\u00e3o Pedro, Santo Ant\u00f4nio e S\u00e3o Jo\u00e3o!"},"content":{"rendered":"<blockquote>\n<p><strong><em>Frei Vanildo Luiz Zugno OFMCap<\/em><br \/>\n<\/strong><\/p>\n<\/blockquote>\n<p><img fetchpriority=\"high\" decoding=\"async\" class=\"size-full wp-image-3198 aligncenter\" src=\"https:\/\/padrejosimo.com.br\/site\/wp-content\/uploads\/2020\/06\/xfesta_santos.jpg.pagespeed.ic_.43cWs7SbKu.jpg\" alt=\"\" width=\"640\" height=\"360\" srcset=\"https:\/\/padrejosimo.com.br\/site\/wp-content\/uploads\/2020\/06\/xfesta_santos.jpg.pagespeed.ic_.43cWs7SbKu.jpg 640w, https:\/\/padrejosimo.com.br\/site\/wp-content\/uploads\/2020\/06\/xfesta_santos.jpg.pagespeed.ic_.43cWs7SbKu-300x169.jpg 300w\" sizes=\"(max-width: 640px) 100vw, 640px\" \/><\/p>\n<p>Junho \u00e9 o m\u00eas das festas dos santos do povo. Come\u00e7a com Santo Ant\u00f4nio, passa por S\u00e3o Jo\u00e3o e termina com S\u00e3o Pedro.<\/p>\n<p>Santo Ant\u00f4nio \u00e9 o casamenteiro. Arruma namorada para o pior dos encalhados. Para outros, \u00e9 o \u201cp\u00e3o dos pobres\u201d, aquele que convida a partilhar o pouco que temos com os que menos ainda t\u00eam. Jo\u00e3o Batista \u00e9 o profeta. Ele anuncia uma sociedade de justi\u00e7a onde os poderosos ter\u00e3o que prestar contas de suas prepot\u00eancias. Ele prepara o caminho e batiza o Messias que veio realizar a justi\u00e7a para os pobres.<\/p>\n<p>S\u00e3o Pedro, o \u00faltimo a ser celebrado, \u00e9 o bra\u00e7o direito de Jesus aqui na terra. No c\u00e9u, ele tem as chaves da porta e controla quem entra e quem fica de fora. \u00c9 o l\u00edder, o chefe. E talvez por isso sua figura n\u00e3o seja t\u00e3o popular como a dos outros dois. Ali\u00e1s, at\u00e9 nos evangelhos sua fama \u00e9 duvidosa. Jesus o chama de Satan\u00e1s quando o disc\u00edpulo quer que ele seja um chefe poderoso que vai esmagar os opressores judeus e romanos. O Mestre o repreende por ter tomado a espada e cortado a orelha de um escravo do Sumo Sacerdote e o adverte de que <em>todos os que lan\u00e7am m\u00e3o da espada pela espada morrer\u00e3o!<\/em> Na hora do lava-p\u00e9s, Pedro se recusa a entrar na fila e deixar-se lavar. No dia da pris\u00e3o, nega tr\u00eas vezes conhecer o nazareno. Depois da ressurrei\u00e7\u00e3o, Jesus lhe pergunta se \u00e9 capaz de dar a vida por ele. Pedro titubeia e Jesus tem que repetir a pergunta tr\u00eas vezes.<\/p>\n<p>Perguntamo-nos ent\u00e3o: quando foi que Pedro mudou a ponto de se tornar a lideran\u00e7a da comunidade? Segundo o livro dos Atos dos Ap\u00f3stolos, foi a experi\u00eancia da pris\u00e3o que levou Pedro \u00e0 mudan\u00e7a. Ele sempre pensou a lideran\u00e7a como um exerc\u00edcio do poder. Olhava para cima e pensava em como chegar ao alto. Ao passar pela cadeia, experimentou que o verdadeiro poder s\u00f3 se alcan\u00e7a quando se desce at\u00e9 os \u00faltimos da sociedade. Foi convencido a deixar de sonhar com o principado e passar a pensar nos humilhados. Foi isso que aconteceu com Jesus. Pedro, ao passar pela cadeia, assumiu essa forma de lideran\u00e7a.<\/p>\n<p>\u00c9 uma experi\u00eancia que se repetiu com Francisco de Assis, Mahatma Ghandi, Martim Luther King, Nelson Mandela, Dom H\u00e9lder C\u00e2mara, Tereza de Calcut\u00e1, Irm\u00e3 Dulce e outros tantos e tantas que fizeram suas as dores, sofrimentos e pris\u00f5es dos leprosos, dos p\u00e1rias, dos segregados, discriminados e empobrecidos da sociedade.<\/p>\n<p>O Papa Francisco, atual sucessor de Pedro no servi\u00e7o \u00e0 Igreja, lembra que a verdadeira lideran\u00e7a precisa se despir n\u00e3o apenas das roupas de pr\u00edncipe, mas da \u201cpsicologia de pr\u00edncipe\u201d. Uma convers\u00e3o dif\u00edcil que implica em mudar de lugar social e eclesial: sair dos pal\u00e1cios e misturar-se ao povo nas festas da esperan\u00e7a da volta da fogueira que aquece a conviv\u00eancia dos pequenos e humilhados. Mas uma convers\u00e3o poss\u00edvel e necess\u00e1ria para uma nova humanidade que possa viver a alegria da festa da vida.<\/p>\n","protected":false},"excerpt":{"rendered":"<p>Frei Zugno lembra os tr\u00eas santos ic\u00f4nicos do m\u00eas de Junho e alinhava com outros homens e mulheres que fizeram de suas vidas exemplo de humildade e por isso s\u00e3o exaltados como lideran\u00e7as em seus meios.<\/p>\n","protected":false},"author":20,"template":"","class_list":["post-3197","artigos","type-artigos","status-publish","hentry"],"acf":[],"yoast_head":"<!-- This site is optimized with the Yoast SEO plugin v27.2 - https:\/\/yoast.com\/product\/yoast-seo-wordpress\/ -->\n<title>Artigo | Viva S\u00e3o Pedro, Santo Ant\u00f4nio e S\u00e3o Jo\u00e3o! - Instituto Cultural Padre Josimo<\/title>\n<meta name=\"robots\" content=\"index, follow, max-snippet:-1, max-image-preview:large, max-video-preview:-1\" \/>\n<link rel=\"canonical\" href=\"https:\/\/padrejosimo.com.br\/site\/artigos\/artigo-viva-sao-pedro-santo-antonio-e-sao-joao\/\" \/>\n<meta property=\"og:locale\" content=\"pt_BR\" \/>\n<meta property=\"og:type\" content=\"article\" \/>\n<meta property=\"og:title\" content=\"Artigo | Viva S\u00e3o Pedro, Santo Ant\u00f4nio e S\u00e3o Jo\u00e3o! - Instituto Cultural Padre Josimo\" \/>\n<meta property=\"og:description\" content=\"Frei Zugno lembra os tr\u00eas santos ic\u00f4nicos do m\u00eas de Junho e alinhava com outros homens e mulheres que fizeram de suas vidas exemplo de humildade e por isso s\u00e3o exaltados como lideran\u00e7as em seus meios.\" \/>\n<meta property=\"og:url\" content=\"https:\/\/padrejosimo.com.br\/site\/artigos\/artigo-viva-sao-pedro-santo-antonio-e-sao-joao\/\" \/>\n<meta property=\"og:site_name\" content=\"Instituto Cultural Padre Josimo\" \/>\n<meta property=\"og:image\" content=\"https:\/\/padrejosimo.com.br\/site\/wp-content\/uploads\/2020\/06\/xfesta_santos.jpg.pagespeed.ic_.43cWs7SbKu.jpg\" \/>\n<meta name=\"twitter:card\" content=\"summary_large_image\" \/>\n<meta name=\"twitter:label1\" content=\"Est. tempo de leitura\" \/>\n\t<meta name=\"twitter:data1\" content=\"3 minutos\" \/>\n<script type=\"application\/ld+json\" class=\"yoast-schema-graph\">{\"@context\":\"https:\/\/schema.org\",\"@graph\":[{\"@type\":\"WebPage\",\"@id\":\"https:\/\/padrejosimo.com.br\/site\/artigos\/artigo-viva-sao-pedro-santo-antonio-e-sao-joao\/\",\"url\":\"https:\/\/padrejosimo.com.br\/site\/artigos\/artigo-viva-sao-pedro-santo-antonio-e-sao-joao\/\",\"name\":\"Artigo | Viva S\u00e3o Pedro, Santo Ant\u00f4nio e S\u00e3o Jo\u00e3o! - Instituto Cultural Padre Josimo\",\"isPartOf\":{\"@id\":\"https:\/\/padrejosimo.com.br\/site\/#website\"},\"primaryImageOfPage\":{\"@id\":\"https:\/\/padrejosimo.com.br\/site\/artigos\/artigo-viva-sao-pedro-santo-antonio-e-sao-joao\/#primaryimage\"},\"image\":{\"@id\":\"https:\/\/padrejosimo.com.br\/site\/artigos\/artigo-viva-sao-pedro-santo-antonio-e-sao-joao\/#primaryimage\"},\"thumbnailUrl\":\"https:\/\/padrejosimo.com.br\/site\/wp-content\/uploads\/2020\/06\/xfesta_santos.jpg.pagespeed.ic_.43cWs7SbKu.jpg\",\"datePublished\":\"2020-06-22T18:07:22+00:00\",\"breadcrumb\":{\"@id\":\"https:\/\/padrejosimo.com.br\/site\/artigos\/artigo-viva-sao-pedro-santo-antonio-e-sao-joao\/#breadcrumb\"},\"inLanguage\":\"pt-BR\",\"potentialAction\":[{\"@type\":\"ReadAction\",\"target\":[\"https:\/\/padrejosimo.com.br\/site\/artigos\/artigo-viva-sao-pedro-santo-antonio-e-sao-joao\/\"]}]},{\"@type\":\"ImageObject\",\"inLanguage\":\"pt-BR\",\"@id\":\"https:\/\/padrejosimo.com.br\/site\/artigos\/artigo-viva-sao-pedro-santo-antonio-e-sao-joao\/#primaryimage\",\"url\":\"https:\/\/padrejosimo.com.br\/site\/wp-content\/uploads\/2020\/06\/xfesta_santos.jpg.pagespeed.ic_.43cWs7SbKu.jpg\",\"contentUrl\":\"https:\/\/padrejosimo.com.br\/site\/wp-content\/uploads\/2020\/06\/xfesta_santos.jpg.pagespeed.ic_.43cWs7SbKu.jpg\",\"width\":640,\"height\":360},{\"@type\":\"BreadcrumbList\",\"@id\":\"https:\/\/padrejosimo.com.br\/site\/artigos\/artigo-viva-sao-pedro-santo-antonio-e-sao-joao\/#breadcrumb\",\"itemListElement\":[{\"@type\":\"ListItem\",\"position\":1,\"name\":\"In\u00edcio\",\"item\":\"https:\/\/padrejosimo.com.br\/site\/\"},{\"@type\":\"ListItem\",\"position\":2,\"name\":\"Artigos\",\"item\":\"https:\/\/padrejosimo.com.br\/site\/artigos\/\"},{\"@type\":\"ListItem\",\"position\":3,\"name\":\"Artigo | Viva S\u00e3o Pedro, Santo Ant\u00f4nio e S\u00e3o Jo\u00e3o!\"}]},{\"@type\":\"WebSite\",\"@id\":\"https:\/\/padrejosimo.com.br\/site\/#website\",\"url\":\"https:\/\/padrejosimo.com.br\/site\/\",\"name\":\"Instituto Cultural Padre Josimo\",\"description\":\"Comprometida com a promo\u00e7\u00e3o da justi\u00e7a social, agroecologia e educa\u00e7\u00e3o popular\",\"publisher\":{\"@id\":\"https:\/\/padrejosimo.com.br\/site\/#organization\"},\"alternateName\":\"ICPJ\",\"potentialAction\":[{\"@type\":\"SearchAction\",\"target\":{\"@type\":\"EntryPoint\",\"urlTemplate\":\"https:\/\/padrejosimo.com.br\/site\/?s={search_term_string}\"},\"query-input\":{\"@type\":\"PropertyValueSpecification\",\"valueRequired\":true,\"valueName\":\"search_term_string\"}}],\"inLanguage\":\"pt-BR\"},{\"@type\":\"Organization\",\"@id\":\"https:\/\/padrejosimo.com.br\/site\/#organization\",\"name\":\"Instituto Cultural Padre Josimo\",\"alternateName\":\"ICPJ\",\"url\":\"https:\/\/padrejosimo.com.br\/site\/\",\"logo\":{\"@type\":\"ImageObject\",\"inLanguage\":\"pt-BR\",\"@id\":\"https:\/\/padrejosimo.com.br\/site\/#\/schema\/logo\/image\/\",\"url\":\"https:\/\/padrejosimo.com.br\/site\/wp-content\/uploads\/2025\/09\/cropped-icon-icpj.png\",\"contentUrl\":\"https:\/\/padrejosimo.com.br\/site\/wp-content\/uploads\/2025\/09\/cropped-icon-icpj.png\",\"width\":512,\"height\":512,\"caption\":\"Instituto Cultural Padre Josimo\"},\"image\":{\"@id\":\"https:\/\/padrejosimo.com.br\/site\/#\/schema\/logo\/image\/\"}}]}<\/script>\n<!-- \/ Yoast SEO plugin. -->","yoast_head_json":{"title":"Artigo | Viva S\u00e3o Pedro, Santo Ant\u00f4nio e S\u00e3o Jo\u00e3o! - Instituto Cultural Padre Josimo","robots":{"index":"index","follow":"follow","max-snippet":"max-snippet:-1","max-image-preview":"max-image-preview:large","max-video-preview":"max-video-preview:-1"},"canonical":"https:\/\/padrejosimo.com.br\/site\/artigos\/artigo-viva-sao-pedro-santo-antonio-e-sao-joao\/","og_locale":"pt_BR","og_type":"article","og_title":"Artigo | Viva S\u00e3o Pedro, Santo Ant\u00f4nio e S\u00e3o Jo\u00e3o! - Instituto Cultural Padre Josimo","og_description":"Frei Zugno lembra os tr\u00eas santos ic\u00f4nicos do m\u00eas de Junho e alinhava com outros homens e mulheres que fizeram de suas vidas exemplo de humildade e por isso s\u00e3o exaltados como lideran\u00e7as em seus meios.","og_url":"https:\/\/padrejosimo.com.br\/site\/artigos\/artigo-viva-sao-pedro-santo-antonio-e-sao-joao\/","og_site_name":"Instituto Cultural Padre Josimo","og_image":[{"url":"https:\/\/padrejosimo.com.br\/site\/wp-content\/uploads\/2020\/06\/xfesta_santos.jpg.pagespeed.ic_.43cWs7SbKu.jpg","type":"","width":"","height":""}],"twitter_card":"summary_large_image","twitter_misc":{"Est. tempo de leitura":"3 minutos"},"schema":{"@context":"https:\/\/schema.org","@graph":[{"@type":"WebPage","@id":"https:\/\/padrejosimo.com.br\/site\/artigos\/artigo-viva-sao-pedro-santo-antonio-e-sao-joao\/","url":"https:\/\/padrejosimo.com.br\/site\/artigos\/artigo-viva-sao-pedro-santo-antonio-e-sao-joao\/","name":"Artigo | Viva S\u00e3o Pedro, Santo Ant\u00f4nio e S\u00e3o Jo\u00e3o! - Instituto Cultural Padre Josimo","isPartOf":{"@id":"https:\/\/padrejosimo.com.br\/site\/#website"},"primaryImageOfPage":{"@id":"https:\/\/padrejosimo.com.br\/site\/artigos\/artigo-viva-sao-pedro-santo-antonio-e-sao-joao\/#primaryimage"},"image":{"@id":"https:\/\/padrejosimo.com.br\/site\/artigos\/artigo-viva-sao-pedro-santo-antonio-e-sao-joao\/#primaryimage"},"thumbnailUrl":"https:\/\/padrejosimo.com.br\/site\/wp-content\/uploads\/2020\/06\/xfesta_santos.jpg.pagespeed.ic_.43cWs7SbKu.jpg","datePublished":"2020-06-22T18:07:22+00:00","breadcrumb":{"@id":"https:\/\/padrejosimo.com.br\/site\/artigos\/artigo-viva-sao-pedro-santo-antonio-e-sao-joao\/#breadcrumb"},"inLanguage":"pt-BR","potentialAction":[{"@type":"ReadAction","target":["https:\/\/padrejosimo.com.br\/site\/artigos\/artigo-viva-sao-pedro-santo-antonio-e-sao-joao\/"]}]},{"@type":"ImageObject","inLanguage":"pt-BR","@id":"https:\/\/padrejosimo.com.br\/site\/artigos\/artigo-viva-sao-pedro-santo-antonio-e-sao-joao\/#primaryimage","url":"https:\/\/padrejosimo.com.br\/site\/wp-content\/uploads\/2020\/06\/xfesta_santos.jpg.pagespeed.ic_.43cWs7SbKu.jpg","contentUrl":"https:\/\/padrejosimo.com.br\/site\/wp-content\/uploads\/2020\/06\/xfesta_santos.jpg.pagespeed.ic_.43cWs7SbKu.jpg","width":640,"height":360},{"@type":"BreadcrumbList","@id":"https:\/\/padrejosimo.com.br\/site\/artigos\/artigo-viva-sao-pedro-santo-antonio-e-sao-joao\/#breadcrumb","itemListElement":[{"@type":"ListItem","position":1,"name":"In\u00edcio","item":"https:\/\/padrejosimo.com.br\/site\/"},{"@type":"ListItem","position":2,"name":"Artigos","item":"https:\/\/padrejosimo.com.br\/site\/artigos\/"},{"@type":"ListItem","position":3,"name":"Artigo | Viva S\u00e3o Pedro, Santo Ant\u00f4nio e S\u00e3o Jo\u00e3o!"}]},{"@type":"WebSite","@id":"https:\/\/padrejosimo.com.br\/site\/#website","url":"https:\/\/padrejosimo.com.br\/site\/","name":"Instituto Cultural Padre Josimo","description":"Comprometida com a promo\u00e7\u00e3o da justi\u00e7a social, agroecologia e educa\u00e7\u00e3o popular","publisher":{"@id":"https:\/\/padrejosimo.com.br\/site\/#organization"},"alternateName":"ICPJ","potentialAction":[{"@type":"SearchAction","target":{"@type":"EntryPoint","urlTemplate":"https:\/\/padrejosimo.com.br\/site\/?s={search_term_string}"},"query-input":{"@type":"PropertyValueSpecification","valueRequired":true,"valueName":"search_term_string"}}],"inLanguage":"pt-BR"},{"@type":"Organization","@id":"https:\/\/padrejosimo.com.br\/site\/#organization","name":"Instituto Cultural Padre Josimo","alternateName":"ICPJ","url":"https:\/\/padrejosimo.com.br\/site\/","logo":{"@type":"ImageObject","inLanguage":"pt-BR","@id":"https:\/\/padrejosimo.com.br\/site\/#\/schema\/logo\/image\/","url":"https:\/\/padrejosimo.com.br\/site\/wp-content\/uploads\/2025\/09\/cropped-icon-icpj.png","contentUrl":"https:\/\/padrejosimo.com.br\/site\/wp-content\/uploads\/2025\/09\/cropped-icon-icpj.png","width":512,"height":512,"caption":"Instituto Cultural Padre Josimo"},"image":{"@id":"https:\/\/padrejosimo.com.br\/site\/#\/schema\/logo\/image\/"}}]}},"_links":{"self":[{"href":"https:\/\/padrejosimo.com.br\/site\/wp-json\/wp\/v2\/artigos\/3197","targetHints":{"allow":["GET"]}}],"collection":[{"href":"https:\/\/padrejosimo.com.br\/site\/wp-json\/wp\/v2\/artigos"}],"about":[{"href":"https:\/\/padrejosimo.com.br\/site\/wp-json\/wp\/v2\/types\/artigos"}],"author":[{"embeddable":true,"href":"https:\/\/padrejosimo.com.br\/site\/wp-json\/wp\/v2\/users\/20"}],"wp:attachment":[{"href":"https:\/\/padrejosimo.com.br\/site\/wp-json\/wp\/v2\/media?parent=3197"}],"curies":[{"name":"wp","href":"https:\/\/api.w.org\/{rel}","templated":true}]}}