{"id":3162,"date":"2020-06-04T11:09:40","date_gmt":"2020-06-04T14:09:40","guid":{"rendered":"https:\/\/padrejosimo.com.br\/site\/?post_type=artigos&#038;p=3162"},"modified":"2020-06-04T11:09:40","modified_gmt":"2020-06-04T14:09:40","slug":"artigo-nao-e-apenas-pela-morte-de-um-homem-negro","status":"publish","type":"artigos","link":"https:\/\/padrejosimo.com.br\/site\/artigos\/artigo-nao-e-apenas-pela-morte-de-um-homem-negro\/","title":{"rendered":"Artigo | N\u00e3o \u00e9 apenas pela morte de um homem negro"},"content":{"rendered":"<h3 class=\"description\">&#8220;N\u00e3o \u00e9 apenas pela morte de um homem negro\u2026. \u00c9 por todas as vidas assassinadas pela necropol\u00edtica&#8221;<\/h3>\n<div class=\"details-bar\">\n<div>\n<p><img fetchpriority=\"high\" decoding=\"async\" class=\"size-full wp-image-3167 aligncenter\" src=\"https:\/\/padrejosimo.com.br\/site\/wp-content\/uploads\/2020\/06\/Naza-McFarren.jpg\" alt=\"\" width=\"492\" height=\"374\" srcset=\"https:\/\/padrejosimo.com.br\/site\/wp-content\/uploads\/2020\/06\/Naza-McFarren.jpg 492w, https:\/\/padrejosimo.com.br\/site\/wp-content\/uploads\/2020\/06\/Naza-McFarren-300x228.jpg 300w\" sizes=\"(max-width: 492px) 100vw, 492px\" \/><\/p>\n<blockquote>\n<p>&#8220;N\u00e3o confunda a rea\u00e7\u00e3o do oprimido com a viol\u00eancia do opressor&#8221;. (Malcolm X)<\/p>\n<\/blockquote>\n<\/div>\n<div class=\"author-time\">\n<div>\n<p>N\u00e3o \u00e9 apenas pelo assassinato de George Floyd, 46 anos, na \u00faltima segunda-feira (25\/05), mas sim por todos os assassinatos de pessoas negras que cruzaram os oceanos desde \u00c1frica, sequestrados e sequestradas para a construir com suor, sangue e l\u00e1grimas a \u201cAm\u00e9rica dos americanos\u201d, como tamb\u00e9m aqueles trazidos e trazidas para construir a hoje, chamada P\u00e1tria Amada Brasil.<\/p>\n<p>\u00c9 por todos que sofreram linchamentos na virada do s\u00e9culo passado, poucas d\u00e9cadas depois da aboli\u00e7\u00e3o da escravid\u00e3o nos Estados Unidos, um per\u00edodo de grande viol\u00eancia racial, crimes que eram investigados e processados por autoridades locais e estaduais, e a grande maioria dos autores ficaram impunes. De acordo com a Associa\u00e7\u00e3o Nacional para o Progresso de Pessoas de Cor (NAACP, na sigla em ingl\u00eas), uma das principais organiza\u00e7\u00f5es de direitos civis dos Estados Unidos, foram registrados 4.743 linchamentos no pa\u00eds no per\u00edodo entre 1882 e 1968. Desses, 3.446 tiveram como v\u00edtimas pessoas negras. Segundo a associa\u00e7\u00e3o, entre as v\u00edtimas brancas, muitas foram linchadas por ajudar negros. A maioria dos linchamentos ocorreu no Sul do pa\u00eds, que at\u00e9 a d\u00e9cada de 1960 vivia sob r\u00edgidas leis de segrega\u00e7\u00e3o racial.<\/p>\n<p>\u00c9 por Malcolm X, l\u00edder da luta contra a opress\u00e3o dos negros nos Estados Unidos assassinado no Harlem, no dia 21 de fevereiro de 1965. Malcolm X tinha tanta certeza de que poderia ser assassinado que passar\u00e1 os \u00faltimos dias atr\u00e1s de advogados: queria tratar de seguro de vida e de um testamento. Mas faltar a um compromisso p\u00fablico estava fora de cogita\u00e7\u00e3o. \u201cVou amenizar um pouco essas tens\u00f5es dizendo para os negros pararem de brigar entre si. Porque isso tudo \u00e9 parte da grande manobra do homem branco para nos manter uns contra os outros.\u201d<\/p>\n<p>Na hora do discurso, Malcolm X se aproximou do microfone e fez a sauda\u00e7\u00e3o tradicional mu\u00e7ulmana para seus ouvintes: As-Salaam-Alaikum \u2013 que aqui no Brasil adaptamos para salamaleque, e cujo significado \u00e9 que a paz esteja com voc\u00eas. Mas n\u00e3o foi paz o que ele teve em resposta ao cumprimento. Imediatamente o audit\u00f3rio virou um cen\u00e1rio de bangue-bangue. Aproveitando a distra\u00e7\u00e3o de uma briga na plateia, que atra\u00eda a aten\u00e7\u00e3o dos guarda-costas, um homem negro subiu no palco com uma espingarda com o cano serrado e mais duas armas de fogo.<\/p>\n<p>Malcolm X acreditava ser imposs\u00edvel resistir a linchamentos, a tiros e \u00e0 pr\u00f3pria viol\u00eancia do Estado contra os negros sem devolver, em igual medida, a ferocidade e o \u00f3dio com que os de pele escura eram tratados nos Estados Unidos. \u201c\u00c9 um crime ensinar um homem a n\u00e3o se defender quando ele \u00e9 v\u00edtima constante de ataques brutais\u201d, ele diria.<\/p>\n<p>O reverendo Martin Luther King Jr. teria o mesmo destino tr\u00eas anos depois, mais precisamente em 04 de abril de 1968, quando recebeu uma bala que atravessou sua bochecha direita, esmagou sua mand\u00edbula e percorreu a medula espinhal at\u00e9 finalmente se alojar em seu ombro. Luther King ganhou um Nobel da Paz por seu combate \u00e0 desigualdade racial promovendo a resist\u00eancia n\u00e3o violenta, inspirado pelo indiano Mahatma Gandhi.<\/p>\n<p>\u00c9 por Ahmaud Arbery, que foi morto enquanto se exercitava na rua, em plena luz do dia. Arbery tinha 25 anos e era ex-atleta do time de futebol americano da escola. Ele corria todos os dias na rua e era conhecido no bairro \u2014 \u00e0s vezes acenava para os moradores quando passava. Mas em fevereiro de 2020, enquanto se exercitava, ele foi abordado por dois homens brancos \u2014 um policial e seu filho \u2014 e morto a tiros. Nos \u00faltimos dias, surgiram diversas filmagens de Gregory McMichael, de 64 anos, e Travis McMichael, de 34 anos, abordando e atirando em Arbery. Por mais de dois meses os suspeitos n\u00e3o haviam sido presos, mas o Departamento de Investiga\u00e7\u00f5es do Estado da Ge\u00f3rgia anunciou a pris\u00e3o dos dois suspeitos somente em 07\/05\/2020, ap\u00f3s o caso receber enorme aten\u00e7\u00e3o e provocar revolta no pa\u00eds.<\/p>\n<p>\u00c9 por Claudia, m\u00e3e de quatro filhos e auxiliar de enfermagem teve seu corpo arrastado por uma viatura da PM ap\u00f3s ter sido assassinada pelos policiais durante uma opera\u00e7\u00e3o no Morro do Congonha, em Madureira, zona norte do Rio, em 16 de mar\u00e7o de 2014. As imagens foram exibidas em v\u00e1rios notici\u00e1rios do Brasil e do mundo e causaram grande como\u00e7\u00e3o e revolta. At\u00e9 hoje os PMs que cometeram o crime n\u00e3o foram sequer julgados e seguem nas ruas. Os dois policiais acusados e indiciados pelo assassinato de Cl\u00e1udia, desde a \u00e9poca, j\u00e1 se envolveram juntos em mais 8 mortes durante opera\u00e7\u00f5es policiais, todas registradas como \u201chomic\u00eddios decorrentes de interven\u00e7\u00e3o policial\u201d, os chamados autos de resist\u00eancia&#8221;.<\/p>\n<p>\u00c9 por Marielle Franco, assassinada em 14 de mar\u00e7o de 2018. Marielle chegou \u00e0 Casa das Pretas, na rua dos Inv\u00e1lidos, na Lapa, para mediar um debate promovido pelo Partido Socialismo e Liberdade (PSOL) com jovens negras, por volta das dezenove horas. Segundo imagens obtidas pela pol\u00edcia, um Cobalt com placa de Nova Igua\u00e7u, munic\u00edpio da Baixada Fluminense, estava parado pr\u00f3ximo ao local. Por volta das vinte e uma horas, Marielle deixou a Casa das Pretas com uma assessora e um motorista, sendo logo seguida por um carro do mesmo modelo que estava parado pr\u00f3ximo ao local. Por volta das vinte e uma horas e trinta minutos, na Rua Joaquim Paralhes, no Est\u00e1cio, um ve\u00edculo emparelha com o carro de Marielle e faz treze disparos. Nove acertam a lataria e quatro acertam o vidro. A vereadora foi atingida por tr\u00eas tiros na cabe\u00e7a e um no pesco\u00e7o e o motorista levou ao menos tr\u00eas tiros nas costas, causando a morte de ambos.<\/p>\n<p>\u00c9 por Marcos V\u00ednicius, \u00c1gatha, Jo\u00e3o Pedro e todos os meninos e meninas assassinados pelo Estado Genocida do Governador Witzel\u2026. Um jovem \u00e9 assassinado pelo Estado Brasileiro a cada 23 minutos.<\/p>\n<p>N\u00e3o \u00e9 apenas pela morte de um homem negro\u2026. \u00c9 por todas as vidas assassinadas pela necropol\u00edtica que vitima negros e latinos, pois s\u00e3o estes que apresentam altas taxas de infec\u00e7\u00e3o nos EUA, onde coronav\u00edrus est\u00e1 infectando e matando negros e latinos de maneira desproporcional nos EUA, segundo dados de v\u00e1rios Estados e cidades americanas. Situa\u00e7\u00e3o pouco diferente da brasileira onde em duas semanas, a quantidade de pessoas negras que morrem por Covid-19 no Brasil quintuplicou. De 11 a 26 de abril, mortes de pacientes negros confirmadas pelo Governo Federal foram de pouco mais de 180 para mais de 930. Al\u00e9m disso, a quantidade de brasileiros negros hospitalizados por S\u00edndrome Respirat\u00f3ria Aguda Grave (SRAG) causada por coronav\u00edrus aumentou para 5,5 vezes.<\/p>\n<p>\u00a0#VidasNegrasImportam<\/p>\n<p>#Blacklivesmatter<\/p>\n<p>&nbsp;<\/p>\n<blockquote>\n<p>&#8220;Se n\u00e3o est\u00e1s prevenido ante os meios de comunica\u00e7\u00e3o, te far\u00e3o amar o opressor e odiar o oprimido&#8221;. (Malcolm X)<\/p>\n<\/blockquote>\n<\/div>\n<hr \/>\n<div>\n<p>&nbsp;<\/p>\n<p><strong><em>Michele Corr\u00eaa<\/em><\/strong><\/p>\n<p>Graduanda em Filosofia na UFPel, Feminista Negra, Assessora da Pastoral da Juventude (PJ) e Militante do Movimento dos Pequenos Agricultores (MPA)<\/p>\n<p>&nbsp;<\/p>\n<hr \/>\n<p>Fontes:<\/p>\n<p>https:\/\/www.bbc.com\/portuguese\/internacional-51657141<\/p>\n<p>https:\/\/www.bbc.com\/portuguese\/internacional-52592871<\/p>\n<p>https:\/\/anovademocracia.com.br\/noticias\/13097-rj-barbaro-assassinato-de-claudia-completa-seis-anos-sem-punicao<\/p>\n<p>https:\/\/www.bbc.com\/portuguese\/internacional-52267566<\/p>\n<p class=\"editor\">\u00a0<\/p>\n<\/div>\n<\/div>\n<\/div>\n","protected":false},"excerpt":{"rendered":"<p>Michele Corr\u00eaa: &#8220;N\u00e3o \u00e9 apenas pela morte de um homem negro\u2026. \u00c9 por todas as vidas assassinadas pela necropol\u00edtica&#8221;<\/p>\n","protected":false},"author":11,"template":"","class_list":["post-3162","artigos","type-artigos","status-publish","hentry"],"acf":[],"yoast_head":"<!-- This site is optimized with the Yoast SEO plugin v27.2 - https:\/\/yoast.com\/product\/yoast-seo-wordpress\/ -->\n<title>Artigo | N\u00e3o \u00e9 apenas pela morte de um homem negro - Instituto Cultural Padre Josimo<\/title>\n<meta name=\"robots\" content=\"index, follow, max-snippet:-1, max-image-preview:large, max-video-preview:-1\" \/>\n<link rel=\"canonical\" href=\"https:\/\/padrejosimo.com.br\/site\/artigos\/artigo-nao-e-apenas-pela-morte-de-um-homem-negro\/\" \/>\n<meta property=\"og:locale\" content=\"pt_BR\" \/>\n<meta property=\"og:type\" content=\"article\" \/>\n<meta property=\"og:title\" content=\"Artigo | N\u00e3o \u00e9 apenas pela morte de um homem negro - Instituto Cultural Padre Josimo\" \/>\n<meta property=\"og:description\" content=\"Michele Corr\u00eaa: &quot;N\u00e3o \u00e9 apenas pela morte de um homem negro\u2026. \u00c9 por todas as vidas assassinadas pela necropol\u00edtica&quot;\" \/>\n<meta property=\"og:url\" content=\"https:\/\/padrejosimo.com.br\/site\/artigos\/artigo-nao-e-apenas-pela-morte-de-um-homem-negro\/\" \/>\n<meta property=\"og:site_name\" content=\"Instituto Cultural Padre Josimo\" \/>\n<meta property=\"og:image\" content=\"https:\/\/padrejosimo.com.br\/site\/wp-content\/uploads\/2020\/06\/Naza-McFarren.jpg\" \/>\n<meta name=\"twitter:card\" content=\"summary_large_image\" \/>\n<meta name=\"twitter:label1\" content=\"Est. tempo de leitura\" \/>\n\t<meta name=\"twitter:data1\" content=\"6 minutos\" \/>\n<script type=\"application\/ld+json\" class=\"yoast-schema-graph\">{\"@context\":\"https:\/\/schema.org\",\"@graph\":[{\"@type\":\"WebPage\",\"@id\":\"https:\/\/padrejosimo.com.br\/site\/artigos\/artigo-nao-e-apenas-pela-morte-de-um-homem-negro\/\",\"url\":\"https:\/\/padrejosimo.com.br\/site\/artigos\/artigo-nao-e-apenas-pela-morte-de-um-homem-negro\/\",\"name\":\"Artigo | N\u00e3o \u00e9 apenas pela morte de um homem negro - Instituto Cultural Padre Josimo\",\"isPartOf\":{\"@id\":\"https:\/\/padrejosimo.com.br\/site\/#website\"},\"primaryImageOfPage\":{\"@id\":\"https:\/\/padrejosimo.com.br\/site\/artigos\/artigo-nao-e-apenas-pela-morte-de-um-homem-negro\/#primaryimage\"},\"image\":{\"@id\":\"https:\/\/padrejosimo.com.br\/site\/artigos\/artigo-nao-e-apenas-pela-morte-de-um-homem-negro\/#primaryimage\"},\"thumbnailUrl\":\"https:\/\/padrejosimo.com.br\/site\/wp-content\/uploads\/2020\/06\/Naza-McFarren.jpg\",\"datePublished\":\"2020-06-04T14:09:40+00:00\",\"breadcrumb\":{\"@id\":\"https:\/\/padrejosimo.com.br\/site\/artigos\/artigo-nao-e-apenas-pela-morte-de-um-homem-negro\/#breadcrumb\"},\"inLanguage\":\"pt-BR\",\"potentialAction\":[{\"@type\":\"ReadAction\",\"target\":[\"https:\/\/padrejosimo.com.br\/site\/artigos\/artigo-nao-e-apenas-pela-morte-de-um-homem-negro\/\"]}]},{\"@type\":\"ImageObject\",\"inLanguage\":\"pt-BR\",\"@id\":\"https:\/\/padrejosimo.com.br\/site\/artigos\/artigo-nao-e-apenas-pela-morte-de-um-homem-negro\/#primaryimage\",\"url\":\"https:\/\/padrejosimo.com.br\/site\/wp-content\/uploads\/2020\/06\/Naza-McFarren.jpg\",\"contentUrl\":\"https:\/\/padrejosimo.com.br\/site\/wp-content\/uploads\/2020\/06\/Naza-McFarren.jpg\",\"width\":492,\"height\":374},{\"@type\":\"BreadcrumbList\",\"@id\":\"https:\/\/padrejosimo.com.br\/site\/artigos\/artigo-nao-e-apenas-pela-morte-de-um-homem-negro\/#breadcrumb\",\"itemListElement\":[{\"@type\":\"ListItem\",\"position\":1,\"name\":\"In\u00edcio\",\"item\":\"https:\/\/padrejosimo.com.br\/site\/\"},{\"@type\":\"ListItem\",\"position\":2,\"name\":\"Artigos\",\"item\":\"https:\/\/padrejosimo.com.br\/site\/artigos\/\"},{\"@type\":\"ListItem\",\"position\":3,\"name\":\"Artigo | N\u00e3o \u00e9 apenas pela morte de um homem negro\"}]},{\"@type\":\"WebSite\",\"@id\":\"https:\/\/padrejosimo.com.br\/site\/#website\",\"url\":\"https:\/\/padrejosimo.com.br\/site\/\",\"name\":\"Instituto Cultural Padre Josimo\",\"description\":\"Comprometida com a promo\u00e7\u00e3o da justi\u00e7a social, agroecologia e educa\u00e7\u00e3o popular\",\"publisher\":{\"@id\":\"https:\/\/padrejosimo.com.br\/site\/#organization\"},\"alternateName\":\"ICPJ\",\"potentialAction\":[{\"@type\":\"SearchAction\",\"target\":{\"@type\":\"EntryPoint\",\"urlTemplate\":\"https:\/\/padrejosimo.com.br\/site\/?s={search_term_string}\"},\"query-input\":{\"@type\":\"PropertyValueSpecification\",\"valueRequired\":true,\"valueName\":\"search_term_string\"}}],\"inLanguage\":\"pt-BR\"},{\"@type\":\"Organization\",\"@id\":\"https:\/\/padrejosimo.com.br\/site\/#organization\",\"name\":\"Instituto Cultural Padre Josimo\",\"alternateName\":\"ICPJ\",\"url\":\"https:\/\/padrejosimo.com.br\/site\/\",\"logo\":{\"@type\":\"ImageObject\",\"inLanguage\":\"pt-BR\",\"@id\":\"https:\/\/padrejosimo.com.br\/site\/#\/schema\/logo\/image\/\",\"url\":\"https:\/\/padrejosimo.com.br\/site\/wp-content\/uploads\/2025\/09\/cropped-icon-icpj.png\",\"contentUrl\":\"https:\/\/padrejosimo.com.br\/site\/wp-content\/uploads\/2025\/09\/cropped-icon-icpj.png\",\"width\":512,\"height\":512,\"caption\":\"Instituto Cultural Padre Josimo\"},\"image\":{\"@id\":\"https:\/\/padrejosimo.com.br\/site\/#\/schema\/logo\/image\/\"}}]}<\/script>\n<!-- \/ Yoast SEO plugin. -->","yoast_head_json":{"title":"Artigo | N\u00e3o \u00e9 apenas pela morte de um homem negro - Instituto Cultural Padre Josimo","robots":{"index":"index","follow":"follow","max-snippet":"max-snippet:-1","max-image-preview":"max-image-preview:large","max-video-preview":"max-video-preview:-1"},"canonical":"https:\/\/padrejosimo.com.br\/site\/artigos\/artigo-nao-e-apenas-pela-morte-de-um-homem-negro\/","og_locale":"pt_BR","og_type":"article","og_title":"Artigo | N\u00e3o \u00e9 apenas pela morte de um homem negro - Instituto Cultural Padre Josimo","og_description":"Michele Corr\u00eaa: \"N\u00e3o \u00e9 apenas pela morte de um homem negro\u2026. \u00c9 por todas as vidas assassinadas pela necropol\u00edtica\"","og_url":"https:\/\/padrejosimo.com.br\/site\/artigos\/artigo-nao-e-apenas-pela-morte-de-um-homem-negro\/","og_site_name":"Instituto Cultural Padre Josimo","og_image":[{"url":"https:\/\/padrejosimo.com.br\/site\/wp-content\/uploads\/2020\/06\/Naza-McFarren.jpg","type":"","width":"","height":""}],"twitter_card":"summary_large_image","twitter_misc":{"Est. tempo de leitura":"6 minutos"},"schema":{"@context":"https:\/\/schema.org","@graph":[{"@type":"WebPage","@id":"https:\/\/padrejosimo.com.br\/site\/artigos\/artigo-nao-e-apenas-pela-morte-de-um-homem-negro\/","url":"https:\/\/padrejosimo.com.br\/site\/artigos\/artigo-nao-e-apenas-pela-morte-de-um-homem-negro\/","name":"Artigo | N\u00e3o \u00e9 apenas pela morte de um homem negro - Instituto Cultural Padre Josimo","isPartOf":{"@id":"https:\/\/padrejosimo.com.br\/site\/#website"},"primaryImageOfPage":{"@id":"https:\/\/padrejosimo.com.br\/site\/artigos\/artigo-nao-e-apenas-pela-morte-de-um-homem-negro\/#primaryimage"},"image":{"@id":"https:\/\/padrejosimo.com.br\/site\/artigos\/artigo-nao-e-apenas-pela-morte-de-um-homem-negro\/#primaryimage"},"thumbnailUrl":"https:\/\/padrejosimo.com.br\/site\/wp-content\/uploads\/2020\/06\/Naza-McFarren.jpg","datePublished":"2020-06-04T14:09:40+00:00","breadcrumb":{"@id":"https:\/\/padrejosimo.com.br\/site\/artigos\/artigo-nao-e-apenas-pela-morte-de-um-homem-negro\/#breadcrumb"},"inLanguage":"pt-BR","potentialAction":[{"@type":"ReadAction","target":["https:\/\/padrejosimo.com.br\/site\/artigos\/artigo-nao-e-apenas-pela-morte-de-um-homem-negro\/"]}]},{"@type":"ImageObject","inLanguage":"pt-BR","@id":"https:\/\/padrejosimo.com.br\/site\/artigos\/artigo-nao-e-apenas-pela-morte-de-um-homem-negro\/#primaryimage","url":"https:\/\/padrejosimo.com.br\/site\/wp-content\/uploads\/2020\/06\/Naza-McFarren.jpg","contentUrl":"https:\/\/padrejosimo.com.br\/site\/wp-content\/uploads\/2020\/06\/Naza-McFarren.jpg","width":492,"height":374},{"@type":"BreadcrumbList","@id":"https:\/\/padrejosimo.com.br\/site\/artigos\/artigo-nao-e-apenas-pela-morte-de-um-homem-negro\/#breadcrumb","itemListElement":[{"@type":"ListItem","position":1,"name":"In\u00edcio","item":"https:\/\/padrejosimo.com.br\/site\/"},{"@type":"ListItem","position":2,"name":"Artigos","item":"https:\/\/padrejosimo.com.br\/site\/artigos\/"},{"@type":"ListItem","position":3,"name":"Artigo | N\u00e3o \u00e9 apenas pela morte de um homem negro"}]},{"@type":"WebSite","@id":"https:\/\/padrejosimo.com.br\/site\/#website","url":"https:\/\/padrejosimo.com.br\/site\/","name":"Instituto Cultural Padre Josimo","description":"Comprometida com a promo\u00e7\u00e3o da justi\u00e7a social, agroecologia e educa\u00e7\u00e3o popular","publisher":{"@id":"https:\/\/padrejosimo.com.br\/site\/#organization"},"alternateName":"ICPJ","potentialAction":[{"@type":"SearchAction","target":{"@type":"EntryPoint","urlTemplate":"https:\/\/padrejosimo.com.br\/site\/?s={search_term_string}"},"query-input":{"@type":"PropertyValueSpecification","valueRequired":true,"valueName":"search_term_string"}}],"inLanguage":"pt-BR"},{"@type":"Organization","@id":"https:\/\/padrejosimo.com.br\/site\/#organization","name":"Instituto Cultural Padre Josimo","alternateName":"ICPJ","url":"https:\/\/padrejosimo.com.br\/site\/","logo":{"@type":"ImageObject","inLanguage":"pt-BR","@id":"https:\/\/padrejosimo.com.br\/site\/#\/schema\/logo\/image\/","url":"https:\/\/padrejosimo.com.br\/site\/wp-content\/uploads\/2025\/09\/cropped-icon-icpj.png","contentUrl":"https:\/\/padrejosimo.com.br\/site\/wp-content\/uploads\/2025\/09\/cropped-icon-icpj.png","width":512,"height":512,"caption":"Instituto Cultural Padre Josimo"},"image":{"@id":"https:\/\/padrejosimo.com.br\/site\/#\/schema\/logo\/image\/"}}]}},"_links":{"self":[{"href":"https:\/\/padrejosimo.com.br\/site\/wp-json\/wp\/v2\/artigos\/3162","targetHints":{"allow":["GET"]}}],"collection":[{"href":"https:\/\/padrejosimo.com.br\/site\/wp-json\/wp\/v2\/artigos"}],"about":[{"href":"https:\/\/padrejosimo.com.br\/site\/wp-json\/wp\/v2\/types\/artigos"}],"author":[{"embeddable":true,"href":"https:\/\/padrejosimo.com.br\/site\/wp-json\/wp\/v2\/users\/11"}],"wp:attachment":[{"href":"https:\/\/padrejosimo.com.br\/site\/wp-json\/wp\/v2\/media?parent=3162"}],"curies":[{"name":"wp","href":"https:\/\/api.w.org\/{rel}","templated":true}]}}