{"id":3159,"date":"2020-05-31T09:46:01","date_gmt":"2020-05-31T12:46:01","guid":{"rendered":"https:\/\/padrejosimo.com.br\/site\/?post_type=artigos&#038;p=3159"},"modified":"2020-05-31T09:46:01","modified_gmt":"2020-05-31T12:46:01","slug":"artigo-cobertura-do-coronavirus-e-de-bolsonaro-batismo-de-fogo-dos-jovens-reporteres","status":"publish","type":"artigos","link":"https:\/\/padrejosimo.com.br\/site\/artigos\/artigo-cobertura-do-coronavirus-e-de-bolsonaro-batismo-de-fogo-dos-jovens-reporteres\/","title":{"rendered":"Artigo | Cobertura do coronav\u00edrus e de Bolsonaro: batismo de fogo dos jovens rep\u00f3rteres"},"content":{"rendered":"<p><em><strong>Carlos Wagner<\/strong><\/em> | Jornalista<\/p>\n<p>Prublica\u00e7\u00e3o original <a href=\"https:\/\/carloswagner.jor.br\/blog\/cobertura-do-coronavirus-e-de-bolsonaro-batismo-de-fogo-dos-jovens-reporteres\/\"><strong>AQUI!<\/strong><\/a><\/p>\n<figure id=\"attachment_3160\" aria-describedby=\"caption-attachment-3160\" style=\"width: 501px\" class=\"wp-caption aligncenter\"><img fetchpriority=\"high\" decoding=\"async\" class=\"wp-image-3160\" src=\"https:\/\/padrejosimo.com.br\/site\/wp-content\/uploads\/2020\/05\/Taruma.jpg-Large-1024x548.jpg\" alt=\"\" width=\"501\" height=\"268\" srcset=\"https:\/\/padrejosimo.com.br\/site\/wp-content\/uploads\/2020\/05\/Taruma.jpg-Large-1024x548.jpg 1024w, https:\/\/padrejosimo.com.br\/site\/wp-content\/uploads\/2020\/05\/Taruma.jpg-Large-300x160.jpg 300w, https:\/\/padrejosimo.com.br\/site\/wp-content\/uploads\/2020\/05\/Taruma.jpg-Large-768x411.jpg 768w, https:\/\/padrejosimo.com.br\/site\/wp-content\/uploads\/2020\/05\/Taruma.jpg-Large-1536x822.jpg 1536w, https:\/\/padrejosimo.com.br\/site\/wp-content\/uploads\/2020\/05\/Taruma.jpg-Large.jpg 1920w\" sizes=\"(max-width: 501px) 100vw, 501px\" \/><figcaption id=\"caption-attachment-3160\" class=\"wp-caption-text\">Pelos quatro cantos do Brasil, como em Manaus (AM), o coronav\u00edrus deixa um rastro de destrui\u00e7\u00e3o documentada pelos notici\u00e1rios com hist\u00f3rias escritas pelos jovens rep\u00f3rteres. Fotos: Reprodu\u00e7\u00e3o<\/figcaption><\/figure>\n<p>&nbsp;<\/p>\n<p>N\u00e3o sou profeta do apocalipse que prega que a nossa profiss\u00e3o de rep\u00f3rter esteja com os seus dias contados. A certeza da minha cren\u00e7a \u00e9 o trabalho que os jovens rep\u00f3rteres est\u00e3o fazendo na cobertura das trag\u00e9dias espalhadas pelo coronav\u00edrus nos quatro cantos do pa\u00eds e do governo do presidente da Rep\u00fablica Jair Bolsonaro (sem partido), uma pessoa emocionalmente inst\u00e1vel que tem como esporte predileto humilhar e agredir jornalistas diariamente. Na quest\u00e3o do v\u00edrus vi uma jovem rep\u00f3rter escutando o depoimento de um filho chorando ao relatar que o seu pai estava morrendo sentando em uma cadeira do corredor do hospital por falta de leito na Unidade de Tratamento Intensivo (UTI). A rep\u00f3rter n\u00e3o moveu um m\u00fasculo da face enquanto ouvia o relato. Depois da entrevista foi para um canto chorar. \u00c9 assim que a gente sobrevive a uma carga emocional desse calibre. Tamb\u00e9m vi Bolsonaro de dedo em riste mandando os rep\u00f3rteres calar a boca. Agiram como se n\u00e3o fosse com eles e continuaram trabalhando. Nessas situa\u00e7\u00f5es \u00e9 grande a vontade de atirar o bloco de anota\u00e7\u00f5es no desaforado.<\/p>\n<p>Claro, aqui e ali h\u00e1 alguns pontos da cobertura do v\u00edrus e das confus\u00f5es armadas pelo presidente Bolsonaro que poderiam ser melhores. Mas, de uma maneira geral, os jovens est\u00e3o fazendo bom trabalho, ou como se diz aqui no Rio Grande do Sul: \u201ca gurizada t\u00e1 dando conta do riscado\u201d. A situa\u00e7\u00e3o do Brasil \u00e9 in\u00e9dita por conta de uma emerg\u00eancia sanit\u00e1ria e da Presid\u00eancia da Rep\u00fablica ser ocupada por uma pessoa com problemas emocionais. Bolsonaro lembra a figura do presidente J\u00e2nio Quadros, que ficou no cargo durante meia d\u00fazia de meses em 1961 e renunciou alegando estar sendo pressionado \u201cpor for\u00e7as ocultas\u201d \u2013 h\u00e1 vasto material na internet. A situa\u00e7\u00e3o dos jovens rep\u00f3rteres tamb\u00e9m \u00e9 in\u00e9dita no jornalismo brasileiro. Vejamos a minha gera\u00e7\u00e3o de rep\u00f3rteres. Comecei a trabalhar em reda\u00e7\u00e3o de jornal em 1979 e sai em 2014. Tempos em que, quando se tinha uma ideia, se entrava na sala do diretor da reda\u00e7\u00e3o, trocava meia d\u00fazia de palavras e se sa\u00eda a viajar para fazer a reportagem. Sem responder \u00e0 pergunta: \u201cquanto vai custar?\u201d. Mais ainda: eu era pago para fazer texto e investiga\u00e7\u00e3o. Hoje n\u00e3o basta ter uma boa ideia de pauta. \u00c9 preciso que o custo dela seja pequeno. E o sal\u00e1rio do rep\u00f3rter \u00e9 um dos menores da hist\u00f3ria e a sua carga de trabalho, uma das maiores: ele faz texto, fotos, v\u00eddeos e \u00e1udio. Al\u00e9m disso, vive com a constante amea\u00e7a de perder o emprego.<\/p>\n<p>Portanto, um dos momentos mais importantes da hist\u00f3ria do Brasil est\u00e1 sendo documentado por esse rep\u00f3rter, que vive uma situa\u00e7\u00e3o de condi\u00e7\u00f5es prec\u00e1rias de trabalho. Ele est\u00e1 se superando e conseguindo documentar os fatos. A irrita\u00e7\u00e3o de Bolsonaro \u00e9 uma das provas que as coisas est\u00e3o sendo feitas pelos jornalistas de maneira correta. A credibilidade que os leitores voltaram a ter na imprensa pelo seu trabalho na cobertura da crise sanit\u00e1ria \u00e9 uma prova de que tamb\u00e9m ela est\u00e1 fazendo a coisa certa na cobertura do coronav\u00edrus. Antes de seguir contando a hist\u00f3ria. Os jovens rep\u00f3rteres que trabalham pelas reda\u00e7\u00f5es do interior do Brasil, longe das fontes oficiais e na maioria das vezes com acesso prec\u00e1rio \u00e0 internet, merecem uma considera\u00e7\u00e3o especial pela dedica\u00e7\u00e3o que t\u00eam mostrado aos seus leitores. Voltando \u00e0 hist\u00f3ria. Tenho dito nas minhas palestras nas reda\u00e7\u00f5es dos jornais e faculdades que a crise das empresas de comunica\u00e7\u00e3o \u00e9 uma coisa, a nossa profiss\u00e3o \u00e9 outra coisa. As empresas de comunica\u00e7\u00e3o como conhecemos hoje est\u00e3o em um processo acelerado de reformula\u00e7\u00e3o. E n\u00f3s? Temos que nos organizar, porque a era do emprego com carteira assinada acabou. Temos bons exemplos na hist\u00f3ria, como a imprensa alternativa que foi montada pelos jornalistas desempregados durante o Regime Militar (1964 a 1985) \u2013 h\u00e1 v\u00e1rios estudos e mat\u00e9rias dispon\u00edveis na internet.<\/p>\n<p>Durante o tempo que trabalhei em reda\u00e7\u00e3o, eu praticamente pulei de uma trag\u00e9dia para outra. Em parte pelo foco da minha carreira, que s\u00e3o conflitos agr\u00e1rios, migra\u00e7\u00f5es e crime organizado nas fronteiras. A \u00faltima trag\u00e9dia foi o inc\u00eandio da boate Kiss, na madrugada de 13 de janeiro de 2013, em Santa Maria (RS). Morrem 242 pessoas, a maioria jovens universit\u00e1rios, outras 640 ficaram feridas, muitas com gravidade e sequelas. Quatro pessoas foram apontadas por um volumoso inqu\u00e9rito policial como respons\u00e1veis pela trag\u00e9dia: os donos da boate, Elisandro Spohr, o Kiko, e Mauro Hoffmann. Mais Marcelo Santos e Luciano Bonilha, da banda Gurizada Fandangueira. At\u00e9 hoje (29\/05) n\u00e3o foram a julgamento gra\u00e7as a uma s\u00e9rie de manobras jur\u00eddicas dos seus advogados. Eu e mais um bando de rep\u00f3rteres ficamos trabalhando em Santa Maria mais de um m\u00eas e depois voltamos para as reda\u00e7\u00f5es e nos envolvemos com outras trag\u00e9dias. Mas um de n\u00f3s ficou l\u00e1, o Luiz Roese, conhecido como Tigrinho, que se especializou na quest\u00e3o Kiss e pegou o p\u00e9 dos quatros acusados at\u00e9 a sua morte, em 14 de setembro de 2019. Conheci o Tigrinho quando ele tinha uns 22 anos e entrou na Zero Hora, em Porto Alegre (RS). O apelido nasceu entre os velhos rep\u00f3rteres. Morreu jovem, aos 45 anos, e um dia antes de falecer me alertou estavam tentando transferir o julgamentos dos indiciados pela trag\u00e9dia da Kiss de Santa Maria para Porto Alegre. Caras como o Tigrinho ser\u00e3o sempre um exemplo para n\u00f3s. Seja l\u00e1 qual for o final da hist\u00f3ria do v\u00edrus e do governo Bolsonaro, o certo \u00e9 que ela ser\u00e1 escrita por um rep\u00f3rter. \u00c9 simples assim.<\/p>\n<p>&nbsp;<\/p>\n","protected":false},"excerpt":{"rendered":"<p>Carlos Wagner reflete o trabalho profissional dos jornalistas e os desafios de construir as narrativas do per\u00edodo hist\u00f3rico que estamos vivendo sob a amea\u00e7a da pandemia e do desgoverno.<\/p>\n","protected":false},"author":1,"template":"","class_list":["post-3159","artigos","type-artigos","status-publish","hentry"],"acf":[],"yoast_head":"<!-- This site is optimized with the Yoast SEO plugin v27.2 - https:\/\/yoast.com\/product\/yoast-seo-wordpress\/ -->\n<title>Artigo | Cobertura do coronav\u00edrus e de Bolsonaro: batismo de fogo dos jovens rep\u00f3rteres - Instituto Cultural Padre Josimo<\/title>\n<meta name=\"robots\" content=\"index, follow, max-snippet:-1, max-image-preview:large, max-video-preview:-1\" \/>\n<link rel=\"canonical\" href=\"https:\/\/padrejosimo.com.br\/site\/artigos\/artigo-cobertura-do-coronavirus-e-de-bolsonaro-batismo-de-fogo-dos-jovens-reporteres\/\" \/>\n<meta property=\"og:locale\" content=\"pt_BR\" \/>\n<meta property=\"og:type\" content=\"article\" \/>\n<meta property=\"og:title\" content=\"Artigo | Cobertura do coronav\u00edrus e de Bolsonaro: batismo de fogo dos jovens rep\u00f3rteres - Instituto Cultural Padre Josimo\" \/>\n<meta property=\"og:description\" content=\"Carlos Wagner reflete o trabalho profissional dos jornalistas e os desafios de construir as narrativas do per\u00edodo hist\u00f3rico que estamos vivendo sob a amea\u00e7a da pandemia e do desgoverno.\" \/>\n<meta property=\"og:url\" content=\"https:\/\/padrejosimo.com.br\/site\/artigos\/artigo-cobertura-do-coronavirus-e-de-bolsonaro-batismo-de-fogo-dos-jovens-reporteres\/\" \/>\n<meta property=\"og:site_name\" content=\"Instituto Cultural Padre Josimo\" \/>\n<meta property=\"og:image\" content=\"https:\/\/padrejosimo.com.br\/site\/wp-content\/uploads\/2020\/05\/Taruma.jpg-Large-1024x548.jpg\" \/>\n<meta name=\"twitter:card\" content=\"summary_large_image\" \/>\n<meta name=\"twitter:label1\" content=\"Est. tempo de leitura\" \/>\n\t<meta name=\"twitter:data1\" content=\"5 minutos\" \/>\n<script type=\"application\/ld+json\" class=\"yoast-schema-graph\">{\"@context\":\"https:\/\/schema.org\",\"@graph\":[{\"@type\":\"WebPage\",\"@id\":\"https:\/\/padrejosimo.com.br\/site\/artigos\/artigo-cobertura-do-coronavirus-e-de-bolsonaro-batismo-de-fogo-dos-jovens-reporteres\/\",\"url\":\"https:\/\/padrejosimo.com.br\/site\/artigos\/artigo-cobertura-do-coronavirus-e-de-bolsonaro-batismo-de-fogo-dos-jovens-reporteres\/\",\"name\":\"Artigo | Cobertura do coronav\u00edrus e de Bolsonaro: batismo de fogo dos jovens rep\u00f3rteres - Instituto Cultural Padre Josimo\",\"isPartOf\":{\"@id\":\"https:\/\/padrejosimo.com.br\/site\/#website\"},\"primaryImageOfPage\":{\"@id\":\"https:\/\/padrejosimo.com.br\/site\/artigos\/artigo-cobertura-do-coronavirus-e-de-bolsonaro-batismo-de-fogo-dos-jovens-reporteres\/#primaryimage\"},\"image\":{\"@id\":\"https:\/\/padrejosimo.com.br\/site\/artigos\/artigo-cobertura-do-coronavirus-e-de-bolsonaro-batismo-de-fogo-dos-jovens-reporteres\/#primaryimage\"},\"thumbnailUrl\":\"https:\/\/padrejosimo.com.br\/site\/wp-content\/uploads\/2020\/05\/Taruma.jpg-Large-1024x548.jpg\",\"datePublished\":\"2020-05-31T12:46:01+00:00\",\"breadcrumb\":{\"@id\":\"https:\/\/padrejosimo.com.br\/site\/artigos\/artigo-cobertura-do-coronavirus-e-de-bolsonaro-batismo-de-fogo-dos-jovens-reporteres\/#breadcrumb\"},\"inLanguage\":\"pt-BR\",\"potentialAction\":[{\"@type\":\"ReadAction\",\"target\":[\"https:\/\/padrejosimo.com.br\/site\/artigos\/artigo-cobertura-do-coronavirus-e-de-bolsonaro-batismo-de-fogo-dos-jovens-reporteres\/\"]}]},{\"@type\":\"ImageObject\",\"inLanguage\":\"pt-BR\",\"@id\":\"https:\/\/padrejosimo.com.br\/site\/artigos\/artigo-cobertura-do-coronavirus-e-de-bolsonaro-batismo-de-fogo-dos-jovens-reporteres\/#primaryimage\",\"url\":\"https:\/\/padrejosimo.com.br\/site\/wp-content\/uploads\/2020\/05\/Taruma.jpg-Large.jpg\",\"contentUrl\":\"https:\/\/padrejosimo.com.br\/site\/wp-content\/uploads\/2020\/05\/Taruma.jpg-Large.jpg\",\"width\":1920,\"height\":1027},{\"@type\":\"BreadcrumbList\",\"@id\":\"https:\/\/padrejosimo.com.br\/site\/artigos\/artigo-cobertura-do-coronavirus-e-de-bolsonaro-batismo-de-fogo-dos-jovens-reporteres\/#breadcrumb\",\"itemListElement\":[{\"@type\":\"ListItem\",\"position\":1,\"name\":\"In\u00edcio\",\"item\":\"https:\/\/padrejosimo.com.br\/site\/\"},{\"@type\":\"ListItem\",\"position\":2,\"name\":\"Artigos\",\"item\":\"https:\/\/padrejosimo.com.br\/site\/artigos\/\"},{\"@type\":\"ListItem\",\"position\":3,\"name\":\"Artigo | Cobertura do coronav\u00edrus e de Bolsonaro: batismo de fogo dos jovens rep\u00f3rteres\"}]},{\"@type\":\"WebSite\",\"@id\":\"https:\/\/padrejosimo.com.br\/site\/#website\",\"url\":\"https:\/\/padrejosimo.com.br\/site\/\",\"name\":\"Instituto Cultural Padre Josimo\",\"description\":\"Comprometida com a promo\u00e7\u00e3o da justi\u00e7a social, agroecologia e educa\u00e7\u00e3o popular\",\"publisher\":{\"@id\":\"https:\/\/padrejosimo.com.br\/site\/#organization\"},\"alternateName\":\"ICPJ\",\"potentialAction\":[{\"@type\":\"SearchAction\",\"target\":{\"@type\":\"EntryPoint\",\"urlTemplate\":\"https:\/\/padrejosimo.com.br\/site\/?s={search_term_string}\"},\"query-input\":{\"@type\":\"PropertyValueSpecification\",\"valueRequired\":true,\"valueName\":\"search_term_string\"}}],\"inLanguage\":\"pt-BR\"},{\"@type\":\"Organization\",\"@id\":\"https:\/\/padrejosimo.com.br\/site\/#organization\",\"name\":\"Instituto Cultural Padre Josimo\",\"alternateName\":\"ICPJ\",\"url\":\"https:\/\/padrejosimo.com.br\/site\/\",\"logo\":{\"@type\":\"ImageObject\",\"inLanguage\":\"pt-BR\",\"@id\":\"https:\/\/padrejosimo.com.br\/site\/#\/schema\/logo\/image\/\",\"url\":\"https:\/\/padrejosimo.com.br\/site\/wp-content\/uploads\/2025\/09\/cropped-icon-icpj.png\",\"contentUrl\":\"https:\/\/padrejosimo.com.br\/site\/wp-content\/uploads\/2025\/09\/cropped-icon-icpj.png\",\"width\":512,\"height\":512,\"caption\":\"Instituto Cultural Padre Josimo\"},\"image\":{\"@id\":\"https:\/\/padrejosimo.com.br\/site\/#\/schema\/logo\/image\/\"}}]}<\/script>\n<!-- \/ Yoast SEO plugin. -->","yoast_head_json":{"title":"Artigo | Cobertura do coronav\u00edrus e de Bolsonaro: batismo de fogo dos jovens rep\u00f3rteres - Instituto Cultural Padre Josimo","robots":{"index":"index","follow":"follow","max-snippet":"max-snippet:-1","max-image-preview":"max-image-preview:large","max-video-preview":"max-video-preview:-1"},"canonical":"https:\/\/padrejosimo.com.br\/site\/artigos\/artigo-cobertura-do-coronavirus-e-de-bolsonaro-batismo-de-fogo-dos-jovens-reporteres\/","og_locale":"pt_BR","og_type":"article","og_title":"Artigo | Cobertura do coronav\u00edrus e de Bolsonaro: batismo de fogo dos jovens rep\u00f3rteres - Instituto Cultural Padre Josimo","og_description":"Carlos Wagner reflete o trabalho profissional dos jornalistas e os desafios de construir as narrativas do per\u00edodo hist\u00f3rico que estamos vivendo sob a amea\u00e7a da pandemia e do desgoverno.","og_url":"https:\/\/padrejosimo.com.br\/site\/artigos\/artigo-cobertura-do-coronavirus-e-de-bolsonaro-batismo-de-fogo-dos-jovens-reporteres\/","og_site_name":"Instituto Cultural Padre Josimo","og_image":[{"url":"https:\/\/padrejosimo.com.br\/site\/wp-content\/uploads\/2020\/05\/Taruma.jpg-Large-1024x548.jpg","type":"","width":"","height":""}],"twitter_card":"summary_large_image","twitter_misc":{"Est. tempo de leitura":"5 minutos"},"schema":{"@context":"https:\/\/schema.org","@graph":[{"@type":"WebPage","@id":"https:\/\/padrejosimo.com.br\/site\/artigos\/artigo-cobertura-do-coronavirus-e-de-bolsonaro-batismo-de-fogo-dos-jovens-reporteres\/","url":"https:\/\/padrejosimo.com.br\/site\/artigos\/artigo-cobertura-do-coronavirus-e-de-bolsonaro-batismo-de-fogo-dos-jovens-reporteres\/","name":"Artigo | Cobertura do coronav\u00edrus e de Bolsonaro: batismo de fogo dos jovens rep\u00f3rteres - Instituto Cultural Padre Josimo","isPartOf":{"@id":"https:\/\/padrejosimo.com.br\/site\/#website"},"primaryImageOfPage":{"@id":"https:\/\/padrejosimo.com.br\/site\/artigos\/artigo-cobertura-do-coronavirus-e-de-bolsonaro-batismo-de-fogo-dos-jovens-reporteres\/#primaryimage"},"image":{"@id":"https:\/\/padrejosimo.com.br\/site\/artigos\/artigo-cobertura-do-coronavirus-e-de-bolsonaro-batismo-de-fogo-dos-jovens-reporteres\/#primaryimage"},"thumbnailUrl":"https:\/\/padrejosimo.com.br\/site\/wp-content\/uploads\/2020\/05\/Taruma.jpg-Large-1024x548.jpg","datePublished":"2020-05-31T12:46:01+00:00","breadcrumb":{"@id":"https:\/\/padrejosimo.com.br\/site\/artigos\/artigo-cobertura-do-coronavirus-e-de-bolsonaro-batismo-de-fogo-dos-jovens-reporteres\/#breadcrumb"},"inLanguage":"pt-BR","potentialAction":[{"@type":"ReadAction","target":["https:\/\/padrejosimo.com.br\/site\/artigos\/artigo-cobertura-do-coronavirus-e-de-bolsonaro-batismo-de-fogo-dos-jovens-reporteres\/"]}]},{"@type":"ImageObject","inLanguage":"pt-BR","@id":"https:\/\/padrejosimo.com.br\/site\/artigos\/artigo-cobertura-do-coronavirus-e-de-bolsonaro-batismo-de-fogo-dos-jovens-reporteres\/#primaryimage","url":"https:\/\/padrejosimo.com.br\/site\/wp-content\/uploads\/2020\/05\/Taruma.jpg-Large.jpg","contentUrl":"https:\/\/padrejosimo.com.br\/site\/wp-content\/uploads\/2020\/05\/Taruma.jpg-Large.jpg","width":1920,"height":1027},{"@type":"BreadcrumbList","@id":"https:\/\/padrejosimo.com.br\/site\/artigos\/artigo-cobertura-do-coronavirus-e-de-bolsonaro-batismo-de-fogo-dos-jovens-reporteres\/#breadcrumb","itemListElement":[{"@type":"ListItem","position":1,"name":"In\u00edcio","item":"https:\/\/padrejosimo.com.br\/site\/"},{"@type":"ListItem","position":2,"name":"Artigos","item":"https:\/\/padrejosimo.com.br\/site\/artigos\/"},{"@type":"ListItem","position":3,"name":"Artigo | Cobertura do coronav\u00edrus e de Bolsonaro: batismo de fogo dos jovens rep\u00f3rteres"}]},{"@type":"WebSite","@id":"https:\/\/padrejosimo.com.br\/site\/#website","url":"https:\/\/padrejosimo.com.br\/site\/","name":"Instituto Cultural Padre Josimo","description":"Comprometida com a promo\u00e7\u00e3o da justi\u00e7a social, agroecologia e educa\u00e7\u00e3o popular","publisher":{"@id":"https:\/\/padrejosimo.com.br\/site\/#organization"},"alternateName":"ICPJ","potentialAction":[{"@type":"SearchAction","target":{"@type":"EntryPoint","urlTemplate":"https:\/\/padrejosimo.com.br\/site\/?s={search_term_string}"},"query-input":{"@type":"PropertyValueSpecification","valueRequired":true,"valueName":"search_term_string"}}],"inLanguage":"pt-BR"},{"@type":"Organization","@id":"https:\/\/padrejosimo.com.br\/site\/#organization","name":"Instituto Cultural Padre Josimo","alternateName":"ICPJ","url":"https:\/\/padrejosimo.com.br\/site\/","logo":{"@type":"ImageObject","inLanguage":"pt-BR","@id":"https:\/\/padrejosimo.com.br\/site\/#\/schema\/logo\/image\/","url":"https:\/\/padrejosimo.com.br\/site\/wp-content\/uploads\/2025\/09\/cropped-icon-icpj.png","contentUrl":"https:\/\/padrejosimo.com.br\/site\/wp-content\/uploads\/2025\/09\/cropped-icon-icpj.png","width":512,"height":512,"caption":"Instituto Cultural Padre Josimo"},"image":{"@id":"https:\/\/padrejosimo.com.br\/site\/#\/schema\/logo\/image\/"}}]}},"_links":{"self":[{"href":"https:\/\/padrejosimo.com.br\/site\/wp-json\/wp\/v2\/artigos\/3159","targetHints":{"allow":["GET"]}}],"collection":[{"href":"https:\/\/padrejosimo.com.br\/site\/wp-json\/wp\/v2\/artigos"}],"about":[{"href":"https:\/\/padrejosimo.com.br\/site\/wp-json\/wp\/v2\/types\/artigos"}],"author":[{"embeddable":true,"href":"https:\/\/padrejosimo.com.br\/site\/wp-json\/wp\/v2\/users\/1"}],"wp:attachment":[{"href":"https:\/\/padrejosimo.com.br\/site\/wp-json\/wp\/v2\/media?parent=3159"}],"curies":[{"name":"wp","href":"https:\/\/api.w.org\/{rel}","templated":true}]}}