{"id":3131,"date":"2020-05-16T06:39:29","date_gmt":"2020-05-16T09:39:29","guid":{"rendered":"https:\/\/padrejosimo.com.br\/site\/?post_type=artigos&#038;p=3131"},"modified":"2020-05-16T06:39:29","modified_gmt":"2020-05-16T09:39:29","slug":"artigo-como-esperar-mais-de-um-mes-de-analise-em-tempos-de-fome","status":"publish","type":"artigos","link":"https:\/\/padrejosimo.com.br\/site\/artigos\/artigo-como-esperar-mais-de-um-mes-de-analise-em-tempos-de-fome\/","title":{"rendered":"Artigo | Como esperar mais de um m\u00eas de an\u00e1lise em tempos de fome?"},"content":{"rendered":"<blockquote>\n<p><strong>O Aux\u00edlio \u00e9 mesmo emergencial? Sim! <\/strong><\/p>\n<p><strong>Como esperar mais de um m\u00eas de an\u00e1lise em tempos de fome?<\/strong><\/p>\n<\/blockquote>\n<p><em> <img fetchpriority=\"high\" decoding=\"async\" class=\" wp-image-3132 aligncenter\" src=\"https:\/\/padrejosimo.com.br\/site\/wp-content\/uploads\/2020\/05\/artigo-josineide-1024x679.jpg\" alt=\"\" width=\"513\" height=\"340\" srcset=\"https:\/\/padrejosimo.com.br\/site\/wp-content\/uploads\/2020\/05\/artigo-josineide-1024x679.jpg 1024w, https:\/\/padrejosimo.com.br\/site\/wp-content\/uploads\/2020\/05\/artigo-josineide-300x199.jpg 300w, https:\/\/padrejosimo.com.br\/site\/wp-content\/uploads\/2020\/05\/artigo-josineide-768x509.jpg 768w, https:\/\/padrejosimo.com.br\/site\/wp-content\/uploads\/2020\/05\/artigo-josineide.jpg 1080w\" sizes=\"(max-width: 513px) 100vw, 513px\" \/><\/em><\/p>\n<p>Boa parte da popula\u00e7\u00e3o brasileira segue na peregrina\u00e7\u00e3o rumo ao aux\u00edlio emergencial e, assim, temos hoje mais um dia marcado por mais promessas sem cumprimento efetivo. \u00c9 mais de trinta dias que o chamado \u201cAux\u00edlio Emergencial\u201d segue em an\u00e1lise para mais de 17 milh\u00f5es de brasileiros\/as que lutam contra a fome, agravada pela atual crise sanit\u00e1ria do COVID-19. O Minist\u00e9rio da Cidadania, a Caixa Econ\u00f4mica Federal e a DATAPREV, prometem h\u00e1 dias e n\u00e3o cumprem. Segundo previs\u00e3o da DATAPREV, 14,7 milh\u00f5es de brasileiros\/as, que est\u00e3o com o pedido em an\u00e1lise, teriam uma resposta efetiva, mas continua as promessas.<\/p>\n<p>A verdade \u00e9 que o governo genocida de Bolsonaro se contenta com a desgra\u00e7a da classe trabalhadora, provocando um massacre geral para a popula\u00e7\u00e3o mais pobre do pa\u00eds. O aux\u00edlio emergencial, a renda b\u00e1sica \u2013 que deveria ser uma inje\u00e7\u00e3o imediata na vida econ\u00f4mica das fam\u00edlias \u2013 \u00e9 apenas uma das ferramentas que o governo utiliza, a partir da demora\/dificuldades do acesso e as fragilidades sanit\u00e1rias na hora dos saques junto aos bancos, para agravar a vida dos pobres.<\/p>\n<p>Vivemos no mundo uma pandemia sanit\u00e1ria, causada pelo COVID\u201319, onde muitas vidas s\u00e3o perdidas pelas m\u00e1s condi\u00e7\u00f5es estruturais da sa\u00fade brasileira (na maioria, a popula\u00e7\u00e3o pobre, negra e da periferia). E isso n\u00e3o \u00e9 causado apenas pela crise sanit\u00e1ria, j\u00e1 que essa popula\u00e7\u00e3o vive em resist\u00eancia, mas, historicamente, \u00e0 margem do pa\u00eds, nas piores condi\u00e7\u00f5es de vida. \u00c9 verdade que, aliado a isto, h\u00e1 anos vivemos uma crise pol\u00edtica, uma economia mal compreendida, com as riquezas do pa\u00eds concentradas em poucas m\u00e3os e com nossos bens comuns dos povos sendo explorados\/privatizados pelas m\u00e3os do atual modelo de desenvolvimento capitalista.<\/p>\n<p>No Brasil, a pandemia iniciou em fevereiro de 2020. Conscientemente continuamos as lutas a partir dos movimentos sociais, partidos de esquerda, classe trabalhadora do campo e da cidade, compreendendo que esta situa\u00e7\u00e3o geraria o caos e que iria piorar e agravar as condi\u00e7\u00f5es de vida no pa\u00eds. Resgatamos uma pauta que nunca conseguimos at\u00e9 ent\u00e3o implementar no pa\u00eds: a Renda B\u00e1sica de Cidadania para todos e todas que necessitem. Colocamos a pauta no Congresso Nacional e, em primeira m\u00e3o, o governo genocida anunciou a possibilidade do Aux\u00edlio Emergencial de R$ 200,00 \u00e0s fam\u00edlias que entrassem nos crit\u00e9rios exigidos. Por\u00e9m que fam\u00edlia teria condi\u00e7\u00f5es de viver com R$ 200,00? Exigimos que o valor fosse de um sal\u00e1rio m\u00ednimo e, atrav\u00e9s de muita luta (como sempre \u00e9 a \u00fanica forma que temos para obter melhorias para a classe trabalhadora pobre) no in\u00edcio de Abril deste ano, mais precisamente, no dia sete foi aprovado (lembremos que era para ser EMERGENCIAL) o valor de R$ 600,00, podendo receber at\u00e9 duas pessoas por fam\u00edlia e R$ 1.200,00 para m\u00e3es que criam seus filhos\/as sozinhas, por um prazo de tr\u00eas meses ou at\u00e9 que termine a pandemia. Mas, mesmo em pandemia e com graves impactos socioecon\u00f4micos de m\u00e9dio e longo prazo j\u00e1 sinalizados na vida das fam\u00edlias, o Presidente j\u00e1 anunciou que o aux\u00edlio n\u00e3o pode ser permanente, mas, desde j\u00e1 e diante da a\u00e7\u00e3o perversa em per\u00edodo recente sobre o \u201cBolsa Fam\u00edlia\u201d sob a gest\u00e3o Bolsonaro (cortes, suspens\u00f5es e cancelamos em muitos Estados), n\u00f3s ousamos em afirmar que: sim queremos uma Renda B\u00e1sica permanente Sr. Presidente at\u00e9 que enfrentemos as desigualdades impostas e hoje desveladas!<\/p>\n<p>O isolamento social que j\u00e1 dura cerca de dois meses, tem reduzido a zero a renda de v\u00e1rios trabalhadores e trabalhadoras que n\u00e3o t\u00eam carteira assinada e vivem do trabalho intermitente. S\u00e3o milh\u00f5es que se encontram desempregados h\u00e1 bastante tempo e agora pioram com a situa\u00e7\u00e3o vivenciada. As pessoas que vivem nas regi\u00f5es com problemas e varia\u00e7\u00f5es clim\u00e1ticas, est\u00e3o impossibilitados de exercerem suas fun\u00e7\u00f5es laborais devido a pandemia e, \u00e9 sim, necess\u00e1rio o isolamento social e o governo assumindo o compromisso de arcar com a sobreviv\u00eancia e a vida das pessoas. \u00c9 o seu dever neste momento.<\/p>\n<p>J\u00e1 s\u00e3o trinta e oito dias e mais de 17 milh\u00f5es de brasileiros n\u00e3o receberam os t\u00e3o esperados R$ 600,00. A fome se alastra a cada dia, pessoas entram na estat\u00edstica das mortes e o n\u00famero de infectados\/as aumenta de forma assustadora a todo o momento. Sim, \u00e9 verdade que mais de 50 milh\u00f5es j\u00e1 receberam, mas a forma que o governo disponibiliza para o povo receber est\u00e1 sendo tr\u00e1gica, onde, inclusive, os tais aplicativos criados at\u00e9 aqui s\u00e3o tr\u00eas em diferentes per\u00edodos. As formas de tirar as d\u00favidas s\u00e3o todas digitais, sem a presen\u00e7a de um ser que possa olhar e sentir a situa\u00e7\u00e3o do outro\/a e as filas gigantescas nas ag\u00eancias da Caixa Econ\u00f4mica Federal e nas lot\u00e9ricas, com as pessoas sujeitas \u00e0s noites de frio, chuva e vulnerabilidade para a contamina\u00e7\u00e3o do v\u00edrus, mais de 13 milh\u00f5es de pessoas tiveram que refazer o cadastro e ainda n\u00e3o receberam o aux\u00edlio. Como dar passos no acesso e, ao mesmo tempo, cuidar da sa\u00fade das pessoas? Porque a fome n\u00e3o espera ela mata.<\/p>\n<p>Ao contr\u00e1rio da forma de acesso da popula\u00e7\u00e3o, temos o acesso dos\/as militares. Outra fal\u00e1cia desta hist\u00f3ria que aqui deixamos nosso total rep\u00fadio, \u00e9 que 190 mil militares receberam o Aux\u00edlio Emergencial, sendo que n\u00e3o tiveram qualquer tipo de problemas burocr\u00e1ticos, pol\u00edticos, de espera e de filas intermin\u00e1veis para receber. Esperamos que a justi\u00e7a deste pa\u00eds exer\u00e7a o seu papel, exigindo daqueles que receberam sem estar nos crit\u00e9rios estabelecidos, que devolvam o valor indevido. \u00c9 o justo e correto.<\/p>\n<p>A partir disto, as expectativas s\u00e3o grandes para o pagamento da segunda parcela do Aux\u00edlio que o governo <strong>atrasou mais de quinze dias para a publica\u00e7\u00e3o do calend\u00e1rio de pagamento, e ainda vai dizer como ser\u00e1 feito, porque s\u00f3 o calend\u00e1rio em si n\u00e3o adianta. <\/strong>Sim o governo \u00e9 genocida; e tudo que faz s\u00e3o nas piores condi\u00e7\u00f5es para o povo pobre. E neste cap\u00edtulo terr\u00edvel da hist\u00f3ria o Auxilio Emergencial, em algumas partes do que foi sancionado no decreto pelo Sr. Presidente, n\u00e3o est\u00e1 sendo efetivado, como por exemplo: quem recebe o Bolsa Fam\u00edlia no valor inferior a R$ 600,00, j\u00e1 iria receber de forma autom\u00e1tica o valor do benef\u00edcio. Pois \u00e9, isso n\u00e3o est\u00e1 sendo cumprido para todas que recebem o \u201cBolsa Fam\u00edlia\u201d. Ah, t\u00eam tamb\u00e9m as pessoas que tem Cad\u00danico atualizado at\u00e9 20\/03\/2020. Esses tamb\u00e9m n\u00e3o est\u00e3o todos contabilizados. Muitas pessoas que t\u00eam tido o Aux\u00edlio Emergencial negado, informam que o motivo da negativa n\u00e3o \u00e9 verdadeiro, por\u00e9m, o Governo Bolsonaro, mesmo assumindo que a base de dados n\u00e3o \u00e9 a mais atualizada, n\u00e3o tem permitido recorrer da decis\u00e3o para a apresenta\u00e7\u00e3o dos documentos que provem a verdadeira situa\u00e7\u00e3o das fam\u00edlias e centenas de outros problemas que se dizem \u201cBUROCR\u00c1TICOS\u201d, que est\u00e1 impedindo o povo de receber a Renda B\u00e1sica. Mas o certo \u00e9 que o problema \u00e9 conscientemente causado na pol\u00edtica, por quem est\u00e1 governando o pa\u00eds e aos que a ele obedecem.<\/p>\n<p>Seguimos resistindo e lutando, n\u00e3o abriremos m\u00e3o dos nossos direitos, e \u00e9 por isso que lutamos exigindo que todos eles sejam respeitados. O hist\u00f3rico da classe pobre brasileira \u00e9 e sempre foi, conseguir a sobreviv\u00eancia com muito esfor\u00e7o, na constru\u00e7\u00e3o de um projeto popular para o Brasil, para que seja um pa\u00eds soberano de todos e todas. Exigir do Estado uma Renda B\u00e1sica de Cidadania permanente, uma Educa\u00e7\u00e3o de qualidade aos que estudam nas escolas p\u00fablicas, estes, desassistidos neste per\u00edodo de pandemia. Defendemos sim, com todas as nossas formas de luta, o SUS. \u00c9 ele o SUS que est\u00e1 segurando o pa\u00eds e impedindo que tenhamos um maior n\u00famero de mortes. Defendemos a vida de qualidade para toda a classe trabalhadora, com emprego e renda, pois \u00e9 digno e de direito \u00e0 nossa democracia. Dela n\u00e3o abriremos m\u00e3o.\u00a0<\/p>\n<p>Neste sentido, convocamos a classe trabalhadora do campo e da cidade, para se somarem a n\u00f3s, nas lutas di\u00e1rias que estamos fazendo, \u00e0 solidariedade uns com os outros, nas favelas, vielas, becos, quebradas, em todos os rinc\u00f5es deste pa\u00eds, com alimento e cuidados \u00e0 sa\u00fade. Devemos nos reconstruir e juntos reconstruir o pa\u00eds, fazer a luta de classe avan\u00e7ar, onde o fruto do trabalho seja dividido entre todos e todas, com o fim da explora\u00e7\u00e3o e dos explorados, dos ricos e pobres.<\/p>\n<p>Procure na sua cidade, bairro, comunidade as a\u00e7\u00f5es que est\u00e3o sendo feitas pelos movimentos sociais. Some-se a elas, a solidariedade salva vidas.<\/p>\n<p><strong>Paga logo BOLSONARO!<\/strong><\/p>\n<p><strong><em>\u00a0<\/em><\/strong><strong><em>\u201cSeguimos com esperan\u00e7a, e cada passo dessa luta tem que continuar.\u201d<\/em><\/strong><\/p>\n<p>&nbsp;<\/p>\n<blockquote>\n<p><strong><em>Josineide Costa<\/em><\/strong><\/p>\n<p><em>Assistente Social, P\u00f3s graduanda em Sa\u00fade Publica e Doc\u00eancia em Ensino Superior<\/em><\/p>\n<p><em>Militante do Movimento dos pequenos Agricultores e da Consulta Popular.<\/em><\/p>\n<\/blockquote>\n","protected":false},"excerpt":{"rendered":"<p>Boa parte da popula\u00e7\u00e3o brasileira segue na peregrina\u00e7\u00e3o rumo ao aux\u00edlio emergencial e, assim, temos hoje mais um dia marcado por mais promessas sem cumprimento efetivo.<\/p>\n","protected":false},"author":1,"template":"","class_list":["post-3131","artigos","type-artigos","status-publish","hentry"],"acf":[],"yoast_head":"<!-- This site is optimized with the Yoast SEO plugin v27.2 - https:\/\/yoast.com\/product\/yoast-seo-wordpress\/ -->\n<title>Artigo | Como esperar mais de um m\u00eas de an\u00e1lise em tempos de fome? - Instituto Cultural Padre Josimo<\/title>\n<meta name=\"robots\" content=\"index, follow, max-snippet:-1, max-image-preview:large, max-video-preview:-1\" \/>\n<link rel=\"canonical\" href=\"https:\/\/padrejosimo.com.br\/site\/artigos\/artigo-como-esperar-mais-de-um-mes-de-analise-em-tempos-de-fome\/\" \/>\n<meta property=\"og:locale\" content=\"pt_BR\" \/>\n<meta property=\"og:type\" content=\"article\" \/>\n<meta property=\"og:title\" content=\"Artigo | Como esperar mais de um m\u00eas de an\u00e1lise em tempos de fome? - Instituto Cultural Padre Josimo\" \/>\n<meta property=\"og:description\" content=\"Boa parte da popula\u00e7\u00e3o brasileira segue na peregrina\u00e7\u00e3o rumo ao aux\u00edlio emergencial e, assim, temos hoje mais um dia marcado por mais promessas sem cumprimento efetivo.\" \/>\n<meta property=\"og:url\" content=\"https:\/\/padrejosimo.com.br\/site\/artigos\/artigo-como-esperar-mais-de-um-mes-de-analise-em-tempos-de-fome\/\" \/>\n<meta property=\"og:site_name\" content=\"Instituto Cultural Padre Josimo\" \/>\n<meta property=\"og:image\" content=\"https:\/\/padrejosimo.com.br\/site\/wp-content\/uploads\/2020\/05\/artigo-josineide-1024x679.jpg\" \/>\n<meta name=\"twitter:card\" content=\"summary_large_image\" \/>\n<meta name=\"twitter:label1\" content=\"Est. tempo de leitura\" \/>\n\t<meta name=\"twitter:data1\" content=\"8 minutos\" \/>\n<script type=\"application\/ld+json\" class=\"yoast-schema-graph\">{\"@context\":\"https:\/\/schema.org\",\"@graph\":[{\"@type\":\"WebPage\",\"@id\":\"https:\/\/padrejosimo.com.br\/site\/artigos\/artigo-como-esperar-mais-de-um-mes-de-analise-em-tempos-de-fome\/\",\"url\":\"https:\/\/padrejosimo.com.br\/site\/artigos\/artigo-como-esperar-mais-de-um-mes-de-analise-em-tempos-de-fome\/\",\"name\":\"Artigo | Como esperar mais de um m\u00eas de an\u00e1lise em tempos de fome? - Instituto Cultural Padre Josimo\",\"isPartOf\":{\"@id\":\"https:\/\/padrejosimo.com.br\/site\/#website\"},\"primaryImageOfPage\":{\"@id\":\"https:\/\/padrejosimo.com.br\/site\/artigos\/artigo-como-esperar-mais-de-um-mes-de-analise-em-tempos-de-fome\/#primaryimage\"},\"image\":{\"@id\":\"https:\/\/padrejosimo.com.br\/site\/artigos\/artigo-como-esperar-mais-de-um-mes-de-analise-em-tempos-de-fome\/#primaryimage\"},\"thumbnailUrl\":\"https:\/\/padrejosimo.com.br\/site\/wp-content\/uploads\/2020\/05\/artigo-josineide-1024x679.jpg\",\"datePublished\":\"2020-05-16T09:39:29+00:00\",\"breadcrumb\":{\"@id\":\"https:\/\/padrejosimo.com.br\/site\/artigos\/artigo-como-esperar-mais-de-um-mes-de-analise-em-tempos-de-fome\/#breadcrumb\"},\"inLanguage\":\"pt-BR\",\"potentialAction\":[{\"@type\":\"ReadAction\",\"target\":[\"https:\/\/padrejosimo.com.br\/site\/artigos\/artigo-como-esperar-mais-de-um-mes-de-analise-em-tempos-de-fome\/\"]}]},{\"@type\":\"ImageObject\",\"inLanguage\":\"pt-BR\",\"@id\":\"https:\/\/padrejosimo.com.br\/site\/artigos\/artigo-como-esperar-mais-de-um-mes-de-analise-em-tempos-de-fome\/#primaryimage\",\"url\":\"https:\/\/padrejosimo.com.br\/site\/wp-content\/uploads\/2020\/05\/artigo-josineide.jpg\",\"contentUrl\":\"https:\/\/padrejosimo.com.br\/site\/wp-content\/uploads\/2020\/05\/artigo-josineide.jpg\",\"width\":1080,\"height\":716},{\"@type\":\"BreadcrumbList\",\"@id\":\"https:\/\/padrejosimo.com.br\/site\/artigos\/artigo-como-esperar-mais-de-um-mes-de-analise-em-tempos-de-fome\/#breadcrumb\",\"itemListElement\":[{\"@type\":\"ListItem\",\"position\":1,\"name\":\"In\u00edcio\",\"item\":\"https:\/\/padrejosimo.com.br\/site\/\"},{\"@type\":\"ListItem\",\"position\":2,\"name\":\"Artigos\",\"item\":\"https:\/\/padrejosimo.com.br\/site\/artigos\/\"},{\"@type\":\"ListItem\",\"position\":3,\"name\":\"Artigo | Como esperar mais de um m\u00eas de an\u00e1lise em tempos de fome?\"}]},{\"@type\":\"WebSite\",\"@id\":\"https:\/\/padrejosimo.com.br\/site\/#website\",\"url\":\"https:\/\/padrejosimo.com.br\/site\/\",\"name\":\"Instituto Cultural Padre Josimo\",\"description\":\"Comprometida com a promo\u00e7\u00e3o da justi\u00e7a social, agroecologia e educa\u00e7\u00e3o popular\",\"publisher\":{\"@id\":\"https:\/\/padrejosimo.com.br\/site\/#organization\"},\"alternateName\":\"ICPJ\",\"potentialAction\":[{\"@type\":\"SearchAction\",\"target\":{\"@type\":\"EntryPoint\",\"urlTemplate\":\"https:\/\/padrejosimo.com.br\/site\/?s={search_term_string}\"},\"query-input\":{\"@type\":\"PropertyValueSpecification\",\"valueRequired\":true,\"valueName\":\"search_term_string\"}}],\"inLanguage\":\"pt-BR\"},{\"@type\":\"Organization\",\"@id\":\"https:\/\/padrejosimo.com.br\/site\/#organization\",\"name\":\"Instituto Cultural Padre Josimo\",\"alternateName\":\"ICPJ\",\"url\":\"https:\/\/padrejosimo.com.br\/site\/\",\"logo\":{\"@type\":\"ImageObject\",\"inLanguage\":\"pt-BR\",\"@id\":\"https:\/\/padrejosimo.com.br\/site\/#\/schema\/logo\/image\/\",\"url\":\"https:\/\/padrejosimo.com.br\/site\/wp-content\/uploads\/2025\/09\/cropped-icon-icpj.png\",\"contentUrl\":\"https:\/\/padrejosimo.com.br\/site\/wp-content\/uploads\/2025\/09\/cropped-icon-icpj.png\",\"width\":512,\"height\":512,\"caption\":\"Instituto Cultural Padre Josimo\"},\"image\":{\"@id\":\"https:\/\/padrejosimo.com.br\/site\/#\/schema\/logo\/image\/\"}}]}<\/script>\n<!-- \/ Yoast SEO plugin. -->","yoast_head_json":{"title":"Artigo | Como esperar mais de um m\u00eas de an\u00e1lise em tempos de fome? - Instituto Cultural Padre Josimo","robots":{"index":"index","follow":"follow","max-snippet":"max-snippet:-1","max-image-preview":"max-image-preview:large","max-video-preview":"max-video-preview:-1"},"canonical":"https:\/\/padrejosimo.com.br\/site\/artigos\/artigo-como-esperar-mais-de-um-mes-de-analise-em-tempos-de-fome\/","og_locale":"pt_BR","og_type":"article","og_title":"Artigo | Como esperar mais de um m\u00eas de an\u00e1lise em tempos de fome? - Instituto Cultural Padre Josimo","og_description":"Boa parte da popula\u00e7\u00e3o brasileira segue na peregrina\u00e7\u00e3o rumo ao aux\u00edlio emergencial e, assim, temos hoje mais um dia marcado por mais promessas sem cumprimento efetivo.","og_url":"https:\/\/padrejosimo.com.br\/site\/artigos\/artigo-como-esperar-mais-de-um-mes-de-analise-em-tempos-de-fome\/","og_site_name":"Instituto Cultural Padre Josimo","og_image":[{"url":"https:\/\/padrejosimo.com.br\/site\/wp-content\/uploads\/2020\/05\/artigo-josineide-1024x679.jpg","type":"","width":"","height":""}],"twitter_card":"summary_large_image","twitter_misc":{"Est. tempo de leitura":"8 minutos"},"schema":{"@context":"https:\/\/schema.org","@graph":[{"@type":"WebPage","@id":"https:\/\/padrejosimo.com.br\/site\/artigos\/artigo-como-esperar-mais-de-um-mes-de-analise-em-tempos-de-fome\/","url":"https:\/\/padrejosimo.com.br\/site\/artigos\/artigo-como-esperar-mais-de-um-mes-de-analise-em-tempos-de-fome\/","name":"Artigo | Como esperar mais de um m\u00eas de an\u00e1lise em tempos de fome? - Instituto Cultural Padre Josimo","isPartOf":{"@id":"https:\/\/padrejosimo.com.br\/site\/#website"},"primaryImageOfPage":{"@id":"https:\/\/padrejosimo.com.br\/site\/artigos\/artigo-como-esperar-mais-de-um-mes-de-analise-em-tempos-de-fome\/#primaryimage"},"image":{"@id":"https:\/\/padrejosimo.com.br\/site\/artigos\/artigo-como-esperar-mais-de-um-mes-de-analise-em-tempos-de-fome\/#primaryimage"},"thumbnailUrl":"https:\/\/padrejosimo.com.br\/site\/wp-content\/uploads\/2020\/05\/artigo-josineide-1024x679.jpg","datePublished":"2020-05-16T09:39:29+00:00","breadcrumb":{"@id":"https:\/\/padrejosimo.com.br\/site\/artigos\/artigo-como-esperar-mais-de-um-mes-de-analise-em-tempos-de-fome\/#breadcrumb"},"inLanguage":"pt-BR","potentialAction":[{"@type":"ReadAction","target":["https:\/\/padrejosimo.com.br\/site\/artigos\/artigo-como-esperar-mais-de-um-mes-de-analise-em-tempos-de-fome\/"]}]},{"@type":"ImageObject","inLanguage":"pt-BR","@id":"https:\/\/padrejosimo.com.br\/site\/artigos\/artigo-como-esperar-mais-de-um-mes-de-analise-em-tempos-de-fome\/#primaryimage","url":"https:\/\/padrejosimo.com.br\/site\/wp-content\/uploads\/2020\/05\/artigo-josineide.jpg","contentUrl":"https:\/\/padrejosimo.com.br\/site\/wp-content\/uploads\/2020\/05\/artigo-josineide.jpg","width":1080,"height":716},{"@type":"BreadcrumbList","@id":"https:\/\/padrejosimo.com.br\/site\/artigos\/artigo-como-esperar-mais-de-um-mes-de-analise-em-tempos-de-fome\/#breadcrumb","itemListElement":[{"@type":"ListItem","position":1,"name":"In\u00edcio","item":"https:\/\/padrejosimo.com.br\/site\/"},{"@type":"ListItem","position":2,"name":"Artigos","item":"https:\/\/padrejosimo.com.br\/site\/artigos\/"},{"@type":"ListItem","position":3,"name":"Artigo | Como esperar mais de um m\u00eas de an\u00e1lise em tempos de fome?"}]},{"@type":"WebSite","@id":"https:\/\/padrejosimo.com.br\/site\/#website","url":"https:\/\/padrejosimo.com.br\/site\/","name":"Instituto Cultural Padre Josimo","description":"Comprometida com a promo\u00e7\u00e3o da justi\u00e7a social, agroecologia e educa\u00e7\u00e3o popular","publisher":{"@id":"https:\/\/padrejosimo.com.br\/site\/#organization"},"alternateName":"ICPJ","potentialAction":[{"@type":"SearchAction","target":{"@type":"EntryPoint","urlTemplate":"https:\/\/padrejosimo.com.br\/site\/?s={search_term_string}"},"query-input":{"@type":"PropertyValueSpecification","valueRequired":true,"valueName":"search_term_string"}}],"inLanguage":"pt-BR"},{"@type":"Organization","@id":"https:\/\/padrejosimo.com.br\/site\/#organization","name":"Instituto Cultural Padre Josimo","alternateName":"ICPJ","url":"https:\/\/padrejosimo.com.br\/site\/","logo":{"@type":"ImageObject","inLanguage":"pt-BR","@id":"https:\/\/padrejosimo.com.br\/site\/#\/schema\/logo\/image\/","url":"https:\/\/padrejosimo.com.br\/site\/wp-content\/uploads\/2025\/09\/cropped-icon-icpj.png","contentUrl":"https:\/\/padrejosimo.com.br\/site\/wp-content\/uploads\/2025\/09\/cropped-icon-icpj.png","width":512,"height":512,"caption":"Instituto Cultural Padre Josimo"},"image":{"@id":"https:\/\/padrejosimo.com.br\/site\/#\/schema\/logo\/image\/"}}]}},"_links":{"self":[{"href":"https:\/\/padrejosimo.com.br\/site\/wp-json\/wp\/v2\/artigos\/3131","targetHints":{"allow":["GET"]}}],"collection":[{"href":"https:\/\/padrejosimo.com.br\/site\/wp-json\/wp\/v2\/artigos"}],"about":[{"href":"https:\/\/padrejosimo.com.br\/site\/wp-json\/wp\/v2\/types\/artigos"}],"author":[{"embeddable":true,"href":"https:\/\/padrejosimo.com.br\/site\/wp-json\/wp\/v2\/users\/1"}],"wp:attachment":[{"href":"https:\/\/padrejosimo.com.br\/site\/wp-json\/wp\/v2\/media?parent=3131"}],"curies":[{"name":"wp","href":"https:\/\/api.w.org\/{rel}","templated":true}]}}