{"id":3129,"date":"2020-05-15T12:08:58","date_gmt":"2020-05-15T15:08:58","guid":{"rendered":"https:\/\/padrejosimo.com.br\/site\/?post_type=artigos&#038;p=3129"},"modified":"2020-05-15T12:08:58","modified_gmt":"2020-05-15T15:08:58","slug":"artigo-se-nao-plantar-agora-a-fome-vira-em-seguida-facebook-twitter-whatsapp","status":"publish","type":"artigos","link":"https:\/\/padrejosimo.com.br\/site\/artigos\/artigo-se-nao-plantar-agora-a-fome-vira-em-seguida-facebook-twitter-whatsapp\/","title":{"rendered":"Artigo | Se n\u00e3o plantar agora, a fome vir\u00e1 em seguida Facebook Twitter WhatsApp"},"content":{"rendered":"<p><img fetchpriority=\"high\" decoding=\"async\" class=\"wp-image-3130 aligncenter\" src=\"https:\/\/padrejosimo.com.br\/site\/wp-content\/uploads\/2020\/05\/Camponeses-resistem-produzem-e-garantem-o-alimento-do-povo-brasileiro-1024x683.jpg\" alt=\"\" width=\"534\" height=\"356\" srcset=\"https:\/\/padrejosimo.com.br\/site\/wp-content\/uploads\/2020\/05\/Camponeses-resistem-produzem-e-garantem-o-alimento-do-povo-brasileiro-1024x683.jpg 1024w, https:\/\/padrejosimo.com.br\/site\/wp-content\/uploads\/2020\/05\/Camponeses-resistem-produzem-e-garantem-o-alimento-do-povo-brasileiro-300x200.jpg 300w, https:\/\/padrejosimo.com.br\/site\/wp-content\/uploads\/2020\/05\/Camponeses-resistem-produzem-e-garantem-o-alimento-do-povo-brasileiro-768x512.jpg 768w, https:\/\/padrejosimo.com.br\/site\/wp-content\/uploads\/2020\/05\/Camponeses-resistem-produzem-e-garantem-o-alimento-do-povo-brasileiro-1536x1024.jpg 1536w, https:\/\/padrejosimo.com.br\/site\/wp-content\/uploads\/2020\/05\/Camponeses-resistem-produzem-e-garantem-o-alimento-do-povo-brasileiro-2048x1365.jpg 2048w\" sizes=\"(max-width: 534px) 100vw, 534px\" \/><\/p>\n<p>&nbsp;<\/p>\n<p>O Brasil est\u00e1 de volta ao Mapa da Fome. Todo um esfor\u00e7o de quatorze anos, que tanto nos enchia de orgulho, foi jogado por terra em quatro anos de destrui\u00e7\u00e3o das pol\u00edticas p\u00fablicas de apoio \u00e0 produ\u00e7\u00e3o camponesa.<\/p>\n<p>N\u00e3o h\u00e1 produ\u00e7\u00e3o de alimentos e abastecimento popular em larga escala, em qualquer lugar do mundo, sem apoio do Governo, sem pol\u00edticas fortes do Estado. E os governos Temer e Bolsonaro s\u00f3 tiveram e t\u00eam pol\u00edticas para os grandes produtores do agroneg\u00f3cio. E os grandes latifundi\u00e1rios n\u00e3o produzem os alimentos que v\u00e3o todos os dias \u00e0s mesas do povo brasileiro. De que adiantam milh\u00f5es de toneladas de gr\u00e3os de soja exportadas se brasileiros e brasileiras morrem de fome ou comem mal todos os dias?<\/p>\n<p>A infla\u00e7\u00e3o dos alimentos j\u00e1 bate \u00e0 porta de muitos lares. E a situa\u00e7\u00e3o pode se agravar em 2021 se n\u00e3o houver apoio s\u00f3lido e consistente para que as fam\u00edlias que produzem alimentos tenham condi\u00e7\u00f5es de plantar e cultivar ainda agora, em 2020, come\u00e7ando em junho. Plantar agora para colher em 2021. N\u00e3o plantando em 2020, haver\u00e1 crise de abastecimento e pre\u00e7os altos de alimentos em 2021. At\u00e9 a Organiza\u00e7\u00e3o das Na\u00e7\u00f5es Unidas (ONU) e as grandes transnacionais do agroneg\u00f3cio j\u00e1 fizeram este alerta.<\/p>\n<p>Caso isto n\u00e3o aconte\u00e7a \u2013 e h\u00e1 grande chance de n\u00e3o acontecer se ficar s\u00f3 nas m\u00e3os do genocida que governa o pa\u00eds \u2013 al\u00e9m das milhares de mortes evit\u00e1veis, do desemprego em massa, da fal\u00eancia da economia popular, o governo desastroso de Bolsonaro estar\u00e1 provocando desabastecimento de g\u00eaneros aliment\u00edcios e fome.<\/p>\n<p>Por isto a <a href=\"https:\/\/fpabramo.org.br\/wp-content\/uploads\/2020\/05\/Plataforma-Emergencial-do-Campo-atualizado-01.05.20202.pdf\"><strong>Plataforma Emergencial dos Povos do Campo, das Florestas e das \u00c1guas<\/strong><\/a> para a produ\u00e7\u00e3o de alimentos saud\u00e1veis e abastecimento popular vem em boa hora e deve se tornar uma proposta para envolver e mobilizar toda a sociedade e disputar na C\u00e2mara e no Senado recursos e instrumentos para viabiliz\u00e1-la. \u00c9 a contribui\u00e7\u00e3o dos Movimentos do Campo, dispostos a produzir alimentos saud\u00e1veis e diversificados para evitar o desastre da fome nos grandes centros urbanos.<\/p>\n<p>Temos afirmado na Plataforma, que \u00e9 ampla e diversa, a necessidade de um Plano Safra Emergencial com destaque a um Cr\u00e9dito Fomento Solid\u00e1rio de at\u00e9 R$ 5.000,00, sem retorno, para os mais pobres do campo produzir seu pr\u00f3prio alimento e fornecer para os moradores das pequenas cidades do interior; um cr\u00e9dito emergencial, com rebates e condi\u00e7\u00f5es especiais, de at\u00e9 R$ 20.000,00, para estimular a produ\u00e7\u00e3o de alimentos em larga escala; solu\u00e7\u00e3o do endividamentos das fam\u00edlias, das cooperativas e associa\u00e7\u00f5es da agricultura familiar, assentados, pescadores\u00a0 e povos tradicionais com morat\u00f3ria, rebates, prorroga\u00e7\u00f5es ou anistia, conforme o caso; retomada do Programa de Aquisi\u00e7\u00e3o de Alimentos (PAA), para garantir que a produ\u00e7\u00e3o do agricultor chegue at\u00e9 os mais pobres das cidades.<\/p>\n<p>A Via Campesina convoca para a luta contra o v\u00edrus e contra a fome. Quem alimenta o Brasil, exige respeito.<\/p>\n<p>&nbsp;<\/p>\n<p><strong>Frei S\u00e9rgio G\u00f6rgen<\/strong><\/p>\n<p>Dirigente do Movimento dos Pequenos Agricultores e Via Campesina<\/p>\n<p>Autor de \u201cTrincheiras da Resist\u00eancia Camponesa\u201d<\/p>\n<p>&nbsp;<\/p>\n<hr \/>\n<p>Para acessar o documento na \u00edntegra, <a href=\"https:\/\/fpabramo.org.br\/wp-content\/uploads\/2020\/05\/Plataforma-Emergencial-do-Campo-atualizado-01.05.20202.pdf\"><strong>CLIQUE AQUI!<\/strong><\/a><\/p>\n","protected":false},"excerpt":{"rendered":"<p>Frei S\u00e9rgio alerta: \u00c9 preciso plantar agora para colher em 2021. N\u00e3o plantando agora, haver\u00e1 crise de abastecimento e pre\u00e7os altos de alimentos no pr\u00f3ximo ano.<\/p>\n","protected":false},"author":1,"template":"","class_list":["post-3129","artigos","type-artigos","status-publish","hentry"],"acf":[],"yoast_head":"<!-- This site is optimized with the Yoast SEO plugin v27.2 - https:\/\/yoast.com\/product\/yoast-seo-wordpress\/ -->\n<title>Artigo | Se n\u00e3o plantar agora, a fome vir\u00e1 em seguida Facebook Twitter WhatsApp - Instituto Cultural Padre Josimo<\/title>\n<meta name=\"robots\" content=\"index, follow, max-snippet:-1, max-image-preview:large, max-video-preview:-1\" \/>\n<link rel=\"canonical\" href=\"https:\/\/padrejosimo.com.br\/site\/artigos\/artigo-se-nao-plantar-agora-a-fome-vira-em-seguida-facebook-twitter-whatsapp\/\" \/>\n<meta property=\"og:locale\" content=\"pt_BR\" \/>\n<meta property=\"og:type\" content=\"article\" \/>\n<meta property=\"og:title\" content=\"Artigo | Se n\u00e3o plantar agora, a fome vir\u00e1 em seguida Facebook Twitter WhatsApp - Instituto Cultural Padre Josimo\" \/>\n<meta property=\"og:description\" content=\"Frei S\u00e9rgio alerta: \u00c9 preciso plantar agora para colher em 2021. N\u00e3o plantando agora, haver\u00e1 crise de abastecimento e pre\u00e7os altos de alimentos no pr\u00f3ximo ano.\" \/>\n<meta property=\"og:url\" content=\"https:\/\/padrejosimo.com.br\/site\/artigos\/artigo-se-nao-plantar-agora-a-fome-vira-em-seguida-facebook-twitter-whatsapp\/\" \/>\n<meta property=\"og:site_name\" content=\"Instituto Cultural Padre Josimo\" \/>\n<meta property=\"og:image\" content=\"https:\/\/padrejosimo.com.br\/site\/wp-content\/uploads\/2020\/05\/Camponeses-resistem-produzem-e-garantem-o-alimento-do-povo-brasileiro-1024x683.jpg\" \/>\n<meta name=\"twitter:card\" content=\"summary_large_image\" \/>\n<meta name=\"twitter:label1\" content=\"Est. tempo de leitura\" \/>\n\t<meta name=\"twitter:data1\" content=\"3 minutos\" \/>\n<script type=\"application\/ld+json\" class=\"yoast-schema-graph\">{\"@context\":\"https:\/\/schema.org\",\"@graph\":[{\"@type\":\"WebPage\",\"@id\":\"https:\/\/padrejosimo.com.br\/site\/artigos\/artigo-se-nao-plantar-agora-a-fome-vira-em-seguida-facebook-twitter-whatsapp\/\",\"url\":\"https:\/\/padrejosimo.com.br\/site\/artigos\/artigo-se-nao-plantar-agora-a-fome-vira-em-seguida-facebook-twitter-whatsapp\/\",\"name\":\"Artigo | Se n\u00e3o plantar agora, a fome vir\u00e1 em seguida Facebook Twitter WhatsApp - Instituto Cultural Padre Josimo\",\"isPartOf\":{\"@id\":\"https:\/\/padrejosimo.com.br\/site\/#website\"},\"primaryImageOfPage\":{\"@id\":\"https:\/\/padrejosimo.com.br\/site\/artigos\/artigo-se-nao-plantar-agora-a-fome-vira-em-seguida-facebook-twitter-whatsapp\/#primaryimage\"},\"image\":{\"@id\":\"https:\/\/padrejosimo.com.br\/site\/artigos\/artigo-se-nao-plantar-agora-a-fome-vira-em-seguida-facebook-twitter-whatsapp\/#primaryimage\"},\"thumbnailUrl\":\"https:\/\/padrejosimo.com.br\/site\/wp-content\/uploads\/2020\/05\/Camponeses-resistem-produzem-e-garantem-o-alimento-do-povo-brasileiro-1024x683.jpg\",\"datePublished\":\"2020-05-15T15:08:58+00:00\",\"breadcrumb\":{\"@id\":\"https:\/\/padrejosimo.com.br\/site\/artigos\/artigo-se-nao-plantar-agora-a-fome-vira-em-seguida-facebook-twitter-whatsapp\/#breadcrumb\"},\"inLanguage\":\"pt-BR\",\"potentialAction\":[{\"@type\":\"ReadAction\",\"target\":[\"https:\/\/padrejosimo.com.br\/site\/artigos\/artigo-se-nao-plantar-agora-a-fome-vira-em-seguida-facebook-twitter-whatsapp\/\"]}]},{\"@type\":\"ImageObject\",\"inLanguage\":\"pt-BR\",\"@id\":\"https:\/\/padrejosimo.com.br\/site\/artigos\/artigo-se-nao-plantar-agora-a-fome-vira-em-seguida-facebook-twitter-whatsapp\/#primaryimage\",\"url\":\"https:\/\/padrejosimo.com.br\/site\/wp-content\/uploads\/2020\/05\/Camponeses-resistem-produzem-e-garantem-o-alimento-do-povo-brasileiro-scaled.jpg\",\"contentUrl\":\"https:\/\/padrejosimo.com.br\/site\/wp-content\/uploads\/2020\/05\/Camponeses-resistem-produzem-e-garantem-o-alimento-do-povo-brasileiro-scaled.jpg\",\"width\":2560,\"height\":1707},{\"@type\":\"BreadcrumbList\",\"@id\":\"https:\/\/padrejosimo.com.br\/site\/artigos\/artigo-se-nao-plantar-agora-a-fome-vira-em-seguida-facebook-twitter-whatsapp\/#breadcrumb\",\"itemListElement\":[{\"@type\":\"ListItem\",\"position\":1,\"name\":\"In\u00edcio\",\"item\":\"https:\/\/padrejosimo.com.br\/site\/\"},{\"@type\":\"ListItem\",\"position\":2,\"name\":\"Artigos\",\"item\":\"https:\/\/padrejosimo.com.br\/site\/artigos\/\"},{\"@type\":\"ListItem\",\"position\":3,\"name\":\"Artigo | Se n\u00e3o plantar agora, a fome vir\u00e1 em seguida Facebook Twitter WhatsApp\"}]},{\"@type\":\"WebSite\",\"@id\":\"https:\/\/padrejosimo.com.br\/site\/#website\",\"url\":\"https:\/\/padrejosimo.com.br\/site\/\",\"name\":\"Instituto Cultural Padre Josimo\",\"description\":\"Comprometida com a promo\u00e7\u00e3o da justi\u00e7a social, agroecologia e educa\u00e7\u00e3o popular\",\"publisher\":{\"@id\":\"https:\/\/padrejosimo.com.br\/site\/#organization\"},\"alternateName\":\"ICPJ\",\"potentialAction\":[{\"@type\":\"SearchAction\",\"target\":{\"@type\":\"EntryPoint\",\"urlTemplate\":\"https:\/\/padrejosimo.com.br\/site\/?s={search_term_string}\"},\"query-input\":{\"@type\":\"PropertyValueSpecification\",\"valueRequired\":true,\"valueName\":\"search_term_string\"}}],\"inLanguage\":\"pt-BR\"},{\"@type\":\"Organization\",\"@id\":\"https:\/\/padrejosimo.com.br\/site\/#organization\",\"name\":\"Instituto Cultural Padre Josimo\",\"alternateName\":\"ICPJ\",\"url\":\"https:\/\/padrejosimo.com.br\/site\/\",\"logo\":{\"@type\":\"ImageObject\",\"inLanguage\":\"pt-BR\",\"@id\":\"https:\/\/padrejosimo.com.br\/site\/#\/schema\/logo\/image\/\",\"url\":\"https:\/\/padrejosimo.com.br\/site\/wp-content\/uploads\/2025\/09\/cropped-icon-icpj.png\",\"contentUrl\":\"https:\/\/padrejosimo.com.br\/site\/wp-content\/uploads\/2025\/09\/cropped-icon-icpj.png\",\"width\":512,\"height\":512,\"caption\":\"Instituto Cultural Padre Josimo\"},\"image\":{\"@id\":\"https:\/\/padrejosimo.com.br\/site\/#\/schema\/logo\/image\/\"}}]}<\/script>\n<!-- \/ Yoast SEO plugin. -->","yoast_head_json":{"title":"Artigo | Se n\u00e3o plantar agora, a fome vir\u00e1 em seguida Facebook Twitter WhatsApp - Instituto Cultural Padre Josimo","robots":{"index":"index","follow":"follow","max-snippet":"max-snippet:-1","max-image-preview":"max-image-preview:large","max-video-preview":"max-video-preview:-1"},"canonical":"https:\/\/padrejosimo.com.br\/site\/artigos\/artigo-se-nao-plantar-agora-a-fome-vira-em-seguida-facebook-twitter-whatsapp\/","og_locale":"pt_BR","og_type":"article","og_title":"Artigo | Se n\u00e3o plantar agora, a fome vir\u00e1 em seguida Facebook Twitter WhatsApp - Instituto Cultural Padre Josimo","og_description":"Frei S\u00e9rgio alerta: \u00c9 preciso plantar agora para colher em 2021. N\u00e3o plantando agora, haver\u00e1 crise de abastecimento e pre\u00e7os altos de alimentos no pr\u00f3ximo ano.","og_url":"https:\/\/padrejosimo.com.br\/site\/artigos\/artigo-se-nao-plantar-agora-a-fome-vira-em-seguida-facebook-twitter-whatsapp\/","og_site_name":"Instituto Cultural Padre Josimo","og_image":[{"url":"https:\/\/padrejosimo.com.br\/site\/wp-content\/uploads\/2020\/05\/Camponeses-resistem-produzem-e-garantem-o-alimento-do-povo-brasileiro-1024x683.jpg","type":"","width":"","height":""}],"twitter_card":"summary_large_image","twitter_misc":{"Est. tempo de leitura":"3 minutos"},"schema":{"@context":"https:\/\/schema.org","@graph":[{"@type":"WebPage","@id":"https:\/\/padrejosimo.com.br\/site\/artigos\/artigo-se-nao-plantar-agora-a-fome-vira-em-seguida-facebook-twitter-whatsapp\/","url":"https:\/\/padrejosimo.com.br\/site\/artigos\/artigo-se-nao-plantar-agora-a-fome-vira-em-seguida-facebook-twitter-whatsapp\/","name":"Artigo | Se n\u00e3o plantar agora, a fome vir\u00e1 em seguida Facebook Twitter WhatsApp - Instituto Cultural Padre Josimo","isPartOf":{"@id":"https:\/\/padrejosimo.com.br\/site\/#website"},"primaryImageOfPage":{"@id":"https:\/\/padrejosimo.com.br\/site\/artigos\/artigo-se-nao-plantar-agora-a-fome-vira-em-seguida-facebook-twitter-whatsapp\/#primaryimage"},"image":{"@id":"https:\/\/padrejosimo.com.br\/site\/artigos\/artigo-se-nao-plantar-agora-a-fome-vira-em-seguida-facebook-twitter-whatsapp\/#primaryimage"},"thumbnailUrl":"https:\/\/padrejosimo.com.br\/site\/wp-content\/uploads\/2020\/05\/Camponeses-resistem-produzem-e-garantem-o-alimento-do-povo-brasileiro-1024x683.jpg","datePublished":"2020-05-15T15:08:58+00:00","breadcrumb":{"@id":"https:\/\/padrejosimo.com.br\/site\/artigos\/artigo-se-nao-plantar-agora-a-fome-vira-em-seguida-facebook-twitter-whatsapp\/#breadcrumb"},"inLanguage":"pt-BR","potentialAction":[{"@type":"ReadAction","target":["https:\/\/padrejosimo.com.br\/site\/artigos\/artigo-se-nao-plantar-agora-a-fome-vira-em-seguida-facebook-twitter-whatsapp\/"]}]},{"@type":"ImageObject","inLanguage":"pt-BR","@id":"https:\/\/padrejosimo.com.br\/site\/artigos\/artigo-se-nao-plantar-agora-a-fome-vira-em-seguida-facebook-twitter-whatsapp\/#primaryimage","url":"https:\/\/padrejosimo.com.br\/site\/wp-content\/uploads\/2020\/05\/Camponeses-resistem-produzem-e-garantem-o-alimento-do-povo-brasileiro-scaled.jpg","contentUrl":"https:\/\/padrejosimo.com.br\/site\/wp-content\/uploads\/2020\/05\/Camponeses-resistem-produzem-e-garantem-o-alimento-do-povo-brasileiro-scaled.jpg","width":2560,"height":1707},{"@type":"BreadcrumbList","@id":"https:\/\/padrejosimo.com.br\/site\/artigos\/artigo-se-nao-plantar-agora-a-fome-vira-em-seguida-facebook-twitter-whatsapp\/#breadcrumb","itemListElement":[{"@type":"ListItem","position":1,"name":"In\u00edcio","item":"https:\/\/padrejosimo.com.br\/site\/"},{"@type":"ListItem","position":2,"name":"Artigos","item":"https:\/\/padrejosimo.com.br\/site\/artigos\/"},{"@type":"ListItem","position":3,"name":"Artigo | Se n\u00e3o plantar agora, a fome vir\u00e1 em seguida Facebook Twitter WhatsApp"}]},{"@type":"WebSite","@id":"https:\/\/padrejosimo.com.br\/site\/#website","url":"https:\/\/padrejosimo.com.br\/site\/","name":"Instituto Cultural Padre Josimo","description":"Comprometida com a promo\u00e7\u00e3o da justi\u00e7a social, agroecologia e educa\u00e7\u00e3o popular","publisher":{"@id":"https:\/\/padrejosimo.com.br\/site\/#organization"},"alternateName":"ICPJ","potentialAction":[{"@type":"SearchAction","target":{"@type":"EntryPoint","urlTemplate":"https:\/\/padrejosimo.com.br\/site\/?s={search_term_string}"},"query-input":{"@type":"PropertyValueSpecification","valueRequired":true,"valueName":"search_term_string"}}],"inLanguage":"pt-BR"},{"@type":"Organization","@id":"https:\/\/padrejosimo.com.br\/site\/#organization","name":"Instituto Cultural Padre Josimo","alternateName":"ICPJ","url":"https:\/\/padrejosimo.com.br\/site\/","logo":{"@type":"ImageObject","inLanguage":"pt-BR","@id":"https:\/\/padrejosimo.com.br\/site\/#\/schema\/logo\/image\/","url":"https:\/\/padrejosimo.com.br\/site\/wp-content\/uploads\/2025\/09\/cropped-icon-icpj.png","contentUrl":"https:\/\/padrejosimo.com.br\/site\/wp-content\/uploads\/2025\/09\/cropped-icon-icpj.png","width":512,"height":512,"caption":"Instituto Cultural Padre Josimo"},"image":{"@id":"https:\/\/padrejosimo.com.br\/site\/#\/schema\/logo\/image\/"}}]}},"_links":{"self":[{"href":"https:\/\/padrejosimo.com.br\/site\/wp-json\/wp\/v2\/artigos\/3129","targetHints":{"allow":["GET"]}}],"collection":[{"href":"https:\/\/padrejosimo.com.br\/site\/wp-json\/wp\/v2\/artigos"}],"about":[{"href":"https:\/\/padrejosimo.com.br\/site\/wp-json\/wp\/v2\/types\/artigos"}],"author":[{"embeddable":true,"href":"https:\/\/padrejosimo.com.br\/site\/wp-json\/wp\/v2\/users\/1"}],"wp:attachment":[{"href":"https:\/\/padrejosimo.com.br\/site\/wp-json\/wp\/v2\/media?parent=3129"}],"curies":[{"name":"wp","href":"https:\/\/api.w.org\/{rel}","templated":true}]}}