{"id":3087,"date":"2020-04-27T14:25:40","date_gmt":"2020-04-27T17:25:40","guid":{"rendered":"https:\/\/padrejosimo.com.br\/site\/?post_type=artigos&#038;p=3087"},"modified":"2020-04-27T14:27:11","modified_gmt":"2020-04-27T17:27:11","slug":"artigo-meu-anel-de-tucum","status":"publish","type":"artigos","link":"https:\/\/padrejosimo.com.br\/site\/artigos\/artigo-meu-anel-de-tucum\/","title":{"rendered":"Artigo | Meu Anel de Tucum"},"content":{"rendered":"<p>Autor: <em><strong>Chico Machado<\/strong><\/em><\/p>\n<p><img fetchpriority=\"high\" decoding=\"async\" class=\" wp-image-3088 alignnone\" src=\"https:\/\/padrejosimo.com.br\/site\/wp-content\/uploads\/2020\/04\/anel_de_tucum-951459-1024x683.jpg\" alt=\"\" width=\"702\" height=\"468\" srcset=\"https:\/\/padrejosimo.com.br\/site\/wp-content\/uploads\/2020\/04\/anel_de_tucum-951459-1024x683.jpg 1024w, https:\/\/padrejosimo.com.br\/site\/wp-content\/uploads\/2020\/04\/anel_de_tucum-951459-300x200.jpg 300w, https:\/\/padrejosimo.com.br\/site\/wp-content\/uploads\/2020\/04\/anel_de_tucum-951459-768x512.jpg 768w, https:\/\/padrejosimo.com.br\/site\/wp-content\/uploads\/2020\/04\/anel_de_tucum-951459-1536x1024.jpg 1536w, https:\/\/padrejosimo.com.br\/site\/wp-content\/uploads\/2020\/04\/anel_de_tucum-951459-2048x1365.jpg 2048w\" sizes=\"(max-width: 702px) 100vw, 702px\" \/><\/p>\n<p>Fiz uma alian\u00e7a de compromisso com a causa ind\u00edgena. Assim que pisei pela primeira vez numa aldeia ind\u00edgena, aqui no Mato Grosso, selei este compromisso de lutar pela causa ind\u00edgena por toda a vida que Deus me desse. Como sinal deste compromisso, tratei de colocar no dedo, o anel de tucum, feito por uma das ind\u00edgenas Iny da aldeia Itxal\u00e1, munic\u00edpio de Santa Terezinha.<\/p>\n<p>O anel de tucum \u00e9 o s\u00edmbolo caracter\u00edstico da causa ind\u00edgena. Tucum ou tucunzeiro, \u00e9 uma palmeira tipicamente de solo amaz\u00f4nico, que cresce formando touceiras densas. Atinge de 10 a 12 metros de altura. Tem o seu caule coberto por espinhos afiados e perigosos. De seus frutos, o coco, os ind\u00edgenas fazem o artesanato, principalmente os an\u00e9is. O interessante \u00e9 que, para descarnar este coco, que \u00e9 um pouco trabalhoso, os ind\u00edgenas jogam os mesmos no meio do pasto, o gado, ao pastar, engole aquele coco e depois sai limpinho de seu estomago.<\/p>\n<p>Historicamente falando, o anel de tucum j\u00e1 era conhecido no tempo do Brasil Imp\u00e9rio. Enquanto os nobres da corte usavam j\u00f3ias finas, os escravizados e ind\u00edgenas, criaram o anel de tucum. Fizeram, ent\u00e3o, desse objeto r\u00fastico um s\u00edmbolo de amizade entre si, acordos matrimoniais e tamb\u00e9m de resist\u00eancia na luta pela sua liberta\u00e7\u00e3o. Desse modo, o anel de tucum era um s\u00edmbolo, cuja linguagem, s\u00f3 eles conheciam. Um s\u00edmbolo secreto da amizade deles e de suas lutas cotidianas.<\/p>\n<p>Posteriormente, nos anos 60, as pessoas comprometidas com a luta, passaram a ter no anel de tucum um s\u00edmbolo de f\u00e9 e compromisso, especialmente com a Teologia da Liberta\u00e7\u00e3o. Estas pessoas sentem de perto os apelos \u00e0s causas dos mais pobres e abandonados, n\u00e3o somente aqui no Brasil, mas tamb\u00e9m em toda a Am\u00e9rica Latina. Neste per\u00edodo hist\u00f3rico, observa-se tamb\u00e9m um grande grupo de pessoas dedicadas \u00e0 luta dos mais fracos, o que rendeu muitos testemunhos e at\u00e9 mart\u00edrios. Chegou-se ao ponto de um dos bispos do Sul do pa\u00eds, pedir aos seus agentes de pastoral, que n\u00e3o usassem, naquele momento, o anel, pois ele estava servindo de sinal para que os latifundi\u00e1rios locais perseguissem e at\u00e9 matassem estes agentes.<\/p>\n<p>Como \u00e9 um dos expoentes das lutas em meio aos empobrecidos, o nosso bispo Pedro, tamb\u00e9m tem o seu anel e sempre foi um dos incentivadores do anel de tucum. Como ele mesmo disse numa das cenas do filme \u201cO ANEL DE TUCUM\u201d, da Verbo Filmes: \u201cO anel de tucum \u00e9 sinal da alian\u00e7a com a causa ind\u00edgena e com as causas populares. Significa que quem carrega esse anel assumiu essas causas e as suas consequ\u00eancias\u201d. Dizendo isto, lan\u00e7a o convite: \u201cVoc\u00ea toparia levar um anel? TOPA?\u201d.<\/p>\n<p>O cen\u00e1rio s\u00f3cio-pol\u00edtico-econ\u00f4mico mudou, mas os pobres ainda continuam sendo explorados e oprimidos ao ponto da exclus\u00e3o. O simbolismo do anel de tucum ainda continua sendo este compromisso de uma f\u00e9 engajada na defesa dos pobres sem voz e sem vez. Alguns evang\u00e9licos t\u00eam verdadeira ojeriza pelo anel de tucum. Para estes, o tal anel \u00e9 o s\u00edmbolo de belzebu. Confesso que n\u00e3o sei de onde tiraram isso. S\u00f3 sei que uso o meu com muito orgulho e com o compromisso de lutar pelas causas dos empobrecidos e, dentre estas, a CAUSA IND\u00cdGENA. Voc\u00ea j\u00e1 tem o seu? TOPA USAR UM?<\/p>\n","protected":false},"excerpt":{"rendered":"<p>O cen\u00e1rio s\u00f3cio-pol\u00edtico-econ\u00f4mico mudou, mas os pobres ainda continuam sendo explorados e oprimidos ao ponto da exclus\u00e3o. O simbolismo do anel de tucum ainda continua sendo este compromisso de uma f\u00e9 engajada na defesa dos pobres sem voz e sem vez.<\/p>\n","protected":false},"author":1,"template":"","class_list":["post-3087","artigos","type-artigos","status-publish","hentry"],"acf":[],"yoast_head":"<!-- This site is optimized with the Yoast SEO plugin v27.2 - https:\/\/yoast.com\/product\/yoast-seo-wordpress\/ -->\n<title>Artigo | Meu Anel de Tucum - Instituto Cultural Padre Josimo<\/title>\n<meta name=\"robots\" content=\"index, follow, max-snippet:-1, max-image-preview:large, max-video-preview:-1\" \/>\n<link rel=\"canonical\" href=\"https:\/\/padrejosimo.com.br\/site\/artigos\/artigo-meu-anel-de-tucum\/\" \/>\n<meta property=\"og:locale\" content=\"pt_BR\" \/>\n<meta property=\"og:type\" content=\"article\" \/>\n<meta property=\"og:title\" content=\"Artigo | Meu Anel de Tucum - Instituto Cultural Padre Josimo\" \/>\n<meta property=\"og:description\" content=\"O cen\u00e1rio s\u00f3cio-pol\u00edtico-econ\u00f4mico mudou, mas os pobres ainda continuam sendo explorados e oprimidos ao ponto da exclus\u00e3o. O simbolismo do anel de tucum ainda continua sendo este compromisso de uma f\u00e9 engajada na defesa dos pobres sem voz e sem vez.\" \/>\n<meta property=\"og:url\" content=\"https:\/\/padrejosimo.com.br\/site\/artigos\/artigo-meu-anel-de-tucum\/\" \/>\n<meta property=\"og:site_name\" content=\"Instituto Cultural Padre Josimo\" \/>\n<meta property=\"article:modified_time\" content=\"2020-04-27T17:27:11+00:00\" \/>\n<meta property=\"og:image\" content=\"https:\/\/padrejosimo.com.br\/site\/wp-content\/uploads\/2020\/04\/anel_de_tucum-951459-1024x683.jpg\" \/>\n<meta name=\"twitter:card\" content=\"summary_large_image\" \/>\n<meta name=\"twitter:label1\" content=\"Est. tempo de leitura\" \/>\n\t<meta name=\"twitter:data1\" content=\"3 minutos\" \/>\n<script type=\"application\/ld+json\" class=\"yoast-schema-graph\">{\"@context\":\"https:\/\/schema.org\",\"@graph\":[{\"@type\":\"WebPage\",\"@id\":\"https:\/\/padrejosimo.com.br\/site\/artigos\/artigo-meu-anel-de-tucum\/\",\"url\":\"https:\/\/padrejosimo.com.br\/site\/artigos\/artigo-meu-anel-de-tucum\/\",\"name\":\"Artigo | Meu Anel de Tucum - Instituto Cultural Padre Josimo\",\"isPartOf\":{\"@id\":\"https:\/\/padrejosimo.com.br\/site\/#website\"},\"primaryImageOfPage\":{\"@id\":\"https:\/\/padrejosimo.com.br\/site\/artigos\/artigo-meu-anel-de-tucum\/#primaryimage\"},\"image\":{\"@id\":\"https:\/\/padrejosimo.com.br\/site\/artigos\/artigo-meu-anel-de-tucum\/#primaryimage\"},\"thumbnailUrl\":\"https:\/\/padrejosimo.com.br\/site\/wp-content\/uploads\/2020\/04\/anel_de_tucum-951459-1024x683.jpg\",\"datePublished\":\"2020-04-27T17:25:40+00:00\",\"dateModified\":\"2020-04-27T17:27:11+00:00\",\"breadcrumb\":{\"@id\":\"https:\/\/padrejosimo.com.br\/site\/artigos\/artigo-meu-anel-de-tucum\/#breadcrumb\"},\"inLanguage\":\"pt-BR\",\"potentialAction\":[{\"@type\":\"ReadAction\",\"target\":[\"https:\/\/padrejosimo.com.br\/site\/artigos\/artigo-meu-anel-de-tucum\/\"]}]},{\"@type\":\"ImageObject\",\"inLanguage\":\"pt-BR\",\"@id\":\"https:\/\/padrejosimo.com.br\/site\/artigos\/artigo-meu-anel-de-tucum\/#primaryimage\",\"url\":\"https:\/\/padrejosimo.com.br\/site\/wp-content\/uploads\/2020\/04\/anel_de_tucum-951459-scaled.jpg\",\"contentUrl\":\"https:\/\/padrejosimo.com.br\/site\/wp-content\/uploads\/2020\/04\/anel_de_tucum-951459-scaled.jpg\",\"width\":2560,\"height\":1707},{\"@type\":\"BreadcrumbList\",\"@id\":\"https:\/\/padrejosimo.com.br\/site\/artigos\/artigo-meu-anel-de-tucum\/#breadcrumb\",\"itemListElement\":[{\"@type\":\"ListItem\",\"position\":1,\"name\":\"In\u00edcio\",\"item\":\"https:\/\/padrejosimo.com.br\/site\/\"},{\"@type\":\"ListItem\",\"position\":2,\"name\":\"Artigos\",\"item\":\"https:\/\/padrejosimo.com.br\/site\/artigos\/\"},{\"@type\":\"ListItem\",\"position\":3,\"name\":\"Artigo | Meu Anel de Tucum\"}]},{\"@type\":\"WebSite\",\"@id\":\"https:\/\/padrejosimo.com.br\/site\/#website\",\"url\":\"https:\/\/padrejosimo.com.br\/site\/\",\"name\":\"Instituto Cultural Padre Josimo\",\"description\":\"Comprometida com a promo\u00e7\u00e3o da justi\u00e7a social, agroecologia e educa\u00e7\u00e3o popular\",\"publisher\":{\"@id\":\"https:\/\/padrejosimo.com.br\/site\/#organization\"},\"alternateName\":\"ICPJ\",\"potentialAction\":[{\"@type\":\"SearchAction\",\"target\":{\"@type\":\"EntryPoint\",\"urlTemplate\":\"https:\/\/padrejosimo.com.br\/site\/?s={search_term_string}\"},\"query-input\":{\"@type\":\"PropertyValueSpecification\",\"valueRequired\":true,\"valueName\":\"search_term_string\"}}],\"inLanguage\":\"pt-BR\"},{\"@type\":\"Organization\",\"@id\":\"https:\/\/padrejosimo.com.br\/site\/#organization\",\"name\":\"Instituto Cultural Padre Josimo\",\"alternateName\":\"ICPJ\",\"url\":\"https:\/\/padrejosimo.com.br\/site\/\",\"logo\":{\"@type\":\"ImageObject\",\"inLanguage\":\"pt-BR\",\"@id\":\"https:\/\/padrejosimo.com.br\/site\/#\/schema\/logo\/image\/\",\"url\":\"https:\/\/padrejosimo.com.br\/site\/wp-content\/uploads\/2025\/09\/cropped-icon-icpj.png\",\"contentUrl\":\"https:\/\/padrejosimo.com.br\/site\/wp-content\/uploads\/2025\/09\/cropped-icon-icpj.png\",\"width\":512,\"height\":512,\"caption\":\"Instituto Cultural Padre Josimo\"},\"image\":{\"@id\":\"https:\/\/padrejosimo.com.br\/site\/#\/schema\/logo\/image\/\"}}]}<\/script>\n<!-- \/ Yoast SEO plugin. -->","yoast_head_json":{"title":"Artigo | Meu Anel de Tucum - Instituto Cultural Padre Josimo","robots":{"index":"index","follow":"follow","max-snippet":"max-snippet:-1","max-image-preview":"max-image-preview:large","max-video-preview":"max-video-preview:-1"},"canonical":"https:\/\/padrejosimo.com.br\/site\/artigos\/artigo-meu-anel-de-tucum\/","og_locale":"pt_BR","og_type":"article","og_title":"Artigo | Meu Anel de Tucum - Instituto Cultural Padre Josimo","og_description":"O cen\u00e1rio s\u00f3cio-pol\u00edtico-econ\u00f4mico mudou, mas os pobres ainda continuam sendo explorados e oprimidos ao ponto da exclus\u00e3o. O simbolismo do anel de tucum ainda continua sendo este compromisso de uma f\u00e9 engajada na defesa dos pobres sem voz e sem vez.","og_url":"https:\/\/padrejosimo.com.br\/site\/artigos\/artigo-meu-anel-de-tucum\/","og_site_name":"Instituto Cultural Padre Josimo","article_modified_time":"2020-04-27T17:27:11+00:00","og_image":[{"url":"https:\/\/padrejosimo.com.br\/site\/wp-content\/uploads\/2020\/04\/anel_de_tucum-951459-1024x683.jpg","type":"","width":"","height":""}],"twitter_card":"summary_large_image","twitter_misc":{"Est. tempo de leitura":"3 minutos"},"schema":{"@context":"https:\/\/schema.org","@graph":[{"@type":"WebPage","@id":"https:\/\/padrejosimo.com.br\/site\/artigos\/artigo-meu-anel-de-tucum\/","url":"https:\/\/padrejosimo.com.br\/site\/artigos\/artigo-meu-anel-de-tucum\/","name":"Artigo | Meu Anel de Tucum - Instituto Cultural Padre Josimo","isPartOf":{"@id":"https:\/\/padrejosimo.com.br\/site\/#website"},"primaryImageOfPage":{"@id":"https:\/\/padrejosimo.com.br\/site\/artigos\/artigo-meu-anel-de-tucum\/#primaryimage"},"image":{"@id":"https:\/\/padrejosimo.com.br\/site\/artigos\/artigo-meu-anel-de-tucum\/#primaryimage"},"thumbnailUrl":"https:\/\/padrejosimo.com.br\/site\/wp-content\/uploads\/2020\/04\/anel_de_tucum-951459-1024x683.jpg","datePublished":"2020-04-27T17:25:40+00:00","dateModified":"2020-04-27T17:27:11+00:00","breadcrumb":{"@id":"https:\/\/padrejosimo.com.br\/site\/artigos\/artigo-meu-anel-de-tucum\/#breadcrumb"},"inLanguage":"pt-BR","potentialAction":[{"@type":"ReadAction","target":["https:\/\/padrejosimo.com.br\/site\/artigos\/artigo-meu-anel-de-tucum\/"]}]},{"@type":"ImageObject","inLanguage":"pt-BR","@id":"https:\/\/padrejosimo.com.br\/site\/artigos\/artigo-meu-anel-de-tucum\/#primaryimage","url":"https:\/\/padrejosimo.com.br\/site\/wp-content\/uploads\/2020\/04\/anel_de_tucum-951459-scaled.jpg","contentUrl":"https:\/\/padrejosimo.com.br\/site\/wp-content\/uploads\/2020\/04\/anel_de_tucum-951459-scaled.jpg","width":2560,"height":1707},{"@type":"BreadcrumbList","@id":"https:\/\/padrejosimo.com.br\/site\/artigos\/artigo-meu-anel-de-tucum\/#breadcrumb","itemListElement":[{"@type":"ListItem","position":1,"name":"In\u00edcio","item":"https:\/\/padrejosimo.com.br\/site\/"},{"@type":"ListItem","position":2,"name":"Artigos","item":"https:\/\/padrejosimo.com.br\/site\/artigos\/"},{"@type":"ListItem","position":3,"name":"Artigo | Meu Anel de Tucum"}]},{"@type":"WebSite","@id":"https:\/\/padrejosimo.com.br\/site\/#website","url":"https:\/\/padrejosimo.com.br\/site\/","name":"Instituto Cultural Padre Josimo","description":"Comprometida com a promo\u00e7\u00e3o da justi\u00e7a social, agroecologia e educa\u00e7\u00e3o popular","publisher":{"@id":"https:\/\/padrejosimo.com.br\/site\/#organization"},"alternateName":"ICPJ","potentialAction":[{"@type":"SearchAction","target":{"@type":"EntryPoint","urlTemplate":"https:\/\/padrejosimo.com.br\/site\/?s={search_term_string}"},"query-input":{"@type":"PropertyValueSpecification","valueRequired":true,"valueName":"search_term_string"}}],"inLanguage":"pt-BR"},{"@type":"Organization","@id":"https:\/\/padrejosimo.com.br\/site\/#organization","name":"Instituto Cultural Padre Josimo","alternateName":"ICPJ","url":"https:\/\/padrejosimo.com.br\/site\/","logo":{"@type":"ImageObject","inLanguage":"pt-BR","@id":"https:\/\/padrejosimo.com.br\/site\/#\/schema\/logo\/image\/","url":"https:\/\/padrejosimo.com.br\/site\/wp-content\/uploads\/2025\/09\/cropped-icon-icpj.png","contentUrl":"https:\/\/padrejosimo.com.br\/site\/wp-content\/uploads\/2025\/09\/cropped-icon-icpj.png","width":512,"height":512,"caption":"Instituto Cultural Padre Josimo"},"image":{"@id":"https:\/\/padrejosimo.com.br\/site\/#\/schema\/logo\/image\/"}}]}},"_links":{"self":[{"href":"https:\/\/padrejosimo.com.br\/site\/wp-json\/wp\/v2\/artigos\/3087","targetHints":{"allow":["GET"]}}],"collection":[{"href":"https:\/\/padrejosimo.com.br\/site\/wp-json\/wp\/v2\/artigos"}],"about":[{"href":"https:\/\/padrejosimo.com.br\/site\/wp-json\/wp\/v2\/types\/artigos"}],"author":[{"embeddable":true,"href":"https:\/\/padrejosimo.com.br\/site\/wp-json\/wp\/v2\/users\/1"}],"wp:attachment":[{"href":"https:\/\/padrejosimo.com.br\/site\/wp-json\/wp\/v2\/media?parent=3087"}],"curies":[{"name":"wp","href":"https:\/\/api.w.org\/{rel}","templated":true}]}}