{"id":3082,"date":"2020-04-24T06:49:09","date_gmt":"2020-04-24T09:49:09","guid":{"rendered":"https:\/\/padrejosimo.com.br\/site\/?post_type=artigos&#038;p=3082"},"modified":"2020-04-24T08:56:20","modified_gmt":"2020-04-24T11:56:20","slug":"artigo-viver-para-conta-la","status":"publish","type":"artigos","link":"https:\/\/padrejosimo.com.br\/site\/artigos\/artigo-viver-para-conta-la\/","title":{"rendered":"Artigo | Viver para cont\u00e1-la"},"content":{"rendered":"<p><strong><em>Frei Vanildo Luiz Zugno OFMCap<\/em><\/strong><\/p>\n<p><img fetchpriority=\"high\" decoding=\"async\" class=\" wp-image-3083 alignnone\" src=\"https:\/\/padrejosimo.com.br\/site\/wp-content\/uploads\/2020\/04\/0075.jpg\" alt=\"\" width=\"721\" height=\"548\" srcset=\"https:\/\/padrejosimo.com.br\/site\/wp-content\/uploads\/2020\/04\/0075.jpg 1011w, https:\/\/padrejosimo.com.br\/site\/wp-content\/uploads\/2020\/04\/0075-300x228.jpg 300w, https:\/\/padrejosimo.com.br\/site\/wp-content\/uploads\/2020\/04\/0075-768x583.jpg 768w\" sizes=\"(max-width: 721px) 100vw, 721px\" \/><\/p>\n<p>O escritor colombiano, Pr\u00eamio Nobel de Literatura, Gabriel Garcia M\u00e1rquez, abre o primeiro cap\u00edtulo do primeiro volume \u2013 s\u00e3o tr\u00eas \u2013 de seu livro de mem\u00f3rias com uma frase que, por si s\u00f3, j\u00e1 vale toda a leitura: \u201ca vida n\u00e3o \u00e9 o que se viveu, mas o que se recorda e como se recorda para cont\u00e1-la\u201d.<\/p>\n<p>De fato, muitas coisas acontecem em nossas vidas. Algumas, logo as esquecemos. Outras, ficam gravadas em nossas mem\u00f3rias. Umas poucas, estamos sempre a cont\u00e1-las e recont\u00e1-las para n\u00f3s mesmos e para os outros. E, cada vez que as contamos as vamos contando de um modo diferente. N\u00e3o porque o passado tenha mudado. Mas porque o contar e o recontar estas hist\u00f3rias muda as nossas vidas na medida em que as contamos de um jeito diferente de acordo \u00e0 necessidade do presente.<\/p>\n<p>Com efeito, o sentido de recordar e contar o que se viveu, n\u00e3o \u00e9 apenas o de lembrar os tempos pret\u00e9ritos. O principal efeito de contar a pr\u00f3pria hist\u00f3ria, \u00e9 dar sentido ao momento presente e assim abrir o caminho para o futuro que sonhamos. Contar o passado \u00e9 dar sentido ao passado. \u00c9 o primeiro passo. Mas \u00e9, ao mesmo tempo, compreender o presente e assegurar o futuro.<\/p>\n<p>A passagem do Evangelho em que Jesus se encontra com os dois disc\u00edpulos de Ema\u00fas mostra o quanto a intui\u00e7\u00e3o literariamente expressa de Gabriel Garcia M\u00e1rquez dialoga com a experi\u00eancia crist\u00e3. Estavam os dois disc\u00edpulos fugindo de Jerusal\u00e9m diante do horroroso espet\u00e1culo a\u00ed acontecido na Festa da P\u00e1scoa. Os romanos, a pedido dos chefes de Israel, haviam crucificado a v\u00e1rias pessoas. Entre elas, o mestre deles, Jesus. Eles estavam perdidos. Apesar de terem assistido a tudo, estavam sem nada compreender. Jesus se aproxima e convida-os a lembrar e contar o que havia acontecido. E, a partir dos eventos recentes, faz com eles uma longa viagem pela hist\u00f3ria do Povo de Israel, desde os mais long\u00ednquos at\u00e9 o presente. E, ao chegar em casa, depois de haver partido o p\u00e3o como o povo o fizera ao sair do Egito, no deserto, ao chegar na Terra Prometida, no ex\u00edlio na Babil\u00f4nia, e como Jesus o partilhara tantas vezes com eles, encontraram o sentido de tudo o que acontecera e estava acontecendo: Deus n\u00e3o havia abandonado o seu povo. Pelo contr\u00e1rio. Aquilo que parecia uma desgra\u00e7a, havia sido, na verdade, a gra\u00e7a de Deus.<\/p>\n<p>Penso nisso ao imaginar como, daqui a dez, vinte, trinta, cinquenta anos, contaremos aos nossos filhos, netos e bisnetos, aquilo que estamos vivendo hoje. E, mais de <em>o que<\/em> contaremos, <em>como<\/em> o contaremos. Afinal, como bem remarca o escritor colombiano, o mais importante n\u00e3o \u00e9 o que a gente vive. O que importa, de fato, \u00e9 o que lembraremos e como o lembraremos para cont\u00e1-lo aos que vierem depois de n\u00f3s. E nisso, a intui\u00e7\u00e3o de Gabriel Garcia M\u00e1rquez pode ser pensada tamb\u00e9m de um outro \u00e2ngulo, ainda mais instigador. O do futuro que interroga o presente: teremos orgulho do que fazemos hoje ou vamos fazer tudo o que for poss\u00edvel para ocult\u00e1-lo a nossos filhos e netos?<\/p>\n","protected":false},"excerpt":{"rendered":"<p>Frei Zugno nos questiona: &#8220;Teremos orgulho do que fazemos hoje ou vamos fazer tudo o que for poss\u00edvel para ocult\u00e1-lo a nossos filhos e netos?&#8221;<\/p>\n","protected":false},"author":20,"template":"","class_list":["post-3082","artigos","type-artigos","status-publish","hentry"],"acf":[],"yoast_head":"<!-- This site is optimized with the Yoast SEO plugin v27.2 - https:\/\/yoast.com\/product\/yoast-seo-wordpress\/ -->\n<title>Artigo | Viver para cont\u00e1-la - Instituto Cultural Padre Josimo<\/title>\n<meta name=\"robots\" content=\"index, follow, max-snippet:-1, max-image-preview:large, max-video-preview:-1\" \/>\n<link rel=\"canonical\" href=\"https:\/\/padrejosimo.com.br\/site\/artigos\/artigo-viver-para-conta-la\/\" \/>\n<meta property=\"og:locale\" content=\"pt_BR\" \/>\n<meta property=\"og:type\" content=\"article\" \/>\n<meta property=\"og:title\" content=\"Artigo | Viver para cont\u00e1-la - Instituto Cultural Padre Josimo\" \/>\n<meta property=\"og:description\" content=\"Frei Zugno nos questiona: &quot;Teremos orgulho do que fazemos hoje ou vamos fazer tudo o que for poss\u00edvel para ocult\u00e1-lo a nossos filhos e netos?&quot;\" \/>\n<meta property=\"og:url\" content=\"https:\/\/padrejosimo.com.br\/site\/artigos\/artigo-viver-para-conta-la\/\" \/>\n<meta property=\"og:site_name\" content=\"Instituto Cultural Padre Josimo\" \/>\n<meta property=\"article:modified_time\" content=\"2020-04-24T11:56:20+00:00\" \/>\n<meta property=\"og:image\" content=\"https:\/\/padrejosimo.com.br\/site\/wp-content\/uploads\/2020\/04\/0075.jpg\" \/>\n<meta name=\"twitter:card\" content=\"summary_large_image\" \/>\n<meta name=\"twitter:label1\" content=\"Est. tempo de leitura\" \/>\n\t<meta name=\"twitter:data1\" content=\"3 minutos\" \/>\n<script type=\"application\/ld+json\" class=\"yoast-schema-graph\">{\"@context\":\"https:\/\/schema.org\",\"@graph\":[{\"@type\":\"WebPage\",\"@id\":\"https:\/\/padrejosimo.com.br\/site\/artigos\/artigo-viver-para-conta-la\/\",\"url\":\"https:\/\/padrejosimo.com.br\/site\/artigos\/artigo-viver-para-conta-la\/\",\"name\":\"Artigo | Viver para cont\u00e1-la - Instituto Cultural Padre Josimo\",\"isPartOf\":{\"@id\":\"https:\/\/padrejosimo.com.br\/site\/#website\"},\"primaryImageOfPage\":{\"@id\":\"https:\/\/padrejosimo.com.br\/site\/artigos\/artigo-viver-para-conta-la\/#primaryimage\"},\"image\":{\"@id\":\"https:\/\/padrejosimo.com.br\/site\/artigos\/artigo-viver-para-conta-la\/#primaryimage\"},\"thumbnailUrl\":\"https:\/\/padrejosimo.com.br\/site\/wp-content\/uploads\/2020\/04\/0075.jpg\",\"datePublished\":\"2020-04-24T09:49:09+00:00\",\"dateModified\":\"2020-04-24T11:56:20+00:00\",\"breadcrumb\":{\"@id\":\"https:\/\/padrejosimo.com.br\/site\/artigos\/artigo-viver-para-conta-la\/#breadcrumb\"},\"inLanguage\":\"pt-BR\",\"potentialAction\":[{\"@type\":\"ReadAction\",\"target\":[\"https:\/\/padrejosimo.com.br\/site\/artigos\/artigo-viver-para-conta-la\/\"]}]},{\"@type\":\"ImageObject\",\"inLanguage\":\"pt-BR\",\"@id\":\"https:\/\/padrejosimo.com.br\/site\/artigos\/artigo-viver-para-conta-la\/#primaryimage\",\"url\":\"https:\/\/padrejosimo.com.br\/site\/wp-content\/uploads\/2020\/04\/0075.jpg\",\"contentUrl\":\"https:\/\/padrejosimo.com.br\/site\/wp-content\/uploads\/2020\/04\/0075.jpg\",\"width\":1011,\"height\":768},{\"@type\":\"BreadcrumbList\",\"@id\":\"https:\/\/padrejosimo.com.br\/site\/artigos\/artigo-viver-para-conta-la\/#breadcrumb\",\"itemListElement\":[{\"@type\":\"ListItem\",\"position\":1,\"name\":\"In\u00edcio\",\"item\":\"https:\/\/padrejosimo.com.br\/site\/\"},{\"@type\":\"ListItem\",\"position\":2,\"name\":\"Artigos\",\"item\":\"https:\/\/padrejosimo.com.br\/site\/artigos\/\"},{\"@type\":\"ListItem\",\"position\":3,\"name\":\"Artigo | Viver para cont\u00e1-la\"}]},{\"@type\":\"WebSite\",\"@id\":\"https:\/\/padrejosimo.com.br\/site\/#website\",\"url\":\"https:\/\/padrejosimo.com.br\/site\/\",\"name\":\"Instituto Cultural Padre Josimo\",\"description\":\"Comprometida com a promo\u00e7\u00e3o da justi\u00e7a social, agroecologia e educa\u00e7\u00e3o popular\",\"publisher\":{\"@id\":\"https:\/\/padrejosimo.com.br\/site\/#organization\"},\"alternateName\":\"ICPJ\",\"potentialAction\":[{\"@type\":\"SearchAction\",\"target\":{\"@type\":\"EntryPoint\",\"urlTemplate\":\"https:\/\/padrejosimo.com.br\/site\/?s={search_term_string}\"},\"query-input\":{\"@type\":\"PropertyValueSpecification\",\"valueRequired\":true,\"valueName\":\"search_term_string\"}}],\"inLanguage\":\"pt-BR\"},{\"@type\":\"Organization\",\"@id\":\"https:\/\/padrejosimo.com.br\/site\/#organization\",\"name\":\"Instituto Cultural Padre Josimo\",\"alternateName\":\"ICPJ\",\"url\":\"https:\/\/padrejosimo.com.br\/site\/\",\"logo\":{\"@type\":\"ImageObject\",\"inLanguage\":\"pt-BR\",\"@id\":\"https:\/\/padrejosimo.com.br\/site\/#\/schema\/logo\/image\/\",\"url\":\"https:\/\/padrejosimo.com.br\/site\/wp-content\/uploads\/2025\/09\/cropped-icon-icpj.png\",\"contentUrl\":\"https:\/\/padrejosimo.com.br\/site\/wp-content\/uploads\/2025\/09\/cropped-icon-icpj.png\",\"width\":512,\"height\":512,\"caption\":\"Instituto Cultural Padre Josimo\"},\"image\":{\"@id\":\"https:\/\/padrejosimo.com.br\/site\/#\/schema\/logo\/image\/\"}}]}<\/script>\n<!-- \/ Yoast SEO plugin. -->","yoast_head_json":{"title":"Artigo | Viver para cont\u00e1-la - Instituto Cultural Padre Josimo","robots":{"index":"index","follow":"follow","max-snippet":"max-snippet:-1","max-image-preview":"max-image-preview:large","max-video-preview":"max-video-preview:-1"},"canonical":"https:\/\/padrejosimo.com.br\/site\/artigos\/artigo-viver-para-conta-la\/","og_locale":"pt_BR","og_type":"article","og_title":"Artigo | Viver para cont\u00e1-la - Instituto Cultural Padre Josimo","og_description":"Frei Zugno nos questiona: \"Teremos orgulho do que fazemos hoje ou vamos fazer tudo o que for poss\u00edvel para ocult\u00e1-lo a nossos filhos e netos?\"","og_url":"https:\/\/padrejosimo.com.br\/site\/artigos\/artigo-viver-para-conta-la\/","og_site_name":"Instituto Cultural Padre Josimo","article_modified_time":"2020-04-24T11:56:20+00:00","og_image":[{"url":"https:\/\/padrejosimo.com.br\/site\/wp-content\/uploads\/2020\/04\/0075.jpg","type":"","width":"","height":""}],"twitter_card":"summary_large_image","twitter_misc":{"Est. tempo de leitura":"3 minutos"},"schema":{"@context":"https:\/\/schema.org","@graph":[{"@type":"WebPage","@id":"https:\/\/padrejosimo.com.br\/site\/artigos\/artigo-viver-para-conta-la\/","url":"https:\/\/padrejosimo.com.br\/site\/artigos\/artigo-viver-para-conta-la\/","name":"Artigo | Viver para cont\u00e1-la - Instituto Cultural Padre Josimo","isPartOf":{"@id":"https:\/\/padrejosimo.com.br\/site\/#website"},"primaryImageOfPage":{"@id":"https:\/\/padrejosimo.com.br\/site\/artigos\/artigo-viver-para-conta-la\/#primaryimage"},"image":{"@id":"https:\/\/padrejosimo.com.br\/site\/artigos\/artigo-viver-para-conta-la\/#primaryimage"},"thumbnailUrl":"https:\/\/padrejosimo.com.br\/site\/wp-content\/uploads\/2020\/04\/0075.jpg","datePublished":"2020-04-24T09:49:09+00:00","dateModified":"2020-04-24T11:56:20+00:00","breadcrumb":{"@id":"https:\/\/padrejosimo.com.br\/site\/artigos\/artigo-viver-para-conta-la\/#breadcrumb"},"inLanguage":"pt-BR","potentialAction":[{"@type":"ReadAction","target":["https:\/\/padrejosimo.com.br\/site\/artigos\/artigo-viver-para-conta-la\/"]}]},{"@type":"ImageObject","inLanguage":"pt-BR","@id":"https:\/\/padrejosimo.com.br\/site\/artigos\/artigo-viver-para-conta-la\/#primaryimage","url":"https:\/\/padrejosimo.com.br\/site\/wp-content\/uploads\/2020\/04\/0075.jpg","contentUrl":"https:\/\/padrejosimo.com.br\/site\/wp-content\/uploads\/2020\/04\/0075.jpg","width":1011,"height":768},{"@type":"BreadcrumbList","@id":"https:\/\/padrejosimo.com.br\/site\/artigos\/artigo-viver-para-conta-la\/#breadcrumb","itemListElement":[{"@type":"ListItem","position":1,"name":"In\u00edcio","item":"https:\/\/padrejosimo.com.br\/site\/"},{"@type":"ListItem","position":2,"name":"Artigos","item":"https:\/\/padrejosimo.com.br\/site\/artigos\/"},{"@type":"ListItem","position":3,"name":"Artigo | Viver para cont\u00e1-la"}]},{"@type":"WebSite","@id":"https:\/\/padrejosimo.com.br\/site\/#website","url":"https:\/\/padrejosimo.com.br\/site\/","name":"Instituto Cultural Padre Josimo","description":"Comprometida com a promo\u00e7\u00e3o da justi\u00e7a social, agroecologia e educa\u00e7\u00e3o popular","publisher":{"@id":"https:\/\/padrejosimo.com.br\/site\/#organization"},"alternateName":"ICPJ","potentialAction":[{"@type":"SearchAction","target":{"@type":"EntryPoint","urlTemplate":"https:\/\/padrejosimo.com.br\/site\/?s={search_term_string}"},"query-input":{"@type":"PropertyValueSpecification","valueRequired":true,"valueName":"search_term_string"}}],"inLanguage":"pt-BR"},{"@type":"Organization","@id":"https:\/\/padrejosimo.com.br\/site\/#organization","name":"Instituto Cultural Padre Josimo","alternateName":"ICPJ","url":"https:\/\/padrejosimo.com.br\/site\/","logo":{"@type":"ImageObject","inLanguage":"pt-BR","@id":"https:\/\/padrejosimo.com.br\/site\/#\/schema\/logo\/image\/","url":"https:\/\/padrejosimo.com.br\/site\/wp-content\/uploads\/2025\/09\/cropped-icon-icpj.png","contentUrl":"https:\/\/padrejosimo.com.br\/site\/wp-content\/uploads\/2025\/09\/cropped-icon-icpj.png","width":512,"height":512,"caption":"Instituto Cultural Padre Josimo"},"image":{"@id":"https:\/\/padrejosimo.com.br\/site\/#\/schema\/logo\/image\/"}}]}},"_links":{"self":[{"href":"https:\/\/padrejosimo.com.br\/site\/wp-json\/wp\/v2\/artigos\/3082","targetHints":{"allow":["GET"]}}],"collection":[{"href":"https:\/\/padrejosimo.com.br\/site\/wp-json\/wp\/v2\/artigos"}],"about":[{"href":"https:\/\/padrejosimo.com.br\/site\/wp-json\/wp\/v2\/types\/artigos"}],"author":[{"embeddable":true,"href":"https:\/\/padrejosimo.com.br\/site\/wp-json\/wp\/v2\/users\/20"}],"wp:attachment":[{"href":"https:\/\/padrejosimo.com.br\/site\/wp-json\/wp\/v2\/media?parent=3082"}],"curies":[{"name":"wp","href":"https:\/\/api.w.org\/{rel}","templated":true}]}}