{"id":3072,"date":"2020-04-22T07:16:08","date_gmt":"2020-04-22T10:16:08","guid":{"rendered":"https:\/\/padrejosimo.com.br\/site\/?post_type=artigos&#038;p=3072"},"modified":"2020-04-22T07:19:42","modified_gmt":"2020-04-22T10:19:42","slug":"quem-e-o-deus-do-presidente","status":"publish","type":"artigos","link":"https:\/\/padrejosimo.com.br\/site\/artigos\/quem-e-o-deus-do-presidente\/","title":{"rendered":"Artigo | Quem \u00e9 o Deus do Presidente?"},"content":{"rendered":"<blockquote>\n<p><strong><em>Silvio Guterres Dutra<\/em><\/strong><\/p>\n<p><em>Bispo da Diocese de Vacaria<\/em><\/p>\n<\/blockquote>\n<p><img fetchpriority=\"high\" decoding=\"async\" class=\"size-full wp-image-3073 alignnone\" src=\"https:\/\/padrejosimo.com.br\/site\/wp-content\/uploads\/2020\/04\/bolsonaro.jpg\" alt=\"\" width=\"600\" height=\"381\" srcset=\"https:\/\/padrejosimo.com.br\/site\/wp-content\/uploads\/2020\/04\/bolsonaro.jpg 600w, https:\/\/padrejosimo.com.br\/site\/wp-content\/uploads\/2020\/04\/bolsonaro-300x191.jpg 300w\" sizes=\"(max-width: 600px) 100vw, 600px\" \/><\/p>\n<p>Com chav\u00f5es do tipo \u201cacredito em Deus\u201d, \u201cDeus aben\u00e7oe nossa p\u00e1tria querida\u201d, al\u00e9m do conhecido mote de campanha \u201cBrasil acima de tudo, Deus acima de todos\u201d, Bolsonaro se dirige frequentemente \u00e0 na\u00e7\u00e3o com discursos que, mesmo recheados de boas e piedosas inten\u00e7\u00f5es, s\u00e3o absurdamente equivocados, revelando uma radical aus\u00eancia de saud\u00e1vel discernimento e de qualquer razoabilidade. Neste momento da nossa hist\u00f3ria, mais do que em qualquer outro per\u00edodo, ouvir a ci\u00eancia e as autoridades competentes \u00e9 a melhor maneira de viver a genu\u00edna f\u00e9 crist\u00e3, f\u00e9 que n\u00e3o nega a raz\u00e3o, antes dialoga e interage com ela.<\/p>\n<p>Al\u00e9m disso, as falas do presidente s\u00e3o verdadeira apologia ao \u00f3dio, \u00e0 ignor\u00e2ncia e ao fanatismo, realidades que n\u00e3o s\u00f3 n\u00e3o encontram nenhum respaldo na experi\u00eancia crist\u00e3, como s\u00e3o recha\u00e7adas como contr\u00e1rias ao projeto de vida dos filhos de Deus. Infelizmente, alguns dos chamados \u201capoiadores\u201d de Bolsonaro t\u00eam protagonizado verdadeiras cenas farisaicas de ora\u00e7\u00f5es p\u00fablicas, de flagrante falsa venera\u00e7\u00e3o \u00e0s imagens sacras de Nossa Senhora de F\u00e1tima e do Jesus da Divina Miseric\u00f3rdia no intento de dar legitimidade aos seus pensamentos. Ao seu tempo, Jesus foi v\u00edtima de todas estas coisas desprez\u00edveis defendidas por Bolsonaro e por muitos dos seus disc\u00edpulos. O que mais o presidente tem feito \u00e9 disseminar divis\u00e3o e confus\u00e3o, tarefas que nunca foram atribu\u00eddas ao Deus \u00danico, mas sim ao seu advers\u00e1rio, o \u201cpai da mentira\u201d. Como, de s\u00e3 consci\u00eancia, e em nome do Deus de Jesus Cristo, algu\u00e9m seria capaz de defender o retorno da sanguin\u00e1ria ditadura militar no Brasil?<\/p>\n<p>Num tempo em que os pr\u00f3prios te\u00f3logos crist\u00e3os s\u00e3o desafiados a repensar a quest\u00e3o de Deus em meio a uma esp\u00e9cie de polite\u00edsmo pr\u00e1tico que vivemos, creio que eu n\u00e3o seja o \u00fanico a me perguntar: a que \u201cdeus\u201d Bolsonaro se dirige? E embora eu j\u00e1 tenha um pensamento formado sobre a identidade da divindade evocada pelo presidente, por enquanto o que me \u00e9 mais claro \u00e9 que n\u00e3o se trata do Deus de Jesus Cristo, o Deus que eu conheci na minha juventude, o Deus do \u00eaxodo, o Deus dos profetas, enfim o Deus que convoca para a paz e para a fraternidade, que indica o caminho do di\u00e1logo e da compaix\u00e3o. Se o \u201cdeus\u201d evocado pelo presidente, um \u201cdeus\u201d que est\u00e1 sempre a procura de um inimigo para eliminar, fosse o \u00fanico poss\u00edvel, eu pediria imediatamente para ser acolhido na fileira dos ateus. Cada vez fica mais f\u00e1cil compreender os ateus e mais dif\u00edcil compreender os que se dizem crist\u00e3os e n\u00e3o cessam de usar o \u201cNome de Deus em v\u00e3o\u201d.<br \/>\nMas nem tudo est\u00e1 perdido. A Boa Not\u00edcia \u00e9 a de que esse \u201cdeus\u201d, o do presidente, n\u00e3o \u00e9 o \u00fanico. Felizmente temos a liberdade de escolher Outro. Que o Esp\u00edrito Santo nos d\u00ea o discernimento correto neste tempo em que todos dever\u00edamos ter um \u00fanico foco, o cuidado da vida, no combate ao inimigo comum, o coronavirus!<\/p>\n","protected":false},"excerpt":{"rendered":"<p>&#8220;Num tempo em que os crist\u00e3os s\u00e3o desafiados a repensar a quest\u00e3o de Deus em meio a uma esp\u00e9cie de polite\u00edsmo pr\u00e1tico que vivemos, creio que eu n\u00e3o seja o \u00fanico a me perguntar: a que \u201cdeus\u201d Bolsonaro se dirige?&#8221;<\/p>\n","protected":false},"author":1,"template":"","class_list":["post-3072","artigos","type-artigos","status-publish","hentry"],"acf":[],"yoast_head":"<!-- This site is optimized with the Yoast SEO plugin v27.2 - https:\/\/yoast.com\/product\/yoast-seo-wordpress\/ -->\n<title>Artigo | Quem \u00e9 o Deus do Presidente? - Instituto Cultural Padre Josimo<\/title>\n<meta name=\"robots\" content=\"index, follow, max-snippet:-1, max-image-preview:large, max-video-preview:-1\" \/>\n<link rel=\"canonical\" href=\"https:\/\/padrejosimo.com.br\/site\/artigos\/quem-e-o-deus-do-presidente\/\" \/>\n<meta property=\"og:locale\" content=\"pt_BR\" \/>\n<meta property=\"og:type\" content=\"article\" \/>\n<meta property=\"og:title\" content=\"Artigo | Quem \u00e9 o Deus do Presidente? - Instituto Cultural Padre Josimo\" \/>\n<meta property=\"og:description\" content=\"&quot;Num tempo em que os crist\u00e3os s\u00e3o desafiados a repensar a quest\u00e3o de Deus em meio a uma esp\u00e9cie de polite\u00edsmo pr\u00e1tico que vivemos, creio que eu n\u00e3o seja o \u00fanico a me perguntar: a que \u201cdeus\u201d Bolsonaro se dirige?&quot;\" \/>\n<meta property=\"og:url\" content=\"https:\/\/padrejosimo.com.br\/site\/artigos\/quem-e-o-deus-do-presidente\/\" \/>\n<meta property=\"og:site_name\" content=\"Instituto Cultural Padre Josimo\" \/>\n<meta property=\"article:modified_time\" content=\"2020-04-22T10:19:42+00:00\" \/>\n<meta property=\"og:image\" content=\"https:\/\/padrejosimo.com.br\/site\/wp-content\/uploads\/2020\/04\/bolsonaro.jpg\" \/>\n<meta name=\"twitter:card\" content=\"summary_large_image\" \/>\n<meta name=\"twitter:label1\" content=\"Est. tempo de leitura\" \/>\n\t<meta name=\"twitter:data1\" content=\"3 minutos\" \/>\n<script type=\"application\/ld+json\" class=\"yoast-schema-graph\">{\"@context\":\"https:\/\/schema.org\",\"@graph\":[{\"@type\":\"WebPage\",\"@id\":\"https:\/\/padrejosimo.com.br\/site\/artigos\/quem-e-o-deus-do-presidente\/\",\"url\":\"https:\/\/padrejosimo.com.br\/site\/artigos\/quem-e-o-deus-do-presidente\/\",\"name\":\"Artigo | Quem \u00e9 o Deus do Presidente? - Instituto Cultural Padre Josimo\",\"isPartOf\":{\"@id\":\"https:\/\/padrejosimo.com.br\/site\/#website\"},\"primaryImageOfPage\":{\"@id\":\"https:\/\/padrejosimo.com.br\/site\/artigos\/quem-e-o-deus-do-presidente\/#primaryimage\"},\"image\":{\"@id\":\"https:\/\/padrejosimo.com.br\/site\/artigos\/quem-e-o-deus-do-presidente\/#primaryimage\"},\"thumbnailUrl\":\"https:\/\/padrejosimo.com.br\/site\/wp-content\/uploads\/2020\/04\/bolsonaro.jpg\",\"datePublished\":\"2020-04-22T10:16:08+00:00\",\"dateModified\":\"2020-04-22T10:19:42+00:00\",\"breadcrumb\":{\"@id\":\"https:\/\/padrejosimo.com.br\/site\/artigos\/quem-e-o-deus-do-presidente\/#breadcrumb\"},\"inLanguage\":\"pt-BR\",\"potentialAction\":[{\"@type\":\"ReadAction\",\"target\":[\"https:\/\/padrejosimo.com.br\/site\/artigos\/quem-e-o-deus-do-presidente\/\"]}]},{\"@type\":\"ImageObject\",\"inLanguage\":\"pt-BR\",\"@id\":\"https:\/\/padrejosimo.com.br\/site\/artigos\/quem-e-o-deus-do-presidente\/#primaryimage\",\"url\":\"https:\/\/padrejosimo.com.br\/site\/wp-content\/uploads\/2020\/04\/bolsonaro.jpg\",\"contentUrl\":\"https:\/\/padrejosimo.com.br\/site\/wp-content\/uploads\/2020\/04\/bolsonaro.jpg\",\"width\":600,\"height\":381},{\"@type\":\"BreadcrumbList\",\"@id\":\"https:\/\/padrejosimo.com.br\/site\/artigos\/quem-e-o-deus-do-presidente\/#breadcrumb\",\"itemListElement\":[{\"@type\":\"ListItem\",\"position\":1,\"name\":\"In\u00edcio\",\"item\":\"https:\/\/padrejosimo.com.br\/site\/\"},{\"@type\":\"ListItem\",\"position\":2,\"name\":\"Artigos\",\"item\":\"https:\/\/padrejosimo.com.br\/site\/artigos\/\"},{\"@type\":\"ListItem\",\"position\":3,\"name\":\"Artigo | Quem \u00e9 o Deus do Presidente?\"}]},{\"@type\":\"WebSite\",\"@id\":\"https:\/\/padrejosimo.com.br\/site\/#website\",\"url\":\"https:\/\/padrejosimo.com.br\/site\/\",\"name\":\"Instituto Cultural Padre Josimo\",\"description\":\"Comprometida com a promo\u00e7\u00e3o da justi\u00e7a social, agroecologia e educa\u00e7\u00e3o popular\",\"publisher\":{\"@id\":\"https:\/\/padrejosimo.com.br\/site\/#organization\"},\"alternateName\":\"ICPJ\",\"potentialAction\":[{\"@type\":\"SearchAction\",\"target\":{\"@type\":\"EntryPoint\",\"urlTemplate\":\"https:\/\/padrejosimo.com.br\/site\/?s={search_term_string}\"},\"query-input\":{\"@type\":\"PropertyValueSpecification\",\"valueRequired\":true,\"valueName\":\"search_term_string\"}}],\"inLanguage\":\"pt-BR\"},{\"@type\":\"Organization\",\"@id\":\"https:\/\/padrejosimo.com.br\/site\/#organization\",\"name\":\"Instituto Cultural Padre Josimo\",\"alternateName\":\"ICPJ\",\"url\":\"https:\/\/padrejosimo.com.br\/site\/\",\"logo\":{\"@type\":\"ImageObject\",\"inLanguage\":\"pt-BR\",\"@id\":\"https:\/\/padrejosimo.com.br\/site\/#\/schema\/logo\/image\/\",\"url\":\"https:\/\/padrejosimo.com.br\/site\/wp-content\/uploads\/2025\/09\/cropped-icon-icpj.png\",\"contentUrl\":\"https:\/\/padrejosimo.com.br\/site\/wp-content\/uploads\/2025\/09\/cropped-icon-icpj.png\",\"width\":512,\"height\":512,\"caption\":\"Instituto Cultural Padre Josimo\"},\"image\":{\"@id\":\"https:\/\/padrejosimo.com.br\/site\/#\/schema\/logo\/image\/\"}}]}<\/script>\n<!-- \/ Yoast SEO plugin. -->","yoast_head_json":{"title":"Artigo | Quem \u00e9 o Deus do Presidente? - Instituto Cultural Padre Josimo","robots":{"index":"index","follow":"follow","max-snippet":"max-snippet:-1","max-image-preview":"max-image-preview:large","max-video-preview":"max-video-preview:-1"},"canonical":"https:\/\/padrejosimo.com.br\/site\/artigos\/quem-e-o-deus-do-presidente\/","og_locale":"pt_BR","og_type":"article","og_title":"Artigo | Quem \u00e9 o Deus do Presidente? - Instituto Cultural Padre Josimo","og_description":"\"Num tempo em que os crist\u00e3os s\u00e3o desafiados a repensar a quest\u00e3o de Deus em meio a uma esp\u00e9cie de polite\u00edsmo pr\u00e1tico que vivemos, creio que eu n\u00e3o seja o \u00fanico a me perguntar: a que \u201cdeus\u201d Bolsonaro se dirige?\"","og_url":"https:\/\/padrejosimo.com.br\/site\/artigos\/quem-e-o-deus-do-presidente\/","og_site_name":"Instituto Cultural Padre Josimo","article_modified_time":"2020-04-22T10:19:42+00:00","og_image":[{"url":"https:\/\/padrejosimo.com.br\/site\/wp-content\/uploads\/2020\/04\/bolsonaro.jpg","type":"","width":"","height":""}],"twitter_card":"summary_large_image","twitter_misc":{"Est. tempo de leitura":"3 minutos"},"schema":{"@context":"https:\/\/schema.org","@graph":[{"@type":"WebPage","@id":"https:\/\/padrejosimo.com.br\/site\/artigos\/quem-e-o-deus-do-presidente\/","url":"https:\/\/padrejosimo.com.br\/site\/artigos\/quem-e-o-deus-do-presidente\/","name":"Artigo | Quem \u00e9 o Deus do Presidente? - Instituto Cultural Padre Josimo","isPartOf":{"@id":"https:\/\/padrejosimo.com.br\/site\/#website"},"primaryImageOfPage":{"@id":"https:\/\/padrejosimo.com.br\/site\/artigos\/quem-e-o-deus-do-presidente\/#primaryimage"},"image":{"@id":"https:\/\/padrejosimo.com.br\/site\/artigos\/quem-e-o-deus-do-presidente\/#primaryimage"},"thumbnailUrl":"https:\/\/padrejosimo.com.br\/site\/wp-content\/uploads\/2020\/04\/bolsonaro.jpg","datePublished":"2020-04-22T10:16:08+00:00","dateModified":"2020-04-22T10:19:42+00:00","breadcrumb":{"@id":"https:\/\/padrejosimo.com.br\/site\/artigos\/quem-e-o-deus-do-presidente\/#breadcrumb"},"inLanguage":"pt-BR","potentialAction":[{"@type":"ReadAction","target":["https:\/\/padrejosimo.com.br\/site\/artigos\/quem-e-o-deus-do-presidente\/"]}]},{"@type":"ImageObject","inLanguage":"pt-BR","@id":"https:\/\/padrejosimo.com.br\/site\/artigos\/quem-e-o-deus-do-presidente\/#primaryimage","url":"https:\/\/padrejosimo.com.br\/site\/wp-content\/uploads\/2020\/04\/bolsonaro.jpg","contentUrl":"https:\/\/padrejosimo.com.br\/site\/wp-content\/uploads\/2020\/04\/bolsonaro.jpg","width":600,"height":381},{"@type":"BreadcrumbList","@id":"https:\/\/padrejosimo.com.br\/site\/artigos\/quem-e-o-deus-do-presidente\/#breadcrumb","itemListElement":[{"@type":"ListItem","position":1,"name":"In\u00edcio","item":"https:\/\/padrejosimo.com.br\/site\/"},{"@type":"ListItem","position":2,"name":"Artigos","item":"https:\/\/padrejosimo.com.br\/site\/artigos\/"},{"@type":"ListItem","position":3,"name":"Artigo | Quem \u00e9 o Deus do Presidente?"}]},{"@type":"WebSite","@id":"https:\/\/padrejosimo.com.br\/site\/#website","url":"https:\/\/padrejosimo.com.br\/site\/","name":"Instituto Cultural Padre Josimo","description":"Comprometida com a promo\u00e7\u00e3o da justi\u00e7a social, agroecologia e educa\u00e7\u00e3o popular","publisher":{"@id":"https:\/\/padrejosimo.com.br\/site\/#organization"},"alternateName":"ICPJ","potentialAction":[{"@type":"SearchAction","target":{"@type":"EntryPoint","urlTemplate":"https:\/\/padrejosimo.com.br\/site\/?s={search_term_string}"},"query-input":{"@type":"PropertyValueSpecification","valueRequired":true,"valueName":"search_term_string"}}],"inLanguage":"pt-BR"},{"@type":"Organization","@id":"https:\/\/padrejosimo.com.br\/site\/#organization","name":"Instituto Cultural Padre Josimo","alternateName":"ICPJ","url":"https:\/\/padrejosimo.com.br\/site\/","logo":{"@type":"ImageObject","inLanguage":"pt-BR","@id":"https:\/\/padrejosimo.com.br\/site\/#\/schema\/logo\/image\/","url":"https:\/\/padrejosimo.com.br\/site\/wp-content\/uploads\/2025\/09\/cropped-icon-icpj.png","contentUrl":"https:\/\/padrejosimo.com.br\/site\/wp-content\/uploads\/2025\/09\/cropped-icon-icpj.png","width":512,"height":512,"caption":"Instituto Cultural Padre Josimo"},"image":{"@id":"https:\/\/padrejosimo.com.br\/site\/#\/schema\/logo\/image\/"}}]}},"_links":{"self":[{"href":"https:\/\/padrejosimo.com.br\/site\/wp-json\/wp\/v2\/artigos\/3072","targetHints":{"allow":["GET"]}}],"collection":[{"href":"https:\/\/padrejosimo.com.br\/site\/wp-json\/wp\/v2\/artigos"}],"about":[{"href":"https:\/\/padrejosimo.com.br\/site\/wp-json\/wp\/v2\/types\/artigos"}],"author":[{"embeddable":true,"href":"https:\/\/padrejosimo.com.br\/site\/wp-json\/wp\/v2\/users\/1"}],"wp:attachment":[{"href":"https:\/\/padrejosimo.com.br\/site\/wp-json\/wp\/v2\/media?parent=3072"}],"curies":[{"name":"wp","href":"https:\/\/api.w.org\/{rel}","templated":true}]}}