{"id":3030,"date":"2020-04-10T08:00:22","date_gmt":"2020-04-10T11:00:22","guid":{"rendered":"https:\/\/padrejosimo.com.br\/site\/?post_type=artigos&#038;p=3030"},"modified":"2020-04-15T15:11:13","modified_gmt":"2020-04-15T18:11:13","slug":"3030","status":"publish","type":"artigos","link":"https:\/\/padrejosimo.com.br\/site\/artigos\/3030\/","title":{"rendered":"Artigo | O momento exige lideran\u00e7a positiva"},"content":{"rendered":"<blockquote>\n<p><strong><em>Ricardo Silva*<\/em><\/strong><\/p>\n<p>Advogado e assessor do MPA<\/p>\n<\/blockquote>\n<p><img fetchpriority=\"high\" decoding=\"async\" class=\"size-full wp-image-3031 alignnone\" src=\"https:\/\/padrejosimo.com.br\/site\/wp-content\/uploads\/2020\/04\/lideran\u00e7a.jpg\" alt=\"\" width=\"524\" height=\"311\" srcset=\"https:\/\/padrejosimo.com.br\/site\/wp-content\/uploads\/2020\/04\/lideran\u00e7a.jpg 524w, https:\/\/padrejosimo.com.br\/site\/wp-content\/uploads\/2020\/04\/lideran\u00e7a-300x178.jpg 300w\" sizes=\"(max-width: 524px) 100vw, 524px\" \/><\/p>\n<p>\u00c9 lament\u00e1vel que as lideran\u00e7as pol\u00edticas e as autoridades ainda n\u00e3o tenham se dado conta de que o momento \u00e9 extremamente diferente de tudo o que se viveu nos \u00faltimos 70 anos na humanidade.<\/p>\n<p>\u00c9 uma situa\u00e7\u00e3o de guerra sem a exist\u00eancia de batalhas. As pessoas est\u00e3o impedidas de trabalhar e manter suas rotinas em fun\u00e7\u00e3o de um inimigo invis\u00edvel, por\u00e9m letal.<\/p>\n<p>Em meio a essa nova situa\u00e7\u00e3o, o Presidente da Rep\u00fablica defende apenas um lado \u2013 o grande capital e seus cegos apoiadores. Do outro lado, h\u00e1 uma oposi\u00e7\u00e3o preocupada em desgastar a figura j\u00e1 em agonia do presidente.<\/p>\n<p>O povo fica entre essa guerra. Os bancos, de maneira s\u00f3rdida e ego\u00edsta, continuam com juros abusivos em cart\u00f5es de cr\u00e9dito e cheques especiais (mais de 200% a.a). Onde est\u00e3o as autoridades para determinar juro zero e morat\u00f3ria total de, no m\u00ednimo, 6 meses? Est\u00e1 na hora desses \u201csanguessugas do trabalho\u201d darem sua cota de sacrif\u00edcio, sob pena de amanh\u00e3 ter dinheiro e n\u00e3o haver como consumir. A submiss\u00e3o do Governo Federal nos coloca sob risco de perder a identidade como na\u00e7\u00e3o.<\/p>\n<p>Os governos estaduais e municipais n\u00e3o conseguem quebrar as regras, estando ainda a \u201ccabresto\u201d da lei de responsabilidade fiscal. Lei essa imposta pelo Banco Mundial para colocar os pa\u00edses em desenvolvimento de joelhos diante de suas pol\u00edticas monet\u00e1rias, que retiram o dinheiro dos cofres p\u00fablicos e distribuem entre especuladores sob o t\u00edtulo de \u201cparceria p\u00fablico privada (PPP)\u201d, com a descarada mentira de agilidade e efici\u00eancia.<\/p>\n<p>\u00c9 necess\u00e1rio dar um basta e exigir que as autoridades e pol\u00edticos se unam para enfrentar o inimigo invis\u00edvel, rompendo as regras monet\u00e1rias, ignorando a responsabilidade fiscal em favor da responsabilidade social. Para isso, exigimos a cria\u00e7\u00e3o de fundos municipais para agilizar a ajuda aos mais atingidos e historicamente vulner\u00e1veis, bem como austeridade com os bancos, exigindo o fim dos juros e uma morat\u00f3ria geral.<\/p>\n","protected":false},"excerpt":{"rendered":"<p>\u00c9 necess\u00e1rio dar um basta e exigir que as autoridades e pol\u00edticos se unam para enfrentar o inimigo invis\u00edvel, rompendo as regras monet\u00e1rias, ignorando a responsabilidade fiscal em favor da responsabilidade social.<\/p>\n","protected":false},"author":24,"template":"","class_list":["post-3030","artigos","type-artigos","status-publish","hentry"],"acf":[],"yoast_head":"<!-- This site is optimized with the Yoast SEO plugin v27.2 - https:\/\/yoast.com\/product\/yoast-seo-wordpress\/ -->\n<title>Artigo | O momento exige lideran\u00e7a positiva - Instituto Cultural Padre Josimo<\/title>\n<meta name=\"robots\" content=\"index, follow, max-snippet:-1, max-image-preview:large, max-video-preview:-1\" \/>\n<link rel=\"canonical\" href=\"https:\/\/padrejosimo.com.br\/site\/artigos\/3030\/\" \/>\n<meta property=\"og:locale\" content=\"pt_BR\" \/>\n<meta property=\"og:type\" content=\"article\" \/>\n<meta property=\"og:title\" content=\"Artigo | O momento exige lideran\u00e7a positiva - Instituto Cultural Padre Josimo\" \/>\n<meta property=\"og:description\" content=\"\u00c9 necess\u00e1rio dar um basta e exigir que as autoridades e pol\u00edticos se unam para enfrentar o inimigo invis\u00edvel, rompendo as regras monet\u00e1rias, ignorando a responsabilidade fiscal em favor da responsabilidade social.\" \/>\n<meta property=\"og:url\" content=\"https:\/\/padrejosimo.com.br\/site\/artigos\/3030\/\" \/>\n<meta property=\"og:site_name\" content=\"Instituto Cultural Padre Josimo\" \/>\n<meta property=\"article:modified_time\" content=\"2020-04-15T18:11:13+00:00\" \/>\n<meta property=\"og:image\" content=\"https:\/\/padrejosimo.com.br\/site\/wp-content\/uploads\/2025\/09\/cropped-icon-icpj.png\" \/>\n\t<meta property=\"og:image:width\" content=\"512\" \/>\n\t<meta property=\"og:image:height\" content=\"512\" \/>\n\t<meta property=\"og:image:type\" content=\"image\/png\" \/>\n<meta name=\"twitter:card\" content=\"summary_large_image\" \/>\n<meta name=\"twitter:label1\" content=\"Est. tempo de leitura\" \/>\n\t<meta name=\"twitter:data1\" content=\"2 minutos\" \/>\n<script type=\"application\/ld+json\" class=\"yoast-schema-graph\">{\"@context\":\"https:\/\/schema.org\",\"@graph\":[{\"@type\":\"WebPage\",\"@id\":\"https:\/\/padrejosimo.com.br\/site\/artigos\/3030\/\",\"url\":\"https:\/\/padrejosimo.com.br\/site\/artigos\/3030\/\",\"name\":\"Artigo | O momento exige lideran\u00e7a positiva - Instituto Cultural Padre Josimo\",\"isPartOf\":{\"@id\":\"https:\/\/padrejosimo.com.br\/site\/#website\"},\"datePublished\":\"2020-04-10T11:00:22+00:00\",\"dateModified\":\"2020-04-15T18:11:13+00:00\",\"breadcrumb\":{\"@id\":\"https:\/\/padrejosimo.com.br\/site\/artigos\/3030\/#breadcrumb\"},\"inLanguage\":\"pt-BR\",\"potentialAction\":[{\"@type\":\"ReadAction\",\"target\":[\"https:\/\/padrejosimo.com.br\/site\/artigos\/3030\/\"]}]},{\"@type\":\"BreadcrumbList\",\"@id\":\"https:\/\/padrejosimo.com.br\/site\/artigos\/3030\/#breadcrumb\",\"itemListElement\":[{\"@type\":\"ListItem\",\"position\":1,\"name\":\"In\u00edcio\",\"item\":\"https:\/\/padrejosimo.com.br\/site\/\"},{\"@type\":\"ListItem\",\"position\":2,\"name\":\"Artigos\",\"item\":\"https:\/\/padrejosimo.com.br\/site\/artigos\/\"},{\"@type\":\"ListItem\",\"position\":3,\"name\":\"Artigo | O momento exige lideran\u00e7a positiva\"}]},{\"@type\":\"WebSite\",\"@id\":\"https:\/\/padrejosimo.com.br\/site\/#website\",\"url\":\"https:\/\/padrejosimo.com.br\/site\/\",\"name\":\"Instituto Cultural Padre Josimo\",\"description\":\"Comprometida com a promo\u00e7\u00e3o da justi\u00e7a social, agroecologia e educa\u00e7\u00e3o popular\",\"publisher\":{\"@id\":\"https:\/\/padrejosimo.com.br\/site\/#organization\"},\"alternateName\":\"ICPJ\",\"potentialAction\":[{\"@type\":\"SearchAction\",\"target\":{\"@type\":\"EntryPoint\",\"urlTemplate\":\"https:\/\/padrejosimo.com.br\/site\/?s={search_term_string}\"},\"query-input\":{\"@type\":\"PropertyValueSpecification\",\"valueRequired\":true,\"valueName\":\"search_term_string\"}}],\"inLanguage\":\"pt-BR\"},{\"@type\":\"Organization\",\"@id\":\"https:\/\/padrejosimo.com.br\/site\/#organization\",\"name\":\"Instituto Cultural Padre Josimo\",\"alternateName\":\"ICPJ\",\"url\":\"https:\/\/padrejosimo.com.br\/site\/\",\"logo\":{\"@type\":\"ImageObject\",\"inLanguage\":\"pt-BR\",\"@id\":\"https:\/\/padrejosimo.com.br\/site\/#\/schema\/logo\/image\/\",\"url\":\"https:\/\/padrejosimo.com.br\/site\/wp-content\/uploads\/2025\/09\/cropped-icon-icpj.png\",\"contentUrl\":\"https:\/\/padrejosimo.com.br\/site\/wp-content\/uploads\/2025\/09\/cropped-icon-icpj.png\",\"width\":512,\"height\":512,\"caption\":\"Instituto Cultural Padre Josimo\"},\"image\":{\"@id\":\"https:\/\/padrejosimo.com.br\/site\/#\/schema\/logo\/image\/\"}}]}<\/script>\n<!-- \/ Yoast SEO plugin. -->","yoast_head_json":{"title":"Artigo | O momento exige lideran\u00e7a positiva - Instituto Cultural Padre Josimo","robots":{"index":"index","follow":"follow","max-snippet":"max-snippet:-1","max-image-preview":"max-image-preview:large","max-video-preview":"max-video-preview:-1"},"canonical":"https:\/\/padrejosimo.com.br\/site\/artigos\/3030\/","og_locale":"pt_BR","og_type":"article","og_title":"Artigo | O momento exige lideran\u00e7a positiva - Instituto Cultural Padre Josimo","og_description":"\u00c9 necess\u00e1rio dar um basta e exigir que as autoridades e pol\u00edticos se unam para enfrentar o inimigo invis\u00edvel, rompendo as regras monet\u00e1rias, ignorando a responsabilidade fiscal em favor da responsabilidade social.","og_url":"https:\/\/padrejosimo.com.br\/site\/artigos\/3030\/","og_site_name":"Instituto Cultural Padre Josimo","article_modified_time":"2020-04-15T18:11:13+00:00","og_image":[{"width":512,"height":512,"url":"https:\/\/padrejosimo.com.br\/site\/wp-content\/uploads\/2025\/09\/cropped-icon-icpj.png","type":"image\/png"}],"twitter_card":"summary_large_image","twitter_misc":{"Est. tempo de leitura":"2 minutos"},"schema":{"@context":"https:\/\/schema.org","@graph":[{"@type":"WebPage","@id":"https:\/\/padrejosimo.com.br\/site\/artigos\/3030\/","url":"https:\/\/padrejosimo.com.br\/site\/artigos\/3030\/","name":"Artigo | O momento exige lideran\u00e7a positiva - Instituto Cultural Padre Josimo","isPartOf":{"@id":"https:\/\/padrejosimo.com.br\/site\/#website"},"datePublished":"2020-04-10T11:00:22+00:00","dateModified":"2020-04-15T18:11:13+00:00","breadcrumb":{"@id":"https:\/\/padrejosimo.com.br\/site\/artigos\/3030\/#breadcrumb"},"inLanguage":"pt-BR","potentialAction":[{"@type":"ReadAction","target":["https:\/\/padrejosimo.com.br\/site\/artigos\/3030\/"]}]},{"@type":"BreadcrumbList","@id":"https:\/\/padrejosimo.com.br\/site\/artigos\/3030\/#breadcrumb","itemListElement":[{"@type":"ListItem","position":1,"name":"In\u00edcio","item":"https:\/\/padrejosimo.com.br\/site\/"},{"@type":"ListItem","position":2,"name":"Artigos","item":"https:\/\/padrejosimo.com.br\/site\/artigos\/"},{"@type":"ListItem","position":3,"name":"Artigo | O momento exige lideran\u00e7a positiva"}]},{"@type":"WebSite","@id":"https:\/\/padrejosimo.com.br\/site\/#website","url":"https:\/\/padrejosimo.com.br\/site\/","name":"Instituto Cultural Padre Josimo","description":"Comprometida com a promo\u00e7\u00e3o da justi\u00e7a social, agroecologia e educa\u00e7\u00e3o popular","publisher":{"@id":"https:\/\/padrejosimo.com.br\/site\/#organization"},"alternateName":"ICPJ","potentialAction":[{"@type":"SearchAction","target":{"@type":"EntryPoint","urlTemplate":"https:\/\/padrejosimo.com.br\/site\/?s={search_term_string}"},"query-input":{"@type":"PropertyValueSpecification","valueRequired":true,"valueName":"search_term_string"}}],"inLanguage":"pt-BR"},{"@type":"Organization","@id":"https:\/\/padrejosimo.com.br\/site\/#organization","name":"Instituto Cultural Padre Josimo","alternateName":"ICPJ","url":"https:\/\/padrejosimo.com.br\/site\/","logo":{"@type":"ImageObject","inLanguage":"pt-BR","@id":"https:\/\/padrejosimo.com.br\/site\/#\/schema\/logo\/image\/","url":"https:\/\/padrejosimo.com.br\/site\/wp-content\/uploads\/2025\/09\/cropped-icon-icpj.png","contentUrl":"https:\/\/padrejosimo.com.br\/site\/wp-content\/uploads\/2025\/09\/cropped-icon-icpj.png","width":512,"height":512,"caption":"Instituto Cultural Padre Josimo"},"image":{"@id":"https:\/\/padrejosimo.com.br\/site\/#\/schema\/logo\/image\/"}}]}},"_links":{"self":[{"href":"https:\/\/padrejosimo.com.br\/site\/wp-json\/wp\/v2\/artigos\/3030","targetHints":{"allow":["GET"]}}],"collection":[{"href":"https:\/\/padrejosimo.com.br\/site\/wp-json\/wp\/v2\/artigos"}],"about":[{"href":"https:\/\/padrejosimo.com.br\/site\/wp-json\/wp\/v2\/types\/artigos"}],"author":[{"embeddable":true,"href":"https:\/\/padrejosimo.com.br\/site\/wp-json\/wp\/v2\/users\/24"}],"wp:attachment":[{"href":"https:\/\/padrejosimo.com.br\/site\/wp-json\/wp\/v2\/media?parent=3030"}],"curies":[{"name":"wp","href":"https:\/\/api.w.org\/{rel}","templated":true}]}}