{"id":3022,"date":"2020-04-09T10:58:23","date_gmt":"2020-04-09T13:58:23","guid":{"rendered":"https:\/\/padrejosimo.com.br\/site\/?post_type=artigos&#038;p=3022"},"modified":"2020-04-09T10:58:23","modified_gmt":"2020-04-09T13:58:23","slug":"artigo-o-coronavirus-e-a-campanha-da-fraternidade","status":"publish","type":"artigos","link":"https:\/\/padrejosimo.com.br\/site\/artigos\/artigo-o-coronavirus-e-a-campanha-da-fraternidade\/","title":{"rendered":"Artigo | O Coronav\u00edrus e a Campanha da Fraternidade"},"content":{"rendered":"<div class=\"content\">\n<div class=\"text-content\">\n<p><img fetchpriority=\"high\" decoding=\"async\" class=\" wp-image-3023 alignnone\" src=\"https:\/\/padrejosimo.com.br\/site\/wp-content\/uploads\/2020\/04\/67092137_1092397217616677_5316751135388729344_o-1024x898.jpg\" alt=\"\" width=\"701\" height=\"615\" srcset=\"https:\/\/padrejosimo.com.br\/site\/wp-content\/uploads\/2020\/04\/67092137_1092397217616677_5316751135388729344_o-1024x898.jpg 1024w, https:\/\/padrejosimo.com.br\/site\/wp-content\/uploads\/2020\/04\/67092137_1092397217616677_5316751135388729344_o-300x263.jpg 300w, https:\/\/padrejosimo.com.br\/site\/wp-content\/uploads\/2020\/04\/67092137_1092397217616677_5316751135388729344_o-768x673.jpg 768w, https:\/\/padrejosimo.com.br\/site\/wp-content\/uploads\/2020\/04\/67092137_1092397217616677_5316751135388729344_o.jpg 1080w\" sizes=\"(max-width: 701px) 100vw, 701px\" \/><\/p>\n<p>&nbsp;<\/p>\n<p>A Campanha da Fraternidade da Igreja Cat\u00f3lica no Brasil, neste ano de 2020, est\u00e1 ancorada na passagem b\u00edblica do Samaritano, descrita pelo evangelista Lucas, ap\u00f3s um doutor em leis perguntar a Jesus: quem \u00e9 meu pr\u00f3ximo?<\/p>\n<p>Na par\u00e1bola descrita por Jesus em Lucas (Lc 10, 25-37), carregada de realismos e de personagens amplamente conhecidos da sociedade judaica de ent\u00e3o, um Samaritano viajante (os samaritanos eram mal-vistos pelos judeus) se aproxima e socorre um desconhecido, assaltado e ferido, deixado sangrando e sofrendo \u00e0 beira da estrada. O Samaritano cuida e trata o ferido, ao contr\u00e1rio do Sacerdote e do Levita \u2013 funcion\u00e1rios do Templo e servidores do Sagrado \u2013 que, insens\u00edveis e indiferentes, veem, mas passam ao lado sem nada fazer.<\/p>\n<p>Jesus inverte a pergunta do douto, centrada no \u201ceu\u201d ( quem \u00e9 \u201cmeu\u201d pr\u00f3ximo) e responde focando \u00a0no \u201coutro\u201d: quem foi o pr\u00f3ximo do que estava ferido?<\/p>\n<p>\u201cViu, sentiu compaix\u00e3o e cuidou dele\u201d \u00e9 a frase do Evangelho de Lucas (Lc 10, 33-34) em destaque na Campanha da Fraternidade, que tem como lema: \u201cFraternidade e Vida \u2013 Dom e Compromisso\u201d.<\/p>\n<p>Quando se pensou esta Campanha da Fraternidade n\u00e3o se imaginava vive-la em meio \u00e0 pandemia do coronav\u00edrus atravessando de dor e apreens\u00e3o todo o povo brasileiro.<\/p>\n<p>Os feridos \u00e0 beira da estrada, conforme a passagem b\u00edblica, se transformam dia a dia em milhares de atingidos pelo v\u00edrus, e ser\u00e3o milh\u00f5es. Milh\u00f5es de pessoas estar\u00e3o na situa\u00e7\u00e3o de quem o Samaritano se aproximou, precisando de atendimento, socorro m\u00e9dico, orienta\u00e7\u00e3o segura, informa\u00e7\u00e3o de qualidade, mas tamb\u00e9m, amor, carinho, solidariedade, \u00e1gua, alimentos, rem\u00e9dios, equipamentos de prote\u00e7\u00e3o, preces, palavras de consolo e esperan\u00e7a e sei l\u00e1 o que mais.<\/p>\n<p>E quem s\u00e3o os Samaritanos? Todos precisamos ser samaritanos uns dos outros. Na linha de frente est\u00e3o os que se arriscam nos servi\u00e7os de sa\u00fade, na coleta do lixo, no fornecimento de \u00e1gua, nos transportes, na produ\u00e7\u00e3o de alimentos, na produ\u00e7\u00e3o de medicamentos, na produ\u00e7\u00e3o de equipamentos de prote\u00e7\u00e3o, na produ\u00e7\u00e3o de \u00e1lcool gel, na comunica\u00e7\u00e3o e tantos outros espa\u00e7os.<\/p>\n<p>N\u00e3o h\u00e1 como passar adiante e fingir que n\u00e3o v\u00ea, olhando s\u00f3 para si, numa pr\u00e1tica de indiferen\u00e7a ou insensibilidade diante da dor alheia (que pode ser tamb\u00e9m a pr\u00f3pria), como salienta o Papa Francisco.<\/p>\n<p>Grande desafio viver a Campanha da Fraternidade nestas condi\u00e7\u00f5es. Quando celebrar \u00e9 ficar em casa e rezar no ambiente dom\u00e9stico, quando aproximar-se \u00e9 distanciar-se fisicamente, quando o sacerdote, o levita e o samaritano se misturam na mesma dor e no mesmo drama, quando transmitir e viver a f\u00e9 \u00e9 tentar fazer o pesado fardo tornar-se um pouco mais leve.<\/p>\n<p>O pr\u00f3prio dilema, rapidamente resolvido pelo conjunto da Igreja cat\u00f3lica no Brasil, de celebrar missas (ou outras formas coletivas de celebra\u00e7\u00e3o) com o povo ou proteger-se em casa, na Igreja dom\u00e9stica.<\/p>\n<p>Tudo se coloca em outro patamar, neste momento da hist\u00f3ria. Evangelizar e celebrar; seguir Jesus e ser fiel a Deus; rezar e orar; semear esperan\u00e7a; \u00e9 antes de tudo, salvar vidas, dom maior que Deus nos concedeu.<\/p>\n<p>\u00c9 neste desafio de salvar vidas que seremos testados no \u201cAmem o Senhor Deus com todo o cora\u00e7\u00e3o, com toda alma, com toda mente e com toda for\u00e7a\u201d (Mc 12,30) e no \u201cAmem-vos uns aos outros assim como Eu amei voc\u00eas\u201d (Jo 13,34).\u00a0<\/p>\n<p>Ent\u00e3o a Campanha ser\u00e1 de fato, DA FRATERNIDADE.<\/p>\n<p>&nbsp;<\/p>\n<hr \/>\n<p>*Frei Franciscano e dirigente do Movimento dos Pequenos Agricultores (MPA). Autor de &#8220;Em prece com os Evangelhos&#8221; e &#8220;Trincheiras da resist\u00eancia Camponesa&#8221;.<\/p>\n<p>Ilustra\u00e7\u00e3o: Ateli\u00ea 15 (<em><strong><a href=\"https:\/\/www.facebook.com\/Atelie15\">clique aqui para conhecer<\/a><\/strong><\/em>)<\/p>\n<\/div>\n<\/div>\n","protected":false},"excerpt":{"rendered":"<p>Tudo se coloca em outro patamar, neste momento da hist\u00f3ria. Evangelizar e celebrar; seguir Jesus e ser fiel a Deus; rezar e orar; semear esperan\u00e7a; \u00e9 antes de tudo, salvar vidas, dom maior que Deus nos concedeu.<\/p>\n","protected":false},"author":3,"template":"","class_list":["post-3022","artigos","type-artigos","status-publish","hentry"],"acf":[],"yoast_head":"<!-- This site is optimized with the Yoast SEO plugin v27.2 - https:\/\/yoast.com\/product\/yoast-seo-wordpress\/ -->\n<title>Artigo | O Coronav\u00edrus e a Campanha da Fraternidade - Instituto Cultural Padre Josimo<\/title>\n<meta name=\"robots\" content=\"index, follow, max-snippet:-1, max-image-preview:large, max-video-preview:-1\" \/>\n<link rel=\"canonical\" href=\"https:\/\/padrejosimo.com.br\/site\/artigos\/artigo-o-coronavirus-e-a-campanha-da-fraternidade\/\" \/>\n<meta property=\"og:locale\" content=\"pt_BR\" \/>\n<meta property=\"og:type\" content=\"article\" \/>\n<meta property=\"og:title\" content=\"Artigo | O Coronav\u00edrus e a Campanha da Fraternidade - Instituto Cultural Padre Josimo\" \/>\n<meta property=\"og:description\" content=\"Tudo se coloca em outro patamar, neste momento da hist\u00f3ria. Evangelizar e celebrar; seguir Jesus e ser fiel a Deus; rezar e orar; semear esperan\u00e7a; \u00e9 antes de tudo, salvar vidas, dom maior que Deus nos concedeu.\" \/>\n<meta property=\"og:url\" content=\"https:\/\/padrejosimo.com.br\/site\/artigos\/artigo-o-coronavirus-e-a-campanha-da-fraternidade\/\" \/>\n<meta property=\"og:site_name\" content=\"Instituto Cultural Padre Josimo\" \/>\n<meta property=\"og:image\" content=\"https:\/\/padrejosimo.com.br\/site\/wp-content\/uploads\/2020\/04\/67092137_1092397217616677_5316751135388729344_o-1024x898.jpg\" \/>\n<meta name=\"twitter:card\" content=\"summary_large_image\" \/>\n<meta name=\"twitter:label1\" content=\"Est. tempo de leitura\" \/>\n\t<meta name=\"twitter:data1\" content=\"3 minutos\" \/>\n<script type=\"application\/ld+json\" class=\"yoast-schema-graph\">{\"@context\":\"https:\/\/schema.org\",\"@graph\":[{\"@type\":\"WebPage\",\"@id\":\"https:\/\/padrejosimo.com.br\/site\/artigos\/artigo-o-coronavirus-e-a-campanha-da-fraternidade\/\",\"url\":\"https:\/\/padrejosimo.com.br\/site\/artigos\/artigo-o-coronavirus-e-a-campanha-da-fraternidade\/\",\"name\":\"Artigo | O Coronav\u00edrus e a Campanha da Fraternidade - Instituto Cultural Padre Josimo\",\"isPartOf\":{\"@id\":\"https:\/\/padrejosimo.com.br\/site\/#website\"},\"primaryImageOfPage\":{\"@id\":\"https:\/\/padrejosimo.com.br\/site\/artigos\/artigo-o-coronavirus-e-a-campanha-da-fraternidade\/#primaryimage\"},\"image\":{\"@id\":\"https:\/\/padrejosimo.com.br\/site\/artigos\/artigo-o-coronavirus-e-a-campanha-da-fraternidade\/#primaryimage\"},\"thumbnailUrl\":\"https:\/\/padrejosimo.com.br\/site\/wp-content\/uploads\/2020\/04\/67092137_1092397217616677_5316751135388729344_o-1024x898.jpg\",\"datePublished\":\"2020-04-09T13:58:23+00:00\",\"breadcrumb\":{\"@id\":\"https:\/\/padrejosimo.com.br\/site\/artigos\/artigo-o-coronavirus-e-a-campanha-da-fraternidade\/#breadcrumb\"},\"inLanguage\":\"pt-BR\",\"potentialAction\":[{\"@type\":\"ReadAction\",\"target\":[\"https:\/\/padrejosimo.com.br\/site\/artigos\/artigo-o-coronavirus-e-a-campanha-da-fraternidade\/\"]}]},{\"@type\":\"ImageObject\",\"inLanguage\":\"pt-BR\",\"@id\":\"https:\/\/padrejosimo.com.br\/site\/artigos\/artigo-o-coronavirus-e-a-campanha-da-fraternidade\/#primaryimage\",\"url\":\"https:\/\/padrejosimo.com.br\/site\/wp-content\/uploads\/2020\/04\/67092137_1092397217616677_5316751135388729344_o.jpg\",\"contentUrl\":\"https:\/\/padrejosimo.com.br\/site\/wp-content\/uploads\/2020\/04\/67092137_1092397217616677_5316751135388729344_o.jpg\",\"width\":1080,\"height\":947},{\"@type\":\"BreadcrumbList\",\"@id\":\"https:\/\/padrejosimo.com.br\/site\/artigos\/artigo-o-coronavirus-e-a-campanha-da-fraternidade\/#breadcrumb\",\"itemListElement\":[{\"@type\":\"ListItem\",\"position\":1,\"name\":\"In\u00edcio\",\"item\":\"https:\/\/padrejosimo.com.br\/site\/\"},{\"@type\":\"ListItem\",\"position\":2,\"name\":\"Artigos\",\"item\":\"https:\/\/padrejosimo.com.br\/site\/artigos\/\"},{\"@type\":\"ListItem\",\"position\":3,\"name\":\"Artigo | O Coronav\u00edrus e a Campanha da Fraternidade\"}]},{\"@type\":\"WebSite\",\"@id\":\"https:\/\/padrejosimo.com.br\/site\/#website\",\"url\":\"https:\/\/padrejosimo.com.br\/site\/\",\"name\":\"Instituto Cultural Padre Josimo\",\"description\":\"Comprometida com a promo\u00e7\u00e3o da justi\u00e7a social, agroecologia e educa\u00e7\u00e3o popular\",\"publisher\":{\"@id\":\"https:\/\/padrejosimo.com.br\/site\/#organization\"},\"alternateName\":\"ICPJ\",\"potentialAction\":[{\"@type\":\"SearchAction\",\"target\":{\"@type\":\"EntryPoint\",\"urlTemplate\":\"https:\/\/padrejosimo.com.br\/site\/?s={search_term_string}\"},\"query-input\":{\"@type\":\"PropertyValueSpecification\",\"valueRequired\":true,\"valueName\":\"search_term_string\"}}],\"inLanguage\":\"pt-BR\"},{\"@type\":\"Organization\",\"@id\":\"https:\/\/padrejosimo.com.br\/site\/#organization\",\"name\":\"Instituto Cultural Padre Josimo\",\"alternateName\":\"ICPJ\",\"url\":\"https:\/\/padrejosimo.com.br\/site\/\",\"logo\":{\"@type\":\"ImageObject\",\"inLanguage\":\"pt-BR\",\"@id\":\"https:\/\/padrejosimo.com.br\/site\/#\/schema\/logo\/image\/\",\"url\":\"https:\/\/padrejosimo.com.br\/site\/wp-content\/uploads\/2025\/09\/cropped-icon-icpj.png\",\"contentUrl\":\"https:\/\/padrejosimo.com.br\/site\/wp-content\/uploads\/2025\/09\/cropped-icon-icpj.png\",\"width\":512,\"height\":512,\"caption\":\"Instituto Cultural Padre Josimo\"},\"image\":{\"@id\":\"https:\/\/padrejosimo.com.br\/site\/#\/schema\/logo\/image\/\"}}]}<\/script>\n<!-- \/ Yoast SEO plugin. -->","yoast_head_json":{"title":"Artigo | O Coronav\u00edrus e a Campanha da Fraternidade - Instituto Cultural Padre Josimo","robots":{"index":"index","follow":"follow","max-snippet":"max-snippet:-1","max-image-preview":"max-image-preview:large","max-video-preview":"max-video-preview:-1"},"canonical":"https:\/\/padrejosimo.com.br\/site\/artigos\/artigo-o-coronavirus-e-a-campanha-da-fraternidade\/","og_locale":"pt_BR","og_type":"article","og_title":"Artigo | O Coronav\u00edrus e a Campanha da Fraternidade - Instituto Cultural Padre Josimo","og_description":"Tudo se coloca em outro patamar, neste momento da hist\u00f3ria. Evangelizar e celebrar; seguir Jesus e ser fiel a Deus; rezar e orar; semear esperan\u00e7a; \u00e9 antes de tudo, salvar vidas, dom maior que Deus nos concedeu.","og_url":"https:\/\/padrejosimo.com.br\/site\/artigos\/artigo-o-coronavirus-e-a-campanha-da-fraternidade\/","og_site_name":"Instituto Cultural Padre Josimo","og_image":[{"url":"https:\/\/padrejosimo.com.br\/site\/wp-content\/uploads\/2020\/04\/67092137_1092397217616677_5316751135388729344_o-1024x898.jpg","type":"","width":"","height":""}],"twitter_card":"summary_large_image","twitter_misc":{"Est. tempo de leitura":"3 minutos"},"schema":{"@context":"https:\/\/schema.org","@graph":[{"@type":"WebPage","@id":"https:\/\/padrejosimo.com.br\/site\/artigos\/artigo-o-coronavirus-e-a-campanha-da-fraternidade\/","url":"https:\/\/padrejosimo.com.br\/site\/artigos\/artigo-o-coronavirus-e-a-campanha-da-fraternidade\/","name":"Artigo | O Coronav\u00edrus e a Campanha da Fraternidade - Instituto Cultural Padre Josimo","isPartOf":{"@id":"https:\/\/padrejosimo.com.br\/site\/#website"},"primaryImageOfPage":{"@id":"https:\/\/padrejosimo.com.br\/site\/artigos\/artigo-o-coronavirus-e-a-campanha-da-fraternidade\/#primaryimage"},"image":{"@id":"https:\/\/padrejosimo.com.br\/site\/artigos\/artigo-o-coronavirus-e-a-campanha-da-fraternidade\/#primaryimage"},"thumbnailUrl":"https:\/\/padrejosimo.com.br\/site\/wp-content\/uploads\/2020\/04\/67092137_1092397217616677_5316751135388729344_o-1024x898.jpg","datePublished":"2020-04-09T13:58:23+00:00","breadcrumb":{"@id":"https:\/\/padrejosimo.com.br\/site\/artigos\/artigo-o-coronavirus-e-a-campanha-da-fraternidade\/#breadcrumb"},"inLanguage":"pt-BR","potentialAction":[{"@type":"ReadAction","target":["https:\/\/padrejosimo.com.br\/site\/artigos\/artigo-o-coronavirus-e-a-campanha-da-fraternidade\/"]}]},{"@type":"ImageObject","inLanguage":"pt-BR","@id":"https:\/\/padrejosimo.com.br\/site\/artigos\/artigo-o-coronavirus-e-a-campanha-da-fraternidade\/#primaryimage","url":"https:\/\/padrejosimo.com.br\/site\/wp-content\/uploads\/2020\/04\/67092137_1092397217616677_5316751135388729344_o.jpg","contentUrl":"https:\/\/padrejosimo.com.br\/site\/wp-content\/uploads\/2020\/04\/67092137_1092397217616677_5316751135388729344_o.jpg","width":1080,"height":947},{"@type":"BreadcrumbList","@id":"https:\/\/padrejosimo.com.br\/site\/artigos\/artigo-o-coronavirus-e-a-campanha-da-fraternidade\/#breadcrumb","itemListElement":[{"@type":"ListItem","position":1,"name":"In\u00edcio","item":"https:\/\/padrejosimo.com.br\/site\/"},{"@type":"ListItem","position":2,"name":"Artigos","item":"https:\/\/padrejosimo.com.br\/site\/artigos\/"},{"@type":"ListItem","position":3,"name":"Artigo | O Coronav\u00edrus e a Campanha da Fraternidade"}]},{"@type":"WebSite","@id":"https:\/\/padrejosimo.com.br\/site\/#website","url":"https:\/\/padrejosimo.com.br\/site\/","name":"Instituto Cultural Padre Josimo","description":"Comprometida com a promo\u00e7\u00e3o da justi\u00e7a social, agroecologia e educa\u00e7\u00e3o popular","publisher":{"@id":"https:\/\/padrejosimo.com.br\/site\/#organization"},"alternateName":"ICPJ","potentialAction":[{"@type":"SearchAction","target":{"@type":"EntryPoint","urlTemplate":"https:\/\/padrejosimo.com.br\/site\/?s={search_term_string}"},"query-input":{"@type":"PropertyValueSpecification","valueRequired":true,"valueName":"search_term_string"}}],"inLanguage":"pt-BR"},{"@type":"Organization","@id":"https:\/\/padrejosimo.com.br\/site\/#organization","name":"Instituto Cultural Padre Josimo","alternateName":"ICPJ","url":"https:\/\/padrejosimo.com.br\/site\/","logo":{"@type":"ImageObject","inLanguage":"pt-BR","@id":"https:\/\/padrejosimo.com.br\/site\/#\/schema\/logo\/image\/","url":"https:\/\/padrejosimo.com.br\/site\/wp-content\/uploads\/2025\/09\/cropped-icon-icpj.png","contentUrl":"https:\/\/padrejosimo.com.br\/site\/wp-content\/uploads\/2025\/09\/cropped-icon-icpj.png","width":512,"height":512,"caption":"Instituto Cultural Padre Josimo"},"image":{"@id":"https:\/\/padrejosimo.com.br\/site\/#\/schema\/logo\/image\/"}}]}},"_links":{"self":[{"href":"https:\/\/padrejosimo.com.br\/site\/wp-json\/wp\/v2\/artigos\/3022","targetHints":{"allow":["GET"]}}],"collection":[{"href":"https:\/\/padrejosimo.com.br\/site\/wp-json\/wp\/v2\/artigos"}],"about":[{"href":"https:\/\/padrejosimo.com.br\/site\/wp-json\/wp\/v2\/types\/artigos"}],"author":[{"embeddable":true,"href":"https:\/\/padrejosimo.com.br\/site\/wp-json\/wp\/v2\/users\/3"}],"wp:attachment":[{"href":"https:\/\/padrejosimo.com.br\/site\/wp-json\/wp\/v2\/media?parent=3022"}],"curies":[{"name":"wp","href":"https:\/\/api.w.org\/{rel}","templated":true}]}}