{"id":3020,"date":"2020-04-07T10:38:59","date_gmt":"2020-04-07T13:38:59","guid":{"rendered":"https:\/\/padrejosimo.com.br\/site\/?post_type=artigos&#038;p=3020"},"modified":"2020-04-07T10:38:59","modified_gmt":"2020-04-07T13:38:59","slug":"artigo-a-banalidade-do-mal","status":"publish","type":"artigos","link":"https:\/\/padrejosimo.com.br\/site\/artigos\/artigo-a-banalidade-do-mal\/","title":{"rendered":"Artigo | A Banalidade do Mal"},"content":{"rendered":"<p><img fetchpriority=\"high\" decoding=\"async\" class=\" wp-image-3021 alignnone\" src=\"https:\/\/padrejosimo.com.br\/site\/wp-content\/uploads\/2020\/04\/michele.jpg\" alt=\"\" width=\"723\" height=\"502\" srcset=\"https:\/\/padrejosimo.com.br\/site\/wp-content\/uploads\/2020\/04\/michele.jpg 753w, https:\/\/padrejosimo.com.br\/site\/wp-content\/uploads\/2020\/04\/michele-300x208.jpg 300w\" sizes=\"(max-width: 723px) 100vw, 723px\" \/><\/p>\n<p>S\u00e3o tempos sombrios, como diria Hannah Arendt, fil\u00f3sofa alem\u00e3 de origem judia autora de livros com Homens em Tempos Sombrios, Origens do Totalitarismo e Eichmann em Jerusal\u00e9m. Nesta \u00faltima obra ela apresenta a express\u00e3o \u201cbanalidade do mal\u201d, ap\u00f3s acompanhar o julgamento de um nazista pelo Estado de Israel, na cidade de Jerusal\u00e9m, em 1961. Porque depois de alguns meses sem escrever, retorno justamente citando Hannah Arendt?<\/p>\n<p>Aos amigos e amigas que acompanham a Rede Soberania e o Brasil de Fato-RS, e que em algum momento leram algum texto por mim escrito, sabem que escrevo sobre temas espinhosos, temas que passam meu corpo, mente e esp\u00edrito. A escrita \u00e9 em minha vida uma forma de partilhar meus anseios e angustias com aqueles que como eu vivem, trabalham e lutam por uma sociedade mais igualit\u00e1ria e justa onde a equidade seja a medida e o peso de todas as a\u00e7\u00f5es.<\/p>\n<p>Nos \u00faltimos meses s\u00e3o muitas as situa\u00e7\u00f5es extremas que me angustiaram, levando-me a uma tristeza profunda e um quadro de constantes crises de ansiedade, a partir das quais n\u00e3o mais consegui finalizar um texto sequer para publica\u00e7\u00e3o. Mas sem d\u00favida a pandemia do Coronav\u00edrus me provocou uma dor profunda e um medo da finitude nunca antes sentido. Assim, entre o medo provocado pela possibilidade de contrair e ver os que amo contra\u00edrem a Covid-19 e assombrada por milhares de vidas ceifadas pelo mundo por tal enfermidade, acompanho at\u00f4nita o desd\u00e9m de pessoas em rela\u00e7\u00e3o a essa chaga que abala o mundo.<\/p>\n<p>No momento em que escrevo j\u00e1 s\u00e3o contabilizadas mais de 72 mil pessoas mortas pela covid-19 ao redor do mundo. Pessoas que possu\u00edam familiares, amigos e amigas, colegas de trabalho, homens e mulheres que tinham sonhos, projetos. Na sua maioria idosos, mas n\u00e3o s\u00f3 idosos, jovens e adultos tamb\u00e9m est\u00e3o tendo suas vidas ceifadas pela Covid-19. A dor da perda de um ente querido n\u00e3o tem idade&#8230; Meu av\u00f4 faleceu h\u00e1 11 anos, j\u00e1 idoso, v\u00edtima de c\u00e2ncer, e n\u00e3o h\u00e1 um s\u00f3 dia que n\u00e3o recorde seus ensinamentos e n\u00e3o sinta a falta de sua presen\u00e7a f\u00edsica.<\/p>\n<p>A morte \u00e9 um fim natural da vida humana. Finitude natural, mas n\u00e3o por isso pode ser banalizada ou ridicularizada. A morte deve ser consequ\u00eancia de uma vida vivida em plenitude, direito de todas e todos independente de origem, ra\u00e7a, g\u00eanero, idade, situa\u00e7\u00e3o econ\u00f4mica, pol\u00edtica e\/ou social.<\/p>\n<p>Os familiares, amigos e amigas, e pessoas acometidas pelo coronav\u00edrus merecem respeito, sejam elas pr\u00f3ximas a n\u00f3s ou estejam em qualquer parte do mundo. Brincadeiras como a do vereador e pr\u00e9-candidato \u00e0 Prefeitura de Porto Alegre, Valter Nagelstein, onde ironiza o funeral de uma v\u00edtima de coronav\u00edrus, s\u00e3o inaceit\u00e1veis, e n\u00e3o podem ser pass\u00edveis de um m\u00edsero pedido de desculpas. Nagelstein e os familiares gravaram em v\u00eddeo uma encena\u00e7\u00e3o na qual ele tira uma m\u00e1scara do rosto e espirra sobre uma mulher que \u201cmorre\u201d, na sequ\u00eancia, reproduzem uma cena de vel\u00f3rio t\u00edpico de Gana, ao som de m\u00fasica e passos de dan\u00e7a.<\/p>\n<p>A atitude de Nagelstein \u00e9 representa\u00e7\u00e3o do que em um primeiro momento Hannah Arendt chamou de \u201cbanalidade do mal\u201d, onde segundo a fil\u00f3sofa judia o mal n\u00e3o tem ra\u00edzes, n\u00e3o tem profundidade. O mal \u00e9 como um fungo, n\u00e3o tem raiz, nem semente, mas espalha-se sobre uma superf\u00edcie espec\u00edfica: a massa de cidad\u00e3os inaptos para a capacidade de pensar e incapazes de dar significado aos acontecimentos e aos pr\u00f3prios atos. Nagelstein age sem medir consequ\u00eancias, sem pensar, sem refletir, simplesmente age,. Quando percebe o erro, embora n\u00e3o reconhe\u00e7a erro em sua atitude, pede desculpas, e continua sem pensar ou refletir sobre sua conduta.<\/p>\n<p>Assim, vemos perplexos pessoas que admir\u00e1vamos apoiarem atitudes e decis\u00f5es que condenam a mis\u00e9ria e a morte milh\u00f5es de brasileiros e brasileiras, como a PEC 95, conhecida como PEC da morte a qual congelou por 20 anos os gastos p\u00fablicos, incluindo os investimentos no SUS e na produ\u00e7\u00e3o de Ci\u00eancia nas Universidades e Institutos Federais. Congelamento que nos custar\u00e1 sem d\u00favida ainda mais vidas em virtude da Pandemia do Coronav\u00edrus.<\/p>\n<p>A banalidade do mal ampara e estrutura a necropl\u00edtica institucionalizada e apoiada por nossa sociedade, de pensamentos e atitudes ainda escravocratas, e executada pelo governo Bolsonaro, que v\u00ea a pandemia com descaso, incitando de maneira leviana e criminosa as pessoas a desrespeitarem as medidas de isolamento social e irem para as ruas, com hip\u00f3crita desculpa que a economia do pa\u00eds n\u00e3o pode parar, lembrando o velho clamor escravocrata que afirmava \u201ca aboli\u00e7\u00e3o da escravatura ir\u00e1 quebrar o pa\u00eds\u201d. Os s\u00e9culos passam, por\u00e9m, a explora\u00e7\u00e3o de uns poucos sobre a grande massa n\u00e3o cessa.<\/p>\n<p>&nbsp;<\/p>\n<p>*Graduanda em Filosofia na UFPel,\u00a0 Militante da Pastoral da Juventude (PJ) e Movimento dos Pequenos Agricultores (MPA)<\/p>\n<p>&nbsp;<\/p>\n<hr \/>\n<p>Refer\u00eancias:<\/p>\n<p><a href=\"https:\/\/www.sul21.com.br\/ta-na-rede\/2020\/04\/apos-repercussao-nagelstein-se-desculpa-por-video-com-encenacao-de-morte-por-coronavirus\/\">https:\/\/www.sul21.com.br\/ta-na-rede\/2020\/04\/apos-repercussao-nagelstein-se-desculpa-por-video-com-encenacao-de-morte-por-coronavirus\/<\/a><\/p>\n<p>ANDRADE, Marcelo. A banalidade do mal e as possibilidades da educa\u00e7\u00e3o moral: contribui\u00e7\u00f5es arendtianas. Revista Brasileira de Educa\u00e7\u00e3o. vol.15 no.43 Rio de Janeiro Jan.\/Apr. 2010.<\/p>\n<p>Dispon\u00edvel em: <a href=\"http:\/\/www.scielo.br\/scielo.php?script=sci_arttext&amp;pid=S1413-24782010000100008\">http:\/\/www.scielo.br\/scielo.php?script=sci_arttext&amp;pid=S1413-24782010000100008<\/a><\/p>\n","protected":false},"excerpt":{"rendered":"<p>Quando precisamos relembrar Hannah Arendt para compreender o absurdo praticado por Nagelstein.<\/p>\n","protected":false},"author":11,"template":"","class_list":["post-3020","artigos","type-artigos","status-publish","hentry"],"acf":[],"yoast_head":"<!-- This site is optimized with the Yoast SEO plugin v27.2 - https:\/\/yoast.com\/product\/yoast-seo-wordpress\/ -->\n<title>Artigo | A Banalidade do Mal - Instituto Cultural Padre Josimo<\/title>\n<meta name=\"robots\" content=\"index, follow, max-snippet:-1, max-image-preview:large, max-video-preview:-1\" \/>\n<link rel=\"canonical\" href=\"https:\/\/padrejosimo.com.br\/site\/artigos\/artigo-a-banalidade-do-mal\/\" \/>\n<meta property=\"og:locale\" content=\"pt_BR\" \/>\n<meta property=\"og:type\" content=\"article\" \/>\n<meta property=\"og:title\" content=\"Artigo | A Banalidade do Mal - Instituto Cultural Padre Josimo\" \/>\n<meta property=\"og:description\" content=\"Quando precisamos relembrar Hannah Arendt para compreender o absurdo praticado por Nagelstein.\" \/>\n<meta property=\"og:url\" content=\"https:\/\/padrejosimo.com.br\/site\/artigos\/artigo-a-banalidade-do-mal\/\" \/>\n<meta property=\"og:site_name\" content=\"Instituto Cultural Padre Josimo\" \/>\n<meta property=\"og:image\" content=\"https:\/\/padrejosimo.com.br\/site\/wp-content\/uploads\/2020\/04\/michele.jpg\" \/>\n<meta name=\"twitter:card\" content=\"summary_large_image\" \/>\n<meta name=\"twitter:label1\" content=\"Est. tempo de leitura\" \/>\n\t<meta name=\"twitter:data1\" content=\"5 minutos\" \/>\n<script type=\"application\/ld+json\" class=\"yoast-schema-graph\">{\"@context\":\"https:\/\/schema.org\",\"@graph\":[{\"@type\":\"WebPage\",\"@id\":\"https:\/\/padrejosimo.com.br\/site\/artigos\/artigo-a-banalidade-do-mal\/\",\"url\":\"https:\/\/padrejosimo.com.br\/site\/artigos\/artigo-a-banalidade-do-mal\/\",\"name\":\"Artigo | A Banalidade do Mal - Instituto Cultural Padre Josimo\",\"isPartOf\":{\"@id\":\"https:\/\/padrejosimo.com.br\/site\/#website\"},\"primaryImageOfPage\":{\"@id\":\"https:\/\/padrejosimo.com.br\/site\/artigos\/artigo-a-banalidade-do-mal\/#primaryimage\"},\"image\":{\"@id\":\"https:\/\/padrejosimo.com.br\/site\/artigos\/artigo-a-banalidade-do-mal\/#primaryimage\"},\"thumbnailUrl\":\"https:\/\/padrejosimo.com.br\/site\/wp-content\/uploads\/2020\/04\/michele.jpg\",\"datePublished\":\"2020-04-07T13:38:59+00:00\",\"breadcrumb\":{\"@id\":\"https:\/\/padrejosimo.com.br\/site\/artigos\/artigo-a-banalidade-do-mal\/#breadcrumb\"},\"inLanguage\":\"pt-BR\",\"potentialAction\":[{\"@type\":\"ReadAction\",\"target\":[\"https:\/\/padrejosimo.com.br\/site\/artigos\/artigo-a-banalidade-do-mal\/\"]}]},{\"@type\":\"ImageObject\",\"inLanguage\":\"pt-BR\",\"@id\":\"https:\/\/padrejosimo.com.br\/site\/artigos\/artigo-a-banalidade-do-mal\/#primaryimage\",\"url\":\"https:\/\/padrejosimo.com.br\/site\/wp-content\/uploads\/2020\/04\/michele.jpg\",\"contentUrl\":\"https:\/\/padrejosimo.com.br\/site\/wp-content\/uploads\/2020\/04\/michele.jpg\",\"width\":753,\"height\":523},{\"@type\":\"BreadcrumbList\",\"@id\":\"https:\/\/padrejosimo.com.br\/site\/artigos\/artigo-a-banalidade-do-mal\/#breadcrumb\",\"itemListElement\":[{\"@type\":\"ListItem\",\"position\":1,\"name\":\"In\u00edcio\",\"item\":\"https:\/\/padrejosimo.com.br\/site\/\"},{\"@type\":\"ListItem\",\"position\":2,\"name\":\"Artigos\",\"item\":\"https:\/\/padrejosimo.com.br\/site\/artigos\/\"},{\"@type\":\"ListItem\",\"position\":3,\"name\":\"Artigo | A Banalidade do Mal\"}]},{\"@type\":\"WebSite\",\"@id\":\"https:\/\/padrejosimo.com.br\/site\/#website\",\"url\":\"https:\/\/padrejosimo.com.br\/site\/\",\"name\":\"Instituto Cultural Padre Josimo\",\"description\":\"Comprometida com a promo\u00e7\u00e3o da justi\u00e7a social, agroecologia e educa\u00e7\u00e3o popular\",\"publisher\":{\"@id\":\"https:\/\/padrejosimo.com.br\/site\/#organization\"},\"alternateName\":\"ICPJ\",\"potentialAction\":[{\"@type\":\"SearchAction\",\"target\":{\"@type\":\"EntryPoint\",\"urlTemplate\":\"https:\/\/padrejosimo.com.br\/site\/?s={search_term_string}\"},\"query-input\":{\"@type\":\"PropertyValueSpecification\",\"valueRequired\":true,\"valueName\":\"search_term_string\"}}],\"inLanguage\":\"pt-BR\"},{\"@type\":\"Organization\",\"@id\":\"https:\/\/padrejosimo.com.br\/site\/#organization\",\"name\":\"Instituto Cultural Padre Josimo\",\"alternateName\":\"ICPJ\",\"url\":\"https:\/\/padrejosimo.com.br\/site\/\",\"logo\":{\"@type\":\"ImageObject\",\"inLanguage\":\"pt-BR\",\"@id\":\"https:\/\/padrejosimo.com.br\/site\/#\/schema\/logo\/image\/\",\"url\":\"https:\/\/padrejosimo.com.br\/site\/wp-content\/uploads\/2025\/09\/cropped-icon-icpj.png\",\"contentUrl\":\"https:\/\/padrejosimo.com.br\/site\/wp-content\/uploads\/2025\/09\/cropped-icon-icpj.png\",\"width\":512,\"height\":512,\"caption\":\"Instituto Cultural Padre Josimo\"},\"image\":{\"@id\":\"https:\/\/padrejosimo.com.br\/site\/#\/schema\/logo\/image\/\"}}]}<\/script>\n<!-- \/ Yoast SEO plugin. -->","yoast_head_json":{"title":"Artigo | A Banalidade do Mal - Instituto Cultural Padre Josimo","robots":{"index":"index","follow":"follow","max-snippet":"max-snippet:-1","max-image-preview":"max-image-preview:large","max-video-preview":"max-video-preview:-1"},"canonical":"https:\/\/padrejosimo.com.br\/site\/artigos\/artigo-a-banalidade-do-mal\/","og_locale":"pt_BR","og_type":"article","og_title":"Artigo | A Banalidade do Mal - Instituto Cultural Padre Josimo","og_description":"Quando precisamos relembrar Hannah Arendt para compreender o absurdo praticado por Nagelstein.","og_url":"https:\/\/padrejosimo.com.br\/site\/artigos\/artigo-a-banalidade-do-mal\/","og_site_name":"Instituto Cultural Padre Josimo","og_image":[{"url":"https:\/\/padrejosimo.com.br\/site\/wp-content\/uploads\/2020\/04\/michele.jpg","type":"","width":"","height":""}],"twitter_card":"summary_large_image","twitter_misc":{"Est. tempo de leitura":"5 minutos"},"schema":{"@context":"https:\/\/schema.org","@graph":[{"@type":"WebPage","@id":"https:\/\/padrejosimo.com.br\/site\/artigos\/artigo-a-banalidade-do-mal\/","url":"https:\/\/padrejosimo.com.br\/site\/artigos\/artigo-a-banalidade-do-mal\/","name":"Artigo | A Banalidade do Mal - Instituto Cultural Padre Josimo","isPartOf":{"@id":"https:\/\/padrejosimo.com.br\/site\/#website"},"primaryImageOfPage":{"@id":"https:\/\/padrejosimo.com.br\/site\/artigos\/artigo-a-banalidade-do-mal\/#primaryimage"},"image":{"@id":"https:\/\/padrejosimo.com.br\/site\/artigos\/artigo-a-banalidade-do-mal\/#primaryimage"},"thumbnailUrl":"https:\/\/padrejosimo.com.br\/site\/wp-content\/uploads\/2020\/04\/michele.jpg","datePublished":"2020-04-07T13:38:59+00:00","breadcrumb":{"@id":"https:\/\/padrejosimo.com.br\/site\/artigos\/artigo-a-banalidade-do-mal\/#breadcrumb"},"inLanguage":"pt-BR","potentialAction":[{"@type":"ReadAction","target":["https:\/\/padrejosimo.com.br\/site\/artigos\/artigo-a-banalidade-do-mal\/"]}]},{"@type":"ImageObject","inLanguage":"pt-BR","@id":"https:\/\/padrejosimo.com.br\/site\/artigos\/artigo-a-banalidade-do-mal\/#primaryimage","url":"https:\/\/padrejosimo.com.br\/site\/wp-content\/uploads\/2020\/04\/michele.jpg","contentUrl":"https:\/\/padrejosimo.com.br\/site\/wp-content\/uploads\/2020\/04\/michele.jpg","width":753,"height":523},{"@type":"BreadcrumbList","@id":"https:\/\/padrejosimo.com.br\/site\/artigos\/artigo-a-banalidade-do-mal\/#breadcrumb","itemListElement":[{"@type":"ListItem","position":1,"name":"In\u00edcio","item":"https:\/\/padrejosimo.com.br\/site\/"},{"@type":"ListItem","position":2,"name":"Artigos","item":"https:\/\/padrejosimo.com.br\/site\/artigos\/"},{"@type":"ListItem","position":3,"name":"Artigo | A Banalidade do Mal"}]},{"@type":"WebSite","@id":"https:\/\/padrejosimo.com.br\/site\/#website","url":"https:\/\/padrejosimo.com.br\/site\/","name":"Instituto Cultural Padre Josimo","description":"Comprometida com a promo\u00e7\u00e3o da justi\u00e7a social, agroecologia e educa\u00e7\u00e3o popular","publisher":{"@id":"https:\/\/padrejosimo.com.br\/site\/#organization"},"alternateName":"ICPJ","potentialAction":[{"@type":"SearchAction","target":{"@type":"EntryPoint","urlTemplate":"https:\/\/padrejosimo.com.br\/site\/?s={search_term_string}"},"query-input":{"@type":"PropertyValueSpecification","valueRequired":true,"valueName":"search_term_string"}}],"inLanguage":"pt-BR"},{"@type":"Organization","@id":"https:\/\/padrejosimo.com.br\/site\/#organization","name":"Instituto Cultural Padre Josimo","alternateName":"ICPJ","url":"https:\/\/padrejosimo.com.br\/site\/","logo":{"@type":"ImageObject","inLanguage":"pt-BR","@id":"https:\/\/padrejosimo.com.br\/site\/#\/schema\/logo\/image\/","url":"https:\/\/padrejosimo.com.br\/site\/wp-content\/uploads\/2025\/09\/cropped-icon-icpj.png","contentUrl":"https:\/\/padrejosimo.com.br\/site\/wp-content\/uploads\/2025\/09\/cropped-icon-icpj.png","width":512,"height":512,"caption":"Instituto Cultural Padre Josimo"},"image":{"@id":"https:\/\/padrejosimo.com.br\/site\/#\/schema\/logo\/image\/"}}]}},"_links":{"self":[{"href":"https:\/\/padrejosimo.com.br\/site\/wp-json\/wp\/v2\/artigos\/3020","targetHints":{"allow":["GET"]}}],"collection":[{"href":"https:\/\/padrejosimo.com.br\/site\/wp-json\/wp\/v2\/artigos"}],"about":[{"href":"https:\/\/padrejosimo.com.br\/site\/wp-json\/wp\/v2\/types\/artigos"}],"author":[{"embeddable":true,"href":"https:\/\/padrejosimo.com.br\/site\/wp-json\/wp\/v2\/users\/11"}],"wp:attachment":[{"href":"https:\/\/padrejosimo.com.br\/site\/wp-json\/wp\/v2\/media?parent=3020"}],"curies":[{"name":"wp","href":"https:\/\/api.w.org\/{rel}","templated":true}]}}