{"id":3018,"date":"2020-04-07T09:22:44","date_gmt":"2020-04-07T12:22:44","guid":{"rendered":"https:\/\/padrejosimo.com.br\/site\/?post_type=artigos&#038;p=3018"},"modified":"2020-04-07T09:22:44","modified_gmt":"2020-04-07T12:22:44","slug":"artigo-o-que-nao-se-ve-no-governo-bolsonaro","status":"publish","type":"artigos","link":"https:\/\/padrejosimo.com.br\/site\/artigos\/artigo-o-que-nao-se-ve-no-governo-bolsonaro\/","title":{"rendered":"Artigo | O que n\u00e3o se v\u00ea no governo Bolsonaro"},"content":{"rendered":"<blockquote>\n<p><em><strong>Alceu van der Sand<\/strong><\/em><\/p>\n<\/blockquote>\n<p><img fetchpriority=\"high\" decoding=\"async\" class=\"size-full wp-image-3019 alignnone\" src=\"https:\/\/padrejosimo.com.br\/site\/wp-content\/uploads\/2020\/04\/fome-universal-02102018143402167.jpeg\" alt=\"\" width=\"660\" height=\"360\" srcset=\"https:\/\/padrejosimo.com.br\/site\/wp-content\/uploads\/2020\/04\/fome-universal-02102018143402167.jpeg 660w, https:\/\/padrejosimo.com.br\/site\/wp-content\/uploads\/2020\/04\/fome-universal-02102018143402167-300x164.jpeg 300w\" sizes=\"(max-width: 660px) 100vw, 660px\" \/><\/p>\n<p>Na pol\u00edtica, governantes gostam muito de tra\u00e7ar analogias com os processos de gest\u00e3o e o mais popular dos nossos esportes, o futebol. Falam em time unido, cada um cumprindo sua fun\u00e7\u00e3o e o t\u00e9cnico com o comando da equipe.<\/p>\n<p>Este n\u00e3o parece ser o caso do governo Bolsonaro. Para uma reflex\u00e3o simples, tomemos a produ\u00e7\u00e3o de alimentos em tempos de pandemia. Enfim, o Minist\u00e9rio da Agricultura parece ser um jogador importante do time. At\u00e9 o presente momento n\u00e3o ouvi, ou li, nenhuma palavra sobre <strong>seguran\u00e7a alimentar<\/strong>.\u00a0 Nem do minist\u00e9rio da agricultura, da casa civil ou mesmo do homem que faz jejum. Dele n\u00e3o j\u00e1 n\u00e3o se esperava. Com grande grau de certeza nem, sabe o que \u00e9 isso.<\/p>\n<p>\u00a0Tomo como exemplo inicial o Trigo. Cereal que desde os tempos b\u00edblicos \u00e9 sin\u00f4nimo de combate \u00e0 fome. O Rio Grande do Sul \u00e9 o estado da federa\u00e7\u00e3o que tem a maior aptid\u00e3o para o cultivo de trigo. Temos tecnologia, temos produtores que sabem faze-lo. Estamos em meio a uma seca que causou e vem causando enormes preju\u00edzos e dificuldades de abastecimento. O cultivo de trigo poderia ser uma alternativa para a cultura de inverno. Importamos imensas quantidades de trigo, a pre\u00e7os de d\u00f3lar valorizado.<\/p>\n<p>Que tal, que de forma emergencial o governo lan\u00e7asse uma pol\u00edtica de incentivo ao cultivo do produto. At\u00e9 os pombos que habitam os nossos armaz\u00e9ns conhecem as alternativas que podem ser tomadas. A pol\u00edtica de incentivo ao trigo tem uma longa hist\u00f3ria de erros acertos no Brasil. Mas n\u00e3o, nada se fala, e pior, se faz. Mas por favor, que se distribuam sementes aos nossos pequenos agricultores para que tenham o seu pr\u00f3prio produto. Na pior das hip\u00f3teses, se a qualidade for ruim, temos como alimentar os animais. Afinal, milho n\u00e3o colhemos.<\/p>\n<p>A mesma quest\u00e3o passa pelo leite. Estamos ingressando na entressafra, a seca judiando os produtores. A Europa pode nos ensinar anos de pol\u00edticas de apoio a produ\u00e7\u00e3o leiteira. N\u00e3o se ouve, n\u00e3o l\u00ea nada a respeito.<\/p>\n<p>Incr\u00edvel, mas no ano que passou importamos 150 mil toneladas de feij\u00e3o da China e da Argentina.\u00a0 Existe produto mais t\u00edpico da agricultura familiar do que o feij\u00e3o? Vamos seguir a merc\u00ea do tal mercado? Nenhuma palavra se ouve.<\/p>\n<p>Qual \u00e9 o problema de subsidiarmos a produ\u00e7\u00e3o de alimentos? Pode ser que seja uma heresia liberal. Pachamama (aqui entendida como m\u00e3e terra) h\u00e1 s\u00e9culos vem nos avisando que os cuidados para com ela passam por cuidados da na\u00e7\u00e3o e dos seus. N\u00e3o passa pelo tal mercado.<\/p>\n<p>O que nos espera \u00e9 uma crise econ\u00f4mica que traz no seu bojo a fome. O que infelizmente ser\u00e1 a sua faceta mais cruel. E o governo? Que governo? Uns culpam, a China, outros fazem jejum. Tem um que n\u00e3o faz jejum porque n\u00e3o sabe se a palavra se escreve com \u201cg\u201d ou com \u201cj\u201d. Triste.\u00a0\u00a0<\/p>\n","protected":false},"excerpt":{"rendered":"<p>O que nos espera \u00e9 uma crise econ\u00f4mica que traz no seu bojo a fome. O que infelizmente ser\u00e1 a sua faceta mais cruel. E o governo? Que governo?<\/p>\n","protected":false},"author":21,"template":"","class_list":["post-3018","artigos","type-artigos","status-publish","hentry"],"acf":[],"yoast_head":"<!-- This site is optimized with the Yoast SEO plugin v27.2 - https:\/\/yoast.com\/product\/yoast-seo-wordpress\/ -->\n<title>Artigo | O que n\u00e3o se v\u00ea no governo Bolsonaro - Instituto Cultural Padre Josimo<\/title>\n<meta name=\"robots\" content=\"index, follow, max-snippet:-1, max-image-preview:large, max-video-preview:-1\" \/>\n<link rel=\"canonical\" href=\"https:\/\/padrejosimo.com.br\/site\/artigos\/artigo-o-que-nao-se-ve-no-governo-bolsonaro\/\" \/>\n<meta property=\"og:locale\" content=\"pt_BR\" \/>\n<meta property=\"og:type\" content=\"article\" \/>\n<meta property=\"og:title\" content=\"Artigo | O que n\u00e3o se v\u00ea no governo Bolsonaro - Instituto Cultural Padre Josimo\" \/>\n<meta property=\"og:description\" content=\"O que nos espera \u00e9 uma crise econ\u00f4mica que traz no seu bojo a fome. O que infelizmente ser\u00e1 a sua faceta mais cruel. E o governo? Que governo?\" \/>\n<meta property=\"og:url\" content=\"https:\/\/padrejosimo.com.br\/site\/artigos\/artigo-o-que-nao-se-ve-no-governo-bolsonaro\/\" \/>\n<meta property=\"og:site_name\" content=\"Instituto Cultural Padre Josimo\" \/>\n<meta property=\"og:image\" content=\"https:\/\/padrejosimo.com.br\/site\/wp-content\/uploads\/2020\/04\/fome-universal-02102018143402167.jpeg\" \/>\n<meta name=\"twitter:card\" content=\"summary_large_image\" \/>\n<meta name=\"twitter:label1\" content=\"Est. tempo de leitura\" \/>\n\t<meta name=\"twitter:data1\" content=\"3 minutos\" \/>\n<script type=\"application\/ld+json\" class=\"yoast-schema-graph\">{\"@context\":\"https:\/\/schema.org\",\"@graph\":[{\"@type\":\"WebPage\",\"@id\":\"https:\/\/padrejosimo.com.br\/site\/artigos\/artigo-o-que-nao-se-ve-no-governo-bolsonaro\/\",\"url\":\"https:\/\/padrejosimo.com.br\/site\/artigos\/artigo-o-que-nao-se-ve-no-governo-bolsonaro\/\",\"name\":\"Artigo | O que n\u00e3o se v\u00ea no governo Bolsonaro - Instituto Cultural Padre Josimo\",\"isPartOf\":{\"@id\":\"https:\/\/padrejosimo.com.br\/site\/#website\"},\"primaryImageOfPage\":{\"@id\":\"https:\/\/padrejosimo.com.br\/site\/artigos\/artigo-o-que-nao-se-ve-no-governo-bolsonaro\/#primaryimage\"},\"image\":{\"@id\":\"https:\/\/padrejosimo.com.br\/site\/artigos\/artigo-o-que-nao-se-ve-no-governo-bolsonaro\/#primaryimage\"},\"thumbnailUrl\":\"https:\/\/padrejosimo.com.br\/site\/wp-content\/uploads\/2020\/04\/fome-universal-02102018143402167.jpeg\",\"datePublished\":\"2020-04-07T12:22:44+00:00\",\"breadcrumb\":{\"@id\":\"https:\/\/padrejosimo.com.br\/site\/artigos\/artigo-o-que-nao-se-ve-no-governo-bolsonaro\/#breadcrumb\"},\"inLanguage\":\"pt-BR\",\"potentialAction\":[{\"@type\":\"ReadAction\",\"target\":[\"https:\/\/padrejosimo.com.br\/site\/artigos\/artigo-o-que-nao-se-ve-no-governo-bolsonaro\/\"]}]},{\"@type\":\"ImageObject\",\"inLanguage\":\"pt-BR\",\"@id\":\"https:\/\/padrejosimo.com.br\/site\/artigos\/artigo-o-que-nao-se-ve-no-governo-bolsonaro\/#primaryimage\",\"url\":\"https:\/\/padrejosimo.com.br\/site\/wp-content\/uploads\/2020\/04\/fome-universal-02102018143402167.jpeg\",\"contentUrl\":\"https:\/\/padrejosimo.com.br\/site\/wp-content\/uploads\/2020\/04\/fome-universal-02102018143402167.jpeg\",\"width\":660,\"height\":360},{\"@type\":\"BreadcrumbList\",\"@id\":\"https:\/\/padrejosimo.com.br\/site\/artigos\/artigo-o-que-nao-se-ve-no-governo-bolsonaro\/#breadcrumb\",\"itemListElement\":[{\"@type\":\"ListItem\",\"position\":1,\"name\":\"In\u00edcio\",\"item\":\"https:\/\/padrejosimo.com.br\/site\/\"},{\"@type\":\"ListItem\",\"position\":2,\"name\":\"Artigos\",\"item\":\"https:\/\/padrejosimo.com.br\/site\/artigos\/\"},{\"@type\":\"ListItem\",\"position\":3,\"name\":\"Artigo | O que n\u00e3o se v\u00ea no governo Bolsonaro\"}]},{\"@type\":\"WebSite\",\"@id\":\"https:\/\/padrejosimo.com.br\/site\/#website\",\"url\":\"https:\/\/padrejosimo.com.br\/site\/\",\"name\":\"Instituto Cultural Padre Josimo\",\"description\":\"Comprometida com a promo\u00e7\u00e3o da justi\u00e7a social, agroecologia e educa\u00e7\u00e3o popular\",\"publisher\":{\"@id\":\"https:\/\/padrejosimo.com.br\/site\/#organization\"},\"alternateName\":\"ICPJ\",\"potentialAction\":[{\"@type\":\"SearchAction\",\"target\":{\"@type\":\"EntryPoint\",\"urlTemplate\":\"https:\/\/padrejosimo.com.br\/site\/?s={search_term_string}\"},\"query-input\":{\"@type\":\"PropertyValueSpecification\",\"valueRequired\":true,\"valueName\":\"search_term_string\"}}],\"inLanguage\":\"pt-BR\"},{\"@type\":\"Organization\",\"@id\":\"https:\/\/padrejosimo.com.br\/site\/#organization\",\"name\":\"Instituto Cultural Padre Josimo\",\"alternateName\":\"ICPJ\",\"url\":\"https:\/\/padrejosimo.com.br\/site\/\",\"logo\":{\"@type\":\"ImageObject\",\"inLanguage\":\"pt-BR\",\"@id\":\"https:\/\/padrejosimo.com.br\/site\/#\/schema\/logo\/image\/\",\"url\":\"https:\/\/padrejosimo.com.br\/site\/wp-content\/uploads\/2025\/09\/cropped-icon-icpj.png\",\"contentUrl\":\"https:\/\/padrejosimo.com.br\/site\/wp-content\/uploads\/2025\/09\/cropped-icon-icpj.png\",\"width\":512,\"height\":512,\"caption\":\"Instituto Cultural Padre Josimo\"},\"image\":{\"@id\":\"https:\/\/padrejosimo.com.br\/site\/#\/schema\/logo\/image\/\"}}]}<\/script>\n<!-- \/ Yoast SEO plugin. -->","yoast_head_json":{"title":"Artigo | O que n\u00e3o se v\u00ea no governo Bolsonaro - Instituto Cultural Padre Josimo","robots":{"index":"index","follow":"follow","max-snippet":"max-snippet:-1","max-image-preview":"max-image-preview:large","max-video-preview":"max-video-preview:-1"},"canonical":"https:\/\/padrejosimo.com.br\/site\/artigos\/artigo-o-que-nao-se-ve-no-governo-bolsonaro\/","og_locale":"pt_BR","og_type":"article","og_title":"Artigo | O que n\u00e3o se v\u00ea no governo Bolsonaro - Instituto Cultural Padre Josimo","og_description":"O que nos espera \u00e9 uma crise econ\u00f4mica que traz no seu bojo a fome. O que infelizmente ser\u00e1 a sua faceta mais cruel. E o governo? Que governo?","og_url":"https:\/\/padrejosimo.com.br\/site\/artigos\/artigo-o-que-nao-se-ve-no-governo-bolsonaro\/","og_site_name":"Instituto Cultural Padre Josimo","og_image":[{"url":"https:\/\/padrejosimo.com.br\/site\/wp-content\/uploads\/2020\/04\/fome-universal-02102018143402167.jpeg","type":"","width":"","height":""}],"twitter_card":"summary_large_image","twitter_misc":{"Est. tempo de leitura":"3 minutos"},"schema":{"@context":"https:\/\/schema.org","@graph":[{"@type":"WebPage","@id":"https:\/\/padrejosimo.com.br\/site\/artigos\/artigo-o-que-nao-se-ve-no-governo-bolsonaro\/","url":"https:\/\/padrejosimo.com.br\/site\/artigos\/artigo-o-que-nao-se-ve-no-governo-bolsonaro\/","name":"Artigo | O que n\u00e3o se v\u00ea no governo Bolsonaro - Instituto Cultural Padre Josimo","isPartOf":{"@id":"https:\/\/padrejosimo.com.br\/site\/#website"},"primaryImageOfPage":{"@id":"https:\/\/padrejosimo.com.br\/site\/artigos\/artigo-o-que-nao-se-ve-no-governo-bolsonaro\/#primaryimage"},"image":{"@id":"https:\/\/padrejosimo.com.br\/site\/artigos\/artigo-o-que-nao-se-ve-no-governo-bolsonaro\/#primaryimage"},"thumbnailUrl":"https:\/\/padrejosimo.com.br\/site\/wp-content\/uploads\/2020\/04\/fome-universal-02102018143402167.jpeg","datePublished":"2020-04-07T12:22:44+00:00","breadcrumb":{"@id":"https:\/\/padrejosimo.com.br\/site\/artigos\/artigo-o-que-nao-se-ve-no-governo-bolsonaro\/#breadcrumb"},"inLanguage":"pt-BR","potentialAction":[{"@type":"ReadAction","target":["https:\/\/padrejosimo.com.br\/site\/artigos\/artigo-o-que-nao-se-ve-no-governo-bolsonaro\/"]}]},{"@type":"ImageObject","inLanguage":"pt-BR","@id":"https:\/\/padrejosimo.com.br\/site\/artigos\/artigo-o-que-nao-se-ve-no-governo-bolsonaro\/#primaryimage","url":"https:\/\/padrejosimo.com.br\/site\/wp-content\/uploads\/2020\/04\/fome-universal-02102018143402167.jpeg","contentUrl":"https:\/\/padrejosimo.com.br\/site\/wp-content\/uploads\/2020\/04\/fome-universal-02102018143402167.jpeg","width":660,"height":360},{"@type":"BreadcrumbList","@id":"https:\/\/padrejosimo.com.br\/site\/artigos\/artigo-o-que-nao-se-ve-no-governo-bolsonaro\/#breadcrumb","itemListElement":[{"@type":"ListItem","position":1,"name":"In\u00edcio","item":"https:\/\/padrejosimo.com.br\/site\/"},{"@type":"ListItem","position":2,"name":"Artigos","item":"https:\/\/padrejosimo.com.br\/site\/artigos\/"},{"@type":"ListItem","position":3,"name":"Artigo | O que n\u00e3o se v\u00ea no governo Bolsonaro"}]},{"@type":"WebSite","@id":"https:\/\/padrejosimo.com.br\/site\/#website","url":"https:\/\/padrejosimo.com.br\/site\/","name":"Instituto Cultural Padre Josimo","description":"Comprometida com a promo\u00e7\u00e3o da justi\u00e7a social, agroecologia e educa\u00e7\u00e3o popular","publisher":{"@id":"https:\/\/padrejosimo.com.br\/site\/#organization"},"alternateName":"ICPJ","potentialAction":[{"@type":"SearchAction","target":{"@type":"EntryPoint","urlTemplate":"https:\/\/padrejosimo.com.br\/site\/?s={search_term_string}"},"query-input":{"@type":"PropertyValueSpecification","valueRequired":true,"valueName":"search_term_string"}}],"inLanguage":"pt-BR"},{"@type":"Organization","@id":"https:\/\/padrejosimo.com.br\/site\/#organization","name":"Instituto Cultural Padre Josimo","alternateName":"ICPJ","url":"https:\/\/padrejosimo.com.br\/site\/","logo":{"@type":"ImageObject","inLanguage":"pt-BR","@id":"https:\/\/padrejosimo.com.br\/site\/#\/schema\/logo\/image\/","url":"https:\/\/padrejosimo.com.br\/site\/wp-content\/uploads\/2025\/09\/cropped-icon-icpj.png","contentUrl":"https:\/\/padrejosimo.com.br\/site\/wp-content\/uploads\/2025\/09\/cropped-icon-icpj.png","width":512,"height":512,"caption":"Instituto Cultural Padre Josimo"},"image":{"@id":"https:\/\/padrejosimo.com.br\/site\/#\/schema\/logo\/image\/"}}]}},"_links":{"self":[{"href":"https:\/\/padrejosimo.com.br\/site\/wp-json\/wp\/v2\/artigos\/3018","targetHints":{"allow":["GET"]}}],"collection":[{"href":"https:\/\/padrejosimo.com.br\/site\/wp-json\/wp\/v2\/artigos"}],"about":[{"href":"https:\/\/padrejosimo.com.br\/site\/wp-json\/wp\/v2\/types\/artigos"}],"author":[{"embeddable":true,"href":"https:\/\/padrejosimo.com.br\/site\/wp-json\/wp\/v2\/users\/21"}],"wp:attachment":[{"href":"https:\/\/padrejosimo.com.br\/site\/wp-json\/wp\/v2\/media?parent=3018"}],"curies":[{"name":"wp","href":"https:\/\/api.w.org\/{rel}","templated":true}]}}