{"id":2981,"date":"2020-03-24T11:44:21","date_gmt":"2020-03-24T14:44:21","guid":{"rendered":"https:\/\/padrejosimo.com.br\/site\/?post_type=artigos&#038;p=2981"},"modified":"2020-03-24T11:44:21","modified_gmt":"2020-03-24T14:44:21","slug":"calma-deixa-me-ver-tua-alma","status":"publish","type":"artigos","link":"https:\/\/padrejosimo.com.br\/site\/artigos\/calma-deixa-me-ver-tua-alma\/","title":{"rendered":"Calma&#8230; deixa-me ver tua alma!"},"content":{"rendered":"<p><em><strong>Frei Vanildo Luiz Zugno OFMCap<\/strong><\/em><strong><br \/>\n<\/strong><\/p>\n<p><img fetchpriority=\"high\" decoding=\"async\" class=\"wp-image-2982 alignnone\" src=\"https:\/\/padrejosimo.com.br\/site\/wp-content\/uploads\/2020\/03\/371_dulce-jpg-1024x674.jpg\" alt=\"\" width=\"721\" height=\"474\" srcset=\"https:\/\/padrejosimo.com.br\/site\/wp-content\/uploads\/2020\/03\/371_dulce-jpg-1024x674.jpg 1024w, https:\/\/padrejosimo.com.br\/site\/wp-content\/uploads\/2020\/03\/371_dulce-jpg-300x197.jpg 300w, https:\/\/padrejosimo.com.br\/site\/wp-content\/uploads\/2020\/03\/371_dulce-jpg-768x505.jpg 768w, https:\/\/padrejosimo.com.br\/site\/wp-content\/uploads\/2020\/03\/371_dulce-jpg-1536x1010.jpg 1536w, https:\/\/padrejosimo.com.br\/site\/wp-content\/uploads\/2020\/03\/371_dulce-jpg.jpg 1920w\" sizes=\"(max-width: 721px) 100vw, 721px\" \/><\/p>\n<p>A atual pandemia do Covid19 \u00e9 um momento de dor e sofrimento para toda a humanidade. Principalmente para os pa\u00edses, cidades, comunidades, fam\u00edlias e pessoas atingidas. Para os que morrem e para os que ficam chorando seus mortos.<\/p>\n<p>\u00c9 ocasi\u00e3o para a solidariedade e compaix\u00e3o que, devido \u00e0s caracter\u00edsticas de transmiss\u00e3o do Coronav\u00edrus, tem sua melhor express\u00e3o no isolamento social. Quanto menos contato f\u00edsico com as pessoas, mais as estamos ajudando!<\/p>\n<p>\u00c9 uma pandemia que nos obriga \u00e0 solid\u00e3o, ao sil\u00eancio e \u00e0 reflex\u00e3o. H\u00e1bitos esquecidos e at\u00e9 desprezados na sociedade da hiperconex\u00e3o e da intera\u00e7\u00e3o. Da dificuldade de introspec\u00e7\u00e3o de uma cultura voltada para a autoimagem projetada, nascem dois sentimentos aparentemente opostos: a agress\u00e3o e a depress\u00e3o.<\/p>\n<p>Nas redes sociais vemos amigos e amigas virtuais expressar a incapacidade de estar consigo mesmos atrav\u00e9s da agress\u00e3o a toda e qualquer pessoa que sente, pensa e comunica diferente do que eles gostariam. \u00c9 a tenta\u00e7\u00e3o da alma vazia, do esp\u00edrito incapaz de encontrar-se consigo mesmo, do medo de se olhar no espelho interior e se deparar com o <em>horror vacui <\/em>da pr\u00f3pria exist\u00eancia. Vazio que se projeta agressivamente sobre os outros tentando destruir neles o que n\u00e3o quer apagar de si mesmo.<\/p>\n<p>Por outro lado est\u00e1 a tenta\u00e7\u00e3o de preencher o vazio de sentido da exist\u00eancia atrav\u00e9s do consumo de coisas desnecess\u00e1rias. Horas e horas de shopping, de cinema, de teatro, de restaurantes, de s\u00e9ries televisivas, novelas, viagens e tantas outras coisas mais, com a \u00fanica finalidade de empanturrar o interior de bens. \u00c9 o acumulador t\u00edpico do mercado capitalista. Ele morre sufocado pelos objetos dos quais n\u00e3o necessita. Agora que a pandemia do Covid19 o impede de consumir, padece o <em>delirium tremens<\/em> do consumismo e corre o risco da implos\u00e3o depressiva.<\/p>\n<p>A Covid19 \u00e9 uma doen\u00e7a f\u00edsica grave. N\u00e3o \u00e9 uma gripezinha qualquer. Ela mata. Mais de 15 mil pessoas j\u00e1 perderam a vida. Infelizmente, muitas outras a perder\u00e3o. A humanidade demorar\u00e1 anos, talvez d\u00e9cadas, para refazer-se.<\/p>\n<p>Mas a Covi19 tamb\u00e9m revela uma doen\u00e7a da alma. De uma humanidade que coloca a economia acima da vida das pessoas e da vida dos outros seres que habitam o mesmo sistema Terra.<\/p>\n<p>\u00c9 importante que se fa\u00e7a tudo o que \u00e9 poss\u00edvel para impedir o avan\u00e7o da pandemia. \u00c9 importante que se descubra logo um tratamento para os j\u00e1 infectados. Todos os esfor\u00e7os devem ser envidados nesta dire\u00e7\u00e3o e sem tergiversa\u00e7\u00e3o e atitudes diversionistas, seja por parte dos cidad\u00e3os como dos governantes.<\/p>\n<p>Mas \u00e9 importante que saiamos desta pandemia com uma alma nova, com a capacidade de olhar para dentro de n\u00f3s mesmos e percebermos que n\u00e3o podemos transformar nossas vidas, a vida da humanidade e do Planeta Terra em uma sepultura onde jazem os restos das pessoas que amamos.<\/p>\n<p>Para os que creem na Ressurrei\u00e7\u00e3o, n\u00e3o h\u00e1 quarto dia. L\u00e1zaro est\u00e1 vivo e pode, sim, sair do t\u00famulo e iniciar uma vida nova. E todos n\u00f3s somos, nesta pandemia da Covid19, novos L\u00e1zaros necessitando sair do t\u00famulo da alma vazia.<\/p>\n","protected":false},"excerpt":{"rendered":"<p>A Covid19 \u00e9 uma doen\u00e7a f\u00edsica grave. Mas a Covid19 tamb\u00e9m revela uma doen\u00e7a da alma. De uma humanidade que coloca a economia acima da vida das pessoas e da vida dos outros seres que habitam o mesmo sistema Terra.<\/p>\n","protected":false},"author":20,"template":"","class_list":["post-2981","artigos","type-artigos","status-publish","hentry"],"acf":[],"yoast_head":"<!-- This site is optimized with the Yoast SEO plugin v27.2 - https:\/\/yoast.com\/product\/yoast-seo-wordpress\/ -->\n<title>Calma... deixa-me ver tua alma! - Instituto Cultural Padre Josimo<\/title>\n<meta name=\"robots\" content=\"index, follow, max-snippet:-1, max-image-preview:large, max-video-preview:-1\" \/>\n<link rel=\"canonical\" href=\"https:\/\/padrejosimo.com.br\/site\/artigos\/calma-deixa-me-ver-tua-alma\/\" \/>\n<meta property=\"og:locale\" content=\"pt_BR\" \/>\n<meta property=\"og:type\" content=\"article\" \/>\n<meta property=\"og:title\" content=\"Calma... deixa-me ver tua alma! - Instituto Cultural Padre Josimo\" \/>\n<meta property=\"og:description\" content=\"A Covid19 \u00e9 uma doen\u00e7a f\u00edsica grave. Mas a Covid19 tamb\u00e9m revela uma doen\u00e7a da alma. De uma humanidade que coloca a economia acima da vida das pessoas e da vida dos outros seres que habitam o mesmo sistema Terra.\" \/>\n<meta property=\"og:url\" content=\"https:\/\/padrejosimo.com.br\/site\/artigos\/calma-deixa-me-ver-tua-alma\/\" \/>\n<meta property=\"og:site_name\" content=\"Instituto Cultural Padre Josimo\" \/>\n<meta property=\"og:image\" content=\"https:\/\/padrejosimo.com.br\/site\/wp-content\/uploads\/2020\/03\/371_dulce-jpg-1024x674.jpg\" \/>\n<meta name=\"twitter:card\" content=\"summary_large_image\" \/>\n<meta name=\"twitter:label1\" content=\"Est. tempo de leitura\" \/>\n\t<meta name=\"twitter:data1\" content=\"3 minutos\" \/>\n<script type=\"application\/ld+json\" class=\"yoast-schema-graph\">{\"@context\":\"https:\/\/schema.org\",\"@graph\":[{\"@type\":\"WebPage\",\"@id\":\"https:\/\/padrejosimo.com.br\/site\/artigos\/calma-deixa-me-ver-tua-alma\/\",\"url\":\"https:\/\/padrejosimo.com.br\/site\/artigos\/calma-deixa-me-ver-tua-alma\/\",\"name\":\"Calma... deixa-me ver tua alma! - Instituto Cultural Padre Josimo\",\"isPartOf\":{\"@id\":\"https:\/\/padrejosimo.com.br\/site\/#website\"},\"primaryImageOfPage\":{\"@id\":\"https:\/\/padrejosimo.com.br\/site\/artigos\/calma-deixa-me-ver-tua-alma\/#primaryimage\"},\"image\":{\"@id\":\"https:\/\/padrejosimo.com.br\/site\/artigos\/calma-deixa-me-ver-tua-alma\/#primaryimage\"},\"thumbnailUrl\":\"https:\/\/padrejosimo.com.br\/site\/wp-content\/uploads\/2020\/03\/371_dulce-jpg-1024x674.jpg\",\"datePublished\":\"2020-03-24T14:44:21+00:00\",\"breadcrumb\":{\"@id\":\"https:\/\/padrejosimo.com.br\/site\/artigos\/calma-deixa-me-ver-tua-alma\/#breadcrumb\"},\"inLanguage\":\"pt-BR\",\"potentialAction\":[{\"@type\":\"ReadAction\",\"target\":[\"https:\/\/padrejosimo.com.br\/site\/artigos\/calma-deixa-me-ver-tua-alma\/\"]}]},{\"@type\":\"ImageObject\",\"inLanguage\":\"pt-BR\",\"@id\":\"https:\/\/padrejosimo.com.br\/site\/artigos\/calma-deixa-me-ver-tua-alma\/#primaryimage\",\"url\":\"https:\/\/padrejosimo.com.br\/site\/wp-content\/uploads\/2020\/03\/371_dulce-jpg.jpg\",\"contentUrl\":\"https:\/\/padrejosimo.com.br\/site\/wp-content\/uploads\/2020\/03\/371_dulce-jpg.jpg\",\"width\":1920,\"height\":1263},{\"@type\":\"BreadcrumbList\",\"@id\":\"https:\/\/padrejosimo.com.br\/site\/artigos\/calma-deixa-me-ver-tua-alma\/#breadcrumb\",\"itemListElement\":[{\"@type\":\"ListItem\",\"position\":1,\"name\":\"In\u00edcio\",\"item\":\"https:\/\/padrejosimo.com.br\/site\/\"},{\"@type\":\"ListItem\",\"position\":2,\"name\":\"Artigos\",\"item\":\"https:\/\/padrejosimo.com.br\/site\/artigos\/\"},{\"@type\":\"ListItem\",\"position\":3,\"name\":\"Calma&#8230; deixa-me ver tua alma!\"}]},{\"@type\":\"WebSite\",\"@id\":\"https:\/\/padrejosimo.com.br\/site\/#website\",\"url\":\"https:\/\/padrejosimo.com.br\/site\/\",\"name\":\"Instituto Cultural Padre Josimo\",\"description\":\"Comprometida com a promo\u00e7\u00e3o da justi\u00e7a social, agroecologia e educa\u00e7\u00e3o popular\",\"publisher\":{\"@id\":\"https:\/\/padrejosimo.com.br\/site\/#organization\"},\"alternateName\":\"ICPJ\",\"potentialAction\":[{\"@type\":\"SearchAction\",\"target\":{\"@type\":\"EntryPoint\",\"urlTemplate\":\"https:\/\/padrejosimo.com.br\/site\/?s={search_term_string}\"},\"query-input\":{\"@type\":\"PropertyValueSpecification\",\"valueRequired\":true,\"valueName\":\"search_term_string\"}}],\"inLanguage\":\"pt-BR\"},{\"@type\":\"Organization\",\"@id\":\"https:\/\/padrejosimo.com.br\/site\/#organization\",\"name\":\"Instituto Cultural Padre Josimo\",\"alternateName\":\"ICPJ\",\"url\":\"https:\/\/padrejosimo.com.br\/site\/\",\"logo\":{\"@type\":\"ImageObject\",\"inLanguage\":\"pt-BR\",\"@id\":\"https:\/\/padrejosimo.com.br\/site\/#\/schema\/logo\/image\/\",\"url\":\"https:\/\/padrejosimo.com.br\/site\/wp-content\/uploads\/2025\/09\/cropped-icon-icpj.png\",\"contentUrl\":\"https:\/\/padrejosimo.com.br\/site\/wp-content\/uploads\/2025\/09\/cropped-icon-icpj.png\",\"width\":512,\"height\":512,\"caption\":\"Instituto Cultural Padre Josimo\"},\"image\":{\"@id\":\"https:\/\/padrejosimo.com.br\/site\/#\/schema\/logo\/image\/\"}}]}<\/script>\n<!-- \/ Yoast SEO plugin. -->","yoast_head_json":{"title":"Calma... deixa-me ver tua alma! - Instituto Cultural Padre Josimo","robots":{"index":"index","follow":"follow","max-snippet":"max-snippet:-1","max-image-preview":"max-image-preview:large","max-video-preview":"max-video-preview:-1"},"canonical":"https:\/\/padrejosimo.com.br\/site\/artigos\/calma-deixa-me-ver-tua-alma\/","og_locale":"pt_BR","og_type":"article","og_title":"Calma... deixa-me ver tua alma! - Instituto Cultural Padre Josimo","og_description":"A Covid19 \u00e9 uma doen\u00e7a f\u00edsica grave. Mas a Covid19 tamb\u00e9m revela uma doen\u00e7a da alma. De uma humanidade que coloca a economia acima da vida das pessoas e da vida dos outros seres que habitam o mesmo sistema Terra.","og_url":"https:\/\/padrejosimo.com.br\/site\/artigos\/calma-deixa-me-ver-tua-alma\/","og_site_name":"Instituto Cultural Padre Josimo","og_image":[{"url":"https:\/\/padrejosimo.com.br\/site\/wp-content\/uploads\/2020\/03\/371_dulce-jpg-1024x674.jpg","type":"","width":"","height":""}],"twitter_card":"summary_large_image","twitter_misc":{"Est. tempo de leitura":"3 minutos"},"schema":{"@context":"https:\/\/schema.org","@graph":[{"@type":"WebPage","@id":"https:\/\/padrejosimo.com.br\/site\/artigos\/calma-deixa-me-ver-tua-alma\/","url":"https:\/\/padrejosimo.com.br\/site\/artigos\/calma-deixa-me-ver-tua-alma\/","name":"Calma... deixa-me ver tua alma! - Instituto Cultural Padre Josimo","isPartOf":{"@id":"https:\/\/padrejosimo.com.br\/site\/#website"},"primaryImageOfPage":{"@id":"https:\/\/padrejosimo.com.br\/site\/artigos\/calma-deixa-me-ver-tua-alma\/#primaryimage"},"image":{"@id":"https:\/\/padrejosimo.com.br\/site\/artigos\/calma-deixa-me-ver-tua-alma\/#primaryimage"},"thumbnailUrl":"https:\/\/padrejosimo.com.br\/site\/wp-content\/uploads\/2020\/03\/371_dulce-jpg-1024x674.jpg","datePublished":"2020-03-24T14:44:21+00:00","breadcrumb":{"@id":"https:\/\/padrejosimo.com.br\/site\/artigos\/calma-deixa-me-ver-tua-alma\/#breadcrumb"},"inLanguage":"pt-BR","potentialAction":[{"@type":"ReadAction","target":["https:\/\/padrejosimo.com.br\/site\/artigos\/calma-deixa-me-ver-tua-alma\/"]}]},{"@type":"ImageObject","inLanguage":"pt-BR","@id":"https:\/\/padrejosimo.com.br\/site\/artigos\/calma-deixa-me-ver-tua-alma\/#primaryimage","url":"https:\/\/padrejosimo.com.br\/site\/wp-content\/uploads\/2020\/03\/371_dulce-jpg.jpg","contentUrl":"https:\/\/padrejosimo.com.br\/site\/wp-content\/uploads\/2020\/03\/371_dulce-jpg.jpg","width":1920,"height":1263},{"@type":"BreadcrumbList","@id":"https:\/\/padrejosimo.com.br\/site\/artigos\/calma-deixa-me-ver-tua-alma\/#breadcrumb","itemListElement":[{"@type":"ListItem","position":1,"name":"In\u00edcio","item":"https:\/\/padrejosimo.com.br\/site\/"},{"@type":"ListItem","position":2,"name":"Artigos","item":"https:\/\/padrejosimo.com.br\/site\/artigos\/"},{"@type":"ListItem","position":3,"name":"Calma&#8230; deixa-me ver tua alma!"}]},{"@type":"WebSite","@id":"https:\/\/padrejosimo.com.br\/site\/#website","url":"https:\/\/padrejosimo.com.br\/site\/","name":"Instituto Cultural Padre Josimo","description":"Comprometida com a promo\u00e7\u00e3o da justi\u00e7a social, agroecologia e educa\u00e7\u00e3o popular","publisher":{"@id":"https:\/\/padrejosimo.com.br\/site\/#organization"},"alternateName":"ICPJ","potentialAction":[{"@type":"SearchAction","target":{"@type":"EntryPoint","urlTemplate":"https:\/\/padrejosimo.com.br\/site\/?s={search_term_string}"},"query-input":{"@type":"PropertyValueSpecification","valueRequired":true,"valueName":"search_term_string"}}],"inLanguage":"pt-BR"},{"@type":"Organization","@id":"https:\/\/padrejosimo.com.br\/site\/#organization","name":"Instituto Cultural Padre Josimo","alternateName":"ICPJ","url":"https:\/\/padrejosimo.com.br\/site\/","logo":{"@type":"ImageObject","inLanguage":"pt-BR","@id":"https:\/\/padrejosimo.com.br\/site\/#\/schema\/logo\/image\/","url":"https:\/\/padrejosimo.com.br\/site\/wp-content\/uploads\/2025\/09\/cropped-icon-icpj.png","contentUrl":"https:\/\/padrejosimo.com.br\/site\/wp-content\/uploads\/2025\/09\/cropped-icon-icpj.png","width":512,"height":512,"caption":"Instituto Cultural Padre Josimo"},"image":{"@id":"https:\/\/padrejosimo.com.br\/site\/#\/schema\/logo\/image\/"}}]}},"_links":{"self":[{"href":"https:\/\/padrejosimo.com.br\/site\/wp-json\/wp\/v2\/artigos\/2981","targetHints":{"allow":["GET"]}}],"collection":[{"href":"https:\/\/padrejosimo.com.br\/site\/wp-json\/wp\/v2\/artigos"}],"about":[{"href":"https:\/\/padrejosimo.com.br\/site\/wp-json\/wp\/v2\/types\/artigos"}],"author":[{"embeddable":true,"href":"https:\/\/padrejosimo.com.br\/site\/wp-json\/wp\/v2\/users\/20"}],"wp:attachment":[{"href":"https:\/\/padrejosimo.com.br\/site\/wp-json\/wp\/v2\/media?parent=2981"}],"curies":[{"name":"wp","href":"https:\/\/api.w.org\/{rel}","templated":true}]}}