{"id":2909,"date":"2020-02-27T00:14:28","date_gmt":"2020-02-27T03:14:28","guid":{"rendered":"https:\/\/padrejosimo.com.br\/site\/?post_type=artigos&#038;p=2909"},"modified":"2020-02-27T00:14:46","modified_gmt":"2020-02-27T03:14:46","slug":"homilia-de-dom-adelar-baruffi-na-43a-romaria-da-terra","status":"publish","type":"artigos","link":"https:\/\/padrejosimo.com.br\/site\/artigos\/homilia-de-dom-adelar-baruffi-na-43a-romaria-da-terra\/","title":{"rendered":"Homilia de Dom Adelar Baruffi na 43\u00aa Romaria da Terra"},"content":{"rendered":"<blockquote>\n<p><em><strong>Confira a \u00edntegra da Homilia proferida por Dom Adelar Baruffi, Bispo da Diocese de Cruz Alta, na 43\u00aa Romaria da Terra, em Morma\u00e7o\/RS<\/strong><\/em><\/p>\n<\/blockquote>\n<p><img fetchpriority=\"high\" decoding=\"async\" class=\" wp-image-2910 aligncenter\" src=\"https:\/\/padrejosimo.com.br\/site\/wp-content\/uploads\/2020\/02\/87980840_2686048684842974_4131948595349815296_o-1024x683.jpg\" alt=\"\" width=\"556\" height=\"371\" srcset=\"https:\/\/padrejosimo.com.br\/site\/wp-content\/uploads\/2020\/02\/87980840_2686048684842974_4131948595349815296_o-1024x683.jpg 1024w, https:\/\/padrejosimo.com.br\/site\/wp-content\/uploads\/2020\/02\/87980840_2686048684842974_4131948595349815296_o-300x200.jpg 300w, https:\/\/padrejosimo.com.br\/site\/wp-content\/uploads\/2020\/02\/87980840_2686048684842974_4131948595349815296_o-768x512.jpg 768w, https:\/\/padrejosimo.com.br\/site\/wp-content\/uploads\/2020\/02\/87980840_2686048684842974_4131948595349815296_o.jpg 1944w\" sizes=\"(max-width: 556px) 100vw, 556px\" \/><\/p>\n<p>Sa\u00fado e acolho a todos os romeiros e romeiras, vindos de todo nosso Estado, das 18 Dioceses e Arquidioceses, especialmente os bispos, os presb\u00edteros, os religiosos e religiosas, os membros da CPT e de todas as organiza\u00e7\u00f5es que visam o \u201cbem viver\u201d de nosso povo. Aqui \u00e9 nosso \u201csantu\u00e1rio\u201d. Somos muito bem acolhidos pelo Munic\u00edpio de Morma\u00e7o, desde a primeira conversa. Aqui nos sentimos em casa, podemos repartir com irm\u00e3os e irm\u00e3s a mesma f\u00e9 em Jesus Cristo e seu projeto do Reino e a mesma esperan\u00e7a, baseada na Doutrina Social da Igreja. O que nos motiva hoje, em meio a tantas dificuldades? Nosso sonho \u00e9 o desejo de Deus: \u201cO bem viver no campo e na cidade\u201d. Tudo \u00e9 obra de Deus, para n\u00f3s e para toda a humanidade. Os cen\u00e1rios que vivenciamos no caminho at\u00e9 aqui foram uma bela inspira\u00e7\u00e3o. Nos mostram que Deus n\u00e3o quer a destrui\u00e7\u00e3o e a morte. A leitura b\u00edblica de Ezequiel nos fala da \u00e1gua, a mesma que Jesus pede \u00e0 Samaritana, que jorra no interior de quem a bebe, produz vida sempre: \u201cNas margens junto ao rio, de um lado e do outro, crescer\u00e1 toda esp\u00e9cie de \u00e1rvores frut\u00edferas, e suas folhas n\u00e3o cair\u00e3o, e seus frutos jamais terminar\u00e3o\u201d (Ez 47,12). De fato, do templo a \u00e1gua parte para todas as dire\u00e7\u00f5es, assim como daqui a \u00e1gua parte para produzir vida. Claro, em primeiro lugar, viemos celebrar o caminho humilde, feito pelos pequenos da terra e da cidade, na viv\u00eancia do \u201cbem viver\u201d. N\u00e3o h\u00e1 outro caminho de Deus para a humanidade: que sejamos felizes, que tenhamos sa\u00fade, que vivamos na harmonia e na simplicidade, com os p\u00e9s no ch\u00e3o e o cora\u00e7\u00e3o em Deus. Jesus \u00e9 a \u00e1gua que produz vida e vida eterna.<\/p>\n<p>O olhar dos romeiros e romeiras traz a dor da realidade que n\u00e3o corresponde ao sonho de Deus. Mas n\u00e3o viemos para nos queixarmos. A boa nova do Evangelho traz a alegria e a esperan\u00e7a. No estudo que fizemos em todas as 31 par\u00f3quias da Diocese nos perguntamos: \u201co que \u00e9 mesmo importante para uma vida saud\u00e1vel e feliz?\u201d Vemos que o ser humano nem sempre \u00e9 guardi\u00e3o e cultivador de tudo o que Deus criou. Coloca-se no lugar dele e, n\u00e3o poucas vezes, quer ter a pretens\u00e3o de viver sem Ele. Sentimos a dor dos nossos irm\u00e3os que ainda n\u00e3o t\u00eam teto, n\u00e3o t\u00eam terra e n\u00e3o t\u00eam trabalho. A humilhante exclus\u00e3o social, os que \u201csobram\u201d n\u00e3o param de crescer: fome, viol\u00eancia, racismos, aborto, maltrato de crian\u00e7as e idosos, explora\u00e7\u00e3o do trabalho, feminic\u00eddio, uso indiscriminado de agrot\u00f3xicos e morte das abelhas e \u00e1gua impr\u00f3pria para consumo humano. Foram 474 novos agrot\u00f3xicos para uso na agricultura no \u00faltimo ano! A lista seria longa! Afirmou nosso Papa, no \u00faltimo dia 05 de fevereiro, que \u201ccalcula-se que cerca de cinco milh\u00f5es de crian\u00e7as abaixo dos 5 anos morrer\u00e3o este ano devido \u00e0 pobreza. Outras 260 milh\u00f5es n\u00e3o receber\u00e3o uma educa\u00e7\u00e3o por falta de recursos, por causa das guerras e das migra\u00e7\u00f5es\u201d.<\/p>\n<p>De fato, quando a idolatria do dinheiro, a avidez e a especula\u00e7\u00e3o se tornam o fim \u00faltimo, as finan\u00e7as \u00e9 que determinam, n\u00e3o a pessoa humana. Dizia nosso Papa, que \u201cn\u00e3o existe um determinismo que nos condene \u00e0 iniquidade universal. Permitam-me repetir: n\u00e3o somos condenados \u00e0 iniquidade universal. Isso torna poss\u00edvel um novo modo de enfrentar os eventos, que permita encontrar e gerar respostas criativas diante do evit\u00e1vel sofrimento de tantos inocentes\u201d (Francisco, 05\/02\/2020). Diante disso, diz nosso Papa, \u201cdevemos ter consci\u00eancia de que todos somos respons\u00e1veis. Isso n\u00e3o quer dizer que todos somos culpados. Todos somos respons\u00e1veis a fazer algo.\u201d<\/p>\n<p><img decoding=\"async\" class=\" wp-image-2911 aligncenter\" src=\"https:\/\/padrejosimo.com.br\/site\/wp-content\/uploads\/2020\/02\/88313738_2686050008176175_6915517608557019136_o-1024x683.jpg\" alt=\"\" width=\"566\" height=\"377\" srcset=\"https:\/\/padrejosimo.com.br\/site\/wp-content\/uploads\/2020\/02\/88313738_2686050008176175_6915517608557019136_o-1024x683.jpg 1024w, https:\/\/padrejosimo.com.br\/site\/wp-content\/uploads\/2020\/02\/88313738_2686050008176175_6915517608557019136_o-300x200.jpg 300w, https:\/\/padrejosimo.com.br\/site\/wp-content\/uploads\/2020\/02\/88313738_2686050008176175_6915517608557019136_o-768x512.jpg 768w, https:\/\/padrejosimo.com.br\/site\/wp-content\/uploads\/2020\/02\/88313738_2686050008176175_6915517608557019136_o.jpg 1944w\" sizes=\"(max-width: 566px) 100vw, 566px\" \/><\/p>\n<p>N\u00e3o somos vencidos, mas, dizemos com a Samaritana, a Jesus: \u201cd\u00e1-me desta \u00e1gua para que eu n\u00e3o tenha mais sede e nem tenha que vir aqui para tir\u00e1-la\u201d (Jo 4,15). Aproveitemos a Romaria para beber desta \u00e1gua que tem a marca do evangelho. Somos portadores de esperan\u00e7a. Caminhamos com Cristo Vivo, que sempre nos d\u00e1 esperan\u00e7a. Queremos, com a CPT, nesta Romaria apresentar alguns dos caminhos de esperan\u00e7a, nas oficinas que ser\u00e3o realizadas \u00e0 tarde. O que vou levar para minha casa, meu grupo desta Romaria? Temos belas novidades! Observemos que numa grande Romaria como essa n\u00e3o se consome \u00e1lcool e nem refrigerante. Isto j\u00e1 seria o suficiente. Quem sabe aprendemos para levar para nossas comunidades. Isto \u00e9 vida! O \u201cbem viver\u201d \u00e9 bem amplo e fala de toda nossa vida, pessoal, na rela\u00e7\u00e3o com Deus, com os irm\u00e3os e com a natureza. Tudo est\u00e1 interligado e somos uma grande fam\u00edlia, sem fronteiras, sem muros, sem cor e sem ideologias.<\/p>\n<p>Neste dia de Romaria, queremos reafirmar nossa esperan\u00e7a, a \u00e1gua viva, que produz vida aonde chega, que \u201cjorra para a vida eterna\u201d (Jo 4,14). H\u00e1 poucos dias, nosso Papa escreveu a \u201cQuerida Amaz\u00f4nia\u201d. Nela nos recordou os sonhos.\u00a0 \u201cSonho com uma Amaz\u00f4nia que lute pelos direitos dos mais pobres, dos povos nativos, dos \u00faltimos, de modo que a sua voz seja ouvida e sua dignidade promovida. Sonho com uma Amaz\u00f4nia que preserve a riqueza cultural que a caracteriza e na qual brilha de maneira t\u00e3o variada a beleza humana. Sonho com uma Amaz\u00f4nia que guarde zelosamente a sedutora beleza natural que a adorna, a vida transbordante que enche os seus rios e as suas florestas. Sonho com comunidades crist\u00e3s capazes de se devotar e encarnar de tal modo na Amaz\u00f4nia, que deem \u00e0 Igreja rostos novos com tra\u00e7os amaz\u00f4nicos\u201d (QA, 7). N\u00f3s todas e todos sonhamos e cremos!<\/p>\n<p>&#8211; Sonhamos e cremos numa vida em harmonia e respeito com a natureza, convivendo com os meios naturais e o ser humano.<\/p>\n<p>&#8211; Sonhamos e cremos nas rela\u00e7\u00f5es fraternas constru\u00eddas a partir da compaix\u00e3o e da miseric\u00f3rdia, numa metodologia colaborativa e de comunh\u00e3o.<\/p>\n<p>&#8211; Sonhamos e cremos na fam\u00edlia e nas juventudes que se educam para uma vida s\u00f3bria e feliz.<\/p>\n<p>&#8211; Sonhamos e cremos numa vida simples, com menos consumo, mas mais plena e feliz em ter a capacidade de se alegrar e conviver.<\/p>\n<p>&#8211; Sonhamos e cremos na alegria de viver, com simplicidade, com pequenas coisas: \u201cuma humildade sadia e uma sobriedade feliz\u201d (LS n.224). \u00a0<\/p>\n<p>&#8211; Sonhamos e cremos no bem viver que nos faz reconhecer que somos parte \u00fanica de tudo o que Deus criou, \u00e0 sua imagem e semelhan\u00e7a.<\/p>\n<p>&#8211; Sonhamos e cremos no fortalecimento dos espa\u00e7os comunit\u00e1rios, espa\u00e7os das feiras de produtos artesanais e ecol\u00f3gicos, nos jardins e hortas urbanas.<\/p>\n<p>&#8211; Sonhamos e cremos numa \u201csobriedade feliz\u201d, numa vida com bagagem leve e n\u00e3o escravizado pela constante renova\u00e7\u00e3o consumista.<\/p>\n<p>&#8211; Sonhamos e cremos numa vida sem pobreza e exclus\u00e3o.<\/p>\n<p>&#8211; Sonhamos e cremos na reforma agr\u00e1ria, na agroecologia, no cuidado e uso das sementes crioulas.<\/p>\n<p>&#8211; Sonhamos e cremos no cuidado preferencial pelos mais pobres e sobrantes, como express\u00e3o concreta de nossa f\u00e9 em Jesus de Nazar\u00e9.<\/p>\n<p>&#8211; Sonhamos e cremos e reafirmamos o caminho de uma agricultura familiar, que produz vida saud\u00e1vel.<\/p>\n<p>&#8211; Sonhamos e cremos, enfim, no \u201cbem viver\u201d como afirma\u00e7\u00e3o da contempla\u00e7\u00e3o de Deus como princ\u00edpio e fundamento de tudo o que existe.<\/p>\n<p>Concluo com um pensamento, que \u00e9, ao meu ver, a s\u00edntese, e nos convida a um \u201coutro estilo de vida\u201d, e pede de n\u00f3s um processo de educa\u00e7\u00e3o continuada. O Papa nos diz: \u201cDeveria ser um olhar diferente, um pensamento, uma pol\u00edtica, um programa educativo, um estilo de vida e uma espiritualidade que oponham resist\u00eancia ao avan\u00e7o do paradigma tecnocr\u00e1tico\u201d (LS, n. 111).<\/p>\n","protected":false},"excerpt":{"rendered":"<p>Confira a \u00edntegra da Homilia proferida por Dom Adelar Barruf, Bispo da Diocese de Cruz Alta, na 43\u00aa Romaria da Terra, em Morma\u00e7o\/RS.<\/p>\n","protected":false},"author":9,"template":"","class_list":["post-2909","artigos","type-artigos","status-publish","hentry"],"acf":[],"yoast_head":"<!-- This site is optimized with the Yoast SEO plugin v27.2 - https:\/\/yoast.com\/product\/yoast-seo-wordpress\/ -->\n<title>Homilia de Dom Adelar Baruffi na 43\u00aa Romaria da Terra - Instituto Cultural Padre Josimo<\/title>\n<meta name=\"robots\" content=\"index, follow, max-snippet:-1, max-image-preview:large, max-video-preview:-1\" \/>\n<link rel=\"canonical\" href=\"https:\/\/padrejosimo.com.br\/site\/artigos\/homilia-de-dom-adelar-baruffi-na-43a-romaria-da-terra\/\" \/>\n<meta property=\"og:locale\" content=\"pt_BR\" \/>\n<meta property=\"og:type\" content=\"article\" \/>\n<meta property=\"og:title\" content=\"Homilia de Dom Adelar Baruffi na 43\u00aa Romaria da Terra - Instituto Cultural Padre Josimo\" \/>\n<meta property=\"og:description\" content=\"Confira a \u00edntegra da Homilia proferida por Dom Adelar Barruf, Bispo da Diocese de Cruz Alta, na 43\u00aa Romaria da Terra, em Morma\u00e7o\/RS.\" \/>\n<meta property=\"og:url\" content=\"https:\/\/padrejosimo.com.br\/site\/artigos\/homilia-de-dom-adelar-baruffi-na-43a-romaria-da-terra\/\" \/>\n<meta property=\"og:site_name\" content=\"Instituto Cultural Padre Josimo\" \/>\n<meta property=\"article:modified_time\" content=\"2020-02-27T03:14:46+00:00\" \/>\n<meta property=\"og:image\" content=\"https:\/\/padrejosimo.com.br\/site\/wp-content\/uploads\/2020\/02\/87980840_2686048684842974_4131948595349815296_o-1024x683.jpg\" \/>\n<meta name=\"twitter:card\" content=\"summary_large_image\" \/>\n<meta name=\"twitter:label1\" content=\"Est. tempo de leitura\" \/>\n\t<meta name=\"twitter:data1\" content=\"7 minutos\" \/>\n<script type=\"application\/ld+json\" class=\"yoast-schema-graph\">{\"@context\":\"https:\/\/schema.org\",\"@graph\":[{\"@type\":\"WebPage\",\"@id\":\"https:\/\/padrejosimo.com.br\/site\/artigos\/homilia-de-dom-adelar-baruffi-na-43a-romaria-da-terra\/\",\"url\":\"https:\/\/padrejosimo.com.br\/site\/artigos\/homilia-de-dom-adelar-baruffi-na-43a-romaria-da-terra\/\",\"name\":\"Homilia de Dom Adelar Baruffi na 43\u00aa Romaria da Terra - Instituto Cultural Padre Josimo\",\"isPartOf\":{\"@id\":\"https:\/\/padrejosimo.com.br\/site\/#website\"},\"primaryImageOfPage\":{\"@id\":\"https:\/\/padrejosimo.com.br\/site\/artigos\/homilia-de-dom-adelar-baruffi-na-43a-romaria-da-terra\/#primaryimage\"},\"image\":{\"@id\":\"https:\/\/padrejosimo.com.br\/site\/artigos\/homilia-de-dom-adelar-baruffi-na-43a-romaria-da-terra\/#primaryimage\"},\"thumbnailUrl\":\"https:\/\/padrejosimo.com.br\/site\/wp-content\/uploads\/2020\/02\/87980840_2686048684842974_4131948595349815296_o-1024x683.jpg\",\"datePublished\":\"2020-02-27T03:14:28+00:00\",\"dateModified\":\"2020-02-27T03:14:46+00:00\",\"breadcrumb\":{\"@id\":\"https:\/\/padrejosimo.com.br\/site\/artigos\/homilia-de-dom-adelar-baruffi-na-43a-romaria-da-terra\/#breadcrumb\"},\"inLanguage\":\"pt-BR\",\"potentialAction\":[{\"@type\":\"ReadAction\",\"target\":[\"https:\/\/padrejosimo.com.br\/site\/artigos\/homilia-de-dom-adelar-baruffi-na-43a-romaria-da-terra\/\"]}]},{\"@type\":\"ImageObject\",\"inLanguage\":\"pt-BR\",\"@id\":\"https:\/\/padrejosimo.com.br\/site\/artigos\/homilia-de-dom-adelar-baruffi-na-43a-romaria-da-terra\/#primaryimage\",\"url\":\"https:\/\/padrejosimo.com.br\/site\/wp-content\/uploads\/2020\/02\/87980840_2686048684842974_4131948595349815296_o.jpg\",\"contentUrl\":\"https:\/\/padrejosimo.com.br\/site\/wp-content\/uploads\/2020\/02\/87980840_2686048684842974_4131948595349815296_o.jpg\",\"width\":1944,\"height\":1296},{\"@type\":\"BreadcrumbList\",\"@id\":\"https:\/\/padrejosimo.com.br\/site\/artigos\/homilia-de-dom-adelar-baruffi-na-43a-romaria-da-terra\/#breadcrumb\",\"itemListElement\":[{\"@type\":\"ListItem\",\"position\":1,\"name\":\"In\u00edcio\",\"item\":\"https:\/\/padrejosimo.com.br\/site\/\"},{\"@type\":\"ListItem\",\"position\":2,\"name\":\"Artigos\",\"item\":\"https:\/\/padrejosimo.com.br\/site\/artigos\/\"},{\"@type\":\"ListItem\",\"position\":3,\"name\":\"Homilia de Dom Adelar Baruffi na 43\u00aa Romaria da Terra\"}]},{\"@type\":\"WebSite\",\"@id\":\"https:\/\/padrejosimo.com.br\/site\/#website\",\"url\":\"https:\/\/padrejosimo.com.br\/site\/\",\"name\":\"Instituto Cultural Padre Josimo\",\"description\":\"Comprometida com a promo\u00e7\u00e3o da justi\u00e7a social, agroecologia e educa\u00e7\u00e3o popular\",\"publisher\":{\"@id\":\"https:\/\/padrejosimo.com.br\/site\/#organization\"},\"alternateName\":\"ICPJ\",\"potentialAction\":[{\"@type\":\"SearchAction\",\"target\":{\"@type\":\"EntryPoint\",\"urlTemplate\":\"https:\/\/padrejosimo.com.br\/site\/?s={search_term_string}\"},\"query-input\":{\"@type\":\"PropertyValueSpecification\",\"valueRequired\":true,\"valueName\":\"search_term_string\"}}],\"inLanguage\":\"pt-BR\"},{\"@type\":\"Organization\",\"@id\":\"https:\/\/padrejosimo.com.br\/site\/#organization\",\"name\":\"Instituto Cultural Padre Josimo\",\"alternateName\":\"ICPJ\",\"url\":\"https:\/\/padrejosimo.com.br\/site\/\",\"logo\":{\"@type\":\"ImageObject\",\"inLanguage\":\"pt-BR\",\"@id\":\"https:\/\/padrejosimo.com.br\/site\/#\/schema\/logo\/image\/\",\"url\":\"https:\/\/padrejosimo.com.br\/site\/wp-content\/uploads\/2025\/09\/cropped-icon-icpj.png\",\"contentUrl\":\"https:\/\/padrejosimo.com.br\/site\/wp-content\/uploads\/2025\/09\/cropped-icon-icpj.png\",\"width\":512,\"height\":512,\"caption\":\"Instituto Cultural Padre Josimo\"},\"image\":{\"@id\":\"https:\/\/padrejosimo.com.br\/site\/#\/schema\/logo\/image\/\"}}]}<\/script>\n<!-- \/ Yoast SEO plugin. -->","yoast_head_json":{"title":"Homilia de Dom Adelar Baruffi na 43\u00aa Romaria da Terra - Instituto Cultural Padre Josimo","robots":{"index":"index","follow":"follow","max-snippet":"max-snippet:-1","max-image-preview":"max-image-preview:large","max-video-preview":"max-video-preview:-1"},"canonical":"https:\/\/padrejosimo.com.br\/site\/artigos\/homilia-de-dom-adelar-baruffi-na-43a-romaria-da-terra\/","og_locale":"pt_BR","og_type":"article","og_title":"Homilia de Dom Adelar Baruffi na 43\u00aa Romaria da Terra - Instituto Cultural Padre Josimo","og_description":"Confira a \u00edntegra da Homilia proferida por Dom Adelar Barruf, Bispo da Diocese de Cruz Alta, na 43\u00aa Romaria da Terra, em Morma\u00e7o\/RS.","og_url":"https:\/\/padrejosimo.com.br\/site\/artigos\/homilia-de-dom-adelar-baruffi-na-43a-romaria-da-terra\/","og_site_name":"Instituto Cultural Padre Josimo","article_modified_time":"2020-02-27T03:14:46+00:00","og_image":[{"url":"https:\/\/padrejosimo.com.br\/site\/wp-content\/uploads\/2020\/02\/87980840_2686048684842974_4131948595349815296_o-1024x683.jpg","type":"","width":"","height":""}],"twitter_card":"summary_large_image","twitter_misc":{"Est. tempo de leitura":"7 minutos"},"schema":{"@context":"https:\/\/schema.org","@graph":[{"@type":"WebPage","@id":"https:\/\/padrejosimo.com.br\/site\/artigos\/homilia-de-dom-adelar-baruffi-na-43a-romaria-da-terra\/","url":"https:\/\/padrejosimo.com.br\/site\/artigos\/homilia-de-dom-adelar-baruffi-na-43a-romaria-da-terra\/","name":"Homilia de Dom Adelar Baruffi na 43\u00aa Romaria da Terra - Instituto Cultural Padre Josimo","isPartOf":{"@id":"https:\/\/padrejosimo.com.br\/site\/#website"},"primaryImageOfPage":{"@id":"https:\/\/padrejosimo.com.br\/site\/artigos\/homilia-de-dom-adelar-baruffi-na-43a-romaria-da-terra\/#primaryimage"},"image":{"@id":"https:\/\/padrejosimo.com.br\/site\/artigos\/homilia-de-dom-adelar-baruffi-na-43a-romaria-da-terra\/#primaryimage"},"thumbnailUrl":"https:\/\/padrejosimo.com.br\/site\/wp-content\/uploads\/2020\/02\/87980840_2686048684842974_4131948595349815296_o-1024x683.jpg","datePublished":"2020-02-27T03:14:28+00:00","dateModified":"2020-02-27T03:14:46+00:00","breadcrumb":{"@id":"https:\/\/padrejosimo.com.br\/site\/artigos\/homilia-de-dom-adelar-baruffi-na-43a-romaria-da-terra\/#breadcrumb"},"inLanguage":"pt-BR","potentialAction":[{"@type":"ReadAction","target":["https:\/\/padrejosimo.com.br\/site\/artigos\/homilia-de-dom-adelar-baruffi-na-43a-romaria-da-terra\/"]}]},{"@type":"ImageObject","inLanguage":"pt-BR","@id":"https:\/\/padrejosimo.com.br\/site\/artigos\/homilia-de-dom-adelar-baruffi-na-43a-romaria-da-terra\/#primaryimage","url":"https:\/\/padrejosimo.com.br\/site\/wp-content\/uploads\/2020\/02\/87980840_2686048684842974_4131948595349815296_o.jpg","contentUrl":"https:\/\/padrejosimo.com.br\/site\/wp-content\/uploads\/2020\/02\/87980840_2686048684842974_4131948595349815296_o.jpg","width":1944,"height":1296},{"@type":"BreadcrumbList","@id":"https:\/\/padrejosimo.com.br\/site\/artigos\/homilia-de-dom-adelar-baruffi-na-43a-romaria-da-terra\/#breadcrumb","itemListElement":[{"@type":"ListItem","position":1,"name":"In\u00edcio","item":"https:\/\/padrejosimo.com.br\/site\/"},{"@type":"ListItem","position":2,"name":"Artigos","item":"https:\/\/padrejosimo.com.br\/site\/artigos\/"},{"@type":"ListItem","position":3,"name":"Homilia de Dom Adelar Baruffi na 43\u00aa Romaria da Terra"}]},{"@type":"WebSite","@id":"https:\/\/padrejosimo.com.br\/site\/#website","url":"https:\/\/padrejosimo.com.br\/site\/","name":"Instituto Cultural Padre Josimo","description":"Comprometida com a promo\u00e7\u00e3o da justi\u00e7a social, agroecologia e educa\u00e7\u00e3o popular","publisher":{"@id":"https:\/\/padrejosimo.com.br\/site\/#organization"},"alternateName":"ICPJ","potentialAction":[{"@type":"SearchAction","target":{"@type":"EntryPoint","urlTemplate":"https:\/\/padrejosimo.com.br\/site\/?s={search_term_string}"},"query-input":{"@type":"PropertyValueSpecification","valueRequired":true,"valueName":"search_term_string"}}],"inLanguage":"pt-BR"},{"@type":"Organization","@id":"https:\/\/padrejosimo.com.br\/site\/#organization","name":"Instituto Cultural Padre Josimo","alternateName":"ICPJ","url":"https:\/\/padrejosimo.com.br\/site\/","logo":{"@type":"ImageObject","inLanguage":"pt-BR","@id":"https:\/\/padrejosimo.com.br\/site\/#\/schema\/logo\/image\/","url":"https:\/\/padrejosimo.com.br\/site\/wp-content\/uploads\/2025\/09\/cropped-icon-icpj.png","contentUrl":"https:\/\/padrejosimo.com.br\/site\/wp-content\/uploads\/2025\/09\/cropped-icon-icpj.png","width":512,"height":512,"caption":"Instituto Cultural Padre Josimo"},"image":{"@id":"https:\/\/padrejosimo.com.br\/site\/#\/schema\/logo\/image\/"}}]}},"_links":{"self":[{"href":"https:\/\/padrejosimo.com.br\/site\/wp-json\/wp\/v2\/artigos\/2909","targetHints":{"allow":["GET"]}}],"collection":[{"href":"https:\/\/padrejosimo.com.br\/site\/wp-json\/wp\/v2\/artigos"}],"about":[{"href":"https:\/\/padrejosimo.com.br\/site\/wp-json\/wp\/v2\/types\/artigos"}],"author":[{"embeddable":true,"href":"https:\/\/padrejosimo.com.br\/site\/wp-json\/wp\/v2\/users\/9"}],"wp:attachment":[{"href":"https:\/\/padrejosimo.com.br\/site\/wp-json\/wp\/v2\/media?parent=2909"}],"curies":[{"name":"wp","href":"https:\/\/api.w.org\/{rel}","templated":true}]}}