{"id":2908,"date":"2020-02-26T14:15:56","date_gmt":"2020-02-26T17:15:56","guid":{"rendered":"https:\/\/padrejosimo.com.br\/site\/?post_type=artigos&#038;p=2908"},"modified":"2020-02-26T14:15:56","modified_gmt":"2020-02-26T17:15:56","slug":"artigo-uma-sentenca-em-nome-de-deus","status":"publish","type":"artigos","link":"https:\/\/padrejosimo.com.br\/site\/artigos\/artigo-uma-sentenca-em-nome-de-deus\/","title":{"rendered":"Artigo | Uma senten\u00e7a em nome de Deus?"},"content":{"rendered":"<div class=\"pull-right\">\n<div class=\"addtoany_shortcode\">\n<div class=\"a2a_kit a2a_kit_size_26 addtoany_list\" data-a2a-url=\"https:\/\/mpabrasil.org.br\/artigos\/artigo-uma-sentenca-em-nome-de-deus\/\" data-a2a-title=\"Artigo | Uma senten\u00e7a em nome de Deus?\">\u00a0<\/div>\n<\/div>\n<\/div>\n<div class=\"sidebar-page-container\">\n<div class=\"auto-container\">\n<div class=\"row clearfix\">\n<div class=\"content-side col-lg-12 col-md-12 col-sm-12 col-xs-12\">\n<article class=\"widget-post-two\">\n<div class=\"inner\">\n<div class=\"author\">\u00a0<\/div>\n<\/div>\n<\/article>\n<div class=\"content-inner\">\n<p><img fetchpriority=\"high\" decoding=\"async\" class=\"aligncenter  wp-image-8210\" src=\"https:\/\/mpabrasil.org.br\/wp-content\/uploads\/2020\/02\/Deus-o-Pai-por-Willem-Herreyns.jpg\" sizes=\"(max-width: 568px) 100vw, 568px\" srcset=\"https:\/\/mpabrasil.org.br\/wp-content\/uploads\/2020\/02\/Deus-o-Pai-por-Willem-Herreyns.jpg 1020w, https:\/\/mpabrasil.org.br\/wp-content\/uploads\/2020\/02\/Deus-o-Pai-por-Willem-Herreyns-300x219.jpg 300w, https:\/\/mpabrasil.org.br\/wp-content\/uploads\/2020\/02\/Deus-o-Pai-por-Willem-Herreyns-768x559.jpg 768w\" alt=\"\" width=\"568\" height=\"414\" \/><\/p>\n<p>&nbsp;<\/p>\n<p>Em sua ata de medica\u00e7\u00e3o da greve dos petroleiros, o Ministro do TST, Ives Granda, agradece a prote\u00e7\u00e3o de Deus. Sabendo que este Ministro \u00e9 ligado ala conservadora da Igreja, um companheiro grevista questionou de que Deus ele estava se referindo: do Antigo ou do Novo Testamento? Considerando boa a pergunta, escrevi esta breve reflex\u00e3o.<\/p>\n<p>O Velho Testamento relata a origem dos hebreus desde o surgimento da humanidade a partir de figuras mitol\u00f3gicas. \u00c9 a hist\u00f3ria de um povo n\u00f4made em busca da Terra Prometida que, l\u00e1 pelas tantas, acaba escravizado no Egito. A liberta\u00e7\u00e3o (coletiva) \u00e9 conquistada ao cruzar o Nilo, cuja import\u00e2ncia deu origem \u00e0 P\u00e1scoa Judaica (nos anos 70, a Teologia da Liberta\u00e7\u00e3o inspirou-se profundamente nesta passagem b\u00edblica). Mas, para consolidar uma na\u00e7\u00e3o \u00e9 preciso disciplina e leis r\u00edgidas (olho por olho e dente por dente) que servem para manter ordem interna. O fundamentalismo religioso se baseia enfaticamente neste per\u00edodo hist\u00f3rico.<\/p>\n<p>Com o Imp\u00e9rio Romano, a situa\u00e7\u00e3o, por\u00e9m, \u00e9 diferente, pois os romanos usam a estrat\u00e9gia de aliar-se aos l\u00edderes judeus o que d\u00e1 origem \u00e0s cr\u00edticas dos profetas enquanto proclamavam a vinda de um \u201cSalvador\u201d.<\/p>\n<p>O Novo Testamento, no entanto, relata a vida de Jesus que conhecia bem a hist\u00f3ria do seu povo e a situa\u00e7\u00e3o pol\u00edtica da \u00e9poca. Ele dedica suas cr\u00edticas aos l\u00edderes religiosos que mantinham alian\u00e7as com os romanos, prop\u00f5em a supera\u00e7\u00e3o das velhas leis (as bem aventuran\u00e7as e amar ao pr\u00f3ximo), prop\u00f5em o perd\u00e3o e a compaix\u00e3o, e, acima de tudo, vive com o povo. Entre seus seguidores existem ricos e pobres, conservadores e revolucion\u00e1rios.<\/p>\n<p>O discurso de Jesus focado nas virtudes pessoais driblou o poder at\u00e9 o dia em que os l\u00edderes religiosos se viram amea\u00e7ados e tramaram a sua morte, fazendo cumprir as profecias. A cruz que deveria servir de amea\u00e7a, tornou-se s\u00edmbolo para seus seguidores. A \u201cressurei\u00e7\u00e3o\u201d deu origem a P\u00e1scoa dos crist\u00e3os para os quais a vida vence a morte. Eis aqui mais um elo com a Teologia da Liberta\u00e7\u00e3o: todos temos direito \u00e0 vida em plenitude, raz\u00e3o pela qual entrou em choque com os sistemas capitalistas e autorit\u00e1rios.<\/p>\n<p>Hoje come\u00e7a a Quaresma, tempo que os cat\u00f3licos dedicam \u00e0 prepara\u00e7\u00e3o para a P\u00e1scoa, para os quais \u00e9 momento de refletir sobre o que nos impede de viver em plenitude (seja na vida pessoal, seja na sociedade) e em solu\u00e7\u00f5es para estes problemas. N\u00f3s, brasileiros, estamos passando por um per\u00edodo onde l\u00edderes religiosos se aliam a governantes para manter a domina\u00e7\u00e3o do grande imp\u00e9rio moderno (capitalismo globalizado). Seu l\u00edder usa o nome de Messias para iludir o povo enquanto age para vender nossas riquezas a troco de banana. A liberta\u00e7\u00e3o deste sistema n\u00e3o pode depender de um novo l\u00edder, mas precisa ser cultivada em formas de resist\u00eancias coletivas seja nas comunidades ou nos grupos organizados de trabalhadores rurais e urbanos. A greve dos petroleiros tornou-se hist\u00f3rica ao mobilizar mais de 21 mil trabalhadores em solidariedade aos 396 demitidos no Paran\u00e1. Ela marca a luta pela dignidade humana contra o desprezo daqueles que est\u00e3o no poder e contra os trabalhadores, al\u00e9m de defender a soberania nacional ao lutar contra a privatiza\u00e7\u00e3o da Petrobr\u00e1s. Este caminho constru\u00eddo coletivamente \u00e9 longo e dif\u00edcil, mas \u00e9 o mais seguro para que a \u201cliberta\u00e7\u00e3o\u201d seja conquistada em plenitude.<\/p>\n<p>Assim estaremos superando o Deus do Antigo Testamento e seguindo Aquele que disse, \u201ceu vim para que todos tenham vida, e a tenham em abund\u00e2ncia\u201d. (Jo 10,10). N\u00e3o nos resta outro caminho, sen\u00e3o defender a Vida contra o projeto de morte anunciado por estes que se dizem de Deus!<\/p>\n<p>&nbsp;<\/p>\n<p><em><strong>Edison Terterola<\/strong><\/em><\/p>\n<p><em><strong>Diretor de Forma\u00e7\u00e3o do Sindipetro-RS<\/strong><\/em><\/p>\n<\/div>\n<\/div>\n<\/div>\n<\/div>\n<\/div>\n","protected":false},"excerpt":{"rendered":"<p>Terterola: &#8220;N\u00e3o nos resta outro caminho, sen\u00e3o defender a Vida contra o projeto de morte anunciado por estes que se dizem de Deus!&#8221; <\/p>\n","protected":false},"author":1,"template":"","class_list":["post-2908","artigos","type-artigos","status-publish","hentry"],"acf":[],"yoast_head":"<!-- This site is optimized with the Yoast SEO plugin v27.2 - https:\/\/yoast.com\/product\/yoast-seo-wordpress\/ -->\n<title>Artigo | Uma senten\u00e7a em nome de Deus? - Instituto Cultural Padre Josimo<\/title>\n<meta name=\"robots\" content=\"index, follow, max-snippet:-1, max-image-preview:large, max-video-preview:-1\" \/>\n<link rel=\"canonical\" href=\"https:\/\/padrejosimo.com.br\/site\/artigos\/artigo-uma-sentenca-em-nome-de-deus\/\" \/>\n<meta property=\"og:locale\" content=\"pt_BR\" \/>\n<meta property=\"og:type\" content=\"article\" \/>\n<meta property=\"og:title\" content=\"Artigo | Uma senten\u00e7a em nome de Deus? - Instituto Cultural Padre Josimo\" \/>\n<meta property=\"og:description\" content=\"Terterola: &quot;N\u00e3o nos resta outro caminho, sen\u00e3o defender a Vida contra o projeto de morte anunciado por estes que se dizem de Deus!&quot;\" \/>\n<meta property=\"og:url\" content=\"https:\/\/padrejosimo.com.br\/site\/artigos\/artigo-uma-sentenca-em-nome-de-deus\/\" \/>\n<meta property=\"og:site_name\" content=\"Instituto Cultural Padre Josimo\" \/>\n<meta property=\"og:image\" content=\"https:\/\/mpabrasil.org.br\/wp-content\/uploads\/2020\/02\/Deus-o-Pai-por-Willem-Herreyns.jpg\" \/>\n<meta name=\"twitter:card\" content=\"summary_large_image\" \/>\n<meta name=\"twitter:label1\" content=\"Est. tempo de leitura\" \/>\n\t<meta name=\"twitter:data1\" content=\"3 minutos\" \/>\n<script type=\"application\/ld+json\" class=\"yoast-schema-graph\">{\"@context\":\"https:\/\/schema.org\",\"@graph\":[{\"@type\":\"WebPage\",\"@id\":\"https:\/\/padrejosimo.com.br\/site\/artigos\/artigo-uma-sentenca-em-nome-de-deus\/\",\"url\":\"https:\/\/padrejosimo.com.br\/site\/artigos\/artigo-uma-sentenca-em-nome-de-deus\/\",\"name\":\"Artigo | Uma senten\u00e7a em nome de Deus? - Instituto Cultural Padre Josimo\",\"isPartOf\":{\"@id\":\"https:\/\/padrejosimo.com.br\/site\/#website\"},\"primaryImageOfPage\":{\"@id\":\"https:\/\/padrejosimo.com.br\/site\/artigos\/artigo-uma-sentenca-em-nome-de-deus\/#primaryimage\"},\"image\":{\"@id\":\"https:\/\/padrejosimo.com.br\/site\/artigos\/artigo-uma-sentenca-em-nome-de-deus\/#primaryimage\"},\"thumbnailUrl\":\"https:\/\/mpabrasil.org.br\/wp-content\/uploads\/2020\/02\/Deus-o-Pai-por-Willem-Herreyns.jpg\",\"datePublished\":\"2020-02-26T17:15:56+00:00\",\"breadcrumb\":{\"@id\":\"https:\/\/padrejosimo.com.br\/site\/artigos\/artigo-uma-sentenca-em-nome-de-deus\/#breadcrumb\"},\"inLanguage\":\"pt-BR\",\"potentialAction\":[{\"@type\":\"ReadAction\",\"target\":[\"https:\/\/padrejosimo.com.br\/site\/artigos\/artigo-uma-sentenca-em-nome-de-deus\/\"]}]},{\"@type\":\"ImageObject\",\"inLanguage\":\"pt-BR\",\"@id\":\"https:\/\/padrejosimo.com.br\/site\/artigos\/artigo-uma-sentenca-em-nome-de-deus\/#primaryimage\",\"url\":\"https:\/\/mpabrasil.org.br\/wp-content\/uploads\/2020\/02\/Deus-o-Pai-por-Willem-Herreyns.jpg\",\"contentUrl\":\"https:\/\/mpabrasil.org.br\/wp-content\/uploads\/2020\/02\/Deus-o-Pai-por-Willem-Herreyns.jpg\"},{\"@type\":\"BreadcrumbList\",\"@id\":\"https:\/\/padrejosimo.com.br\/site\/artigos\/artigo-uma-sentenca-em-nome-de-deus\/#breadcrumb\",\"itemListElement\":[{\"@type\":\"ListItem\",\"position\":1,\"name\":\"In\u00edcio\",\"item\":\"https:\/\/padrejosimo.com.br\/site\/\"},{\"@type\":\"ListItem\",\"position\":2,\"name\":\"Artigos\",\"item\":\"https:\/\/padrejosimo.com.br\/site\/artigos\/\"},{\"@type\":\"ListItem\",\"position\":3,\"name\":\"Artigo | Uma senten\u00e7a em nome de Deus?\"}]},{\"@type\":\"WebSite\",\"@id\":\"https:\/\/padrejosimo.com.br\/site\/#website\",\"url\":\"https:\/\/padrejosimo.com.br\/site\/\",\"name\":\"Instituto Cultural Padre Josimo\",\"description\":\"Comprometida com a promo\u00e7\u00e3o da justi\u00e7a social, agroecologia e educa\u00e7\u00e3o popular\",\"publisher\":{\"@id\":\"https:\/\/padrejosimo.com.br\/site\/#organization\"},\"alternateName\":\"ICPJ\",\"potentialAction\":[{\"@type\":\"SearchAction\",\"target\":{\"@type\":\"EntryPoint\",\"urlTemplate\":\"https:\/\/padrejosimo.com.br\/site\/?s={search_term_string}\"},\"query-input\":{\"@type\":\"PropertyValueSpecification\",\"valueRequired\":true,\"valueName\":\"search_term_string\"}}],\"inLanguage\":\"pt-BR\"},{\"@type\":\"Organization\",\"@id\":\"https:\/\/padrejosimo.com.br\/site\/#organization\",\"name\":\"Instituto Cultural Padre Josimo\",\"alternateName\":\"ICPJ\",\"url\":\"https:\/\/padrejosimo.com.br\/site\/\",\"logo\":{\"@type\":\"ImageObject\",\"inLanguage\":\"pt-BR\",\"@id\":\"https:\/\/padrejosimo.com.br\/site\/#\/schema\/logo\/image\/\",\"url\":\"https:\/\/padrejosimo.com.br\/site\/wp-content\/uploads\/2025\/09\/cropped-icon-icpj.png\",\"contentUrl\":\"https:\/\/padrejosimo.com.br\/site\/wp-content\/uploads\/2025\/09\/cropped-icon-icpj.png\",\"width\":512,\"height\":512,\"caption\":\"Instituto Cultural Padre Josimo\"},\"image\":{\"@id\":\"https:\/\/padrejosimo.com.br\/site\/#\/schema\/logo\/image\/\"}}]}<\/script>\n<!-- \/ Yoast SEO plugin. -->","yoast_head_json":{"title":"Artigo | Uma senten\u00e7a em nome de Deus? - Instituto Cultural Padre Josimo","robots":{"index":"index","follow":"follow","max-snippet":"max-snippet:-1","max-image-preview":"max-image-preview:large","max-video-preview":"max-video-preview:-1"},"canonical":"https:\/\/padrejosimo.com.br\/site\/artigos\/artigo-uma-sentenca-em-nome-de-deus\/","og_locale":"pt_BR","og_type":"article","og_title":"Artigo | Uma senten\u00e7a em nome de Deus? - Instituto Cultural Padre Josimo","og_description":"Terterola: \"N\u00e3o nos resta outro caminho, sen\u00e3o defender a Vida contra o projeto de morte anunciado por estes que se dizem de Deus!\"","og_url":"https:\/\/padrejosimo.com.br\/site\/artigos\/artigo-uma-sentenca-em-nome-de-deus\/","og_site_name":"Instituto Cultural Padre Josimo","og_image":[{"url":"https:\/\/mpabrasil.org.br\/wp-content\/uploads\/2020\/02\/Deus-o-Pai-por-Willem-Herreyns.jpg","type":"","width":"","height":""}],"twitter_card":"summary_large_image","twitter_misc":{"Est. tempo de leitura":"3 minutos"},"schema":{"@context":"https:\/\/schema.org","@graph":[{"@type":"WebPage","@id":"https:\/\/padrejosimo.com.br\/site\/artigos\/artigo-uma-sentenca-em-nome-de-deus\/","url":"https:\/\/padrejosimo.com.br\/site\/artigos\/artigo-uma-sentenca-em-nome-de-deus\/","name":"Artigo | Uma senten\u00e7a em nome de Deus? - Instituto Cultural Padre Josimo","isPartOf":{"@id":"https:\/\/padrejosimo.com.br\/site\/#website"},"primaryImageOfPage":{"@id":"https:\/\/padrejosimo.com.br\/site\/artigos\/artigo-uma-sentenca-em-nome-de-deus\/#primaryimage"},"image":{"@id":"https:\/\/padrejosimo.com.br\/site\/artigos\/artigo-uma-sentenca-em-nome-de-deus\/#primaryimage"},"thumbnailUrl":"https:\/\/mpabrasil.org.br\/wp-content\/uploads\/2020\/02\/Deus-o-Pai-por-Willem-Herreyns.jpg","datePublished":"2020-02-26T17:15:56+00:00","breadcrumb":{"@id":"https:\/\/padrejosimo.com.br\/site\/artigos\/artigo-uma-sentenca-em-nome-de-deus\/#breadcrumb"},"inLanguage":"pt-BR","potentialAction":[{"@type":"ReadAction","target":["https:\/\/padrejosimo.com.br\/site\/artigos\/artigo-uma-sentenca-em-nome-de-deus\/"]}]},{"@type":"ImageObject","inLanguage":"pt-BR","@id":"https:\/\/padrejosimo.com.br\/site\/artigos\/artigo-uma-sentenca-em-nome-de-deus\/#primaryimage","url":"https:\/\/mpabrasil.org.br\/wp-content\/uploads\/2020\/02\/Deus-o-Pai-por-Willem-Herreyns.jpg","contentUrl":"https:\/\/mpabrasil.org.br\/wp-content\/uploads\/2020\/02\/Deus-o-Pai-por-Willem-Herreyns.jpg"},{"@type":"BreadcrumbList","@id":"https:\/\/padrejosimo.com.br\/site\/artigos\/artigo-uma-sentenca-em-nome-de-deus\/#breadcrumb","itemListElement":[{"@type":"ListItem","position":1,"name":"In\u00edcio","item":"https:\/\/padrejosimo.com.br\/site\/"},{"@type":"ListItem","position":2,"name":"Artigos","item":"https:\/\/padrejosimo.com.br\/site\/artigos\/"},{"@type":"ListItem","position":3,"name":"Artigo | Uma senten\u00e7a em nome de Deus?"}]},{"@type":"WebSite","@id":"https:\/\/padrejosimo.com.br\/site\/#website","url":"https:\/\/padrejosimo.com.br\/site\/","name":"Instituto Cultural Padre Josimo","description":"Comprometida com a promo\u00e7\u00e3o da justi\u00e7a social, agroecologia e educa\u00e7\u00e3o popular","publisher":{"@id":"https:\/\/padrejosimo.com.br\/site\/#organization"},"alternateName":"ICPJ","potentialAction":[{"@type":"SearchAction","target":{"@type":"EntryPoint","urlTemplate":"https:\/\/padrejosimo.com.br\/site\/?s={search_term_string}"},"query-input":{"@type":"PropertyValueSpecification","valueRequired":true,"valueName":"search_term_string"}}],"inLanguage":"pt-BR"},{"@type":"Organization","@id":"https:\/\/padrejosimo.com.br\/site\/#organization","name":"Instituto Cultural Padre Josimo","alternateName":"ICPJ","url":"https:\/\/padrejosimo.com.br\/site\/","logo":{"@type":"ImageObject","inLanguage":"pt-BR","@id":"https:\/\/padrejosimo.com.br\/site\/#\/schema\/logo\/image\/","url":"https:\/\/padrejosimo.com.br\/site\/wp-content\/uploads\/2025\/09\/cropped-icon-icpj.png","contentUrl":"https:\/\/padrejosimo.com.br\/site\/wp-content\/uploads\/2025\/09\/cropped-icon-icpj.png","width":512,"height":512,"caption":"Instituto Cultural Padre Josimo"},"image":{"@id":"https:\/\/padrejosimo.com.br\/site\/#\/schema\/logo\/image\/"}}]}},"_links":{"self":[{"href":"https:\/\/padrejosimo.com.br\/site\/wp-json\/wp\/v2\/artigos\/2908","targetHints":{"allow":["GET"]}}],"collection":[{"href":"https:\/\/padrejosimo.com.br\/site\/wp-json\/wp\/v2\/artigos"}],"about":[{"href":"https:\/\/padrejosimo.com.br\/site\/wp-json\/wp\/v2\/types\/artigos"}],"author":[{"embeddable":true,"href":"https:\/\/padrejosimo.com.br\/site\/wp-json\/wp\/v2\/users\/1"}],"wp:attachment":[{"href":"https:\/\/padrejosimo.com.br\/site\/wp-json\/wp\/v2\/media?parent=2908"}],"curies":[{"name":"wp","href":"https:\/\/api.w.org\/{rel}","templated":true}]}}