{"id":2905,"date":"2020-02-26T09:11:17","date_gmt":"2020-02-26T12:11:17","guid":{"rendered":"https:\/\/padrejosimo.com.br\/site\/?post_type=artigos&#038;p=2905"},"modified":"2020-02-26T09:11:27","modified_gmt":"2020-02-26T12:11:27","slug":"depois-do-carnaval","status":"publish","type":"artigos","link":"https:\/\/padrejosimo.com.br\/site\/artigos\/depois-do-carnaval\/","title":{"rendered":"Artigo | Depois do Carnaval"},"content":{"rendered":"<p><img fetchpriority=\"high\" decoding=\"async\" class=\"alignleft  wp-image-2906\" src=\"https:\/\/padrejosimo.com.br\/site\/wp-content\/uploads\/2020\/02\/foto-1agenda-carnaval-de-rua.jpg\" alt=\"\" width=\"390\" height=\"389\" srcset=\"https:\/\/padrejosimo.com.br\/site\/wp-content\/uploads\/2020\/02\/foto-1agenda-carnaval-de-rua.jpg 940w, https:\/\/padrejosimo.com.br\/site\/wp-content\/uploads\/2020\/02\/foto-1agenda-carnaval-de-rua-150x150.jpg 150w, https:\/\/padrejosimo.com.br\/site\/wp-content\/uploads\/2020\/02\/foto-1agenda-carnaval-de-rua-300x300.jpg 300w, https:\/\/padrejosimo.com.br\/site\/wp-content\/uploads\/2020\/02\/foto-1agenda-carnaval-de-rua-768x767.jpg 768w\" sizes=\"(max-width: 390px) 100vw, 390px\" \/>Carnaval \u00e9 festa. \u00c9 transgress\u00e3o. \u00c9 subvers\u00e3o da ordem. \u00c9 tempo de alegria e de ilus\u00e3o. \u00c9 ser por alguns dias aquilo que n\u00e3o se \u00e9 e, nessa doce sensa\u00e7\u00e3o, extravasar os desejos reprimidos pelas conven\u00e7\u00f5es e normas sociais.<\/p>\n<p>Por isso, o s\u00edmbolo maior do carnaval \u00e9 a fantasia. Ela mostra a cara daquilo que n\u00e3o somos mas gostar\u00edamos de ser. As fantasias, por mais ex\u00f3ticas que pare\u00e7am, revelam as mazelas e os desejos populares. Como filosofava Jo\u00e3ozinho Trinta, numa sociedade de pobres, a fantasia mais desejada \u00e9 a que ostenta riqueza. Na mesma dire\u00e7\u00e3o, podemos dizer que, numa sociedade de corpos reprimidos, a nudez dissimulada \u00e9 a vit\u00f3ria, mesmo que moment\u00e2nea, da autenticidade de ser homem e mulher em todas as formas e g\u00eaneros. Numa sociedade de repress\u00e3o, o palavr\u00e3o, a bebedeira, a transgress\u00e3o, permitem viver a liberdade negada no dia a dia.<\/p>\n<p>Quando o carnaval, livre das amarras do poder, traduz com m\u00fasicas, dan\u00e7as, cores e amores os anseios populares, ele deixa de ser fantasia e se transforma em utopia. Que o diga o samba enredo da Esta\u00e7\u00e3o Primeira da Mangueira: \u201cFavela, pega a vis\u00e3o, n\u00e3o tem futuro sem partilha, nem messias de arma na m\u00e3o. Favela, pega a vis\u00e3o, eu fa\u00e7o f\u00e9 na minha gente que \u00e9 semente do seu ch\u00e3o\u201d.<\/p>\n<p>Mas o carnaval passou. \u00c9 hora de voltar ao normal. Hora de voltar ao real. Volta que n\u00e3o implica no esquecimento das fantasias que impulsionaram o sonho. Pelo contr\u00e1rio, elas permanecem como crit\u00e9rio para as duras escolhas do dia a dia. Afinal, para a fantasia se tornar realidade, \u00e9 preciso escolher entre o sonho que alimenta a esperan\u00e7a e o fasc\u00ednio do passado e do presente que nos d\u00e3o seguran\u00e7a.<\/p>\n<p>Para iniciar a longa marcha da transforma\u00e7\u00e3o em dire\u00e7\u00e3o \u00e0 utopia, \u00e9 preciso iniciar com uma op\u00e7\u00e3o: a quem vamos servir? \u00c0queles que sufocam nossos sonhos com o discurso do conformismo ou \u00e0quele que nos provoca \u00e0 aventura dos caminhos nunca dantes percorridos?<\/p>\n<p>\u00c9 o momento da prova, o momento da tenta\u00e7\u00e3o. Ele sempre marca o in\u00edcio de um novo projeto. Ad\u00e3o e Eva, no para\u00edso, foram colocados diante de uma escolha. Eles optaram pela satisfa\u00e7\u00e3o imediata de um desejo que era real. Mas a satisfa\u00e7\u00e3o no imediato ocultou o sonho do futuro. A fantasia do para\u00edso aqui e agora tornou-se sofrimento, dor e peso. Querer o c\u00e9u na terra, aqui e agora, pode tornar-se o pior dos infernos.<\/p>\n<p>Jesus, no in\u00edcio de sua miss\u00e3o, tamb\u00e9m passou pela tenta\u00e7\u00e3o de abandonar o sonho do Reino em troca da acomoda\u00e7\u00e3o aos poderes que tudo lhe ofereciam. Ele n\u00e3o sucumbiu. Preferiu sonhar com a fantasia divina onde a festa \u00e9 para todos e n\u00e3o apenas para alguns. Na festa de Jesus, entram, cantam e dan\u00e7am toda classe de pessoas. Pecadores, prostitutas, estrangeiros, judeus descumpridores da lei, doentes, mulheres, velhos, crian\u00e7as&#8230; E aqueles e aquelas que, por medo ou pudor, n\u00e3o querem com eles e elas se misturar, ficar\u00e3o fora da festa.<\/p>\n<p>Jesus pagou caro por esse seu sonho. A quaresma termina com a cruz e a paix\u00e3o. Mas ele n\u00e3o deixou de sonhar. N\u00e3o esqueceu da alegria do encontro com Deus, sem leis e sem repress\u00e3o. Por isso, o caminho da Quaresma, que segue ao Carnaval, n\u00e3o \u00e9 apenas tempo de penit\u00eancia. \u00c9 tempo de continuar sonhando na ilus\u00e3o de que a festa da inclus\u00e3o seja plenificada pela festa da Ressurrei\u00e7\u00e3o.<\/p>\n","protected":false},"excerpt":{"rendered":"<p>Frei Zugno: &#8220;O caminho da Quaresma, que segue ao Carnaval, n\u00e3o \u00e9 apenas tempo de penit\u00eancia. \u00c9 tempo de continuar sonhando na ilus\u00e3o de que a festa da inclus\u00e3o seja plenificada pela festa da Ressurrei\u00e7\u00e3o.&#8221;<\/p>\n","protected":false},"author":20,"template":"","class_list":["post-2905","artigos","type-artigos","status-publish","hentry"],"acf":[],"yoast_head":"<!-- This site is optimized with the Yoast SEO plugin v27.2 - https:\/\/yoast.com\/product\/yoast-seo-wordpress\/ -->\n<title>Artigo | Depois do Carnaval - Instituto Cultural Padre Josimo<\/title>\n<meta name=\"robots\" content=\"index, follow, max-snippet:-1, max-image-preview:large, max-video-preview:-1\" \/>\n<link rel=\"canonical\" href=\"https:\/\/padrejosimo.com.br\/site\/artigos\/depois-do-carnaval\/\" \/>\n<meta property=\"og:locale\" content=\"pt_BR\" \/>\n<meta property=\"og:type\" content=\"article\" \/>\n<meta property=\"og:title\" content=\"Artigo | Depois do Carnaval - Instituto Cultural Padre Josimo\" \/>\n<meta property=\"og:description\" content=\"Frei Zugno: &quot;O caminho da Quaresma, que segue ao Carnaval, n\u00e3o \u00e9 apenas tempo de penit\u00eancia. \u00c9 tempo de continuar sonhando na ilus\u00e3o de que a festa da inclus\u00e3o seja plenificada pela festa da Ressurrei\u00e7\u00e3o.&quot;\" \/>\n<meta property=\"og:url\" content=\"https:\/\/padrejosimo.com.br\/site\/artigos\/depois-do-carnaval\/\" \/>\n<meta property=\"og:site_name\" content=\"Instituto Cultural Padre Josimo\" \/>\n<meta property=\"article:modified_time\" content=\"2020-02-26T12:11:27+00:00\" \/>\n<meta property=\"og:image\" content=\"https:\/\/padrejosimo.com.br\/site\/wp-content\/uploads\/2020\/02\/foto-1agenda-carnaval-de-rua.jpg\" \/>\n<meta name=\"twitter:card\" content=\"summary_large_image\" \/>\n<meta name=\"twitter:label1\" content=\"Est. tempo de leitura\" \/>\n\t<meta name=\"twitter:data1\" content=\"3 minutos\" \/>\n<script type=\"application\/ld+json\" class=\"yoast-schema-graph\">{\"@context\":\"https:\/\/schema.org\",\"@graph\":[{\"@type\":\"WebPage\",\"@id\":\"https:\/\/padrejosimo.com.br\/site\/artigos\/depois-do-carnaval\/\",\"url\":\"https:\/\/padrejosimo.com.br\/site\/artigos\/depois-do-carnaval\/\",\"name\":\"Artigo | Depois do Carnaval - Instituto Cultural Padre Josimo\",\"isPartOf\":{\"@id\":\"https:\/\/padrejosimo.com.br\/site\/#website\"},\"primaryImageOfPage\":{\"@id\":\"https:\/\/padrejosimo.com.br\/site\/artigos\/depois-do-carnaval\/#primaryimage\"},\"image\":{\"@id\":\"https:\/\/padrejosimo.com.br\/site\/artigos\/depois-do-carnaval\/#primaryimage\"},\"thumbnailUrl\":\"https:\/\/padrejosimo.com.br\/site\/wp-content\/uploads\/2020\/02\/foto-1agenda-carnaval-de-rua.jpg\",\"datePublished\":\"2020-02-26T12:11:17+00:00\",\"dateModified\":\"2020-02-26T12:11:27+00:00\",\"breadcrumb\":{\"@id\":\"https:\/\/padrejosimo.com.br\/site\/artigos\/depois-do-carnaval\/#breadcrumb\"},\"inLanguage\":\"pt-BR\",\"potentialAction\":[{\"@type\":\"ReadAction\",\"target\":[\"https:\/\/padrejosimo.com.br\/site\/artigos\/depois-do-carnaval\/\"]}]},{\"@type\":\"ImageObject\",\"inLanguage\":\"pt-BR\",\"@id\":\"https:\/\/padrejosimo.com.br\/site\/artigos\/depois-do-carnaval\/#primaryimage\",\"url\":\"https:\/\/padrejosimo.com.br\/site\/wp-content\/uploads\/2020\/02\/foto-1agenda-carnaval-de-rua.jpg\",\"contentUrl\":\"https:\/\/padrejosimo.com.br\/site\/wp-content\/uploads\/2020\/02\/foto-1agenda-carnaval-de-rua.jpg\",\"width\":940,\"height\":939},{\"@type\":\"BreadcrumbList\",\"@id\":\"https:\/\/padrejosimo.com.br\/site\/artigos\/depois-do-carnaval\/#breadcrumb\",\"itemListElement\":[{\"@type\":\"ListItem\",\"position\":1,\"name\":\"In\u00edcio\",\"item\":\"https:\/\/padrejosimo.com.br\/site\/\"},{\"@type\":\"ListItem\",\"position\":2,\"name\":\"Artigos\",\"item\":\"https:\/\/padrejosimo.com.br\/site\/artigos\/\"},{\"@type\":\"ListItem\",\"position\":3,\"name\":\"Artigo | Depois do Carnaval\"}]},{\"@type\":\"WebSite\",\"@id\":\"https:\/\/padrejosimo.com.br\/site\/#website\",\"url\":\"https:\/\/padrejosimo.com.br\/site\/\",\"name\":\"Instituto Cultural Padre Josimo\",\"description\":\"Comprometida com a promo\u00e7\u00e3o da justi\u00e7a social, agroecologia e educa\u00e7\u00e3o popular\",\"publisher\":{\"@id\":\"https:\/\/padrejosimo.com.br\/site\/#organization\"},\"alternateName\":\"ICPJ\",\"potentialAction\":[{\"@type\":\"SearchAction\",\"target\":{\"@type\":\"EntryPoint\",\"urlTemplate\":\"https:\/\/padrejosimo.com.br\/site\/?s={search_term_string}\"},\"query-input\":{\"@type\":\"PropertyValueSpecification\",\"valueRequired\":true,\"valueName\":\"search_term_string\"}}],\"inLanguage\":\"pt-BR\"},{\"@type\":\"Organization\",\"@id\":\"https:\/\/padrejosimo.com.br\/site\/#organization\",\"name\":\"Instituto Cultural Padre Josimo\",\"alternateName\":\"ICPJ\",\"url\":\"https:\/\/padrejosimo.com.br\/site\/\",\"logo\":{\"@type\":\"ImageObject\",\"inLanguage\":\"pt-BR\",\"@id\":\"https:\/\/padrejosimo.com.br\/site\/#\/schema\/logo\/image\/\",\"url\":\"https:\/\/padrejosimo.com.br\/site\/wp-content\/uploads\/2025\/09\/cropped-icon-icpj.png\",\"contentUrl\":\"https:\/\/padrejosimo.com.br\/site\/wp-content\/uploads\/2025\/09\/cropped-icon-icpj.png\",\"width\":512,\"height\":512,\"caption\":\"Instituto Cultural Padre Josimo\"},\"image\":{\"@id\":\"https:\/\/padrejosimo.com.br\/site\/#\/schema\/logo\/image\/\"}}]}<\/script>\n<!-- \/ Yoast SEO plugin. -->","yoast_head_json":{"title":"Artigo | Depois do Carnaval - Instituto Cultural Padre Josimo","robots":{"index":"index","follow":"follow","max-snippet":"max-snippet:-1","max-image-preview":"max-image-preview:large","max-video-preview":"max-video-preview:-1"},"canonical":"https:\/\/padrejosimo.com.br\/site\/artigos\/depois-do-carnaval\/","og_locale":"pt_BR","og_type":"article","og_title":"Artigo | Depois do Carnaval - Instituto Cultural Padre Josimo","og_description":"Frei Zugno: \"O caminho da Quaresma, que segue ao Carnaval, n\u00e3o \u00e9 apenas tempo de penit\u00eancia. \u00c9 tempo de continuar sonhando na ilus\u00e3o de que a festa da inclus\u00e3o seja plenificada pela festa da Ressurrei\u00e7\u00e3o.\"","og_url":"https:\/\/padrejosimo.com.br\/site\/artigos\/depois-do-carnaval\/","og_site_name":"Instituto Cultural Padre Josimo","article_modified_time":"2020-02-26T12:11:27+00:00","og_image":[{"url":"https:\/\/padrejosimo.com.br\/site\/wp-content\/uploads\/2020\/02\/foto-1agenda-carnaval-de-rua.jpg","type":"","width":"","height":""}],"twitter_card":"summary_large_image","twitter_misc":{"Est. tempo de leitura":"3 minutos"},"schema":{"@context":"https:\/\/schema.org","@graph":[{"@type":"WebPage","@id":"https:\/\/padrejosimo.com.br\/site\/artigos\/depois-do-carnaval\/","url":"https:\/\/padrejosimo.com.br\/site\/artigos\/depois-do-carnaval\/","name":"Artigo | Depois do Carnaval - Instituto Cultural Padre Josimo","isPartOf":{"@id":"https:\/\/padrejosimo.com.br\/site\/#website"},"primaryImageOfPage":{"@id":"https:\/\/padrejosimo.com.br\/site\/artigos\/depois-do-carnaval\/#primaryimage"},"image":{"@id":"https:\/\/padrejosimo.com.br\/site\/artigos\/depois-do-carnaval\/#primaryimage"},"thumbnailUrl":"https:\/\/padrejosimo.com.br\/site\/wp-content\/uploads\/2020\/02\/foto-1agenda-carnaval-de-rua.jpg","datePublished":"2020-02-26T12:11:17+00:00","dateModified":"2020-02-26T12:11:27+00:00","breadcrumb":{"@id":"https:\/\/padrejosimo.com.br\/site\/artigos\/depois-do-carnaval\/#breadcrumb"},"inLanguage":"pt-BR","potentialAction":[{"@type":"ReadAction","target":["https:\/\/padrejosimo.com.br\/site\/artigos\/depois-do-carnaval\/"]}]},{"@type":"ImageObject","inLanguage":"pt-BR","@id":"https:\/\/padrejosimo.com.br\/site\/artigos\/depois-do-carnaval\/#primaryimage","url":"https:\/\/padrejosimo.com.br\/site\/wp-content\/uploads\/2020\/02\/foto-1agenda-carnaval-de-rua.jpg","contentUrl":"https:\/\/padrejosimo.com.br\/site\/wp-content\/uploads\/2020\/02\/foto-1agenda-carnaval-de-rua.jpg","width":940,"height":939},{"@type":"BreadcrumbList","@id":"https:\/\/padrejosimo.com.br\/site\/artigos\/depois-do-carnaval\/#breadcrumb","itemListElement":[{"@type":"ListItem","position":1,"name":"In\u00edcio","item":"https:\/\/padrejosimo.com.br\/site\/"},{"@type":"ListItem","position":2,"name":"Artigos","item":"https:\/\/padrejosimo.com.br\/site\/artigos\/"},{"@type":"ListItem","position":3,"name":"Artigo | Depois do Carnaval"}]},{"@type":"WebSite","@id":"https:\/\/padrejosimo.com.br\/site\/#website","url":"https:\/\/padrejosimo.com.br\/site\/","name":"Instituto Cultural Padre Josimo","description":"Comprometida com a promo\u00e7\u00e3o da justi\u00e7a social, agroecologia e educa\u00e7\u00e3o popular","publisher":{"@id":"https:\/\/padrejosimo.com.br\/site\/#organization"},"alternateName":"ICPJ","potentialAction":[{"@type":"SearchAction","target":{"@type":"EntryPoint","urlTemplate":"https:\/\/padrejosimo.com.br\/site\/?s={search_term_string}"},"query-input":{"@type":"PropertyValueSpecification","valueRequired":true,"valueName":"search_term_string"}}],"inLanguage":"pt-BR"},{"@type":"Organization","@id":"https:\/\/padrejosimo.com.br\/site\/#organization","name":"Instituto Cultural Padre Josimo","alternateName":"ICPJ","url":"https:\/\/padrejosimo.com.br\/site\/","logo":{"@type":"ImageObject","inLanguage":"pt-BR","@id":"https:\/\/padrejosimo.com.br\/site\/#\/schema\/logo\/image\/","url":"https:\/\/padrejosimo.com.br\/site\/wp-content\/uploads\/2025\/09\/cropped-icon-icpj.png","contentUrl":"https:\/\/padrejosimo.com.br\/site\/wp-content\/uploads\/2025\/09\/cropped-icon-icpj.png","width":512,"height":512,"caption":"Instituto Cultural Padre Josimo"},"image":{"@id":"https:\/\/padrejosimo.com.br\/site\/#\/schema\/logo\/image\/"}}]}},"_links":{"self":[{"href":"https:\/\/padrejosimo.com.br\/site\/wp-json\/wp\/v2\/artigos\/2905","targetHints":{"allow":["GET"]}}],"collection":[{"href":"https:\/\/padrejosimo.com.br\/site\/wp-json\/wp\/v2\/artigos"}],"about":[{"href":"https:\/\/padrejosimo.com.br\/site\/wp-json\/wp\/v2\/types\/artigos"}],"author":[{"embeddable":true,"href":"https:\/\/padrejosimo.com.br\/site\/wp-json\/wp\/v2\/users\/20"}],"wp:attachment":[{"href":"https:\/\/padrejosimo.com.br\/site\/wp-json\/wp\/v2\/media?parent=2905"}],"curies":[{"name":"wp","href":"https:\/\/api.w.org\/{rel}","templated":true}]}}