{"id":2903,"date":"2020-02-26T04:57:51","date_gmt":"2020-02-26T07:57:51","guid":{"rendered":"https:\/\/padrejosimo.com.br\/site\/?post_type=artigos&#038;p=2903"},"modified":"2020-02-26T04:57:56","modified_gmt":"2020-02-26T07:57:56","slug":"artigo-fraternidade-e-vida-dom-e-compromisso","status":"publish","type":"artigos","link":"https:\/\/padrejosimo.com.br\/site\/artigos\/artigo-fraternidade-e-vida-dom-e-compromisso\/","title":{"rendered":"Artigo | Fraternidade e vida: dom e compromisso"},"content":{"rendered":"<p><img fetchpriority=\"high\" decoding=\"async\" class=\"size-full wp-image-2904 aligncenter\" src=\"https:\/\/padrejosimo.com.br\/site\/wp-content\/uploads\/2020\/02\/maxresdefault.jpg\" alt=\"\" width=\"657\" height=\"719\" srcset=\"https:\/\/padrejosimo.com.br\/site\/wp-content\/uploads\/2020\/02\/maxresdefault.jpg 657w, https:\/\/padrejosimo.com.br\/site\/wp-content\/uploads\/2020\/02\/maxresdefault-274x300.jpg 274w\" sizes=\"(max-width: 657px) 100vw, 657px\" \/><\/p>\n<p>&nbsp;<\/p>\n<p>Este \u00e9 o Tema que, acertadamente, a CNBB escolheu para a Campanha da Fraternidade deste ano, cujo Lema \u00e9: Viu, sentiu compaix\u00e3o e cuidou dele (Lucas 10, 25-37).<\/p>\n<p>O OBJETIVO GERAL DA CF 2020: \u201cConscientizar, \u00e0 luz da Palavra de Deus, para o sentido da vida como Dom e Compromisso, que se traduz em rela\u00e7\u00e3o de m\u00fatuo cuidado entre as pessoas, na fam\u00edlia, na comunidade, na sociedade e no planeta, nossa Casa Comum\u201d.<\/p>\n<p>A Campanha da Fraternidade 2020 indica como refer\u00eancia a Par\u00e1bola do Bom Samaritano. Nesta narrativa, Jesus apresenta um olhar indiferente \u00e0 vida \u2013 que v\u00ea o sofrimento, mas passa adiante (sacerdote e levita); e outro que enxerga, permanece e se compromete com aquele que sofre (o olhar samaritano).<\/p>\n<p>O mundo atual \u00e9 marcado pela viol\u00eancia e a indiferen\u00e7a diante do sofrimento alheio. N\u00e3o podemos dizer que amamos a Deus, se n\u00e3o vemos o outro que sofre. Esta situa\u00e7\u00e3o deve impulsionar a Igreja a caminhar pelas periferias existenciais, n\u00e3o se importando em sujar os p\u00e9s com as poeiras do mundo, em uma sociedade que despreza, passando adiante sem se importar com o sofrimento do pr\u00f3ximo. O crist\u00e3o deve se fazer presente pelo cuidado afetuoso, pela ternura com os que sofrem.<\/p>\n<p>A mesma afei\u00e7\u00e3o com o pr\u00f3ximo que padece, deve existir tamb\u00e9m para com a natureza. As culturas do consumismo e do desperd\u00edcio, que se contrap\u00f5em \u00e0 fome e baixos sal\u00e1rios, geram a degrada\u00e7\u00e3o do ecossistema. Superar estas contradi\u00e7\u00f5es requer uma renovada vis\u00e3o \u00e9tica, que saiba colocar no centro as pessoas, sem desrespeitar o meio ambiente.<\/p>\n<p>Papa Francisco afirma: \u201cO crist\u00e3o deve promover a paz em meio aos homens e mulheres e n\u00e3o ouvir a voz de quem espalha \u00f3dio e divis\u00e3o. O crist\u00e3o deve amar as pessoas, uma a uma, respeitando o caminho de todas e sentir-se respons\u00e1vel pela vida de cada ser humano e por este mundo, a Terra, nossa Casa Comum&#8230;\u201d<\/p>\n<p>Quando vemos crescer tantas formas de viol\u00eancia, agressividade e destrui\u00e7\u00e3o, se torna urgente testemunhar e estimular a solidariedade<\/p>\n<p>Em nossos dias, a\u00e7\u00e3o do Estado est\u00e1 mais voltada para o aspecto econ\u00f4mico do que para o cuidado das pessoas. A sua incapacidade de frear a viol\u00eancia contribui para a banaliza\u00e7\u00e3o do mal, na medida em que, grupos de exterm\u00ednio determinam os que devem viver e os que devem morrer, sempre tendo em vista o bem estar do mercado.<\/p>\n<p>O dom\u00ednio da economia que n\u00e3o olha para as pessoas, \u00e9 a grande causa da desigualdade social que agride a vida, n\u00e3o s\u00f3 do ser humano, mas de todo o planeta.<\/p>\n<p>O mercado que seduz ao consumismo desenfreado atropela a vida dos mais pobres, sem escr\u00fapulo, nem constrangimento algum. Com isso cresce a indiferen\u00e7a com a situa\u00e7\u00e3o dos mais fr\u00e1geis e se desenvolve a cultura da invisibilidade e do descart\u00e1vel, que \u00e9 como podemos melhor descrever a indiferen\u00e7a.<\/p>\n<p>Junto \u00e0 indiferen\u00e7a, h\u00e1 outro inimigo que tem crescido em nossos dias: o \u00f3dio. A indiferen\u00e7a e o \u00f3dio, em todas as suas formas, paralisam e impedem que se fa\u00e7a o que \u00e9 justo.<\/p>\n<p>Se por um lado, o olhar da indiferen\u00e7a gera tanto mal, o olhar da compaix\u00e3o pode fecundar o bem no cora\u00e7\u00e3o humano e conferir verdadeiro sentido \u00e0 vida. Compaix\u00e3o \u00e9 ter mais justi\u00e7a no cora\u00e7\u00e3o.<\/p>\n<p>A P\u00e1scoa nos ensina a, por, com e em Cristo, romper a indiferen\u00e7a e o \u00f3dio e ressurgir para o zelo, o cuidado e a solidariedade.<\/p>\n<p>As mudan\u00e7as que queremos para o mundo s\u00f3 ser\u00e3o reais se come\u00e7arem a partir de n\u00f3s, afetando positivamente o ambiente em que vivemos.<\/p>\n<p>&nbsp;<\/p>\n<p><em><strong>Marina Lima Leal<\/strong><\/em><\/p>\n<p><em><strong>Tramanda\u00ed, fevereiro de 2020<\/strong><\/em><\/p>\n","protected":false},"excerpt":{"rendered":"<p>Marina Lima Leal: &#8220;As mudan\u00e7as que queremos para o mundo s\u00f3 ser\u00e3o reais se come\u00e7arem a partir de n\u00f3s, afetando positivamente o ambiente em que vivemos.&#8221;<\/p>\n","protected":false},"author":1,"template":"","class_list":["post-2903","artigos","type-artigos","status-publish","hentry"],"acf":[],"yoast_head":"<!-- This site is optimized with the Yoast SEO plugin v27.2 - https:\/\/yoast.com\/product\/yoast-seo-wordpress\/ -->\n<title>Artigo | Fraternidade e vida: dom e compromisso - Instituto Cultural Padre Josimo<\/title>\n<meta name=\"robots\" content=\"index, follow, max-snippet:-1, max-image-preview:large, max-video-preview:-1\" \/>\n<link rel=\"canonical\" href=\"https:\/\/padrejosimo.com.br\/site\/artigos\/artigo-fraternidade-e-vida-dom-e-compromisso\/\" \/>\n<meta property=\"og:locale\" content=\"pt_BR\" \/>\n<meta property=\"og:type\" content=\"article\" \/>\n<meta property=\"og:title\" content=\"Artigo | Fraternidade e vida: dom e compromisso - Instituto Cultural Padre Josimo\" \/>\n<meta property=\"og:description\" content=\"Marina Lima Leal: &quot;As mudan\u00e7as que queremos para o mundo s\u00f3 ser\u00e3o reais se come\u00e7arem a partir de n\u00f3s, afetando positivamente o ambiente em que vivemos.&quot;\" \/>\n<meta property=\"og:url\" content=\"https:\/\/padrejosimo.com.br\/site\/artigos\/artigo-fraternidade-e-vida-dom-e-compromisso\/\" \/>\n<meta property=\"og:site_name\" content=\"Instituto Cultural Padre Josimo\" \/>\n<meta property=\"article:modified_time\" content=\"2020-02-26T07:57:56+00:00\" \/>\n<meta property=\"og:image\" content=\"https:\/\/padrejosimo.com.br\/site\/wp-content\/uploads\/2020\/02\/maxresdefault.jpg\" \/>\n<meta name=\"twitter:card\" content=\"summary_large_image\" \/>\n<meta name=\"twitter:label1\" content=\"Est. tempo de leitura\" \/>\n\t<meta name=\"twitter:data1\" content=\"3 minutos\" \/>\n<script type=\"application\/ld+json\" class=\"yoast-schema-graph\">{\"@context\":\"https:\/\/schema.org\",\"@graph\":[{\"@type\":\"WebPage\",\"@id\":\"https:\/\/padrejosimo.com.br\/site\/artigos\/artigo-fraternidade-e-vida-dom-e-compromisso\/\",\"url\":\"https:\/\/padrejosimo.com.br\/site\/artigos\/artigo-fraternidade-e-vida-dom-e-compromisso\/\",\"name\":\"Artigo | Fraternidade e vida: dom e compromisso - Instituto Cultural Padre Josimo\",\"isPartOf\":{\"@id\":\"https:\/\/padrejosimo.com.br\/site\/#website\"},\"primaryImageOfPage\":{\"@id\":\"https:\/\/padrejosimo.com.br\/site\/artigos\/artigo-fraternidade-e-vida-dom-e-compromisso\/#primaryimage\"},\"image\":{\"@id\":\"https:\/\/padrejosimo.com.br\/site\/artigos\/artigo-fraternidade-e-vida-dom-e-compromisso\/#primaryimage\"},\"thumbnailUrl\":\"https:\/\/padrejosimo.com.br\/site\/wp-content\/uploads\/2020\/02\/maxresdefault.jpg\",\"datePublished\":\"2020-02-26T07:57:51+00:00\",\"dateModified\":\"2020-02-26T07:57:56+00:00\",\"breadcrumb\":{\"@id\":\"https:\/\/padrejosimo.com.br\/site\/artigos\/artigo-fraternidade-e-vida-dom-e-compromisso\/#breadcrumb\"},\"inLanguage\":\"pt-BR\",\"potentialAction\":[{\"@type\":\"ReadAction\",\"target\":[\"https:\/\/padrejosimo.com.br\/site\/artigos\/artigo-fraternidade-e-vida-dom-e-compromisso\/\"]}]},{\"@type\":\"ImageObject\",\"inLanguage\":\"pt-BR\",\"@id\":\"https:\/\/padrejosimo.com.br\/site\/artigos\/artigo-fraternidade-e-vida-dom-e-compromisso\/#primaryimage\",\"url\":\"https:\/\/padrejosimo.com.br\/site\/wp-content\/uploads\/2020\/02\/maxresdefault.jpg\",\"contentUrl\":\"https:\/\/padrejosimo.com.br\/site\/wp-content\/uploads\/2020\/02\/maxresdefault.jpg\",\"width\":657,\"height\":719},{\"@type\":\"BreadcrumbList\",\"@id\":\"https:\/\/padrejosimo.com.br\/site\/artigos\/artigo-fraternidade-e-vida-dom-e-compromisso\/#breadcrumb\",\"itemListElement\":[{\"@type\":\"ListItem\",\"position\":1,\"name\":\"In\u00edcio\",\"item\":\"https:\/\/padrejosimo.com.br\/site\/\"},{\"@type\":\"ListItem\",\"position\":2,\"name\":\"Artigos\",\"item\":\"https:\/\/padrejosimo.com.br\/site\/artigos\/\"},{\"@type\":\"ListItem\",\"position\":3,\"name\":\"Artigo | Fraternidade e vida: dom e compromisso\"}]},{\"@type\":\"WebSite\",\"@id\":\"https:\/\/padrejosimo.com.br\/site\/#website\",\"url\":\"https:\/\/padrejosimo.com.br\/site\/\",\"name\":\"Instituto Cultural Padre Josimo\",\"description\":\"Comprometida com a promo\u00e7\u00e3o da justi\u00e7a social, agroecologia e educa\u00e7\u00e3o popular\",\"publisher\":{\"@id\":\"https:\/\/padrejosimo.com.br\/site\/#organization\"},\"alternateName\":\"ICPJ\",\"potentialAction\":[{\"@type\":\"SearchAction\",\"target\":{\"@type\":\"EntryPoint\",\"urlTemplate\":\"https:\/\/padrejosimo.com.br\/site\/?s={search_term_string}\"},\"query-input\":{\"@type\":\"PropertyValueSpecification\",\"valueRequired\":true,\"valueName\":\"search_term_string\"}}],\"inLanguage\":\"pt-BR\"},{\"@type\":\"Organization\",\"@id\":\"https:\/\/padrejosimo.com.br\/site\/#organization\",\"name\":\"Instituto Cultural Padre Josimo\",\"alternateName\":\"ICPJ\",\"url\":\"https:\/\/padrejosimo.com.br\/site\/\",\"logo\":{\"@type\":\"ImageObject\",\"inLanguage\":\"pt-BR\",\"@id\":\"https:\/\/padrejosimo.com.br\/site\/#\/schema\/logo\/image\/\",\"url\":\"https:\/\/padrejosimo.com.br\/site\/wp-content\/uploads\/2025\/09\/cropped-icon-icpj.png\",\"contentUrl\":\"https:\/\/padrejosimo.com.br\/site\/wp-content\/uploads\/2025\/09\/cropped-icon-icpj.png\",\"width\":512,\"height\":512,\"caption\":\"Instituto Cultural Padre Josimo\"},\"image\":{\"@id\":\"https:\/\/padrejosimo.com.br\/site\/#\/schema\/logo\/image\/\"}}]}<\/script>\n<!-- \/ Yoast SEO plugin. -->","yoast_head_json":{"title":"Artigo | Fraternidade e vida: dom e compromisso - Instituto Cultural Padre Josimo","robots":{"index":"index","follow":"follow","max-snippet":"max-snippet:-1","max-image-preview":"max-image-preview:large","max-video-preview":"max-video-preview:-1"},"canonical":"https:\/\/padrejosimo.com.br\/site\/artigos\/artigo-fraternidade-e-vida-dom-e-compromisso\/","og_locale":"pt_BR","og_type":"article","og_title":"Artigo | Fraternidade e vida: dom e compromisso - Instituto Cultural Padre Josimo","og_description":"Marina Lima Leal: \"As mudan\u00e7as que queremos para o mundo s\u00f3 ser\u00e3o reais se come\u00e7arem a partir de n\u00f3s, afetando positivamente o ambiente em que vivemos.\"","og_url":"https:\/\/padrejosimo.com.br\/site\/artigos\/artigo-fraternidade-e-vida-dom-e-compromisso\/","og_site_name":"Instituto Cultural Padre Josimo","article_modified_time":"2020-02-26T07:57:56+00:00","og_image":[{"url":"https:\/\/padrejosimo.com.br\/site\/wp-content\/uploads\/2020\/02\/maxresdefault.jpg","type":"","width":"","height":""}],"twitter_card":"summary_large_image","twitter_misc":{"Est. tempo de leitura":"3 minutos"},"schema":{"@context":"https:\/\/schema.org","@graph":[{"@type":"WebPage","@id":"https:\/\/padrejosimo.com.br\/site\/artigos\/artigo-fraternidade-e-vida-dom-e-compromisso\/","url":"https:\/\/padrejosimo.com.br\/site\/artigos\/artigo-fraternidade-e-vida-dom-e-compromisso\/","name":"Artigo | Fraternidade e vida: dom e compromisso - Instituto Cultural Padre Josimo","isPartOf":{"@id":"https:\/\/padrejosimo.com.br\/site\/#website"},"primaryImageOfPage":{"@id":"https:\/\/padrejosimo.com.br\/site\/artigos\/artigo-fraternidade-e-vida-dom-e-compromisso\/#primaryimage"},"image":{"@id":"https:\/\/padrejosimo.com.br\/site\/artigos\/artigo-fraternidade-e-vida-dom-e-compromisso\/#primaryimage"},"thumbnailUrl":"https:\/\/padrejosimo.com.br\/site\/wp-content\/uploads\/2020\/02\/maxresdefault.jpg","datePublished":"2020-02-26T07:57:51+00:00","dateModified":"2020-02-26T07:57:56+00:00","breadcrumb":{"@id":"https:\/\/padrejosimo.com.br\/site\/artigos\/artigo-fraternidade-e-vida-dom-e-compromisso\/#breadcrumb"},"inLanguage":"pt-BR","potentialAction":[{"@type":"ReadAction","target":["https:\/\/padrejosimo.com.br\/site\/artigos\/artigo-fraternidade-e-vida-dom-e-compromisso\/"]}]},{"@type":"ImageObject","inLanguage":"pt-BR","@id":"https:\/\/padrejosimo.com.br\/site\/artigos\/artigo-fraternidade-e-vida-dom-e-compromisso\/#primaryimage","url":"https:\/\/padrejosimo.com.br\/site\/wp-content\/uploads\/2020\/02\/maxresdefault.jpg","contentUrl":"https:\/\/padrejosimo.com.br\/site\/wp-content\/uploads\/2020\/02\/maxresdefault.jpg","width":657,"height":719},{"@type":"BreadcrumbList","@id":"https:\/\/padrejosimo.com.br\/site\/artigos\/artigo-fraternidade-e-vida-dom-e-compromisso\/#breadcrumb","itemListElement":[{"@type":"ListItem","position":1,"name":"In\u00edcio","item":"https:\/\/padrejosimo.com.br\/site\/"},{"@type":"ListItem","position":2,"name":"Artigos","item":"https:\/\/padrejosimo.com.br\/site\/artigos\/"},{"@type":"ListItem","position":3,"name":"Artigo | Fraternidade e vida: dom e compromisso"}]},{"@type":"WebSite","@id":"https:\/\/padrejosimo.com.br\/site\/#website","url":"https:\/\/padrejosimo.com.br\/site\/","name":"Instituto Cultural Padre Josimo","description":"Comprometida com a promo\u00e7\u00e3o da justi\u00e7a social, agroecologia e educa\u00e7\u00e3o popular","publisher":{"@id":"https:\/\/padrejosimo.com.br\/site\/#organization"},"alternateName":"ICPJ","potentialAction":[{"@type":"SearchAction","target":{"@type":"EntryPoint","urlTemplate":"https:\/\/padrejosimo.com.br\/site\/?s={search_term_string}"},"query-input":{"@type":"PropertyValueSpecification","valueRequired":true,"valueName":"search_term_string"}}],"inLanguage":"pt-BR"},{"@type":"Organization","@id":"https:\/\/padrejosimo.com.br\/site\/#organization","name":"Instituto Cultural Padre Josimo","alternateName":"ICPJ","url":"https:\/\/padrejosimo.com.br\/site\/","logo":{"@type":"ImageObject","inLanguage":"pt-BR","@id":"https:\/\/padrejosimo.com.br\/site\/#\/schema\/logo\/image\/","url":"https:\/\/padrejosimo.com.br\/site\/wp-content\/uploads\/2025\/09\/cropped-icon-icpj.png","contentUrl":"https:\/\/padrejosimo.com.br\/site\/wp-content\/uploads\/2025\/09\/cropped-icon-icpj.png","width":512,"height":512,"caption":"Instituto Cultural Padre Josimo"},"image":{"@id":"https:\/\/padrejosimo.com.br\/site\/#\/schema\/logo\/image\/"}}]}},"_links":{"self":[{"href":"https:\/\/padrejosimo.com.br\/site\/wp-json\/wp\/v2\/artigos\/2903","targetHints":{"allow":["GET"]}}],"collection":[{"href":"https:\/\/padrejosimo.com.br\/site\/wp-json\/wp\/v2\/artigos"}],"about":[{"href":"https:\/\/padrejosimo.com.br\/site\/wp-json\/wp\/v2\/types\/artigos"}],"author":[{"embeddable":true,"href":"https:\/\/padrejosimo.com.br\/site\/wp-json\/wp\/v2\/users\/1"}],"wp:attachment":[{"href":"https:\/\/padrejosimo.com.br\/site\/wp-json\/wp\/v2\/media?parent=2903"}],"curies":[{"name":"wp","href":"https:\/\/api.w.org\/{rel}","templated":true}]}}