{"id":2898,"date":"2020-02-22T08:45:45","date_gmt":"2020-02-22T11:45:45","guid":{"rendered":"https:\/\/padrejosimo.com.br\/site\/?post_type=artigos&#038;p=2898"},"modified":"2020-02-22T08:45:45","modified_gmt":"2020-02-22T11:45:45","slug":"artigo-vida-fraternidade-e-bem-viver","status":"publish","type":"artigos","link":"https:\/\/padrejosimo.com.br\/site\/artigos\/artigo-vida-fraternidade-e-bem-viver\/","title":{"rendered":"Artigo | Vida, fraternidade e bem viver"},"content":{"rendered":"<p><img fetchpriority=\"high\" decoding=\"async\" class=\" wp-image-2899 aligncenter\" src=\"https:\/\/padrejosimo.com.br\/site\/wp-content\/uploads\/2020\/02\/4e8479_a8fbb2ffa217475da2312b2b2d9b2740mv2-1024x755.jpg\" alt=\"\" width=\"635\" height=\"468\" srcset=\"https:\/\/padrejosimo.com.br\/site\/wp-content\/uploads\/2020\/02\/4e8479_a8fbb2ffa217475da2312b2b2d9b2740mv2-1024x755.jpg 1024w, https:\/\/padrejosimo.com.br\/site\/wp-content\/uploads\/2020\/02\/4e8479_a8fbb2ffa217475da2312b2b2d9b2740mv2-300x221.jpg 300w, https:\/\/padrejosimo.com.br\/site\/wp-content\/uploads\/2020\/02\/4e8479_a8fbb2ffa217475da2312b2b2d9b2740mv2-768x567.jpg 768w, https:\/\/padrejosimo.com.br\/site\/wp-content\/uploads\/2020\/02\/4e8479_a8fbb2ffa217475da2312b2b2d9b2740mv2.jpg 1803w\" sizes=\"(max-width: 635px) 100vw, 635px\" \/><\/p>\n<p>Todos os anos, desde os anos 1960, tem Campanha da Fraternidade (CF), promovida pela Confer\u00eancia Nacional dos Bispos do Brasil (CNBB), durante a quaresma, come\u00e7ando na quarta-feira de cinzas at\u00e9 a P\u00e1scoa. Todos os anos, desde 1978, acontece a Romaria da Terra no Rio Grande do Sul, promovida pela Comiss\u00e3o Pastoral da Terra\/RS, sempre na ter\u00e7a-feira de carnaval. A Campanha da Fraternidade tem a cada ano um tema central, assim como cada Romaria da Terra.<\/p>\n<p>A CF surgiu em Natal, Rio Grande do Norte, em 1962. Em 1963, foi assumida por 16 Dioceses nordestinas. Foi nacionalizada em 1964 e tem como objetivos: \u201c- Educar para a vida em fraternidade, com base na justi\u00e7a e no amor, exig\u00eancias centrais do Evangelho; &#8211; Renovar a consci\u00eancia de responsabilidade de todos pela a\u00e7\u00e3o da Igreja cat\u00f3lica na evangeliza\u00e7\u00e3o e na promo\u00e7\u00e3o humana, tendo em vista uma sociedade justa e solid\u00e1ria.\u201d A cada 5 anos, a Campanha \u00e9 ecum\u00eanica. Em 1966, o tema da CF foi: \u2018Somos respons\u00e1veis uns pelos outros.\u2019 Em 1967, foi: \u00a0\u2018Somos todos iguais, somos todos irm\u00e3os.\u2019<\/p>\n<p>A primeira Romaria da Terra, em 7 de fevereiro de 1978, em Caiboat\u00e9, S\u00e3o Gabriel, RS, com 400 romeiros e romeiras. Teve como tema: \u00a0\u2018A salva\u00e7\u00e3o do \u00edndio est\u00e1 na consci\u00eancia do branco.\u2019 Em 1979, aconteceu na Vila Tiaraj\u00fa, S\u00e3o Gabriel, com 3.000 participantes, com o tema: \u2018Justi\u00e7a para todos. Vamos salvar a M\u00e3e Terra.\u2019<\/p>\n<p>Os anos 1960, a partir de 1964, e os anos 1970 eram tempos de ditadura militar no Brasil. N\u00e3o havia democracia. Os direitos dos mais pobres eram pisoteados. Os ind\u00edgenas n\u00e3o existiam enquanto gente e povos. Os anos 2020 s\u00e3o de \u00f3dio, intoler\u00e2ncia, amea\u00e7as \u00e0 democracia, perda de direitos dos mais pobres, das trabalhadoras e dos trabalhadores, fim das pol\u00edticas p\u00fablicas. Segundo an\u00e1lise recente de Z\u00e9 Dirceu e de outros analistas, especialmente depois dos \u00faltimos acontecimentos, \u201cestamos, de novo, \u00e0s portas de mais uma ditadura militar. S\u00f3 n\u00e3o v\u00ea quem n\u00e3o quer. N\u00e3o se trata mais do autoritarismo, mas da face oculta de todas as ditaduras, a viol\u00eancia acobertada pelo Estado ou por ele promovida\u201d (<a href=\"about:blank\">www.viomundo.com.br<\/a>). \u00a0<\/p>\n<p>Os temas das primeiras Campanhas da Fraternidade e Romarias da Terra foram prof\u00e9ticos. Continuam prof\u00e9ticos hoje, 2020.<\/p>\n<p>O tema da CF\/2020 \u00e9: \u2018Viu, sentiu compaix\u00e3o e cuidou dele\u2019 (Lc 10, 33-38). O tema da Romaria da Terra\/2020, que vai acontecer em Morma\u00e7o, Diocese de Cruz Alta, em 25 de fevereiro, ter\u00e7a de carnaval, \u00e9: \u2018O Bem Viver no Campo e na Cidade\u2019 \u2013 \u2018D\u00e1-me de beber\u2019 (Jo 4, 7).<\/p>\n<p>Diz o Texto-Base da CF\/2020, na an\u00e1lise da realidade atual: \u201cO olhar da indiferen\u00e7a gera amea\u00e7as \u00e0 vida. A realidade mostra que ser\u00e1 necess\u00e1rio empreender muitos esfor\u00e7os para que realmente a vida esteja em primeiro lugar. No Brasil, 22,6% das crian\u00e7as e adolescentes com idade entre 0 e 14 anos vivem em situa\u00e7\u00e3o de extrema pobreza. A desigualdade \u00e9 um triste distintivo da sociedade brasileira. Em 2017, o Brasil era o nono pa\u00eds mais desigual do planeta em distribui\u00e7\u00e3o de renda. No Brasil, os povos ind\u00edgenas sofrem sucessivas agress\u00f5es em seus territ\u00f3rios, culturas e vida. Uma triste amea\u00e7a \u00e0 vida \u00e9 o aumento dos feminic\u00eddeos. Ainda vivemos em um cen\u00e1rio de guerra, quando lan\u00e7amos o olhar para os conflitos existentes no campo.\u201d<\/p>\n<p>A cartilha da Romaria da Terra fala em amea\u00e7as \u00e0s comunidades, amea\u00e7as \u00e0 sa\u00fade do povo, explora\u00e7\u00e3o dos agricultores e das agricultoras, mentiras, not\u00edcias falsas e engana\u00e7\u00e3o do povo, concentra\u00e7\u00e3o da terra, agroneg\u00f3cio, agricultura envenenada e desigualdade social, crise clim\u00e1tica, falta de um projeto de Na\u00e7\u00e3o, desrespeito e viol\u00eancia contra as mulheres, religi\u00e3o usada para enganar e roubar o povo.<\/p>\n<p>Mais que den\u00fancias, ou al\u00e9m das den\u00fancias, a Campanha da Fraternidade e a Romaria da Terra anunciam a Boa Nova e o que fazer. Diz a CF\/2020: \u201cCompaix\u00e3o de Jesus \u2013 romper com a indiferen\u00e7a. Compaix\u00e3o \u00e9 ter mais cora\u00e7\u00e3o nas m\u00e3os. Compaix\u00e3o \u00e9 ter mais justi\u00e7a no cora\u00e7\u00e3o. A caridade: verdadeiro sentido da vida. A boa nova do cuidado da vida. Ecologia integral.\u201d E fala em 5 palavras como atitudes a serem tomadas: \u201c1. Primeirar: ousar ser mais ousado. 2. Envolver: a vida \u00e9 um interc\u00e2mbio. Cuidado e ternura. 3. Acompanhar: processos. 4. Frutificar:\u00a0 n\u00e3o perder a paz por causa do joio. 5. Festejar: a vida \u00e9 dom e compromisso. Alegrar-nos. 6. Acolher: em que contextos a vida deve ser acolhida em nossa realidade? 7. Proteger: que vidas carecem mais de prote\u00e7\u00e3o no contexto onde estamos vivendo? 8. Promover: que iniciativas podem ser realizadas para promover a vida? 9, Integrar: que a\u00e7\u00f5es e parcerias j\u00e1 existem e que podemos somar esfor\u00e7os em vista da fraternidade?<\/p>\n<p>A Romaria da Terra anuncia: \u201cDeus quer o Bem Viver por uma vida em plenitude. Bem Viver \u00e9 a atitude de cuidar da natureza e do ser humano. Bem Viver \u00e9, ainda, cuidar de si. Bem Viver \u00e9 tamb\u00e9m cuidar do outro. O modo de se relacionar com o outro e com a natureza a partir dos princ\u00edpios do Bem Viver faz buscar outras formas de avaliar os \u00edndices de desenvolvimento de uma Na\u00e7\u00e3o. A ecologia integral, uma causa de todos. Os caminhos do Bem Viver: agricultura familiar camponesa. A agricultura familiar, economia solid\u00e1ria e as Feiras solid\u00e1rias: uni\u00e3o campo e cidade. O Papa Francisco: os 3 \u2018t\u2019: Terra, Trabalho, Teto.\u201d<\/p>\n<p>A Campanha da Fraternidade e A Romaria da Terra s\u00e3o gritos de esperan\u00e7a, s\u00e3o luz. \u00a0\u00a0\u00a0<\/p>\n","protected":false},"excerpt":{"rendered":"<p>Selvino Heck fala neste artigo sobre a Romaria da Terra, a Campanha da Fraternidade e os temas que as interconectam.<\/p>\n","protected":false},"author":18,"template":"","class_list":["post-2898","artigos","type-artigos","status-publish","hentry"],"acf":[],"yoast_head":"<!-- This site is optimized with the Yoast SEO plugin v27.2 - https:\/\/yoast.com\/product\/yoast-seo-wordpress\/ -->\n<title>Artigo | Vida, fraternidade e bem viver - Instituto Cultural Padre Josimo<\/title>\n<meta name=\"robots\" content=\"index, follow, max-snippet:-1, max-image-preview:large, max-video-preview:-1\" \/>\n<link rel=\"canonical\" href=\"https:\/\/padrejosimo.com.br\/site\/artigos\/artigo-vida-fraternidade-e-bem-viver\/\" \/>\n<meta property=\"og:locale\" content=\"pt_BR\" \/>\n<meta property=\"og:type\" content=\"article\" \/>\n<meta property=\"og:title\" content=\"Artigo | Vida, fraternidade e bem viver - Instituto Cultural Padre Josimo\" \/>\n<meta property=\"og:description\" content=\"Selvino Heck fala neste artigo sobre a Romaria da Terra, a Campanha da Fraternidade e os temas que as interconectam.\" \/>\n<meta property=\"og:url\" content=\"https:\/\/padrejosimo.com.br\/site\/artigos\/artigo-vida-fraternidade-e-bem-viver\/\" \/>\n<meta property=\"og:site_name\" content=\"Instituto Cultural Padre Josimo\" \/>\n<meta property=\"og:image\" content=\"https:\/\/padrejosimo.com.br\/site\/wp-content\/uploads\/2020\/02\/4e8479_a8fbb2ffa217475da2312b2b2d9b2740mv2-1024x755.jpg\" \/>\n<meta name=\"twitter:card\" content=\"summary_large_image\" \/>\n<meta name=\"twitter:label1\" content=\"Est. tempo de leitura\" \/>\n\t<meta name=\"twitter:data1\" content=\"5 minutos\" \/>\n<script type=\"application\/ld+json\" class=\"yoast-schema-graph\">{\"@context\":\"https:\/\/schema.org\",\"@graph\":[{\"@type\":\"WebPage\",\"@id\":\"https:\/\/padrejosimo.com.br\/site\/artigos\/artigo-vida-fraternidade-e-bem-viver\/\",\"url\":\"https:\/\/padrejosimo.com.br\/site\/artigos\/artigo-vida-fraternidade-e-bem-viver\/\",\"name\":\"Artigo | Vida, fraternidade e bem viver - Instituto Cultural Padre Josimo\",\"isPartOf\":{\"@id\":\"https:\/\/padrejosimo.com.br\/site\/#website\"},\"primaryImageOfPage\":{\"@id\":\"https:\/\/padrejosimo.com.br\/site\/artigos\/artigo-vida-fraternidade-e-bem-viver\/#primaryimage\"},\"image\":{\"@id\":\"https:\/\/padrejosimo.com.br\/site\/artigos\/artigo-vida-fraternidade-e-bem-viver\/#primaryimage\"},\"thumbnailUrl\":\"https:\/\/padrejosimo.com.br\/site\/wp-content\/uploads\/2020\/02\/4e8479_a8fbb2ffa217475da2312b2b2d9b2740mv2-1024x755.jpg\",\"datePublished\":\"2020-02-22T11:45:45+00:00\",\"breadcrumb\":{\"@id\":\"https:\/\/padrejosimo.com.br\/site\/artigos\/artigo-vida-fraternidade-e-bem-viver\/#breadcrumb\"},\"inLanguage\":\"pt-BR\",\"potentialAction\":[{\"@type\":\"ReadAction\",\"target\":[\"https:\/\/padrejosimo.com.br\/site\/artigos\/artigo-vida-fraternidade-e-bem-viver\/\"]}]},{\"@type\":\"ImageObject\",\"inLanguage\":\"pt-BR\",\"@id\":\"https:\/\/padrejosimo.com.br\/site\/artigos\/artigo-vida-fraternidade-e-bem-viver\/#primaryimage\",\"url\":\"https:\/\/padrejosimo.com.br\/site\/wp-content\/uploads\/2020\/02\/4e8479_a8fbb2ffa217475da2312b2b2d9b2740mv2.jpg\",\"contentUrl\":\"https:\/\/padrejosimo.com.br\/site\/wp-content\/uploads\/2020\/02\/4e8479_a8fbb2ffa217475da2312b2b2d9b2740mv2.jpg\",\"width\":1803,\"height\":1330},{\"@type\":\"BreadcrumbList\",\"@id\":\"https:\/\/padrejosimo.com.br\/site\/artigos\/artigo-vida-fraternidade-e-bem-viver\/#breadcrumb\",\"itemListElement\":[{\"@type\":\"ListItem\",\"position\":1,\"name\":\"In\u00edcio\",\"item\":\"https:\/\/padrejosimo.com.br\/site\/\"},{\"@type\":\"ListItem\",\"position\":2,\"name\":\"Artigos\",\"item\":\"https:\/\/padrejosimo.com.br\/site\/artigos\/\"},{\"@type\":\"ListItem\",\"position\":3,\"name\":\"Artigo | Vida, fraternidade e bem viver\"}]},{\"@type\":\"WebSite\",\"@id\":\"https:\/\/padrejosimo.com.br\/site\/#website\",\"url\":\"https:\/\/padrejosimo.com.br\/site\/\",\"name\":\"Instituto Cultural Padre Josimo\",\"description\":\"Comprometida com a promo\u00e7\u00e3o da justi\u00e7a social, agroecologia e educa\u00e7\u00e3o popular\",\"publisher\":{\"@id\":\"https:\/\/padrejosimo.com.br\/site\/#organization\"},\"alternateName\":\"ICPJ\",\"potentialAction\":[{\"@type\":\"SearchAction\",\"target\":{\"@type\":\"EntryPoint\",\"urlTemplate\":\"https:\/\/padrejosimo.com.br\/site\/?s={search_term_string}\"},\"query-input\":{\"@type\":\"PropertyValueSpecification\",\"valueRequired\":true,\"valueName\":\"search_term_string\"}}],\"inLanguage\":\"pt-BR\"},{\"@type\":\"Organization\",\"@id\":\"https:\/\/padrejosimo.com.br\/site\/#organization\",\"name\":\"Instituto Cultural Padre Josimo\",\"alternateName\":\"ICPJ\",\"url\":\"https:\/\/padrejosimo.com.br\/site\/\",\"logo\":{\"@type\":\"ImageObject\",\"inLanguage\":\"pt-BR\",\"@id\":\"https:\/\/padrejosimo.com.br\/site\/#\/schema\/logo\/image\/\",\"url\":\"https:\/\/padrejosimo.com.br\/site\/wp-content\/uploads\/2025\/09\/cropped-icon-icpj.png\",\"contentUrl\":\"https:\/\/padrejosimo.com.br\/site\/wp-content\/uploads\/2025\/09\/cropped-icon-icpj.png\",\"width\":512,\"height\":512,\"caption\":\"Instituto Cultural Padre Josimo\"},\"image\":{\"@id\":\"https:\/\/padrejosimo.com.br\/site\/#\/schema\/logo\/image\/\"}}]}<\/script>\n<!-- \/ Yoast SEO plugin. -->","yoast_head_json":{"title":"Artigo | Vida, fraternidade e bem viver - Instituto Cultural Padre Josimo","robots":{"index":"index","follow":"follow","max-snippet":"max-snippet:-1","max-image-preview":"max-image-preview:large","max-video-preview":"max-video-preview:-1"},"canonical":"https:\/\/padrejosimo.com.br\/site\/artigos\/artigo-vida-fraternidade-e-bem-viver\/","og_locale":"pt_BR","og_type":"article","og_title":"Artigo | Vida, fraternidade e bem viver - Instituto Cultural Padre Josimo","og_description":"Selvino Heck fala neste artigo sobre a Romaria da Terra, a Campanha da Fraternidade e os temas que as interconectam.","og_url":"https:\/\/padrejosimo.com.br\/site\/artigos\/artigo-vida-fraternidade-e-bem-viver\/","og_site_name":"Instituto Cultural Padre Josimo","og_image":[{"url":"https:\/\/padrejosimo.com.br\/site\/wp-content\/uploads\/2020\/02\/4e8479_a8fbb2ffa217475da2312b2b2d9b2740mv2-1024x755.jpg","type":"","width":"","height":""}],"twitter_card":"summary_large_image","twitter_misc":{"Est. tempo de leitura":"5 minutos"},"schema":{"@context":"https:\/\/schema.org","@graph":[{"@type":"WebPage","@id":"https:\/\/padrejosimo.com.br\/site\/artigos\/artigo-vida-fraternidade-e-bem-viver\/","url":"https:\/\/padrejosimo.com.br\/site\/artigos\/artigo-vida-fraternidade-e-bem-viver\/","name":"Artigo | Vida, fraternidade e bem viver - Instituto Cultural Padre Josimo","isPartOf":{"@id":"https:\/\/padrejosimo.com.br\/site\/#website"},"primaryImageOfPage":{"@id":"https:\/\/padrejosimo.com.br\/site\/artigos\/artigo-vida-fraternidade-e-bem-viver\/#primaryimage"},"image":{"@id":"https:\/\/padrejosimo.com.br\/site\/artigos\/artigo-vida-fraternidade-e-bem-viver\/#primaryimage"},"thumbnailUrl":"https:\/\/padrejosimo.com.br\/site\/wp-content\/uploads\/2020\/02\/4e8479_a8fbb2ffa217475da2312b2b2d9b2740mv2-1024x755.jpg","datePublished":"2020-02-22T11:45:45+00:00","breadcrumb":{"@id":"https:\/\/padrejosimo.com.br\/site\/artigos\/artigo-vida-fraternidade-e-bem-viver\/#breadcrumb"},"inLanguage":"pt-BR","potentialAction":[{"@type":"ReadAction","target":["https:\/\/padrejosimo.com.br\/site\/artigos\/artigo-vida-fraternidade-e-bem-viver\/"]}]},{"@type":"ImageObject","inLanguage":"pt-BR","@id":"https:\/\/padrejosimo.com.br\/site\/artigos\/artigo-vida-fraternidade-e-bem-viver\/#primaryimage","url":"https:\/\/padrejosimo.com.br\/site\/wp-content\/uploads\/2020\/02\/4e8479_a8fbb2ffa217475da2312b2b2d9b2740mv2.jpg","contentUrl":"https:\/\/padrejosimo.com.br\/site\/wp-content\/uploads\/2020\/02\/4e8479_a8fbb2ffa217475da2312b2b2d9b2740mv2.jpg","width":1803,"height":1330},{"@type":"BreadcrumbList","@id":"https:\/\/padrejosimo.com.br\/site\/artigos\/artigo-vida-fraternidade-e-bem-viver\/#breadcrumb","itemListElement":[{"@type":"ListItem","position":1,"name":"In\u00edcio","item":"https:\/\/padrejosimo.com.br\/site\/"},{"@type":"ListItem","position":2,"name":"Artigos","item":"https:\/\/padrejosimo.com.br\/site\/artigos\/"},{"@type":"ListItem","position":3,"name":"Artigo | Vida, fraternidade e bem viver"}]},{"@type":"WebSite","@id":"https:\/\/padrejosimo.com.br\/site\/#website","url":"https:\/\/padrejosimo.com.br\/site\/","name":"Instituto Cultural Padre Josimo","description":"Comprometida com a promo\u00e7\u00e3o da justi\u00e7a social, agroecologia e educa\u00e7\u00e3o popular","publisher":{"@id":"https:\/\/padrejosimo.com.br\/site\/#organization"},"alternateName":"ICPJ","potentialAction":[{"@type":"SearchAction","target":{"@type":"EntryPoint","urlTemplate":"https:\/\/padrejosimo.com.br\/site\/?s={search_term_string}"},"query-input":{"@type":"PropertyValueSpecification","valueRequired":true,"valueName":"search_term_string"}}],"inLanguage":"pt-BR"},{"@type":"Organization","@id":"https:\/\/padrejosimo.com.br\/site\/#organization","name":"Instituto Cultural Padre Josimo","alternateName":"ICPJ","url":"https:\/\/padrejosimo.com.br\/site\/","logo":{"@type":"ImageObject","inLanguage":"pt-BR","@id":"https:\/\/padrejosimo.com.br\/site\/#\/schema\/logo\/image\/","url":"https:\/\/padrejosimo.com.br\/site\/wp-content\/uploads\/2025\/09\/cropped-icon-icpj.png","contentUrl":"https:\/\/padrejosimo.com.br\/site\/wp-content\/uploads\/2025\/09\/cropped-icon-icpj.png","width":512,"height":512,"caption":"Instituto Cultural Padre Josimo"},"image":{"@id":"https:\/\/padrejosimo.com.br\/site\/#\/schema\/logo\/image\/"}}]}},"_links":{"self":[{"href":"https:\/\/padrejosimo.com.br\/site\/wp-json\/wp\/v2\/artigos\/2898","targetHints":{"allow":["GET"]}}],"collection":[{"href":"https:\/\/padrejosimo.com.br\/site\/wp-json\/wp\/v2\/artigos"}],"about":[{"href":"https:\/\/padrejosimo.com.br\/site\/wp-json\/wp\/v2\/types\/artigos"}],"author":[{"embeddable":true,"href":"https:\/\/padrejosimo.com.br\/site\/wp-json\/wp\/v2\/users\/18"}],"wp:attachment":[{"href":"https:\/\/padrejosimo.com.br\/site\/wp-json\/wp\/v2\/media?parent=2898"}],"curies":[{"name":"wp","href":"https:\/\/api.w.org\/{rel}","templated":true}]}}