{"id":2888,"date":"2020-02-19T07:05:08","date_gmt":"2020-02-19T10:05:08","guid":{"rendered":"https:\/\/padrejosimo.com.br\/site\/?post_type=artigos&#038;p=2888"},"modified":"2020-02-19T07:05:08","modified_gmt":"2020-02-19T10:05:08","slug":"artigo-voce-tem-medo-de-que","status":"publish","type":"artigos","link":"https:\/\/padrejosimo.com.br\/site\/artigos\/artigo-voce-tem-medo-de-que\/","title":{"rendered":"Artigo | Voc\u00ea tem medo de qu\u00ea?"},"content":{"rendered":"<p><img fetchpriority=\"high\" decoding=\"async\" class=\"size-full wp-image-2889 aligncenter\" src=\"https:\/\/padrejosimo.com.br\/site\/wp-content\/uploads\/2020\/02\/medo.jpg\" alt=\"\" width=\"800\" height=\"533\" srcset=\"https:\/\/padrejosimo.com.br\/site\/wp-content\/uploads\/2020\/02\/medo.jpg 800w, https:\/\/padrejosimo.com.br\/site\/wp-content\/uploads\/2020\/02\/medo-300x200.jpg 300w, https:\/\/padrejosimo.com.br\/site\/wp-content\/uploads\/2020\/02\/medo-768x512.jpg 768w\" sizes=\"(max-width: 800px) 100vw, 800px\" \/><\/p>\n<p>Pesquisa realizada no segundo semestre de 2019 pelo Instituto Ipsos \u2013 um dos mais conceituados do mundo \u2013 revela que a viol\u00eancia, a sa\u00fade e o desemprego s\u00e3o as tr\u00eas maiores preocupa\u00e7\u00f5es da popula\u00e7\u00e3o brasileira. Das tr\u00eas, a viol\u00eancia, com 47% de indica\u00e7\u00f5es, aparece em primeiro lugar.<\/p>\n<p>Pesquisas, claro, medem sempre percep\u00e7\u00f5es. E, percep\u00e7\u00f5es, nem sempre refletem o mundo real. Por isso sempre \u00e9 bom checar esses dados com outros e ver se eles t\u00eam uma justificativa plaus\u00edvel ou s\u00e3o fruto de sensa\u00e7\u00f5es muitas vezes influenciadas pela m\u00eddia que busca audi\u00eancia atrav\u00e9s da explora\u00e7\u00e3o da viol\u00eancia.<\/p>\n<p>Quando fazemos isso, infelizmente, constatamos que a pesquisa tem base real. O Brasil \u00e9 um dos pa\u00edses do mundo onde mais jovens s\u00e3o mortos de forma violenta. A cada quatro minutos, uma mulher sofre algum tipo de viol\u00eancia f\u00edsica no Brasil. Nos \u00faltimos 12 meses, 1,6 milh\u00e3o de brasileiras foram espancadas ou sofreram tentativa de estrangulamento, enquanto 22 milh\u00f5es (37,1%) passaram por algum tipo de ass\u00e9dio. A cada duas horas, um feminic\u00eddio \u00e9 cometido. E, o que \u00e9 pior, boa parte dessa viol\u00eancia contra as mulheres acontece dentro de suas pr\u00f3prias casas e \u00e9 cometida por um familiar.<\/p>\n<p>Somos campe\u00f5es mundiais em viol\u00eancia contra pessoas LGBTs. A cada 24 horas, um homic\u00eddio \u00e9 cometido tendo como \u00fanica raz\u00e3o, a homofobia.<\/p>\n<p>E, para piorar, temos a pol\u00edcia mais violenta do mundo. E, violenta, de maneira especial, contra os pobres e negros. 73% das v\u00edtimas de viol\u00eancia policial s\u00e3o pretos ou pardos.<\/p>\n<p>Poder\u00edamos continuar com n\u00fameros sobre a viol\u00eancia que, desgra\u00e7adamente, abundam e d\u00e3o sustenta\u00e7\u00e3o aos dados da pesquisa. Mas, duas perguntas devem ser feitas e precisam de respostas. A primeira \u00e9 sobre a origem da viol\u00eancia e, a segunda, \u00e9 sobre como super\u00e1-la.<\/p>\n<p>\u00c0 primeira pergunta, todos os estudos indicam na mesma dire\u00e7\u00e3o: a viol\u00eancia \u00e9 fruto da desigualdade social. Quanto mais desigual uma sociedade, maior \u00e9 a viol\u00eancia que nela campeia. Sendo o Brasil uma das sociedades mais desiguais do mundo, \u00e9 consequ\u00eancia que seja uma das mais violentas. Reprimir a viol\u00eancia fruto da desigualdade s\u00f3 gera mais viol\u00eancia. \u00c9 o que estamos constatando. Seria muito mais barato e eficaz reduzir a desigualdade social do que aumentar a for\u00e7a policial e o encarceramento da popula\u00e7\u00e3o. Mas isso requer uma mudan\u00e7a de mentalidade e a aceita\u00e7\u00e3o, por parte da minoria que tudo tem, de ceder um pouco para aqueles que nada ou quase nada tem.<\/p>\n<p>E a\u00ed j\u00e1 h\u00e1 uma indica\u00e7\u00e3o para a segunda quest\u00e3o, a de como superar a viol\u00eancia. Para alcan\u00e7ar esse objetivo, \u00e9 preciso uma mudan\u00e7a cultural. Ela inclui, por um lado, a supera\u00e7\u00e3o da mentalidade patriarcal escravocrata, ainda profundamente arraigada na sociedade brasileira, de que a desigualdade \u00e9 natural e de que alguns podem ter tudo enquanto outros n\u00e3o precisam ter nada. E, junto com isso, a mentalidade do dono de escravos e de seus feitores de que viol\u00eancia s\u00f3 se combate com mais viol\u00eancia.<\/p>\n<p>\u00c9 preciso superar a lei do \u201colho por olho e dente por dente\u201d e caminhar na dire\u00e7\u00e3o do indicado pelo Profeta da Paz de que o amor ao inimigo \u00e9 o \u00fanico caminho para a supera\u00e7\u00e3o da viol\u00eancia.<\/p>\n<p>Quando amado, o inimigo deixa de ser visto como tal e passa a ser nosso pr\u00f3ximo, aquele com quem compartilhamos o caminho, a cidade, a mesa e a comida. E a\u00ed toda viol\u00eancia acaba.<\/p>\n","protected":false},"excerpt":{"rendered":"<p>Quando amado, o inimigo deixa de ser visto como tal e passa a ser nosso pr\u00f3ximo, aquele com quem compartilhamos o caminho, a cidade, a mesa e a comida. E a\u00ed toda viol\u00eancia acaba.<\/p>\n","protected":false},"author":20,"template":"","class_list":["post-2888","artigos","type-artigos","status-publish","hentry"],"acf":[],"yoast_head":"<!-- This site is optimized with the Yoast SEO plugin v27.2 - https:\/\/yoast.com\/product\/yoast-seo-wordpress\/ -->\n<title>Artigo | Voc\u00ea tem medo de qu\u00ea? - Instituto Cultural Padre Josimo<\/title>\n<meta name=\"robots\" content=\"index, follow, max-snippet:-1, max-image-preview:large, max-video-preview:-1\" \/>\n<link rel=\"canonical\" href=\"https:\/\/padrejosimo.com.br\/site\/artigos\/artigo-voce-tem-medo-de-que\/\" \/>\n<meta property=\"og:locale\" content=\"pt_BR\" \/>\n<meta property=\"og:type\" content=\"article\" \/>\n<meta property=\"og:title\" content=\"Artigo | Voc\u00ea tem medo de qu\u00ea? - Instituto Cultural Padre Josimo\" \/>\n<meta property=\"og:description\" content=\"Quando amado, o inimigo deixa de ser visto como tal e passa a ser nosso pr\u00f3ximo, aquele com quem compartilhamos o caminho, a cidade, a mesa e a comida. E a\u00ed toda viol\u00eancia acaba.\" \/>\n<meta property=\"og:url\" content=\"https:\/\/padrejosimo.com.br\/site\/artigos\/artigo-voce-tem-medo-de-que\/\" \/>\n<meta property=\"og:site_name\" content=\"Instituto Cultural Padre Josimo\" \/>\n<meta property=\"og:image\" content=\"https:\/\/padrejosimo.com.br\/site\/wp-content\/uploads\/2020\/02\/medo.jpg\" \/>\n<meta name=\"twitter:card\" content=\"summary_large_image\" \/>\n<meta name=\"twitter:label1\" content=\"Est. tempo de leitura\" \/>\n\t<meta name=\"twitter:data1\" content=\"3 minutos\" \/>\n<script type=\"application\/ld+json\" class=\"yoast-schema-graph\">{\"@context\":\"https:\/\/schema.org\",\"@graph\":[{\"@type\":\"WebPage\",\"@id\":\"https:\/\/padrejosimo.com.br\/site\/artigos\/artigo-voce-tem-medo-de-que\/\",\"url\":\"https:\/\/padrejosimo.com.br\/site\/artigos\/artigo-voce-tem-medo-de-que\/\",\"name\":\"Artigo | Voc\u00ea tem medo de qu\u00ea? - Instituto Cultural Padre Josimo\",\"isPartOf\":{\"@id\":\"https:\/\/padrejosimo.com.br\/site\/#website\"},\"primaryImageOfPage\":{\"@id\":\"https:\/\/padrejosimo.com.br\/site\/artigos\/artigo-voce-tem-medo-de-que\/#primaryimage\"},\"image\":{\"@id\":\"https:\/\/padrejosimo.com.br\/site\/artigos\/artigo-voce-tem-medo-de-que\/#primaryimage\"},\"thumbnailUrl\":\"https:\/\/padrejosimo.com.br\/site\/wp-content\/uploads\/2020\/02\/medo.jpg\",\"datePublished\":\"2020-02-19T10:05:08+00:00\",\"breadcrumb\":{\"@id\":\"https:\/\/padrejosimo.com.br\/site\/artigos\/artigo-voce-tem-medo-de-que\/#breadcrumb\"},\"inLanguage\":\"pt-BR\",\"potentialAction\":[{\"@type\":\"ReadAction\",\"target\":[\"https:\/\/padrejosimo.com.br\/site\/artigos\/artigo-voce-tem-medo-de-que\/\"]}]},{\"@type\":\"ImageObject\",\"inLanguage\":\"pt-BR\",\"@id\":\"https:\/\/padrejosimo.com.br\/site\/artigos\/artigo-voce-tem-medo-de-que\/#primaryimage\",\"url\":\"https:\/\/padrejosimo.com.br\/site\/wp-content\/uploads\/2020\/02\/medo.jpg\",\"contentUrl\":\"https:\/\/padrejosimo.com.br\/site\/wp-content\/uploads\/2020\/02\/medo.jpg\",\"width\":800,\"height\":533},{\"@type\":\"BreadcrumbList\",\"@id\":\"https:\/\/padrejosimo.com.br\/site\/artigos\/artigo-voce-tem-medo-de-que\/#breadcrumb\",\"itemListElement\":[{\"@type\":\"ListItem\",\"position\":1,\"name\":\"In\u00edcio\",\"item\":\"https:\/\/padrejosimo.com.br\/site\/\"},{\"@type\":\"ListItem\",\"position\":2,\"name\":\"Artigos\",\"item\":\"https:\/\/padrejosimo.com.br\/site\/artigos\/\"},{\"@type\":\"ListItem\",\"position\":3,\"name\":\"Artigo | Voc\u00ea tem medo de qu\u00ea?\"}]},{\"@type\":\"WebSite\",\"@id\":\"https:\/\/padrejosimo.com.br\/site\/#website\",\"url\":\"https:\/\/padrejosimo.com.br\/site\/\",\"name\":\"Instituto Cultural Padre Josimo\",\"description\":\"Comprometida com a promo\u00e7\u00e3o da justi\u00e7a social, agroecologia e educa\u00e7\u00e3o popular\",\"publisher\":{\"@id\":\"https:\/\/padrejosimo.com.br\/site\/#organization\"},\"alternateName\":\"ICPJ\",\"potentialAction\":[{\"@type\":\"SearchAction\",\"target\":{\"@type\":\"EntryPoint\",\"urlTemplate\":\"https:\/\/padrejosimo.com.br\/site\/?s={search_term_string}\"},\"query-input\":{\"@type\":\"PropertyValueSpecification\",\"valueRequired\":true,\"valueName\":\"search_term_string\"}}],\"inLanguage\":\"pt-BR\"},{\"@type\":\"Organization\",\"@id\":\"https:\/\/padrejosimo.com.br\/site\/#organization\",\"name\":\"Instituto Cultural Padre Josimo\",\"alternateName\":\"ICPJ\",\"url\":\"https:\/\/padrejosimo.com.br\/site\/\",\"logo\":{\"@type\":\"ImageObject\",\"inLanguage\":\"pt-BR\",\"@id\":\"https:\/\/padrejosimo.com.br\/site\/#\/schema\/logo\/image\/\",\"url\":\"https:\/\/padrejosimo.com.br\/site\/wp-content\/uploads\/2025\/09\/cropped-icon-icpj.png\",\"contentUrl\":\"https:\/\/padrejosimo.com.br\/site\/wp-content\/uploads\/2025\/09\/cropped-icon-icpj.png\",\"width\":512,\"height\":512,\"caption\":\"Instituto Cultural Padre Josimo\"},\"image\":{\"@id\":\"https:\/\/padrejosimo.com.br\/site\/#\/schema\/logo\/image\/\"}}]}<\/script>\n<!-- \/ Yoast SEO plugin. -->","yoast_head_json":{"title":"Artigo | Voc\u00ea tem medo de qu\u00ea? - Instituto Cultural Padre Josimo","robots":{"index":"index","follow":"follow","max-snippet":"max-snippet:-1","max-image-preview":"max-image-preview:large","max-video-preview":"max-video-preview:-1"},"canonical":"https:\/\/padrejosimo.com.br\/site\/artigos\/artigo-voce-tem-medo-de-que\/","og_locale":"pt_BR","og_type":"article","og_title":"Artigo | Voc\u00ea tem medo de qu\u00ea? - Instituto Cultural Padre Josimo","og_description":"Quando amado, o inimigo deixa de ser visto como tal e passa a ser nosso pr\u00f3ximo, aquele com quem compartilhamos o caminho, a cidade, a mesa e a comida. E a\u00ed toda viol\u00eancia acaba.","og_url":"https:\/\/padrejosimo.com.br\/site\/artigos\/artigo-voce-tem-medo-de-que\/","og_site_name":"Instituto Cultural Padre Josimo","og_image":[{"url":"https:\/\/padrejosimo.com.br\/site\/wp-content\/uploads\/2020\/02\/medo.jpg","type":"","width":"","height":""}],"twitter_card":"summary_large_image","twitter_misc":{"Est. tempo de leitura":"3 minutos"},"schema":{"@context":"https:\/\/schema.org","@graph":[{"@type":"WebPage","@id":"https:\/\/padrejosimo.com.br\/site\/artigos\/artigo-voce-tem-medo-de-que\/","url":"https:\/\/padrejosimo.com.br\/site\/artigos\/artigo-voce-tem-medo-de-que\/","name":"Artigo | Voc\u00ea tem medo de qu\u00ea? - Instituto Cultural Padre Josimo","isPartOf":{"@id":"https:\/\/padrejosimo.com.br\/site\/#website"},"primaryImageOfPage":{"@id":"https:\/\/padrejosimo.com.br\/site\/artigos\/artigo-voce-tem-medo-de-que\/#primaryimage"},"image":{"@id":"https:\/\/padrejosimo.com.br\/site\/artigos\/artigo-voce-tem-medo-de-que\/#primaryimage"},"thumbnailUrl":"https:\/\/padrejosimo.com.br\/site\/wp-content\/uploads\/2020\/02\/medo.jpg","datePublished":"2020-02-19T10:05:08+00:00","breadcrumb":{"@id":"https:\/\/padrejosimo.com.br\/site\/artigos\/artigo-voce-tem-medo-de-que\/#breadcrumb"},"inLanguage":"pt-BR","potentialAction":[{"@type":"ReadAction","target":["https:\/\/padrejosimo.com.br\/site\/artigos\/artigo-voce-tem-medo-de-que\/"]}]},{"@type":"ImageObject","inLanguage":"pt-BR","@id":"https:\/\/padrejosimo.com.br\/site\/artigos\/artigo-voce-tem-medo-de-que\/#primaryimage","url":"https:\/\/padrejosimo.com.br\/site\/wp-content\/uploads\/2020\/02\/medo.jpg","contentUrl":"https:\/\/padrejosimo.com.br\/site\/wp-content\/uploads\/2020\/02\/medo.jpg","width":800,"height":533},{"@type":"BreadcrumbList","@id":"https:\/\/padrejosimo.com.br\/site\/artigos\/artigo-voce-tem-medo-de-que\/#breadcrumb","itemListElement":[{"@type":"ListItem","position":1,"name":"In\u00edcio","item":"https:\/\/padrejosimo.com.br\/site\/"},{"@type":"ListItem","position":2,"name":"Artigos","item":"https:\/\/padrejosimo.com.br\/site\/artigos\/"},{"@type":"ListItem","position":3,"name":"Artigo | Voc\u00ea tem medo de qu\u00ea?"}]},{"@type":"WebSite","@id":"https:\/\/padrejosimo.com.br\/site\/#website","url":"https:\/\/padrejosimo.com.br\/site\/","name":"Instituto Cultural Padre Josimo","description":"Comprometida com a promo\u00e7\u00e3o da justi\u00e7a social, agroecologia e educa\u00e7\u00e3o popular","publisher":{"@id":"https:\/\/padrejosimo.com.br\/site\/#organization"},"alternateName":"ICPJ","potentialAction":[{"@type":"SearchAction","target":{"@type":"EntryPoint","urlTemplate":"https:\/\/padrejosimo.com.br\/site\/?s={search_term_string}"},"query-input":{"@type":"PropertyValueSpecification","valueRequired":true,"valueName":"search_term_string"}}],"inLanguage":"pt-BR"},{"@type":"Organization","@id":"https:\/\/padrejosimo.com.br\/site\/#organization","name":"Instituto Cultural Padre Josimo","alternateName":"ICPJ","url":"https:\/\/padrejosimo.com.br\/site\/","logo":{"@type":"ImageObject","inLanguage":"pt-BR","@id":"https:\/\/padrejosimo.com.br\/site\/#\/schema\/logo\/image\/","url":"https:\/\/padrejosimo.com.br\/site\/wp-content\/uploads\/2025\/09\/cropped-icon-icpj.png","contentUrl":"https:\/\/padrejosimo.com.br\/site\/wp-content\/uploads\/2025\/09\/cropped-icon-icpj.png","width":512,"height":512,"caption":"Instituto Cultural Padre Josimo"},"image":{"@id":"https:\/\/padrejosimo.com.br\/site\/#\/schema\/logo\/image\/"}}]}},"_links":{"self":[{"href":"https:\/\/padrejosimo.com.br\/site\/wp-json\/wp\/v2\/artigos\/2888","targetHints":{"allow":["GET"]}}],"collection":[{"href":"https:\/\/padrejosimo.com.br\/site\/wp-json\/wp\/v2\/artigos"}],"about":[{"href":"https:\/\/padrejosimo.com.br\/site\/wp-json\/wp\/v2\/types\/artigos"}],"author":[{"embeddable":true,"href":"https:\/\/padrejosimo.com.br\/site\/wp-json\/wp\/v2\/users\/20"}],"wp:attachment":[{"href":"https:\/\/padrejosimo.com.br\/site\/wp-json\/wp\/v2\/media?parent=2888"}],"curies":[{"name":"wp","href":"https:\/\/api.w.org\/{rel}","templated":true}]}}